{"id":2008,"date":"2025-12-05T10:36:03","date_gmt":"2025-12-05T09:36:03","guid":{"rendered":"https:\/\/www.inseec.com\/?post_type=document&#038;p=2008"},"modified":"2025-12-11T17:41:30","modified_gmt":"2025-12-11T16:41:30","slug":"bachelor-international","status":"publish","type":"document","link":"https:\/\/www.inseec.com\/bachelor\/bachelor-international\/","title":{"rendered":"Bachelor International"},"content":{"rendered":"\n<header class=\"wp-block-group alignwide wp-pattern wp-pattern-hero-document-specialization has-on-surface-color has-surface-background-color has-text-color has-background has-link-color wp-elements-f84d5508cadd08e05f2176260c53bb6b is-nowrap is-layout-flex wp-container-core-group-is-layout-f4aabebf wp-block-group-is-layout-flex\" style=\"padding-top:0;padding-right:var(--wp--preset--spacing--6-xl);padding-bottom:0;padding-left:var(--wp--preset--spacing--6-xl)\">\n<div class=\"wp-block-group has-global-padding is-layout-constrained wp-container-core-group-is-layout-8e2ad6d4 wp-block-group-is-layout-constrained\" style=\"padding-top:var(--wp--preset--spacing--2-xl);padding-bottom:var(--wp--preset--spacing--2-xl)\">\n<div class=\"wp-block-group has-global-padding is-layout-constrained wp-container-core-group-is-layout-a82a1774 wp-block-group-is-layout-constrained\">\n<div class=\"wp-block-group has-global-padding is-layout-constrained wp-block-group-is-layout-constrained\"><h1 class=\"wp-block-post-title\">Bachelor International<\/h1><\/div>\n\n\n<div class=\"is-style-plain-default-lg wp-block-post-excerpt\"><p class=\"wp-block-post-excerpt__excerpt\">Les Bachelors International de l\u2019INSEEC pr\u00e9parent des professionnels ouverts au monde, capables d\u2019\u00e9voluer dans les grands p\u00f4les \u00e9conomiques fran\u00e7ais, de Paris \u00e0 Marseille en passant par Lyon et Bordeaux. <\/p><\/div><\/div>\n\n\n\n<ul class=\"wp-block-list is-style-check\">\n<li>Obtenez un titre RNCP niveau 6<\/li>\n\n\n\n<li>Profitez d\u2019un r\u00e9seau acad\u00e9mique et professionnel mondial<\/li>\n\n\n\n<li>Vivez une exp\u00e9rience internationale valorisante<\/li>\n\n\n\n<li>D\u00e9veloppez des comp\u00e9tences interculturelles et linguistiques<\/li>\n<\/ul>\n<\/div>\n\n\n\n<div class=\"wp-block-group is-vertical is-layout-flex wp-container-core-group-is-layout-e7d213a0 wp-block-group-is-layout-flex\" style=\"margin-top:var(--wp--preset--spacing--4-xl)\">\n<figure class=\"wp-block-image size-full\"><img loading=\"lazy\" decoding=\"async\" width=\"480\" height=\"480\" src=\"https:\/\/www.inseec.com\/wp-content\/uploads\/sites\/32\/2025\/11\/specialisation-international-hero-inseec-bachelor.jpg\" alt=\"\" class=\"wp-image-2013\" srcset=\"https:\/\/www.inseec.com\/wp-content\/uploads\/sites\/32\/2025\/11\/specialisation-international-hero-inseec-bachelor.jpg 480w, https:\/\/www.inseec.com\/wp-content\/uploads\/sites\/32\/2025\/11\/specialisation-international-hero-inseec-bachelor.jpg?resize=150,150 150w, https:\/\/www.inseec.com\/wp-content\/uploads\/sites\/32\/2025\/11\/specialisation-international-hero-inseec-bachelor.jpg?resize=300,300 300w, https:\/\/www.inseec.com\/wp-content\/uploads\/sites\/32\/2025\/11\/specialisation-international-hero-inseec-bachelor.jpg?resize=64,64 64w, https:\/\/www.inseec.com\/wp-content\/uploads\/sites\/32\/2025\/11\/specialisation-international-hero-inseec-bachelor.jpg?resize=128,128 128w, https:\/\/www.inseec.com\/wp-content\/uploads\/sites\/32\/2025\/11\/specialisation-international-hero-inseec-bachelor.jpg?resize=84,84 84w, https:\/\/www.inseec.com\/wp-content\/uploads\/sites\/32\/2025\/11\/specialisation-international-hero-inseec-bachelor.jpg?resize=168,168 168w, https:\/\/www.inseec.com\/wp-content\/uploads\/sites\/32\/2025\/11\/specialisation-international-hero-inseec-bachelor.jpg?resize=172,172 172w, https:\/\/www.inseec.com\/wp-content\/uploads\/sites\/32\/2025\/11\/specialisation-international-hero-inseec-bachelor.jpg?resize=344,344 344w, https:\/\/www.inseec.com\/wp-content\/uploads\/sites\/32\/2025\/11\/specialisation-international-hero-inseec-bachelor.jpg?resize=242,242 242w, https:\/\/www.inseec.com\/wp-content\/uploads\/sites\/32\/2025\/11\/specialisation-international-hero-inseec-bachelor.jpg?resize=330,330 330w, https:\/\/www.inseec.com\/wp-content\/uploads\/sites\/32\/2025\/11\/specialisation-international-hero-inseec-bachelor.jpg?resize=410,410 410w, https:\/\/www.inseec.com\/wp-content\/uploads\/sites\/32\/2025\/11\/specialisation-international-hero-inseec-bachelor.jpg?resize=40,40 40w, https:\/\/www.inseec.com\/wp-content\/uploads\/sites\/32\/2025\/11\/specialisation-international-hero-inseec-bachelor.jpg?resize=80,80 80w, https:\/\/www.inseec.com\/wp-content\/uploads\/sites\/32\/2025\/11\/specialisation-international-hero-inseec-bachelor.jpg?resize=160,160 160w, https:\/\/www.inseec.com\/wp-content\/uploads\/sites\/32\/2025\/11\/specialisation-international-hero-inseec-bachelor.jpg?resize=50,50 50w, https:\/\/www.inseec.com\/wp-content\/uploads\/sites\/32\/2025\/11\/specialisation-international-hero-inseec-bachelor.jpg?resize=100,100 100w, https:\/\/www.inseec.com\/wp-content\/uploads\/sites\/32\/2025\/11\/specialisation-international-hero-inseec-bachelor.jpg?resize=24,24 24w, https:\/\/www.inseec.com\/wp-content\/uploads\/sites\/32\/2025\/11\/specialisation-international-hero-inseec-bachelor.jpg?resize=48,48 48w\" sizes=\"auto, (max-width: 480px) 100vw, 480px\" \/><\/figure>\n<\/div>\n<\/header>\n\n\n\n<div class=\"wp-block-group alignfull wp-pattern wp-pattern-metrics-cards has-global-padding is-layout-constrained wp-block-group-is-layout-constrained\" style=\"margin-top:0;margin-bottom:0;padding-top:var(--wp--preset--spacing--4-xl);padding-bottom:var(--wp--preset--spacing--4-xl)\">\n<div class=\"wp-block-group alignwide wp-pattern__inner is-layout-grid wp-container-core-group-is-layout-000af959 wp-block-group-is-layout-grid\">\n<div class=\"wp-block-group wp-pattern wp-pattern-metrics-item-card has-border-color has-outline-subtle-border-color is-vertical is-layout-flex wp-container-core-group-is-layout-ffbfb716 wp-block-group-is-layout-flex\" style=\"border-width:2px;padding-top:var(--wp--preset--spacing--2-xl);padding-right:var(--wp--preset--spacing--2-xl);padding-bottom:var(--wp--preset--spacing--2-xl);padding-left:var(--wp--preset--spacing--2-xl)\">\n<ul class=\"wp-block-beapi-icon-block is-layout-flex wp-block-icon-block-is-layout-flex\">\n<li class=\"wp-block-beapi-icon-item\"><span><svg width=\"24\" height=\"24\" viewBox=\"0 0 24 24\" version=\"1.1\" xmlns=\"http:\/\/www.w3.org\/2000\/svg\" style=\"color:var(--wp--custom--color--primary-default-primary)\" class=\"wp-block-beapi-icon-block__icon-component wp-block-beapi-icon-block__icon-component--sprite icon-building\" aria-hidden=\"true\"><use href=\"https:\/\/www.inseec.com\/wp-content\/themes\/omnes-design-system\/dist\/icons\/sprite.svg#icon-building\"><\/use><\/svg><\/span><\/li>\n<\/ul>\n\n\n\n<div class=\"wp-block-blockparty-key-figure has-on-surface-color has-text-color has-link-color wp-elements-8fa065ef2bb5f04309800e3ea679b3be\"><div class=\"wp-block-blockparty-key-figure__key\"><span class=\"wp-block-blockparty-key-figure__prefix\"><\/span><span class=\"wp-block-blockparty-key-figure__number\" data-increment=\"146200\">146200<\/span><span class=\"wp-block-blockparty-key-figure__suffix\"><\/span><\/div><p class=\"wp-block-blockparty-key-figure__description\">Entreprises fran\u00e7aises exportatrices<\/p><\/div>\n<\/div>\n\n\n\n<div class=\"wp-block-group wp-pattern wp-pattern-metrics-item-card has-border-color has-outline-subtle-border-color is-vertical is-layout-flex wp-container-core-group-is-layout-ffbfb716 wp-block-group-is-layout-flex\" style=\"border-width:2px;padding-top:var(--wp--preset--spacing--2-xl);padding-right:var(--wp--preset--spacing--2-xl);padding-bottom:var(--wp--preset--spacing--2-xl);padding-left:var(--wp--preset--spacing--2-xl)\">\n<ul class=\"wp-block-beapi-icon-block is-layout-flex wp-block-icon-block-is-layout-flex\">\n<li class=\"wp-block-beapi-icon-item\"><span><svg width=\"24\" height=\"24\" viewBox=\"0 0 24 24\" version=\"1.1\" xmlns=\"http:\/\/www.w3.org\/2000\/svg\" style=\"color:var(--wp--custom--color--primary-default-primary)\" class=\"wp-block-beapi-icon-block__icon-component wp-block-beapi-icon-block__icon-component--sprite icon-crown\" aria-hidden=\"true\"><use href=\"https:\/\/www.inseec.com\/wp-content\/themes\/omnes-design-system\/dist\/icons\/sprite.svg#icon-crown\"><\/use><\/svg><\/span><\/li>\n<\/ul>\n\n\n\n<div class=\"wp-block-blockparty-key-figure has-on-surface-color has-text-color has-link-color wp-elements-d0ab4a808c14a870fb5d23f7579ded02\"><div class=\"wp-block-blockparty-key-figure__key\"><span class=\"wp-block-blockparty-key-figure__prefix\"><\/span><span class=\"wp-block-blockparty-key-figure__number\" data-increment=\"5\">5<\/span><span class=\"wp-block-blockparty-key-figure__suffix\">ieme<\/span><\/div><p class=\"wp-block-blockparty-key-figure__description\">Rang de la France parmi les exportateurs mondiaux<\/p><\/div>\n<\/div>\n\n\n\n<div class=\"wp-block-group wp-pattern wp-pattern-metrics-item-card has-border-color has-outline-subtle-border-color is-vertical is-layout-flex wp-container-core-group-is-layout-ffbfb716 wp-block-group-is-layout-flex\" style=\"border-width:2px;padding-top:var(--wp--preset--spacing--2-xl);padding-right:var(--wp--preset--spacing--2-xl);padding-bottom:var(--wp--preset--spacing--2-xl);padding-left:var(--wp--preset--spacing--2-xl)\">\n<ul class=\"wp-block-beapi-icon-block is-layout-flex wp-block-icon-block-is-layout-flex\">\n<li class=\"wp-block-beapi-icon-item\"><span><svg width=\"24\" height=\"24\" viewBox=\"0 0 24 24\" version=\"1.1\" xmlns=\"http:\/\/www.w3.org\/2000\/svg\" style=\"color:var(--wp--custom--color--primary-default-primary)\" class=\"wp-block-beapi-icon-block__icon-component wp-block-beapi-icon-block__icon-component--sprite icon-send-money\" aria-hidden=\"true\"><use href=\"https:\/\/www.inseec.com\/wp-content\/themes\/omnes-design-system\/dist\/icons\/sprite.svg#icon-send-money\"><\/use><\/svg><\/span><\/li>\n<\/ul>\n\n\n\n<div class=\"wp-block-blockparty-key-figure has-on-surface-color has-text-color has-link-color wp-elements-1a5cf080cab13d8fce5f68b7f05c10f3\"><div class=\"wp-block-blockparty-key-figure__key\"><span class=\"wp-block-blockparty-key-figure__prefix\"><\/span><span class=\"wp-block-blockparty-key-figure__number\" data-increment=\"30\">30<\/span><span class=\"wp-block-blockparty-key-figure__suffix\">K\u20ac<\/span><\/div><p class=\"wp-block-blockparty-key-figure__description\"><strong>\u00a0<\/strong>Salaire moyen d\u00e9butant<\/p><\/div>\n<\/div>\n\n\n\n<div class=\"wp-block-group wp-pattern wp-pattern-metrics-item-card has-border-color has-outline-subtle-border-color is-vertical is-layout-flex wp-container-core-group-is-layout-ffbfb716 wp-block-group-is-layout-flex\" style=\"border-width:2px;padding-top:var(--wp--preset--spacing--2-xl);padding-right:var(--wp--preset--spacing--2-xl);padding-bottom:var(--wp--preset--spacing--2-xl);padding-left:var(--wp--preset--spacing--2-xl)\">\n<ul class=\"wp-block-beapi-icon-block is-layout-flex wp-block-icon-block-is-layout-flex\">\n<li class=\"wp-block-beapi-icon-item\"><span><svg width=\"24\" height=\"24\" viewBox=\"0 0 24 24\" version=\"1.1\" xmlns=\"http:\/\/www.w3.org\/2000\/svg\" style=\"color:var(--wp--custom--color--primary-default-primary)\" class=\"wp-block-beapi-icon-block__icon-component wp-block-beapi-icon-block__icon-component--sprite icon-chart-line-up\" aria-hidden=\"true\"><use href=\"https:\/\/www.inseec.com\/wp-content\/themes\/omnes-design-system\/dist\/icons\/sprite.svg#icon-chart-line-up\"><\/use><\/svg><\/span><\/li>\n<\/ul>\n\n\n\n<div class=\"wp-block-blockparty-key-figure has-on-surface-color has-text-color has-link-color wp-elements-34138a345858137985dc1a338272c437\"><div class=\"wp-block-blockparty-key-figure__key\"><span class=\"wp-block-blockparty-key-figure__prefix\">+<\/span><span class=\"wp-block-blockparty-key-figure__number\" data-increment=\"2.5\">2.5<\/span><span class=\"wp-block-blockparty-key-figure__suffix\">%<\/span><\/div><p class=\"wp-block-blockparty-key-figure__description\">Croissance du volume d\u2019exportation<\/p><\/div>\n<\/div>\n<\/div>\n<\/div>\n\n\n\n<div class=\"wp-block-group wp-pattern wp-pattern-faq-image is-layout-flow wp-block-group-is-layout-flow has-block-anchor\" style=\"margin-top:0;margin-bottom:0;padding-top:var(--wp--preset--spacing--6-xl);padding-bottom:var(--wp--preset--spacing--6-xl)\">\n<div class=\"wp-block-group is-vertical is-layout-flex wp-container-core-group-is-layout-9305dc88 wp-block-group-is-layout-flex has-block-anchor\" style=\"margin-bottom:var(--wp--preset--spacing--2-xl)\">\n<div class=\"wp-block-group is-vertical is-layout-flex wp-container-core-group-is-layout-bd7877ba wp-block-group-is-layout-flex has-block-anchor\">\n<h2 class=\"wp-block-heading is-style-heading-emphasis-h2 has-on-surface-color has-text-color has-link-color wp-elements-57ee03a2bc51b4707400ec745b3baf2d\" id=\"quest-ce-quun-bachelor-international-a-linseec\">Qu\u2019est-ce qu\u2019un Bachelor International \u00e0 l\u2019INSEEC ?<\/h2>\n<\/div>\n\n\n\n<p class=\"is-style-plain-default-md has-on-surface-subtle-color has-text-color has-link-color wp-elements-16477493e7425705509ed2ebf36dd2ed\">Le Bachelor International de l\u2019INSEEC est une formation qui vous pr\u00e9pare aux m\u00e9tiers du commerce et du management \u00e0 l\u2019\u00e9chelle mondiale. Vous y apprenez \u00e0 analyser les march\u00e9s \u00e9trangers, \u00e0 \u00e9laborer des strat\u00e9gies d\u2019exportation et \u00e0 g\u00e9rer des partenariats avec des entreprises internationales.<\/p>\n\n\n\n<p>Le programme met l\u2019accent sur la pratique : n\u00e9gociation en contexte interculturel, utilisation de l\u2019anglais professionnel, compr\u00e9hension des r\u00e9glementations douani\u00e8res, juridiques et financi\u00e8res. Les cours, dispens\u00e9s en fran\u00e7ais et en anglais, sont compl\u00e9t\u00e9s par des stages \u00e0 l\u2019\u00e9tranger, afin de vous donner une v\u00e9ritable exp\u00e9rience du commerce international et de renforcer votre ouverture sur le monde.\u00a0<\/p>\n\n\n\n<p>Que vous suiviez vos \u00e9tudes internationales \u00e0 Paris, au c\u0153ur des grandes organisations mondiales, \u00e0 Lyon dans un p\u00f4le \u00e9conomique ouvert sur l\u2019Europe ou \u00e0 Bordeaux avec sa forte dimension export, chaque campus vous offre une exp\u00e9rience d\u2019apprentissage connect\u00e9e au monde et tourn\u00e9e vers les enjeux globaux du business. Vous profitez \u00e9galement de cette exp\u00e9rience interculturelle sur les campus de Rennes, Chamb\u00e9ry, Marseille et Toulouse.\u00a0<\/p>\n\n\n\n<p class=\"is-style-plain-default-md has-on-surface-subtle-color has-text-color has-link-color wp-elements-722ad9d9a6b85f1d7d93882cc4356169\">Ce cursus vous permet de vous sp\u00e9cialiser dans plusieurs domaines cl\u00e9s du commerce mondial, afin de comprendre les enjeux \u00e9conomiques, financiers et strat\u00e9giques des entreprises qui op\u00e8rent \u00e0 l\u2019international. D\u00e9couvrez les th\u00e9matiques de ce bachelor.<\/p>\n<\/div>\n\n\n\n<details class=\"wp-block-details is-style-default is-layout-flow wp-container-core-details-is-layout-9ec55b31 wp-block-details-is-layout-flow\"><summary><h3>Strat\u00e9gie internationale<\/h3><\/summary>\n<div class=\"wp-block-group is-vertical is-layout-flex wp-container-core-group-is-layout-a2e3e733 wp-block-group-is-layout-flex\">\n<p class=\"is-style-plain-emphasis-sm has-on-surface-color has-text-color has-link-color wp-elements-7dfc3c8fb0f5cb0258e28bccefc9afe3\"><strong>Piloter le d\u00e9veloppement global<\/strong><\/p>\n\n\n\n<p>La strat\u00e9gie internationale vous apprend \u00e0 analyser un march\u00e9, d\u00e9finir des plans d\u2019action et anticiper les \u00e9volutions \u00e9conomiques. Vous d\u00e9veloppez une vision globale qui vous permet de prendre des d\u00e9cisions \u00e9clair\u00e9es et de cr\u00e9er des avantages comp\u00e9titifs \u00e0 l\u2019\u00e9chelle mondiale. Gr\u00e2ce \u00e0 des \u00e9tudes de cas et \u00e0 des mises en situation, vous apprenez \u00e0 construire une r\u00e9flexion strat\u00e9gique et \u00e0 accompagner des entreprises dans leur expansion \u00e0 l\u2019international.<\/p>\n<\/div>\n<\/details>\n\n\n\n<details class=\"wp-block-details is-style-default is-layout-flow wp-container-core-details-is-layout-9ec55b31 wp-block-details-is-layout-flow\"><summary><h3>Finance internationale<\/h3><\/summary>\n<div class=\"wp-block-group is-vertical is-layout-flex wp-container-core-group-is-layout-a2e3e733 wp-block-group-is-layout-flex\">\n<p class=\"is-style-plain-emphasis-sm has-on-surface-color has-text-color has-link-color wp-elements-6671c7000b1b372062bad705748e3933\"><strong>Comprendre les enjeux financiers mondiaux<\/strong><\/p>\n\n\n\n<p>La finance internationale vous permet d\u2019acqu\u00e9rir les bases n\u00e9cessaires pour analyser les flux financiers, g\u00e9rer les risques li\u00e9s aux taux de change et \u00e9valuer les investissements \u00e0 l\u2019\u00e9tranger. Vous suivez des cours qui combinent th\u00e9orie et pratique pour comprendre les m\u00e9canismes financiers globaux et s\u00e9curiser les d\u00e9cisions d\u2019affaires. Cette sp\u00e9cialisation pr\u00e9pare \u00e0 des postes en banque, en audit ou en entreprise, o\u00f9 la ma\u00eetrise des enjeux financiers est un atout d\u00e9cisif.<\/p>\n<\/div>\n<\/details>\n\n\n\n<details class=\"wp-block-details is-style-default is-layout-flow wp-container-core-details-is-layout-9ec55b31 wp-block-details-is-layout-flow\"><summary><h3>Achats &#038; gestions des contrats internationaux<\/h3><\/summary>\n<div class=\"wp-block-group is-vertical is-layout-flex wp-container-core-group-is-layout-a2e3e733 wp-block-group-is-layout-flex\">\n<p class=\"is-style-plain-emphasis-sm has-on-surface-color has-text-color has-link-color wp-elements-abf576c3c9691b184d2cde730a357a7b\"><strong>Optimiser les relations fournisseurs<\/strong><\/p>\n\n\n\n<p>La fonction achats en contexte international vous forme \u00e0 la n\u00e9gociation, \u00e0 la s\u00e9lection de partenaires et \u00e0 la gestion de contrats transnationaux. Vous apprenez \u00e0 g\u00e9rer des approvisionnements complexes, \u00e0 s\u00e9curiser la cha\u00eene logistique et \u00e0 identifier des leviers d\u2019optimisation des co\u00fbts. Cette sp\u00e9cialisation met l\u2019accent sur la communication interculturelle et la relation client-fournisseur, comp\u00e9tences essentielles pour r\u00e9ussir dans un environnement globalis\u00e9.<\/p>\n<\/div>\n<\/details>\n<\/div>\n\n\n\n<div class=\"wp-block-group alignfull wp-pattern wp-pattern-programs-courses wp-pattern-programs-courses-three-columns has-surface-background-color has-background has-global-padding is-layout-constrained wp-block-group-is-layout-constrained has-block-anchor\" style=\"border-radius:0px;margin-top:0;margin-bottom:0;padding-top:var(--wp--preset--spacing--padding-y-section);padding-bottom:var(--wp--preset--spacing--padding-y-section)\">\n<div class=\"wp-block-group alignwide wp-pattern__inner is-layout-flow wp-container-core-group-is-layout-575f1b41 wp-block-group-is-layout-flow has-block-anchor\" style=\"margin-top:0;margin-bottom:0\">\n<div class=\"wp-block-group wp-pattern__header is-layout-flow wp-block-group-is-layout-flow has-block-anchor\">\n<p class=\"is-style-heading-default-eyebrow has-on-surface-color has-text-color has-link-color wp-elements-89060d89d523fceb5a057378984784c8\">Nos Formations<\/p>\n\n\n\n<h2 class=\"wp-block-heading is-style-heading-emphasis-h2 has-on-surface-color has-text-color has-link-color wp-elements-459fdd03c9cce7d6069f196377cdc296\" style=\"margin-top:var(--wp--preset--spacing--xs);margin-bottom:var(--wp--preset--spacing--2-xl)\" id=\"les-bachelors-en-international-de-linseec\">Les Bachelors en International de l\u2019INSEEC<\/h2>\n\n\n\n<p class=\"is-style-plain-default-md has-on-surface-subtle-color has-text-color has-link-color wp-elements-3847b676a357d0a508212f00255384f9\">Les Bachelors International d\u00e9veloppent votre ouverture au monde gr\u00e2ce \u00e0 des cours en anglais, des \u00e9changes acad\u00e9miques et l\u2019alternance, pour pr\u00e9parer une carri\u00e8re globale et enrichissante.<\/p>\n<\/div>\n\n\n\n<div class=\"wp-block-group is-layout-flow wp-container-core-group-is-layout-3fccdef8 wp-block-group-is-layout-flow\">\n<div class=\"wp-block-group is-layout-grid wp-container-core-group-is-layout-9718aa02 wp-block-group-is-layout-grid\"><div class=\"wpgb-facet wpgb-loading wpgb-facet-25\" data-facet=\"25\" data-grid=\"wpgb-content-block\/60b999da70944ac3bbd671c1e6573b90\"><\/div><\/div>\n\n\n\n<div class=\"wp-block-query is-layout-flow wp-block-query-is-layout-flow wpgb-content-block60b999da70944ac3bbd671c1e6573b90\"><ul class=\"wp-block-post-template is-layout-grid wp-container-core-post-template-is-layout-25c06649 wp-block-post-template-is-layout-grid\"><li class=\"wp-block-post post-1615 program type-program status-publish hentry city-bordeaux city-chambery city-lyon city-marseille city-paris city-rennes city-toulouse certification-titre-rncp-niveau-6 program_language-anglais program_language-francais-anglais admission_level-bac admission_level-bac-1 admission_level-bac-2 training_pace-alternance training_pace-initial school-bachelor specialisation-international\">\n\n<div class=\"crd crd--program\">\n\t<ul class=\"terms-list no-list-style\"><li class=\"is-style-tag-fill-sm\">Bac<\/li><li class=\"is-style-tag-fill-sm\">Bac +1<\/li><li class=\"is-style-tag-fill-sm\">Bac +2<\/li><\/ul><h3 class=\"crd__title is-style-plain-emphasis-md\">Bachelor Commerce \u00e0 l\u2019International<\/h3>\n\t<div class=\"crd__buttons\">\n\t\t<div class=\"wp-block-button is-style-outline-sm\"><a href=\"https:\/\/www.inseec.com\/demande-brochure\/\" class=\"wp-block-button__link\">Brochure<\/a><\/div><div class=\"wp-block-button is-style-subtle-sm\"><a href=\"https:\/\/www.inseec.com\/programme\/bachelor-commerce-international\/\" class=\"wp-block-button__link\">Discover <span class=\"sr-only\">Bachelor Commerce \u00e0 l\u2019International<\/span><\/a><\/div>\t<\/div>\n<\/div>\n\n<\/li><\/ul><\/div>\n\n\n<div class=\"wpgb-facet wpgb-loading wpgb-facet-2\" data-facet=\"2\" data-grid=\"wpgb-content-block\/60b999da70944ac3bbd671c1e6573b90\"><\/div><\/div>\n<\/div>\n<\/div>\n\n\n\n<div class=\"wp-block-group alignwide wp-pattern wp-pattern-testimonials-slider wp-pattern-testimonials-slider-large is-layout-flow wp-container-core-group-is-layout-c960db89 wp-block-group-is-layout-flow has-block-anchor\" style=\"margin-top:0;margin-bottom:0;padding-top:var(--wp--preset--spacing--padding-y-section);padding-bottom:var(--wp--preset--spacing--padding-y-section)\">\n<div class=\"wp-block-group wp-pattern__header is-layout-flow wp-block-group-is-layout-flow has-block-anchor\">\n<p class=\"is-style-heading-default-eyebrow has-on-surface-color has-text-color has-link-color wp-elements-bb3ef0242b710bfda36b8894b94aceb6\">T\u00e9moignages<\/p>\n\n\n\n<h2 class=\"wp-block-heading is-style-heading-emphasis-h2 has-on-surface-color has-text-color has-link-color wp-elements-a90a4d1cd5812a142b16e405275b15d5\" style=\"margin-top:var(--wp--preset--spacing--xs);margin-bottom:var(--wp--preset--spacing--2-xl)\" id=\"lavis-de-nos-etudiants\">L\u2019avis de nos \u00e9tudiants<\/h2>\n<\/div>\n\n\n<div class=\"block block--content-picking wp-block-beapi-manual-block\" data-type=\"manual\" data-layout=\"slider-card-large\" data-post-type=\"contact\">\n\t\t\t<div class=\"block--content-picking__contact-large-slider\">\n\t\n\t<div class=\"block--content-picking__content swiper\">\n\t\t<ul class=\"swiper-wrapper\">\n\t\t\t<li class=\"swiper-slide\">\n<div class=\"crd crd--contact-classic-large\">\n\t<div class=\"crd__image-wrapper\">\n\t\t<div class=\"crd__image\"><img decoding=\"async\" width=\"320\" height=\"320\" src=\"https:\/\/www.inseec.com\/wp-content\/uploads\/sites\/32\/2025\/11\/Photo-de-profil-generique-INSEEC.jpg?w=320&#038;h=320&#038;crop=1\" class=\"\" alt=\"Photo de profil placeholder INSEEC\" data-location=\"\" loading=\"lazy\" srcset=\"https:\/\/www.inseec.com\/wp-content\/uploads\/sites\/32\/2025\/11\/Photo-de-profil-generique-INSEEC.jpg 320w, https:\/\/www.inseec.com\/wp-content\/uploads\/sites\/32\/2025\/11\/Photo-de-profil-generique-INSEEC.jpg?resize=150,150 150w, https:\/\/www.inseec.com\/wp-content\/uploads\/sites\/32\/2025\/11\/Photo-de-profil-generique-INSEEC.jpg?resize=300,300 300w, https:\/\/www.inseec.com\/wp-content\/uploads\/sites\/32\/2025\/11\/Photo-de-profil-generique-INSEEC.jpg?resize=64,64 64w, https:\/\/www.inseec.com\/wp-content\/uploads\/sites\/32\/2025\/11\/Photo-de-profil-generique-INSEEC.jpg?resize=128,128 128w, https:\/\/www.inseec.com\/wp-content\/uploads\/sites\/32\/2025\/11\/Photo-de-profil-generique-INSEEC.jpg?resize=84,84 84w, https:\/\/www.inseec.com\/wp-content\/uploads\/sites\/32\/2025\/11\/Photo-de-profil-generique-INSEEC.jpg?resize=168,168 168w, https:\/\/www.inseec.com\/wp-content\/uploads\/sites\/32\/2025\/11\/Photo-de-profil-generique-INSEEC.jpg?resize=172,172 172w, https:\/\/www.inseec.com\/wp-content\/uploads\/sites\/32\/2025\/11\/Photo-de-profil-generique-INSEEC.jpg?resize=242,242 242w, https:\/\/www.inseec.com\/wp-content\/uploads\/sites\/32\/2025\/11\/Photo-de-profil-generique-INSEEC.jpg?resize=40,40 40w, https:\/\/www.inseec.com\/wp-content\/uploads\/sites\/32\/2025\/11\/Photo-de-profil-generique-INSEEC.jpg?resize=80,80 80w, https:\/\/www.inseec.com\/wp-content\/uploads\/sites\/32\/2025\/11\/Photo-de-profil-generique-INSEEC.jpg?resize=160,160 160w, https:\/\/www.inseec.com\/wp-content\/uploads\/sites\/32\/2025\/11\/Photo-de-profil-generique-INSEEC.jpg?resize=50,50 50w, https:\/\/www.inseec.com\/wp-content\/uploads\/sites\/32\/2025\/11\/Photo-de-profil-generique-INSEEC.jpg?resize=100,100 100w, https:\/\/www.inseec.com\/wp-content\/uploads\/sites\/32\/2025\/11\/Photo-de-profil-generique-INSEEC.jpg?resize=24,24 24w, https:\/\/www.inseec.com\/wp-content\/uploads\/sites\/32\/2025\/11\/Photo-de-profil-generique-INSEEC.jpg?resize=48,48 48w\" sizes=\"auto, (max-width: 320px) 100vw, 320px\" \/><\/div><svg class=\"icon icon-quote-rounded\" aria-hidden=\"true\" focusable=\"false\"><use href=\"https:\/\/www.inseec.com\/wp-content\/themes\/omnes-design-system\/dist\/icons\/sprite.svg#icon-quote-rounded\"><\/use><\/svg>\t<\/div>\n\n\t<blockquote class=\"crd__content\">\n\t\t<p class=\"crd__testimonial is-style-plain-emphasis-xl has-on-surface-color\">L&#8217;INSEEC Bachelor m&#8217;a vraiment accompagn\u00e9 pour entrer en contact avec des entreprises internationales et c&#8217;est comme \u00e7a que j&#8217;ai pu faire mon stage \u00e0 Duba\u00ef.<\/p>\n\t\t<div class=\"crd__infos\">\n\t\t\t\t\t\t<cite class=\"crd__name\">\n\t\t\t\t<span class=\"crd__fullname is-style-plain-emphasis-sm has-on-surface-color\">Nassim C.<\/span>\t\t\t<\/cite>\n\t\t<\/div>\n\t<\/blockquote>\n<\/div>\n<\/li>\t\t<\/ul>\n\t\t\n<div class=\"swiper__controls\">\n\t<div class=\"swiper-pagination\"><\/div>\n\n\t<div class=\"swiper__buttons\">\n\t\t\t\t\t<button class=\"swiper-button-prev\" type=\"button\">\n\t\t\t\t<svg class=\"icon icon-arrow-left\" aria-hidden=\"true\" focusable=\"false\"><use href=\"https:\/\/www.inseec.com\/wp-content\/themes\/omnes-design-system\/dist\/icons\/sprite.svg#icon-arrow-left\"><\/use><\/svg>\t\t\t<\/button>\n\t\t\t<button class=\"swiper-button-next\" type=\"button\">\n\t\t\t\t<svg class=\"icon icon-arrow-right\" aria-hidden=\"true\" focusable=\"false\"><use href=\"https:\/\/www.inseec.com\/wp-content\/themes\/omnes-design-system\/dist\/icons\/sprite.svg#icon-arrow-right\"><\/use><\/svg>\t\t\t<\/button>\n\t\t\t<\/div>\n<\/div>\n\t<\/div>\n\n\t<\/div>\n<\/div>\n<script type=\"application\/ld+json\">\n{\"@context\":\"https:\\\/\\\/schema.org\",\"@graph\":[{\"name\":\"C. Nassim\",\"@type\":\"Person\",\"jobTitle\":\"\",\"worksFor\":{\"@type\":\"Organization\",\"name\":\"\"},\"image\":\"https:\\\/\\\/www.inseec.com\\\/wp-content\\\/uploads\\\/sites\\\/32\\\/2025\\\/11\\\/Photo-de-profil-generique-INSEEC.jpg\",\"description\":\"L'INSEEC Bachelor m'a vraiment accompagn\\u00c3\\u00a9 pour entrer en contact avec des entreprises internationales et c'est comme \\u00c3\\u00a7a que j'ai pu faire mon stage \\u00c3\\u00a0 Duba\\u00c3\\u00af.\",\"alumniOf\":{\"@id\":\"https:\\\/\\\/www.inseec.com\\\/#organization\"},\"sameAs\":[]},{\"name\":\"C. Nassim\",\"@type\":\"Person\",\"jobTitle\":\"\",\"worksFor\":{\"@type\":\"Organization\",\"name\":\"\"},\"image\":\"https:\\\/\\\/www.inseec.com\\\/wp-content\\\/uploads\\\/sites\\\/32\\\/2025\\\/11\\\/Photo-de-profil-generique-INSEEC.jpg\",\"description\":\"L'INSEEC Bachelor m'a vraiment accompagn\\u00c3\\u00a9 pour entrer en contact avec des entreprises internationales et c'est comme \\u00c3\\u00a7a que j'ai pu faire mon stage \\u00c3\\u00a0 Duba\\u00c3\\u00af.\",\"alumniOf\":{\"@id\":\"https:\\\/\\\/www.inseec.com\\\/#organization\"},\"sameAs\":[]}]}\n<\/script>\n<\/div>\n\n\n\n<div class=\"wp-block-group alignfull wp-pattern wp-pattern-jobs-list has-surface-variant-background-color has-background has-global-padding is-layout-constrained wp-block-group-is-layout-constrained has-block-anchor\" style=\"margin-top:0;margin-bottom:0;padding-top:var(--wp--preset--spacing--padding-y-section);padding-bottom:var(--wp--preset--spacing--padding-y-section)\">\n<div class=\"wp-block-group alignwide wp-pattern__inner is-layout-flow wp-container-core-group-is-layout-8eee5202 wp-block-group-is-layout-flow has-block-anchor\">\n<div class=\"wp-block-columns is-layout-flex wp-container-core-columns-is-layout-28f84493 wp-block-columns-is-layout-flex has-block-anchor\">\n<div class=\"wp-block-column is-layout-flow wp-block-column-is-layout-flow\">\n<div class=\"wp-block-group is-vertical is-layout-flex wp-container-core-group-is-layout-b80b8bd4 wp-block-group-is-layout-flex has-block-anchor\">\n<div class=\"wp-block-group is-vertical is-layout-flex wp-container-core-group-is-layout-bd7877ba wp-block-group-is-layout-flex has-block-anchor\">\n<p class=\"is-style-heading-default-eyebrow has-on-surface-color has-text-color has-link-color wp-elements-4dbd32ca648bce1415159d7d857ca8b4\">Les m\u00e9tiers<\/p>\n\n\n\n<h2 class=\"wp-block-heading is-style-heading-emphasis-h2 has-on-surface-color has-text-color has-link-color wp-elements-3221ce3999bc1b1c8ff28a126bff83cd\" id=\"les-debouches-dun-bachelor-international\">Les d\u00e9bouch\u00e9s d&#8217;un Bachelor International<\/h2>\n<\/div>\n\n\n\n<p class=\"is-style-plain-default-md has-on-surface-subtle-color has-text-color has-link-color wp-elements-79745a7d9d4826ab8e1531305f0353cb\">Les Bachelors International ouvrent la voie \u00e0 des m\u00e9tiers en commerce, strat\u00e9gie et management, avec une insertion rapide et des perspectives d\u2019\u00e9volution \u00e0 l\u2019international.<\/p>\n<\/div>\n<\/div>\n\n\n\n<div class=\"wp-block-column is-layout-flow wp-block-column-is-layout-flow\">\n<div class=\"block block--jobs-tag jobs-tag\">\n\t<ul><li><a href=\"https:\/\/www.inseec.com\/careers-guide\/business-developer\/\" class=\"is-style-tag-fill-lg\">Business developer<\/a><\/li><li><a href=\"https:\/\/www.inseec.com\/careers-guide\/acheteur-international\/\" class=\"is-style-tag-fill-lg\">Acheteur International<\/a><\/li><li><a href=\"https:\/\/www.inseec.com\/careers-guide\/chef-de-produit\/\" class=\"is-style-tag-fill-lg\">Chef de produit<\/a><\/li><li><a href=\"https:\/\/www.inseec.com\/careers-guide\/directeur-regional\/\" class=\"is-style-tag-fill-lg\">Directeur R\u00e9gional<\/a><\/li><li><a href=\"https:\/\/www.inseec.com\/careers-guide\/key-account-manager\/\" class=\"is-style-tag-fill-lg\">Key account manager<\/a><\/li><li><a href=\"https:\/\/www.inseec.com\/careers-guide\/responsable-du-developpement\/\" class=\"is-style-tag-fill-lg\">Responsable du d\u00e9veloppement<\/a><\/li><\/ul><\/div>\n<\/div>\n<\/div>\n\n\n\n<div class=\"wp-block-group alignwide wp-pattern wp-pattern-banner-jobs wp-pattern-banner-jobs-inverse has-inverse-variant-background-color has-background is-content-justification-space-between is-nowrap is-layout-flex wp-container-core-group-is-layout-949f8704 wp-block-group-is-layout-flex\" style=\"padding-top:var(--wp--preset--spacing--padding-y-sm);padding-right:var(--wp--preset--spacing--padding-y-sm);padding-bottom:var(--wp--preset--spacing--padding-y-sm);padding-left:var(--wp--preset--spacing--padding-y-sm)\">\n<div class=\"wp-block-group is-style-heading-emphasis-h3 has-on-surface-color has-text-color has-link-color wp-elements-4c4e4c6244d5e1e6df4e2f211b49e637 is-vertical is-layout-flex wp-container-core-group-is-layout-bd7877ba wp-block-group-is-layout-flex\">\n<p class=\"is-style-heading-emphasis-h3 has-inverse-on-surface-color has-text-color has-link-color wp-elements-4ed9ecea0498c9e2949749522f05744f\">2 000 \u20ac et\u00a0 3 150 \u20ac<\/p>\n\n\n\n<p class=\"is-style-plain-emphasis-md has-inverse-on-surface-color has-text-color has-link-color wp-elements-1e35ac66a7f918bc59813b00bd68a37a\">Salaire moyen d\u2019un jeune dipl\u00f4m\u00e9 brut par mois<\/p>\n<\/div>\n\n\n\n<div class=\"wp-block-group is-nowrap is-layout-flex wp-container-core-group-is-layout-a2d696be wp-block-group-is-layout-flex\">\n<p class=\"is-style-plain-default-sm has-inverse-on-surface-color has-text-color has-link-color wp-elements-e29168e83fd4d456b825c1746eee7f38\">Vous avez des questions sur votre orientation ?<br>Prenez un rendez-vous personnalis\u00e9<\/p>\n\n\n\n<div class=\"wp-block-buttons is-content-justification-left is-layout-flex wp-container-core-buttons-is-layout-541a3246 wp-block-buttons-is-layout-flex\">\n<div class=\"wp-block-button is-style-subtle-md popmake-85128\"><a class=\"wp-block-button__link wp-element-button\">Rendez-vous personnalis\u00e9<\/a><\/div>\n<\/div>\n<\/div>\n<\/div>\n<\/div>\n<\/div>\n\n\n\n<section class=\"wp-block-group alignfull wp-pattern-presentation-tabs has-global-padding is-layout-constrained wp-block-group-is-layout-constrained has-block-anchor\" style=\"margin-top:0;margin-bottom:0;padding-top:var(--wp--preset--spacing--padding-y-section);padding-bottom:var(--wp--preset--spacing--padding-y-section)\">\n<div class=\"wp-block-group alignwide is-layout-flow wp-block-group-is-layout-flow has-block-anchor\">\n<h2 class=\"wp-block-heading alignwide is-style-display-emphasis-d3\" style=\"margin-bottom:var(--wp--preset--spacing--5-xl)\" id=\"etudiez-au-coeur-des-grandes-villes-de-france\">\u00c9tudiez au coeur des grandes villes de France<\/h2>\n\n\n\n<p class=\"alignwide has-text-align-wide is-style-heading-emphasis-h4 has-on-surface-color has-text-color has-link-color wp-elements-947dcd45fdacbf1e5a56c5220641b8ad\">Nos campus<\/p>\n\n\n\n<div class=\"wp-block-blockparty-tabs alignwide has-align-top-right\" aria-label=\"\" role=\"tablist\">\n<ul class=\"wp-block-blockparty-tabs-nav\">\n<li class=\"wp-block-blockparty-tabs-nav-item\"><a id=\"block-tab-2-0\" role=\"tab\" aria-controls=\"block-panel-2-0\" class=\"wp-block-blockparty-tabs-nav-link\" href=\"#block-tab-2-0\"><span>Lyon<\/span><\/a><\/li>\n\n\n\n<li class=\"wp-block-blockparty-tabs-nav-item\"><a id=\"block-tab-2-1\" role=\"tab\" aria-controls=\"block-panel-2-1\" class=\"wp-block-blockparty-tabs-nav-link\" href=\"#block-tab-2-1\"><span>Paris<\/span><\/a><\/li>\n\n\n\n<li class=\"wp-block-blockparty-tabs-nav-item\"><a id=\"block-tab-2-2\" role=\"tab\" aria-controls=\"block-panel-2-2\" class=\"wp-block-blockparty-tabs-nav-link\" href=\"#block-tab-2-2\"><span>Bordeaux<\/span><\/a><\/li>\n\n\n\n<li class=\"wp-block-blockparty-tabs-nav-item\"><a id=\"block-tab-2-3\" role=\"tab\" aria-controls=\"block-panel-2-3\" class=\"wp-block-blockparty-tabs-nav-link\" href=\"#block-tab-2-3\"><span>Rennes<\/span><\/a><\/li>\n\n\n\n<li class=\"wp-block-blockparty-tabs-nav-item\"><a id=\"block-tab-2-4\" role=\"tab\" aria-controls=\"block-panel-2-4\" class=\"wp-block-blockparty-tabs-nav-link\" href=\"#block-tab-2-4\"><span>Toulouse<\/span><\/a><\/li>\n\n\n\n<li class=\"wp-block-blockparty-tabs-nav-item\"><a id=\"block-tab-2-5\" role=\"tab\" aria-controls=\"block-panel-2-5\" class=\"wp-block-blockparty-tabs-nav-link\" href=\"#block-tab-2-5\"><span>Chamb\u00e9ry<\/span><\/a><\/li>\n\n\n\n<li class=\"wp-block-blockparty-tabs-nav-item\"><a id=\"block-tab-2-6\" role=\"tab\" aria-controls=\"block-panel-2-6\" class=\"wp-block-blockparty-tabs-nav-link\" href=\"#block-tab-2-6\"><span>Marseille<\/span><\/a><\/li>\n<\/ul>\n\n\n\n<section class=\"wp-block-blockparty-tabs-panels\">\n<div role=\"tabpanel\" tabindex=\"0\" class=\"wp-block-blockparty-tabs-panel-item\" id=\"block-panel-2-0\" aria-labelledby=\"block-tab-2-0\"><div class=\"wp-block-blockparty-tabs-panel-item__inner\"><article class=\"campus block block--campus block--campus-vertical align wp-block-omnes-ds-campus\">\n\t\t\t<figure class=\"block__gallery\">\n\t\t\t<figure><img loading=\"lazy\" decoding=\"async\" width=\"660\" height=\"882\" src=\"https:\/\/www.inseec.com\/wp-content\/uploads\/sites\/32\/2025\/11\/campus-lyon-inseec-photo-portrait.jpg?w=660\" class=\"\" alt=\"Photo du campus de Lyon de l\u2019\u00e9cole de commerce INSEEC dans une ancienne usine Citro\u00ebn r\u00e9nov\u00e9e\" data-location=\"\" srcset=\"https:\/\/www.inseec.com\/wp-content\/uploads\/sites\/32\/2025\/11\/campus-lyon-inseec-photo-portrait.jpg 660w, https:\/\/www.inseec.com\/wp-content\/uploads\/sites\/32\/2025\/11\/campus-lyon-inseec-photo-portrait.jpg?resize=224,300 224w, https:\/\/www.inseec.com\/wp-content\/uploads\/sites\/32\/2025\/11\/campus-lyon-inseec-photo-portrait.jpg?resize=180,240 180w, https:\/\/www.inseec.com\/wp-content\/uploads\/sites\/32\/2025\/11\/campus-lyon-inseec-photo-portrait.jpg?resize=360,480 360w, https:\/\/www.inseec.com\/wp-content\/uploads\/sites\/32\/2025\/11\/campus-lyon-inseec-photo-portrait.jpg?resize=218,291 218w, https:\/\/www.inseec.com\/wp-content\/uploads\/sites\/32\/2025\/11\/campus-lyon-inseec-photo-portrait.jpg?resize=436,582 436w, https:\/\/www.inseec.com\/wp-content\/uploads\/sites\/32\/2025\/11\/campus-lyon-inseec-photo-portrait.jpg?resize=225,300 225w, https:\/\/www.inseec.com\/wp-content\/uploads\/sites\/32\/2025\/11\/campus-lyon-inseec-photo-portrait.jpg?resize=450,600 450w, https:\/\/www.inseec.com\/wp-content\/uploads\/sites\/32\/2025\/11\/campus-lyon-inseec-photo-portrait.jpg?resize=240,320 240w, https:\/\/www.inseec.com\/wp-content\/uploads\/sites\/32\/2025\/11\/campus-lyon-inseec-photo-portrait.jpg?resize=480,640 480w, https:\/\/www.inseec.com\/wp-content\/uploads\/sites\/32\/2025\/11\/campus-lyon-inseec-photo-portrait.jpg?resize=330,440 330w, https:\/\/www.inseec.com\/wp-content\/uploads\/sites\/32\/2025\/11\/campus-lyon-inseec-photo-portrait.jpg?resize=30,40 30w, https:\/\/www.inseec.com\/wp-content\/uploads\/sites\/32\/2025\/11\/campus-lyon-inseec-photo-portrait.jpg?resize=60,80 60w, https:\/\/www.inseec.com\/wp-content\/uploads\/sites\/32\/2025\/11\/campus-lyon-inseec-photo-portrait.jpg?resize=120,160 120w, https:\/\/www.inseec.com\/wp-content\/uploads\/sites\/32\/2025\/11\/campus-lyon-inseec-photo-portrait.jpg?resize=37,50 37w, https:\/\/www.inseec.com\/wp-content\/uploads\/sites\/32\/2025\/11\/campus-lyon-inseec-photo-portrait.jpg?resize=75,100 75w, https:\/\/www.inseec.com\/wp-content\/uploads\/sites\/32\/2025\/11\/campus-lyon-inseec-photo-portrait.jpg?resize=18,24 18w, https:\/\/www.inseec.com\/wp-content\/uploads\/sites\/32\/2025\/11\/campus-lyon-inseec-photo-portrait.jpg?resize=36,48 36w\" sizes=\"auto, (max-width: 660px) 100vw, 660px\" \/><\/figure><figure><img loading=\"lazy\" decoding=\"async\" width=\"1058\" height=\"798\" src=\"https:\/\/www.inseec.com\/wp-content\/uploads\/sites\/32\/2025\/11\/campus-slider-vr-campus-lyon-inseec-dalle-detente.jpg?w=1058\" class=\"\" alt=\"Photo d\u2019une salle de d\u00e9tente du campus de Lyon de l\u2019\u00e9cole de commerce INSEEC\" data-location=\"\" srcset=\"https:\/\/www.inseec.com\/wp-content\/uploads\/sites\/32\/2025\/11\/campus-slider-vr-campus-lyon-inseec-dalle-detente.jpg 1058w, https:\/\/www.inseec.com\/wp-content\/uploads\/sites\/32\/2025\/11\/campus-slider-vr-campus-lyon-inseec-dalle-detente.jpg?resize=300,226 300w, https:\/\/www.inseec.com\/wp-content\/uploads\/sites\/32\/2025\/11\/campus-slider-vr-campus-lyon-inseec-dalle-detente.jpg?resize=768,579 768w, https:\/\/www.inseec.com\/wp-content\/uploads\/sites\/32\/2025\/11\/campus-slider-vr-campus-lyon-inseec-dalle-detente.jpg?resize=220,165 220w, https:\/\/www.inseec.com\/wp-content\/uploads\/sites\/32\/2025\/11\/campus-slider-vr-campus-lyon-inseec-dalle-detente.jpg?resize=240,180 240w, https:\/\/www.inseec.com\/wp-content\/uploads\/sites\/32\/2025\/11\/campus-slider-vr-campus-lyon-inseec-dalle-detente.jpg?resize=282,212 282w, https:\/\/www.inseec.com\/wp-content\/uploads\/sites\/32\/2025\/11\/campus-slider-vr-campus-lyon-inseec-dalle-detente.jpg?resize=564,424 564w, https:\/\/www.inseec.com\/wp-content\/uploads\/sites\/32\/2025\/11\/campus-slider-vr-campus-lyon-inseec-dalle-detente.jpg?resize=330,248 330w, https:\/\/www.inseec.com\/wp-content\/uploads\/sites\/32\/2025\/11\/campus-slider-vr-campus-lyon-inseec-dalle-detente.jpg?resize=529,399 529w, https:\/\/www.inseec.com\/wp-content\/uploads\/sites\/32\/2025\/11\/campus-slider-vr-campus-lyon-inseec-dalle-detente.jpg?resize=53,40 53w, https:\/\/www.inseec.com\/wp-content\/uploads\/sites\/32\/2025\/11\/campus-slider-vr-campus-lyon-inseec-dalle-detente.jpg?resize=106,80 106w, https:\/\/www.inseec.com\/wp-content\/uploads\/sites\/32\/2025\/11\/campus-slider-vr-campus-lyon-inseec-dalle-detente.jpg?resize=212,160 212w, https:\/\/www.inseec.com\/wp-content\/uploads\/sites\/32\/2025\/11\/campus-slider-vr-campus-lyon-inseec-dalle-detente.jpg?resize=66,50 66w, https:\/\/www.inseec.com\/wp-content\/uploads\/sites\/32\/2025\/11\/campus-slider-vr-campus-lyon-inseec-dalle-detente.jpg?resize=133,100 133w, https:\/\/www.inseec.com\/wp-content\/uploads\/sites\/32\/2025\/11\/campus-slider-vr-campus-lyon-inseec-dalle-detente.jpg?resize=24,18 24w, https:\/\/www.inseec.com\/wp-content\/uploads\/sites\/32\/2025\/11\/campus-slider-vr-campus-lyon-inseec-dalle-detente.jpg?resize=48,36 48w, https:\/\/www.inseec.com\/wp-content\/uploads\/sites\/32\/2025\/11\/campus-slider-vr-campus-lyon-inseec-dalle-detente.jpg?resize=40,30 40w, https:\/\/www.inseec.com\/wp-content\/uploads\/sites\/32\/2025\/11\/campus-slider-vr-campus-lyon-inseec-dalle-detente.jpg?resize=80,60 80w\" sizes=\"auto, (max-width: 1058px) 100vw, 1058px\" \/><\/figure><figure><img loading=\"lazy\" decoding=\"async\" width=\"1058\" height=\"798\" src=\"https:\/\/www.inseec.com\/wp-content\/uploads\/sites\/32\/2025\/11\/campus-slider-vr-campus-lyon-inseec-lion-rouge-hall.jpg?w=1058\" class=\"\" alt=\"Photo de la statue du lion rouge dans le hall du campus de Lyon de l\u2019\u00e9cole de commerce INSEEC\" data-location=\"\" srcset=\"https:\/\/www.inseec.com\/wp-content\/uploads\/sites\/32\/2025\/11\/campus-slider-vr-campus-lyon-inseec-lion-rouge-hall.jpg 1058w, https:\/\/www.inseec.com\/wp-content\/uploads\/sites\/32\/2025\/11\/campus-slider-vr-campus-lyon-inseec-lion-rouge-hall.jpg?resize=300,226 300w, https:\/\/www.inseec.com\/wp-content\/uploads\/sites\/32\/2025\/11\/campus-slider-vr-campus-lyon-inseec-lion-rouge-hall.jpg?resize=768,579 768w, https:\/\/www.inseec.com\/wp-content\/uploads\/sites\/32\/2025\/11\/campus-slider-vr-campus-lyon-inseec-lion-rouge-hall.jpg?resize=220,165 220w, https:\/\/www.inseec.com\/wp-content\/uploads\/sites\/32\/2025\/11\/campus-slider-vr-campus-lyon-inseec-lion-rouge-hall.jpg?resize=240,180 240w, https:\/\/www.inseec.com\/wp-content\/uploads\/sites\/32\/2025\/11\/campus-slider-vr-campus-lyon-inseec-lion-rouge-hall.jpg?resize=282,212 282w, https:\/\/www.inseec.com\/wp-content\/uploads\/sites\/32\/2025\/11\/campus-slider-vr-campus-lyon-inseec-lion-rouge-hall.jpg?resize=564,424 564w, https:\/\/www.inseec.com\/wp-content\/uploads\/sites\/32\/2025\/11\/campus-slider-vr-campus-lyon-inseec-lion-rouge-hall.jpg?resize=330,248 330w, https:\/\/www.inseec.com\/wp-content\/uploads\/sites\/32\/2025\/11\/campus-slider-vr-campus-lyon-inseec-lion-rouge-hall.jpg?resize=529,399 529w, https:\/\/www.inseec.com\/wp-content\/uploads\/sites\/32\/2025\/11\/campus-slider-vr-campus-lyon-inseec-lion-rouge-hall.jpg?resize=53,40 53w, https:\/\/www.inseec.com\/wp-content\/uploads\/sites\/32\/2025\/11\/campus-slider-vr-campus-lyon-inseec-lion-rouge-hall.jpg?resize=106,80 106w, https:\/\/www.inseec.com\/wp-content\/uploads\/sites\/32\/2025\/11\/campus-slider-vr-campus-lyon-inseec-lion-rouge-hall.jpg?resize=212,160 212w, https:\/\/www.inseec.com\/wp-content\/uploads\/sites\/32\/2025\/11\/campus-slider-vr-campus-lyon-inseec-lion-rouge-hall.jpg?resize=66,50 66w, https:\/\/www.inseec.com\/wp-content\/uploads\/sites\/32\/2025\/11\/campus-slider-vr-campus-lyon-inseec-lion-rouge-hall.jpg?resize=133,100 133w, https:\/\/www.inseec.com\/wp-content\/uploads\/sites\/32\/2025\/11\/campus-slider-vr-campus-lyon-inseec-lion-rouge-hall.jpg?resize=24,18 24w, https:\/\/www.inseec.com\/wp-content\/uploads\/sites\/32\/2025\/11\/campus-slider-vr-campus-lyon-inseec-lion-rouge-hall.jpg?resize=48,36 48w, https:\/\/www.inseec.com\/wp-content\/uploads\/sites\/32\/2025\/11\/campus-slider-vr-campus-lyon-inseec-lion-rouge-hall.jpg?resize=40,30 40w, https:\/\/www.inseec.com\/wp-content\/uploads\/sites\/32\/2025\/11\/campus-slider-vr-campus-lyon-inseec-lion-rouge-hall.jpg?resize=80,60 80w\" sizes=\"auto, (max-width: 1058px) 100vw, 1058px\" \/><\/figure>\t\t<\/figure>\n\t\t\t<div class=\"block__content\">\n\t\t<h2 class=\"block__eyebrow is-style-heading-default-eyebrow has-on-surface-subtle-color\">Campus de Lyon<\/h2><p class=\"block__title is-style-plain-emphasis-xl\">Rejoignez un campus historique et vivant<\/p><p class=\"block__excerpt\">Profitez d\u2019un campus historique au c\u0153ur de Lyon, ville culturelle et \u00e9tudiante parmi les plus dynamiques de France.<\/p>\t\t<div class=\"block__buttons wp-block-buttons\">\n\t\t\t<div class=\"wp-block-button is-style-outline-md\"><a title=\"D\u00e9couvrir le campus de Lyon\" href=\"https:\/\/www.inseec.com\/campus\/ecole-de-commerce-lyon\/\" class=\"wp-block-button__link\">D\u00e9couvrir<\/a><\/div><div class=\"wp-block-button is-style-default\"><a title=\"Portes Ouvertes du campus de Lyon\" href=\"https:\/\/www.inseec.com\/evenement\/?_type_devenement_unique=journee-portes-ouvertes&#038;_event_campus=832\" class=\"wp-block-button__link\">Portes Ouvertes<\/a><\/div>\t\t<\/div>\n\t<\/div>\n<\/article>\n<\/div><\/div>\n\n\n\n<div role=\"tabpanel\" tabindex=\"0\" class=\"wp-block-blockparty-tabs-panel-item\" id=\"block-panel-2-1\" aria-labelledby=\"block-tab-2-1\"><div class=\"wp-block-blockparty-tabs-panel-item__inner\"><article class=\"campus block block--campus block--campus-vertical align wp-block-omnes-ds-campus\">\n\t\t\t<figure class=\"block__gallery\">\n\t\t\t<figure><img loading=\"lazy\" decoding=\"async\" width=\"660\" height=\"770\" src=\"https:\/\/www.inseec.com\/wp-content\/uploads\/sites\/32\/2025\/11\/campus-paris-eiffel-inseec-portrait.jpg?w=660\" class=\"\" alt=\"Photo du campus Paris Eiffel de l\u2019\u00e9cole de commerce INSEEC avec la tour Eiffel en fond\" data-location=\"\" srcset=\"https:\/\/www.inseec.com\/wp-content\/uploads\/sites\/32\/2025\/11\/campus-paris-eiffel-inseec-portrait.jpg 660w, https:\/\/www.inseec.com\/wp-content\/uploads\/sites\/32\/2025\/11\/campus-paris-eiffel-inseec-portrait.jpg?resize=257,300 257w, https:\/\/www.inseec.com\/wp-content\/uploads\/sites\/32\/2025\/11\/campus-paris-eiffel-inseec-portrait.jpg?resize=34,40 34w, https:\/\/www.inseec.com\/wp-content\/uploads\/sites\/32\/2025\/11\/campus-paris-eiffel-inseec-portrait.jpg?resize=69,80 69w, https:\/\/www.inseec.com\/wp-content\/uploads\/sites\/32\/2025\/11\/campus-paris-eiffel-inseec-portrait.jpg?resize=137,160 137w, https:\/\/www.inseec.com\/wp-content\/uploads\/sites\/32\/2025\/11\/campus-paris-eiffel-inseec-portrait.jpg?resize=43,50 43w, https:\/\/www.inseec.com\/wp-content\/uploads\/sites\/32\/2025\/11\/campus-paris-eiffel-inseec-portrait.jpg?resize=86,100 86w, https:\/\/www.inseec.com\/wp-content\/uploads\/sites\/32\/2025\/11\/campus-paris-eiffel-inseec-portrait.jpg?resize=21,24 21w, https:\/\/www.inseec.com\/wp-content\/uploads\/sites\/32\/2025\/11\/campus-paris-eiffel-inseec-portrait.jpg?resize=41,48 41w\" sizes=\"auto, (max-width: 660px) 100vw, 660px\" \/><\/figure><figure><img loading=\"lazy\" decoding=\"async\" width=\"660\" height=\"361\" src=\"https:\/\/www.inseec.com\/wp-content\/uploads\/sites\/32\/2025\/11\/campus-paris-vellefaux-inseec-cafeteria.jpg?w=660\" class=\"\" alt=\"Photo de la caf\u00e9t\u00e9ria \u00e0 l\u2019int\u00e9rieur du campus r\u00e9nov\u00e9 de Paris Vellefaux de l\u2019\u00e9cole de commerce INSEEC\" data-location=\"\" srcset=\"https:\/\/www.inseec.com\/wp-content\/uploads\/sites\/32\/2025\/11\/campus-paris-vellefaux-inseec-cafeteria.jpg 660w, https:\/\/www.inseec.com\/wp-content\/uploads\/sites\/32\/2025\/11\/campus-paris-vellefaux-inseec-cafeteria.jpg?resize=300,164 300w, https:\/\/www.inseec.com\/wp-content\/uploads\/sites\/32\/2025\/11\/campus-paris-vellefaux-inseec-cafeteria.jpg?resize=73,40 73w, https:\/\/www.inseec.com\/wp-content\/uploads\/sites\/32\/2025\/11\/campus-paris-vellefaux-inseec-cafeteria.jpg?resize=146,80 146w, https:\/\/www.inseec.com\/wp-content\/uploads\/sites\/32\/2025\/11\/campus-paris-vellefaux-inseec-cafeteria.jpg?resize=293,160 293w, https:\/\/www.inseec.com\/wp-content\/uploads\/sites\/32\/2025\/11\/campus-paris-vellefaux-inseec-cafeteria.jpg?resize=91,50 91w, https:\/\/www.inseec.com\/wp-content\/uploads\/sites\/32\/2025\/11\/campus-paris-vellefaux-inseec-cafeteria.jpg?resize=183,100 183w, https:\/\/www.inseec.com\/wp-content\/uploads\/sites\/32\/2025\/11\/campus-paris-vellefaux-inseec-cafeteria.jpg?resize=24,13 24w, https:\/\/www.inseec.com\/wp-content\/uploads\/sites\/32\/2025\/11\/campus-paris-vellefaux-inseec-cafeteria.jpg?resize=48,26 48w, https:\/\/www.inseec.com\/wp-content\/uploads\/sites\/32\/2025\/11\/campus-paris-vellefaux-inseec-cafeteria.jpg?resize=40,22 40w, https:\/\/www.inseec.com\/wp-content\/uploads\/sites\/32\/2025\/11\/campus-paris-vellefaux-inseec-cafeteria.jpg?resize=80,44 80w\" sizes=\"auto, (max-width: 660px) 100vw, 660px\" \/><\/figure><figure><img loading=\"lazy\" decoding=\"async\" width=\"794\" height=\"599\" src=\"https:\/\/www.inseec.com\/wp-content\/uploads\/sites\/32\/2025\/11\/campus-slider-vr-campus-paris-la-defense-inseec-salle-detente.jpg?w=794\" class=\"\" alt=\"\" data-location=\"\" srcset=\"https:\/\/www.inseec.com\/wp-content\/uploads\/sites\/32\/2025\/11\/campus-slider-vr-campus-paris-la-defense-inseec-salle-detente.jpg 794w, https:\/\/www.inseec.com\/wp-content\/uploads\/sites\/32\/2025\/11\/campus-slider-vr-campus-paris-la-defense-inseec-salle-detente.jpg?resize=300,226 300w, https:\/\/www.inseec.com\/wp-content\/uploads\/sites\/32\/2025\/11\/campus-slider-vr-campus-paris-la-defense-inseec-salle-detente.jpg?resize=768,579 768w, https:\/\/www.inseec.com\/wp-content\/uploads\/sites\/32\/2025\/11\/campus-slider-vr-campus-paris-la-defense-inseec-salle-detente.jpg?resize=220,165 220w, https:\/\/www.inseec.com\/wp-content\/uploads\/sites\/32\/2025\/11\/campus-slider-vr-campus-paris-la-defense-inseec-salle-detente.jpg?resize=240,180 240w, https:\/\/www.inseec.com\/wp-content\/uploads\/sites\/32\/2025\/11\/campus-slider-vr-campus-paris-la-defense-inseec-salle-detente.jpg?resize=282,212 282w, https:\/\/www.inseec.com\/wp-content\/uploads\/sites\/32\/2025\/11\/campus-slider-vr-campus-paris-la-defense-inseec-salle-detente.jpg?resize=564,424 564w, https:\/\/www.inseec.com\/wp-content\/uploads\/sites\/32\/2025\/11\/campus-slider-vr-campus-paris-la-defense-inseec-salle-detente.jpg?resize=330,248 330w, https:\/\/www.inseec.com\/wp-content\/uploads\/sites\/32\/2025\/11\/campus-slider-vr-campus-paris-la-defense-inseec-salle-detente.jpg?resize=529,399 529w, https:\/\/www.inseec.com\/wp-content\/uploads\/sites\/32\/2025\/11\/campus-slider-vr-campus-paris-la-defense-inseec-salle-detente.jpg?resize=53,40 53w, https:\/\/www.inseec.com\/wp-content\/uploads\/sites\/32\/2025\/11\/campus-slider-vr-campus-paris-la-defense-inseec-salle-detente.jpg?resize=106,80 106w, https:\/\/www.inseec.com\/wp-content\/uploads\/sites\/32\/2025\/11\/campus-slider-vr-campus-paris-la-defense-inseec-salle-detente.jpg?resize=212,160 212w, https:\/\/www.inseec.com\/wp-content\/uploads\/sites\/32\/2025\/11\/campus-slider-vr-campus-paris-la-defense-inseec-salle-detente.jpg?resize=66,50 66w, https:\/\/www.inseec.com\/wp-content\/uploads\/sites\/32\/2025\/11\/campus-slider-vr-campus-paris-la-defense-inseec-salle-detente.jpg?resize=133,100 133w, https:\/\/www.inseec.com\/wp-content\/uploads\/sites\/32\/2025\/11\/campus-slider-vr-campus-paris-la-defense-inseec-salle-detente.jpg?resize=24,18 24w, https:\/\/www.inseec.com\/wp-content\/uploads\/sites\/32\/2025\/11\/campus-slider-vr-campus-paris-la-defense-inseec-salle-detente.jpg?resize=48,36 48w, https:\/\/www.inseec.com\/wp-content\/uploads\/sites\/32\/2025\/11\/campus-slider-vr-campus-paris-la-defense-inseec-salle-detente.jpg?resize=40,30 40w, https:\/\/www.inseec.com\/wp-content\/uploads\/sites\/32\/2025\/11\/campus-slider-vr-campus-paris-la-defense-inseec-salle-detente.jpg?resize=80,60 80w\" sizes=\"auto, (max-width: 794px) 100vw, 794px\" \/><\/figure>\t\t<\/figure>\n\t\t\t<div class=\"block__content\">\n\t\t<h2 class=\"block__eyebrow is-style-heading-default-eyebrow has-on-surface-subtle-color\">Campus de Paris<\/h2><p class=\"block__title is-style-plain-emphasis-xl\">\u00c9tudiez au c\u0153ur de la capitale<\/p><p class=\"block__excerpt\">D\u00e9couvrez trois campus modernes et faciles d\u2019acc\u00e8s dans des lieux embl\u00e9matiques de Paris.<\/p>\t\t<div class=\"block__buttons wp-block-buttons\">\n\t\t\t<div class=\"wp-block-button is-style-outline-md\"><a title=\"D\u00e9couvrir le campus de Paris\" href=\"https:\/\/www.inseec.com\/campus\/ecole-de-commerce-paris\/\" class=\"wp-block-button__link\">D\u00e9couvrir<\/a><\/div><div class=\"wp-block-button is-style-default\"><a title=\"Portes Ouvertes du campus de Paris\" href=\"https:\/\/www.inseec.com\/evenement\/?_type_devenement_unique=journee-portes-ouvertes&#038;_event_campus=134\" class=\"wp-block-button__link\">Portes Ouvertes<\/a><\/div>\t\t<\/div>\n\t<\/div>\n<\/article>\n<\/div><\/div>\n\n\n\n<div role=\"tabpanel\" tabindex=\"0\" class=\"wp-block-blockparty-tabs-panel-item\" id=\"block-panel-2-2\" aria-labelledby=\"block-tab-2-2\"><div class=\"wp-block-blockparty-tabs-panel-item__inner\"><article class=\"campus block block--campus block--campus-vertical align wp-block-omnes-ds-campus\">\n\t\t\t<figure class=\"block__gallery\">\n\t\t\t<figure><img loading=\"lazy\" decoding=\"async\" width=\"660\" height=\"770\" src=\"https:\/\/www.inseec.com\/wp-content\/uploads\/sites\/32\/2025\/11\/campus-bordeaux-inseec-facade.jpg?w=660\" class=\"\" alt=\"Photo du campus de Bordeaux de l\u2019\u00e9cole de commerce INSEEC\" data-location=\"\" srcset=\"https:\/\/www.inseec.com\/wp-content\/uploads\/sites\/32\/2025\/11\/campus-bordeaux-inseec-facade.jpg 660w, https:\/\/www.inseec.com\/wp-content\/uploads\/sites\/32\/2025\/11\/campus-bordeaux-inseec-facade.jpg?resize=257,300 257w, https:\/\/www.inseec.com\/wp-content\/uploads\/sites\/32\/2025\/11\/campus-bordeaux-inseec-facade.jpg?resize=34,40 34w, https:\/\/www.inseec.com\/wp-content\/uploads\/sites\/32\/2025\/11\/campus-bordeaux-inseec-facade.jpg?resize=69,80 69w, https:\/\/www.inseec.com\/wp-content\/uploads\/sites\/32\/2025\/11\/campus-bordeaux-inseec-facade.jpg?resize=137,160 137w, https:\/\/www.inseec.com\/wp-content\/uploads\/sites\/32\/2025\/11\/campus-bordeaux-inseec-facade.jpg?resize=43,50 43w, https:\/\/www.inseec.com\/wp-content\/uploads\/sites\/32\/2025\/11\/campus-bordeaux-inseec-facade.jpg?resize=86,100 86w, https:\/\/www.inseec.com\/wp-content\/uploads\/sites\/32\/2025\/11\/campus-bordeaux-inseec-facade.jpg?resize=21,24 21w, https:\/\/www.inseec.com\/wp-content\/uploads\/sites\/32\/2025\/11\/campus-bordeaux-inseec-facade.jpg?resize=41,48 41w\" sizes=\"auto, (max-width: 660px) 100vw, 660px\" \/><\/figure><figure><img loading=\"lazy\" decoding=\"async\" width=\"660\" height=\"361\" src=\"https:\/\/www.inseec.com\/wp-content\/uploads\/sites\/32\/2025\/11\/campus-bordeaux-inseec-cafeteria.jpg?w=660\" class=\"\" alt=\"Photo de la caf\u00e9t\u00e9ria \u00e0 l\u2019int\u00e9rieur du campus de Bordeaux de l\u2019\u00e9cole de commerce INSEEC\" data-location=\"\" srcset=\"https:\/\/www.inseec.com\/wp-content\/uploads\/sites\/32\/2025\/11\/campus-bordeaux-inseec-cafeteria.jpg 660w, https:\/\/www.inseec.com\/wp-content\/uploads\/sites\/32\/2025\/11\/campus-bordeaux-inseec-cafeteria.jpg?resize=300,164 300w, https:\/\/www.inseec.com\/wp-content\/uploads\/sites\/32\/2025\/11\/campus-bordeaux-inseec-cafeteria.jpg?resize=73,40 73w, https:\/\/www.inseec.com\/wp-content\/uploads\/sites\/32\/2025\/11\/campus-bordeaux-inseec-cafeteria.jpg?resize=146,80 146w, https:\/\/www.inseec.com\/wp-content\/uploads\/sites\/32\/2025\/11\/campus-bordeaux-inseec-cafeteria.jpg?resize=293,160 293w, https:\/\/www.inseec.com\/wp-content\/uploads\/sites\/32\/2025\/11\/campus-bordeaux-inseec-cafeteria.jpg?resize=91,50 91w, https:\/\/www.inseec.com\/wp-content\/uploads\/sites\/32\/2025\/11\/campus-bordeaux-inseec-cafeteria.jpg?resize=183,100 183w, https:\/\/www.inseec.com\/wp-content\/uploads\/sites\/32\/2025\/11\/campus-bordeaux-inseec-cafeteria.jpg?resize=24,13 24w, https:\/\/www.inseec.com\/wp-content\/uploads\/sites\/32\/2025\/11\/campus-bordeaux-inseec-cafeteria.jpg?resize=48,26 48w, https:\/\/www.inseec.com\/wp-content\/uploads\/sites\/32\/2025\/11\/campus-bordeaux-inseec-cafeteria.jpg?resize=40,22 40w, https:\/\/www.inseec.com\/wp-content\/uploads\/sites\/32\/2025\/11\/campus-bordeaux-inseec-cafeteria.jpg?resize=80,44 80w\" sizes=\"auto, (max-width: 660px) 100vw, 660px\" \/><\/figure><figure><img loading=\"lazy\" decoding=\"async\" width=\"660\" height=\"361\" src=\"https:\/\/www.inseec.com\/wp-content\/uploads\/sites\/32\/2025\/11\/campus-bordeaux-inseec-terrasse-bord-garonne.jpg?w=660\" class=\"\" alt=\"Photo de la terrasse en bordure de Garonne du campus de Bordeaux de l\u2019\u00e9cole de commerce INSEEC\" data-location=\"\" srcset=\"https:\/\/www.inseec.com\/wp-content\/uploads\/sites\/32\/2025\/11\/campus-bordeaux-inseec-terrasse-bord-garonne.jpg 660w, https:\/\/www.inseec.com\/wp-content\/uploads\/sites\/32\/2025\/11\/campus-bordeaux-inseec-terrasse-bord-garonne.jpg?resize=300,164 300w, https:\/\/www.inseec.com\/wp-content\/uploads\/sites\/32\/2025\/11\/campus-bordeaux-inseec-terrasse-bord-garonne.jpg?resize=73,40 73w, https:\/\/www.inseec.com\/wp-content\/uploads\/sites\/32\/2025\/11\/campus-bordeaux-inseec-terrasse-bord-garonne.jpg?resize=146,80 146w, https:\/\/www.inseec.com\/wp-content\/uploads\/sites\/32\/2025\/11\/campus-bordeaux-inseec-terrasse-bord-garonne.jpg?resize=293,160 293w, https:\/\/www.inseec.com\/wp-content\/uploads\/sites\/32\/2025\/11\/campus-bordeaux-inseec-terrasse-bord-garonne.jpg?resize=91,50 91w, https:\/\/www.inseec.com\/wp-content\/uploads\/sites\/32\/2025\/11\/campus-bordeaux-inseec-terrasse-bord-garonne.jpg?resize=183,100 183w, https:\/\/www.inseec.com\/wp-content\/uploads\/sites\/32\/2025\/11\/campus-bordeaux-inseec-terrasse-bord-garonne.jpg?resize=24,13 24w, https:\/\/www.inseec.com\/wp-content\/uploads\/sites\/32\/2025\/11\/campus-bordeaux-inseec-terrasse-bord-garonne.jpg?resize=48,26 48w, https:\/\/www.inseec.com\/wp-content\/uploads\/sites\/32\/2025\/11\/campus-bordeaux-inseec-terrasse-bord-garonne.jpg?resize=40,22 40w, https:\/\/www.inseec.com\/wp-content\/uploads\/sites\/32\/2025\/11\/campus-bordeaux-inseec-terrasse-bord-garonne.jpg?resize=80,44 80w\" sizes=\"auto, (max-width: 660px) 100vw, 660px\" \/><\/figure>\t\t<\/figure>\n\t\t\t<div class=\"block__content\">\n\t\t<h2 class=\"block__eyebrow is-style-heading-default-eyebrow has-on-surface-subtle-color\">Campus de Bordeaux<\/h2><p class=\"block__title is-style-plain-emphasis-xl\">\u00c9tudiez au bord de la Garonne<\/p><p class=\"block__excerpt\">Rejoignez un campus moderne et chaleureux en bord de Garonne, au c\u0153ur d\u2019une ville vivante et conviviale.<\/p>\t\t<div class=\"block__buttons wp-block-buttons\">\n\t\t\t<div class=\"wp-block-button is-style-outline-md\"><a title=\"D\u00e9couvrir le campus de Bordeaux\" href=\"https:\/\/www.inseec.com\/campus\/ecole-de-commerce-bordeaux\/\" class=\"wp-block-button__link\">D\u00e9couvrir<\/a><\/div><div class=\"wp-block-button is-style-default\"><a title=\"Portes Ouvertes du campus de Bordeaux\" href=\"https:\/\/www.inseec.com\/evenement\/?_type_devenement_unique=journee-portes-ouvertes&#038;_event_campus=835\" class=\"wp-block-button__link\">Portes Ouvertes<\/a><\/div>\t\t<\/div>\n\t<\/div>\n<\/article>\n<\/div><\/div>\n\n\n\n<div role=\"tabpanel\" tabindex=\"0\" class=\"wp-block-blockparty-tabs-panel-item\" id=\"block-panel-2-3\" aria-labelledby=\"block-tab-2-3\"><div class=\"wp-block-blockparty-tabs-panel-item__inner\"><article class=\"campus block block--campus block--campus-vertical align wp-block-omnes-ds-campus\">\n\t\t\t<figure class=\"block__gallery\">\n\t\t\t<figure><img loading=\"lazy\" decoding=\"async\" width=\"660\" height=\"882\" src=\"https:\/\/www.inseec.com\/wp-content\/uploads\/sites\/32\/2025\/11\/campus-rennes-inseec-photo-portrait.jpg?w=660\" class=\"\" alt=\"Photo de l\u2019int\u00e9rieur r\u00e9nov\u00e9 du campus de Rennes de l\u2019\u00e9cole de commerce INSEEC\" data-location=\"\" srcset=\"https:\/\/www.inseec.com\/wp-content\/uploads\/sites\/32\/2025\/11\/campus-rennes-inseec-photo-portrait.jpg 660w, https:\/\/www.inseec.com\/wp-content\/uploads\/sites\/32\/2025\/11\/campus-rennes-inseec-photo-portrait.jpg?resize=224,300 224w, https:\/\/www.inseec.com\/wp-content\/uploads\/sites\/32\/2025\/11\/campus-rennes-inseec-photo-portrait.jpg?resize=180,240 180w, https:\/\/www.inseec.com\/wp-content\/uploads\/sites\/32\/2025\/11\/campus-rennes-inseec-photo-portrait.jpg?resize=360,480 360w, https:\/\/www.inseec.com\/wp-content\/uploads\/sites\/32\/2025\/11\/campus-rennes-inseec-photo-portrait.jpg?resize=218,291 218w, https:\/\/www.inseec.com\/wp-content\/uploads\/sites\/32\/2025\/11\/campus-rennes-inseec-photo-portrait.jpg?resize=436,582 436w, https:\/\/www.inseec.com\/wp-content\/uploads\/sites\/32\/2025\/11\/campus-rennes-inseec-photo-portrait.jpg?resize=225,300 225w, https:\/\/www.inseec.com\/wp-content\/uploads\/sites\/32\/2025\/11\/campus-rennes-inseec-photo-portrait.jpg?resize=450,600 450w, https:\/\/www.inseec.com\/wp-content\/uploads\/sites\/32\/2025\/11\/campus-rennes-inseec-photo-portrait.jpg?resize=240,320 240w, https:\/\/www.inseec.com\/wp-content\/uploads\/sites\/32\/2025\/11\/campus-rennes-inseec-photo-portrait.jpg?resize=480,640 480w, https:\/\/www.inseec.com\/wp-content\/uploads\/sites\/32\/2025\/11\/campus-rennes-inseec-photo-portrait.jpg?resize=330,440 330w, https:\/\/www.inseec.com\/wp-content\/uploads\/sites\/32\/2025\/11\/campus-rennes-inseec-photo-portrait.jpg?resize=30,40 30w, https:\/\/www.inseec.com\/wp-content\/uploads\/sites\/32\/2025\/11\/campus-rennes-inseec-photo-portrait.jpg?resize=60,80 60w, https:\/\/www.inseec.com\/wp-content\/uploads\/sites\/32\/2025\/11\/campus-rennes-inseec-photo-portrait.jpg?resize=120,160 120w, https:\/\/www.inseec.com\/wp-content\/uploads\/sites\/32\/2025\/11\/campus-rennes-inseec-photo-portrait.jpg?resize=37,50 37w, https:\/\/www.inseec.com\/wp-content\/uploads\/sites\/32\/2025\/11\/campus-rennes-inseec-photo-portrait.jpg?resize=75,100 75w, https:\/\/www.inseec.com\/wp-content\/uploads\/sites\/32\/2025\/11\/campus-rennes-inseec-photo-portrait.jpg?resize=18,24 18w, https:\/\/www.inseec.com\/wp-content\/uploads\/sites\/32\/2025\/11\/campus-rennes-inseec-photo-portrait.jpg?resize=36,48 36w\" sizes=\"auto, (max-width: 660px) 100vw, 660px\" \/><\/figure><figure><img loading=\"lazy\" decoding=\"async\" width=\"660\" height=\"468\" src=\"https:\/\/www.inseec.com\/wp-content\/uploads\/sites\/32\/2025\/11\/campus-rennes-inseec-mosaic-alcove-repos.jpg?w=660\" class=\"\" alt=\"Groupe d\u2019\u00e9tudiants commerce INSEEC discutant et rigolant dans une alc\u00f4ve de repos du campus de Rennes\" data-location=\"\" srcset=\"https:\/\/www.inseec.com\/wp-content\/uploads\/sites\/32\/2025\/11\/campus-rennes-inseec-mosaic-alcove-repos.jpg 660w, https:\/\/www.inseec.com\/wp-content\/uploads\/sites\/32\/2025\/11\/campus-rennes-inseec-mosaic-alcove-repos.jpg?resize=300,213 300w, https:\/\/www.inseec.com\/wp-content\/uploads\/sites\/32\/2025\/11\/campus-rennes-inseec-mosaic-alcove-repos.jpg?resize=56,40 56w, https:\/\/www.inseec.com\/wp-content\/uploads\/sites\/32\/2025\/11\/campus-rennes-inseec-mosaic-alcove-repos.jpg?resize=113,80 113w, https:\/\/www.inseec.com\/wp-content\/uploads\/sites\/32\/2025\/11\/campus-rennes-inseec-mosaic-alcove-repos.jpg?resize=226,160 226w, https:\/\/www.inseec.com\/wp-content\/uploads\/sites\/32\/2025\/11\/campus-rennes-inseec-mosaic-alcove-repos.jpg?resize=71,50 71w, https:\/\/www.inseec.com\/wp-content\/uploads\/sites\/32\/2025\/11\/campus-rennes-inseec-mosaic-alcove-repos.jpg?resize=141,100 141w, https:\/\/www.inseec.com\/wp-content\/uploads\/sites\/32\/2025\/11\/campus-rennes-inseec-mosaic-alcove-repos.jpg?resize=24,17 24w, https:\/\/www.inseec.com\/wp-content\/uploads\/sites\/32\/2025\/11\/campus-rennes-inseec-mosaic-alcove-repos.jpg?resize=48,34 48w, https:\/\/www.inseec.com\/wp-content\/uploads\/sites\/32\/2025\/11\/campus-rennes-inseec-mosaic-alcove-repos.jpg?resize=40,28 40w, https:\/\/www.inseec.com\/wp-content\/uploads\/sites\/32\/2025\/11\/campus-rennes-inseec-mosaic-alcove-repos.jpg?resize=80,57 80w, https:\/\/www.inseec.com\/wp-content\/uploads\/sites\/32\/2025\/11\/campus-rennes-inseec-mosaic-alcove-repos.jpg?resize=330,234 330w\" sizes=\"auto, (max-width: 660px) 100vw, 660px\" \/><\/figure><figure><img loading=\"lazy\" decoding=\"async\" width=\"660\" height=\"361\" src=\"https:\/\/www.inseec.com\/wp-content\/uploads\/sites\/32\/2025\/11\/campus-rennes-inseec-amphitheatre-etudiantes.jpg?w=660\" class=\"\" alt=\"Photo d\u2019\u00e9tudiantes dans l\u2019amphith\u00e9\u00e2tre du campus r\u00e9nov\u00e9 de Rennes de l\u2019\u00e9cole de commerce INSEEC\" data-location=\"\" srcset=\"https:\/\/www.inseec.com\/wp-content\/uploads\/sites\/32\/2025\/11\/campus-rennes-inseec-amphitheatre-etudiantes.jpg 660w, https:\/\/www.inseec.com\/wp-content\/uploads\/sites\/32\/2025\/11\/campus-rennes-inseec-amphitheatre-etudiantes.jpg?resize=300,164 300w, https:\/\/www.inseec.com\/wp-content\/uploads\/sites\/32\/2025\/11\/campus-rennes-inseec-amphitheatre-etudiantes.jpg?resize=73,40 73w, https:\/\/www.inseec.com\/wp-content\/uploads\/sites\/32\/2025\/11\/campus-rennes-inseec-amphitheatre-etudiantes.jpg?resize=146,80 146w, https:\/\/www.inseec.com\/wp-content\/uploads\/sites\/32\/2025\/11\/campus-rennes-inseec-amphitheatre-etudiantes.jpg?resize=293,160 293w, https:\/\/www.inseec.com\/wp-content\/uploads\/sites\/32\/2025\/11\/campus-rennes-inseec-amphitheatre-etudiantes.jpg?resize=91,50 91w, https:\/\/www.inseec.com\/wp-content\/uploads\/sites\/32\/2025\/11\/campus-rennes-inseec-amphitheatre-etudiantes.jpg?resize=183,100 183w, https:\/\/www.inseec.com\/wp-content\/uploads\/sites\/32\/2025\/11\/campus-rennes-inseec-amphitheatre-etudiantes.jpg?resize=24,13 24w, https:\/\/www.inseec.com\/wp-content\/uploads\/sites\/32\/2025\/11\/campus-rennes-inseec-amphitheatre-etudiantes.jpg?resize=48,26 48w, https:\/\/www.inseec.com\/wp-content\/uploads\/sites\/32\/2025\/11\/campus-rennes-inseec-amphitheatre-etudiantes.jpg?resize=40,22 40w, https:\/\/www.inseec.com\/wp-content\/uploads\/sites\/32\/2025\/11\/campus-rennes-inseec-amphitheatre-etudiantes.jpg?resize=80,44 80w\" sizes=\"auto, (max-width: 660px) 100vw, 660px\" \/><\/figure>\t\t<\/figure>\n\t\t\t<div class=\"block__content\">\n\t\t<h2 class=\"block__eyebrow is-style-heading-default-eyebrow has-on-surface-subtle-color\">Campus de Rennes<\/h2><p class=\"block__title is-style-plain-emphasis-xl\">D\u00e9couvrez un campus moderne en Bretagne<\/p><p class=\"block__excerpt\">Int\u00e9grez un campus r\u00e9nov\u00e9 r\u00e9cemment, dans une ville accueillante et \u00e9tudiante, o\u00f9 l\u2019\u00e9nergie bretonne se vit au quotidien.<\/p>\t\t<div class=\"block__buttons wp-block-buttons\">\n\t\t\t<div class=\"wp-block-button is-style-outline-md\"><a title=\"D\u00e9couvrir le campus de Rennes\" href=\"https:\/\/www.inseec.com\/campus\/ecole-de-commerce-rennes\/\" class=\"wp-block-button__link\">D\u00e9couvrir<\/a><\/div><div class=\"wp-block-button is-style-default\"><a title=\"Portes Ouvertes du campus de Rennes\" href=\"https:\/\/www.inseec.com\/evenement\/?_type_devenement_unique=journee-portes-ouvertes&#038;_event_campus=841\" class=\"wp-block-button__link\">Portes Ouvertes<\/a><\/div>\t\t<\/div>\n\t<\/div>\n<\/article>\n<\/div><\/div>\n\n\n\n<div role=\"tabpanel\" tabindex=\"0\" class=\"wp-block-blockparty-tabs-panel-item\" id=\"block-panel-2-4\" aria-labelledby=\"block-tab-2-4\"><div class=\"wp-block-blockparty-tabs-panel-item__inner\"><article class=\"campus block block--campus block--campus-vertical align wp-block-omnes-ds-campus\">\n\t\t\t<figure class=\"block__gallery\">\n\t\t\t<figure><img loading=\"lazy\" decoding=\"async\" width=\"660\" height=\"882\" src=\"https:\/\/www.inseec.com\/wp-content\/uploads\/sites\/32\/2025\/11\/campus-toulouse-inseec-photo-portrait.jpg?w=660\" class=\"\" alt=\"Photo du campus de Marseille de l\u2019\u00e9cole de commerce INSEEC\" data-location=\"\" srcset=\"https:\/\/www.inseec.com\/wp-content\/uploads\/sites\/32\/2025\/11\/campus-toulouse-inseec-photo-portrait.jpg 660w, https:\/\/www.inseec.com\/wp-content\/uploads\/sites\/32\/2025\/11\/campus-toulouse-inseec-photo-portrait.jpg?resize=224,300 224w, https:\/\/www.inseec.com\/wp-content\/uploads\/sites\/32\/2025\/11\/campus-toulouse-inseec-photo-portrait.jpg?resize=180,240 180w, https:\/\/www.inseec.com\/wp-content\/uploads\/sites\/32\/2025\/11\/campus-toulouse-inseec-photo-portrait.jpg?resize=360,480 360w, https:\/\/www.inseec.com\/wp-content\/uploads\/sites\/32\/2025\/11\/campus-toulouse-inseec-photo-portrait.jpg?resize=218,291 218w, https:\/\/www.inseec.com\/wp-content\/uploads\/sites\/32\/2025\/11\/campus-toulouse-inseec-photo-portrait.jpg?resize=436,582 436w, https:\/\/www.inseec.com\/wp-content\/uploads\/sites\/32\/2025\/11\/campus-toulouse-inseec-photo-portrait.jpg?resize=225,300 225w, https:\/\/www.inseec.com\/wp-content\/uploads\/sites\/32\/2025\/11\/campus-toulouse-inseec-photo-portrait.jpg?resize=450,600 450w, https:\/\/www.inseec.com\/wp-content\/uploads\/sites\/32\/2025\/11\/campus-toulouse-inseec-photo-portrait.jpg?resize=240,320 240w, https:\/\/www.inseec.com\/wp-content\/uploads\/sites\/32\/2025\/11\/campus-toulouse-inseec-photo-portrait.jpg?resize=480,640 480w, https:\/\/www.inseec.com\/wp-content\/uploads\/sites\/32\/2025\/11\/campus-toulouse-inseec-photo-portrait.jpg?resize=330,440 330w, https:\/\/www.inseec.com\/wp-content\/uploads\/sites\/32\/2025\/11\/campus-toulouse-inseec-photo-portrait.jpg?resize=30,40 30w, https:\/\/www.inseec.com\/wp-content\/uploads\/sites\/32\/2025\/11\/campus-toulouse-inseec-photo-portrait.jpg?resize=60,80 60w, https:\/\/www.inseec.com\/wp-content\/uploads\/sites\/32\/2025\/11\/campus-toulouse-inseec-photo-portrait.jpg?resize=120,160 120w, https:\/\/www.inseec.com\/wp-content\/uploads\/sites\/32\/2025\/11\/campus-toulouse-inseec-photo-portrait.jpg?resize=37,50 37w, https:\/\/www.inseec.com\/wp-content\/uploads\/sites\/32\/2025\/11\/campus-toulouse-inseec-photo-portrait.jpg?resize=75,100 75w, https:\/\/www.inseec.com\/wp-content\/uploads\/sites\/32\/2025\/11\/campus-toulouse-inseec-photo-portrait.jpg?resize=18,24 18w, https:\/\/www.inseec.com\/wp-content\/uploads\/sites\/32\/2025\/11\/campus-toulouse-inseec-photo-portrait.jpg?resize=36,48 36w\" sizes=\"auto, (max-width: 660px) 100vw, 660px\" \/><\/figure><figure><img loading=\"lazy\" decoding=\"async\" width=\"1058\" height=\"798\" src=\"https:\/\/www.inseec.com\/wp-content\/uploads\/sites\/32\/2025\/11\/campus-slider-vr-campus-toulouse-inseec-projet-de-groupe.jpg?w=1058\" class=\"\" alt=\"\u00c9tudiants en projet de groupe dans une salle du campus de Toulouse de l\u2019\u00e9cole de commerce INSEEC\" data-location=\"\" srcset=\"https:\/\/www.inseec.com\/wp-content\/uploads\/sites\/32\/2025\/11\/campus-slider-vr-campus-toulouse-inseec-projet-de-groupe.jpg 1058w, https:\/\/www.inseec.com\/wp-content\/uploads\/sites\/32\/2025\/11\/campus-slider-vr-campus-toulouse-inseec-projet-de-groupe.jpg?resize=300,226 300w, https:\/\/www.inseec.com\/wp-content\/uploads\/sites\/32\/2025\/11\/campus-slider-vr-campus-toulouse-inseec-projet-de-groupe.jpg?resize=768,579 768w, https:\/\/www.inseec.com\/wp-content\/uploads\/sites\/32\/2025\/11\/campus-slider-vr-campus-toulouse-inseec-projet-de-groupe.jpg?resize=220,165 220w, https:\/\/www.inseec.com\/wp-content\/uploads\/sites\/32\/2025\/11\/campus-slider-vr-campus-toulouse-inseec-projet-de-groupe.jpg?resize=240,180 240w, https:\/\/www.inseec.com\/wp-content\/uploads\/sites\/32\/2025\/11\/campus-slider-vr-campus-toulouse-inseec-projet-de-groupe.jpg?resize=282,212 282w, https:\/\/www.inseec.com\/wp-content\/uploads\/sites\/32\/2025\/11\/campus-slider-vr-campus-toulouse-inseec-projet-de-groupe.jpg?resize=564,424 564w, https:\/\/www.inseec.com\/wp-content\/uploads\/sites\/32\/2025\/11\/campus-slider-vr-campus-toulouse-inseec-projet-de-groupe.jpg?resize=330,248 330w, https:\/\/www.inseec.com\/wp-content\/uploads\/sites\/32\/2025\/11\/campus-slider-vr-campus-toulouse-inseec-projet-de-groupe.jpg?resize=529,399 529w, https:\/\/www.inseec.com\/wp-content\/uploads\/sites\/32\/2025\/11\/campus-slider-vr-campus-toulouse-inseec-projet-de-groupe.jpg?resize=53,40 53w, https:\/\/www.inseec.com\/wp-content\/uploads\/sites\/32\/2025\/11\/campus-slider-vr-campus-toulouse-inseec-projet-de-groupe.jpg?resize=106,80 106w, https:\/\/www.inseec.com\/wp-content\/uploads\/sites\/32\/2025\/11\/campus-slider-vr-campus-toulouse-inseec-projet-de-groupe.jpg?resize=212,160 212w, https:\/\/www.inseec.com\/wp-content\/uploads\/sites\/32\/2025\/11\/campus-slider-vr-campus-toulouse-inseec-projet-de-groupe.jpg?resize=66,50 66w, https:\/\/www.inseec.com\/wp-content\/uploads\/sites\/32\/2025\/11\/campus-slider-vr-campus-toulouse-inseec-projet-de-groupe.jpg?resize=133,100 133w, https:\/\/www.inseec.com\/wp-content\/uploads\/sites\/32\/2025\/11\/campus-slider-vr-campus-toulouse-inseec-projet-de-groupe.jpg?resize=24,18 24w, https:\/\/www.inseec.com\/wp-content\/uploads\/sites\/32\/2025\/11\/campus-slider-vr-campus-toulouse-inseec-projet-de-groupe.jpg?resize=48,36 48w, https:\/\/www.inseec.com\/wp-content\/uploads\/sites\/32\/2025\/11\/campus-slider-vr-campus-toulouse-inseec-projet-de-groupe.jpg?resize=40,30 40w, https:\/\/www.inseec.com\/wp-content\/uploads\/sites\/32\/2025\/11\/campus-slider-vr-campus-toulouse-inseec-projet-de-groupe.jpg?resize=80,60 80w\" sizes=\"auto, (max-width: 1058px) 100vw, 1058px\" \/><\/figure><figure><img loading=\"lazy\" decoding=\"async\" width=\"1058\" height=\"798\" src=\"https:\/\/www.inseec.com\/wp-content\/uploads\/sites\/32\/2025\/11\/campus-slider-vr-campus-toulouse-inseec-etudiants-amphitheatre.jpg?w=1058\" class=\"\" alt=\"\u00c9tudiants dans un amphith\u00e9\u00e2tre du campus de Toulouse de l\u2019\u00e9cole de commerce INSEEC\" data-location=\"\" srcset=\"https:\/\/www.inseec.com\/wp-content\/uploads\/sites\/32\/2025\/11\/campus-slider-vr-campus-toulouse-inseec-etudiants-amphitheatre.jpg 1058w, https:\/\/www.inseec.com\/wp-content\/uploads\/sites\/32\/2025\/11\/campus-slider-vr-campus-toulouse-inseec-etudiants-amphitheatre.jpg?resize=300,226 300w, https:\/\/www.inseec.com\/wp-content\/uploads\/sites\/32\/2025\/11\/campus-slider-vr-campus-toulouse-inseec-etudiants-amphitheatre.jpg?resize=768,579 768w, https:\/\/www.inseec.com\/wp-content\/uploads\/sites\/32\/2025\/11\/campus-slider-vr-campus-toulouse-inseec-etudiants-amphitheatre.jpg?resize=220,165 220w, https:\/\/www.inseec.com\/wp-content\/uploads\/sites\/32\/2025\/11\/campus-slider-vr-campus-toulouse-inseec-etudiants-amphitheatre.jpg?resize=240,180 240w, https:\/\/www.inseec.com\/wp-content\/uploads\/sites\/32\/2025\/11\/campus-slider-vr-campus-toulouse-inseec-etudiants-amphitheatre.jpg?resize=282,212 282w, https:\/\/www.inseec.com\/wp-content\/uploads\/sites\/32\/2025\/11\/campus-slider-vr-campus-toulouse-inseec-etudiants-amphitheatre.jpg?resize=564,424 564w, https:\/\/www.inseec.com\/wp-content\/uploads\/sites\/32\/2025\/11\/campus-slider-vr-campus-toulouse-inseec-etudiants-amphitheatre.jpg?resize=330,248 330w, https:\/\/www.inseec.com\/wp-content\/uploads\/sites\/32\/2025\/11\/campus-slider-vr-campus-toulouse-inseec-etudiants-amphitheatre.jpg?resize=529,399 529w, https:\/\/www.inseec.com\/wp-content\/uploads\/sites\/32\/2025\/11\/campus-slider-vr-campus-toulouse-inseec-etudiants-amphitheatre.jpg?resize=53,40 53w, https:\/\/www.inseec.com\/wp-content\/uploads\/sites\/32\/2025\/11\/campus-slider-vr-campus-toulouse-inseec-etudiants-amphitheatre.jpg?resize=106,80 106w, https:\/\/www.inseec.com\/wp-content\/uploads\/sites\/32\/2025\/11\/campus-slider-vr-campus-toulouse-inseec-etudiants-amphitheatre.jpg?resize=212,160 212w, https:\/\/www.inseec.com\/wp-content\/uploads\/sites\/32\/2025\/11\/campus-slider-vr-campus-toulouse-inseec-etudiants-amphitheatre.jpg?resize=66,50 66w, https:\/\/www.inseec.com\/wp-content\/uploads\/sites\/32\/2025\/11\/campus-slider-vr-campus-toulouse-inseec-etudiants-amphitheatre.jpg?resize=133,100 133w, https:\/\/www.inseec.com\/wp-content\/uploads\/sites\/32\/2025\/11\/campus-slider-vr-campus-toulouse-inseec-etudiants-amphitheatre.jpg?resize=24,18 24w, https:\/\/www.inseec.com\/wp-content\/uploads\/sites\/32\/2025\/11\/campus-slider-vr-campus-toulouse-inseec-etudiants-amphitheatre.jpg?resize=48,36 48w, https:\/\/www.inseec.com\/wp-content\/uploads\/sites\/32\/2025\/11\/campus-slider-vr-campus-toulouse-inseec-etudiants-amphitheatre.jpg?resize=40,30 40w, https:\/\/www.inseec.com\/wp-content\/uploads\/sites\/32\/2025\/11\/campus-slider-vr-campus-toulouse-inseec-etudiants-amphitheatre.jpg?resize=80,60 80w\" sizes=\"auto, (max-width: 1058px) 100vw, 1058px\" \/><\/figure>\t\t<\/figure>\n\t\t\t<div class=\"block__content\">\n\t\t<h2 class=\"block__eyebrow is-style-heading-default-eyebrow has-on-surface-subtle-color\">Campus de Toulouse<\/h2><p class=\"block__title is-style-plain-emphasis-xl\">Apprenez dans la Ville Rose<\/p><p class=\"block__excerpt\">\u00c9tudiez dans un campus moderne et lumineux, proche du centre et du dynamisme \u00e9conomique toulousain.<\/p>\t\t<div class=\"block__buttons wp-block-buttons\">\n\t\t\t<div class=\"wp-block-button is-style-outline-md\"><a title=\"D\u00e9couvrir le campus de Toulouse\" href=\"https:\/\/www.inseec.com\/campus\/ecole-de-commerce-toulouse\/\" class=\"wp-block-button__link\">D\u00e9couvrir<\/a><\/div><div class=\"wp-block-button is-style-default\"><a title=\"Portes Ouvertes du campus de Toulouse\" href=\"https:\/\/www.inseec.com\/evenement\/\" class=\"wp-block-button__link\">Portes Ouvertes<\/a><\/div>\t\t<\/div>\n\t<\/div>\n<\/article>\n<\/div><\/div>\n\n\n\n<div role=\"tabpanel\" tabindex=\"0\" class=\"wp-block-blockparty-tabs-panel-item\" id=\"block-panel-2-5\" aria-labelledby=\"block-tab-2-5\"><div class=\"wp-block-blockparty-tabs-panel-item__inner\"><article class=\"campus block block--campus block--campus-vertical align wp-block-omnes-ds-campus\">\n\t\t\t<figure class=\"block__gallery\">\n\t\t\t<figure><img loading=\"lazy\" decoding=\"async\" width=\"660\" height=\"882\" src=\"https:\/\/www.inseec.com\/wp-content\/uploads\/sites\/32\/2025\/11\/campus-chambery-inseec-ville-horloge.jpg?w=660\" class=\"\" alt=\"Photo de l\u2019horloge dans le centre-ville de Chamb\u00e9ry\" data-location=\"\" srcset=\"https:\/\/www.inseec.com\/wp-content\/uploads\/sites\/32\/2025\/11\/campus-chambery-inseec-ville-horloge.jpg 660w, https:\/\/www.inseec.com\/wp-content\/uploads\/sites\/32\/2025\/11\/campus-chambery-inseec-ville-horloge.jpg?resize=224,300 224w, https:\/\/www.inseec.com\/wp-content\/uploads\/sites\/32\/2025\/11\/campus-chambery-inseec-ville-horloge.jpg?resize=180,240 180w, https:\/\/www.inseec.com\/wp-content\/uploads\/sites\/32\/2025\/11\/campus-chambery-inseec-ville-horloge.jpg?resize=360,480 360w, https:\/\/www.inseec.com\/wp-content\/uploads\/sites\/32\/2025\/11\/campus-chambery-inseec-ville-horloge.jpg?resize=218,291 218w, https:\/\/www.inseec.com\/wp-content\/uploads\/sites\/32\/2025\/11\/campus-chambery-inseec-ville-horloge.jpg?resize=436,582 436w, https:\/\/www.inseec.com\/wp-content\/uploads\/sites\/32\/2025\/11\/campus-chambery-inseec-ville-horloge.jpg?resize=225,300 225w, https:\/\/www.inseec.com\/wp-content\/uploads\/sites\/32\/2025\/11\/campus-chambery-inseec-ville-horloge.jpg?resize=450,600 450w, https:\/\/www.inseec.com\/wp-content\/uploads\/sites\/32\/2025\/11\/campus-chambery-inseec-ville-horloge.jpg?resize=240,320 240w, https:\/\/www.inseec.com\/wp-content\/uploads\/sites\/32\/2025\/11\/campus-chambery-inseec-ville-horloge.jpg?resize=480,640 480w, https:\/\/www.inseec.com\/wp-content\/uploads\/sites\/32\/2025\/11\/campus-chambery-inseec-ville-horloge.jpg?resize=330,440 330w, https:\/\/www.inseec.com\/wp-content\/uploads\/sites\/32\/2025\/11\/campus-chambery-inseec-ville-horloge.jpg?resize=30,40 30w, https:\/\/www.inseec.com\/wp-content\/uploads\/sites\/32\/2025\/11\/campus-chambery-inseec-ville-horloge.jpg?resize=60,80 60w, https:\/\/www.inseec.com\/wp-content\/uploads\/sites\/32\/2025\/11\/campus-chambery-inseec-ville-horloge.jpg?resize=120,160 120w, https:\/\/www.inseec.com\/wp-content\/uploads\/sites\/32\/2025\/11\/campus-chambery-inseec-ville-horloge.jpg?resize=37,50 37w, https:\/\/www.inseec.com\/wp-content\/uploads\/sites\/32\/2025\/11\/campus-chambery-inseec-ville-horloge.jpg?resize=75,100 75w, https:\/\/www.inseec.com\/wp-content\/uploads\/sites\/32\/2025\/11\/campus-chambery-inseec-ville-horloge.jpg?resize=18,24 18w, https:\/\/www.inseec.com\/wp-content\/uploads\/sites\/32\/2025\/11\/campus-chambery-inseec-ville-horloge.jpg?resize=36,48 36w\" sizes=\"auto, (max-width: 660px) 100vw, 660px\" \/><\/figure><figure><img loading=\"lazy\" decoding=\"async\" width=\"1058\" height=\"798\" src=\"https:\/\/www.inseec.com\/wp-content\/uploads\/sites\/32\/2025\/11\/campus-slider-vr-campus-chambery-inseec-exterieur.jpg?w=1058\" class=\"\" alt=\"Photo de l\u2019entr\u00e9e du campus de Chamb\u00e9ry de l\u2019\u00e9cole de commerce INSEEC pr\u00e8s du Lac du Bourget\" data-location=\"\" srcset=\"https:\/\/www.inseec.com\/wp-content\/uploads\/sites\/32\/2025\/11\/campus-slider-vr-campus-chambery-inseec-exterieur.jpg 1058w, https:\/\/www.inseec.com\/wp-content\/uploads\/sites\/32\/2025\/11\/campus-slider-vr-campus-chambery-inseec-exterieur.jpg?resize=300,226 300w, https:\/\/www.inseec.com\/wp-content\/uploads\/sites\/32\/2025\/11\/campus-slider-vr-campus-chambery-inseec-exterieur.jpg?resize=768,579 768w, https:\/\/www.inseec.com\/wp-content\/uploads\/sites\/32\/2025\/11\/campus-slider-vr-campus-chambery-inseec-exterieur.jpg?resize=220,165 220w, https:\/\/www.inseec.com\/wp-content\/uploads\/sites\/32\/2025\/11\/campus-slider-vr-campus-chambery-inseec-exterieur.jpg?resize=240,180 240w, https:\/\/www.inseec.com\/wp-content\/uploads\/sites\/32\/2025\/11\/campus-slider-vr-campus-chambery-inseec-exterieur.jpg?resize=282,212 282w, https:\/\/www.inseec.com\/wp-content\/uploads\/sites\/32\/2025\/11\/campus-slider-vr-campus-chambery-inseec-exterieur.jpg?resize=564,424 564w, https:\/\/www.inseec.com\/wp-content\/uploads\/sites\/32\/2025\/11\/campus-slider-vr-campus-chambery-inseec-exterieur.jpg?resize=330,248 330w, https:\/\/www.inseec.com\/wp-content\/uploads\/sites\/32\/2025\/11\/campus-slider-vr-campus-chambery-inseec-exterieur.jpg?resize=529,399 529w, https:\/\/www.inseec.com\/wp-content\/uploads\/sites\/32\/2025\/11\/campus-slider-vr-campus-chambery-inseec-exterieur.jpg?resize=53,40 53w, https:\/\/www.inseec.com\/wp-content\/uploads\/sites\/32\/2025\/11\/campus-slider-vr-campus-chambery-inseec-exterieur.jpg?resize=106,80 106w, https:\/\/www.inseec.com\/wp-content\/uploads\/sites\/32\/2025\/11\/campus-slider-vr-campus-chambery-inseec-exterieur.jpg?resize=212,160 212w, https:\/\/www.inseec.com\/wp-content\/uploads\/sites\/32\/2025\/11\/campus-slider-vr-campus-chambery-inseec-exterieur.jpg?resize=66,50 66w, https:\/\/www.inseec.com\/wp-content\/uploads\/sites\/32\/2025\/11\/campus-slider-vr-campus-chambery-inseec-exterieur.jpg?resize=133,100 133w, https:\/\/www.inseec.com\/wp-content\/uploads\/sites\/32\/2025\/11\/campus-slider-vr-campus-chambery-inseec-exterieur.jpg?resize=24,18 24w, https:\/\/www.inseec.com\/wp-content\/uploads\/sites\/32\/2025\/11\/campus-slider-vr-campus-chambery-inseec-exterieur.jpg?resize=48,36 48w, https:\/\/www.inseec.com\/wp-content\/uploads\/sites\/32\/2025\/11\/campus-slider-vr-campus-chambery-inseec-exterieur.jpg?resize=40,30 40w, https:\/\/www.inseec.com\/wp-content\/uploads\/sites\/32\/2025\/11\/campus-slider-vr-campus-chambery-inseec-exterieur.jpg?resize=80,60 80w\" sizes=\"auto, (max-width: 1058px) 100vw, 1058px\" \/><\/figure><figure><img loading=\"lazy\" decoding=\"async\" width=\"1058\" height=\"798\" src=\"https:\/\/www.inseec.com\/wp-content\/uploads\/sites\/32\/2025\/11\/campus-slider-vr-campus-chambery-inseec-salle-detente.jpg?w=1058\" class=\"\" alt=\"Salle de d\u00e9tente du campus de Chamb\u00e9ry de l\u2019\u00e9cole de commerce INSEEC\" data-location=\"\" srcset=\"https:\/\/www.inseec.com\/wp-content\/uploads\/sites\/32\/2025\/11\/campus-slider-vr-campus-chambery-inseec-salle-detente.jpg 1058w, https:\/\/www.inseec.com\/wp-content\/uploads\/sites\/32\/2025\/11\/campus-slider-vr-campus-chambery-inseec-salle-detente.jpg?resize=300,226 300w, https:\/\/www.inseec.com\/wp-content\/uploads\/sites\/32\/2025\/11\/campus-slider-vr-campus-chambery-inseec-salle-detente.jpg?resize=768,579 768w, https:\/\/www.inseec.com\/wp-content\/uploads\/sites\/32\/2025\/11\/campus-slider-vr-campus-chambery-inseec-salle-detente.jpg?resize=220,165 220w, https:\/\/www.inseec.com\/wp-content\/uploads\/sites\/32\/2025\/11\/campus-slider-vr-campus-chambery-inseec-salle-detente.jpg?resize=240,180 240w, https:\/\/www.inseec.com\/wp-content\/uploads\/sites\/32\/2025\/11\/campus-slider-vr-campus-chambery-inseec-salle-detente.jpg?resize=282,212 282w, https:\/\/www.inseec.com\/wp-content\/uploads\/sites\/32\/2025\/11\/campus-slider-vr-campus-chambery-inseec-salle-detente.jpg?resize=564,424 564w, https:\/\/www.inseec.com\/wp-content\/uploads\/sites\/32\/2025\/11\/campus-slider-vr-campus-chambery-inseec-salle-detente.jpg?resize=330,248 330w, https:\/\/www.inseec.com\/wp-content\/uploads\/sites\/32\/2025\/11\/campus-slider-vr-campus-chambery-inseec-salle-detente.jpg?resize=529,399 529w, https:\/\/www.inseec.com\/wp-content\/uploads\/sites\/32\/2025\/11\/campus-slider-vr-campus-chambery-inseec-salle-detente.jpg?resize=53,40 53w, https:\/\/www.inseec.com\/wp-content\/uploads\/sites\/32\/2025\/11\/campus-slider-vr-campus-chambery-inseec-salle-detente.jpg?resize=106,80 106w, https:\/\/www.inseec.com\/wp-content\/uploads\/sites\/32\/2025\/11\/campus-slider-vr-campus-chambery-inseec-salle-detente.jpg?resize=212,160 212w, https:\/\/www.inseec.com\/wp-content\/uploads\/sites\/32\/2025\/11\/campus-slider-vr-campus-chambery-inseec-salle-detente.jpg?resize=66,50 66w, https:\/\/www.inseec.com\/wp-content\/uploads\/sites\/32\/2025\/11\/campus-slider-vr-campus-chambery-inseec-salle-detente.jpg?resize=133,100 133w, https:\/\/www.inseec.com\/wp-content\/uploads\/sites\/32\/2025\/11\/campus-slider-vr-campus-chambery-inseec-salle-detente.jpg?resize=24,18 24w, https:\/\/www.inseec.com\/wp-content\/uploads\/sites\/32\/2025\/11\/campus-slider-vr-campus-chambery-inseec-salle-detente.jpg?resize=48,36 48w, https:\/\/www.inseec.com\/wp-content\/uploads\/sites\/32\/2025\/11\/campus-slider-vr-campus-chambery-inseec-salle-detente.jpg?resize=40,30 40w, https:\/\/www.inseec.com\/wp-content\/uploads\/sites\/32\/2025\/11\/campus-slider-vr-campus-chambery-inseec-salle-detente.jpg?resize=80,60 80w\" sizes=\"auto, (max-width: 1058px) 100vw, 1058px\" \/><\/figure>\t\t<\/figure>\n\t\t\t<div class=\"block__content\">\n\t\t<h2 class=\"block__eyebrow is-style-heading-default-eyebrow has-on-surface-subtle-color\">Campus de Chamb\u00e9ry<\/h2><p class=\"block__title is-style-plain-emphasis-xl\">\u00c9tudiez entre lac et montagnes<\/p><p class=\"block__excerpt\">\u00c9tudiez entre lac et montagnes dans un campus unique \u00e0 l\u2019am\u00e9ricaine, propice \u00e0 une exp\u00e9rience \u00e9tudiante \u00e9panouissante.<\/p>\t\t<div class=\"block__buttons wp-block-buttons\">\n\t\t\t<div class=\"wp-block-button is-style-outline-md\"><a title=\"D\u00e9couvrir le campus de Chamb\u00e9ry\" href=\"https:\/\/www.inseec.com\/campus\/ecole-de-commerce-chambery\/\" class=\"wp-block-button__link\">D\u00e9couvrir<\/a><\/div><div class=\"wp-block-button is-style-default\"><a title=\"Portes Ouvertes du campus de Chamb\u00e9ry\" href=\"https:\/\/www.inseec.com\/evenement\/?_type_devenement_unique=journee-portes-ouvertes&#038;_event_campus=839\" class=\"wp-block-button__link\">Portes Ouvertes<\/a><\/div>\t\t<\/div>\n\t<\/div>\n<\/article>\n<\/div><\/div>\n\n\n\n<div role=\"tabpanel\" tabindex=\"0\" class=\"wp-block-blockparty-tabs-panel-item\" id=\"block-panel-2-6\" aria-labelledby=\"block-tab-2-6\"><div class=\"wp-block-blockparty-tabs-panel-item__inner\"><article class=\"campus block block--campus block--campus-vertical align wp-block-omnes-ds-campus\">\n\t\t\t<figure class=\"block__gallery\">\n\t\t\t<figure><img loading=\"lazy\" decoding=\"async\" width=\"660\" height=\"882\" src=\"https:\/\/www.inseec.com\/wp-content\/uploads\/sites\/32\/2025\/11\/campus-marseille-inseec-photo-portrait.jpg?w=660\" class=\"\" alt=\"Photo du campus de Marseille de l\u2019\u00e9cole de commerce INSEEC\" data-location=\"\" srcset=\"https:\/\/www.inseec.com\/wp-content\/uploads\/sites\/32\/2025\/11\/campus-marseille-inseec-photo-portrait.jpg 660w, https:\/\/www.inseec.com\/wp-content\/uploads\/sites\/32\/2025\/11\/campus-marseille-inseec-photo-portrait.jpg?resize=224,300 224w, https:\/\/www.inseec.com\/wp-content\/uploads\/sites\/32\/2025\/11\/campus-marseille-inseec-photo-portrait.jpg?resize=180,240 180w, https:\/\/www.inseec.com\/wp-content\/uploads\/sites\/32\/2025\/11\/campus-marseille-inseec-photo-portrait.jpg?resize=360,480 360w, https:\/\/www.inseec.com\/wp-content\/uploads\/sites\/32\/2025\/11\/campus-marseille-inseec-photo-portrait.jpg?resize=218,291 218w, https:\/\/www.inseec.com\/wp-content\/uploads\/sites\/32\/2025\/11\/campus-marseille-inseec-photo-portrait.jpg?resize=436,582 436w, https:\/\/www.inseec.com\/wp-content\/uploads\/sites\/32\/2025\/11\/campus-marseille-inseec-photo-portrait.jpg?resize=225,300 225w, https:\/\/www.inseec.com\/wp-content\/uploads\/sites\/32\/2025\/11\/campus-marseille-inseec-photo-portrait.jpg?resize=450,600 450w, https:\/\/www.inseec.com\/wp-content\/uploads\/sites\/32\/2025\/11\/campus-marseille-inseec-photo-portrait.jpg?resize=240,320 240w, https:\/\/www.inseec.com\/wp-content\/uploads\/sites\/32\/2025\/11\/campus-marseille-inseec-photo-portrait.jpg?resize=480,640 480w, https:\/\/www.inseec.com\/wp-content\/uploads\/sites\/32\/2025\/11\/campus-marseille-inseec-photo-portrait.jpg?resize=330,440 330w, https:\/\/www.inseec.com\/wp-content\/uploads\/sites\/32\/2025\/11\/campus-marseille-inseec-photo-portrait.jpg?resize=30,40 30w, https:\/\/www.inseec.com\/wp-content\/uploads\/sites\/32\/2025\/11\/campus-marseille-inseec-photo-portrait.jpg?resize=60,80 60w, https:\/\/www.inseec.com\/wp-content\/uploads\/sites\/32\/2025\/11\/campus-marseille-inseec-photo-portrait.jpg?resize=120,160 120w, https:\/\/www.inseec.com\/wp-content\/uploads\/sites\/32\/2025\/11\/campus-marseille-inseec-photo-portrait.jpg?resize=37,50 37w, https:\/\/www.inseec.com\/wp-content\/uploads\/sites\/32\/2025\/11\/campus-marseille-inseec-photo-portrait.jpg?resize=75,100 75w, https:\/\/www.inseec.com\/wp-content\/uploads\/sites\/32\/2025\/11\/campus-marseille-inseec-photo-portrait.jpg?resize=18,24 18w, https:\/\/www.inseec.com\/wp-content\/uploads\/sites\/32\/2025\/11\/campus-marseille-inseec-photo-portrait.jpg?resize=36,48 36w\" sizes=\"auto, (max-width: 660px) 100vw, 660px\" \/><\/figure><figure><img loading=\"lazy\" decoding=\"async\" width=\"1058\" height=\"798\" src=\"https:\/\/www.inseec.com\/wp-content\/uploads\/sites\/32\/2025\/11\/campus-slider-vr-campus-marseille-inseec-canapes-detente.jpg?w=1058\" class=\"\" alt=\"\u00c9tudiantes discutant dans des canap\u00e9s dans un coin d\u00e9tente du campus de Marseille de l\u2019\u00e9cole de commerce INSEEC\" data-location=\"\" srcset=\"https:\/\/www.inseec.com\/wp-content\/uploads\/sites\/32\/2025\/11\/campus-slider-vr-campus-marseille-inseec-canapes-detente.jpg 1058w, https:\/\/www.inseec.com\/wp-content\/uploads\/sites\/32\/2025\/11\/campus-slider-vr-campus-marseille-inseec-canapes-detente.jpg?resize=300,226 300w, https:\/\/www.inseec.com\/wp-content\/uploads\/sites\/32\/2025\/11\/campus-slider-vr-campus-marseille-inseec-canapes-detente.jpg?resize=768,579 768w, https:\/\/www.inseec.com\/wp-content\/uploads\/sites\/32\/2025\/11\/campus-slider-vr-campus-marseille-inseec-canapes-detente.jpg?resize=220,165 220w, https:\/\/www.inseec.com\/wp-content\/uploads\/sites\/32\/2025\/11\/campus-slider-vr-campus-marseille-inseec-canapes-detente.jpg?resize=240,180 240w, https:\/\/www.inseec.com\/wp-content\/uploads\/sites\/32\/2025\/11\/campus-slider-vr-campus-marseille-inseec-canapes-detente.jpg?resize=282,212 282w, https:\/\/www.inseec.com\/wp-content\/uploads\/sites\/32\/2025\/11\/campus-slider-vr-campus-marseille-inseec-canapes-detente.jpg?resize=564,424 564w, https:\/\/www.inseec.com\/wp-content\/uploads\/sites\/32\/2025\/11\/campus-slider-vr-campus-marseille-inseec-canapes-detente.jpg?resize=330,248 330w, https:\/\/www.inseec.com\/wp-content\/uploads\/sites\/32\/2025\/11\/campus-slider-vr-campus-marseille-inseec-canapes-detente.jpg?resize=529,399 529w, https:\/\/www.inseec.com\/wp-content\/uploads\/sites\/32\/2025\/11\/campus-slider-vr-campus-marseille-inseec-canapes-detente.jpg?resize=53,40 53w, https:\/\/www.inseec.com\/wp-content\/uploads\/sites\/32\/2025\/11\/campus-slider-vr-campus-marseille-inseec-canapes-detente.jpg?resize=106,80 106w, https:\/\/www.inseec.com\/wp-content\/uploads\/sites\/32\/2025\/11\/campus-slider-vr-campus-marseille-inseec-canapes-detente.jpg?resize=212,160 212w, https:\/\/www.inseec.com\/wp-content\/uploads\/sites\/32\/2025\/11\/campus-slider-vr-campus-marseille-inseec-canapes-detente.jpg?resize=66,50 66w, https:\/\/www.inseec.com\/wp-content\/uploads\/sites\/32\/2025\/11\/campus-slider-vr-campus-marseille-inseec-canapes-detente.jpg?resize=133,100 133w, https:\/\/www.inseec.com\/wp-content\/uploads\/sites\/32\/2025\/11\/campus-slider-vr-campus-marseille-inseec-canapes-detente.jpg?resize=24,18 24w, https:\/\/www.inseec.com\/wp-content\/uploads\/sites\/32\/2025\/11\/campus-slider-vr-campus-marseille-inseec-canapes-detente.jpg?resize=48,36 48w, https:\/\/www.inseec.com\/wp-content\/uploads\/sites\/32\/2025\/11\/campus-slider-vr-campus-marseille-inseec-canapes-detente.jpg?resize=40,30 40w, https:\/\/www.inseec.com\/wp-content\/uploads\/sites\/32\/2025\/11\/campus-slider-vr-campus-marseille-inseec-canapes-detente.jpg?resize=80,60 80w\" sizes=\"auto, (max-width: 1058px) 100vw, 1058px\" \/><\/figure><figure><img loading=\"lazy\" decoding=\"async\" width=\"1058\" height=\"798\" src=\"https:\/\/www.inseec.com\/wp-content\/uploads\/sites\/32\/2025\/11\/campus-slider-vr-campus-marseille-inseec-salle-commune.jpg?w=1058\" class=\"\" alt=\"\u00c9tudiantes discutant dans un salle commune du campus de Marseille de l\u2019\u00e9cole de commerce INSEEC\" data-location=\"\" srcset=\"https:\/\/www.inseec.com\/wp-content\/uploads\/sites\/32\/2025\/11\/campus-slider-vr-campus-marseille-inseec-salle-commune.jpg 1058w, https:\/\/www.inseec.com\/wp-content\/uploads\/sites\/32\/2025\/11\/campus-slider-vr-campus-marseille-inseec-salle-commune.jpg?resize=300,226 300w, https:\/\/www.inseec.com\/wp-content\/uploads\/sites\/32\/2025\/11\/campus-slider-vr-campus-marseille-inseec-salle-commune.jpg?resize=768,579 768w, https:\/\/www.inseec.com\/wp-content\/uploads\/sites\/32\/2025\/11\/campus-slider-vr-campus-marseille-inseec-salle-commune.jpg?resize=220,165 220w, https:\/\/www.inseec.com\/wp-content\/uploads\/sites\/32\/2025\/11\/campus-slider-vr-campus-marseille-inseec-salle-commune.jpg?resize=240,180 240w, https:\/\/www.inseec.com\/wp-content\/uploads\/sites\/32\/2025\/11\/campus-slider-vr-campus-marseille-inseec-salle-commune.jpg?resize=282,212 282w, https:\/\/www.inseec.com\/wp-content\/uploads\/sites\/32\/2025\/11\/campus-slider-vr-campus-marseille-inseec-salle-commune.jpg?resize=564,424 564w, https:\/\/www.inseec.com\/wp-content\/uploads\/sites\/32\/2025\/11\/campus-slider-vr-campus-marseille-inseec-salle-commune.jpg?resize=330,248 330w, https:\/\/www.inseec.com\/wp-content\/uploads\/sites\/32\/2025\/11\/campus-slider-vr-campus-marseille-inseec-salle-commune.jpg?resize=529,399 529w, https:\/\/www.inseec.com\/wp-content\/uploads\/sites\/32\/2025\/11\/campus-slider-vr-campus-marseille-inseec-salle-commune.jpg?resize=53,40 53w, https:\/\/www.inseec.com\/wp-content\/uploads\/sites\/32\/2025\/11\/campus-slider-vr-campus-marseille-inseec-salle-commune.jpg?resize=106,80 106w, https:\/\/www.inseec.com\/wp-content\/uploads\/sites\/32\/2025\/11\/campus-slider-vr-campus-marseille-inseec-salle-commune.jpg?resize=212,160 212w, https:\/\/www.inseec.com\/wp-content\/uploads\/sites\/32\/2025\/11\/campus-slider-vr-campus-marseille-inseec-salle-commune.jpg?resize=66,50 66w, https:\/\/www.inseec.com\/wp-content\/uploads\/sites\/32\/2025\/11\/campus-slider-vr-campus-marseille-inseec-salle-commune.jpg?resize=133,100 133w, https:\/\/www.inseec.com\/wp-content\/uploads\/sites\/32\/2025\/11\/campus-slider-vr-campus-marseille-inseec-salle-commune.jpg?resize=24,18 24w, https:\/\/www.inseec.com\/wp-content\/uploads\/sites\/32\/2025\/11\/campus-slider-vr-campus-marseille-inseec-salle-commune.jpg?resize=48,36 48w, https:\/\/www.inseec.com\/wp-content\/uploads\/sites\/32\/2025\/11\/campus-slider-vr-campus-marseille-inseec-salle-commune.jpg?resize=40,30 40w, https:\/\/www.inseec.com\/wp-content\/uploads\/sites\/32\/2025\/11\/campus-slider-vr-campus-marseille-inseec-salle-commune.jpg?resize=80,60 80w\" sizes=\"auto, (max-width: 1058px) 100vw, 1058px\" \/><\/figure>\t\t<\/figure>\n\t\t\t<div class=\"block__content\">\n\t\t<h2 class=\"block__eyebrow is-style-heading-default-eyebrow has-on-surface-subtle-color\">Campus de Marseille<\/h2><p class=\"block__title is-style-plain-emphasis-xl\">Profitez d\u2019un campus neuf en M\u00e9diterran\u00e9e<\/p><p class=\"block__excerpt\">D\u00e9couvrez un campus flambant neuf au c\u0153ur de Marseille, ville m\u00e9diterran\u00e9enne \u00e9nergique et pleine de contrastes.<\/p>\t\t<div class=\"block__buttons wp-block-buttons\">\n\t\t\t<div class=\"wp-block-button is-style-outline-md\"><a title=\"D\u00e9couvrir le campus de Marseille\" href=\"https:\/\/www.inseec.com\/campus\/ecole-de-commerce-marseille\/\" class=\"wp-block-button__link\">D\u00e9couvrir<\/a><\/div><div class=\"wp-block-button is-style-default\"><a title=\"Portes Ouvertes du campus de Marseille\" href=\"https:\/\/www.inseec.com\/evenement\/?_event_campus=843&#038;_type_devenement_unique=journee-portes-ouvertes\" class=\"wp-block-button__link\">Portes Ouvertes<\/a><\/div>\t\t<\/div>\n\t<\/div>\n<\/article>\n<\/div><\/div>\n<\/section>\n<\/div>\n<\/div>\n<\/section>\n\n\n\n<div class=\"wp-block-group alignfull wp-pattern wp-pattern-specialisations-slider has-inverse-variant-background-color has-background has-global-padding is-layout-constrained wp-container-core-group-is-layout-02609ccb wp-block-group-is-layout-constrained has-block-anchor\" style=\"border-radius:0px;margin-top:0;margin-bottom:0;padding-top:var(--wp--preset--spacing--6-xl);padding-right:var(--wp--preset--spacing--padding-x-section);padding-bottom:var(--wp--preset--spacing--6-xl);padding-left:var(--wp--preset--spacing--padding-x-section)\">\n<div class=\"wp-block-group alignwide wp-pattern__inner is-layout-flow wp-container-core-group-is-layout-3fccdef8 wp-block-group-is-layout-flow has-block-anchor\">\n<div class=\"wp-block-group wp-pattern__header is-vertical is-layout-flex wp-container-core-group-is-layout-b80b8bd4 wp-block-group-is-layout-flex has-block-anchor\">\n<div class=\"wp-block-group is-vertical is-layout-flex wp-container-core-group-is-layout-bd7877ba wp-block-group-is-layout-flex has-block-anchor\">\n<p class=\"is-style-heading-default-eyebrow has-inverse-on-surface-subtle-color has-text-color has-link-color wp-elements-dd63a51d32106d43b23411e561a18948\">L\u2019offre de formation la plus compl\u00e8te<\/p>\n\n\n\n<h2 class=\"wp-block-heading is-style-heading-emphasis-h2 has-inverse-on-surface-color has-text-color has-link-color wp-elements-563fa7a9d4d45683c0a1fb8b15eea886\" id=\"les-domaines-dexpertise\">Les domaines d\u2019expertise<\/h2>\n<\/div>\n\n\n\n<p class=\"is-style-plain-default-md has-inverse-on-surface-subtle-color has-text-color has-link-color wp-elements-f8c79945573a588e813404360d26905a\">Explorez les sp\u00e9cialisations qui fa\u00e7onnent les experts de demain, entre cr\u00e9ativit\u00e9, strat\u00e9gie et innovation.<\/p>\n<\/div>\n\n\n\n<div class=\"wp-block-group is-layout-flow wp-block-group-is-layout-flow has-block-anchor\"><div class=\"block block--content-picking wp-block-beapi-dynamic-block\" data-type=\"dynamic\" data-layout=\"slider-specialisation\" data-post-type=\"document\">\n\t\t\t<div class=\"block--content-picking__document-specialisation-slider\">\n\t\n\t<div class=\"block--content-picking__content swiper embla swiper-overflow-visible\">\n\t\t<div class=\"embla__viewport\">\n\t\t\t<div class=\"embla__container\" id=\"embla__container-1\">\n\t\t\t\t<div class=\"embla__slide\"><article class=\"crd crd--document-specialisation-secondary\" data-seo-container>\n\t<div class=\"crd__image\"><img decoding=\"async\" width=\"330\" height=\"279\" src=\"https:\/\/www.inseec.com\/wp-content\/uploads\/sites\/32\/2025\/12\/specialisation-vin-inseec-bachelor.jpg?w=330&#038;h=279&#038;crop=1\" class=\"\" alt=\"Image d\u2019illustration de la sp\u00e9cialisation Vin de l\u2019INSEEC Bachelor de l\u2019\u00e9cole de commerce INSEEC\" data-location=\"\" loading=\"lazy\" \/><\/div><h3 class=\"crd__title is-style-plain-emphasis-xl\"><a href=\"https:\/\/www.inseec.com\/bachelor\/bachelor-vin\/\" data-seo-target=\"\" class=\"crd__link has-inverse-on-surface-color\">Bachelor Vin<\/a><\/h3><p class=\"crd__excerpt is-style-plain-default-sm has-inverse-on-surface-color\">Le Bachelor Vin de l\u2019INSEEC forme des experts du secteur, pr\u00eats \u00e0 \u00e9voluer dans les bassins viticoles majeurs, de Bordeaux \u00e0 Beaune, de Paris \u00e0 Lyon.<\/p>\n\t<div class=\"crd__button has-inverse-surface-color\">\n\t\t<svg class=\"icon icon-arrow-up-right\" aria-hidden=\"true\" focusable=\"false\"><use href=\"https:\/\/www.inseec.com\/wp-content\/themes\/omnes-design-system\/dist\/icons\/sprite.svg#icon-arrow-up-right\"><\/use><\/svg>\t<\/div>\n<\/article><\/div><div class=\"embla__slide\"><article class=\"crd crd--document-specialisation-secondary\" data-seo-container>\n\t<div class=\"crd__image\"><img decoding=\"async\" width=\"330\" height=\"279\" src=\"https:\/\/www.inseec.com\/wp-content\/uploads\/sites\/32\/2025\/12\/specialisation-sport-inseec-bachelor.jpg?w=330&#038;h=279&#038;crop=1\" class=\"\" alt=\"Image d\u2019illustration de la sp\u00e9cialisation Sport de l\u2019INSEEC Bachelor de l\u2019\u00e9cole de commerce INSEEC\" data-location=\"\" loading=\"lazy\" \/><\/div><h3 class=\"crd__title is-style-plain-emphasis-xl\"><a href=\"https:\/\/www.inseec.com\/bachelor\/bachelor-sport\/\" data-seo-target=\"\" class=\"crd__link has-inverse-on-surface-color\">Bachelor Sport<\/a><\/h3><p class=\"crd__excerpt is-style-plain-default-sm has-inverse-on-surface-color\">Le Bachelor Sport de l\u2019INSEEC pr\u00e9pare des experts capables de g\u00e9rer projets et \u00e9v\u00e9nements sportifs, de Paris \u00e0 Lyon en passant par Bordeaux.<\/p>\n\t<div class=\"crd__button has-inverse-surface-color\">\n\t\t<svg class=\"icon icon-arrow-up-right\" aria-hidden=\"true\" focusable=\"false\"><use href=\"https:\/\/www.inseec.com\/wp-content\/themes\/omnes-design-system\/dist\/icons\/sprite.svg#icon-arrow-up-right\"><\/use><\/svg>\t<\/div>\n<\/article><\/div><div class=\"embla__slide\"><article class=\"crd crd--document-specialisation-secondary\" data-seo-container>\n\t<div class=\"crd__image\"><img decoding=\"async\" width=\"330\" height=\"279\" src=\"https:\/\/www.inseec.com\/wp-content\/uploads\/sites\/32\/2025\/12\/specialisation-ressources-humaines-inseec-bachelor.jpg?w=330&#038;h=279&#038;crop=1\" class=\"\" alt=\"Image d\u2019illustration de la sp\u00e9cialisation Ressources Humaines de l\u2019INSEEC Bachelor de l\u2019\u00e9cole de commerce INSEEC\" data-location=\"\" loading=\"lazy\" \/><\/div><h3 class=\"crd__title is-style-plain-emphasis-xl\"><a href=\"https:\/\/www.inseec.com\/bachelor\/bachelor-rh\/\" data-seo-target=\"\" class=\"crd__link has-inverse-on-surface-color\">Bachelor Ressources Humaines<\/a><\/h3><p class=\"crd__excerpt is-style-plain-default-sm has-inverse-on-surface-color\">Le Bachelor Ressources Humaines de l\u2019INSEEC forme des experts du d\u00e9veloppement humain, pr\u00eats \u00e0 accompagner talents et organisations \u00e0 Paris, Lyon ou Bordeaux.<\/p>\n\t<div class=\"crd__button has-inverse-surface-color\">\n\t\t<svg class=\"icon icon-arrow-up-right\" aria-hidden=\"true\" focusable=\"false\"><use href=\"https:\/\/www.inseec.com\/wp-content\/themes\/omnes-design-system\/dist\/icons\/sprite.svg#icon-arrow-up-right\"><\/use><\/svg>\t<\/div>\n<\/article><\/div><div class=\"embla__slide\"><article class=\"crd crd--document-specialisation-secondary\" data-seo-container>\n\t<div class=\"crd__image\"><img decoding=\"async\" width=\"330\" height=\"279\" src=\"https:\/\/www.inseec.com\/wp-content\/uploads\/sites\/32\/2025\/12\/specialisation-marketing-inseec-bachelor.jpg?w=330&#038;h=279&#038;crop=1\" class=\"\" alt=\"\" data-location=\"\" loading=\"lazy\" \/><\/div><h3 class=\"crd__title is-style-plain-emphasis-xl\"><a href=\"https:\/\/www.inseec.com\/bachelor\/bachelor-marketing\/\" data-seo-target=\"\" class=\"crd__link has-inverse-on-surface-color\">Bachelor Marketing<\/a><\/h3><p class=\"crd__excerpt is-style-plain-default-sm has-inverse-on-surface-color\">Le Bachelor Marketing de l\u2019INSEEC forme des professionnels agiles, capables de cr\u00e9er et de piloter des strat\u00e9gies, de Paris \u00e0 Bordeaux en passant par Lyon.<\/p>\n\t<div class=\"crd__button has-inverse-surface-color\">\n\t\t<svg class=\"icon icon-arrow-up-right\" aria-hidden=\"true\" focusable=\"false\"><use href=\"https:\/\/www.inseec.com\/wp-content\/themes\/omnes-design-system\/dist\/icons\/sprite.svg#icon-arrow-up-right\"><\/use><\/svg>\t<\/div>\n<\/article><\/div><div class=\"embla__slide\"><article class=\"crd crd--document-specialisation-secondary\" data-seo-container>\n\t<div class=\"crd__image\"><img decoding=\"async\" width=\"330\" height=\"279\" src=\"https:\/\/www.inseec.com\/wp-content\/uploads\/sites\/32\/2025\/12\/specialisation-luxe-inseec-bachelor.jpg?w=330&#038;h=279&#038;crop=1\" class=\"\" alt=\"Image d\u2019illustration de la sp\u00e9cialisation Luxe de l\u2019INSEEC Bachelor de l\u2019\u00e9cole de commerce INSEEC\" data-location=\"\" loading=\"lazy\" \/><\/div><h3 class=\"crd__title is-style-plain-emphasis-xl\"><a href=\"https:\/\/www.inseec.com\/bachelor\/bachelor-luxe\/\" data-seo-target=\"\" class=\"crd__link has-inverse-on-surface-color\">Bachelor Luxe<\/a><\/h3><p class=\"crd__excerpt is-style-plain-default-sm has-inverse-on-surface-color\">Les Bachelors Luxe de l\u2019INSEEC pr\u00e9parent des talents recherch\u00e9s par les maisons de luxe, form\u00e9s sur nos campus de Paris, Lyon, Bordeaux et Marseille.<\/p>\n\t<div class=\"crd__button has-inverse-surface-color\">\n\t\t<svg class=\"icon icon-arrow-up-right\" aria-hidden=\"true\" focusable=\"false\"><use href=\"https:\/\/www.inseec.com\/wp-content\/themes\/omnes-design-system\/dist\/icons\/sprite.svg#icon-arrow-up-right\"><\/use><\/svg>\t<\/div>\n<\/article><\/div><div class=\"embla__slide\"><article class=\"crd crd--document-specialisation-secondary\" data-seo-container>\n\t<div class=\"crd__image\"><img decoding=\"async\" width=\"330\" height=\"279\" src=\"https:\/\/www.inseec.com\/wp-content\/uploads\/sites\/32\/2025\/12\/specialisation-international-inseec-bachelor.jpg?w=330&#038;h=279&#038;crop=1\" class=\"\" alt=\"Image d\u2019illustration de la sp\u00e9cialisation International de l\u2019INSEEC Bachelor de l\u2019\u00e9cole de commerce INSEEC\" data-location=\"\" loading=\"lazy\" \/><\/div><h3 class=\"crd__title is-style-plain-emphasis-xl\"><a href=\"https:\/\/www.inseec.com\/bachelor\/bachelor-international\/\" data-seo-target=\"\" class=\"crd__link has-inverse-on-surface-color\">Bachelor International<\/a><\/h3><p class=\"crd__excerpt is-style-plain-default-sm has-inverse-on-surface-color\">Les Bachelors International de l\u2019INSEEC pr\u00e9parent des professionnels ouverts au monde, capables d\u2019\u00e9voluer dans les grands p\u00f4les \u00e9conomiques fran\u00e7ais, de Paris \u00e0 Marseille en passant par Lyon et Bordeaux.<\/p>\n\t<div class=\"crd__button has-inverse-surface-color\">\n\t\t<svg class=\"icon icon-arrow-up-right\" aria-hidden=\"true\" focusable=\"false\"><use href=\"https:\/\/www.inseec.com\/wp-content\/themes\/omnes-design-system\/dist\/icons\/sprite.svg#icon-arrow-up-right\"><\/use><\/svg>\t<\/div>\n<\/article><\/div><div class=\"embla__slide\"><article class=\"crd crd--document-specialisation-secondary\" data-seo-container>\n\t<div class=\"crd__image\"><img decoding=\"async\" width=\"330\" height=\"279\" src=\"https:\/\/www.inseec.com\/wp-content\/uploads\/sites\/32\/2025\/12\/specialisation-finance-inseec-bachelor.jpg?w=330&#038;h=279&#038;crop=1\" class=\"\" alt=\"\" data-location=\"\" loading=\"lazy\" \/><\/div><h3 class=\"crd__title is-style-plain-emphasis-xl\"><a href=\"https:\/\/www.inseec.com\/bachelor\/bachelor-finance\/\" data-seo-target=\"\" class=\"crd__link has-inverse-on-surface-color\">Bachelor Finance<\/a><\/h3><p class=\"crd__excerpt is-style-plain-default-sm has-inverse-on-surface-color\">Les Bachelors Finance de l\u2019INSEEC forment des professionnels recherch\u00e9s, capables d\u2019\u00e9voluer dans les grands p\u00f4les \u00e9conomiques fran\u00e7ais, de Paris \u00e0 Lyon en passant par Bordeaux.<\/p>\n\t<div class=\"crd__button has-inverse-surface-color\">\n\t\t<svg class=\"icon icon-arrow-up-right\" aria-hidden=\"true\" focusable=\"false\"><use href=\"https:\/\/www.inseec.com\/wp-content\/themes\/omnes-design-system\/dist\/icons\/sprite.svg#icon-arrow-up-right\"><\/use><\/svg>\t<\/div>\n<\/article><\/div><div class=\"embla__slide\"><article class=\"crd crd--document-specialisation-secondary\" data-seo-container>\n\t<div class=\"crd__image\"><img decoding=\"async\" width=\"330\" height=\"186\" src=\"https:\/\/www.inseec.com\/wp-content\/uploads\/sites\/32\/2025\/12\/specialisation-immobilier-inseec-bachelor.jpg?w=330&#038;h=186&#038;crop=1\" class=\"\" alt=\"Image d\u2019illustration de la sp\u00e9cialisation Immobilier de l\u2019INSEEC Bachelor de l\u2019\u00e9cole de commerce INSEEC\" data-location=\"\" loading=\"lazy\" srcset=\"https:\/\/www.inseec.com\/wp-content\/uploads\/sites\/32\/2025\/12\/specialisation-immobilier-inseec-bachelor.jpg 330w, https:\/\/www.inseec.com\/wp-content\/uploads\/sites\/32\/2025\/12\/specialisation-immobilier-inseec-bachelor.jpg?resize=300,169 300w, https:\/\/www.inseec.com\/wp-content\/uploads\/sites\/32\/2025\/12\/specialisation-immobilier-inseec-bachelor.jpg?resize=260,146 260w, https:\/\/www.inseec.com\/wp-content\/uploads\/sites\/32\/2025\/12\/specialisation-immobilier-inseec-bachelor.jpg?resize=71,40 71w, https:\/\/www.inseec.com\/wp-content\/uploads\/sites\/32\/2025\/12\/specialisation-immobilier-inseec-bachelor.jpg?resize=142,80 142w, https:\/\/www.inseec.com\/wp-content\/uploads\/sites\/32\/2025\/12\/specialisation-immobilier-inseec-bachelor.jpg?resize=284,160 284w, https:\/\/www.inseec.com\/wp-content\/uploads\/sites\/32\/2025\/12\/specialisation-immobilier-inseec-bachelor.jpg?resize=89,50 89w, https:\/\/www.inseec.com\/wp-content\/uploads\/sites\/32\/2025\/12\/specialisation-immobilier-inseec-bachelor.jpg?resize=177,100 177w, https:\/\/www.inseec.com\/wp-content\/uploads\/sites\/32\/2025\/12\/specialisation-immobilier-inseec-bachelor.jpg?resize=24,14 24w, https:\/\/www.inseec.com\/wp-content\/uploads\/sites\/32\/2025\/12\/specialisation-immobilier-inseec-bachelor.jpg?resize=48,27 48w, https:\/\/www.inseec.com\/wp-content\/uploads\/sites\/32\/2025\/12\/specialisation-immobilier-inseec-bachelor.jpg?resize=40,23 40w, https:\/\/www.inseec.com\/wp-content\/uploads\/sites\/32\/2025\/12\/specialisation-immobilier-inseec-bachelor.jpg?resize=80,45 80w\" sizes=\"auto, (max-width: 330px) 100vw, 330px\" \/><\/div><h3 class=\"crd__title is-style-plain-emphasis-xl\"><a href=\"https:\/\/www.inseec.com\/bachelor\/bachelor-immobilier\/\" data-seo-target=\"\" class=\"crd__link has-inverse-on-surface-color\">Bachelor Immobilier<\/a><\/h3><p class=\"crd__excerpt is-style-plain-default-sm has-inverse-on-surface-color\">Les Bachelors Immobilier de l\u2019INSEEC ouvrent la voie \u00e0 des carri\u00e8res solides dans un secteur porteur, accessibles depuis Bordeaux, Paris, Lyon et Marseille.<\/p>\n\t<div class=\"crd__button has-inverse-surface-color\">\n\t\t<svg class=\"icon icon-arrow-up-right\" aria-hidden=\"true\" focusable=\"false\"><use href=\"https:\/\/www.inseec.com\/wp-content\/themes\/omnes-design-system\/dist\/icons\/sprite.svg#icon-arrow-up-right\"><\/use><\/svg>\t<\/div>\n<\/article><\/div><div class=\"embla__slide\"><article class=\"crd crd--document-specialisation-secondary\" data-seo-container>\n\t<div class=\"crd__image\"><img decoding=\"async\" width=\"330\" height=\"279\" src=\"https:\/\/www.inseec.com\/wp-content\/uploads\/sites\/32\/2025\/12\/specialisation-digital-inseec-bachelor.jpg?w=330&#038;h=279&#038;crop=1\" class=\"\" alt=\"Image d\u2019illustration de la sp\u00e9cialisation Digital de l\u2019INSEEC Bachelor de l\u2019\u00e9cole de commerce INSEEC\" data-location=\"\" loading=\"lazy\" \/><\/div><h3 class=\"crd__title is-style-plain-emphasis-xl\"><a href=\"https:\/\/www.inseec.com\/bachelor\/bachelor-digital\/\" data-seo-target=\"\" class=\"crd__link has-inverse-on-surface-color\">Bachelor Digital<\/a><\/h3><p class=\"crd__excerpt is-style-plain-default-sm has-inverse-on-surface-color\">Les Bachelors en Digital de l\u2019INSEEC ouvrent la voie \u00e0 des carri\u00e8res solides dans le num\u00e9rique, avec des opportunit\u00e9s dans les grandes villes comme Paris, Lyon ou Marseille.<\/p>\n\t<div class=\"crd__button has-inverse-surface-color\">\n\t\t<svg class=\"icon icon-arrow-up-right\" aria-hidden=\"true\" focusable=\"false\"><use href=\"https:\/\/www.inseec.com\/wp-content\/themes\/omnes-design-system\/dist\/icons\/sprite.svg#icon-arrow-up-right\"><\/use><\/svg>\t<\/div>\n<\/article><\/div><div class=\"embla__slide\"><article class=\"crd crd--document-specialisation-secondary\" data-seo-container>\n\t<div class=\"crd__image\"><img decoding=\"async\" width=\"330\" height=\"279\" src=\"https:\/\/www.inseec.com\/wp-content\/uploads\/sites\/32\/2025\/12\/specialisation-communication-inseec-bachelor.jpg?w=330&#038;h=279&#038;crop=1\" class=\"\" alt=\"\" data-location=\"\" loading=\"lazy\" \/><\/div><h3 class=\"crd__title is-style-plain-emphasis-xl\"><a href=\"https:\/\/www.inseec.com\/bachelor\/bachelor-communication\/\" data-seo-target=\"\" class=\"crd__link has-inverse-on-surface-color\">Bachelor Communication<\/a><\/h3><p class=\"crd__excerpt is-style-plain-default-sm has-inverse-on-surface-color\">Le Bachelor Communication de l\u2019INSEEC pr\u00e9pare des professionnels agiles, pr\u00eats \u00e0 \u00e9voluer dans les grands p\u00f4les \u00e9tudiants et \u00e9conomiques de Paris, Lyon, Bordeaux ou Marseille.<\/p>\n\t<div class=\"crd__button has-inverse-surface-color\">\n\t\t<svg class=\"icon icon-arrow-up-right\" aria-hidden=\"true\" focusable=\"false\"><use href=\"https:\/\/www.inseec.com\/wp-content\/themes\/omnes-design-system\/dist\/icons\/sprite.svg#icon-arrow-up-right\"><\/use><\/svg>\t<\/div>\n<\/article><\/div><div class=\"embla__slide\"><article class=\"crd crd--document-specialisation-secondary\" data-seo-container>\n\t<div class=\"crd__image\"><img decoding=\"async\" width=\"330\" height=\"279\" src=\"https:\/\/www.inseec.com\/wp-content\/uploads\/sites\/32\/2025\/12\/specialisation-business-inseec-bachelor.jpg?w=330&#038;h=279&#038;crop=1\" class=\"\" alt=\"Image d\u2019illustration de la sp\u00e9cialisation Business de l\u2019INSEEC Bachelor de l\u2019\u00e9cole de commerce INSEEC\" data-location=\"\" loading=\"lazy\" \/><\/div><h3 class=\"crd__title is-style-plain-emphasis-xl\"><a href=\"https:\/\/www.inseec.com\/bachelor\/bachelor-business\/\" data-seo-target=\"\" class=\"crd__link has-inverse-on-surface-color\">Bachelor Business<\/a><\/h3><p class=\"crd__excerpt is-style-plain-default-sm has-inverse-on-surface-color\">Les Bachelors Business de l\u2019INSEEC forment des profils polyvalents et employables, pr\u00e9par\u00e9s \u00e0 int\u00e9grer les grandes m\u00e9tropoles fran\u00e7aises et \u00e0 s\u2019adapter aux environnements \u00e9conomiques internationaux.<\/p>\n\t<div class=\"crd__button has-inverse-surface-color\">\n\t\t<svg class=\"icon icon-arrow-up-right\" aria-hidden=\"true\" focusable=\"false\"><use href=\"https:\/\/www.inseec.com\/wp-content\/themes\/omnes-design-system\/dist\/icons\/sprite.svg#icon-arrow-up-right\"><\/use><\/svg>\t<\/div>\n<\/article><\/div>\t\t\t<\/div>\n\t\t<\/div>\n\n\t\t\n<div class=\"swiper__controls\">\n\t<div class=\"swiper-pagination\"><\/div>\n\n\t<div class=\"swiper__buttons\">\n\t\t\t\t\t<button\n\t\t\t\tclass=\"embla__prev swiper-button-disabled\"\n\t\t\t\ttype=\"button\"\n\t\t\t\tdisabled\n\t\t\t\taria-disabled=\"true\"\n\t\t\t\taria-label=\"Previous slide\"\n\t\t\t\taria-controls=\"embla__container-1\">\n\t\t\t\t<svg class=\"icon icon-arrow-left\" aria-hidden=\"true\" focusable=\"false\"><use href=\"https:\/\/www.inseec.com\/wp-content\/themes\/omnes-design-system\/dist\/icons\/sprite.svg#icon-arrow-left\"><\/use><\/svg>\t\t\t<\/button>\n\t\t\t<button\n\t\t\t\tclass=\"embla__next\"\n\t\t\t\ttype=\"button\"\n\t\t\t\taria-label=\"Next slide\"\n\t\t\t\taria-controls=\"embla__container-1\">\n\t\t\t\t<svg class=\"icon icon-arrow-right\" aria-hidden=\"true\" focusable=\"false\"><use href=\"https:\/\/www.inseec.com\/wp-content\/themes\/omnes-design-system\/dist\/icons\/sprite.svg#icon-arrow-right\"><\/use><\/svg>\t\t\t<\/button>\n\t\t\t<\/div>\n<\/div>\n\t<\/div>\n<\/div>\n<\/div>\n<\/div>\n<\/div>\n<\/div>\n\n\n\n<section class=\"wp-block-group alignfull wp-pattern wp-pattern-events-list has-global-padding is-layout-constrained wp-container-core-group-is-layout-b9dc94b5 wp-block-group-is-layout-constrained has-block-anchor\" style=\"margin-top:0;margin-bottom:0;padding-top:var(--wp--preset--spacing--padding-y-section);padding-bottom:var(--wp--preset--spacing--padding-y-section)\">\n<div class=\"wp-block-group wp-pattrern__header is-layout-flow wp-block-group-is-layout-flow has-block-anchor\">\n<p class=\"has-text-align-center is-style-heading-default-eyebrow has-on-surface-color has-text-color has-link-color wp-elements-f87c7f0167b54601ce97aaa0cdc63a70\">Rencontrez-nous<\/p>\n\n\n\n<h2 class=\"wp-block-heading has-text-align-center\" id=\"decouvrez-les-evenements-bachelor\">D\u00e9couvrez les \u00e9v\u00e8nements Bachelor<\/h2>\n<\/div>\n\n\n\n<div class=\"wp-block-group alignwide is-layout-flow wp-container-core-group-is-layout-1320b656 wp-block-group-is-layout-flow\" style=\"margin-top:var(--wp--preset--spacing--4-xl)\">\n<div class=\"wp-block-group wp-pattern__filters wp-pattern__filters-centered is-layout-grid wp-container-core-group-is-layout-4fe37c5b wp-block-group-is-layout-grid\"><div class=\"wpgb-facet wpgb-loading wpgb-facet-38\" data-facet=\"38\" data-grid=\"wpgb-content-block\/59d734fa09cf8be62aa58cd44a2af1e6\"><\/div>\n\n<div class=\"wpgb-facet wpgb-loading wpgb-facet-11\" data-facet=\"11\" data-grid=\"wpgb-content-block\/59d734fa09cf8be62aa58cd44a2af1e6\"><\/div><\/div>\n\n\n\n<div class=\"wp-block-query is-layout-flow wp-block-query-is-layout-flow wpgb-content-block59d734fa09cf8be62aa58cd44a2af1e6\"><ul class=\"wp-block-post-template is-layout-grid wp-container-core-post-template-is-layout-523fefc7 wp-block-post-template-is-layout-grid\"><li class=\"wp-block-post post-91586 event type-event status-publish hentry event_type-campus-days school-bachelor\">\n\n<div class=\"crd crd--event crd--event-large\">\n\t<span class=\"crd__program is-style-tag-fill-md\">Bachelor<\/span><p class=\"crd__date is-style-heading-emphasis-h1\">30\/01<\/p><h3 class=\"crd__title is-style-plain-emphasis-lg\">Campus Days \u00e0 Paris<\/h3>\n\t<ul class=\"crd__metas\">\n\t\t<li class=\"crd__campus is-style-plain-default-md\"><svg class=\"icon icon-marker\" aria-hidden=\"true\" focusable=\"false\"><use href=\"https:\/\/www.inseec.com\/wp-content\/themes\/omnes-design-system\/dist\/icons\/sprite.svg#icon-marker\"><\/use><\/svg><span>\u00c9cole de commerce \u00e0 Paris<\/span><\/li><li class=\"crd__hours is-style-plain-default-md\"><svg class=\"icon icon-clock\" aria-hidden=\"true\" focusable=\"false\"><use href=\"https:\/\/www.inseec.com\/wp-content\/themes\/omnes-design-system\/dist\/icons\/sprite.svg#icon-clock\"><\/use><\/svg><span>From 10h00 to 18h00<\/span><\/li>\t<\/ul>\n\n\t<div class=\"crd__buttons\">\n\t\t<div class=\"wp-block-button is-style-outline-sm\"><a href=\"https:\/\/www.inseec.com\/evenement\/campus-days-a-paris-2026-01-29-2\/\" class=\"wp-block-button__link\">More info<\/a><\/div><div class=\"wp-block-button is-style-subtle-sm\"><a href=\"https:\/\/bachelor.inseec.com\/inseecu\/salon\/13474\" class=\"wp-block-button__link\">I participate<\/a><\/div>\t<\/div>\n<\/div>\n\n<\/li><li class=\"wp-block-post post-85474 event type-event status-publish hentry event_type-journee-portes-ouvertes school-bachelor\">\n\n<div class=\"crd crd--event crd--event-large\">\n\t<span class=\"crd__program is-style-tag-fill-md\">Bachelor<\/span><p class=\"crd__date is-style-heading-emphasis-h1\">07\/02<\/p><h3 class=\"crd__title is-style-plain-emphasis-lg\">Journ\u00e9e Portes Ouvertes \u00e0 Chamb\u00e9ry<\/h3>\n\t<ul class=\"crd__metas\">\n\t\t<li class=\"crd__campus is-style-plain-default-md\"><svg class=\"icon icon-marker\" aria-hidden=\"true\" focusable=\"false\"><use href=\"https:\/\/www.inseec.com\/wp-content\/themes\/omnes-design-system\/dist\/icons\/sprite.svg#icon-marker\"><\/use><\/svg><span>\u00c9cole de commerce \u00e0 Chamb\u00e9ry<\/span><\/li><li class=\"crd__hours is-style-plain-default-md\"><svg class=\"icon icon-clock\" aria-hidden=\"true\" focusable=\"false\"><use href=\"https:\/\/www.inseec.com\/wp-content\/themes\/omnes-design-system\/dist\/icons\/sprite.svg#icon-clock\"><\/use><\/svg><span>From 9h30 to 12h00<\/span><\/li>\t<\/ul>\n\n\t<div class=\"crd__buttons\">\n\t\t<div class=\"wp-block-button is-style-outline-sm\"><a href=\"https:\/\/www.inseec.com\/evenement\/journee-portes-ouvertes-a-chambery-2026-02-06\/\" class=\"wp-block-button__link\">More info<\/a><\/div><div class=\"wp-block-button is-style-subtle-sm\"><a href=\"https:\/\/bachelor.inseec.com\/inseecu\/jpo\/13102\" class=\"wp-block-button__link\">I participate<\/a><\/div>\t<\/div>\n<\/div>\n\n<\/li><li class=\"wp-block-post post-91544 event type-event status-publish hentry event_type-journee-portes-ouvertes school-bachelor\">\n\n<div class=\"crd crd--event crd--event-large\">\n\t<span class=\"crd__program is-style-tag-fill-md\">Bachelor<\/span><p class=\"crd__date is-style-heading-emphasis-h1\">07\/02<\/p><h3 class=\"crd__title is-style-plain-emphasis-lg\">Journ\u00e9e Portes Ouvertes \u00e0 Paris<\/h3>\n\t<ul class=\"crd__metas\">\n\t\t<li class=\"crd__campus is-style-plain-default-md\"><svg class=\"icon icon-marker\" aria-hidden=\"true\" focusable=\"false\"><use href=\"https:\/\/www.inseec.com\/wp-content\/themes\/omnes-design-system\/dist\/icons\/sprite.svg#icon-marker\"><\/use><\/svg><span>\u00c9cole de commerce \u00e0 Paris<\/span><\/li><li class=\"crd__hours is-style-plain-default-md\"><svg class=\"icon icon-clock\" aria-hidden=\"true\" focusable=\"false\"><use href=\"https:\/\/www.inseec.com\/wp-content\/themes\/omnes-design-system\/dist\/icons\/sprite.svg#icon-clock\"><\/use><\/svg><span>From 10h00 to 12h30<\/span><\/li>\t<\/ul>\n\n\t<div class=\"crd__buttons\">\n\t\t<div class=\"wp-block-button is-style-outline-sm\"><a href=\"https:\/\/www.inseec.com\/evenement\/journee-portes-ouvertes-a-paris-2026-02-06\/\" class=\"wp-block-button__link\">More info<\/a><\/div><div class=\"wp-block-button is-style-subtle-sm\"><a href=\"https:\/\/bachelor.inseec.com\/inseecu\/jpo\/12479\" class=\"wp-block-button__link\">I participate<\/a><\/div>\t<\/div>\n<\/div>\n\n<\/li><\/ul>\n\n<\/div>\n<script type=\"application\/ld+json\">\n{\"@context\":\"https:\\\/\\\/schema.org\",\"@graph\":[{\"@type\":\"EducationEvent\",\"name\":\"Campus Days \\u00c3\\u00a0 Paris\",\"description\":\"Sur nos campus Autres \\u00c3\\u00a9v\\u00c3\\u00a9nements\",\"startDate\":\"2026-01-30T10:00:00+01:00\",\"endDate\":\"2026-02-01T18:00:00+01:00\",\"eventAttendanceMode\":\"https:\\\/\\\/schema.org\\\/OfflineEventAttendanceMode\",\"organizer\":{\"@id\":\"https:\\\/\\\/www.inseec.com\\\/#organization\"},\"url\":\"https:\\\/\\\/www.inseec.com\\\/evenement\\\/campus-days-a-paris-2026-01-29-2\\\/\",\"isAccessibleForFree\":true,\"location\":{\"@type\":\"Place\",\"name\":\"\\u00c3\\u0089cole de commerce \\u00c3\\u00a0 Paris\",\"address\":{\"@type\":\"PostalAddress\",\"streetAddress\":\"37 Quai de Grenelle\",\"addressLocality\":\"Paris\",\"postalCode\":\"75015\",\"addressCountry\":\"FR\"}}},{\"@type\":\"EducationEvent\",\"name\":\"Journ\\u00c3\\u00a9e Portes Ouvertes \\u00c3\\u00a0 Chamb\\u00c3\\u00a9ry\",\"description\":\"\\u00c3\\u0089cole de commerce \\u00c3\\u00a0 Chamb\\u00c3\\u00a9ry Y aller Adresse 12 Avenue du Lac d\\u00e2\\u0080\\u0099Annecy 73370 Le Bourget du Lac Transports Nous contacter Sur nos campus Autres \\u00c3\\u00a9v\\u00c3\\u00a9nements\",\"startDate\":\"2026-02-07T09:30:00+01:00\",\"endDate\":\"2026-02-07T12:00:00+01:00\",\"eventAttendanceMode\":\"https:\\\/\\\/schema.org\\\/OfflineEventAttendanceMode\",\"organizer\":{\"@id\":\"https:\\\/\\\/www.inseec.com\\\/#organization\"},\"url\":\"https:\\\/\\\/www.inseec.com\\\/evenement\\\/journee-portes-ouvertes-a-chambery-2026-02-06\\\/\",\"isAccessibleForFree\":true,\"location\":{\"@type\":\"Place\",\"name\":\"\\u00c3\\u0089cole de commerce \\u00c3\\u00a0 Chamb\\u00c3\\u00a9ry\",\"address\":{\"@type\":\"PostalAddress\",\"streetAddress\":\"12 Avenue du Lac d'Annecy\",\"addressLocality\":\"Le Bourget du Lac\",\"postalCode\":\"73370\",\"addressCountry\":\"FR\"}}},{\"@type\":\"EducationEvent\",\"name\":\"Journ\\u00c3\\u00a9e Portes Ouvertes \\u00c3\\u00a0 Paris\",\"description\":\"Sur nos campus Autres \\u00c3\\u00a9v\\u00c3\\u00a9nements\",\"startDate\":\"2026-02-07T10:00:00+01:00\",\"endDate\":\"2026-02-07T12:30:00+01:00\",\"eventAttendanceMode\":\"https:\\\/\\\/schema.org\\\/OfflineEventAttendanceMode\",\"organizer\":{\"@id\":\"https:\\\/\\\/www.inseec.com\\\/#organization\"},\"url\":\"https:\\\/\\\/www.inseec.com\\\/evenement\\\/journee-portes-ouvertes-a-paris-2026-02-06\\\/\",\"isAccessibleForFree\":true,\"location\":{\"@type\":\"Place\",\"name\":\"\\u00c3\\u0089cole de commerce \\u00c3\\u00a0 Paris\",\"address\":{\"@type\":\"PostalAddress\",\"streetAddress\":\"37 Quai de Grenelle\",\"addressLocality\":\"Paris\",\"postalCode\":\"75015\",\"addressCountry\":\"FR\"}}}]}\n<\/script>\n<\/div>\n\n\n\n<div class=\"wp-block-buttons is-content-justification-center is-layout-flex wp-container-core-buttons-is-layout-a89b3969 wp-block-buttons-is-layout-flex\">\n<div class=\"wp-block-button is-style-outline-lg\"><a class=\"wp-block-button__link wp-element-button\" href=\"https:\/\/www.inseec.com\/evenement\/?_programmes_unique=bachelor\">Voir tous les \u00e9v\u00e9nements<\/a><\/div>\n<\/div>\n<\/section>\n\n\n\n<div class=\"wp-block-group alignwide wp-pattern wp-pattern-faq-cta is-layout-flow wp-block-group-is-layout-flow has-block-anchor\" style=\"margin-top:0;margin-bottom:0;padding-top:var(--wp--preset--spacing--6-xl);padding-bottom:var(--wp--preset--spacing--6-xl)\">\n<div class=\"wp-block-columns is-layout-flex wp-container-core-columns-is-layout-b3d710c4 wp-block-columns-is-layout-flex has-block-anchor\">\n<div class=\"wp-block-column is-layout-flow wp-container-core-column-is-layout-e67eb3c6 wp-block-column-is-layout-flow\" style=\"flex-basis:40.3%\">\n<div class=\"wp-block-group is-vertical is-layout-flex wp-container-core-group-is-layout-b80b8bd4 wp-block-group-is-layout-flex has-block-anchor\">\n<div class=\"wp-block-group is-vertical is-layout-flex wp-container-core-group-is-layout-bd7877ba wp-block-group-is-layout-flex has-block-anchor\">\n<p class=\"is-style-heading-default-eyebrow has-on-surface-color has-text-color has-link-color wp-elements-7f5af9274a5957746917b1e3dc31a535\">FAQ<\/p>\n\n\n\n<h2 class=\"wp-block-heading is-style-heading-emphasis-h2 has-on-surface-color has-text-color has-link-color wp-elements-b1bcd5cb00dd31710c4d6023ecace67e\" id=\"des-questions-sur-les-bachelors-en-international-de-linseec\">Des questions sur les Bachelors en International de l\u2019INSEEC\u00a0?<\/h2>\n<\/div>\n\n\n\n<p class=\"is-style-plain-default-md has-on-surface-subtle-color has-text-color has-link-color wp-elements-1a91bb9ed292550bb354b07147e77bad\">Le top des questions les plus pos\u00e9es sur la sp\u00e9cialisation \u00ab\u00a0International\u00a0\u00bb de l\u2019INSEEC. Et si vous n\u2019avez pas trouv\u00e9 toutes vos r\u00e9ponses ici, nous sommes \u00e0 votre \u00e9coute pour en parler\u00a0!<\/p>\n<\/div>\n\n\n\n<div class=\"wp-block-group has-border-color is-vertical is-layout-flex wp-container-core-group-is-layout-b00cbbb9 wp-block-group-is-layout-flex has-block-anchor\" style=\"border-color:var(--wp--custom--border--outline-subtle);border-width:1px;border-radius:16px;padding-top:var(--wp--preset--spacing--padding-y-sm);padding-right:var(--wp--preset--spacing--padding-x-sm);padding-bottom:var(--wp--preset--spacing--padding-y-sm);padding-left:var(--wp--preset--spacing--padding-x-sm)\">\n<div class=\"wp-block-group is-vertical is-layout-flex wp-container-core-group-is-layout-5a6f8b2c wp-block-group-is-layout-flex has-block-anchor\">\n<h3 class=\"wp-block-heading is-style-heading-emphasis-h3 has-on-surface-color has-text-color has-link-color wp-elements-891347d46735e4575c11a3135df33cdc\" id=\"des-questions-surnos-programmesen-international\">Des questions sur<br>nos programmes<br>en International<\/h3>\n<\/div>\n\n\n\n<div class=\"wp-block-buttons is-layout-flex wp-container-core-buttons-is-layout-11bdec33 wp-block-buttons-is-layout-flex\">\n<div class=\"wp-block-button is-style-fill-lg popmake-22\"><a class=\"wp-block-button__link wp-element-button\" href=\"https:\/\/www.inseec.com\/bachelor\/\">T\u00e9l\u00e9charger la brochure<\/a><\/div>\n<\/div>\n<\/div>\n<\/div>\n\n\n\n<div class=\"wp-block-column is-layout-flow wp-container-core-column-is-layout-8a368f38 wp-block-column-is-layout-flow\" style=\"flex-basis:50%\">\n<details class=\"wp-block-details is-style-default is-layout-flow wp-container-core-details-is-layout-9ec55b31 wp-block-details-is-layout-flow\" open><summary><h3><span id=\"docs-internal-guid-d6bb8677-7fff-1874-81cd-ee8b7e03ac15\" style=\"letter-spacing: normal; white-space: normal; caret-color: rgb(0, 0, 0); color: rgb(0, 0, 0); font-weight: normal;\"><span style=\"font-size: 14pt; font-family: Arial, sans-serif; color: rgb(67, 67, 67); font-variant-ligatures: normal; font-variant-alternates: normal; font-variant-numeric: normal; font-variant-east-asian: normal; font-variant-position: normal; vertical-align: baseline; white-space: pre-wrap;\"><strong>Quel est le profil des \u00e9tudiants r\u00e9ussissant en Bachelor International\u00a0?<\/strong><\/span><\/span><\/h3><\/summary>\n<div class=\"wp-block-group is-vertical is-layout-flex wp-container-core-group-is-layout-a2e3e733 wp-block-group-is-layout-flex\">\n<p class=\"is-style-plain-default-sm has-on-surface-subtle-color has-text-color has-link-color wp-elements-ce045a355667f6817fb1b5e7a88e77cb\">Les \u00e9tudiants titulaires d\u2019un bac g\u00e9n\u00e9ral ou technologique, curieux du monde, motiv\u00e9s par le business et ouverts aux langues \u00e9trang\u00e8res, r\u00e9ussissent particuli\u00e8rement bien dans ce programme.<\/p>\n<\/div>\n<\/details>\n\n\n\n<details class=\"wp-block-details is-style-default is-layout-flow wp-container-core-details-is-layout-9ec55b31 wp-block-details-is-layout-flow\"><summary><h3><span id=\"docs-internal-guid-5cf27125-7fff-fcbe-7d61-a9c09f3545a3\" style=\"letter-spacing: normal; white-space: normal; caret-color: rgb(0, 0, 0); color: rgb(0, 0, 0); font-weight: normal;\"><span style=\"font-size: 14pt; font-family: Arial, sans-serif; color: rgb(67, 67, 67); font-variant-ligatures: normal; font-variant-alternates: normal; font-variant-numeric: normal; font-variant-east-asian: normal; font-variant-position: normal; vertical-align: baseline; white-space: pre-wrap;\"><strong>Peut-on travailler \u00e0 l\u2019international avec le Bachelor International INSEEC\u00a0?<\/strong><\/span><\/span><\/h3><\/summary>\n<div class=\"wp-block-group is-vertical is-layout-flex wp-container-core-group-is-layout-a2e3e733 wp-block-group-is-layout-flex\">\n<p class=\"is-style-plain-default-sm has-on-surface-subtle-color has-text-color has-link-color wp-elements-3c2d4928aa9c8ff6045764102a641418\">Oui, gr\u00e2ce aux stages, \u00e0 l\u2019alternance et aux partenariats avec des \u00e9tablissements \u00e9trangers, vous d\u00e9couvrirez les r\u00e9alit\u00e9s du business mondial et d\u00e9velopperez un profil reconnu \u00e0 l\u2019\u00e9tranger.<\/p>\n<\/div>\n<\/details>\n\n\n\n<details class=\"wp-block-details is-style-default is-layout-flow wp-container-core-details-is-layout-9ec55b31 wp-block-details-is-layout-flow\"><summary><h3><span id=\"docs-internal-guid-5c90d114-7fff-05f2-cd2a-be772be1a437\" style=\"letter-spacing: normal; white-space: normal; caret-color: rgb(0, 0, 0); color: rgb(0, 0, 0); font-weight: normal;\"><span style=\"font-size: 14pt; font-family: Arial, sans-serif; color: rgb(67, 67, 67); font-variant-ligatures: normal; font-variant-alternates: normal; font-variant-numeric: normal; font-variant-east-asian: normal; font-variant-position: normal; vertical-align: baseline; white-space: pre-wrap;\"><strong>Quels sont les m\u00e9tiers \u00e0 la r\u00e9mun\u00e9ration la plus avantageuse dans le Bachelor International\u00a0?<\/strong><\/span><\/span><\/h3><\/summary>\n<div class=\"wp-block-group is-vertical is-layout-flex wp-container-core-group-is-layout-a2e3e733 wp-block-group-is-layout-flex\">\n<p class=\"is-style-plain-default-sm has-on-surface-subtle-color has-text-color has-link-color wp-elements-db01d479f03e0c21de266243007e3eb3\">Les postes de responsable commercial export, de manager de zone g\u00e9ographique ou de charg\u00e9 de d\u00e9veloppement commercial offrent de belles \u00e9volutions salariales, en particulier apr\u00e8s quelques ann\u00e9es d\u2019exp\u00e9rience.<\/p>\n<\/div>\n<\/details>\n\n\n\n<details class=\"wp-block-details is-style-default is-layout-flow wp-container-core-details-is-layout-9ec55b31 wp-block-details-is-layout-flow\"><summary><h3>Les m\u00e9tiers du Bachelor International recrutent-ils vraiment des jeunes dipl\u00f4m\u00e9s\u00a0?<\/h3><\/summary>\n<div class=\"wp-block-group is-vertical is-layout-flex wp-container-core-group-is-layout-a2e3e733 wp-block-group-is-layout-flex\">\n<p class=\"is-style-plain-default-sm has-on-surface-subtle-color has-text-color has-link-color wp-elements-fbe8befa1c67135ee3a5c0ee34d5a530\">Oui, le taux d\u2019insertion est \u00e9lev\u00e9. Les entreprises recherchent des profils op\u00e9rationnels capables de g\u00e9rer des projets internationaux d\u00e8s la sortie de l\u2019\u00e9cole, apr\u00e8s 3 ann\u00e9es d\u2019enseignement.<\/p>\n<\/div>\n<\/details>\n\n\n\n<details class=\"wp-block-details is-style-default is-layout-flow wp-container-core-details-is-layout-9ec55b31 wp-block-details-is-layout-flow\"><summary><h3><span id=\"docs-internal-guid-63da6704-7fff-c86d-d58b-f00a3e9edbb1\" style=\"letter-spacing: normal; white-space: normal; caret-color: rgb(0, 0, 0); color: rgb(0, 0, 0); font-weight: normal;\"><span style=\"font-size: 14pt; font-family: Arial, sans-serif; color: rgb(67, 67, 67); font-variant-ligatures: normal; font-variant-alternates: normal; font-variant-numeric: normal; font-variant-east-asian: normal; font-variant-position: normal; vertical-align: baseline; white-space: pre-wrap;\"><strong>La sp\u00e9cialisation inclut-elle des certifications professionnelles ou des outils sp\u00e9cifiques\u00a0?<\/strong><\/span><\/span><\/h3><\/summary>\n<div class=\"wp-block-group is-vertical is-layout-flex wp-container-core-group-is-layout-a2e3e733 wp-block-group-is-layout-flex\">\n<p class=\"is-style-plain-default-sm has-on-surface-subtle-color has-text-color has-link-color wp-elements-4b7a269d203796cc7865a3899791def0\">Oui, le programme comprend la validation d\u2019un titre RNCP avec attribution de cr\u00e9dits ECTS. Vous d\u00e9couvrirez \u00e9galement des outils num\u00e9riques et de management appliqu\u00e9s au commerce et au marketing international.<\/p>\n<\/div>\n<\/details>\n\n\n\n<details class=\"wp-block-details is-style-default is-layout-flow wp-container-core-details-is-layout-9ec55b31 wp-block-details-is-layout-flow\"><summary><h3><span id=\"docs-internal-guid-8528d2c8-7fff-90f9-3429-c3a1e29056c6\" style=\"letter-spacing: normal; white-space: normal; caret-color: rgb(0, 0, 0); color: rgb(0, 0, 0); font-weight: normal;\"><span style=\"font-size: 14pt; font-family: Arial, sans-serif; color: rgb(67, 67, 67); font-variant-ligatures: normal; font-variant-alternates: normal; font-variant-numeric: normal; font-variant-east-asian: normal; font-variant-position: normal; vertical-align: baseline; white-space: pre-wrap;\"><strong>La sp\u00e9cialisation est-elle accessible en admission parall\u00e8le\u00a0?<\/strong><\/span><\/span><\/h3><\/summary>\n<div class=\"wp-block-group is-vertical is-layout-flex wp-container-core-group-is-layout-a2e3e733 wp-block-group-is-layout-flex\">\n<p class=\"is-style-plain-default-sm has-on-surface-subtle-color has-text-color has-link-color wp-elements-8a716d61d4f98dea506adca60c505d16\">Oui, ce Bachelor Commerce International est accessible via admission parall\u00e8le en 2\u1d49 ou 3\u1d49\u00a0ann\u00e9e, sur \u00e9tude de votre dossier acad\u00e9mique et de vos \u00e9quivalences en cr\u00e9dits ECTS.<\/p>\n<\/div>\n<\/details>\n\n\n\n<details class=\"wp-block-details is-style-default is-layout-flow wp-container-core-details-is-layout-9ec55b31 wp-block-details-is-layout-flow\"><summary><h3><span id=\"docs-internal-guid-684992ca-7fff-e779-8645-c69bc1a68f13\" style=\"letter-spacing: normal; white-space: normal; caret-color: rgb(0, 0, 0); color: rgb(0, 0, 0); font-weight: normal;\"><span style=\"font-size: 14pt; font-family: Arial, sans-serif; color: rgb(67, 67, 67); font-variant-ligatures: normal; font-variant-alternates: normal; font-variant-numeric: normal; font-variant-east-asian: normal; font-variant-position: normal; vertical-align: baseline; white-space: pre-wrap;\"><strong>Y a-t-il des intervenants professionnels ou experts du secteur\u00a0?<\/strong><\/span><\/span><\/h3><\/summary>\n<div class=\"wp-block-group is-vertical is-layout-flex wp-container-core-group-is-layout-a2e3e733 wp-block-group-is-layout-flex\">\n<p class=\"is-style-plain-default-sm has-on-surface-subtle-color has-text-color has-link-color wp-elements-867a9e3a293b1fccad979598acaac484\">Oui, des responsables export, des partenaires du secteur logistique et des experts en management international interviennent r\u00e9guli\u00e8rement pour compl\u00e9ter l\u2019enseignement th\u00e9orique par une approche concr\u00e8te et pratique.<\/p>\n<\/div>\n<\/details>\n\n\n\n<details class=\"wp-block-details is-style-default is-layout-flow wp-container-core-details-is-layout-9ec55b31 wp-block-details-is-layout-flow\"><summary><h3>Comment financer un Bachelor International\u00a0?<\/h3><\/summary>\n<div class=\"wp-block-group is-vertical is-layout-flex wp-container-core-group-is-layout-a2e3e733 wp-block-group-is-layout-flex\">\n<p class=\"is-style-plain-default-sm has-on-surface-subtle-color has-text-color has-link-color wp-elements-4045b8e1a37d1a6d26707d5479386da8\">Vous pouvez financer votre formation gr\u00e2ce aux stages r\u00e9mun\u00e9r\u00e9s et \u00e0 des dispositifs propos\u00e9s par les \u00e9tablissements bancaires partenaires. Cette formule vous permet d\u2019allier th\u00e9orie et pratique.<\/p>\n<\/div>\n<\/details>\n\n\n\n<details class=\"wp-block-details is-style-default is-layout-flow wp-container-core-details-is-layout-9ec55b31 wp-block-details-is-layout-flow\"><summary><h3><span id=\"docs-internal-guid-4ed1b8a3-7fff-a2ce-61d9-06c5c60d6fb8\" style=\"letter-spacing: normal; white-space: normal; caret-color: rgb(0, 0, 0); color: rgb(0, 0, 0); font-weight: normal;\"><span style=\"font-size: 14pt; font-family: Arial, sans-serif; color: rgb(67, 67, 67); font-variant-ligatures: normal; font-variant-alternates: normal; font-variant-numeric: normal; font-variant-east-asian: normal; font-variant-position: normal; vertical-align: baseline; white-space: pre-wrap;\"><strong>Quelles sont les soft skills d\u00e9velopp\u00e9es avec le Bachelor International INSEEC\u00a0?<\/strong><\/span><\/span><\/h3><\/summary>\n<div class=\"wp-block-group is-vertical is-layout-flex wp-container-core-group-is-layout-a2e3e733 wp-block-group-is-layout-flex\">\n<p class=\"is-style-plain-default-sm has-on-surface-subtle-color has-text-color has-link-color wp-elements-0bb59349eb93c991e7e4ead7abd6f4a0\">Vous d\u00e9couvrirez et renforcerez des qualit\u00e9s comme l\u2019adaptabilit\u00e9, la ma\u00eetrise des langues, le sens du business et la communication interculturelle, essentielles pour r\u00e9ussir dans un environnement international.<\/p>\n<\/div>\n<\/details>\n\n\n\n<details class=\"wp-block-details is-style-default is-layout-flow wp-container-core-details-is-layout-9ec55b31 wp-block-details-is-layout-flow\"><summary><h3><span id=\"docs-internal-guid-bb35675b-7fff-c42a-7b07-6d830f92505b\" style=\"letter-spacing: normal; white-space: normal; caret-color: rgb(0, 0, 0); color: rgb(0, 0, 0); font-weight: normal;\"><span style=\"font-size: 14pt; font-family: Arial, sans-serif; color: rgb(67, 67, 67); font-variant-ligatures: normal; font-variant-alternates: normal; font-variant-numeric: normal; font-variant-east-asian: normal; font-variant-position: normal; vertical-align: baseline; white-space: pre-wrap;\"><strong>Faut-il ma\u00eetriser plusieurs langues pour r\u00e9ussir en Bachelor International\u00a0?<\/strong><\/span><\/span><\/h3><\/summary>\n<div class=\"wp-block-group is-vertical is-layout-flex wp-container-core-group-is-layout-a2e3e733 wp-block-group-is-layout-flex\">\n<p class=\"is-style-plain-default-sm has-on-surface-subtle-color has-text-color has-link-color wp-elements-47a436f4b2d249a4255111d453df052f\">Oui, l\u2019anglais est indispensable et une deuxi\u00e8me langue vivante est fortement valoris\u00e9e. Les \u00e9tudiants sont accompagn\u00e9s tout au long du programme pour progresser en langues.<\/p>\n<\/div>\n<\/details>\n<\/div>\n<\/div>\n<\/div>\n","protected":false},"excerpt":{"rendered":"<p>Les Bachelors International de l\u2019INSEEC pr\u00e9parent des professionnels ouverts au monde, capables d\u2019\u00e9voluer dans les grands p\u00f4les \u00e9conomiques fran\u00e7ais, de Paris \u00e0 Marseille en passant par Lyon et Bordeaux.<\/p>\n","protected":false},"featured_media":87894,"parent":0,"template":"","city":[],"document_category":[],"document_tag":[],"document_type":[109],"school":[241],"specialisation":[573],"analytics_tag":[725],"class_list":["post-2008","document","type-document","status-publish","has-post-thumbnail","hentry","document_type-specialisation","school-bachelor","specialisation-international"],"acf":[],"yoast_head":"<title>Bachelor International - INSEEC<\/title>\n<meta name=\"description\" content=\"D\u00e9couvrez les Bachelors International de l\u2019INSEEC : une sp\u00e9cialisation professionnalisante en alternance sur nos campus de Paris, Lyon et plus.\" \/>\n<meta name=\"robots\" content=\"index, follow, max-snippet:-1, max-image-preview:large, max-video-preview:-1\" \/>\n<link rel=\"canonical\" href=\"https:\/\/www.inseec.com\/bachelor\/bachelor-international\/\" \/>\n<meta property=\"og:locale\" content=\"fr_FR\" \/>\n<meta property=\"og:type\" content=\"article\" \/>\n<meta property=\"og:title\" content=\"Bachelor International - INSEEC\" \/>\n<meta property=\"og:description\" content=\"D\u00e9couvrez les Bachelors International de l\u2019INSEEC : une sp\u00e9cialisation professionnalisante en alternance sur nos campus de Paris, Lyon et plus.\" \/>\n<meta property=\"og:url\" content=\"https:\/\/www.inseec.com\/bachelor\/bachelor-international\/\" \/>\n<meta property=\"og:site_name\" content=\"INSEEC\" \/>\n<meta property=\"article:modified_time\" content=\"2025-12-11T16:41:30+00:00\" \/>\n<meta property=\"og:image\" content=\"https:\/\/omneseducation.net\/inseec-2025\/wp-content\/uploads\/sites\/32\/2025\/12\/specialisation-international-inseec-bachelor.jpg\" \/>\n\t<meta property=\"og:image:width\" content=\"495\" \/>\n\t<meta property=\"og:image:height\" content=\"279\" \/>\n\t<meta property=\"og:image:type\" content=\"image\/jpeg\" \/>\n<meta name=\"twitter:card\" content=\"summary_large_image\" \/>\n<meta name=\"twitter:label1\" content=\"Est. reading time\" \/>\n\t<meta name=\"twitter:data1\" content=\"6 minutes\" \/>\n<script type=\"application\/ld+json\" class=\"yoast-schema-graph\">{\"@context\":\"https:\/\/schema.org\",\"@graph\":[{\"@type\":\"WebPage\",\"@id\":\"https:\/\/www.inseec.com\/bachelor\/bachelor-international\/\",\"url\":\"https:\/\/www.inseec.com\/bachelor\/bachelor-international\/\",\"name\":\"Bachelor International - INSEEC\",\"isPartOf\":{\"@id\":\"https:\/\/www.inseec.com\/#website\"},\"primaryImageOfPage\":{\"@id\":\"https:\/\/www.inseec.com\/bachelor\/bachelor-international\/#primaryimage\"},\"image\":{\"@id\":\"https:\/\/www.inseec.com\/bachelor\/bachelor-international\/#primaryimage\"},\"thumbnailUrl\":\"https:\/\/www.inseec.com\/wp-content\/uploads\/sites\/32\/2025\/12\/specialisation-international-inseec-bachelor.jpg\",\"datePublished\":\"2025-12-05T09:36:03+00:00\",\"dateModified\":\"2025-12-11T16:41:30+00:00\",\"description\":\"D\u00e9couvrez les Bachelors International de l\u2019INSEEC : une sp\u00e9cialisation professionnalisante en alternance sur nos campus de Paris, Lyon et plus.\",\"breadcrumb\":{\"@id\":\"https:\/\/www.inseec.com\/bachelor\/bachelor-international\/#breadcrumb\"},\"inLanguage\":\"fr-FR\",\"potentialAction\":[{\"@type\":\"ReadAction\",\"target\":[\"https:\/\/www.inseec.com\/bachelor\/bachelor-international\/\"]}]},{\"@type\":\"ImageObject\",\"inLanguage\":\"fr-FR\",\"@id\":\"https:\/\/www.inseec.com\/bachelor\/bachelor-international\/#primaryimage\",\"url\":\"https:\/\/www.inseec.com\/wp-content\/uploads\/sites\/32\/2025\/12\/specialisation-international-inseec-bachelor.jpg\",\"contentUrl\":\"https:\/\/www.inseec.com\/wp-content\/uploads\/sites\/32\/2025\/12\/specialisation-international-inseec-bachelor.jpg\",\"width\":495,\"height\":279,\"caption\":\"Image d\u2019illustration de la sp\u00e9cialisation International de l\u2019INSEEC Bachelor de l\u2019\u00e9cole de commerce INSEEC\"},{\"@type\":\"BreadcrumbList\",\"@id\":\"https:\/\/www.inseec.com\/bachelor\/bachelor-international\/#breadcrumb\",\"itemListElement\":[{\"@type\":\"ListItem\",\"position\":1,\"name\":\"Home\",\"item\":\"https:\/\/www.inseec.com\/\"},{\"@type\":\"ListItem\",\"position\":2,\"name\":\"Bachelor International\"}]},{\"@type\":\"WebSite\",\"@id\":\"https:\/\/www.inseec.com\/#website\",\"url\":\"https:\/\/www.inseec.com\/\",\"name\":\"INSEEC\",\"description\":\"\",\"publisher\":{\"@id\":\"https:\/\/www.inseec.com\/#organization\"},\"potentialAction\":[{\"@type\":\"SearchAction\",\"target\":{\"@type\":\"EntryPoint\",\"urlTemplate\":\"https:\/\/www.inseec.com\/?s={search_term_string}\"},\"query-input\":{\"@type\":\"PropertyValueSpecification\",\"valueRequired\":true,\"valueName\":\"search_term_string\"}}],\"inLanguage\":\"fr-FR\"},{\"@type\":\"Organization\",\"@id\":\"https:\/\/www.inseec.com\/#organization\",\"name\":\"INSEEC\",\"url\":\"https:\/\/www.inseec.com\/\",\"logo\":{\"@type\":\"ImageObject\",\"inLanguage\":\"fr-FR\",\"@id\":\"https:\/\/www.inseec.com\/#\/schema\/logo\/image\/\",\"url\":\"https:\/\/www.inseec.com\/wp-content\/uploads\/sites\/32\/2025\/11\/logo.svg\",\"contentUrl\":\"https:\/\/www.inseec.com\/wp-content\/uploads\/sites\/32\/2025\/11\/logo.svg\",\"width\":173,\"height\":36,\"caption\":\"INSEEC\"},\"image\":{\"@id\":\"https:\/\/www.inseec.com\/#\/schema\/logo\/image\/\"}},{\"@context\":\"https:\/\/schema.org\",\"@type\":\"EducationalOrganization\",\"@id\":\"https:\/\/www.inseec.com\/#organization\",\"name\":\"INSEEC\",\"description\":\"\",\"url\":\"https:\/\/www.inseec.com\/\",\"logo\":\"https:\/\/www.inseec.com\/wp-content\/uploads\/sites\/32\/2025\/11\/logo.svg\",\"image\":[\"https:\/\/www.inseec.com\/wp-content\/uploads\/sites\/32\/2025\/11\/campus-hero-barcelone-inseec.jpg\",\"https:\/\/www.inseec.com\/wp-content\/uploads\/sites\/32\/2025\/11\/campus-barcelone-inseec-ville-basilique-notre-dame-de-fourviere.jpg\",\"https:\/\/www.inseec.com\/wp-content\/uploads\/sites\/32\/2025\/11\/campus-barcelone-inseec-photo-portrait.jpg\",\"https:\/\/www.inseec.com\/wp-content\/uploads\/sites\/32\/2025\/11\/campus-slider-vr-campus-barcelone-inseec-etudiants-cours-petite-salle.jpg\",\"https:\/\/www.inseec.com\/wp-content\/uploads\/sites\/32\/2025\/11\/campus-hero-munich-inseec.jpg\",\"https:\/\/www.inseec.com\/wp-content\/uploads\/sites\/32\/2025\/11\/campus-munich-inseec-ville-basilique-notre-dame-de-fourviere.jpg\",\"https:\/\/www.inseec.com\/wp-content\/uploads\/sites\/32\/2025\/11\/campus-hero-munich-inseec.jpg\",\"https:\/\/www.inseec.com\/wp-content\/uploads\/sites\/32\/2025\/11\/campus-slider-vr-campus-munich-inseec-etudiants-theatre-les-celestins.jpg\",\"https:\/\/www.inseec.com\/wp-content\/uploads\/sites\/32\/2025\/11\/campus-hero-londres-inseec.jpg\",\"https:\/\/www.inseec.com\/wp-content\/uploads\/sites\/32\/2025\/11\/campus-londres-inseec-ville-basilique-notre-dame-de-fourviere.jpg\",\"https:\/\/www.inseec.com\/wp-content\/uploads\/sites\/32\/2025\/11\/campus-hero-londres-inseec.jpg\",\"https:\/\/www.inseec.com\/wp-content\/uploads\/sites\/32\/2025\/12\/campus-slider-vr-campus-londres-inseec-bibliotheque.jpg\",\"https:\/\/www.inseec.com\/wp-content\/uploads\/sites\/32\/2025\/11\/campus-hero-chambery-inseec-resize.jpg\",\"https:\/\/www.inseec.com\/wp-content\/uploads\/sites\/32\/2025\/11\/campus-chambery-inseec-ville-horloge.jpg\",\"https:\/\/www.inseec.com\/wp-content\/uploads\/sites\/32\/2025\/11\/campus-slider-vr-campus-chambery-inseec-exterieur.jpg\",\"https:\/\/www.inseec.com\/wp-content\/uploads\/sites\/32\/2025\/11\/campus-slider-vr-campus-chambery-inseec-salle-detente.jpg\",\"https:\/\/www.inseec.com\/wp-content\/uploads\/sites\/32\/2025\/11\/campus-hero-toulouse-inseec.jpg\",\"https:\/\/www.inseec.com\/wp-content\/uploads\/sites\/32\/2025\/11\/campus-toulouse-inseec-photo-portrait.jpg\",\"https:\/\/www.inseec.com\/wp-content\/uploads\/sites\/32\/2025\/11\/campus-slider-vr-campus-toulouse-inseec-projet-de-groupe.jpg\",\"https:\/\/www.inseec.com\/wp-content\/uploads\/sites\/32\/2025\/11\/campus-slider-vr-campus-toulouse-inseec-etudiants-amphitheatre.jpg\",\"https:\/\/www.inseec.com\/wp-content\/uploads\/sites\/32\/2025\/11\/campus-hero-monaco-inseec.jpg\",\"https:\/\/www.inseec.com\/wp-content\/uploads\/sites\/32\/2025\/12\/INSEEC-Monaco-campus.webp\",\"https:\/\/www.inseec.com\/wp-content\/uploads\/sites\/32\/2025\/11\/campus-hero-monaco-inseec.jpg\",\"https:\/\/www.inseec.com\/wp-content\/uploads\/sites\/32\/2025\/11\/campus-monaco-inseec-mosaic-amis.jpg\",\"https:\/\/www.inseec.com\/wp-content\/uploads\/sites\/32\/2025\/11\/campus-hero-online-inseec.jpg\",\"https:\/\/www.inseec.com\/wp-content\/uploads\/sites\/32\/2025\/11\/guide-metier-inseec-photo-illustration-chef-de-publicite_d1bf22.jpg\",\"https:\/\/www.inseec.com\/wp-content\/uploads\/sites\/32\/2025\/11\/guide-metier-inseec-hero-chef-de-projet-evenementiel.jpg\",\"https:\/\/www.inseec.com\/wp-content\/uploads\/sites\/32\/2025\/11\/guide-metier-inseec-hero-chef-de-produit-sportif.jpg\",\"https:\/\/www.inseec.com\/wp-content\/uploads\/sites\/32\/2025\/11\/campus-hero-beaune-inseec.jpg\",\"https:\/\/www.inseec.com\/wp-content\/uploads\/sites\/32\/2025\/11\/campus-beaune-inseec-ville-cave-a-vin.jpg\",\"https:\/\/www.inseec.com\/wp-content\/uploads\/sites\/32\/2025\/11\/campus-slider-vr-campus-beaune-inseec-groupe-etudiants.jpg\",\"https:\/\/www.inseec.com\/wp-content\/uploads\/sites\/32\/2025\/11\/campus-slider-vr-campus-beaune-inseec-etudiants-1.jpg\",\"https:\/\/www.inseec.com\/wp-content\/uploads\/sites\/32\/2025\/11\/campus-hero-marseille-inseec.jpg\",\"https:\/\/www.inseec.com\/wp-content\/uploads\/sites\/32\/2023\/07\/campus2025-marseille.png\",\"https:\/\/www.inseec.com\/wp-content\/uploads\/sites\/32\/2025\/11\/campus-slider-vr-campus-marseille-inseec-canapes-detente.jpg\",\"https:\/\/www.inseec.com\/wp-content\/uploads\/sites\/32\/2025\/11\/campus-slider-vr-campus-marseille-inseec-salle-commune.jpg\",\"https:\/\/www.inseec.com\/wp-content\/uploads\/sites\/32\/2025\/11\/campus-hero-rennes-inseec.jpg\",\"https:\/\/www.inseec.com\/wp-content\/uploads\/sites\/32\/2025\/11\/campus-rennes-inseec-photo-portrait.jpg\",\"https:\/\/www.inseec.com\/wp-content\/uploads\/sites\/32\/2025\/11\/campus-rennes-inseec-mosaic-alcove-repos.jpg\",\"https:\/\/www.inseec.com\/wp-content\/uploads\/sites\/32\/2025\/11\/campus-rennes-inseec-amphitheatre-etudiantes.jpg\",\"https:\/\/www.inseec.com\/wp-content\/uploads\/sites\/32\/2025\/11\/campus-hero-lyon-inseec.webp\",\"https:\/\/www.inseec.com\/wp-content\/uploads\/sites\/32\/2025\/11\/campus-lyon-inseec-photo-portrait.jpg\",\"https:\/\/www.inseec.com\/wp-content\/uploads\/sites\/32\/2025\/11\/campus-slider-vr-campus-lyon-inseec-dalle-detente.jpg\",\"https:\/\/www.inseec.com\/wp-content\/uploads\/sites\/32\/2025\/11\/campus-slider-vr-campus-lyon-inseec-lion-rouge-hall.jpg\",\"https:\/\/www.inseec.com\/wp-content\/uploads\/sites\/32\/2025\/11\/campus-hero-bordeaux-inseec.jpg\",\"https:\/\/www.inseec.com\/wp-content\/uploads\/sites\/32\/2024\/03\/Campus-Bordeaux-Photo-1.jpg\",\"https:\/\/www.inseec.com\/wp-content\/uploads\/sites\/32\/2025\/11\/campus-bordeaux-inseec-cafeteria.jpg\",\"https:\/\/www.inseec.com\/wp-content\/uploads\/sites\/32\/2025\/11\/campus-bordeaux-inseec-terrasse-bord-garonne.jpg\",\"https:\/\/www.inseec.com\/wp-content\/uploads\/sites\/32\/2025\/11\/campus-paris.jpg\",\"https:\/\/www.inseec.com\/wp-content\/uploads\/sites\/32\/2025\/11\/campus-paris-eiffel-inseec-portrait.jpg\",\"https:\/\/www.inseec.com\/wp-content\/uploads\/sites\/32\/2025\/11\/campus-paris-vellefaux-inseec-cafeteria.jpg\",\"https:\/\/www.inseec.com\/wp-content\/uploads\/sites\/32\/2025\/11\/campus-slider-vr-campus-paris-la-defense-inseec-salle-detente.jpg\",\"https:\/\/www.inseec.com\/wp-content\/uploads\/sites\/32\/2025\/11\/campus-hero-londres-inseec.jpg\",\"https:\/\/www.inseec.com\/wp-content\/uploads\/sites\/32\/2025\/11\/campus-londres-inseec-ville-basilique-notre-dame-de-fourviere.jpg\",\"https:\/\/www.inseec.com\/wp-content\/uploads\/sites\/32\/2025\/11\/campus-hero-londres-inseec.jpg\",\"https:\/\/www.inseec.com\/wp-content\/uploads\/sites\/32\/2025\/12\/campus-slider-vr-campus-londres-inseec-bibliotheque.jpg\",\"https:\/\/www.inseec.com\/wp-content\/uploads\/sites\/32\/2025\/11\/campus-hero-monaco-inseec.jpg\",\"https:\/\/www.inseec.com\/wp-content\/uploads\/sites\/32\/2025\/12\/INSEEC-Monaco-campus.webp\",\"https:\/\/www.inseec.com\/wp-content\/uploads\/sites\/32\/2025\/11\/campus-hero-monaco-inseec.jpg\",\"https:\/\/www.inseec.com\/wp-content\/uploads\/sites\/32\/2025\/11\/campus-monaco-inseec-mosaic-amis.jpg\",\"https:\/\/www.inseec.com\/wp-content\/uploads\/sites\/32\/2025\/11\/campus-hero-munich-inseec.jpg\",\"https:\/\/www.inseec.com\/wp-content\/uploads\/sites\/32\/2025\/11\/campus-munich-inseec-ville-basilique-notre-dame-de-fourviere.jpg\",\"https:\/\/www.inseec.com\/wp-content\/uploads\/sites\/32\/2025\/11\/campus-hero-munich-inseec.jpg\",\"https:\/\/www.inseec.com\/wp-content\/uploads\/sites\/32\/2025\/11\/campus-slider-vr-campus-munich-inseec-etudiants-theatre-les-celestins.jpg\",\"https:\/\/www.inseec.com\/wp-content\/uploads\/sites\/32\/2025\/11\/campus-hero-barcelone-inseec.jpg\",\"https:\/\/www.inseec.com\/wp-content\/uploads\/sites\/32\/2025\/11\/campus-barcelone-inseec-ville-basilique-notre-dame-de-fourviere.jpg\",\"https:\/\/www.inseec.com\/wp-content\/uploads\/sites\/32\/2025\/11\/campus-barcelone-inseec-photo-portrait.jpg\",\"https:\/\/www.inseec.com\/wp-content\/uploads\/sites\/32\/2025\/11\/campus-slider-vr-campus-barcelone-inseec-etudiants-cours-petite-salle.jpg\",\"https:\/\/www.inseec.com\/wp-content\/uploads\/sites\/32\/2025\/11\/campus-hero-online-inseec.jpg\",\"https:\/\/www.inseec.com\/wp-content\/uploads\/sites\/32\/2025\/11\/guide-metier-inseec-photo-illustration-chef-de-publicite_d1bf22.jpg\",\"https:\/\/www.inseec.com\/wp-content\/uploads\/sites\/32\/2025\/11\/guide-metier-inseec-hero-chef-de-projet-evenementiel.jpg\",\"https:\/\/www.inseec.com\/wp-content\/uploads\/sites\/32\/2025\/11\/guide-metier-inseec-hero-chef-de-produit-sportif.jpg\",\"https:\/\/www.inseec.com\/wp-content\/uploads\/sites\/32\/2025\/11\/campus-hero-toulouse-inseec.jpg\",\"https:\/\/www.inseec.com\/wp-content\/uploads\/sites\/32\/2025\/11\/campus-toulouse-inseec-photo-portrait.jpg\",\"https:\/\/www.inseec.com\/wp-content\/uploads\/sites\/32\/2025\/11\/campus-slider-vr-campus-toulouse-inseec-projet-de-groupe.jpg\",\"https:\/\/www.inseec.com\/wp-content\/uploads\/sites\/32\/2025\/11\/campus-slider-vr-campus-toulouse-inseec-etudiants-amphitheatre.jpg\",\"https:\/\/www.inseec.com\/wp-content\/uploads\/sites\/32\/2025\/11\/campus-hero-marseille-inseec.jpg\",\"https:\/\/www.inseec.com\/wp-content\/uploads\/sites\/32\/2025\/11\/campus-marseille-inseec-photo-portrait.jpg\",\"https:\/\/www.inseec.com\/wp-content\/uploads\/sites\/32\/2025\/11\/campus-slider-vr-campus-marseille-inseec-canapes-detente.jpg\",\"https:\/\/www.inseec.com\/wp-content\/uploads\/sites\/32\/2025\/11\/campus-slider-vr-campus-marseille-inseec-salle-commune.jpg\",\"https:\/\/www.inseec.com\/wp-content\/uploads\/sites\/32\/2025\/11\/campus-hero-rennes-inseec.jpg\",\"https:\/\/www.inseec.com\/wp-content\/uploads\/sites\/32\/2025\/11\/campus-rennes-inseec-photo-portrait.jpg\",\"https:\/\/www.inseec.com\/wp-content\/uploads\/sites\/32\/2025\/11\/campus-rennes-inseec-mosaic-alcove-repos.jpg\",\"https:\/\/www.inseec.com\/wp-content\/uploads\/sites\/32\/2025\/11\/campus-rennes-inseec-amphitheatre-etudiantes.jpg\",\"https:\/\/www.inseec.com\/wp-content\/uploads\/sites\/32\/2025\/11\/campus-hero-chambery-inseec-resize.jpg\",\"https:\/\/www.inseec.com\/wp-content\/uploads\/sites\/32\/2025\/11\/campus-chambery-inseec-ville-horloge.jpg\",\"https:\/\/www.inseec.com\/wp-content\/uploads\/sites\/32\/2025\/11\/campus-slider-vr-campus-chambery-inseec-exterieur.jpg\",\"https:\/\/www.inseec.com\/wp-content\/uploads\/sites\/32\/2025\/11\/campus-slider-vr-campus-chambery-inseec-salle-detente.jpg\",\"https:\/\/www.inseec.com\/wp-content\/uploads\/sites\/32\/2025\/11\/campus-hero-beaune-inseec.jpg\",\"https:\/\/www.inseec.com\/wp-content\/uploads\/sites\/32\/2025\/11\/campus-beaune-inseec-ville-cave-a-vin.jpg\",\"https:\/\/www.inseec.com\/wp-content\/uploads\/sites\/32\/2025\/11\/campus-slider-vr-campus-beaune-inseec-groupe-etudiants.jpg\",\"https:\/\/www.inseec.com\/wp-content\/uploads\/sites\/32\/2025\/11\/campus-slider-vr-campus-beaune-inseec-etudiants-1.jpg\",\"https:\/\/www.inseec.com\/wp-content\/uploads\/sites\/32\/2025\/11\/campus-hero-bordeaux-inseec.jpg\",\"https:\/\/www.inseec.com\/wp-content\/uploads\/sites\/32\/2025\/11\/campus-bordeaux-inseec-facade.jpg\",\"https:\/\/www.inseec.com\/wp-content\/uploads\/sites\/32\/2025\/11\/campus-bordeaux-inseec-cafeteria.jpg\",\"https:\/\/www.inseec.com\/wp-content\/uploads\/sites\/32\/2025\/11\/campus-bordeaux-inseec-terrasse-bord-garonne.jpg\",\"https:\/\/www.inseec.com\/wp-content\/uploads\/sites\/32\/2025\/11\/campus-hero-lyon-inseec.webp\",\"https:\/\/www.inseec.com\/wp-content\/uploads\/sites\/32\/2025\/11\/campus-lyon-inseec-photo-portrait.jpg\",\"https:\/\/www.inseec.com\/wp-content\/uploads\/sites\/32\/2025\/11\/campus-slider-vr-campus-lyon-inseec-dalle-detente.jpg\",\"https:\/\/www.inseec.com\/wp-content\/uploads\/sites\/32\/2025\/11\/campus-slider-vr-campus-lyon-inseec-lion-rouge-hall.jpg\",\"https:\/\/www.inseec.com\/wp-content\/uploads\/sites\/32\/2025\/11\/campus-paris.jpg\",\"https:\/\/www.inseec.com\/wp-content\/uploads\/sites\/32\/2025\/11\/campus-paris-eiffel-inseec-portrait.jpg\",\"https:\/\/www.inseec.com\/wp-content\/uploads\/sites\/32\/2025\/11\/campus-paris-vellefaux-inseec-cafeteria.jpg\",\"https:\/\/www.inseec.com\/wp-content\/uploads\/sites\/32\/2025\/11\/campus-slider-vr-campus-paris-la-defense-inseec-salle-detente.jpg\"],\"foundingDate\":\"\",\"memberOf\":\"OMNES Education\",\"alumni\":[{\"@type\":\"Person\",\"name\":\"Lasmak Said\",\"description\":\"CEO & Cofounder\"},{\"@type\":\"Person\",\"name\":\"Dauchy Xavier\",\"description\":\"Chief Financial Officer\"},{\"@type\":\"Person\",\"name\":\"Bordeaux Thomas\",\"description\":\"Regional Manager Grand Lyon\"},{\"@type\":\"Person\",\"name\":\"Quillot Romain\",\"description\":\"Co-founder\"},{\"@type\":\"Person\",\"name\":\"Rakotomalala Rindra\",\"description\":\"Head of International Relations\"},{\"@type\":\"Person\",\"name\":\"Lacroix Oscar\",\"description\":\"Partner\"},{\"@type\":\"Person\",\"name\":\"Moderan Olivia\",\"description\":\"Manager for the Paris-South area\"},{\"@type\":\"Person\",\"name\":\"Abdelhalim Nabil\",\"description\":\"Industry Manager\"},{\"@type\":\"Person\",\"name\":\"Duhalde M\u00e9lissa\",\"description\":\"Operational Marketing Product Manager \"},{\"@type\":\"Person\",\"name\":\"M. Matthieu\",\"description\":\"Commercial real estate consultant\"},{\"@type\":\"Person\",\"name\":\"Lusset Marie-Amandine\",\"description\":\"Communications consultant\"},{\"@type\":\"Person\",\"name\":\"R. Lo\u00efc\",\"description\":\"Entrepreneur\"},{\"@type\":\"Person\",\"name\":\"Soskin Lise\",\"description\":\"RevOps\"},{\"@type\":\"Person\",\"name\":\"Estrade Guillaume\",\"description\":\"Regional Manager Grand Lyon\"},{\"@type\":\"Person\",\"name\":\"P. Clara\",\"description\":\"Head of Digital Communications EMEA\"},{\"@type\":\"Person\",\"name\":\"Serryus C\u00e9sar\",\"description\":\"Founder\"},{\"@type\":\"Person\",\"name\":\"Onimus Aur\u00e9lien\",\"description\":\"CEO\"},{\"@type\":\"Person\",\"name\":\"B. Anne-Caroline B.\",\"description\":\"Marketing & Communications Project Manager\"},{\"@type\":\"Person\",\"name\":\"Azim Ana\u00efs\",\"description\":\"Business Controller - Industry Unit\"},{\"@type\":\"Person\",\"name\":\"Viallet Nouhant Alexandre\",\"description\":\"Chief Executive Officer\"},{\"@type\":\"Person\",\"name\":\"Ikouirene Adam\",\"description\":\"Student commercial placement\"}],\"department\":[\"Bachelor\",\"Bachelor\",\"BBA\",\"BBA\",\"BTS\",\"BTS\",\"Grande \u00c9cole\",\"Grande \u00c9cole\",\"International\",\"International\",\"MSc\",\"MSc\"],\"hasCredential\":[\"Bachelor\",\"Bachelor\",\"BBA\",\"BBA\",\"BTS\",\"BTS\",\"Grande \u00c9cole\",\"Grande \u00c9cole\",\"International\",\"International\",\"MSc\",\"MSc\"]}]}<\/script>","yoast_head_json":{"title":"Bachelor International - INSEEC","description":"D\u00e9couvrez les Bachelors International de l\u2019INSEEC : une sp\u00e9cialisation professionnalisante en alternance sur nos campus de Paris, Lyon et plus.","robots":{"index":"index","follow":"follow","max-snippet":"max-snippet:-1","max-image-preview":"max-image-preview:large","max-video-preview":"max-video-preview:-1"},"canonical":"https:\/\/www.inseec.com\/bachelor\/bachelor-international\/","og_locale":"fr_FR","og_type":"article","og_title":"Bachelor International - INSEEC","og_description":"D\u00e9couvrez les Bachelors International de l\u2019INSEEC : une sp\u00e9cialisation professionnalisante en alternance sur nos campus de Paris, Lyon et plus.","og_url":"https:\/\/www.inseec.com\/bachelor\/bachelor-international\/","og_site_name":"INSEEC","article_modified_time":"2025-12-11T16:41:30+00:00","og_image":[{"width":495,"height":279,"url":"https:\/\/omneseducation.net\/inseec-2025\/wp-content\/uploads\/sites\/32\/2025\/12\/specialisation-international-inseec-bachelor.jpg","type":"image\/jpeg"}],"twitter_card":"summary_large_image","twitter_misc":{"Est. reading time":"6 minutes"},"schema":{"@context":"https:\/\/schema.org","@graph":[{"@type":"WebPage","@id":"https:\/\/www.inseec.com\/bachelor\/bachelor-international\/","url":"https:\/\/www.inseec.com\/bachelor\/bachelor-international\/","name":"Bachelor International - INSEEC","isPartOf":{"@id":"https:\/\/www.inseec.com\/#website"},"primaryImageOfPage":{"@id":"https:\/\/www.inseec.com\/bachelor\/bachelor-international\/#primaryimage"},"image":{"@id":"https:\/\/www.inseec.com\/bachelor\/bachelor-international\/#primaryimage"},"thumbnailUrl":"https:\/\/www.inseec.com\/wp-content\/uploads\/sites\/32\/2025\/12\/specialisation-international-inseec-bachelor.jpg","datePublished":"2025-12-05T09:36:03+00:00","dateModified":"2025-12-11T16:41:30+00:00","description":"D\u00e9couvrez les Bachelors International de l\u2019INSEEC : une sp\u00e9cialisation professionnalisante en alternance sur nos campus de Paris, Lyon et plus.","breadcrumb":{"@id":"https:\/\/www.inseec.com\/bachelor\/bachelor-international\/#breadcrumb"},"inLanguage":"fr-FR","potentialAction":[{"@type":"ReadAction","target":["https:\/\/www.inseec.com\/bachelor\/bachelor-international\/"]}]},{"@type":"ImageObject","inLanguage":"fr-FR","@id":"https:\/\/www.inseec.com\/bachelor\/bachelor-international\/#primaryimage","url":"https:\/\/www.inseec.com\/wp-content\/uploads\/sites\/32\/2025\/12\/specialisation-international-inseec-bachelor.jpg","contentUrl":"https:\/\/www.inseec.com\/wp-content\/uploads\/sites\/32\/2025\/12\/specialisation-international-inseec-bachelor.jpg","width":495,"height":279,"caption":"Image d\u2019illustration de la sp\u00e9cialisation International de l\u2019INSEEC Bachelor de l\u2019\u00e9cole de commerce INSEEC"},{"@type":"BreadcrumbList","@id":"https:\/\/www.inseec.com\/bachelor\/bachelor-international\/#breadcrumb","itemListElement":[{"@type":"ListItem","position":1,"name":"Home","item":"https:\/\/www.inseec.com\/"},{"@type":"ListItem","position":2,"name":"Bachelor International"}]},{"@type":"WebSite","@id":"https:\/\/www.inseec.com\/#website","url":"https:\/\/www.inseec.com\/","name":"INSEEC","description":"","publisher":{"@id":"https:\/\/www.inseec.com\/#organization"},"potentialAction":[{"@type":"SearchAction","target":{"@type":"EntryPoint","urlTemplate":"https:\/\/www.inseec.com\/?s={search_term_string}"},"query-input":{"@type":"PropertyValueSpecification","valueRequired":true,"valueName":"search_term_string"}}],"inLanguage":"fr-FR"},{"@type":"Organization","@id":"https:\/\/www.inseec.com\/#organization","name":"INSEEC","url":"https:\/\/www.inseec.com\/","logo":{"@type":"ImageObject","inLanguage":"fr-FR","@id":"https:\/\/www.inseec.com\/#\/schema\/logo\/image\/","url":"https:\/\/www.inseec.com\/wp-content\/uploads\/sites\/32\/2025\/11\/logo.svg","contentUrl":"https:\/\/www.inseec.com\/wp-content\/uploads\/sites\/32\/2025\/11\/logo.svg","width":173,"height":36,"caption":"INSEEC"},"image":{"@id":"https:\/\/www.inseec.com\/#\/schema\/logo\/image\/"}},{"@context":"https:\/\/schema.org","@type":"EducationalOrganization","@id":"https:\/\/www.inseec.com\/#organization","name":"INSEEC","description":"","url":"https:\/\/www.inseec.com\/","logo":"https:\/\/www.inseec.com\/wp-content\/uploads\/sites\/32\/2025\/11\/logo.svg","image":["https:\/\/www.inseec.com\/wp-content\/uploads\/sites\/32\/2025\/11\/campus-hero-barcelone-inseec.jpg","https:\/\/www.inseec.com\/wp-content\/uploads\/sites\/32\/2025\/11\/campus-barcelone-inseec-ville-basilique-notre-dame-de-fourviere.jpg","https:\/\/www.inseec.com\/wp-content\/uploads\/sites\/32\/2025\/11\/campus-barcelone-inseec-photo-portrait.jpg","https:\/\/www.inseec.com\/wp-content\/uploads\/sites\/32\/2025\/11\/campus-slider-vr-campus-barcelone-inseec-etudiants-cours-petite-salle.jpg","https:\/\/www.inseec.com\/wp-content\/uploads\/sites\/32\/2025\/11\/campus-hero-munich-inseec.jpg","https:\/\/www.inseec.com\/wp-content\/uploads\/sites\/32\/2025\/11\/campus-munich-inseec-ville-basilique-notre-dame-de-fourviere.jpg","https:\/\/www.inseec.com\/wp-content\/uploads\/sites\/32\/2025\/11\/campus-hero-munich-inseec.jpg","https:\/\/www.inseec.com\/wp-content\/uploads\/sites\/32\/2025\/11\/campus-slider-vr-campus-munich-inseec-etudiants-theatre-les-celestins.jpg","https:\/\/www.inseec.com\/wp-content\/uploads\/sites\/32\/2025\/11\/campus-hero-londres-inseec.jpg","https:\/\/www.inseec.com\/wp-content\/uploads\/sites\/32\/2025\/11\/campus-londres-inseec-ville-basilique-notre-dame-de-fourviere.jpg","https:\/\/www.inseec.com\/wp-content\/uploads\/sites\/32\/2025\/11\/campus-hero-londres-inseec.jpg","https:\/\/www.inseec.com\/wp-content\/uploads\/sites\/32\/2025\/12\/campus-slider-vr-campus-londres-inseec-bibliotheque.jpg","https:\/\/www.inseec.com\/wp-content\/uploads\/sites\/32\/2025\/11\/campus-hero-chambery-inseec-resize.jpg","https:\/\/www.inseec.com\/wp-content\/uploads\/sites\/32\/2025\/11\/campus-chambery-inseec-ville-horloge.jpg","https:\/\/www.inseec.com\/wp-content\/uploads\/sites\/32\/2025\/11\/campus-slider-vr-campus-chambery-inseec-exterieur.jpg","https:\/\/www.inseec.com\/wp-content\/uploads\/sites\/32\/2025\/11\/campus-slider-vr-campus-chambery-inseec-salle-detente.jpg","https:\/\/www.inseec.com\/wp-content\/uploads\/sites\/32\/2025\/11\/campus-hero-toulouse-inseec.jpg","https:\/\/www.inseec.com\/wp-content\/uploads\/sites\/32\/2025\/11\/campus-toulouse-inseec-photo-portrait.jpg","https:\/\/www.inseec.com\/wp-content\/uploads\/sites\/32\/2025\/11\/campus-slider-vr-campus-toulouse-inseec-projet-de-groupe.jpg","https:\/\/www.inseec.com\/wp-content\/uploads\/sites\/32\/2025\/11\/campus-slider-vr-campus-toulouse-inseec-etudiants-amphitheatre.jpg","https:\/\/www.inseec.com\/wp-content\/uploads\/sites\/32\/2025\/11\/campus-hero-monaco-inseec.jpg","https:\/\/www.inseec.com\/wp-content\/uploads\/sites\/32\/2025\/12\/INSEEC-Monaco-campus.webp","https:\/\/www.inseec.com\/wp-content\/uploads\/sites\/32\/2025\/11\/campus-hero-monaco-inseec.jpg","https:\/\/www.inseec.com\/wp-content\/uploads\/sites\/32\/2025\/11\/campus-monaco-inseec-mosaic-amis.jpg","https:\/\/www.inseec.com\/wp-content\/uploads\/sites\/32\/2025\/11\/campus-hero-online-inseec.jpg","https:\/\/www.inseec.com\/wp-content\/uploads\/sites\/32\/2025\/11\/guide-metier-inseec-photo-illustration-chef-de-publicite_d1bf22.jpg","https:\/\/www.inseec.com\/wp-content\/uploads\/sites\/32\/2025\/11\/guide-metier-inseec-hero-chef-de-projet-evenementiel.jpg","https:\/\/www.inseec.com\/wp-content\/uploads\/sites\/32\/2025\/11\/guide-metier-inseec-hero-chef-de-produit-sportif.jpg","https:\/\/www.inseec.com\/wp-content\/uploads\/sites\/32\/2025\/11\/campus-hero-beaune-inseec.jpg","https:\/\/www.inseec.com\/wp-content\/uploads\/sites\/32\/2025\/11\/campus-beaune-inseec-ville-cave-a-vin.jpg","https:\/\/www.inseec.com\/wp-content\/uploads\/sites\/32\/2025\/11\/campus-slider-vr-campus-beaune-inseec-groupe-etudiants.jpg","https:\/\/www.inseec.com\/wp-content\/uploads\/sites\/32\/2025\/11\/campus-slider-vr-campus-beaune-inseec-etudiants-1.jpg","https:\/\/www.inseec.com\/wp-content\/uploads\/sites\/32\/2025\/11\/campus-hero-marseille-inseec.jpg","https:\/\/www.inseec.com\/wp-content\/uploads\/sites\/32\/2023\/07\/campus2025-marseille.png","https:\/\/www.inseec.com\/wp-content\/uploads\/sites\/32\/2025\/11\/campus-slider-vr-campus-marseille-inseec-canapes-detente.jpg","https:\/\/www.inseec.com\/wp-content\/uploads\/sites\/32\/2025\/11\/campus-slider-vr-campus-marseille-inseec-salle-commune.jpg","https:\/\/www.inseec.com\/wp-content\/uploads\/sites\/32\/2025\/11\/campus-hero-rennes-inseec.jpg","https:\/\/www.inseec.com\/wp-content\/uploads\/sites\/32\/2025\/11\/campus-rennes-inseec-photo-portrait.jpg","https:\/\/www.inseec.com\/wp-content\/uploads\/sites\/32\/2025\/11\/campus-rennes-inseec-mosaic-alcove-repos.jpg","https:\/\/www.inseec.com\/wp-content\/uploads\/sites\/32\/2025\/11\/campus-rennes-inseec-amphitheatre-etudiantes.jpg","https:\/\/www.inseec.com\/wp-content\/uploads\/sites\/32\/2025\/11\/campus-hero-lyon-inseec.webp","https:\/\/www.inseec.com\/wp-content\/uploads\/sites\/32\/2025\/11\/campus-lyon-inseec-photo-portrait.jpg","https:\/\/www.inseec.com\/wp-content\/uploads\/sites\/32\/2025\/11\/campus-slider-vr-campus-lyon-inseec-dalle-detente.jpg","https:\/\/www.inseec.com\/wp-content\/uploads\/sites\/32\/2025\/11\/campus-slider-vr-campus-lyon-inseec-lion-rouge-hall.jpg","https:\/\/www.inseec.com\/wp-content\/uploads\/sites\/32\/2025\/11\/campus-hero-bordeaux-inseec.jpg","https:\/\/www.inseec.com\/wp-content\/uploads\/sites\/32\/2024\/03\/Campus-Bordeaux-Photo-1.jpg","https:\/\/www.inseec.com\/wp-content\/uploads\/sites\/32\/2025\/11\/campus-bordeaux-inseec-cafeteria.jpg","https:\/\/www.inseec.com\/wp-content\/uploads\/sites\/32\/2025\/11\/campus-bordeaux-inseec-terrasse-bord-garonne.jpg","https:\/\/www.inseec.com\/wp-content\/uploads\/sites\/32\/2025\/11\/campus-paris.jpg","https:\/\/www.inseec.com\/wp-content\/uploads\/sites\/32\/2025\/11\/campus-paris-eiffel-inseec-portrait.jpg","https:\/\/www.inseec.com\/wp-content\/uploads\/sites\/32\/2025\/11\/campus-paris-vellefaux-inseec-cafeteria.jpg","https:\/\/www.inseec.com\/wp-content\/uploads\/sites\/32\/2025\/11\/campus-slider-vr-campus-paris-la-defense-inseec-salle-detente.jpg","https:\/\/www.inseec.com\/wp-content\/uploads\/sites\/32\/2025\/11\/campus-hero-londres-inseec.jpg","https:\/\/www.inseec.com\/wp-content\/uploads\/sites\/32\/2025\/11\/campus-londres-inseec-ville-basilique-notre-dame-de-fourviere.jpg","https:\/\/www.inseec.com\/wp-content\/uploads\/sites\/32\/2025\/11\/campus-hero-londres-inseec.jpg","https:\/\/www.inseec.com\/wp-content\/uploads\/sites\/32\/2025\/12\/campus-slider-vr-campus-londres-inseec-bibliotheque.jpg","https:\/\/www.inseec.com\/wp-content\/uploads\/sites\/32\/2025\/11\/campus-hero-monaco-inseec.jpg","https:\/\/www.inseec.com\/wp-content\/uploads\/sites\/32\/2025\/12\/INSEEC-Monaco-campus.webp","https:\/\/www.inseec.com\/wp-content\/uploads\/sites\/32\/2025\/11\/campus-hero-monaco-inseec.jpg","https:\/\/www.inseec.com\/wp-content\/uploads\/sites\/32\/2025\/11\/campus-monaco-inseec-mosaic-amis.jpg","https:\/\/www.inseec.com\/wp-content\/uploads\/sites\/32\/2025\/11\/campus-hero-munich-inseec.jpg","https:\/\/www.inseec.com\/wp-content\/uploads\/sites\/32\/2025\/11\/campus-munich-inseec-ville-basilique-notre-dame-de-fourviere.jpg","https:\/\/www.inseec.com\/wp-content\/uploads\/sites\/32\/2025\/11\/campus-hero-munich-inseec.jpg","https:\/\/www.inseec.com\/wp-content\/uploads\/sites\/32\/2025\/11\/campus-slider-vr-campus-munich-inseec-etudiants-theatre-les-celestins.jpg","https:\/\/www.inseec.com\/wp-content\/uploads\/sites\/32\/2025\/11\/campus-hero-barcelone-inseec.jpg","https:\/\/www.inseec.com\/wp-content\/uploads\/sites\/32\/2025\/11\/campus-barcelone-inseec-ville-basilique-notre-dame-de-fourviere.jpg","https:\/\/www.inseec.com\/wp-content\/uploads\/sites\/32\/2025\/11\/campus-barcelone-inseec-photo-portrait.jpg","https:\/\/www.inseec.com\/wp-content\/uploads\/sites\/32\/2025\/11\/campus-slider-vr-campus-barcelone-inseec-etudiants-cours-petite-salle.jpg","https:\/\/www.inseec.com\/wp-content\/uploads\/sites\/32\/2025\/11\/campus-hero-online-inseec.jpg","https:\/\/www.inseec.com\/wp-content\/uploads\/sites\/32\/2025\/11\/guide-metier-inseec-photo-illustration-chef-de-publicite_d1bf22.jpg","https:\/\/www.inseec.com\/wp-content\/uploads\/sites\/32\/2025\/11\/guide-metier-inseec-hero-chef-de-projet-evenementiel.jpg","https:\/\/www.inseec.com\/wp-content\/uploads\/sites\/32\/2025\/11\/guide-metier-inseec-hero-chef-de-produit-sportif.jpg","https:\/\/www.inseec.com\/wp-content\/uploads\/sites\/32\/2025\/11\/campus-hero-toulouse-inseec.jpg","https:\/\/www.inseec.com\/wp-content\/uploads\/sites\/32\/2025\/11\/campus-toulouse-inseec-photo-portrait.jpg","https:\/\/www.inseec.com\/wp-content\/uploads\/sites\/32\/2025\/11\/campus-slider-vr-campus-toulouse-inseec-projet-de-groupe.jpg","https:\/\/www.inseec.com\/wp-content\/uploads\/sites\/32\/2025\/11\/campus-slider-vr-campus-toulouse-inseec-etudiants-amphitheatre.jpg","https:\/\/www.inseec.com\/wp-content\/uploads\/sites\/32\/2025\/11\/campus-hero-marseille-inseec.jpg","https:\/\/www.inseec.com\/wp-content\/uploads\/sites\/32\/2025\/11\/campus-marseille-inseec-photo-portrait.jpg","https:\/\/www.inseec.com\/wp-content\/uploads\/sites\/32\/2025\/11\/campus-slider-vr-campus-marseille-inseec-canapes-detente.jpg","https:\/\/www.inseec.com\/wp-content\/uploads\/sites\/32\/2025\/11\/campus-slider-vr-campus-marseille-inseec-salle-commune.jpg","https:\/\/www.inseec.com\/wp-content\/uploads\/sites\/32\/2025\/11\/campus-hero-rennes-inseec.jpg","https:\/\/www.inseec.com\/wp-content\/uploads\/sites\/32\/2025\/11\/campus-rennes-inseec-photo-portrait.jpg","https:\/\/www.inseec.com\/wp-content\/uploads\/sites\/32\/2025\/11\/campus-rennes-inseec-mosaic-alcove-repos.jpg","https:\/\/www.inseec.com\/wp-content\/uploads\/sites\/32\/2025\/11\/campus-rennes-inseec-amphitheatre-etudiantes.jpg","https:\/\/www.inseec.com\/wp-content\/uploads\/sites\/32\/2025\/11\/campus-hero-chambery-inseec-resize.jpg","https:\/\/www.inseec.com\/wp-content\/uploads\/sites\/32\/2025\/11\/campus-chambery-inseec-ville-horloge.jpg","https:\/\/www.inseec.com\/wp-content\/uploads\/sites\/32\/2025\/11\/campus-slider-vr-campus-chambery-inseec-exterieur.jpg","https:\/\/www.inseec.com\/wp-content\/uploads\/sites\/32\/2025\/11\/campus-slider-vr-campus-chambery-inseec-salle-detente.jpg","https:\/\/www.inseec.com\/wp-content\/uploads\/sites\/32\/2025\/11\/campus-hero-beaune-inseec.jpg","https:\/\/www.inseec.com\/wp-content\/uploads\/sites\/32\/2025\/11\/campus-beaune-inseec-ville-cave-a-vin.jpg","https:\/\/www.inseec.com\/wp-content\/uploads\/sites\/32\/2025\/11\/campus-slider-vr-campus-beaune-inseec-groupe-etudiants.jpg","https:\/\/www.inseec.com\/wp-content\/uploads\/sites\/32\/2025\/11\/campus-slider-vr-campus-beaune-inseec-etudiants-1.jpg","https:\/\/www.inseec.com\/wp-content\/uploads\/sites\/32\/2025\/11\/campus-hero-bordeaux-inseec.jpg","https:\/\/www.inseec.com\/wp-content\/uploads\/sites\/32\/2025\/11\/campus-bordeaux-inseec-facade.jpg","https:\/\/www.inseec.com\/wp-content\/uploads\/sites\/32\/2025\/11\/campus-bordeaux-inseec-cafeteria.jpg","https:\/\/www.inseec.com\/wp-content\/uploads\/sites\/32\/2025\/11\/campus-bordeaux-inseec-terrasse-bord-garonne.jpg","https:\/\/www.inseec.com\/wp-content\/uploads\/sites\/32\/2025\/11\/campus-hero-lyon-inseec.webp","https:\/\/www.inseec.com\/wp-content\/uploads\/sites\/32\/2025\/11\/campus-lyon-inseec-photo-portrait.jpg","https:\/\/www.inseec.com\/wp-content\/uploads\/sites\/32\/2025\/11\/campus-slider-vr-campus-lyon-inseec-dalle-detente.jpg","https:\/\/www.inseec.com\/wp-content\/uploads\/sites\/32\/2025\/11\/campus-slider-vr-campus-lyon-inseec-lion-rouge-hall.jpg","https:\/\/www.inseec.com\/wp-content\/uploads\/sites\/32\/2025\/11\/campus-paris.jpg","https:\/\/www.inseec.com\/wp-content\/uploads\/sites\/32\/2025\/11\/campus-paris-eiffel-inseec-portrait.jpg","https:\/\/www.inseec.com\/wp-content\/uploads\/sites\/32\/2025\/11\/campus-paris-vellefaux-inseec-cafeteria.jpg","https:\/\/www.inseec.com\/wp-content\/uploads\/sites\/32\/2025\/11\/campus-slider-vr-campus-paris-la-defense-inseec-salle-detente.jpg"],"foundingDate":"","memberOf":"OMNES Education","alumni":[{"@type":"Person","name":"Lasmak Said","description":"CEO & Cofounder"},{"@type":"Person","name":"Dauchy Xavier","description":"Chief Financial Officer"},{"@type":"Person","name":"Bordeaux Thomas","description":"Regional Manager Grand Lyon"},{"@type":"Person","name":"Quillot Romain","description":"Co-founder"},{"@type":"Person","name":"Rakotomalala Rindra","description":"Head of International Relations"},{"@type":"Person","name":"Lacroix Oscar","description":"Partner"},{"@type":"Person","name":"Moderan Olivia","description":"Manager for the Paris-South area"},{"@type":"Person","name":"Abdelhalim Nabil","description":"Industry Manager"},{"@type":"Person","name":"Duhalde M\u00e9lissa","description":"Operational Marketing Product Manager "},{"@type":"Person","name":"M. Matthieu","description":"Commercial real estate consultant"},{"@type":"Person","name":"Lusset Marie-Amandine","description":"Communications consultant"},{"@type":"Person","name":"R. Lo\u00efc","description":"Entrepreneur"},{"@type":"Person","name":"Soskin Lise","description":"RevOps"},{"@type":"Person","name":"Estrade Guillaume","description":"Regional Manager Grand Lyon"},{"@type":"Person","name":"P. Clara","description":"Head of Digital Communications EMEA"},{"@type":"Person","name":"Serryus C\u00e9sar","description":"Founder"},{"@type":"Person","name":"Onimus Aur\u00e9lien","description":"CEO"},{"@type":"Person","name":"B. Anne-Caroline B.","description":"Marketing & Communications Project Manager"},{"@type":"Person","name":"Azim Ana\u00efs","description":"Business Controller - Industry Unit"},{"@type":"Person","name":"Viallet Nouhant Alexandre","description":"Chief Executive Officer"},{"@type":"Person","name":"Ikouirene Adam","description":"Student commercial placement"}],"department":["Bachelor","Bachelor","BBA","BBA","BTS","BTS","Grande \u00c9cole","Grande \u00c9cole","International","International","MSc","MSc"],"hasCredential":["Bachelor","Bachelor","BBA","BBA","BTS","BTS","Grande \u00c9cole","Grande \u00c9cole","International","International","MSc","MSc"]}]}},"lang":"fr","translations":{"fr":2008,"en":87900},"jetpack_sharing_enabled":true,"pll_sync_post":[],"_links":{"self":[{"href":"https:\/\/www.inseec.com\/wp-json\/wp\/v2\/document\/2008","targetHints":{"allow":["GET"]}}],"collection":[{"href":"https:\/\/www.inseec.com\/wp-json\/wp\/v2\/document"}],"about":[{"href":"https:\/\/www.inseec.com\/wp-json\/wp\/v2\/types\/document"}],"wp:featuredmedia":[{"embeddable":true,"href":"https:\/\/www.inseec.com\/wp-json\/wp\/v2\/media\/87894"}],"wp:attachment":[{"href":"https:\/\/www.inseec.com\/wp-json\/wp\/v2\/media?parent=2008"}],"wp:term":[{"taxonomy":"city","embeddable":true,"href":"https:\/\/www.inseec.com\/wp-json\/wp\/v2\/city?post=2008"},{"taxonomy":"document_category","embeddable":true,"href":"https:\/\/www.inseec.com\/wp-json\/wp\/v2\/document_category?post=2008"},{"taxonomy":"document_tag","embeddable":true,"href":"https:\/\/www.inseec.com\/wp-json\/wp\/v2\/document_tag?post=2008"},{"taxonomy":"document_type","embeddable":true,"href":"https:\/\/www.inseec.com\/wp-json\/wp\/v2\/document_type?post=2008"},{"taxonomy":"school","embeddable":true,"href":"https:\/\/www.inseec.com\/wp-json\/wp\/v2\/school?post=2008"},{"taxonomy":"specialisation","embeddable":true,"href":"https:\/\/www.inseec.com\/wp-json\/wp\/v2\/specialisation?post=2008"},{"taxonomy":"analytics_tag","embeddable":true,"href":"https:\/\/www.inseec.com\/wp-json\/wp\/v2\/analytics_tag?post=2008"}],"curies":[{"name":"wp","href":"https:\/\/api.w.org\/{rel}","templated":true}]}}