{"id":2036,"date":"2025-12-05T10:36:10","date_gmt":"2025-12-05T09:36:10","guid":{"rendered":"https:\/\/www.inseec.com\/?post_type=document&#038;p=2036"},"modified":"2025-12-18T17:08:03","modified_gmt":"2025-12-18T16:08:03","slug":"bba-finance","status":"publish","type":"document","link":"https:\/\/www.inseec.com\/bba\/bba-finance\/","title":{"rendered":"BBA Finance"},"content":{"rendered":"\n<header class=\"wp-block-group alignwide wp-pattern wp-pattern-hero-document-specialization has-on-surface-color has-surface-background-color has-text-color has-background has-link-color wp-elements-78ca2e3443a6a4378ecb976ab42c329d is-nowrap is-layout-flex wp-container-core-group-is-layout-f4aabebf wp-block-group-is-layout-flex\" style=\"padding-top:0;padding-right:var(--wp--preset--spacing--6-xl);padding-bottom:0;padding-left:var(--wp--preset--spacing--6-xl)\">\n<div class=\"wp-block-group has-global-padding is-layout-constrained wp-container-core-group-is-layout-8e2ad6d4 wp-block-group-is-layout-constrained\" style=\"padding-top:var(--wp--preset--spacing--2-xl);padding-bottom:var(--wp--preset--spacing--2-xl)\">\n<div class=\"wp-block-group has-global-padding is-layout-constrained wp-container-core-group-is-layout-a82a1774 wp-block-group-is-layout-constrained\">\n<div class=\"wp-block-group has-global-padding is-layout-constrained wp-block-group-is-layout-constrained\"><h1 class=\"wp-block-post-title\">BBA Finance<\/h1><\/div>\n\n\n<div class=\"is-style-plain-default-lg wp-block-post-excerpt\"><p class=\"wp-block-post-excerpt__excerpt\">Le BBA Finance de l\u2019INSEEC pr\u00e9pare les futurs experts financiers \u00e0 piloter des d\u00e9cisions strat\u00e9giques dans des environnements dynamiques comme Paris, Lyon ou Bordeaux. <\/p><\/div><\/div>\n\n\n\n<ul class=\"wp-block-list is-style-check\">\n<li>Obtenez un dipl\u00f4me vis\u00e9 par le Minist\u00e8re de l&#8217;Enseignement Sup\u00e9rieur et de la Recherche<\/li>\n\n\n\n<li>Ma\u00eetrisez les fondamentaux de la finance internationale<\/li>\n\n\n\n<li>Analysez les donn\u00e9es pour guider les d\u00e9cisions<\/li>\n\n\n\n<li>Devenez un profil recherch\u00e9 sur le march\u00e9 global<\/li>\n<\/ul>\n<\/div>\n\n\n\n<div class=\"wp-block-group is-vertical is-layout-flex wp-container-core-group-is-layout-e7d213a0 wp-block-group-is-layout-flex\" style=\"margin-top:var(--wp--preset--spacing--4-xl)\">\n<figure class=\"wp-block-image size-full\"><img loading=\"lazy\" decoding=\"async\" width=\"480\" height=\"480\" src=\"https:\/\/www.inseec.com\/wp-content\/uploads\/sites\/32\/2025\/11\/specialisation-finance-hero-inseec-bachelor.jpg\" alt=\"\" class=\"wp-image-1421\" srcset=\"https:\/\/www.inseec.com\/wp-content\/uploads\/sites\/32\/2025\/11\/specialisation-finance-hero-inseec-bachelor.jpg 480w, https:\/\/www.inseec.com\/wp-content\/uploads\/sites\/32\/2025\/11\/specialisation-finance-hero-inseec-bachelor.jpg?resize=150,150 150w, https:\/\/www.inseec.com\/wp-content\/uploads\/sites\/32\/2025\/11\/specialisation-finance-hero-inseec-bachelor.jpg?resize=300,300 300w, https:\/\/www.inseec.com\/wp-content\/uploads\/sites\/32\/2025\/11\/specialisation-finance-hero-inseec-bachelor.jpg?resize=64,64 64w, https:\/\/www.inseec.com\/wp-content\/uploads\/sites\/32\/2025\/11\/specialisation-finance-hero-inseec-bachelor.jpg?resize=128,128 128w, https:\/\/www.inseec.com\/wp-content\/uploads\/sites\/32\/2025\/11\/specialisation-finance-hero-inseec-bachelor.jpg?resize=84,84 84w, https:\/\/www.inseec.com\/wp-content\/uploads\/sites\/32\/2025\/11\/specialisation-finance-hero-inseec-bachelor.jpg?resize=168,168 168w, https:\/\/www.inseec.com\/wp-content\/uploads\/sites\/32\/2025\/11\/specialisation-finance-hero-inseec-bachelor.jpg?resize=172,172 172w, https:\/\/www.inseec.com\/wp-content\/uploads\/sites\/32\/2025\/11\/specialisation-finance-hero-inseec-bachelor.jpg?resize=344,344 344w, https:\/\/www.inseec.com\/wp-content\/uploads\/sites\/32\/2025\/11\/specialisation-finance-hero-inseec-bachelor.jpg?resize=242,242 242w, https:\/\/www.inseec.com\/wp-content\/uploads\/sites\/32\/2025\/11\/specialisation-finance-hero-inseec-bachelor.jpg?resize=330,330 330w, https:\/\/www.inseec.com\/wp-content\/uploads\/sites\/32\/2025\/11\/specialisation-finance-hero-inseec-bachelor.jpg?resize=410,410 410w, https:\/\/www.inseec.com\/wp-content\/uploads\/sites\/32\/2025\/11\/specialisation-finance-hero-inseec-bachelor.jpg?resize=40,40 40w, https:\/\/www.inseec.com\/wp-content\/uploads\/sites\/32\/2025\/11\/specialisation-finance-hero-inseec-bachelor.jpg?resize=80,80 80w, https:\/\/www.inseec.com\/wp-content\/uploads\/sites\/32\/2025\/11\/specialisation-finance-hero-inseec-bachelor.jpg?resize=160,160 160w, https:\/\/www.inseec.com\/wp-content\/uploads\/sites\/32\/2025\/11\/specialisation-finance-hero-inseec-bachelor.jpg?resize=50,50 50w, https:\/\/www.inseec.com\/wp-content\/uploads\/sites\/32\/2025\/11\/specialisation-finance-hero-inseec-bachelor.jpg?resize=100,100 100w, https:\/\/www.inseec.com\/wp-content\/uploads\/sites\/32\/2025\/11\/specialisation-finance-hero-inseec-bachelor.jpg?resize=24,24 24w, https:\/\/www.inseec.com\/wp-content\/uploads\/sites\/32\/2025\/11\/specialisation-finance-hero-inseec-bachelor.jpg?resize=48,48 48w\" sizes=\"auto, (max-width: 480px) 100vw, 480px\" \/><\/figure>\n<\/div>\n<\/header>\n\n\n\n<div class=\"wp-block-group alignfull wp-pattern wp-pattern-metrics-cards has-global-padding is-layout-constrained wp-block-group-is-layout-constrained\" style=\"margin-top:0;margin-bottom:0;padding-top:var(--wp--preset--spacing--4-xl);padding-bottom:var(--wp--preset--spacing--4-xl)\">\n<div class=\"wp-block-group alignwide wp-pattern__inner is-layout-grid wp-container-core-group-is-layout-000af959 wp-block-group-is-layout-grid\">\n<div class=\"wp-block-group wp-pattern wp-pattern-metrics-item-card has-border-color has-outline-subtle-border-color is-vertical is-layout-flex wp-container-core-group-is-layout-ffbfb716 wp-block-group-is-layout-flex\" style=\"border-width:2px;padding-top:var(--wp--preset--spacing--2-xl);padding-right:var(--wp--preset--spacing--2-xl);padding-bottom:var(--wp--preset--spacing--2-xl);padding-left:var(--wp--preset--spacing--2-xl)\">\n<ul class=\"wp-block-beapi-icon-block is-layout-flex wp-block-icon-block-is-layout-flex\">\n<li class=\"wp-block-beapi-icon-item\"><span><svg width=\"24\" height=\"24\" viewBox=\"0 0 24 24\" version=\"1.1\" xmlns=\"http:\/\/www.w3.org\/2000\/svg\" style=\"color:var(--wp--custom--color--primary-default-primary)\" class=\"wp-block-beapi-icon-block__icon-component wp-block-beapi-icon-block__icon-component--sprite icon-building\" aria-hidden=\"true\"><use href=\"https:\/\/www.inseec.com\/wp-content\/themes\/omnes-design-system\/dist\/icons\/sprite.svg#icon-building\"><\/use><\/svg><\/span><\/li>\n<\/ul>\n\n\n\n<div class=\"wp-block-blockparty-key-figure has-on-surface-color has-text-color has-link-color wp-elements-6e9371402f6bb035f0acc2454eda5c57\"><div class=\"wp-block-blockparty-key-figure__key\"><span class=\"wp-block-blockparty-key-figure__prefix\"><\/span><span class=\"wp-block-blockparty-key-figure__number\" data-increment=\"98\">98<\/span><span class=\"wp-block-blockparty-key-figure__suffix\">%<\/span><\/div><p class=\"wp-block-blockparty-key-figure__description\">des salari\u00e9s en CDI<\/p><\/div>\n<\/div>\n\n\n\n<div class=\"wp-block-group wp-pattern wp-pattern-metrics-item-card has-border-color has-outline-subtle-border-color is-vertical is-layout-flex wp-container-core-group-is-layout-ffbfb716 wp-block-group-is-layout-flex\" style=\"border-width:2px;padding-top:var(--wp--preset--spacing--2-xl);padding-right:var(--wp--preset--spacing--2-xl);padding-bottom:var(--wp--preset--spacing--2-xl);padding-left:var(--wp--preset--spacing--2-xl)\">\n<ul class=\"wp-block-beapi-icon-block is-layout-flex wp-block-icon-block-is-layout-flex\">\n<li class=\"wp-block-beapi-icon-item\"><span><svg width=\"24\" height=\"24\" viewBox=\"0 0 24 24\" version=\"1.1\" xmlns=\"http:\/\/www.w3.org\/2000\/svg\" style=\"color:var(--wp--custom--color--primary-default-primary)\" class=\"wp-block-beapi-icon-block__icon-component wp-block-beapi-icon-block__icon-component--sprite icon-hands\" aria-hidden=\"true\"><use href=\"https:\/\/www.inseec.com\/wp-content\/themes\/omnes-design-system\/dist\/icons\/sprite.svg#icon-hands\"><\/use><\/svg><\/span><\/li>\n<\/ul>\n\n\n\n<div class=\"wp-block-blockparty-key-figure has-on-surface-color has-text-color has-link-color wp-elements-0bfd05d9f44dade6347969a48e67e91e\"><div class=\"wp-block-blockparty-key-figure__key\"><span class=\"wp-block-blockparty-key-figure__prefix\"><\/span><span class=\"wp-block-blockparty-key-figure__number\" data-increment=\"57\">57<\/span><span class=\"wp-block-blockparty-key-figure__suffix\">%<\/span><\/div><p class=\"wp-block-blockparty-key-figure__description\">des emplois sont occup\u00e9s par des Femmes<\/p><\/div>\n<\/div>\n\n\n\n<div class=\"wp-block-group wp-pattern wp-pattern-metrics-item-card has-border-color has-outline-subtle-border-color is-vertical is-layout-flex wp-container-core-group-is-layout-ffbfb716 wp-block-group-is-layout-flex\" style=\"border-width:2px;padding-top:var(--wp--preset--spacing--2-xl);padding-right:var(--wp--preset--spacing--2-xl);padding-bottom:var(--wp--preset--spacing--2-xl);padding-left:var(--wp--preset--spacing--2-xl)\">\n<ul class=\"wp-block-beapi-icon-block is-layout-flex wp-block-icon-block-is-layout-flex\">\n<li class=\"wp-block-beapi-icon-item\"><span><svg width=\"24\" height=\"24\" viewBox=\"0 0 24 24\" version=\"1.1\" xmlns=\"http:\/\/www.w3.org\/2000\/svg\" style=\"color:var(--wp--custom--color--primary-default-primary)\" class=\"wp-block-beapi-icon-block__icon-component wp-block-beapi-icon-block__icon-component--sprite icon-send-money\" aria-hidden=\"true\"><use href=\"https:\/\/www.inseec.com\/wp-content\/themes\/omnes-design-system\/dist\/icons\/sprite.svg#icon-send-money\"><\/use><\/svg><\/span><\/li>\n<\/ul>\n\n\n\n<div class=\"wp-block-blockparty-key-figure has-on-surface-color has-text-color has-link-color wp-elements-7f41cdc74489e606c653f141e4256c1c\"><div class=\"wp-block-blockparty-key-figure__key\"><span class=\"wp-block-blockparty-key-figure__prefix\"><\/span><span class=\"wp-block-blockparty-key-figure__number\" data-increment=\"42\">42<\/span><span class=\"wp-block-blockparty-key-figure__suffix\">K\u20ac<\/span><\/div><p class=\"wp-block-blockparty-key-figure__description\">salaire annuel moyen<\/p><\/div>\n<\/div>\n\n\n\n<div class=\"wp-block-group wp-pattern wp-pattern-metrics-item-card has-border-color has-outline-subtle-border-color is-vertical is-layout-flex wp-container-core-group-is-layout-ffbfb716 wp-block-group-is-layout-flex\" style=\"border-width:2px;padding-top:var(--wp--preset--spacing--2-xl);padding-right:var(--wp--preset--spacing--2-xl);padding-bottom:var(--wp--preset--spacing--2-xl);padding-left:var(--wp--preset--spacing--2-xl)\">\n<ul class=\"wp-block-beapi-icon-block is-layout-flex wp-block-icon-block-is-layout-flex\">\n<li class=\"wp-block-beapi-icon-item\"><span><svg width=\"24\" height=\"24\" viewBox=\"0 0 24 24\" version=\"1.1\" xmlns=\"http:\/\/www.w3.org\/2000\/svg\" style=\"color:var(--wp--custom--color--primary-default-primary)\" class=\"wp-block-beapi-icon-block__icon-component wp-block-beapi-icon-block__icon-component--sprite icon-chart-line-up\" aria-hidden=\"true\"><use href=\"https:\/\/www.inseec.com\/wp-content\/themes\/omnes-design-system\/dist\/icons\/sprite.svg#icon-chart-line-up\"><\/use><\/svg><\/span><\/li>\n<\/ul>\n\n\n\n<div class=\"wp-block-blockparty-key-figure has-on-surface-color has-text-color has-link-color wp-elements-238d09a6a31c63e508e4944f04a5edf0\"><div class=\"wp-block-blockparty-key-figure__key\"><span class=\"wp-block-blockparty-key-figure__prefix\"><\/span><span class=\"wp-block-blockparty-key-figure__number\" data-increment=\"355100\">355100<\/span><span class=\"wp-block-blockparty-key-figure__suffix\"><\/span><\/div><p class=\"wp-block-blockparty-key-figure__description\">salari\u00e9s<\/p><\/div>\n<\/div>\n<\/div>\n<\/div>\n\n\n\n<div class=\"wp-block-group wp-pattern wp-pattern-faq-image is-layout-flow wp-block-group-is-layout-flow has-block-anchor\" style=\"margin-top:0;margin-bottom:0;padding-top:var(--wp--preset--spacing--6-xl);padding-bottom:var(--wp--preset--spacing--6-xl)\">\n<div class=\"wp-block-group is-vertical is-layout-flex wp-container-core-group-is-layout-9305dc88 wp-block-group-is-layout-flex has-block-anchor\" style=\"margin-bottom:var(--wp--preset--spacing--2-xl)\">\n<div class=\"wp-block-group is-vertical is-layout-flex wp-container-core-group-is-layout-bd7877ba wp-block-group-is-layout-flex has-block-anchor\">\n<h2 class=\"wp-block-heading is-style-heading-emphasis-h2 has-on-surface-color has-text-color has-link-color wp-elements-41f24c4c14fdf41b523c9f21a0321f7d\" id=\"quest-ce-quun-bba-finance-a-linseec\">Qu\u2019est-ce qu\u2019un BBA Finance \u00e0 l\u2019INSEEC ?<\/h2>\n<\/div>\n\n\n\n<p class=\"is-style-plain-default-md has-on-surface-subtle-color has-text-color has-link-color wp-elements-c77c2f09fbf4b41041a72d8254f8fda8\">Le BBA Finance de l\u2019INSEEC forme des professionnels capables de comprendre, analyser et piloter la performance financi\u00e8re d\u2019une organisation. Con\u00e7u pour offrir une approche compl\u00e8te du management et de la gestion, ce programme en quatre ans combine enseignements acad\u00e9miques, projets concrets et p\u00e9riodes en entreprise.\u00a0<\/p>\n\n\n\n<p>Vous souhaitez \u00e9voluer dans les m\u00e9tiers de la finance, du conseil ou de la gestion d\u2019actifs ? Au cours de vos \u00e9tudes de finance, vous approfondissez la comptabilit\u00e9, la gestion financi\u00e8re, l\u2019analyse des march\u00e9s et le management. Vous apprenez \u00e0 \u00e9valuer les risques, \u00e0 piloter des projets d\u2019investissement et \u00e0 exploiter les donn\u00e9es pour prendre des d\u00e9cisions strat\u00e9giques.<\/p>\n\n\n\n<p>Que vous choisissiez Paris, au c\u0153ur des grandes banques, Lyon avec son p\u00f4le \u00e9conomique r\u00e9gional ou Bordeaux pour son ouverture internationale, chaque campus vous connecte \u00e0 un r\u00e9seau professionnel actif.\u00a0<\/p>\n\n\n\n<p class=\"is-style-plain-default-md has-on-surface-subtle-color has-text-color has-link-color wp-elements-c2d0a7fda806aa3c3fe53f6c07b849ea\">\u00c0 l\u2019issue de ce programme, vous int\u00e9grez rapidement des postes tels qu\u2019analyste financier, contr\u00f4leur de gestion ou charg\u00e9 d\u2019affaires, avec de r\u00e9elles perspectives d\u2019\u00e9volution dans un secteur en pleine transformation. D\u00e9couvrez les domaines d\u2019expertise de cette sp\u00e9cialisation.<\/p>\n<\/div>\n\n\n\n<details class=\"wp-block-details is-style-default is-layout-flow wp-container-core-details-is-layout-9ec55b31 wp-block-details-is-layout-flow\"><summary><h3>Finance d\u2019entreprise<\/h3><\/summary>\n<div class=\"wp-block-group is-vertical is-layout-flex wp-container-core-group-is-layout-a2e3e733 wp-block-group-is-layout-flex\">\n<p class=\"is-style-plain-emphasis-sm has-on-surface-color has-text-color has-link-color wp-elements-629765cb036525e953d96ed70eb78228\"><strong>Piloter la performance financi\u00e8re<\/strong><\/p>\n\n\n\n<p>La finance d\u2019entreprise vous forme aux bases de la gestion financi\u00e8re et \u00e0 l\u2019optimisation des ressources d\u2019une organisation. Vous apprendrez \u00e0 analyser les comptes, suivre la tr\u00e9sorerie, pr\u00e9parer des budgets et participer aux d\u00e9cisions d\u2019investissement. L\u2019objectif : vous donner les outils n\u00e9cessaires pour accompagner la croissance et la solidit\u00e9 financi\u00e8re d\u2019une entreprise, tout en anticipant ses besoins de financement.<\/p>\n<\/div>\n<\/details>\n\n\n\n<details class=\"wp-block-details is-style-default is-layout-flow wp-container-core-details-is-layout-9ec55b31 wp-block-details-is-layout-flow\"><summary><h3>Finance de march\u00e9<\/h3><\/summary>\n<div class=\"wp-block-group is-vertical is-layout-flex wp-container-core-group-is-layout-a2e3e733 wp-block-group-is-layout-flex\">\n<p class=\"is-style-plain-emphasis-sm has-on-surface-color has-text-color has-link-color wp-elements-d050f2f9e381e50cae0628c82bd3a042\"><strong>Comprendre et analyser les march\u00e9s<\/strong><\/p>\n\n\n\n<p>La finance de march\u00e9 couvre les op\u00e9rations li\u00e9es aux titres, devises, mati\u00e8res premi\u00e8res ou taux d\u2019int\u00e9r\u00eat. Vous apprendrez \u00e0 suivre les tendances, analyser les risques et comprendre le fonctionnement des march\u00e9s financiers. Cet apprentissage vous pr\u00e9pare \u00e0 travailler dans des environnements exigeants et dynamiques, o\u00f9 rigueur et capacit\u00e9 d\u2019analyse sont essentielles pour r\u00e9ussir.<\/p>\n<\/div>\n<\/details>\n\n\n\n<details class=\"wp-block-details is-style-default is-layout-flow wp-container-core-details-is-layout-9ec55b31 wp-block-details-is-layout-flow\"><summary><h3>Finance bancaire<\/h3><\/summary>\n<div class=\"wp-block-group is-vertical is-layout-flex wp-container-core-group-is-layout-a2e3e733 wp-block-group-is-layout-flex\">\n<p class=\"is-style-plain-emphasis-sm has-on-surface-color has-text-color has-link-color wp-elements-096377cf557bf53b243124c37333a789\"><strong>Accompagner clients et institutions<\/strong><\/p>\n\n\n\n<p>La finance bancaire vous initie aux m\u00e9tiers de la banque de d\u00e9tail et de l\u2019investissement. Vous apprendrez \u00e0 g\u00e9rer des portefeuilles, analyser des demandes de cr\u00e9dit, conseiller des clients et comprendre le fonctionnement des institutions financi\u00e8res. Cet apprentissage vous ouvre les portes d\u2019un secteur structur\u00e9 et en constante \u00e9volution, o\u00f9 les opportunit\u00e9s de carri\u00e8re sont nombreuses, en France comme \u00e0 l\u2019international.<\/p>\n<\/div>\n<\/details>\n\n\n\n<details class=\"wp-block-details is-style-default is-layout-flow wp-container-core-details-is-layout-9ec55b31 wp-block-details-is-layout-flow\"><summary><h3>Finance immobili\u00e8re<\/h3><\/summary>\n<div class=\"wp-block-group is-vertical is-layout-flex wp-container-core-group-is-layout-a2e3e733 wp-block-group-is-layout-flex\">\n<p class=\"is-style-plain-emphasis-sm has-on-surface-color has-text-color has-link-color wp-elements-501092555714a043b8f298ef2c968ef6\"><strong>Investir et valoriser des actifs<\/strong><\/p>\n\n\n\n<p>La finance immobili\u00e8re associe expertise financi\u00e8re et connaissance du march\u00e9 immobilier. Vous serez form\u00e9 \u00e0 l\u2019analyse des projets, au financement des op\u00e9rations et \u00e0 la gestion des investissements. Ces comp\u00e9tences permettent de travailler aupr\u00e8s de promoteurs, d\u2019agences sp\u00e9cialis\u00e9es ou de fonds d\u2019investissement, dans un secteur en plein d\u00e9veloppement et fortement connect\u00e9 aux enjeux \u00e9conomiques et territoriaux.<\/p>\n<\/div>\n<\/details>\n<\/div>\n\n\n\n<div class=\"wp-block-group alignfull wp-pattern wp-pattern-programs-courses wp-pattern-programs-courses-three-columns has-surface-background-color has-background has-global-padding is-layout-constrained wp-block-group-is-layout-constrained has-block-anchor\" style=\"border-radius:0px;margin-top:0;margin-bottom:0;padding-top:var(--wp--preset--spacing--padding-y-section);padding-bottom:var(--wp--preset--spacing--padding-y-section)\">\n<div class=\"wp-block-group alignwide wp-pattern__inner is-layout-flow wp-container-core-group-is-layout-575f1b41 wp-block-group-is-layout-flow has-block-anchor\" style=\"margin-top:0;margin-bottom:0\">\n<div class=\"wp-block-group wp-pattern__header is-layout-flow wp-block-group-is-layout-flow has-block-anchor\">\n<p class=\"is-style-heading-default-eyebrow has-on-surface-color has-text-color has-link-color wp-elements-89060d89d523fceb5a057378984784c8\">Nos Formations<\/p>\n\n\n\n<h2 class=\"wp-block-heading is-style-heading-emphasis-h2 has-on-surface-color has-text-color has-link-color wp-elements-f8884b07478ffb22469219f4c607d15f\" style=\"margin-top:var(--wp--preset--spacing--xs);margin-bottom:var(--wp--preset--spacing--2-xl)\" id=\"les-bba-finance-de-linseec\">Les BBA Finance de l\u2019INSEEC<\/h2>\n\n\n\n<p class=\"is-style-plain-default-md has-on-surface-subtle-color has-text-color has-link-color wp-elements-e0588070db778ac4a84483ef171d928a\">D\u00e9couvrez les sp\u00e9cialisations qui fa\u00e7onnent les experts de demain en banque, gestion et investissement. Alliez rigueur, analyse et exp\u00e9rience terrain pour b\u00e2tir une carri\u00e8re solide.<\/p>\n<\/div>\n\n\n\n<div class=\"wp-block-group is-layout-flow wp-container-core-group-is-layout-3fccdef8 wp-block-group-is-layout-flow\">\n<div class=\"wp-block-group is-layout-grid wp-container-core-group-is-layout-9718aa02 wp-block-group-is-layout-grid\"><div class=\"wpgb-facet wpgb-loading wpgb-facet-25\" data-facet=\"25\" data-grid=\"wpgb-content-block\/60b999da70944ac3bbd671c1e6573b90\"><\/div><\/div>\n\n\n\n<div class=\"wp-block-query is-layout-flow wp-block-query-is-layout-flow wpgb-content-block60b999da70944ac3bbd671c1e6573b90\"><ul class=\"wp-block-post-template is-layout-grid wp-container-core-post-template-is-layout-25c06649 wp-block-post-template-is-layout-grid\"><li class=\"wp-block-post post-80842 program type-program status-publish hentry city-bordeaux city-lyon city-paris certification-titre-rncp-niveau-6 program_language-anglais program_language-francais admission_level-bac admission_level-bac-1 admission_level-bac-2 training_pace-initial school-bba specialisation-finance\">\n\n<div class=\"crd crd--program\">\n\t<ul class=\"terms-list no-list-style\"><li class=\"is-style-tag-fill-sm\">Bac<\/li><li class=\"is-style-tag-fill-sm\">Bac +1<\/li><li class=\"is-style-tag-fill-sm\">Bac +2<\/li><\/ul><h3 class=\"crd__title is-style-plain-emphasis-md\">BBA \u2013 Majeure International Finance<\/h3>\n\t<div class=\"crd__buttons\">\n\t\t<div class=\"wp-block-button is-style-outline-sm\"><a href=\"https:\/\/www.inseec.com\/demande-brochure\/\" class=\"wp-block-button__link\">Brochure<\/a><\/div><div class=\"wp-block-button is-style-subtle-sm\"><a href=\"https:\/\/www.inseec.com\/programme\/bba-international-finance\/\" class=\"wp-block-button__link\">Discover <span class=\"sr-only\">BBA \u2013 Majeure International Finance<\/span><\/a><\/div>\t<\/div>\n<\/div>\n\n<\/li><\/ul>\n\n<\/div>\n\n\n<div class=\"wpgb-facet wpgb-loading wpgb-facet-2\" data-facet=\"2\" data-grid=\"wpgb-content-block\/60b999da70944ac3bbd671c1e6573b90\"><\/div><\/div>\n<\/div>\n<\/div>\n\n\n\n<div class=\"wp-block-group alignwide wp-pattern wp-pattern-testimonials-slider wp-pattern-testimonials-slider-large is-layout-flow wp-container-core-group-is-layout-c960db89 wp-block-group-is-layout-flow has-block-anchor\" style=\"margin-top:0;margin-bottom:0;padding-top:var(--wp--preset--spacing--padding-y-section);padding-bottom:var(--wp--preset--spacing--padding-y-section)\">\n<div class=\"wp-block-group wp-pattern__header is-layout-flow wp-block-group-is-layout-flow has-block-anchor\">\n<p class=\"is-style-heading-default-eyebrow has-on-surface-color has-text-color has-link-color wp-elements-bb3ef0242b710bfda36b8894b94aceb6\">T\u00e9moignages<\/p>\n\n\n\n<h2 class=\"wp-block-heading is-style-heading-emphasis-h2 has-on-surface-color has-text-color has-link-color wp-elements-a90a4d1cd5812a142b16e405275b15d5\" style=\"margin-top:var(--wp--preset--spacing--xs);margin-bottom:var(--wp--preset--spacing--2-xl)\" id=\"lavis-de-nos-etudiants\">L\u2019avis de nos \u00e9tudiants<\/h2>\n<\/div>\n\n\n<div class=\"block block--content-picking wp-block-beapi-manual-block\" data-type=\"manual\" data-layout=\"slider-card-large\" data-post-type=\"contact\">\n\t\t\t<div class=\"block--content-picking__contact-large-slider\">\n\t\n\t<div class=\"block--content-picking__content swiper\">\n\t\t<ul class=\"swiper-wrapper\">\n\t\t\t<li class=\"swiper-slide\">\n<div class=\"crd crd--contact-classic-large\">\n\t<div class=\"crd__image-wrapper\">\n\t\t<div class=\"crd__image\"><img decoding=\"async\" width=\"200\" height=\"200\" src=\"https:\/\/www.inseec.com\/wp-content\/uploads\/sites\/32\/2025\/11\/photo-contact-inseec-bba-angelina-c.jpeg?w=200&#038;h=200&#038;crop=1\" class=\"\" alt=\"\" data-location=\"\" loading=\"lazy\" srcset=\"https:\/\/www.inseec.com\/wp-content\/uploads\/sites\/32\/2025\/11\/photo-contact-inseec-bba-angelina-c.jpeg 200w, https:\/\/www.inseec.com\/wp-content\/uploads\/sites\/32\/2025\/11\/photo-contact-inseec-bba-angelina-c.jpeg?resize=150,150 150w, https:\/\/www.inseec.com\/wp-content\/uploads\/sites\/32\/2025\/11\/photo-contact-inseec-bba-angelina-c.jpeg?resize=64,64 64w, https:\/\/www.inseec.com\/wp-content\/uploads\/sites\/32\/2025\/11\/photo-contact-inseec-bba-angelina-c.jpeg?resize=128,128 128w, https:\/\/www.inseec.com\/wp-content\/uploads\/sites\/32\/2025\/11\/photo-contact-inseec-bba-angelina-c.jpeg?resize=84,84 84w, https:\/\/www.inseec.com\/wp-content\/uploads\/sites\/32\/2025\/11\/photo-contact-inseec-bba-angelina-c.jpeg?resize=168,168 168w, https:\/\/www.inseec.com\/wp-content\/uploads\/sites\/32\/2025\/11\/photo-contact-inseec-bba-angelina-c.jpeg?resize=172,172 172w, https:\/\/www.inseec.com\/wp-content\/uploads\/sites\/32\/2025\/11\/photo-contact-inseec-bba-angelina-c.jpeg?resize=40,40 40w, https:\/\/www.inseec.com\/wp-content\/uploads\/sites\/32\/2025\/11\/photo-contact-inseec-bba-angelina-c.jpeg?resize=80,80 80w, https:\/\/www.inseec.com\/wp-content\/uploads\/sites\/32\/2025\/11\/photo-contact-inseec-bba-angelina-c.jpeg?resize=160,160 160w, https:\/\/www.inseec.com\/wp-content\/uploads\/sites\/32\/2025\/11\/photo-contact-inseec-bba-angelina-c.jpeg?resize=50,50 50w, https:\/\/www.inseec.com\/wp-content\/uploads\/sites\/32\/2025\/11\/photo-contact-inseec-bba-angelina-c.jpeg?resize=100,100 100w, https:\/\/www.inseec.com\/wp-content\/uploads\/sites\/32\/2025\/11\/photo-contact-inseec-bba-angelina-c.jpeg?resize=24,24 24w, https:\/\/www.inseec.com\/wp-content\/uploads\/sites\/32\/2025\/11\/photo-contact-inseec-bba-angelina-c.jpeg?resize=48,48 48w\" sizes=\"auto, (max-width: 200px) 100vw, 200px\" \/><\/div><svg class=\"icon icon-quote-rounded\" aria-hidden=\"true\" focusable=\"false\"><use href=\"https:\/\/www.inseec.com\/wp-content\/themes\/omnes-design-system\/dist\/icons\/sprite.svg#icon-quote-rounded\"><\/use><\/svg>\t<\/div>\n\n\t<blockquote class=\"crd__content\">\n\t\t<p class=\"crd__testimonial is-style-plain-emphasis-xl has-on-surface-color\">Pour d\u00e9buter ma 3e ann\u00e9e, j\u2019ai d\u00e9cid\u00e9 de partir \u00e0 Londres avec l\u2019INSEEC BBA. Cette exp\u00e9rience a \u00e9largi mes horizons, m\u2019a fait d\u00e9couvrir un nouvel environnement acad\u00e9mique et culturel et a renforc\u00e9 mes comp\u00e9tences internationales.<\/p>\n\t\t<div class=\"crd__infos\">\n\t\t\t\t\t\t<cite class=\"crd__name\">\n\t\t\t\t<span class=\"crd__fullname is-style-plain-emphasis-sm has-on-surface-color\">Angelina  Cavalli<\/span>\t\t\t<\/cite>\n\t\t<\/div>\n\t<\/blockquote>\n<\/div>\n<\/li>\t\t<\/ul>\n\t\t\n<div class=\"swiper__controls\">\n\t<div class=\"swiper-pagination\"><\/div>\n\n\t<div class=\"swiper__buttons\">\n\t\t\t\t\t<button class=\"swiper-button-prev\" type=\"button\">\n\t\t\t\t<svg class=\"icon icon-arrow-left\" aria-hidden=\"true\" focusable=\"false\"><use href=\"https:\/\/www.inseec.com\/wp-content\/themes\/omnes-design-system\/dist\/icons\/sprite.svg#icon-arrow-left\"><\/use><\/svg>\t\t\t<\/button>\n\t\t\t<button class=\"swiper-button-next\" type=\"button\">\n\t\t\t\t<svg class=\"icon icon-arrow-right\" aria-hidden=\"true\" focusable=\"false\"><use href=\"https:\/\/www.inseec.com\/wp-content\/themes\/omnes-design-system\/dist\/icons\/sprite.svg#icon-arrow-right\"><\/use><\/svg>\t\t\t<\/button>\n\t\t\t<\/div>\n<\/div>\n\t<\/div>\n\n\t<\/div>\n<\/div>\n<script type=\"application\/ld+json\">\n{\"@context\":\"https:\\\/\\\/schema.org\",\"@graph\":[{\"name\":\"Cavalli Angelina\",\"@type\":\"Person\",\"jobTitle\":\"\",\"worksFor\":{\"@type\":\"Organization\",\"name\":\"\"},\"image\":\"https:\\\/\\\/www.inseec.com\\\/wp-content\\\/uploads\\\/sites\\\/32\\\/2025\\\/11\\\/photo-contact-inseec-bba-angelina-c.jpeg\",\"description\":\"Pour d\\u00c3\\u00a9buter ma 3e ann\\u00c3\\u00a9e, j\\u00e2\\u0080\\u0099ai d\\u00c3\\u00a9cid\\u00c3\\u00a9 de partir \\u00c3\\u00a0 Londres avec l\\u00e2\\u0080\\u0099INSEEC BBA. Cette exp\\u00c3\\u00a9rience a \\u00c3\\u00a9largi mes horizons, m\\u00e2\\u0080\\u0099a fait d\\u00c3\\u00a9couvrir un nouvel environnement acad\\u00c3\\u00a9mique et culturel et a renforc\\u00c3\\u00a9 mes comp\\u00c3\\u00a9tences internationales.\",\"alumniOf\":{\"@id\":\"https:\\\/\\\/www.inseec.com\\\/#organization\"},\"sameAs\":[]},{\"name\":\"Cavalli Angelina\",\"@type\":\"Person\",\"jobTitle\":\"\",\"worksFor\":{\"@type\":\"Organization\",\"name\":\"\"},\"image\":\"https:\\\/\\\/www.inseec.com\\\/wp-content\\\/uploads\\\/sites\\\/32\\\/2025\\\/11\\\/photo-contact-inseec-bba-angelina-c.jpeg\",\"description\":\"Pour d\\u00c3\\u00a9buter ma 3e ann\\u00c3\\u00a9e, j\\u00e2\\u0080\\u0099ai d\\u00c3\\u00a9cid\\u00c3\\u00a9 de partir \\u00c3\\u00a0 Londres avec l\\u00e2\\u0080\\u0099INSEEC BBA. Cette exp\\u00c3\\u00a9rience a \\u00c3\\u00a9largi mes horizons, m\\u00e2\\u0080\\u0099a fait d\\u00c3\\u00a9couvrir un nouvel environnement acad\\u00c3\\u00a9mique et culturel et a renforc\\u00c3\\u00a9 mes comp\\u00c3\\u00a9tences internationales.\",\"alumniOf\":{\"@id\":\"https:\\\/\\\/www.inseec.com\\\/#organization\"},\"sameAs\":[]}]}\n<\/script>\n<\/div>\n\n\n\n<div class=\"wp-block-group alignfull wp-pattern wp-pattern-jobs-list has-surface-variant-background-color has-background has-global-padding is-layout-constrained wp-block-group-is-layout-constrained has-block-anchor\" style=\"margin-top:0;margin-bottom:0;padding-top:var(--wp--preset--spacing--padding-y-section);padding-bottom:var(--wp--preset--spacing--padding-y-section)\">\n<div class=\"wp-block-group alignwide wp-pattern__inner is-layout-flow wp-container-core-group-is-layout-8eee5202 wp-block-group-is-layout-flow has-block-anchor\">\n<div class=\"wp-block-columns is-layout-flex wp-container-core-columns-is-layout-28f84493 wp-block-columns-is-layout-flex has-block-anchor\">\n<div class=\"wp-block-column is-layout-flow wp-block-column-is-layout-flow\">\n<div class=\"wp-block-group is-vertical is-layout-flex wp-container-core-group-is-layout-b80b8bd4 wp-block-group-is-layout-flex has-block-anchor\">\n<div class=\"wp-block-group is-vertical is-layout-flex wp-container-core-group-is-layout-bd7877ba wp-block-group-is-layout-flex has-block-anchor\">\n<p class=\"is-style-heading-default-eyebrow has-on-surface-color has-text-color has-link-color wp-elements-4dbd32ca648bce1415159d7d857ca8b4\">Les m\u00e9tiers<\/p>\n\n\n\n<h2 class=\"wp-block-heading is-style-heading-emphasis-h2 has-on-surface-color has-text-color has-link-color wp-elements-65e82d7bda9c120d04a38c47502ae129\" id=\"les-debouches-dun-bba-finance\">Les d\u00e9bouch\u00e9s d&#8217;un BBA Finance<\/h2>\n<\/div>\n\n\n\n<p class=\"is-style-plain-default-md has-on-surface-subtle-color has-text-color has-link-color wp-elements-4dbd7cc8e70f993caad00dd510a429f9\">Le BBA Finance ouvre l\u2019acc\u00e8s \u00e0 des m\u00e9tiers cl\u00e9s de la banque, de l\u2019investissement et du contr\u00f4le financier. Vous entrez rapidement dans un secteur en forte demande.<\/p>\n<\/div>\n<\/div>\n\n\n\n<div class=\"wp-block-column is-layout-flow wp-block-column-is-layout-flow\">\n<div class=\"block block--jobs-tag jobs-tag\">\n\t<ul><li><a href=\"https:\/\/www.inseec.com\/careers-guide\/analyste-de-credit\/\" class=\"is-style-tag-fill-lg\">Analyste de cr\u00e9dit<\/a><\/li><li><a href=\"https:\/\/www.inseec.com\/careers-guide\/auditeur-interne\/\" class=\"is-style-tag-fill-lg\">Auditeur interne<\/a><\/li><li><a href=\"https:\/\/www.inseec.com\/careers-guide\/consultant-en-financement\/\" class=\"is-style-tag-fill-lg\">Consultant en financement<\/a><\/li><li><a href=\"https:\/\/www.inseec.com\/careers-guide\/directeur-administratif-et-financier\/\" class=\"is-style-tag-fill-lg\">Directeur administratif et financier<\/a><\/li><li><a href=\"https:\/\/www.inseec.com\/careers-guide\/controleur-de-gestion\/\" class=\"is-style-tag-fill-lg\">Contr\u00f4leur de Gestion<\/a><\/li><li><a href=\"https:\/\/www.inseec.com\/careers-guide\/directeur-dagence-bancaire\/\" class=\"is-style-tag-fill-lg\">Directeur d\u2019agence bancaire<\/a><\/li><li><a href=\"https:\/\/www.inseec.com\/careers-guide\/gestionnaire-de-patrimoine\/\" class=\"is-style-tag-fill-lg\">Gestionnaire de patrimoine<\/a><\/li><\/ul><\/div>\n<\/div>\n<\/div>\n\n\n\n<div class=\"wp-block-group alignwide wp-pattern wp-pattern-banner-jobs wp-pattern-banner-jobs-inverse has-inverse-variant-background-color has-background is-content-justification-space-between is-nowrap is-layout-flex wp-container-core-group-is-layout-949f8704 wp-block-group-is-layout-flex\" style=\"padding-top:var(--wp--preset--spacing--padding-y-sm);padding-right:var(--wp--preset--spacing--padding-y-sm);padding-bottom:var(--wp--preset--spacing--padding-y-sm);padding-left:var(--wp--preset--spacing--padding-y-sm)\">\n<div class=\"wp-block-group is-style-heading-emphasis-h3 has-on-surface-color has-text-color has-link-color wp-elements-b5628567247595c5da61c763755ec015 is-vertical is-layout-flex wp-container-core-group-is-layout-bd7877ba wp-block-group-is-layout-flex\">\n<p class=\"is-style-heading-emphasis-h3 has-inverse-on-surface-color has-text-color has-link-color wp-elements-65fba86e543d47f6c1e8235e0d7295c6\">2 650 \u20ac \u00e0 2 900 \u20ac<\/p>\n\n\n\n<p class=\"is-style-plain-emphasis-md has-inverse-on-surface-color has-text-color has-link-color wp-elements-a9b3a913af2cec901fa48197f73019e8\">Salaire moyen d\u2019un jeune dipl\u00f4m\u00e9<\/p>\n<\/div>\n\n\n\n<div class=\"wp-block-group is-nowrap is-layout-flex wp-container-core-group-is-layout-a2d696be wp-block-group-is-layout-flex\">\n<p class=\"is-style-plain-default-sm has-inverse-on-surface-color has-text-color has-link-color wp-elements-e29168e83fd4d456b825c1746eee7f38\">Vous avez des questions sur votre orientation ?<br>Prenez un rendez-vous personnalis\u00e9<\/p>\n\n\n\n<div class=\"wp-block-buttons is-content-justification-left is-layout-flex wp-container-core-buttons-is-layout-541a3246 wp-block-buttons-is-layout-flex\">\n<div class=\"wp-block-button is-style-subtle-md popmake-85128\"><a class=\"wp-block-button__link wp-element-button\">Rendez-vous personnalis\u00e9<\/a><\/div>\n<\/div>\n<\/div>\n<\/div>\n<\/div>\n<\/div>\n\n\n\n<section class=\"wp-block-group alignfull wp-pattern-presentation-tabs has-global-padding is-layout-constrained wp-block-group-is-layout-constrained has-block-anchor\" style=\"margin-top:0;margin-bottom:0;padding-top:var(--wp--preset--spacing--padding-y-section);padding-bottom:var(--wp--preset--spacing--padding-y-section)\">\n<div class=\"wp-block-group alignwide is-layout-flow wp-block-group-is-layout-flow has-block-anchor\">\n<h2 class=\"wp-block-heading alignwide is-style-display-emphasis-d3\" style=\"margin-bottom:var(--wp--preset--spacing--5-xl)\" id=\"etudiez-au-coeur-des-grandes-villes-de-france\">\u00c9tudiez au c\u0153ur des grandes villes de France<\/h2>\n\n\n\n<p class=\"alignwide has-text-align-wide is-style-heading-emphasis-h4 has-on-surface-color has-text-color has-link-color wp-elements-947dcd45fdacbf1e5a56c5220641b8ad\">Nos campus<\/p>\n\n\n\n<div class=\"wp-block-blockparty-tabs alignwide has-align-top-right\" aria-label=\"\" role=\"tablist\">\n<ul class=\"wp-block-blockparty-tabs-nav\">\n<li class=\"wp-block-blockparty-tabs-nav-item\"><a id=\"block-tab-2-0\" role=\"tab\" aria-controls=\"block-panel-2-0\" class=\"wp-block-blockparty-tabs-nav-link\" href=\"#block-tab-2-0\"><span>Lyon<\/span><\/a><\/li>\n\n\n\n<li class=\"wp-block-blockparty-tabs-nav-item\"><a id=\"block-tab-2-1\" role=\"tab\" aria-controls=\"block-panel-2-1\" class=\"wp-block-blockparty-tabs-nav-link\" href=\"#block-tab-2-1\"><span>Paris<\/span><\/a><\/li>\n\n\n\n<li class=\"wp-block-blockparty-tabs-nav-item\"><a id=\"block-tab-2-2\" role=\"tab\" aria-controls=\"block-panel-2-2\" class=\"wp-block-blockparty-tabs-nav-link\" href=\"#block-tab-2-2\"><span>Bordeaux<\/span><\/a><\/li>\n<\/ul>\n\n\n\n<section class=\"wp-block-blockparty-tabs-panels\">\n<div role=\"tabpanel\" tabindex=\"0\" class=\"wp-block-blockparty-tabs-panel-item\" id=\"block-panel-2-0\" aria-labelledby=\"block-tab-2-0\"><div class=\"wp-block-blockparty-tabs-panel-item__inner\"><article class=\"campus block block--campus block--campus-vertical align wp-block-omnes-ds-campus\">\n\t\t\t<figure class=\"block__gallery\">\n\t\t\t<figure><img loading=\"lazy\" decoding=\"async\" width=\"660\" height=\"882\" src=\"https:\/\/www.inseec.com\/wp-content\/uploads\/sites\/32\/2025\/11\/campus-lyon-inseec-photo-portrait.jpg?w=660\" class=\"\" alt=\"Photo du campus de Lyon de l\u2019\u00e9cole de commerce INSEEC dans une ancienne usine Citro\u00ebn r\u00e9nov\u00e9e\" data-location=\"\" srcset=\"https:\/\/www.inseec.com\/wp-content\/uploads\/sites\/32\/2025\/11\/campus-lyon-inseec-photo-portrait.jpg 660w, https:\/\/www.inseec.com\/wp-content\/uploads\/sites\/32\/2025\/11\/campus-lyon-inseec-photo-portrait.jpg?resize=224,300 224w, https:\/\/www.inseec.com\/wp-content\/uploads\/sites\/32\/2025\/11\/campus-lyon-inseec-photo-portrait.jpg?resize=180,240 180w, https:\/\/www.inseec.com\/wp-content\/uploads\/sites\/32\/2025\/11\/campus-lyon-inseec-photo-portrait.jpg?resize=360,480 360w, https:\/\/www.inseec.com\/wp-content\/uploads\/sites\/32\/2025\/11\/campus-lyon-inseec-photo-portrait.jpg?resize=218,291 218w, https:\/\/www.inseec.com\/wp-content\/uploads\/sites\/32\/2025\/11\/campus-lyon-inseec-photo-portrait.jpg?resize=436,582 436w, https:\/\/www.inseec.com\/wp-content\/uploads\/sites\/32\/2025\/11\/campus-lyon-inseec-photo-portrait.jpg?resize=225,300 225w, https:\/\/www.inseec.com\/wp-content\/uploads\/sites\/32\/2025\/11\/campus-lyon-inseec-photo-portrait.jpg?resize=450,600 450w, https:\/\/www.inseec.com\/wp-content\/uploads\/sites\/32\/2025\/11\/campus-lyon-inseec-photo-portrait.jpg?resize=240,320 240w, https:\/\/www.inseec.com\/wp-content\/uploads\/sites\/32\/2025\/11\/campus-lyon-inseec-photo-portrait.jpg?resize=480,640 480w, https:\/\/www.inseec.com\/wp-content\/uploads\/sites\/32\/2025\/11\/campus-lyon-inseec-photo-portrait.jpg?resize=330,440 330w, https:\/\/www.inseec.com\/wp-content\/uploads\/sites\/32\/2025\/11\/campus-lyon-inseec-photo-portrait.jpg?resize=30,40 30w, https:\/\/www.inseec.com\/wp-content\/uploads\/sites\/32\/2025\/11\/campus-lyon-inseec-photo-portrait.jpg?resize=60,80 60w, https:\/\/www.inseec.com\/wp-content\/uploads\/sites\/32\/2025\/11\/campus-lyon-inseec-photo-portrait.jpg?resize=120,160 120w, https:\/\/www.inseec.com\/wp-content\/uploads\/sites\/32\/2025\/11\/campus-lyon-inseec-photo-portrait.jpg?resize=37,50 37w, https:\/\/www.inseec.com\/wp-content\/uploads\/sites\/32\/2025\/11\/campus-lyon-inseec-photo-portrait.jpg?resize=75,100 75w, https:\/\/www.inseec.com\/wp-content\/uploads\/sites\/32\/2025\/11\/campus-lyon-inseec-photo-portrait.jpg?resize=18,24 18w, https:\/\/www.inseec.com\/wp-content\/uploads\/sites\/32\/2025\/11\/campus-lyon-inseec-photo-portrait.jpg?resize=36,48 36w\" sizes=\"auto, (max-width: 660px) 100vw, 660px\" \/><\/figure><figure><img loading=\"lazy\" decoding=\"async\" width=\"1058\" height=\"798\" src=\"https:\/\/www.inseec.com\/wp-content\/uploads\/sites\/32\/2025\/11\/campus-slider-vr-campus-lyon-inseec-dalle-detente.jpg?w=1058\" class=\"\" alt=\"Photo d\u2019une salle de d\u00e9tente du campus de Lyon de l\u2019\u00e9cole de commerce INSEEC\" data-location=\"\" srcset=\"https:\/\/www.inseec.com\/wp-content\/uploads\/sites\/32\/2025\/11\/campus-slider-vr-campus-lyon-inseec-dalle-detente.jpg 1058w, https:\/\/www.inseec.com\/wp-content\/uploads\/sites\/32\/2025\/11\/campus-slider-vr-campus-lyon-inseec-dalle-detente.jpg?resize=300,226 300w, https:\/\/www.inseec.com\/wp-content\/uploads\/sites\/32\/2025\/11\/campus-slider-vr-campus-lyon-inseec-dalle-detente.jpg?resize=768,579 768w, https:\/\/www.inseec.com\/wp-content\/uploads\/sites\/32\/2025\/11\/campus-slider-vr-campus-lyon-inseec-dalle-detente.jpg?resize=220,165 220w, https:\/\/www.inseec.com\/wp-content\/uploads\/sites\/32\/2025\/11\/campus-slider-vr-campus-lyon-inseec-dalle-detente.jpg?resize=240,180 240w, https:\/\/www.inseec.com\/wp-content\/uploads\/sites\/32\/2025\/11\/campus-slider-vr-campus-lyon-inseec-dalle-detente.jpg?resize=282,212 282w, https:\/\/www.inseec.com\/wp-content\/uploads\/sites\/32\/2025\/11\/campus-slider-vr-campus-lyon-inseec-dalle-detente.jpg?resize=564,424 564w, https:\/\/www.inseec.com\/wp-content\/uploads\/sites\/32\/2025\/11\/campus-slider-vr-campus-lyon-inseec-dalle-detente.jpg?resize=330,248 330w, https:\/\/www.inseec.com\/wp-content\/uploads\/sites\/32\/2025\/11\/campus-slider-vr-campus-lyon-inseec-dalle-detente.jpg?resize=529,399 529w, https:\/\/www.inseec.com\/wp-content\/uploads\/sites\/32\/2025\/11\/campus-slider-vr-campus-lyon-inseec-dalle-detente.jpg?resize=53,40 53w, https:\/\/www.inseec.com\/wp-content\/uploads\/sites\/32\/2025\/11\/campus-slider-vr-campus-lyon-inseec-dalle-detente.jpg?resize=106,80 106w, https:\/\/www.inseec.com\/wp-content\/uploads\/sites\/32\/2025\/11\/campus-slider-vr-campus-lyon-inseec-dalle-detente.jpg?resize=212,160 212w, https:\/\/www.inseec.com\/wp-content\/uploads\/sites\/32\/2025\/11\/campus-slider-vr-campus-lyon-inseec-dalle-detente.jpg?resize=66,50 66w, https:\/\/www.inseec.com\/wp-content\/uploads\/sites\/32\/2025\/11\/campus-slider-vr-campus-lyon-inseec-dalle-detente.jpg?resize=133,100 133w, https:\/\/www.inseec.com\/wp-content\/uploads\/sites\/32\/2025\/11\/campus-slider-vr-campus-lyon-inseec-dalle-detente.jpg?resize=24,18 24w, https:\/\/www.inseec.com\/wp-content\/uploads\/sites\/32\/2025\/11\/campus-slider-vr-campus-lyon-inseec-dalle-detente.jpg?resize=48,36 48w, https:\/\/www.inseec.com\/wp-content\/uploads\/sites\/32\/2025\/11\/campus-slider-vr-campus-lyon-inseec-dalle-detente.jpg?resize=40,30 40w, https:\/\/www.inseec.com\/wp-content\/uploads\/sites\/32\/2025\/11\/campus-slider-vr-campus-lyon-inseec-dalle-detente.jpg?resize=80,60 80w\" sizes=\"auto, (max-width: 1058px) 100vw, 1058px\" \/><\/figure><figure><img loading=\"lazy\" decoding=\"async\" width=\"1058\" height=\"798\" src=\"https:\/\/www.inseec.com\/wp-content\/uploads\/sites\/32\/2025\/11\/campus-slider-vr-campus-lyon-inseec-lion-rouge-hall.jpg?w=1058\" class=\"\" alt=\"Photo de la statue du lion rouge dans le hall du campus de Lyon de l\u2019\u00e9cole de commerce INSEEC\" data-location=\"\" srcset=\"https:\/\/www.inseec.com\/wp-content\/uploads\/sites\/32\/2025\/11\/campus-slider-vr-campus-lyon-inseec-lion-rouge-hall.jpg 1058w, https:\/\/www.inseec.com\/wp-content\/uploads\/sites\/32\/2025\/11\/campus-slider-vr-campus-lyon-inseec-lion-rouge-hall.jpg?resize=300,226 300w, https:\/\/www.inseec.com\/wp-content\/uploads\/sites\/32\/2025\/11\/campus-slider-vr-campus-lyon-inseec-lion-rouge-hall.jpg?resize=768,579 768w, https:\/\/www.inseec.com\/wp-content\/uploads\/sites\/32\/2025\/11\/campus-slider-vr-campus-lyon-inseec-lion-rouge-hall.jpg?resize=220,165 220w, https:\/\/www.inseec.com\/wp-content\/uploads\/sites\/32\/2025\/11\/campus-slider-vr-campus-lyon-inseec-lion-rouge-hall.jpg?resize=240,180 240w, https:\/\/www.inseec.com\/wp-content\/uploads\/sites\/32\/2025\/11\/campus-slider-vr-campus-lyon-inseec-lion-rouge-hall.jpg?resize=282,212 282w, https:\/\/www.inseec.com\/wp-content\/uploads\/sites\/32\/2025\/11\/campus-slider-vr-campus-lyon-inseec-lion-rouge-hall.jpg?resize=564,424 564w, https:\/\/www.inseec.com\/wp-content\/uploads\/sites\/32\/2025\/11\/campus-slider-vr-campus-lyon-inseec-lion-rouge-hall.jpg?resize=330,248 330w, https:\/\/www.inseec.com\/wp-content\/uploads\/sites\/32\/2025\/11\/campus-slider-vr-campus-lyon-inseec-lion-rouge-hall.jpg?resize=529,399 529w, https:\/\/www.inseec.com\/wp-content\/uploads\/sites\/32\/2025\/11\/campus-slider-vr-campus-lyon-inseec-lion-rouge-hall.jpg?resize=53,40 53w, https:\/\/www.inseec.com\/wp-content\/uploads\/sites\/32\/2025\/11\/campus-slider-vr-campus-lyon-inseec-lion-rouge-hall.jpg?resize=106,80 106w, https:\/\/www.inseec.com\/wp-content\/uploads\/sites\/32\/2025\/11\/campus-slider-vr-campus-lyon-inseec-lion-rouge-hall.jpg?resize=212,160 212w, https:\/\/www.inseec.com\/wp-content\/uploads\/sites\/32\/2025\/11\/campus-slider-vr-campus-lyon-inseec-lion-rouge-hall.jpg?resize=66,50 66w, https:\/\/www.inseec.com\/wp-content\/uploads\/sites\/32\/2025\/11\/campus-slider-vr-campus-lyon-inseec-lion-rouge-hall.jpg?resize=133,100 133w, https:\/\/www.inseec.com\/wp-content\/uploads\/sites\/32\/2025\/11\/campus-slider-vr-campus-lyon-inseec-lion-rouge-hall.jpg?resize=24,18 24w, https:\/\/www.inseec.com\/wp-content\/uploads\/sites\/32\/2025\/11\/campus-slider-vr-campus-lyon-inseec-lion-rouge-hall.jpg?resize=48,36 48w, https:\/\/www.inseec.com\/wp-content\/uploads\/sites\/32\/2025\/11\/campus-slider-vr-campus-lyon-inseec-lion-rouge-hall.jpg?resize=40,30 40w, https:\/\/www.inseec.com\/wp-content\/uploads\/sites\/32\/2025\/11\/campus-slider-vr-campus-lyon-inseec-lion-rouge-hall.jpg?resize=80,60 80w\" sizes=\"auto, (max-width: 1058px) 100vw, 1058px\" \/><\/figure>\t\t<\/figure>\n\t\t\t<div class=\"block__content\">\n\t\t<h2 class=\"block__eyebrow is-style-heading-default-eyebrow has-on-surface-subtle-color\">Campus de Lyon<\/h2><p class=\"block__title is-style-plain-emphasis-xl\">Rejoignez un campus historique et vivant<\/p><p class=\"block__excerpt\">Profitez d\u2019un campus historique au c\u0153ur de Lyon, ville culturelle et \u00e9tudiante parmi les plus dynamiques de France.<\/p>\t\t<div class=\"block__buttons wp-block-buttons\">\n\t\t\t<div class=\"wp-block-button is-style-outline-md\"><a title=\"D\u00e9couvrir le campus de Lyon\" href=\"https:\/\/www.inseec.com\/campus\/ecole-de-commerce-lyon\/\" class=\"wp-block-button__link\">D\u00e9couvrir<\/a><\/div><div class=\"wp-block-button is-style-default\"><a title=\"Portes Ouvertes du campus de Lyon\" href=\"https:\/\/www.inseec.com\/evenement\/?_type_devenement_unique=journee-portes-ouvertes&#038;_event_campus=832\" class=\"wp-block-button__link\">Portes Ouvertes<\/a><\/div>\t\t<\/div>\n\t<\/div>\n<\/article>\n<\/div><\/div>\n\n\n\n<div role=\"tabpanel\" tabindex=\"0\" class=\"wp-block-blockparty-tabs-panel-item\" id=\"block-panel-2-1\" aria-labelledby=\"block-tab-2-1\"><div class=\"wp-block-blockparty-tabs-panel-item__inner\"><article class=\"campus block block--campus block--campus-vertical align wp-block-omnes-ds-campus\">\n\t\t\t<figure class=\"block__gallery\">\n\t\t\t<figure><img loading=\"lazy\" decoding=\"async\" width=\"660\" height=\"770\" src=\"https:\/\/www.inseec.com\/wp-content\/uploads\/sites\/32\/2025\/11\/campus-paris-eiffel-inseec-portrait.jpg?w=660\" class=\"\" alt=\"Photo du campus Paris Eiffel de l\u2019\u00e9cole de commerce INSEEC avec la tour Eiffel en fond\" data-location=\"\" srcset=\"https:\/\/www.inseec.com\/wp-content\/uploads\/sites\/32\/2025\/11\/campus-paris-eiffel-inseec-portrait.jpg 660w, https:\/\/www.inseec.com\/wp-content\/uploads\/sites\/32\/2025\/11\/campus-paris-eiffel-inseec-portrait.jpg?resize=257,300 257w, https:\/\/www.inseec.com\/wp-content\/uploads\/sites\/32\/2025\/11\/campus-paris-eiffel-inseec-portrait.jpg?resize=34,40 34w, https:\/\/www.inseec.com\/wp-content\/uploads\/sites\/32\/2025\/11\/campus-paris-eiffel-inseec-portrait.jpg?resize=69,80 69w, https:\/\/www.inseec.com\/wp-content\/uploads\/sites\/32\/2025\/11\/campus-paris-eiffel-inseec-portrait.jpg?resize=137,160 137w, https:\/\/www.inseec.com\/wp-content\/uploads\/sites\/32\/2025\/11\/campus-paris-eiffel-inseec-portrait.jpg?resize=43,50 43w, https:\/\/www.inseec.com\/wp-content\/uploads\/sites\/32\/2025\/11\/campus-paris-eiffel-inseec-portrait.jpg?resize=86,100 86w, https:\/\/www.inseec.com\/wp-content\/uploads\/sites\/32\/2025\/11\/campus-paris-eiffel-inseec-portrait.jpg?resize=21,24 21w, https:\/\/www.inseec.com\/wp-content\/uploads\/sites\/32\/2025\/11\/campus-paris-eiffel-inseec-portrait.jpg?resize=41,48 41w\" sizes=\"auto, (max-width: 660px) 100vw, 660px\" \/><\/figure><figure><img loading=\"lazy\" decoding=\"async\" width=\"660\" height=\"361\" src=\"https:\/\/www.inseec.com\/wp-content\/uploads\/sites\/32\/2025\/11\/campus-paris-vellefaux-inseec-cafeteria.jpg?w=660\" class=\"\" alt=\"Photo de la caf\u00e9t\u00e9ria \u00e0 l\u2019int\u00e9rieur du campus r\u00e9nov\u00e9 de Paris Vellefaux de l\u2019\u00e9cole de commerce INSEEC\" data-location=\"\" srcset=\"https:\/\/www.inseec.com\/wp-content\/uploads\/sites\/32\/2025\/11\/campus-paris-vellefaux-inseec-cafeteria.jpg 660w, https:\/\/www.inseec.com\/wp-content\/uploads\/sites\/32\/2025\/11\/campus-paris-vellefaux-inseec-cafeteria.jpg?resize=300,164 300w, https:\/\/www.inseec.com\/wp-content\/uploads\/sites\/32\/2025\/11\/campus-paris-vellefaux-inseec-cafeteria.jpg?resize=73,40 73w, https:\/\/www.inseec.com\/wp-content\/uploads\/sites\/32\/2025\/11\/campus-paris-vellefaux-inseec-cafeteria.jpg?resize=146,80 146w, https:\/\/www.inseec.com\/wp-content\/uploads\/sites\/32\/2025\/11\/campus-paris-vellefaux-inseec-cafeteria.jpg?resize=293,160 293w, https:\/\/www.inseec.com\/wp-content\/uploads\/sites\/32\/2025\/11\/campus-paris-vellefaux-inseec-cafeteria.jpg?resize=91,50 91w, https:\/\/www.inseec.com\/wp-content\/uploads\/sites\/32\/2025\/11\/campus-paris-vellefaux-inseec-cafeteria.jpg?resize=183,100 183w, https:\/\/www.inseec.com\/wp-content\/uploads\/sites\/32\/2025\/11\/campus-paris-vellefaux-inseec-cafeteria.jpg?resize=24,13 24w, https:\/\/www.inseec.com\/wp-content\/uploads\/sites\/32\/2025\/11\/campus-paris-vellefaux-inseec-cafeteria.jpg?resize=48,26 48w, https:\/\/www.inseec.com\/wp-content\/uploads\/sites\/32\/2025\/11\/campus-paris-vellefaux-inseec-cafeteria.jpg?resize=40,22 40w, https:\/\/www.inseec.com\/wp-content\/uploads\/sites\/32\/2025\/11\/campus-paris-vellefaux-inseec-cafeteria.jpg?resize=80,44 80w\" sizes=\"auto, (max-width: 660px) 100vw, 660px\" \/><\/figure><figure><img loading=\"lazy\" decoding=\"async\" width=\"794\" height=\"599\" src=\"https:\/\/www.inseec.com\/wp-content\/uploads\/sites\/32\/2025\/11\/campus-slider-vr-campus-paris-la-defense-inseec-salle-detente.jpg?w=794\" class=\"\" alt=\"\" data-location=\"\" srcset=\"https:\/\/www.inseec.com\/wp-content\/uploads\/sites\/32\/2025\/11\/campus-slider-vr-campus-paris-la-defense-inseec-salle-detente.jpg 794w, https:\/\/www.inseec.com\/wp-content\/uploads\/sites\/32\/2025\/11\/campus-slider-vr-campus-paris-la-defense-inseec-salle-detente.jpg?resize=300,226 300w, https:\/\/www.inseec.com\/wp-content\/uploads\/sites\/32\/2025\/11\/campus-slider-vr-campus-paris-la-defense-inseec-salle-detente.jpg?resize=768,579 768w, https:\/\/www.inseec.com\/wp-content\/uploads\/sites\/32\/2025\/11\/campus-slider-vr-campus-paris-la-defense-inseec-salle-detente.jpg?resize=220,165 220w, https:\/\/www.inseec.com\/wp-content\/uploads\/sites\/32\/2025\/11\/campus-slider-vr-campus-paris-la-defense-inseec-salle-detente.jpg?resize=240,180 240w, https:\/\/www.inseec.com\/wp-content\/uploads\/sites\/32\/2025\/11\/campus-slider-vr-campus-paris-la-defense-inseec-salle-detente.jpg?resize=282,212 282w, https:\/\/www.inseec.com\/wp-content\/uploads\/sites\/32\/2025\/11\/campus-slider-vr-campus-paris-la-defense-inseec-salle-detente.jpg?resize=564,424 564w, https:\/\/www.inseec.com\/wp-content\/uploads\/sites\/32\/2025\/11\/campus-slider-vr-campus-paris-la-defense-inseec-salle-detente.jpg?resize=330,248 330w, https:\/\/www.inseec.com\/wp-content\/uploads\/sites\/32\/2025\/11\/campus-slider-vr-campus-paris-la-defense-inseec-salle-detente.jpg?resize=529,399 529w, https:\/\/www.inseec.com\/wp-content\/uploads\/sites\/32\/2025\/11\/campus-slider-vr-campus-paris-la-defense-inseec-salle-detente.jpg?resize=53,40 53w, https:\/\/www.inseec.com\/wp-content\/uploads\/sites\/32\/2025\/11\/campus-slider-vr-campus-paris-la-defense-inseec-salle-detente.jpg?resize=106,80 106w, https:\/\/www.inseec.com\/wp-content\/uploads\/sites\/32\/2025\/11\/campus-slider-vr-campus-paris-la-defense-inseec-salle-detente.jpg?resize=212,160 212w, https:\/\/www.inseec.com\/wp-content\/uploads\/sites\/32\/2025\/11\/campus-slider-vr-campus-paris-la-defense-inseec-salle-detente.jpg?resize=66,50 66w, https:\/\/www.inseec.com\/wp-content\/uploads\/sites\/32\/2025\/11\/campus-slider-vr-campus-paris-la-defense-inseec-salle-detente.jpg?resize=133,100 133w, https:\/\/www.inseec.com\/wp-content\/uploads\/sites\/32\/2025\/11\/campus-slider-vr-campus-paris-la-defense-inseec-salle-detente.jpg?resize=24,18 24w, https:\/\/www.inseec.com\/wp-content\/uploads\/sites\/32\/2025\/11\/campus-slider-vr-campus-paris-la-defense-inseec-salle-detente.jpg?resize=48,36 48w, https:\/\/www.inseec.com\/wp-content\/uploads\/sites\/32\/2025\/11\/campus-slider-vr-campus-paris-la-defense-inseec-salle-detente.jpg?resize=40,30 40w, https:\/\/www.inseec.com\/wp-content\/uploads\/sites\/32\/2025\/11\/campus-slider-vr-campus-paris-la-defense-inseec-salle-detente.jpg?resize=80,60 80w\" sizes=\"auto, (max-width: 794px) 100vw, 794px\" \/><\/figure>\t\t<\/figure>\n\t\t\t<div class=\"block__content\">\n\t\t<h2 class=\"block__eyebrow is-style-heading-default-eyebrow has-on-surface-subtle-color\">Campus de Paris<\/h2><p class=\"block__title is-style-plain-emphasis-xl\">\u00c9tudiez au c\u0153ur de la capitale<\/p><p class=\"block__excerpt\">D\u00e9couvrez trois campus modernes et faciles d\u2019acc\u00e8s dans des lieux embl\u00e9matiques de Paris.<\/p>\t\t<div class=\"block__buttons wp-block-buttons\">\n\t\t\t<div class=\"wp-block-button is-style-outline-md\"><a title=\"D\u00e9couvrir le campus de Paris\" href=\"https:\/\/www.inseec.com\/campus\/ecole-de-commerce-paris\/\" class=\"wp-block-button__link\">D\u00e9couvrir<\/a><\/div><div class=\"wp-block-button is-style-default\"><a title=\"Portes Ouvertes du campus de Paris\" href=\"https:\/\/www.inseec.com\/evenement\/?_type_devenement_unique=journee-portes-ouvertes&#038;_event_campus=134\" class=\"wp-block-button__link\">Portes Ouvertes<\/a><\/div>\t\t<\/div>\n\t<\/div>\n<\/article>\n<\/div><\/div>\n\n\n\n<div role=\"tabpanel\" tabindex=\"0\" class=\"wp-block-blockparty-tabs-panel-item\" id=\"block-panel-2-2\" aria-labelledby=\"block-tab-2-2\"><div class=\"wp-block-blockparty-tabs-panel-item__inner\"><article class=\"campus block block--campus block--campus-vertical align wp-block-omnes-ds-campus\">\n\t\t\t<figure class=\"block__gallery\">\n\t\t\t<figure><img loading=\"lazy\" decoding=\"async\" width=\"660\" height=\"770\" src=\"https:\/\/www.inseec.com\/wp-content\/uploads\/sites\/32\/2025\/11\/campus-bordeaux-inseec-facade.jpg?w=660\" class=\"\" alt=\"Photo du campus de Bordeaux de l\u2019\u00e9cole de commerce INSEEC\" data-location=\"\" srcset=\"https:\/\/www.inseec.com\/wp-content\/uploads\/sites\/32\/2025\/11\/campus-bordeaux-inseec-facade.jpg 660w, https:\/\/www.inseec.com\/wp-content\/uploads\/sites\/32\/2025\/11\/campus-bordeaux-inseec-facade.jpg?resize=257,300 257w, https:\/\/www.inseec.com\/wp-content\/uploads\/sites\/32\/2025\/11\/campus-bordeaux-inseec-facade.jpg?resize=34,40 34w, https:\/\/www.inseec.com\/wp-content\/uploads\/sites\/32\/2025\/11\/campus-bordeaux-inseec-facade.jpg?resize=69,80 69w, https:\/\/www.inseec.com\/wp-content\/uploads\/sites\/32\/2025\/11\/campus-bordeaux-inseec-facade.jpg?resize=137,160 137w, https:\/\/www.inseec.com\/wp-content\/uploads\/sites\/32\/2025\/11\/campus-bordeaux-inseec-facade.jpg?resize=43,50 43w, https:\/\/www.inseec.com\/wp-content\/uploads\/sites\/32\/2025\/11\/campus-bordeaux-inseec-facade.jpg?resize=86,100 86w, https:\/\/www.inseec.com\/wp-content\/uploads\/sites\/32\/2025\/11\/campus-bordeaux-inseec-facade.jpg?resize=21,24 21w, https:\/\/www.inseec.com\/wp-content\/uploads\/sites\/32\/2025\/11\/campus-bordeaux-inseec-facade.jpg?resize=41,48 41w\" sizes=\"auto, (max-width: 660px) 100vw, 660px\" \/><\/figure><figure><img loading=\"lazy\" decoding=\"async\" width=\"660\" height=\"361\" src=\"https:\/\/www.inseec.com\/wp-content\/uploads\/sites\/32\/2025\/11\/campus-bordeaux-inseec-cafeteria.jpg?w=660\" class=\"\" alt=\"Photo de la caf\u00e9t\u00e9ria \u00e0 l\u2019int\u00e9rieur du campus de Bordeaux de l\u2019\u00e9cole de commerce INSEEC\" data-location=\"\" srcset=\"https:\/\/www.inseec.com\/wp-content\/uploads\/sites\/32\/2025\/11\/campus-bordeaux-inseec-cafeteria.jpg 660w, https:\/\/www.inseec.com\/wp-content\/uploads\/sites\/32\/2025\/11\/campus-bordeaux-inseec-cafeteria.jpg?resize=300,164 300w, https:\/\/www.inseec.com\/wp-content\/uploads\/sites\/32\/2025\/11\/campus-bordeaux-inseec-cafeteria.jpg?resize=73,40 73w, https:\/\/www.inseec.com\/wp-content\/uploads\/sites\/32\/2025\/11\/campus-bordeaux-inseec-cafeteria.jpg?resize=146,80 146w, https:\/\/www.inseec.com\/wp-content\/uploads\/sites\/32\/2025\/11\/campus-bordeaux-inseec-cafeteria.jpg?resize=293,160 293w, https:\/\/www.inseec.com\/wp-content\/uploads\/sites\/32\/2025\/11\/campus-bordeaux-inseec-cafeteria.jpg?resize=91,50 91w, https:\/\/www.inseec.com\/wp-content\/uploads\/sites\/32\/2025\/11\/campus-bordeaux-inseec-cafeteria.jpg?resize=183,100 183w, https:\/\/www.inseec.com\/wp-content\/uploads\/sites\/32\/2025\/11\/campus-bordeaux-inseec-cafeteria.jpg?resize=24,13 24w, https:\/\/www.inseec.com\/wp-content\/uploads\/sites\/32\/2025\/11\/campus-bordeaux-inseec-cafeteria.jpg?resize=48,26 48w, https:\/\/www.inseec.com\/wp-content\/uploads\/sites\/32\/2025\/11\/campus-bordeaux-inseec-cafeteria.jpg?resize=40,22 40w, https:\/\/www.inseec.com\/wp-content\/uploads\/sites\/32\/2025\/11\/campus-bordeaux-inseec-cafeteria.jpg?resize=80,44 80w\" sizes=\"auto, (max-width: 660px) 100vw, 660px\" \/><\/figure><figure><img loading=\"lazy\" decoding=\"async\" width=\"660\" height=\"361\" src=\"https:\/\/www.inseec.com\/wp-content\/uploads\/sites\/32\/2025\/11\/campus-bordeaux-inseec-terrasse-bord-garonne.jpg?w=660\" class=\"\" alt=\"Photo de la terrasse en bordure de Garonne du campus de Bordeaux de l\u2019\u00e9cole de commerce INSEEC\" data-location=\"\" srcset=\"https:\/\/www.inseec.com\/wp-content\/uploads\/sites\/32\/2025\/11\/campus-bordeaux-inseec-terrasse-bord-garonne.jpg 660w, https:\/\/www.inseec.com\/wp-content\/uploads\/sites\/32\/2025\/11\/campus-bordeaux-inseec-terrasse-bord-garonne.jpg?resize=300,164 300w, https:\/\/www.inseec.com\/wp-content\/uploads\/sites\/32\/2025\/11\/campus-bordeaux-inseec-terrasse-bord-garonne.jpg?resize=73,40 73w, https:\/\/www.inseec.com\/wp-content\/uploads\/sites\/32\/2025\/11\/campus-bordeaux-inseec-terrasse-bord-garonne.jpg?resize=146,80 146w, https:\/\/www.inseec.com\/wp-content\/uploads\/sites\/32\/2025\/11\/campus-bordeaux-inseec-terrasse-bord-garonne.jpg?resize=293,160 293w, https:\/\/www.inseec.com\/wp-content\/uploads\/sites\/32\/2025\/11\/campus-bordeaux-inseec-terrasse-bord-garonne.jpg?resize=91,50 91w, https:\/\/www.inseec.com\/wp-content\/uploads\/sites\/32\/2025\/11\/campus-bordeaux-inseec-terrasse-bord-garonne.jpg?resize=183,100 183w, https:\/\/www.inseec.com\/wp-content\/uploads\/sites\/32\/2025\/11\/campus-bordeaux-inseec-terrasse-bord-garonne.jpg?resize=24,13 24w, https:\/\/www.inseec.com\/wp-content\/uploads\/sites\/32\/2025\/11\/campus-bordeaux-inseec-terrasse-bord-garonne.jpg?resize=48,26 48w, https:\/\/www.inseec.com\/wp-content\/uploads\/sites\/32\/2025\/11\/campus-bordeaux-inseec-terrasse-bord-garonne.jpg?resize=40,22 40w, https:\/\/www.inseec.com\/wp-content\/uploads\/sites\/32\/2025\/11\/campus-bordeaux-inseec-terrasse-bord-garonne.jpg?resize=80,44 80w\" sizes=\"auto, (max-width: 660px) 100vw, 660px\" \/><\/figure>\t\t<\/figure>\n\t\t\t<div class=\"block__content\">\n\t\t<h2 class=\"block__eyebrow is-style-heading-default-eyebrow has-on-surface-subtle-color\">Campus de Bordeaux<\/h2><p class=\"block__title is-style-plain-emphasis-xl\">\u00c9tudiez au bord de la Garonne<\/p><p class=\"block__excerpt\">Rejoignez un campus moderne et chaleureux en bord de Garonne, au c\u0153ur d\u2019une ville vivante et conviviale.<\/p>\t\t<div class=\"block__buttons wp-block-buttons\">\n\t\t\t<div class=\"wp-block-button is-style-outline-md\"><a title=\"D\u00e9couvrir le campus de Bordeaux\" href=\"https:\/\/www.inseec.com\/campus\/ecole-de-commerce-bordeaux\/\" class=\"wp-block-button__link\">D\u00e9couvrir<\/a><\/div><div class=\"wp-block-button is-style-default\"><a title=\"Portes Ouvertes du campus de Bordeaux\" href=\"https:\/\/www.inseec.com\/evenement\/?_type_devenement_unique=journee-portes-ouvertes&#038;_event_campus=835\" class=\"wp-block-button__link\">Portes Ouvertes<\/a><\/div>\t\t<\/div>\n\t<\/div>\n<\/article>\n<\/div><\/div>\n<\/section>\n<\/div>\n<\/div>\n<\/section>\n\n\n\n<div class=\"wp-block-group alignfull wp-pattern wp-pattern-specialisations-slider has-inverse-variant-background-color has-background has-global-padding is-layout-constrained wp-container-core-group-is-layout-02609ccb wp-block-group-is-layout-constrained has-block-anchor\" style=\"border-radius:0px;margin-top:0;margin-bottom:0;padding-top:var(--wp--preset--spacing--6-xl);padding-right:var(--wp--preset--spacing--padding-x-section);padding-bottom:var(--wp--preset--spacing--6-xl);padding-left:var(--wp--preset--spacing--padding-x-section)\">\n<div class=\"wp-block-group alignwide wp-pattern__inner is-layout-flow wp-container-core-group-is-layout-3fccdef8 wp-block-group-is-layout-flow has-block-anchor\">\n<div class=\"wp-block-group wp-pattern__header is-vertical is-layout-flex wp-container-core-group-is-layout-b80b8bd4 wp-block-group-is-layout-flex has-block-anchor\">\n<div class=\"wp-block-group is-vertical is-layout-flex wp-container-core-group-is-layout-bd7877ba wp-block-group-is-layout-flex has-block-anchor\">\n<p class=\"is-style-heading-default-eyebrow has-inverse-on-surface-subtle-color has-text-color has-link-color wp-elements-dd63a51d32106d43b23411e561a18948\">L\u2019offre de formation la plus compl\u00e8te<\/p>\n\n\n\n<h2 class=\"wp-block-heading is-style-heading-emphasis-h2 has-inverse-on-surface-color has-text-color has-link-color wp-elements-563fa7a9d4d45683c0a1fb8b15eea886\" id=\"les-domaines-dexpertise\">Les domaines d\u2019expertise<\/h2>\n<\/div>\n\n\n\n<p class=\"is-style-plain-default-md has-inverse-on-surface-subtle-color has-text-color has-link-color wp-elements-f8c79945573a588e813404360d26905a\">Explorez les sp\u00e9cialisations qui fa\u00e7onnent les experts de demain, entre cr\u00e9ativit\u00e9, strat\u00e9gie et innovation.<\/p>\n<\/div>\n\n\n\n<div class=\"wp-block-group is-layout-flow wp-block-group-is-layout-flow has-block-anchor\"><div class=\"block block--content-picking wp-block-beapi-dynamic-block\" data-type=\"dynamic\" data-layout=\"slider-specialisation\" data-post-type=\"document\">\n\t\t\t<div class=\"block--content-picking__document-specialisation-slider\">\n\t\n\t<div class=\"block--content-picking__content swiper embla swiper-overflow-visible\">\n\t\t<div class=\"embla__viewport\">\n\t\t\t<div class=\"embla__container\" id=\"embla__container-1\">\n\t\t\t\t<div class=\"embla__slide\"><article class=\"crd crd--document-specialisation-secondary\" data-seo-container>\n\t<div class=\"crd__image\"><img decoding=\"async\" width=\"330\" height=\"186\" src=\"https:\/\/www.inseec.com\/wp-content\/uploads\/sites\/32\/2025\/12\/specialisation-marketing-inseec-bba.jpg?w=330&#038;h=186&#038;crop=1\" class=\"\" alt=\"Image d\u2019illustration de la sp\u00e9cialisation Marketing de l\u2019INSEEC BBA de l\u2019\u00e9cole de commerce INSEEC\" data-location=\"\" loading=\"lazy\" srcset=\"https:\/\/www.inseec.com\/wp-content\/uploads\/sites\/32\/2025\/12\/specialisation-marketing-inseec-bba.jpg 330w, https:\/\/www.inseec.com\/wp-content\/uploads\/sites\/32\/2025\/12\/specialisation-marketing-inseec-bba.jpg?resize=300,169 300w, https:\/\/www.inseec.com\/wp-content\/uploads\/sites\/32\/2025\/12\/specialisation-marketing-inseec-bba.jpg?resize=260,146 260w, https:\/\/www.inseec.com\/wp-content\/uploads\/sites\/32\/2025\/12\/specialisation-marketing-inseec-bba.jpg?resize=71,40 71w, https:\/\/www.inseec.com\/wp-content\/uploads\/sites\/32\/2025\/12\/specialisation-marketing-inseec-bba.jpg?resize=142,80 142w, https:\/\/www.inseec.com\/wp-content\/uploads\/sites\/32\/2025\/12\/specialisation-marketing-inseec-bba.jpg?resize=284,160 284w, https:\/\/www.inseec.com\/wp-content\/uploads\/sites\/32\/2025\/12\/specialisation-marketing-inseec-bba.jpg?resize=89,50 89w, https:\/\/www.inseec.com\/wp-content\/uploads\/sites\/32\/2025\/12\/specialisation-marketing-inseec-bba.jpg?resize=177,100 177w, https:\/\/www.inseec.com\/wp-content\/uploads\/sites\/32\/2025\/12\/specialisation-marketing-inseec-bba.jpg?resize=24,14 24w, https:\/\/www.inseec.com\/wp-content\/uploads\/sites\/32\/2025\/12\/specialisation-marketing-inseec-bba.jpg?resize=48,27 48w, https:\/\/www.inseec.com\/wp-content\/uploads\/sites\/32\/2025\/12\/specialisation-marketing-inseec-bba.jpg?resize=40,23 40w, https:\/\/www.inseec.com\/wp-content\/uploads\/sites\/32\/2025\/12\/specialisation-marketing-inseec-bba.jpg?resize=80,45 80w\" sizes=\"auto, (max-width: 330px) 100vw, 330px\" \/><\/div><h3 class=\"crd__title is-style-plain-emphasis-xl\"><a href=\"https:\/\/www.inseec.com\/bba\/bba-marketing\/\" data-seo-target=\"\" class=\"crd__link has-inverse-on-surface-color\">BBA Marketing<\/a><\/h3><p class=\"crd__excerpt is-style-plain-default-sm has-inverse-on-surface-color\">Le BBA Marketing de l\u2019INSEEC forme des strat\u00e8ges cr\u00e9atifs capables de concevoir, piloter et optimiser des campagnes performantes dans les grands hubs \u00e9conomiques comme Paris, Bordeaux ou Lyon.<\/p>\n\t<div class=\"crd__button has-inverse-surface-color\">\n\t\t<svg class=\"icon icon-arrow-up-right\" aria-hidden=\"true\" focusable=\"false\"><use href=\"https:\/\/www.inseec.com\/wp-content\/themes\/omnes-design-system\/dist\/icons\/sprite.svg#icon-arrow-up-right\"><\/use><\/svg>\t<\/div>\n<\/article><\/div><div class=\"embla__slide\"><article class=\"crd crd--document-specialisation-secondary\" data-seo-container>\n\t<div class=\"crd__image\"><img decoding=\"async\" width=\"330\" height=\"186\" src=\"https:\/\/www.inseec.com\/wp-content\/uploads\/sites\/32\/2025\/12\/specialisation-finance-inseec-bba.jpg?w=330&#038;h=186&#038;crop=1\" class=\"\" alt=\"\" data-location=\"\" loading=\"lazy\" srcset=\"https:\/\/www.inseec.com\/wp-content\/uploads\/sites\/32\/2025\/12\/specialisation-finance-inseec-bba.jpg 330w, https:\/\/www.inseec.com\/wp-content\/uploads\/sites\/32\/2025\/12\/specialisation-finance-inseec-bba.jpg?resize=300,169 300w, https:\/\/www.inseec.com\/wp-content\/uploads\/sites\/32\/2025\/12\/specialisation-finance-inseec-bba.jpg?resize=260,146 260w, https:\/\/www.inseec.com\/wp-content\/uploads\/sites\/32\/2025\/12\/specialisation-finance-inseec-bba.jpg?resize=71,40 71w, https:\/\/www.inseec.com\/wp-content\/uploads\/sites\/32\/2025\/12\/specialisation-finance-inseec-bba.jpg?resize=142,80 142w, https:\/\/www.inseec.com\/wp-content\/uploads\/sites\/32\/2025\/12\/specialisation-finance-inseec-bba.jpg?resize=284,160 284w, https:\/\/www.inseec.com\/wp-content\/uploads\/sites\/32\/2025\/12\/specialisation-finance-inseec-bba.jpg?resize=89,50 89w, https:\/\/www.inseec.com\/wp-content\/uploads\/sites\/32\/2025\/12\/specialisation-finance-inseec-bba.jpg?resize=177,100 177w, https:\/\/www.inseec.com\/wp-content\/uploads\/sites\/32\/2025\/12\/specialisation-finance-inseec-bba.jpg?resize=24,14 24w, https:\/\/www.inseec.com\/wp-content\/uploads\/sites\/32\/2025\/12\/specialisation-finance-inseec-bba.jpg?resize=48,27 48w, https:\/\/www.inseec.com\/wp-content\/uploads\/sites\/32\/2025\/12\/specialisation-finance-inseec-bba.jpg?resize=40,23 40w, https:\/\/www.inseec.com\/wp-content\/uploads\/sites\/32\/2025\/12\/specialisation-finance-inseec-bba.jpg?resize=80,45 80w\" sizes=\"auto, (max-width: 330px) 100vw, 330px\" \/><\/div><h3 class=\"crd__title is-style-plain-emphasis-xl\"><a href=\"https:\/\/www.inseec.com\/bba\/bba-finance\/\" data-seo-target=\"\" class=\"crd__link has-inverse-on-surface-color\">BBA Finance<\/a><\/h3><p class=\"crd__excerpt is-style-plain-default-sm has-inverse-on-surface-color\">Le BBA Finance de l\u2019INSEEC pr\u00e9pare les futurs experts financiers \u00e0 piloter des d\u00e9cisions strat\u00e9giques dans des environnements dynamiques comme Paris, Lyon ou Bordeaux.<\/p>\n\t<div class=\"crd__button has-inverse-surface-color\">\n\t\t<svg class=\"icon icon-arrow-up-right\" aria-hidden=\"true\" focusable=\"false\"><use href=\"https:\/\/www.inseec.com\/wp-content\/themes\/omnes-design-system\/dist\/icons\/sprite.svg#icon-arrow-up-right\"><\/use><\/svg>\t<\/div>\n<\/article><\/div>\t\t\t<\/div>\n\t\t<\/div>\n\n\t\t\n<div class=\"swiper__controls\">\n\t<div class=\"swiper-pagination\"><\/div>\n\n\t<div class=\"swiper__buttons\">\n\t\t\t\t\t<button\n\t\t\t\tclass=\"embla__prev swiper-button-disabled\"\n\t\t\t\ttype=\"button\"\n\t\t\t\tdisabled\n\t\t\t\taria-disabled=\"true\"\n\t\t\t\taria-label=\"Previous slide\"\n\t\t\t\taria-controls=\"embla__container-1\">\n\t\t\t\t<svg class=\"icon icon-arrow-left\" aria-hidden=\"true\" focusable=\"false\"><use href=\"https:\/\/www.inseec.com\/wp-content\/themes\/omnes-design-system\/dist\/icons\/sprite.svg#icon-arrow-left\"><\/use><\/svg>\t\t\t<\/button>\n\t\t\t<button\n\t\t\t\tclass=\"embla__next\"\n\t\t\t\ttype=\"button\"\n\t\t\t\taria-label=\"Next slide\"\n\t\t\t\taria-controls=\"embla__container-1\">\n\t\t\t\t<svg class=\"icon icon-arrow-right\" aria-hidden=\"true\" focusable=\"false\"><use href=\"https:\/\/www.inseec.com\/wp-content\/themes\/omnes-design-system\/dist\/icons\/sprite.svg#icon-arrow-right\"><\/use><\/svg>\t\t\t<\/button>\n\t\t\t<\/div>\n<\/div>\n\t<\/div>\n<\/div>\n<\/div>\n<\/div>\n<\/div>\n<\/div>\n\n\n\n<section class=\"wp-block-group alignfull wp-pattern wp-pattern-events-list has-global-padding is-layout-constrained wp-container-core-group-is-layout-b9dc94b5 wp-block-group-is-layout-constrained has-block-anchor\" style=\"margin-top:0;margin-bottom:0;padding-top:var(--wp--preset--spacing--padding-y-section);padding-bottom:var(--wp--preset--spacing--padding-y-section)\">\n<div class=\"wp-block-group wp-pattrern__header is-layout-flow wp-block-group-is-layout-flow has-block-anchor\">\n<p class=\"has-text-align-center is-style-heading-default-eyebrow has-on-surface-color has-text-color has-link-color wp-elements-f87c7f0167b54601ce97aaa0cdc63a70\">Rencontrez-nous<\/p>\n\n\n\n<h2 class=\"wp-block-heading has-text-align-center\" id=\"decouvrez-les-evenements-bba\">D\u00e9couvrez les \u00e9v\u00e8nements BBA<\/h2>\n<\/div>\n\n\n\n<div class=\"wp-block-group alignwide is-layout-flow wp-container-core-group-is-layout-1320b656 wp-block-group-is-layout-flow\" style=\"margin-top:var(--wp--preset--spacing--4-xl)\">\n<div class=\"wp-block-group wp-pattern__filters wp-pattern__filters-centered is-layout-grid wp-container-core-group-is-layout-4fe37c5b wp-block-group-is-layout-grid\"><div class=\"wpgb-facet wpgb-loading wpgb-facet-38\" data-facet=\"38\" data-grid=\"wpgb-content-block\/59d734fa09cf8be62aa58cd44a2af1e6\"><\/div>\n\n<div class=\"wpgb-facet wpgb-loading wpgb-facet-11\" data-facet=\"11\" data-grid=\"wpgb-content-block\/59d734fa09cf8be62aa58cd44a2af1e6\"><\/div><\/div>\n\n\n\n<div class=\"wp-block-query is-layout-flow wp-block-query-is-layout-flow wpgb-content-block59d734fa09cf8be62aa58cd44a2af1e6\"><ul class=\"wp-block-post-template is-layout-grid wp-container-core-post-template-is-layout-523fefc7 wp-block-post-template-is-layout-grid\"><li class=\"wp-block-post post-91632 event type-event status-publish hentry event_type-journee-portes-ouvertes school-bba\">\n\n<div class=\"crd crd--event crd--event-large\">\n\t<span class=\"crd__program is-style-tag-fill-md\">BBA<\/span><p class=\"crd__date is-style-heading-emphasis-h1\">18\/02<\/p><h3 class=\"crd__title is-style-plain-emphasis-lg\">Journ\u00e9e Portes Ouvertes \u00e0 Paris<\/h3>\n\t<ul class=\"crd__metas\">\n\t\t<li class=\"crd__campus is-style-plain-default-md\"><svg class=\"icon icon-marker\" aria-hidden=\"true\" focusable=\"false\"><use href=\"https:\/\/www.inseec.com\/wp-content\/themes\/omnes-design-system\/dist\/icons\/sprite.svg#icon-marker\"><\/use><\/svg><span>\u00c9cole de commerce \u00e0 Paris<\/span><\/li><li class=\"crd__hours is-style-plain-default-md\"><svg class=\"icon icon-clock\" aria-hidden=\"true\" focusable=\"false\"><use href=\"https:\/\/www.inseec.com\/wp-content\/themes\/omnes-design-system\/dist\/icons\/sprite.svg#icon-clock\"><\/use><\/svg><span>From 18h00 to 20h00<\/span><\/li>\t<\/ul>\n\n\t<div class=\"crd__buttons\">\n\t\t<div class=\"wp-block-button is-style-outline-sm\"><a href=\"https:\/\/www.inseec.com\/evenement\/journee-portes-ouvertes-a-paris-2026-02-17-2\/\" class=\"wp-block-button__link\">More info<\/a><\/div><div class=\"wp-block-button is-style-subtle-sm\"><a href=\"https:\/\/bba.inseec.com\/inseecu\/jpo\/13489\" class=\"wp-block-button__link\">I participate<\/a><\/div>\t<\/div>\n<\/div>\n\n<\/li><li class=\"wp-block-post post-91421 event type-event status-publish hentry event_type-journee-portes-ouvertes school-bba\">\n\n<div class=\"crd crd--event crd--event-large\">\n\t<span class=\"crd__program is-style-tag-fill-md\">BBA<\/span><p class=\"crd__date is-style-heading-emphasis-h1\">07\/03<\/p><h3 class=\"crd__title is-style-plain-emphasis-lg\">Journ\u00e9e Portes Ouvertes \u00e0 Bordeaux<\/h3>\n\t<ul class=\"crd__metas\">\n\t\t<li class=\"crd__campus is-style-plain-default-md\"><svg class=\"icon icon-marker\" aria-hidden=\"true\" focusable=\"false\"><use href=\"https:\/\/www.inseec.com\/wp-content\/themes\/omnes-design-system\/dist\/icons\/sprite.svg#icon-marker\"><\/use><\/svg><span>\u00c9cole de commerce \u00e0 Bordeaux<\/span><\/li><li class=\"crd__hours is-style-plain-default-md\"><svg class=\"icon icon-clock\" aria-hidden=\"true\" focusable=\"false\"><use href=\"https:\/\/www.inseec.com\/wp-content\/themes\/omnes-design-system\/dist\/icons\/sprite.svg#icon-clock\"><\/use><\/svg><span>From 10h00 to 13h00<\/span><\/li>\t<\/ul>\n\n\t<div class=\"crd__buttons\">\n\t\t<div class=\"wp-block-button is-style-outline-sm\"><a href=\"https:\/\/www.inseec.com\/evenement\/journee-portes-ouvertes-a-bordeaux-2026-03-06\/\" class=\"wp-block-button__link\">More info<\/a><\/div><div class=\"wp-block-button is-style-subtle-sm\"><a href=\"https:\/\/bba.inseec.com\/inseecu\/jpo\/13442\" class=\"wp-block-button__link\">I participate<\/a><\/div>\t<\/div>\n<\/div>\n\n<\/li><\/ul><\/div>\n<script type=\"application\/ld+json\">\n{\"@context\":\"https:\\\/\\\/schema.org\",\"@graph\":[{\"@type\":\"EducationEvent\",\"name\":\"Journ\\u00c3\\u00a9e Portes Ouvertes \\u00c3\\u00a0 Paris\",\"description\":\"Sur nos campus Autres \\u00c3\\u00a9v\\u00c3\\u00a9nements\",\"startDate\":\"2026-02-18T18:00:00+01:00\",\"endDate\":\"2026-02-18T20:00:00+01:00\",\"eventAttendanceMode\":\"https:\\\/\\\/schema.org\\\/OfflineEventAttendanceMode\",\"organizer\":{\"@id\":\"https:\\\/\\\/www.inseec.com\\\/#organization\"},\"url\":\"https:\\\/\\\/www.inseec.com\\\/evenement\\\/journee-portes-ouvertes-a-paris-2026-02-17-2\\\/\",\"isAccessibleForFree\":true,\"location\":{\"@type\":\"Place\",\"name\":\"\\u00c3\\u0089cole de commerce \\u00c3\\u00a0 Paris\",\"address\":{\"@type\":\"PostalAddress\",\"streetAddress\":\"37 Quai de Grenelle\",\"addressLocality\":\"Paris\",\"postalCode\":\"75015\",\"addressCountry\":\"FR\"}}},{\"@type\":\"EducationEvent\",\"name\":\"Journ\\u00c3\\u00a9e Portes Ouvertes \\u00c3\\u00a0 Bordeaux\",\"description\":\"Sur nos campus Autres \\u00c3\\u00a9v\\u00c3\\u00a9nements\",\"startDate\":\"2026-03-07T10:00:00+01:00\",\"endDate\":\"2026-03-07T13:00:00+01:00\",\"eventAttendanceMode\":\"https:\\\/\\\/schema.org\\\/OfflineEventAttendanceMode\",\"organizer\":{\"@id\":\"https:\\\/\\\/www.inseec.com\\\/#organization\"},\"url\":\"https:\\\/\\\/www.inseec.com\\\/evenement\\\/journee-portes-ouvertes-a-bordeaux-2026-03-06\\\/\",\"isAccessibleForFree\":true,\"location\":{\"@type\":\"Place\",\"name\":\"\\u00c3\\u0089cole de commerce \\u00c3\\u00a0 Bordeaux\",\"address\":{\"@type\":\"PostalAddress\",\"streetAddress\":\"136 Quai des Chartrons\",\"addressLocality\":\"Bordeaux\",\"postalCode\":\"33000\",\"addressCountry\":\"FR\"}}}]}\n<\/script>\n<\/div>\n\n\n\n<div class=\"wp-block-buttons is-content-justification-center is-layout-flex wp-container-core-buttons-is-layout-a89b3969 wp-block-buttons-is-layout-flex\">\n<div class=\"wp-block-button is-style-outline-lg\"><a class=\"wp-block-button__link wp-element-button\" href=\"https:\/\/www.inseec.com\/evenement\/?_programmes_unique=bba\">Voir tous les \u00e9v\u00e9nements<\/a><\/div>\n<\/div>\n<\/section>\n\n\n\n<div class=\"wp-block-group alignwide wp-pattern wp-pattern-faq-cta is-layout-flow wp-block-group-is-layout-flow has-block-anchor\" style=\"margin-top:0;margin-bottom:0;padding-top:var(--wp--preset--spacing--6-xl);padding-bottom:var(--wp--preset--spacing--6-xl)\">\n<div class=\"wp-block-columns is-layout-flex wp-container-core-columns-is-layout-b3d710c4 wp-block-columns-is-layout-flex has-block-anchor\">\n<div class=\"wp-block-column is-layout-flow wp-container-core-column-is-layout-e67eb3c6 wp-block-column-is-layout-flow\" style=\"flex-basis:40.3%\">\n<div class=\"wp-block-group is-vertical is-layout-flex wp-container-core-group-is-layout-b80b8bd4 wp-block-group-is-layout-flex has-block-anchor\">\n<div class=\"wp-block-group is-vertical is-layout-flex wp-container-core-group-is-layout-bd7877ba wp-block-group-is-layout-flex has-block-anchor\">\n<p class=\"is-style-heading-default-eyebrow has-on-surface-color has-text-color has-link-color wp-elements-7f5af9274a5957746917b1e3dc31a535\">FAQ<\/p>\n\n\n\n<h2 class=\"wp-block-heading is-style-heading-emphasis-h2 has-on-surface-color has-text-color has-link-color wp-elements-14f7e8cbf67699b0c1521a9a2a789c7d\" id=\"des-questions-sur-les-bba-finance-de-linseec\">Des questions sur les BBA Finance de l\u2019INSEEC\u00a0?<\/h2>\n<\/div>\n\n\n\n<p class=\"is-style-plain-default-md has-on-surface-subtle-color has-text-color has-link-color wp-elements-03441c11c39fbe3e1d11924e8f58b4e4\">Voici les questions les plus fr\u00e9quentes et nos r\u00e9ponses pour \u00e9clairer votre choix sur la sp\u00e9cialisation Finance de l\u2019INSEEC. Et si vous n\u2019avez pas trouv\u00e9 toutes vos r\u00e9ponses ici, nous sommes \u00e0 votre \u00e9coute pour en parler !<\/p>\n<\/div>\n\n\n\n<div class=\"wp-block-group has-border-color is-vertical is-layout-flex wp-container-core-group-is-layout-b00cbbb9 wp-block-group-is-layout-flex has-block-anchor\" style=\"border-color:var(--wp--custom--border--outline-subtle);border-width:1px;border-radius:16px;padding-top:var(--wp--preset--spacing--padding-y-sm);padding-right:var(--wp--preset--spacing--padding-x-sm);padding-bottom:var(--wp--preset--spacing--padding-y-sm);padding-left:var(--wp--preset--spacing--padding-x-sm)\">\n<div class=\"wp-block-group is-vertical is-layout-flex wp-container-core-group-is-layout-5a6f8b2c wp-block-group-is-layout-flex has-block-anchor\">\n<h3 class=\"wp-block-heading is-style-heading-emphasis-h3 has-on-surface-color has-text-color has-link-color wp-elements-9d5f282af184686810d1740d40dbc19a\" id=\"des-questions-sur-nos-programmesen-finance\">Des questions sur <br>nos programmes<br>en Finance<\/h3>\n<\/div>\n\n\n\n<div class=\"wp-block-buttons is-layout-flex wp-container-core-buttons-is-layout-11bdec33 wp-block-buttons-is-layout-flex\">\n<div class=\"wp-block-button is-style-fill-lg popmake-22\"><a class=\"wp-block-button__link wp-element-button\">T\u00e9l\u00e9charger la brochure<\/a><\/div>\n<\/div>\n<\/div>\n<\/div>\n\n\n\n<div class=\"wp-block-column is-layout-flow wp-container-core-column-is-layout-8a368f38 wp-block-column-is-layout-flow\" style=\"flex-basis:50%\">\n<details class=\"wp-block-details is-style-default is-layout-flow wp-container-core-details-is-layout-9ec55b31 wp-block-details-is-layout-flow\"><summary><h3><span id=\"docs-internal-guid-f662a947-7fff-6869-2d81-d905bace821c\" style=\"letter-spacing: normal; white-space: normal; caret-color: rgb(0, 0, 0); color: rgb(0, 0, 0); font-weight: normal;\"><span style=\"font-size: 14pt; font-family: Arial, sans-serif; color: rgb(67, 67, 67); font-variant-ligatures: normal; font-variant-alternates: normal; font-variant-numeric: normal; font-variant-east-asian: normal; font-variant-position: normal; vertical-align: baseline; white-space: pre-wrap;\"><strong>Quels sont les avantages d\u2019un BBA Finance pour votre future carri\u00e8re\u00a0?<\/strong><\/span><\/span><\/h3><\/summary>\n<div class=\"wp-block-group is-vertical is-layout-flex wp-container-core-group-is-layout-a2e3e733 wp-block-group-is-layout-flex\">\n<p class=\"is-style-plain-default-sm has-on-surface-subtle-color has-text-color has-link-color wp-elements-7ae76331c6fed8ca6ca6783868f69995\">Le BBA Finance vous ouvre les portes du monde des affaires et du business international. Ce cursus professionnalisant vous permet d\u2019acqu\u00e9rir une solide culture financi\u00e8re et acad\u00e9mique, directement valorisable sur le march\u00e9 du travail. Vous d\u00e9veloppez une compr\u00e9hension globale des flux \u00e9conomiques et une rigueur analytique essentielle pour \u00e9voluer dans les m\u00e9tiers de la gestion, de l\u2019audit ou du conseil.<\/p>\n<\/div>\n<\/details>\n\n\n\n<details class=\"wp-block-details is-style-default is-layout-flow wp-container-core-details-is-layout-9ec55b31 wp-block-details-is-layout-flow\"><summary><h3><span id=\"docs-internal-guid-5cf27125-7fff-fcbe-7d61-a9c09f3545a3\" style=\"letter-spacing: normal; white-space: normal; caret-color: rgb(0, 0, 0); color: rgb(0, 0, 0); font-weight: normal;\"><span style=\"font-size: 14pt; font-family: Arial, sans-serif; color: rgb(67, 67, 67); font-variant-ligatures: normal; font-variant-alternates: normal; font-variant-numeric: normal; font-variant-east-asian: normal; font-variant-position: normal; vertical-align: baseline; white-space: pre-wrap;\"><strong>Y a-t-il des intervenants professionnels ou experts du secteur\u00a0?<\/strong><\/span><\/span><\/h3><\/summary>\n<div class=\"wp-block-group is-vertical is-layout-flex wp-container-core-group-is-layout-a2e3e733 wp-block-group-is-layout-flex\">\n<p class=\"is-style-plain-default-sm has-on-surface-subtle-color has-text-color has-link-color wp-elements-288a244ea5080e520cb0fe6068bae96c\">Oui. Des professionnels issus de la banque, de l\u2019audit ou de la gestion patrimoniale interviennent dans le programme pour transmettre leurs m\u00e9thodes et leurs retours d\u2019exp\u00e9rience. Ils apportent un \u00e9clairage concret sur les r\u00e9alit\u00e9s du terrain et les comp\u00e9tences attendues dans les stages en entreprise ou \u00e0 l\u2019embauche.<\/p>\n<\/div>\n<\/details>\n\n\n\n<details class=\"wp-block-details is-style-default is-layout-flow wp-container-core-details-is-layout-9ec55b31 wp-block-details-is-layout-flow\"><summary><h3><span id=\"docs-internal-guid-5c90d114-7fff-05f2-cd2a-be772be1a437\" style=\"letter-spacing: normal; white-space: normal; caret-color: rgb(0, 0, 0); color: rgb(0, 0, 0); font-weight: normal;\"><span style=\"font-size: 14pt; font-family: Arial, sans-serif; color: rgb(67, 67, 67); font-variant-ligatures: normal; font-variant-alternates: normal; font-variant-numeric: normal; font-variant-east-asian: normal; font-variant-position: normal; vertical-align: baseline; white-space: pre-wrap;\"><strong>Comment financer le BBA Finance\u00a0?<\/strong><\/span><\/span><\/h3><\/summary>\n<div class=\"wp-block-group is-vertical is-layout-flex wp-container-core-group-is-layout-a2e3e733 wp-block-group-is-layout-flex\">\n<p class=\"is-style-plain-default-sm has-on-surface-subtle-color has-text-color has-link-color wp-elements-45a28612a13065c69723c6eb1d073332\">Diff\u00e9rentes solutions sont propos\u00e9es : stages, bourses du CROUS, pr\u00eats \u00e9tudiants ou financement par un organisme partenaire.<\/p>\n<\/div>\n<\/details>\n\n\n\n<details class=\"wp-block-details is-style-default is-layout-flow wp-container-core-details-is-layout-9ec55b31 wp-block-details-is-layout-flow\"><summary><h3>La sp\u00e9cialisation est-elle accessible en admission parall\u00e8le\u00a0?<\/h3><\/summary>\n<div class=\"wp-block-group is-vertical is-layout-flex wp-container-core-group-is-layout-a2e3e733 wp-block-group-is-layout-flex\">\n<p class=\"is-style-plain-default-sm has-on-surface-subtle-color has-text-color has-link-color wp-elements-f7ef699257d783ba0b60202b69346bc5\">Oui, c\u2019est possible pour les entr\u00e9es en 2e et 3e ann\u00e9es. Ces niveaux du BBA Finance sont ouverts aux \u00e9tudiants ayant valid\u00e9 un bac +1 \/ bac +2 selon le niveau d\u2019entr\u00e9e. Les admissions en 2e et 3e ann\u00e9es de BBA se font sur dossier et entretien.<\/p>\n<\/div>\n<\/details>\n\n\n\n<details class=\"wp-block-details is-style-default is-layout-flow wp-container-core-details-is-layout-9ec55b31 wp-block-details-is-layout-flow\"><summary><h3><span id=\"docs-internal-guid-63da6704-7fff-c86d-d58b-f00a3e9edbb1\" style=\"letter-spacing: normal; white-space: normal; caret-color: rgb(0, 0, 0); color: rgb(0, 0, 0); font-weight: normal;\"><span style=\"font-size: 14pt; font-family: Arial, sans-serif; color: rgb(67, 67, 67); font-variant-ligatures: normal; font-variant-alternates: normal; font-variant-numeric: normal; font-variant-east-asian: normal; font-variant-position: normal; vertical-align: baseline; white-space: pre-wrap;\"><strong>Les m\u00e9tiers de la finance recrutent-ils vraiment des jeunes dipl\u00f4m\u00e9s\u00a0?<\/strong><\/span><\/span><\/h3><\/summary>\n<div class=\"wp-block-group is-vertical is-layout-flex wp-container-core-group-is-layout-a2e3e733 wp-block-group-is-layout-flex\">\n<p class=\"is-style-plain-default-sm has-on-surface-subtle-color has-text-color has-link-color wp-elements-8751755b738e1f3d2ac2c5cb7c7da0b4\">Oui. Les entreprises recherchent activement de jeunes gestionnaires form\u00e9s \u00e0 l\u2019analyse financi\u00e8re, \u00e0 la gestion de portefeuille et \u00e0 la comptabilit\u00e9. Gr\u00e2ce aux stages en entreprise, les \u00e9tudiants b\u00e9n\u00e9ficient d\u2019une insertion rapide et durable dans des postes \u00e0 responsabilit\u00e9.<\/p>\n<\/div>\n<\/details>\n\n\n\n<details class=\"wp-block-details is-style-default is-layout-flow wp-container-core-details-is-layout-9ec55b31 wp-block-details-is-layout-flow\"><summary><h3><span id=\"docs-internal-guid-8528d2c8-7fff-90f9-3429-c3a1e29056c6\" style=\"letter-spacing: normal; white-space: normal; caret-color: rgb(0, 0, 0); color: rgb(0, 0, 0); font-weight: normal;\"><span style=\"font-size: 14pt; font-family: Arial, sans-serif; color: rgb(67, 67, 67); font-variant-ligatures: normal; font-variant-alternates: normal; font-variant-numeric: normal; font-variant-east-asian: normal; font-variant-position: normal; vertical-align: baseline; white-space: pre-wrap;\"><strong>Peut-on travailler \u00e0 l\u2019international avec un BBA Finance INSEEC\u00a0?<\/strong><\/span><\/span><\/h3><\/summary>\n<div class=\"wp-block-group is-vertical is-layout-flex wp-container-core-group-is-layout-a2e3e733 wp-block-group-is-layout-flex\">\n<p class=\"is-style-plain-default-sm has-on-surface-subtle-color has-text-color has-link-color wp-elements-a4cbd1fb72b601b72f9f29048239fd08\">Absolument. La formation est tourn\u00e9e vers l\u2019international, avec des cours dispens\u00e9s en anglais et la possibilit\u00e9 d\u2019effectuer des \u00e9changes acad\u00e9miques \u00e0 l\u2019\u00e9tranger. Cette ouverture favorise l\u2019acc\u00e8s \u00e0 des postes en finance dans des groupes internationaux.<\/p>\n<\/div>\n<\/details>\n\n\n\n<details class=\"wp-block-details is-style-default is-layout-flow wp-container-core-details-is-layout-9ec55b31 wp-block-details-is-layout-flow\"><summary><h3><span id=\"docs-internal-guid-684992ca-7fff-e779-8645-c69bc1a68f13\" style=\"letter-spacing: normal; white-space: normal; caret-color: rgb(0, 0, 0); color: rgb(0, 0, 0); font-weight: normal;\"><span style=\"font-size: 14pt; font-family: Arial, sans-serif; color: rgb(67, 67, 67); font-variant-ligatures: normal; font-variant-alternates: normal; font-variant-numeric: normal; font-variant-east-asian: normal; font-variant-position: normal; vertical-align: baseline; white-space: pre-wrap;\"><strong>Faut-il \u00eatre bon en maths pour r\u00e9ussir en BBA Finance\u00a0?<\/strong><\/span><\/span><\/h3><\/summary>\n<div class=\"wp-block-group is-vertical is-layout-flex wp-container-core-group-is-layout-a2e3e733 wp-block-group-is-layout-flex\">\n<p class=\"is-style-plain-default-sm has-on-surface-subtle-color has-text-color has-link-color wp-elements-c2a04391f8c261635ab7da00987001ee\">Une aisance avec les chiffres est utile, mais le programme met surtout l\u2019accent sur la logique, la compr\u00e9hension des m\u00e9canismes financiers et la prise de d\u00e9cision. Les enseignements progressifs permettent \u00e0 chacun de d\u00e9velopper les comp\u00e9tences n\u00e9cessaires.<\/p>\n<\/div>\n<\/details>\n\n\n\n<details class=\"wp-block-details is-style-default is-layout-flow wp-container-core-details-is-layout-9ec55b31 wp-block-details-is-layout-flow\"><summary><h3>Le BBA Finance permet-il de poursuivre des \u00e9tudes apr\u00e8s le dipl\u00f4me\u00a0?<\/h3><\/summary>\n<div class=\"wp-block-group is-vertical is-layout-flex wp-container-core-group-is-layout-a2e3e733 wp-block-group-is-layout-flex\">\n<p class=\"is-style-plain-default-sm has-on-surface-subtle-color has-text-color has-link-color wp-elements-04f0aeefad8c1c36dbbe621c25c9dcf3\">Oui. Les dipl\u00f4m\u00e9s peuvent poursuivre en MSc, ou int\u00e9grer une grande \u00e9cole de commerce telle que l\u2019INSEEC. Cette continuit\u00e9 d\u2019\u00e9tudes favorise l\u2019acc\u00e8s \u00e0 des postes strat\u00e9giques \u00e0 forte valeur ajout\u00e9e.<\/p>\n<\/div>\n<\/details>\n\n\n\n<details class=\"wp-block-details is-style-default is-layout-flow wp-container-core-details-is-layout-9ec55b31 wp-block-details-is-layout-flow\"><summary><h3><span id=\"docs-internal-guid-4ed1b8a3-7fff-a2ce-61d9-06c5c60d6fb8\" style=\"letter-spacing: normal; white-space: normal; caret-color: rgb(0, 0, 0); color: rgb(0, 0, 0); font-weight: normal;\"><span style=\"font-size: 14pt; font-family: Arial, sans-serif; color: rgb(67, 67, 67); font-variant-ligatures: normal; font-variant-alternates: normal; font-variant-numeric: normal; font-variant-east-asian: normal; font-variant-position: normal; vertical-align: baseline; white-space: pre-wrap;\"><strong>Quelles langues sont enseign\u00e9es dans le BBA Finance\u00a0?<\/strong><\/span><\/span><\/h3><\/summary>\n<div class=\"wp-block-group is-vertical is-layout-flex wp-container-core-group-is-layout-a2e3e733 wp-block-group-is-layout-flex\">\n<p class=\"is-style-plain-default-sm has-on-surface-subtle-color has-text-color has-link-color wp-elements-d83245cc3e2d68ff0ea8b2530d835ed0\">L\u2019anglais occupe une place centrale dans le programme. Les \u00e9tudiants peuvent \u00e9galement choisir une seconde langue vivante, tr\u00e8s utile pour travailler dans le monde des affaires \u00e0 l\u2019international.<\/p>\n<\/div>\n<\/details>\n\n\n\n<details class=\"wp-block-details is-style-default is-layout-flow wp-container-core-details-is-layout-9ec55b31 wp-block-details-is-layout-flow\"><summary><h3><span id=\"docs-internal-guid-bb35675b-7fff-c42a-7b07-6d830f92505b\" style=\"letter-spacing: normal; white-space: normal; caret-color: rgb(0, 0, 0); color: rgb(0, 0, 0); font-weight: normal;\"><span style=\"font-size: 14pt; font-family: Arial, sans-serif; color: rgb(67, 67, 67); font-variant-ligatures: normal; font-variant-alternates: normal; font-variant-numeric: normal; font-variant-east-asian: normal; font-variant-position: normal; vertical-align: baseline; white-space: pre-wrap;\"><strong>La formation BBA Finance permet-elle d\u2019\u00eatre rapidement op\u00e9rationnel\u00a0?<\/strong><\/span><\/span><\/h3><\/summary>\n<div class=\"wp-block-group is-vertical is-layout-flex wp-container-core-group-is-layout-a2e3e733 wp-block-group-is-layout-flex\">\n<p class=\"is-style-plain-default-sm has-on-surface-subtle-color has-text-color has-link-color wp-elements-38c57c7b699eaf414657b2fee118d0d2\">Oui. De nombreux stages en entreprise rythment la formation, permettant d\u2019appliquer les notions vues en cours. Ces exp\u00e9riences pr\u00e9parent efficacement \u00e0 la r\u00e9alit\u00e9 du march\u00e9 du travail et \u00e0 une insertion rapide apr\u00e8s le dipl\u00f4me.<\/p>\n<\/div>\n<\/details>\n<\/div>\n<\/div>\n<\/div>\n","protected":false},"excerpt":{"rendered":"<p>Le BBA Finance de l\u2019INSEEC pr\u00e9pare les futurs experts financiers \u00e0 piloter des d\u00e9cisions strat\u00e9giques dans des environnements dynamiques comme Paris, Lyon ou Bordeaux.<\/p>\n","protected":false},"featured_media":87293,"parent":0,"template":"","city":[],"document_category":[],"document_tag":[],"document_type":[109],"school":[249],"specialisation":[560],"analytics_tag":[726],"class_list":["post-2036","document","type-document","status-publish","has-post-thumbnail","hentry","document_type-specialisation","school-bba","specialisation-finance"],"acf":[],"yoast_head":"<title>BBA Finance - INSEEC<\/title>\n<meta name=\"description\" content=\"D\u00e9couvrez le BBA Finance de l\u2019INSEEC : un programme Bac+4 reconnu \u00e0 l\u2019international. Stage en entreprise sur nos campus de Paris, Bordeaux et Lyon.\" \/>\n<meta name=\"robots\" content=\"index, follow, max-snippet:-1, max-image-preview:large, max-video-preview:-1\" \/>\n<link rel=\"canonical\" href=\"https:\/\/www.inseec.com\/bba\/bba-finance\/\" \/>\n<meta property=\"og:locale\" content=\"fr_FR\" \/>\n<meta property=\"og:type\" content=\"article\" \/>\n<meta property=\"og:title\" content=\"BBA Finance - INSEEC\" \/>\n<meta property=\"og:description\" content=\"D\u00e9couvrez le BBA Finance de l\u2019INSEEC : un programme Bac+4 reconnu \u00e0 l\u2019international. Stage en entreprise sur nos campus de Paris, Bordeaux et Lyon.\" \/>\n<meta property=\"og:url\" content=\"https:\/\/www.inseec.com\/bba\/bba-finance\/\" \/>\n<meta property=\"og:site_name\" content=\"INSEEC\" \/>\n<meta property=\"article:modified_time\" content=\"2025-12-18T16:08:03+00:00\" \/>\n<meta property=\"og:image\" content=\"https:\/\/www.inseec.com\/wp-content\/uploads\/sites\/32\/2025\/12\/specialisation-finance-inseec-bba.jpg\" \/>\n\t<meta property=\"og:image:width\" content=\"330\" \/>\n\t<meta property=\"og:image:height\" content=\"186\" \/>\n\t<meta property=\"og:image:type\" content=\"image\/jpeg\" \/>\n<meta name=\"twitter:card\" content=\"summary_large_image\" \/>\n<meta name=\"twitter:label1\" content=\"Est. reading time\" \/>\n\t<meta name=\"twitter:data1\" content=\"7 minutes\" \/>\n<script type=\"application\/ld+json\" class=\"yoast-schema-graph\">{\"@context\":\"https:\/\/schema.org\",\"@graph\":[{\"@type\":\"WebPage\",\"@id\":\"https:\/\/www.inseec.com\/bba\/bba-finance\/\",\"url\":\"https:\/\/www.inseec.com\/bba\/bba-finance\/\",\"name\":\"BBA Finance - INSEEC\",\"isPartOf\":{\"@id\":\"https:\/\/www.inseec.com\/#website\"},\"primaryImageOfPage\":{\"@id\":\"https:\/\/www.inseec.com\/bba\/bba-finance\/#primaryimage\"},\"image\":{\"@id\":\"https:\/\/www.inseec.com\/bba\/bba-finance\/#primaryimage\"},\"thumbnailUrl\":\"https:\/\/www.inseec.com\/wp-content\/uploads\/sites\/32\/2025\/12\/specialisation-finance-inseec-bba.jpg\",\"datePublished\":\"2025-12-05T09:36:10+00:00\",\"dateModified\":\"2025-12-18T16:08:03+00:00\",\"description\":\"D\u00e9couvrez le BBA Finance de l\u2019INSEEC : un programme Bac+4 reconnu \u00e0 l\u2019international. Stage en entreprise sur nos campus de Paris, Bordeaux et Lyon.\",\"breadcrumb\":{\"@id\":\"https:\/\/www.inseec.com\/bba\/bba-finance\/#breadcrumb\"},\"inLanguage\":\"fr-FR\",\"potentialAction\":[{\"@type\":\"ReadAction\",\"target\":[\"https:\/\/www.inseec.com\/bba\/bba-finance\/\"]}]},{\"@type\":\"ImageObject\",\"inLanguage\":\"fr-FR\",\"@id\":\"https:\/\/www.inseec.com\/bba\/bba-finance\/#primaryimage\",\"url\":\"https:\/\/www.inseec.com\/wp-content\/uploads\/sites\/32\/2025\/12\/specialisation-finance-inseec-bba.jpg\",\"contentUrl\":\"https:\/\/www.inseec.com\/wp-content\/uploads\/sites\/32\/2025\/12\/specialisation-finance-inseec-bba.jpg\",\"width\":330,\"height\":186},{\"@type\":\"BreadcrumbList\",\"@id\":\"https:\/\/www.inseec.com\/bba\/bba-finance\/#breadcrumb\",\"itemListElement\":[{\"@type\":\"ListItem\",\"position\":1,\"name\":\"Home\",\"item\":\"https:\/\/www.inseec.com\/\"},{\"@type\":\"ListItem\",\"position\":2,\"name\":\"BBA Finance\"}]},{\"@type\":\"WebSite\",\"@id\":\"https:\/\/www.inseec.com\/#website\",\"url\":\"https:\/\/www.inseec.com\/\",\"name\":\"INSEEC\",\"description\":\"\",\"publisher\":{\"@id\":\"https:\/\/www.inseec.com\/#organization\"},\"potentialAction\":[{\"@type\":\"SearchAction\",\"target\":{\"@type\":\"EntryPoint\",\"urlTemplate\":\"https:\/\/www.inseec.com\/?s={search_term_string}\"},\"query-input\":{\"@type\":\"PropertyValueSpecification\",\"valueRequired\":true,\"valueName\":\"search_term_string\"}}],\"inLanguage\":\"fr-FR\"},{\"@type\":\"Organization\",\"@id\":\"https:\/\/www.inseec.com\/#organization\",\"name\":\"INSEEC\",\"url\":\"https:\/\/www.inseec.com\/\",\"logo\":{\"@type\":\"ImageObject\",\"inLanguage\":\"fr-FR\",\"@id\":\"https:\/\/www.inseec.com\/#\/schema\/logo\/image\/\",\"url\":\"https:\/\/www.inseec.com\/wp-content\/uploads\/sites\/32\/2025\/11\/logo.svg\",\"contentUrl\":\"https:\/\/www.inseec.com\/wp-content\/uploads\/sites\/32\/2025\/11\/logo.svg\",\"width\":173,\"height\":36,\"caption\":\"INSEEC\"},\"image\":{\"@id\":\"https:\/\/www.inseec.com\/#\/schema\/logo\/image\/\"}},{\"@context\":\"https:\/\/schema.org\",\"@type\":\"EducationalOrganization\",\"@id\":\"https:\/\/www.inseec.com\/#organization\",\"name\":\"INSEEC\",\"description\":\"\",\"url\":\"https:\/\/www.inseec.com\/\",\"logo\":\"https:\/\/www.inseec.com\/wp-content\/uploads\/sites\/32\/2025\/11\/logo.svg\",\"image\":[\"https:\/\/www.inseec.com\/wp-content\/uploads\/sites\/32\/2025\/11\/campus-hero-barcelone-inseec.jpg\",\"https:\/\/www.inseec.com\/wp-content\/uploads\/sites\/32\/2025\/11\/campus-barcelone-inseec-ville-basilique-notre-dame-de-fourviere.jpg\",\"https:\/\/www.inseec.com\/wp-content\/uploads\/sites\/32\/2025\/11\/campus-barcelone-inseec-photo-portrait.jpg\",\"https:\/\/www.inseec.com\/wp-content\/uploads\/sites\/32\/2025\/11\/campus-slider-vr-campus-barcelone-inseec-etudiants-cours-petite-salle.jpg\",\"https:\/\/www.inseec.com\/wp-content\/uploads\/sites\/32\/2025\/11\/campus-hero-munich-inseec.jpg\",\"https:\/\/www.inseec.com\/wp-content\/uploads\/sites\/32\/2025\/11\/campus-munich-inseec-ville-basilique-notre-dame-de-fourviere.jpg\",\"https:\/\/www.inseec.com\/wp-content\/uploads\/sites\/32\/2025\/11\/campus-hero-munich-inseec.jpg\",\"https:\/\/www.inseec.com\/wp-content\/uploads\/sites\/32\/2025\/11\/campus-slider-vr-campus-munich-inseec-etudiants-theatre-les-celestins.jpg\",\"https:\/\/www.inseec.com\/wp-content\/uploads\/sites\/32\/2025\/11\/campus-hero-londres-inseec.jpg\",\"https:\/\/www.inseec.com\/wp-content\/uploads\/sites\/32\/2025\/11\/campus-londres-inseec-ville-basilique-notre-dame-de-fourviere.jpg\",\"https:\/\/www.inseec.com\/wp-content\/uploads\/sites\/32\/2025\/11\/campus-hero-londres-inseec.jpg\",\"https:\/\/www.inseec.com\/wp-content\/uploads\/sites\/32\/2025\/12\/campus-slider-vr-campus-londres-inseec-bibliotheque.jpg\",\"https:\/\/www.inseec.com\/wp-content\/uploads\/sites\/32\/2025\/11\/campus-hero-chambery-inseec-resize.jpg\",\"https:\/\/www.inseec.com\/wp-content\/uploads\/sites\/32\/2025\/11\/campus-chambery-inseec-ville-horloge.jpg\",\"https:\/\/www.inseec.com\/wp-content\/uploads\/sites\/32\/2025\/11\/campus-slider-vr-campus-chambery-inseec-exterieur.jpg\",\"https:\/\/www.inseec.com\/wp-content\/uploads\/sites\/32\/2025\/11\/campus-slider-vr-campus-chambery-inseec-salle-detente.jpg\",\"https:\/\/www.inseec.com\/wp-content\/uploads\/sites\/32\/2025\/11\/campus-hero-toulouse-inseec.jpg\",\"https:\/\/www.inseec.com\/wp-content\/uploads\/sites\/32\/2025\/11\/campus-toulouse-inseec-photo-portrait.jpg\",\"https:\/\/www.inseec.com\/wp-content\/uploads\/sites\/32\/2025\/11\/campus-slider-vr-campus-toulouse-inseec-projet-de-groupe.jpg\",\"https:\/\/www.inseec.com\/wp-content\/uploads\/sites\/32\/2025\/11\/campus-slider-vr-campus-toulouse-inseec-etudiants-amphitheatre.jpg\",\"https:\/\/www.inseec.com\/wp-content\/uploads\/sites\/32\/2025\/11\/campus-hero-monaco-inseec.jpg\",\"https:\/\/www.inseec.com\/wp-content\/uploads\/sites\/32\/2025\/12\/INSEEC-Monaco-campus.webp\",\"https:\/\/www.inseec.com\/wp-content\/uploads\/sites\/32\/2025\/11\/campus-hero-monaco-inseec.jpg\",\"https:\/\/www.inseec.com\/wp-content\/uploads\/sites\/32\/2025\/11\/campus-monaco-inseec-mosaic-amis.jpg\",\"https:\/\/www.inseec.com\/wp-content\/uploads\/sites\/32\/2025\/11\/campus-hero-online-inseec.jpg\",\"https:\/\/www.inseec.com\/wp-content\/uploads\/sites\/32\/2025\/11\/guide-metier-inseec-photo-illustration-chef-de-publicite_d1bf22.jpg\",\"https:\/\/www.inseec.com\/wp-content\/uploads\/sites\/32\/2025\/11\/guide-metier-inseec-hero-chef-de-projet-evenementiel.jpg\",\"https:\/\/www.inseec.com\/wp-content\/uploads\/sites\/32\/2025\/11\/guide-metier-inseec-hero-chef-de-produit-sportif.jpg\",\"https:\/\/www.inseec.com\/wp-content\/uploads\/sites\/32\/2025\/11\/campus-hero-beaune-inseec.jpg\",\"https:\/\/www.inseec.com\/wp-content\/uploads\/sites\/32\/2025\/11\/campus-beaune-inseec-ville-cave-a-vin.jpg\",\"https:\/\/www.inseec.com\/wp-content\/uploads\/sites\/32\/2025\/11\/campus-slider-vr-campus-beaune-inseec-groupe-etudiants.jpg\",\"https:\/\/www.inseec.com\/wp-content\/uploads\/sites\/32\/2025\/11\/campus-slider-vr-campus-beaune-inseec-etudiants-1.jpg\",\"https:\/\/www.inseec.com\/wp-content\/uploads\/sites\/32\/2025\/11\/campus-hero-marseille-inseec.jpg\",\"https:\/\/www.inseec.com\/wp-content\/uploads\/sites\/32\/2023\/07\/campus2025-marseille.png\",\"https:\/\/www.inseec.com\/wp-content\/uploads\/sites\/32\/2025\/11\/campus-slider-vr-campus-marseille-inseec-canapes-detente.jpg\",\"https:\/\/www.inseec.com\/wp-content\/uploads\/sites\/32\/2025\/11\/campus-slider-vr-campus-marseille-inseec-salle-commune.jpg\",\"https:\/\/www.inseec.com\/wp-content\/uploads\/sites\/32\/2025\/11\/campus-hero-rennes-inseec.jpg\",\"https:\/\/www.inseec.com\/wp-content\/uploads\/sites\/32\/2025\/11\/campus-rennes-inseec-photo-portrait.jpg\",\"https:\/\/www.inseec.com\/wp-content\/uploads\/sites\/32\/2025\/11\/campus-rennes-inseec-mosaic-alcove-repos.jpg\",\"https:\/\/www.inseec.com\/wp-content\/uploads\/sites\/32\/2025\/11\/campus-rennes-inseec-amphitheatre-etudiantes.jpg\",\"https:\/\/www.inseec.com\/wp-content\/uploads\/sites\/32\/2025\/11\/campus-hero-lyon-inseec.webp\",\"https:\/\/www.inseec.com\/wp-content\/uploads\/sites\/32\/2025\/11\/campus-lyon-inseec-photo-portrait.jpg\",\"https:\/\/www.inseec.com\/wp-content\/uploads\/sites\/32\/2025\/11\/campus-slider-vr-campus-lyon-inseec-dalle-detente.jpg\",\"https:\/\/www.inseec.com\/wp-content\/uploads\/sites\/32\/2025\/11\/campus-slider-vr-campus-lyon-inseec-lion-rouge-hall.jpg\",\"https:\/\/www.inseec.com\/wp-content\/uploads\/sites\/32\/2025\/11\/campus-hero-bordeaux-inseec.jpg\",\"https:\/\/www.inseec.com\/wp-content\/uploads\/sites\/32\/2024\/03\/Campus-Bordeaux-Photo-1.jpg\",\"https:\/\/www.inseec.com\/wp-content\/uploads\/sites\/32\/2025\/11\/campus-bordeaux-inseec-cafeteria.jpg\",\"https:\/\/www.inseec.com\/wp-content\/uploads\/sites\/32\/2025\/11\/campus-bordeaux-inseec-terrasse-bord-garonne.jpg\",\"https:\/\/www.inseec.com\/wp-content\/uploads\/sites\/32\/2025\/11\/campus-paris.jpg\",\"https:\/\/www.inseec.com\/wp-content\/uploads\/sites\/32\/2025\/11\/campus-paris-eiffel-inseec-portrait.jpg\",\"https:\/\/www.inseec.com\/wp-content\/uploads\/sites\/32\/2025\/11\/campus-paris-vellefaux-inseec-cafeteria.jpg\",\"https:\/\/www.inseec.com\/wp-content\/uploads\/sites\/32\/2025\/11\/campus-slider-vr-campus-paris-la-defense-inseec-salle-detente.jpg\",\"https:\/\/www.inseec.com\/wp-content\/uploads\/sites\/32\/2025\/11\/campus-hero-londres-inseec.jpg\",\"https:\/\/www.inseec.com\/wp-content\/uploads\/sites\/32\/2025\/11\/campus-londres-inseec-ville-basilique-notre-dame-de-fourviere.jpg\",\"https:\/\/www.inseec.com\/wp-content\/uploads\/sites\/32\/2025\/11\/campus-hero-londres-inseec.jpg\",\"https:\/\/www.inseec.com\/wp-content\/uploads\/sites\/32\/2025\/12\/campus-slider-vr-campus-londres-inseec-bibliotheque.jpg\",\"https:\/\/www.inseec.com\/wp-content\/uploads\/sites\/32\/2025\/11\/campus-hero-monaco-inseec.jpg\",\"https:\/\/www.inseec.com\/wp-content\/uploads\/sites\/32\/2025\/12\/INSEEC-Monaco-campus.webp\",\"https:\/\/www.inseec.com\/wp-content\/uploads\/sites\/32\/2025\/11\/campus-hero-monaco-inseec.jpg\",\"https:\/\/www.inseec.com\/wp-content\/uploads\/sites\/32\/2025\/11\/campus-monaco-inseec-mosaic-amis.jpg\",\"https:\/\/www.inseec.com\/wp-content\/uploads\/sites\/32\/2025\/11\/campus-hero-munich-inseec.jpg\",\"https:\/\/www.inseec.com\/wp-content\/uploads\/sites\/32\/2025\/11\/campus-munich-inseec-ville-basilique-notre-dame-de-fourviere.jpg\",\"https:\/\/www.inseec.com\/wp-content\/uploads\/sites\/32\/2025\/11\/campus-hero-munich-inseec.jpg\",\"https:\/\/www.inseec.com\/wp-content\/uploads\/sites\/32\/2025\/11\/campus-slider-vr-campus-munich-inseec-etudiants-theatre-les-celestins.jpg\",\"https:\/\/www.inseec.com\/wp-content\/uploads\/sites\/32\/2025\/11\/campus-hero-barcelone-inseec.jpg\",\"https:\/\/www.inseec.com\/wp-content\/uploads\/sites\/32\/2025\/11\/campus-barcelone-inseec-ville-basilique-notre-dame-de-fourviere.jpg\",\"https:\/\/www.inseec.com\/wp-content\/uploads\/sites\/32\/2025\/11\/campus-barcelone-inseec-photo-portrait.jpg\",\"https:\/\/www.inseec.com\/wp-content\/uploads\/sites\/32\/2025\/11\/campus-slider-vr-campus-barcelone-inseec-etudiants-cours-petite-salle.jpg\",\"https:\/\/www.inseec.com\/wp-content\/uploads\/sites\/32\/2025\/11\/campus-hero-online-inseec.jpg\",\"https:\/\/www.inseec.com\/wp-content\/uploads\/sites\/32\/2025\/11\/guide-metier-inseec-photo-illustration-chef-de-publicite_d1bf22.jpg\",\"https:\/\/www.inseec.com\/wp-content\/uploads\/sites\/32\/2025\/11\/guide-metier-inseec-hero-chef-de-projet-evenementiel.jpg\",\"https:\/\/www.inseec.com\/wp-content\/uploads\/sites\/32\/2025\/11\/guide-metier-inseec-hero-chef-de-produit-sportif.jpg\",\"https:\/\/www.inseec.com\/wp-content\/uploads\/sites\/32\/2025\/11\/campus-hero-toulouse-inseec.jpg\",\"https:\/\/www.inseec.com\/wp-content\/uploads\/sites\/32\/2025\/11\/campus-toulouse-inseec-photo-portrait.jpg\",\"https:\/\/www.inseec.com\/wp-content\/uploads\/sites\/32\/2025\/11\/campus-slider-vr-campus-toulouse-inseec-projet-de-groupe.jpg\",\"https:\/\/www.inseec.com\/wp-content\/uploads\/sites\/32\/2025\/11\/campus-slider-vr-campus-toulouse-inseec-etudiants-amphitheatre.jpg\",\"https:\/\/www.inseec.com\/wp-content\/uploads\/sites\/32\/2025\/11\/campus-hero-marseille-inseec.jpg\",\"https:\/\/www.inseec.com\/wp-content\/uploads\/sites\/32\/2025\/11\/campus-marseille-inseec-photo-portrait.jpg\",\"https:\/\/www.inseec.com\/wp-content\/uploads\/sites\/32\/2025\/11\/campus-slider-vr-campus-marseille-inseec-canapes-detente.jpg\",\"https:\/\/www.inseec.com\/wp-content\/uploads\/sites\/32\/2025\/11\/campus-slider-vr-campus-marseille-inseec-salle-commune.jpg\",\"https:\/\/www.inseec.com\/wp-content\/uploads\/sites\/32\/2025\/11\/campus-hero-rennes-inseec.jpg\",\"https:\/\/www.inseec.com\/wp-content\/uploads\/sites\/32\/2025\/11\/campus-rennes-inseec-photo-portrait.jpg\",\"https:\/\/www.inseec.com\/wp-content\/uploads\/sites\/32\/2025\/11\/campus-rennes-inseec-mosaic-alcove-repos.jpg\",\"https:\/\/www.inseec.com\/wp-content\/uploads\/sites\/32\/2025\/11\/campus-rennes-inseec-amphitheatre-etudiantes.jpg\",\"https:\/\/www.inseec.com\/wp-content\/uploads\/sites\/32\/2025\/11\/campus-hero-chambery-inseec-resize.jpg\",\"https:\/\/www.inseec.com\/wp-content\/uploads\/sites\/32\/2025\/11\/campus-chambery-inseec-ville-horloge.jpg\",\"https:\/\/www.inseec.com\/wp-content\/uploads\/sites\/32\/2025\/11\/campus-slider-vr-campus-chambery-inseec-exterieur.jpg\",\"https:\/\/www.inseec.com\/wp-content\/uploads\/sites\/32\/2025\/11\/campus-slider-vr-campus-chambery-inseec-salle-detente.jpg\",\"https:\/\/www.inseec.com\/wp-content\/uploads\/sites\/32\/2025\/11\/campus-hero-beaune-inseec.jpg\",\"https:\/\/www.inseec.com\/wp-content\/uploads\/sites\/32\/2025\/11\/campus-beaune-inseec-ville-cave-a-vin.jpg\",\"https:\/\/www.inseec.com\/wp-content\/uploads\/sites\/32\/2025\/11\/campus-slider-vr-campus-beaune-inseec-groupe-etudiants.jpg\",\"https:\/\/www.inseec.com\/wp-content\/uploads\/sites\/32\/2025\/11\/campus-slider-vr-campus-beaune-inseec-etudiants-1.jpg\",\"https:\/\/www.inseec.com\/wp-content\/uploads\/sites\/32\/2025\/11\/campus-hero-bordeaux-inseec.jpg\",\"https:\/\/www.inseec.com\/wp-content\/uploads\/sites\/32\/2025\/11\/campus-bordeaux-inseec-facade.jpg\",\"https:\/\/www.inseec.com\/wp-content\/uploads\/sites\/32\/2025\/11\/campus-bordeaux-inseec-cafeteria.jpg\",\"https:\/\/www.inseec.com\/wp-content\/uploads\/sites\/32\/2025\/11\/campus-bordeaux-inseec-terrasse-bord-garonne.jpg\",\"https:\/\/www.inseec.com\/wp-content\/uploads\/sites\/32\/2025\/11\/campus-hero-lyon-inseec.webp\",\"https:\/\/www.inseec.com\/wp-content\/uploads\/sites\/32\/2025\/11\/campus-lyon-inseec-photo-portrait.jpg\",\"https:\/\/www.inseec.com\/wp-content\/uploads\/sites\/32\/2025\/11\/campus-slider-vr-campus-lyon-inseec-dalle-detente.jpg\",\"https:\/\/www.inseec.com\/wp-content\/uploads\/sites\/32\/2025\/11\/campus-slider-vr-campus-lyon-inseec-lion-rouge-hall.jpg\",\"https:\/\/www.inseec.com\/wp-content\/uploads\/sites\/32\/2025\/11\/campus-paris.jpg\",\"https:\/\/www.inseec.com\/wp-content\/uploads\/sites\/32\/2025\/11\/campus-paris-eiffel-inseec-portrait.jpg\",\"https:\/\/www.inseec.com\/wp-content\/uploads\/sites\/32\/2025\/11\/campus-paris-vellefaux-inseec-cafeteria.jpg\",\"https:\/\/www.inseec.com\/wp-content\/uploads\/sites\/32\/2025\/11\/campus-slider-vr-campus-paris-la-defense-inseec-salle-detente.jpg\"],\"foundingDate\":\"\",\"memberOf\":\"OMNES Education\",\"alumni\":[{\"@type\":\"Person\",\"name\":\"Lasmak Said\",\"description\":\"CEO & Cofounder\"},{\"@type\":\"Person\",\"name\":\"Dauchy Xavier\",\"description\":\"Chief Financial Officer\"},{\"@type\":\"Person\",\"name\":\"Bordeaux Thomas\",\"description\":\"Regional Manager Grand Lyon\"},{\"@type\":\"Person\",\"name\":\"Quillot Romain\",\"description\":\"Co-founder\"},{\"@type\":\"Person\",\"name\":\"Rakotomalala Rindra\",\"description\":\"Head of International Relations\"},{\"@type\":\"Person\",\"name\":\"Lacroix Oscar\",\"description\":\"Partner\"},{\"@type\":\"Person\",\"name\":\"Moderan Olivia\",\"description\":\"Manager for the Paris-South area\"},{\"@type\":\"Person\",\"name\":\"Abdelhalim Nabil\",\"description\":\"Industry Manager\"},{\"@type\":\"Person\",\"name\":\"Duhalde M\u00e9lissa\",\"description\":\"Operational Marketing Product Manager \"},{\"@type\":\"Person\",\"name\":\"M. Matthieu\",\"description\":\"Commercial real estate consultant\"},{\"@type\":\"Person\",\"name\":\"Lusset Marie-Amandine\",\"description\":\"Communications consultant\"},{\"@type\":\"Person\",\"name\":\"R. Lo\u00efc\",\"description\":\"Entrepreneur\"},{\"@type\":\"Person\",\"name\":\"Soskin Lise\",\"description\":\"RevOps\"},{\"@type\":\"Person\",\"name\":\"Estrade Guillaume\",\"description\":\"Regional Manager Grand Lyon\"},{\"@type\":\"Person\",\"name\":\"P. Clara\",\"description\":\"Head of Digital Communications EMEA\"},{\"@type\":\"Person\",\"name\":\"Serryus C\u00e9sar\",\"description\":\"Founder\"},{\"@type\":\"Person\",\"name\":\"Onimus Aur\u00e9lien\",\"description\":\"CEO\"},{\"@type\":\"Person\",\"name\":\"B. Anne-Caroline B.\",\"description\":\"Marketing & Communications Project Manager\"},{\"@type\":\"Person\",\"name\":\"Azim Ana\u00efs\",\"description\":\"Business Controller - Industry Unit\"},{\"@type\":\"Person\",\"name\":\"Viallet Nouhant Alexandre\",\"description\":\"Chief Executive Officer\"},{\"@type\":\"Person\",\"name\":\"Ikouirene Adam\",\"description\":\"Student commercial placement\"}],\"department\":[\"Bachelor\",\"Bachelor\",\"BBA\",\"BBA\",\"BTS\",\"BTS\",\"Grande \u00c9cole\",\"Grande \u00c9cole\",\"International\",\"International\",\"MSc\",\"MSc\"],\"hasCredential\":[\"Bachelor\",\"Bachelor\",\"BBA\",\"BBA\",\"BTS\",\"BTS\",\"Grande \u00c9cole\",\"Grande \u00c9cole\",\"International\",\"International\",\"MSc\",\"MSc\"]}]}<\/script>","yoast_head_json":{"title":"BBA Finance - INSEEC","description":"D\u00e9couvrez le BBA Finance de l\u2019INSEEC : un programme Bac+4 reconnu \u00e0 l\u2019international. Stage en entreprise sur nos campus de Paris, Bordeaux et Lyon.","robots":{"index":"index","follow":"follow","max-snippet":"max-snippet:-1","max-image-preview":"max-image-preview:large","max-video-preview":"max-video-preview:-1"},"canonical":"https:\/\/www.inseec.com\/bba\/bba-finance\/","og_locale":"fr_FR","og_type":"article","og_title":"BBA Finance - INSEEC","og_description":"D\u00e9couvrez le BBA Finance de l\u2019INSEEC : un programme Bac+4 reconnu \u00e0 l\u2019international. Stage en entreprise sur nos campus de Paris, Bordeaux et Lyon.","og_url":"https:\/\/www.inseec.com\/bba\/bba-finance\/","og_site_name":"INSEEC","article_modified_time":"2025-12-18T16:08:03+00:00","og_image":[{"width":330,"height":186,"url":"https:\/\/www.inseec.com\/wp-content\/uploads\/sites\/32\/2025\/12\/specialisation-finance-inseec-bba.jpg","type":"image\/jpeg"}],"twitter_card":"summary_large_image","twitter_misc":{"Est. reading time":"7 minutes"},"schema":{"@context":"https:\/\/schema.org","@graph":[{"@type":"WebPage","@id":"https:\/\/www.inseec.com\/bba\/bba-finance\/","url":"https:\/\/www.inseec.com\/bba\/bba-finance\/","name":"BBA Finance - INSEEC","isPartOf":{"@id":"https:\/\/www.inseec.com\/#website"},"primaryImageOfPage":{"@id":"https:\/\/www.inseec.com\/bba\/bba-finance\/#primaryimage"},"image":{"@id":"https:\/\/www.inseec.com\/bba\/bba-finance\/#primaryimage"},"thumbnailUrl":"https:\/\/www.inseec.com\/wp-content\/uploads\/sites\/32\/2025\/12\/specialisation-finance-inseec-bba.jpg","datePublished":"2025-12-05T09:36:10+00:00","dateModified":"2025-12-18T16:08:03+00:00","description":"D\u00e9couvrez le BBA Finance de l\u2019INSEEC : un programme Bac+4 reconnu \u00e0 l\u2019international. Stage en entreprise sur nos campus de Paris, Bordeaux et Lyon.","breadcrumb":{"@id":"https:\/\/www.inseec.com\/bba\/bba-finance\/#breadcrumb"},"inLanguage":"fr-FR","potentialAction":[{"@type":"ReadAction","target":["https:\/\/www.inseec.com\/bba\/bba-finance\/"]}]},{"@type":"ImageObject","inLanguage":"fr-FR","@id":"https:\/\/www.inseec.com\/bba\/bba-finance\/#primaryimage","url":"https:\/\/www.inseec.com\/wp-content\/uploads\/sites\/32\/2025\/12\/specialisation-finance-inseec-bba.jpg","contentUrl":"https:\/\/www.inseec.com\/wp-content\/uploads\/sites\/32\/2025\/12\/specialisation-finance-inseec-bba.jpg","width":330,"height":186},{"@type":"BreadcrumbList","@id":"https:\/\/www.inseec.com\/bba\/bba-finance\/#breadcrumb","itemListElement":[{"@type":"ListItem","position":1,"name":"Home","item":"https:\/\/www.inseec.com\/"},{"@type":"ListItem","position":2,"name":"BBA Finance"}]},{"@type":"WebSite","@id":"https:\/\/www.inseec.com\/#website","url":"https:\/\/www.inseec.com\/","name":"INSEEC","description":"","publisher":{"@id":"https:\/\/www.inseec.com\/#organization"},"potentialAction":[{"@type":"SearchAction","target":{"@type":"EntryPoint","urlTemplate":"https:\/\/www.inseec.com\/?s={search_term_string}"},"query-input":{"@type":"PropertyValueSpecification","valueRequired":true,"valueName":"search_term_string"}}],"inLanguage":"fr-FR"},{"@type":"Organization","@id":"https:\/\/www.inseec.com\/#organization","name":"INSEEC","url":"https:\/\/www.inseec.com\/","logo":{"@type":"ImageObject","inLanguage":"fr-FR","@id":"https:\/\/www.inseec.com\/#\/schema\/logo\/image\/","url":"https:\/\/www.inseec.com\/wp-content\/uploads\/sites\/32\/2025\/11\/logo.svg","contentUrl":"https:\/\/www.inseec.com\/wp-content\/uploads\/sites\/32\/2025\/11\/logo.svg","width":173,"height":36,"caption":"INSEEC"},"image":{"@id":"https:\/\/www.inseec.com\/#\/schema\/logo\/image\/"}},{"@context":"https:\/\/schema.org","@type":"EducationalOrganization","@id":"https:\/\/www.inseec.com\/#organization","name":"INSEEC","description":"","url":"https:\/\/www.inseec.com\/","logo":"https:\/\/www.inseec.com\/wp-content\/uploads\/sites\/32\/2025\/11\/logo.svg","image":["https:\/\/www.inseec.com\/wp-content\/uploads\/sites\/32\/2025\/11\/campus-hero-barcelone-inseec.jpg","https:\/\/www.inseec.com\/wp-content\/uploads\/sites\/32\/2025\/11\/campus-barcelone-inseec-ville-basilique-notre-dame-de-fourviere.jpg","https:\/\/www.inseec.com\/wp-content\/uploads\/sites\/32\/2025\/11\/campus-barcelone-inseec-photo-portrait.jpg","https:\/\/www.inseec.com\/wp-content\/uploads\/sites\/32\/2025\/11\/campus-slider-vr-campus-barcelone-inseec-etudiants-cours-petite-salle.jpg","https:\/\/www.inseec.com\/wp-content\/uploads\/sites\/32\/2025\/11\/campus-hero-munich-inseec.jpg","https:\/\/www.inseec.com\/wp-content\/uploads\/sites\/32\/2025\/11\/campus-munich-inseec-ville-basilique-notre-dame-de-fourviere.jpg","https:\/\/www.inseec.com\/wp-content\/uploads\/sites\/32\/2025\/11\/campus-hero-munich-inseec.jpg","https:\/\/www.inseec.com\/wp-content\/uploads\/sites\/32\/2025\/11\/campus-slider-vr-campus-munich-inseec-etudiants-theatre-les-celestins.jpg","https:\/\/www.inseec.com\/wp-content\/uploads\/sites\/32\/2025\/11\/campus-hero-londres-inseec.jpg","https:\/\/www.inseec.com\/wp-content\/uploads\/sites\/32\/2025\/11\/campus-londres-inseec-ville-basilique-notre-dame-de-fourviere.jpg","https:\/\/www.inseec.com\/wp-content\/uploads\/sites\/32\/2025\/11\/campus-hero-londres-inseec.jpg","https:\/\/www.inseec.com\/wp-content\/uploads\/sites\/32\/2025\/12\/campus-slider-vr-campus-londres-inseec-bibliotheque.jpg","https:\/\/www.inseec.com\/wp-content\/uploads\/sites\/32\/2025\/11\/campus-hero-chambery-inseec-resize.jpg","https:\/\/www.inseec.com\/wp-content\/uploads\/sites\/32\/2025\/11\/campus-chambery-inseec-ville-horloge.jpg","https:\/\/www.inseec.com\/wp-content\/uploads\/sites\/32\/2025\/11\/campus-slider-vr-campus-chambery-inseec-exterieur.jpg","https:\/\/www.inseec.com\/wp-content\/uploads\/sites\/32\/2025\/11\/campus-slider-vr-campus-chambery-inseec-salle-detente.jpg","https:\/\/www.inseec.com\/wp-content\/uploads\/sites\/32\/2025\/11\/campus-hero-toulouse-inseec.jpg","https:\/\/www.inseec.com\/wp-content\/uploads\/sites\/32\/2025\/11\/campus-toulouse-inseec-photo-portrait.jpg","https:\/\/www.inseec.com\/wp-content\/uploads\/sites\/32\/2025\/11\/campus-slider-vr-campus-toulouse-inseec-projet-de-groupe.jpg","https:\/\/www.inseec.com\/wp-content\/uploads\/sites\/32\/2025\/11\/campus-slider-vr-campus-toulouse-inseec-etudiants-amphitheatre.jpg","https:\/\/www.inseec.com\/wp-content\/uploads\/sites\/32\/2025\/11\/campus-hero-monaco-inseec.jpg","https:\/\/www.inseec.com\/wp-content\/uploads\/sites\/32\/2025\/12\/INSEEC-Monaco-campus.webp","https:\/\/www.inseec.com\/wp-content\/uploads\/sites\/32\/2025\/11\/campus-hero-monaco-inseec.jpg","https:\/\/www.inseec.com\/wp-content\/uploads\/sites\/32\/2025\/11\/campus-monaco-inseec-mosaic-amis.jpg","https:\/\/www.inseec.com\/wp-content\/uploads\/sites\/32\/2025\/11\/campus-hero-online-inseec.jpg","https:\/\/www.inseec.com\/wp-content\/uploads\/sites\/32\/2025\/11\/guide-metier-inseec-photo-illustration-chef-de-publicite_d1bf22.jpg","https:\/\/www.inseec.com\/wp-content\/uploads\/sites\/32\/2025\/11\/guide-metier-inseec-hero-chef-de-projet-evenementiel.jpg","https:\/\/www.inseec.com\/wp-content\/uploads\/sites\/32\/2025\/11\/guide-metier-inseec-hero-chef-de-produit-sportif.jpg","https:\/\/www.inseec.com\/wp-content\/uploads\/sites\/32\/2025\/11\/campus-hero-beaune-inseec.jpg","https:\/\/www.inseec.com\/wp-content\/uploads\/sites\/32\/2025\/11\/campus-beaune-inseec-ville-cave-a-vin.jpg","https:\/\/www.inseec.com\/wp-content\/uploads\/sites\/32\/2025\/11\/campus-slider-vr-campus-beaune-inseec-groupe-etudiants.jpg","https:\/\/www.inseec.com\/wp-content\/uploads\/sites\/32\/2025\/11\/campus-slider-vr-campus-beaune-inseec-etudiants-1.jpg","https:\/\/www.inseec.com\/wp-content\/uploads\/sites\/32\/2025\/11\/campus-hero-marseille-inseec.jpg","https:\/\/www.inseec.com\/wp-content\/uploads\/sites\/32\/2023\/07\/campus2025-marseille.png","https:\/\/www.inseec.com\/wp-content\/uploads\/sites\/32\/2025\/11\/campus-slider-vr-campus-marseille-inseec-canapes-detente.jpg","https:\/\/www.inseec.com\/wp-content\/uploads\/sites\/32\/2025\/11\/campus-slider-vr-campus-marseille-inseec-salle-commune.jpg","https:\/\/www.inseec.com\/wp-content\/uploads\/sites\/32\/2025\/11\/campus-hero-rennes-inseec.jpg","https:\/\/www.inseec.com\/wp-content\/uploads\/sites\/32\/2025\/11\/campus-rennes-inseec-photo-portrait.jpg","https:\/\/www.inseec.com\/wp-content\/uploads\/sites\/32\/2025\/11\/campus-rennes-inseec-mosaic-alcove-repos.jpg","https:\/\/www.inseec.com\/wp-content\/uploads\/sites\/32\/2025\/11\/campus-rennes-inseec-amphitheatre-etudiantes.jpg","https:\/\/www.inseec.com\/wp-content\/uploads\/sites\/32\/2025\/11\/campus-hero-lyon-inseec.webp","https:\/\/www.inseec.com\/wp-content\/uploads\/sites\/32\/2025\/11\/campus-lyon-inseec-photo-portrait.jpg","https:\/\/www.inseec.com\/wp-content\/uploads\/sites\/32\/2025\/11\/campus-slider-vr-campus-lyon-inseec-dalle-detente.jpg","https:\/\/www.inseec.com\/wp-content\/uploads\/sites\/32\/2025\/11\/campus-slider-vr-campus-lyon-inseec-lion-rouge-hall.jpg","https:\/\/www.inseec.com\/wp-content\/uploads\/sites\/32\/2025\/11\/campus-hero-bordeaux-inseec.jpg","https:\/\/www.inseec.com\/wp-content\/uploads\/sites\/32\/2024\/03\/Campus-Bordeaux-Photo-1.jpg","https:\/\/www.inseec.com\/wp-content\/uploads\/sites\/32\/2025\/11\/campus-bordeaux-inseec-cafeteria.jpg","https:\/\/www.inseec.com\/wp-content\/uploads\/sites\/32\/2025\/11\/campus-bordeaux-inseec-terrasse-bord-garonne.jpg","https:\/\/www.inseec.com\/wp-content\/uploads\/sites\/32\/2025\/11\/campus-paris.jpg","https:\/\/www.inseec.com\/wp-content\/uploads\/sites\/32\/2025\/11\/campus-paris-eiffel-inseec-portrait.jpg","https:\/\/www.inseec.com\/wp-content\/uploads\/sites\/32\/2025\/11\/campus-paris-vellefaux-inseec-cafeteria.jpg","https:\/\/www.inseec.com\/wp-content\/uploads\/sites\/32\/2025\/11\/campus-slider-vr-campus-paris-la-defense-inseec-salle-detente.jpg","https:\/\/www.inseec.com\/wp-content\/uploads\/sites\/32\/2025\/11\/campus-hero-londres-inseec.jpg","https:\/\/www.inseec.com\/wp-content\/uploads\/sites\/32\/2025\/11\/campus-londres-inseec-ville-basilique-notre-dame-de-fourviere.jpg","https:\/\/www.inseec.com\/wp-content\/uploads\/sites\/32\/2025\/11\/campus-hero-londres-inseec.jpg","https:\/\/www.inseec.com\/wp-content\/uploads\/sites\/32\/2025\/12\/campus-slider-vr-campus-londres-inseec-bibliotheque.jpg","https:\/\/www.inseec.com\/wp-content\/uploads\/sites\/32\/2025\/11\/campus-hero-monaco-inseec.jpg","https:\/\/www.inseec.com\/wp-content\/uploads\/sites\/32\/2025\/12\/INSEEC-Monaco-campus.webp","https:\/\/www.inseec.com\/wp-content\/uploads\/sites\/32\/2025\/11\/campus-hero-monaco-inseec.jpg","https:\/\/www.inseec.com\/wp-content\/uploads\/sites\/32\/2025\/11\/campus-monaco-inseec-mosaic-amis.jpg","https:\/\/www.inseec.com\/wp-content\/uploads\/sites\/32\/2025\/11\/campus-hero-munich-inseec.jpg","https:\/\/www.inseec.com\/wp-content\/uploads\/sites\/32\/2025\/11\/campus-munich-inseec-ville-basilique-notre-dame-de-fourviere.jpg","https:\/\/www.inseec.com\/wp-content\/uploads\/sites\/32\/2025\/11\/campus-hero-munich-inseec.jpg","https:\/\/www.inseec.com\/wp-content\/uploads\/sites\/32\/2025\/11\/campus-slider-vr-campus-munich-inseec-etudiants-theatre-les-celestins.jpg","https:\/\/www.inseec.com\/wp-content\/uploads\/sites\/32\/2025\/11\/campus-hero-barcelone-inseec.jpg","https:\/\/www.inseec.com\/wp-content\/uploads\/sites\/32\/2025\/11\/campus-barcelone-inseec-ville-basilique-notre-dame-de-fourviere.jpg","https:\/\/www.inseec.com\/wp-content\/uploads\/sites\/32\/2025\/11\/campus-barcelone-inseec-photo-portrait.jpg","https:\/\/www.inseec.com\/wp-content\/uploads\/sites\/32\/2025\/11\/campus-slider-vr-campus-barcelone-inseec-etudiants-cours-petite-salle.jpg","https:\/\/www.inseec.com\/wp-content\/uploads\/sites\/32\/2025\/11\/campus-hero-online-inseec.jpg","https:\/\/www.inseec.com\/wp-content\/uploads\/sites\/32\/2025\/11\/guide-metier-inseec-photo-illustration-chef-de-publicite_d1bf22.jpg","https:\/\/www.inseec.com\/wp-content\/uploads\/sites\/32\/2025\/11\/guide-metier-inseec-hero-chef-de-projet-evenementiel.jpg","https:\/\/www.inseec.com\/wp-content\/uploads\/sites\/32\/2025\/11\/guide-metier-inseec-hero-chef-de-produit-sportif.jpg","https:\/\/www.inseec.com\/wp-content\/uploads\/sites\/32\/2025\/11\/campus-hero-toulouse-inseec.jpg","https:\/\/www.inseec.com\/wp-content\/uploads\/sites\/32\/2025\/11\/campus-toulouse-inseec-photo-portrait.jpg","https:\/\/www.inseec.com\/wp-content\/uploads\/sites\/32\/2025\/11\/campus-slider-vr-campus-toulouse-inseec-projet-de-groupe.jpg","https:\/\/www.inseec.com\/wp-content\/uploads\/sites\/32\/2025\/11\/campus-slider-vr-campus-toulouse-inseec-etudiants-amphitheatre.jpg","https:\/\/www.inseec.com\/wp-content\/uploads\/sites\/32\/2025\/11\/campus-hero-marseille-inseec.jpg","https:\/\/www.inseec.com\/wp-content\/uploads\/sites\/32\/2025\/11\/campus-marseille-inseec-photo-portrait.jpg","https:\/\/www.inseec.com\/wp-content\/uploads\/sites\/32\/2025\/11\/campus-slider-vr-campus-marseille-inseec-canapes-detente.jpg","https:\/\/www.inseec.com\/wp-content\/uploads\/sites\/32\/2025\/11\/campus-slider-vr-campus-marseille-inseec-salle-commune.jpg","https:\/\/www.inseec.com\/wp-content\/uploads\/sites\/32\/2025\/11\/campus-hero-rennes-inseec.jpg","https:\/\/www.inseec.com\/wp-content\/uploads\/sites\/32\/2025\/11\/campus-rennes-inseec-photo-portrait.jpg","https:\/\/www.inseec.com\/wp-content\/uploads\/sites\/32\/2025\/11\/campus-rennes-inseec-mosaic-alcove-repos.jpg","https:\/\/www.inseec.com\/wp-content\/uploads\/sites\/32\/2025\/11\/campus-rennes-inseec-amphitheatre-etudiantes.jpg","https:\/\/www.inseec.com\/wp-content\/uploads\/sites\/32\/2025\/11\/campus-hero-chambery-inseec-resize.jpg","https:\/\/www.inseec.com\/wp-content\/uploads\/sites\/32\/2025\/11\/campus-chambery-inseec-ville-horloge.jpg","https:\/\/www.inseec.com\/wp-content\/uploads\/sites\/32\/2025\/11\/campus-slider-vr-campus-chambery-inseec-exterieur.jpg","https:\/\/www.inseec.com\/wp-content\/uploads\/sites\/32\/2025\/11\/campus-slider-vr-campus-chambery-inseec-salle-detente.jpg","https:\/\/www.inseec.com\/wp-content\/uploads\/sites\/32\/2025\/11\/campus-hero-beaune-inseec.jpg","https:\/\/www.inseec.com\/wp-content\/uploads\/sites\/32\/2025\/11\/campus-beaune-inseec-ville-cave-a-vin.jpg","https:\/\/www.inseec.com\/wp-content\/uploads\/sites\/32\/2025\/11\/campus-slider-vr-campus-beaune-inseec-groupe-etudiants.jpg","https:\/\/www.inseec.com\/wp-content\/uploads\/sites\/32\/2025\/11\/campus-slider-vr-campus-beaune-inseec-etudiants-1.jpg","https:\/\/www.inseec.com\/wp-content\/uploads\/sites\/32\/2025\/11\/campus-hero-bordeaux-inseec.jpg","https:\/\/www.inseec.com\/wp-content\/uploads\/sites\/32\/2025\/11\/campus-bordeaux-inseec-facade.jpg","https:\/\/www.inseec.com\/wp-content\/uploads\/sites\/32\/2025\/11\/campus-bordeaux-inseec-cafeteria.jpg","https:\/\/www.inseec.com\/wp-content\/uploads\/sites\/32\/2025\/11\/campus-bordeaux-inseec-terrasse-bord-garonne.jpg","https:\/\/www.inseec.com\/wp-content\/uploads\/sites\/32\/2025\/11\/campus-hero-lyon-inseec.webp","https:\/\/www.inseec.com\/wp-content\/uploads\/sites\/32\/2025\/11\/campus-lyon-inseec-photo-portrait.jpg","https:\/\/www.inseec.com\/wp-content\/uploads\/sites\/32\/2025\/11\/campus-slider-vr-campus-lyon-inseec-dalle-detente.jpg","https:\/\/www.inseec.com\/wp-content\/uploads\/sites\/32\/2025\/11\/campus-slider-vr-campus-lyon-inseec-lion-rouge-hall.jpg","https:\/\/www.inseec.com\/wp-content\/uploads\/sites\/32\/2025\/11\/campus-paris.jpg","https:\/\/www.inseec.com\/wp-content\/uploads\/sites\/32\/2025\/11\/campus-paris-eiffel-inseec-portrait.jpg","https:\/\/www.inseec.com\/wp-content\/uploads\/sites\/32\/2025\/11\/campus-paris-vellefaux-inseec-cafeteria.jpg","https:\/\/www.inseec.com\/wp-content\/uploads\/sites\/32\/2025\/11\/campus-slider-vr-campus-paris-la-defense-inseec-salle-detente.jpg"],"foundingDate":"","memberOf":"OMNES Education","alumni":[{"@type":"Person","name":"Lasmak Said","description":"CEO & Cofounder"},{"@type":"Person","name":"Dauchy Xavier","description":"Chief Financial Officer"},{"@type":"Person","name":"Bordeaux Thomas","description":"Regional Manager Grand Lyon"},{"@type":"Person","name":"Quillot Romain","description":"Co-founder"},{"@type":"Person","name":"Rakotomalala Rindra","description":"Head of International Relations"},{"@type":"Person","name":"Lacroix Oscar","description":"Partner"},{"@type":"Person","name":"Moderan Olivia","description":"Manager for the Paris-South area"},{"@type":"Person","name":"Abdelhalim Nabil","description":"Industry Manager"},{"@type":"Person","name":"Duhalde M\u00e9lissa","description":"Operational Marketing Product Manager "},{"@type":"Person","name":"M. Matthieu","description":"Commercial real estate consultant"},{"@type":"Person","name":"Lusset Marie-Amandine","description":"Communications consultant"},{"@type":"Person","name":"R. Lo\u00efc","description":"Entrepreneur"},{"@type":"Person","name":"Soskin Lise","description":"RevOps"},{"@type":"Person","name":"Estrade Guillaume","description":"Regional Manager Grand Lyon"},{"@type":"Person","name":"P. Clara","description":"Head of Digital Communications EMEA"},{"@type":"Person","name":"Serryus C\u00e9sar","description":"Founder"},{"@type":"Person","name":"Onimus Aur\u00e9lien","description":"CEO"},{"@type":"Person","name":"B. Anne-Caroline B.","description":"Marketing & Communications Project Manager"},{"@type":"Person","name":"Azim Ana\u00efs","description":"Business Controller - Industry Unit"},{"@type":"Person","name":"Viallet Nouhant Alexandre","description":"Chief Executive Officer"},{"@type":"Person","name":"Ikouirene Adam","description":"Student commercial placement"}],"department":["Bachelor","Bachelor","BBA","BBA","BTS","BTS","Grande \u00c9cole","Grande \u00c9cole","International","International","MSc","MSc"],"hasCredential":["Bachelor","Bachelor","BBA","BBA","BTS","BTS","Grande \u00c9cole","Grande \u00c9cole","International","International","MSc","MSc"]}]}},"lang":"fr","translations":{"fr":2036,"en":87296},"jetpack_sharing_enabled":true,"pll_sync_post":[],"_links":{"self":[{"href":"https:\/\/www.inseec.com\/wp-json\/wp\/v2\/document\/2036","targetHints":{"allow":["GET"]}}],"collection":[{"href":"https:\/\/www.inseec.com\/wp-json\/wp\/v2\/document"}],"about":[{"href":"https:\/\/www.inseec.com\/wp-json\/wp\/v2\/types\/document"}],"wp:featuredmedia":[{"embeddable":true,"href":"https:\/\/www.inseec.com\/wp-json\/wp\/v2\/media\/87293"}],"wp:attachment":[{"href":"https:\/\/www.inseec.com\/wp-json\/wp\/v2\/media?parent=2036"}],"wp:term":[{"taxonomy":"city","embeddable":true,"href":"https:\/\/www.inseec.com\/wp-json\/wp\/v2\/city?post=2036"},{"taxonomy":"document_category","embeddable":true,"href":"https:\/\/www.inseec.com\/wp-json\/wp\/v2\/document_category?post=2036"},{"taxonomy":"document_tag","embeddable":true,"href":"https:\/\/www.inseec.com\/wp-json\/wp\/v2\/document_tag?post=2036"},{"taxonomy":"document_type","embeddable":true,"href":"https:\/\/www.inseec.com\/wp-json\/wp\/v2\/document_type?post=2036"},{"taxonomy":"school","embeddable":true,"href":"https:\/\/www.inseec.com\/wp-json\/wp\/v2\/school?post=2036"},{"taxonomy":"specialisation","embeddable":true,"href":"https:\/\/www.inseec.com\/wp-json\/wp\/v2\/specialisation?post=2036"},{"taxonomy":"analytics_tag","embeddable":true,"href":"https:\/\/www.inseec.com\/wp-json\/wp\/v2\/analytics_tag?post=2036"}],"curies":[{"name":"wp","href":"https:\/\/api.w.org\/{rel}","templated":true}]}}