{"id":3088,"date":"2025-12-05T10:36:51","date_gmt":"2025-12-05T09:36:51","guid":{"rendered":"https:\/\/www.inseec.com\/?post_type=document&#038;p=3088"},"modified":"2025-12-11T19:13:19","modified_gmt":"2025-12-11T18:13:19","slug":"grande-ecole-luxe","status":"publish","type":"document","link":"https:\/\/www.inseec.com\/grande-ecole\/grande-ecole-luxe\/","title":{"rendered":"PGE Luxe"},"content":{"rendered":"\n<header class=\"wp-block-group alignwide wp-pattern wp-pattern-hero-document-specialization has-on-surface-color has-surface-background-color has-text-color has-background has-link-color wp-elements-aa02a5ddf6ab5e810d77ec2dec909aae is-nowrap is-layout-flex wp-container-core-group-is-layout-f4aabebf wp-block-group-is-layout-flex\" style=\"padding-top:0;padding-right:var(--wp--preset--spacing--6-xl);padding-bottom:0;padding-left:var(--wp--preset--spacing--6-xl)\">\n<div class=\"wp-block-group has-global-padding is-layout-constrained wp-container-core-group-is-layout-8e2ad6d4 wp-block-group-is-layout-constrained\" style=\"padding-top:var(--wp--preset--spacing--2-xl);padding-bottom:var(--wp--preset--spacing--2-xl)\">\n<div class=\"wp-block-group has-global-padding is-layout-constrained wp-container-core-group-is-layout-a82a1774 wp-block-group-is-layout-constrained\">\n<div class=\"wp-block-group has-global-padding is-layout-constrained wp-block-group-is-layout-constrained\"><h1 class=\"wp-block-post-title\">PGE Luxe<\/h1><\/div>\n\n\n<div class=\"is-style-plain-default-lg wp-block-post-excerpt\"><p class=\"wp-block-post-excerpt__excerpt\">Le Programme Grande \u00c9cole sp\u00e9cialisation Luxe de l\u2019INSEEC fait de vous des experts du secteur, pr\u00eats \u00e0 int\u00e9grer les maisons prestigieuses et les march\u00e9s internationaux. <\/p><\/div><\/div>\n\n\n\n<ul class=\"wp-block-list is-style-check\">\n<li>Ma\u00eetrisez les codes du luxe<\/li>\n\n\n\n<li>D\u00e9veloppez un r\u00e9seau d\u2019excellence<\/li>\n\n\n\n<li>Pilotez des projets haut de gamme<\/li>\n\n\n\n<li>Acc\u00e9dez \u00e0 des carri\u00e8res internationales<\/li>\n<\/ul>\n<\/div>\n\n\n\n<div class=\"wp-block-group is-vertical is-layout-flex wp-container-core-group-is-layout-e7d213a0 wp-block-group-is-layout-flex\" style=\"margin-top:var(--wp--preset--spacing--4-xl)\">\n<figure class=\"wp-block-image size-full\"><img loading=\"lazy\" decoding=\"async\" width=\"480\" height=\"480\" src=\"https:\/\/www.inseec.com\/wp-content\/uploads\/sites\/32\/2025\/11\/specialisation-luxe-hero-inseec-bachelor.jpg\" alt=\"\" class=\"wp-image-1964\" srcset=\"https:\/\/www.inseec.com\/wp-content\/uploads\/sites\/32\/2025\/11\/specialisation-luxe-hero-inseec-bachelor.jpg 480w, https:\/\/www.inseec.com\/wp-content\/uploads\/sites\/32\/2025\/11\/specialisation-luxe-hero-inseec-bachelor.jpg?resize=150,150 150w, https:\/\/www.inseec.com\/wp-content\/uploads\/sites\/32\/2025\/11\/specialisation-luxe-hero-inseec-bachelor.jpg?resize=300,300 300w, https:\/\/www.inseec.com\/wp-content\/uploads\/sites\/32\/2025\/11\/specialisation-luxe-hero-inseec-bachelor.jpg?resize=64,64 64w, https:\/\/www.inseec.com\/wp-content\/uploads\/sites\/32\/2025\/11\/specialisation-luxe-hero-inseec-bachelor.jpg?resize=128,128 128w, https:\/\/www.inseec.com\/wp-content\/uploads\/sites\/32\/2025\/11\/specialisation-luxe-hero-inseec-bachelor.jpg?resize=84,84 84w, https:\/\/www.inseec.com\/wp-content\/uploads\/sites\/32\/2025\/11\/specialisation-luxe-hero-inseec-bachelor.jpg?resize=168,168 168w, https:\/\/www.inseec.com\/wp-content\/uploads\/sites\/32\/2025\/11\/specialisation-luxe-hero-inseec-bachelor.jpg?resize=172,172 172w, https:\/\/www.inseec.com\/wp-content\/uploads\/sites\/32\/2025\/11\/specialisation-luxe-hero-inseec-bachelor.jpg?resize=344,344 344w, https:\/\/www.inseec.com\/wp-content\/uploads\/sites\/32\/2025\/11\/specialisation-luxe-hero-inseec-bachelor.jpg?resize=242,242 242w, https:\/\/www.inseec.com\/wp-content\/uploads\/sites\/32\/2025\/11\/specialisation-luxe-hero-inseec-bachelor.jpg?resize=330,330 330w, https:\/\/www.inseec.com\/wp-content\/uploads\/sites\/32\/2025\/11\/specialisation-luxe-hero-inseec-bachelor.jpg?resize=410,410 410w, https:\/\/www.inseec.com\/wp-content\/uploads\/sites\/32\/2025\/11\/specialisation-luxe-hero-inseec-bachelor.jpg?resize=40,40 40w, https:\/\/www.inseec.com\/wp-content\/uploads\/sites\/32\/2025\/11\/specialisation-luxe-hero-inseec-bachelor.jpg?resize=80,80 80w, https:\/\/www.inseec.com\/wp-content\/uploads\/sites\/32\/2025\/11\/specialisation-luxe-hero-inseec-bachelor.jpg?resize=160,160 160w, https:\/\/www.inseec.com\/wp-content\/uploads\/sites\/32\/2025\/11\/specialisation-luxe-hero-inseec-bachelor.jpg?resize=50,50 50w, https:\/\/www.inseec.com\/wp-content\/uploads\/sites\/32\/2025\/11\/specialisation-luxe-hero-inseec-bachelor.jpg?resize=100,100 100w, https:\/\/www.inseec.com\/wp-content\/uploads\/sites\/32\/2025\/11\/specialisation-luxe-hero-inseec-bachelor.jpg?resize=24,24 24w, https:\/\/www.inseec.com\/wp-content\/uploads\/sites\/32\/2025\/11\/specialisation-luxe-hero-inseec-bachelor.jpg?resize=48,48 48w\" sizes=\"auto, (max-width: 480px) 100vw, 480px\" \/><\/figure>\n<\/div>\n<\/header>\n\n\n\n<div class=\"wp-block-group alignfull wp-pattern wp-pattern-metrics-cards has-global-padding is-layout-constrained wp-block-group-is-layout-constrained\" style=\"margin-top:0;margin-bottom:0;padding-top:var(--wp--preset--spacing--4-xl);padding-bottom:var(--wp--preset--spacing--4-xl)\">\n<div class=\"wp-block-group alignwide wp-pattern__inner is-layout-grid wp-container-core-group-is-layout-000af959 wp-block-group-is-layout-grid\">\n<div class=\"wp-block-group wp-pattern wp-pattern-metrics-item-card has-border-color has-outline-subtle-border-color is-vertical is-layout-flex wp-container-core-group-is-layout-ffbfb716 wp-block-group-is-layout-flex\" style=\"border-width:2px;padding-top:var(--wp--preset--spacing--2-xl);padding-right:var(--wp--preset--spacing--2-xl);padding-bottom:var(--wp--preset--spacing--2-xl);padding-left:var(--wp--preset--spacing--2-xl)\">\n<ul class=\"wp-block-beapi-icon-block is-layout-flex wp-block-icon-block-is-layout-flex\">\n<li class=\"wp-block-beapi-icon-item\"><span><svg width=\"24\" height=\"24\" viewBox=\"0 0 24 24\" version=\"1.1\" xmlns=\"http:\/\/www.w3.org\/2000\/svg\" style=\"color:var(--wp--custom--color--primary-default-primary)\" class=\"wp-block-beapi-icon-block__icon-component wp-block-beapi-icon-block__icon-component--sprite icon-chart-line-up\" aria-hidden=\"true\"><use href=\"https:\/\/www.inseec.com\/wp-content\/themes\/omnes-design-system\/dist\/icons\/sprite.svg#icon-chart-line-up\"><\/use><\/svg><\/span><\/li>\n<\/ul>\n\n\n\n<div class=\"wp-block-blockparty-key-figure has-on-surface-color has-text-color has-link-color wp-elements-78fc61955506eb87e5ecd6df23f2337a\"><div class=\"wp-block-blockparty-key-figure__key\"><span class=\"wp-block-blockparty-key-figure__prefix\"><\/span><span class=\"wp-block-blockparty-key-figure__number\" data-increment=\"4.2\">4.2<\/span><span class=\"wp-block-blockparty-key-figure__suffix\">%<\/span><\/div><p class=\"wp-block-blockparty-key-figure__description\">Taux de croissance du march\u00e9<\/p><\/div>\n<\/div>\n\n\n\n<div class=\"wp-block-group wp-pattern wp-pattern-metrics-item-card has-border-color has-outline-subtle-border-color is-vertical is-layout-flex wp-container-core-group-is-layout-ffbfb716 wp-block-group-is-layout-flex\" style=\"border-width:2px;padding-top:var(--wp--preset--spacing--2-xl);padding-right:var(--wp--preset--spacing--2-xl);padding-bottom:var(--wp--preset--spacing--2-xl);padding-left:var(--wp--preset--spacing--2-xl)\">\n<ul class=\"wp-block-beapi-icon-block is-layout-flex wp-block-icon-block-is-layout-flex\">\n<li class=\"wp-block-beapi-icon-item\"><span><svg width=\"24\" height=\"24\" viewBox=\"0 0 24 24\" version=\"1.1\" xmlns=\"http:\/\/www.w3.org\/2000\/svg\" style=\"color:var(--wp--custom--color--primary-default-primary)\" class=\"wp-block-beapi-icon-block__icon-component wp-block-beapi-icon-block__icon-component--sprite icon-crown\" aria-hidden=\"true\"><use href=\"https:\/\/www.inseec.com\/wp-content\/themes\/omnes-design-system\/dist\/icons\/sprite.svg#icon-crown\"><\/use><\/svg><\/span><\/li>\n<\/ul>\n\n\n\n<div class=\"wp-block-blockparty-key-figure has-on-surface-color has-text-color has-link-color wp-elements-f270f980bd159cdbefa70a427786ae48\"><div class=\"wp-block-blockparty-key-figure__key\"><span class=\"wp-block-blockparty-key-figure__prefix\"><\/span><span class=\"wp-block-blockparty-key-figure__number\" data-increment=\"1\">1<\/span><span class=\"wp-block-blockparty-key-figure__suffix\">er<\/span><\/div><p class=\"wp-block-blockparty-key-figure__description\">Rang de la France dans la mode et le luxe<\/p><\/div>\n<\/div>\n\n\n\n<div class=\"wp-block-group wp-pattern wp-pattern-metrics-item-card has-border-color has-outline-subtle-border-color is-vertical is-layout-flex wp-container-core-group-is-layout-ffbfb716 wp-block-group-is-layout-flex\" style=\"border-width:2px;padding-top:var(--wp--preset--spacing--2-xl);padding-right:var(--wp--preset--spacing--2-xl);padding-bottom:var(--wp--preset--spacing--2-xl);padding-left:var(--wp--preset--spacing--2-xl)\">\n<ul class=\"wp-block-beapi-icon-block is-layout-flex wp-block-icon-block-is-layout-flex\">\n<li class=\"wp-block-beapi-icon-item\"><span><svg width=\"24\" height=\"24\" viewBox=\"0 0 24 24\" version=\"1.1\" xmlns=\"http:\/\/www.w3.org\/2000\/svg\" style=\"color:var(--wp--custom--color--primary-default-primary)\" class=\"wp-block-beapi-icon-block__icon-component wp-block-beapi-icon-block__icon-component--sprite icon-send-money\" aria-hidden=\"true\"><use href=\"https:\/\/www.inseec.com\/wp-content\/themes\/omnes-design-system\/dist\/icons\/sprite.svg#icon-send-money\"><\/use><\/svg><\/span><\/li>\n<\/ul>\n\n\n\n<div class=\"wp-block-blockparty-key-figure has-on-surface-color has-text-color has-link-color wp-elements-57644a50f89e254e60b003868b3a1434\"><div class=\"wp-block-blockparty-key-figure__key\"><span class=\"wp-block-blockparty-key-figure__prefix\"><\/span><span class=\"wp-block-blockparty-key-figure__number\" data-increment=\"58\">58<\/span><span class=\"wp-block-blockparty-key-figure__suffix\">%<\/span><\/div><p class=\"wp-block-blockparty-key-figure__description\">CA \u00e0 l\u2019international<\/p><\/div>\n<\/div>\n\n\n\n<div class=\"wp-block-group wp-pattern wp-pattern-metrics-item-card has-border-color has-outline-subtle-border-color is-vertical is-layout-flex wp-container-core-group-is-layout-ffbfb716 wp-block-group-is-layout-flex\" style=\"border-width:2px;padding-top:var(--wp--preset--spacing--2-xl);padding-right:var(--wp--preset--spacing--2-xl);padding-bottom:var(--wp--preset--spacing--2-xl);padding-left:var(--wp--preset--spacing--2-xl)\">\n<ul class=\"wp-block-beapi-icon-block is-layout-flex wp-block-icon-block-is-layout-flex\">\n<li class=\"wp-block-beapi-icon-item\"><span><svg width=\"24\" height=\"24\" viewBox=\"0 0 24 24\" version=\"1.1\" xmlns=\"http:\/\/www.w3.org\/2000\/svg\" style=\"color:var(--wp--custom--color--primary-default-primary)\" class=\"wp-block-beapi-icon-block__icon-component wp-block-beapi-icon-block__icon-component--sprite icon-hands\" aria-hidden=\"true\"><use href=\"https:\/\/www.inseec.com\/wp-content\/themes\/omnes-design-system\/dist\/icons\/sprite.svg#icon-hands\"><\/use><\/svg><\/span><\/li>\n<\/ul>\n\n\n\n<div class=\"wp-block-blockparty-key-figure has-on-surface-color has-text-color has-link-color wp-elements-c8187a1392f600c55741f95b3a3172e6\"><div class=\"wp-block-blockparty-key-figure__key\"><span class=\"wp-block-blockparty-key-figure__prefix\"><\/span><span class=\"wp-block-blockparty-key-figure__number\" data-increment=\"30\">30<\/span><span class=\"wp-block-blockparty-key-figure__suffix\">K\u20ac<\/span><\/div><p class=\"wp-block-blockparty-key-figure__description\">Salaire d\u00e9butant dans le Luxe<\/p><\/div>\n<\/div>\n<\/div>\n<\/div>\n\n\n\n<div class=\"wp-block-group wp-pattern wp-pattern-faq-image is-layout-flow wp-block-group-is-layout-flow has-block-anchor\" style=\"margin-top:0;margin-bottom:0;padding-top:var(--wp--preset--spacing--6-xl);padding-bottom:var(--wp--preset--spacing--6-xl)\">\n<div class=\"wp-block-group is-vertical is-layout-flex wp-container-core-group-is-layout-9305dc88 wp-block-group-is-layout-flex has-block-anchor\" style=\"margin-bottom:var(--wp--preset--spacing--2-xl)\">\n<div class=\"wp-block-group is-vertical is-layout-flex wp-container-core-group-is-layout-bd7877ba wp-block-group-is-layout-flex has-block-anchor\">\n<h2 class=\"wp-block-heading is-style-heading-emphasis-h2 has-on-surface-color has-text-color has-link-color wp-elements-0599738f889823aebb0c224b6d54bf2a\" id=\"quest-ce-quun-grade-de-master-specialisation-luxe-a-linseec\">Qu\u2019est-ce qu\u2019un Grade de Master sp\u00e9cialisation Luxe \u00e0 l\u2019INSEEC ?<\/h2>\n<\/div>\n\n\n\n<p class=\"is-style-plain-default-md has-on-surface-subtle-color has-text-color has-link-color wp-elements-2ba7bdaa67ee38f51728ffc3be1f09b6\">Reconnu par l\u2019\u00c9tat, le Programme Grande Ecole sp\u00e9cialisation Luxe de l&#8217;INSEEC conf\u00e8re le Grade de Master, et est certifi\u00e9 RNCP niveau 7 (\u00e9quivalent bac + 5). Il vous pr\u00e9pare \u00e0 rejoindre les maisons les plus prestigieuses, o\u00f9 savoir-faire, cr\u00e9ativit\u00e9 et strat\u00e9gie se rencontrent. Vous r\u00eavez d&#8217;\u00e9voluer dans l&#8217;univers du luxe, secteur d&#8217;excellence et d&#8217;innovation\u00a0? Cette sp\u00e9cialisation luxe combine vision internationale, expertise sectorielle et immersion professionnelle pour vous donner toutes les cl\u00e9s d&#8217;une carri\u00e8re r\u00e9ussie dans cet univers exigeant.<\/p>\n\n\n\n<p>Tout au long de votre parcours, vous d\u00e9veloppez une compr\u00e9hension fine des codes du luxe\u00a0: strat\u00e9gie de marque, marketing exp\u00e9rientiel, retail haut de gamme, gestion de l&#8217;image et d\u00e9veloppement commercial. Vous apprenez \u00e0 concevoir des exp\u00e9riences clients exceptionnelles, piloter des lancements produits et comprendre les enjeux de la distribution omnicanale.<\/p>\n\n\n\n<p>Vous suivrez vos \u00e9tudes de luxe \u00e0 Paris, capitale mondiale du luxe et de la mode, dans un campus qui vous connecte directement aux acteurs du secteur.<\/p>\n\n\n\n<p class=\"is-style-plain-default-md has-on-surface-subtle-color has-text-color has-link-color wp-elements-c32e47bbf6f61dd9d13629bc9837f4f0\">Ce Grade de Master sp\u00e9cialisation Luxe vous ouvre les portes de m\u00e9tiers passionnants : chef de produit, business developer, responsable retail ou brand manager. Votre carri\u00e8re dans le luxe commence ici.<\/p>\n<\/div>\n\n\n\n<details class=\"wp-block-details is-style-default is-layout-flow wp-container-core-details-is-layout-9ec55b31 wp-block-details-is-layout-flow\"><summary><h3>Strat\u00e9gie Digitale &#038; Data<\/h3><\/summary>\n<div class=\"wp-block-group is-vertical is-layout-flex wp-container-core-group-is-layout-a2e3e733 wp-block-group-is-layout-flex\">\n<p class=\"is-style-plain-emphasis-sm has-on-surface-color has-text-color has-link-color wp-elements-19cbc7d89707b2ee09d7f9be05a59506\"><strong>Le luxe \u00e0 l&#8217;\u00e8re num\u00e9rique<\/strong><\/p>\n\n\n\n<p>La transformation digitale red\u00e9finit les codes du luxe. Entre exp\u00e9rience phygitale, personnalisation par la data et e-commerce premium, les maisons doivent r\u00e9inventer leur approche sans perdre leur \u00e2me. Cette sp\u00e9cialisation vous forme aux enjeux du CRM, de l&#8217;analytics et du marketing automation appliqu\u00e9s au haut de gamme.<\/p>\n\n\n\n<p>Vous apprenez \u00e0 exploiter les donn\u00e9es clients pour cr\u00e9er des parcours d&#8217;achat sur-mesure, piloter des strat\u00e9gies omnicanales et mesurer la performance digitale. Vous d\u00e9couvrez comment les outils d&#8217;intelligence artificielle transforment la relation client tout en pr\u00e9servant l&#8217;exclusivit\u00e9 propre au luxe.\u00a0<\/p>\n\n\n\n<p>Un \u00e9quilibre subtil entre innovation technologique et excellence artisanale, essentiel pour les m\u00e9tiers de demain.<\/p>\n<\/div>\n<\/details>\n\n\n\n<details class=\"wp-block-details is-style-default is-layout-flow wp-container-core-details-is-layout-9ec55b31 wp-block-details-is-layout-flow\"><summary><h3>Branding &#038; Communication<\/h3><\/summary>\n<div class=\"wp-block-group is-vertical is-layout-flex wp-container-core-group-is-layout-a2e3e733 wp-block-group-is-layout-flex\">\n<p class=\"is-style-plain-emphasis-sm has-on-surface-color has-text-color has-link-color wp-elements-474ab334a526b4c304cd446dd8aa4b2b\"><strong>Cr\u00e9er et prot\u00e9ger l&#8217;image<\/strong><\/p>\n\n\n\n<p>Dans le luxe, la marque est le premier actif. Du storytelling \u00e0 l&#8217;identit\u00e9 visuelle, chaque d\u00e9tail compte pour construire la d\u00e9sirabilit\u00e9 et l&#8217;authenticit\u00e9. Cette orientation vous plonge dans l&#8217;univers de la strat\u00e9gie de marque, du positionnement premium et de la gestion de l&#8217;image \u00e0 l&#8217;international.<\/p>\n\n\n\n<p>Vous d\u00e9veloppez des comp\u00e9tences en brand management, relations presse, \u00e9v\u00e9nementiel haut de gamme et communication de crise. Vous apprenez \u00e0 concevoir des campagnes int\u00e9gr\u00e9es qui touchent les clients sur tous les canaux, de la presse papier aux exp\u00e9riences immersives. Vous comprenez comment pr\u00e9server l&#8217;h\u00e9ritage d&#8217;une maison tout en la rendant d\u00e9sirable pour les nouvelles g\u00e9n\u00e9rations.<\/p>\n\n\n\n<p>Un savoir-faire strat\u00e9gique indispensable pour piloter l&#8217;image des plus grandes maisons.<\/p>\n<\/div>\n<\/details>\n\n\n\n<details class=\"wp-block-details is-style-default is-layout-flow wp-container-core-details-is-layout-9ec55b31 wp-block-details-is-layout-flow\"><summary><h3>Social Media &#038; Influence<\/h3><\/summary>\n<div class=\"wp-block-group is-vertical is-layout-flex wp-container-core-group-is-layout-a2e3e733 wp-block-group-is-layout-flex\">\n<p class=\"is-style-plain-emphasis-sm has-on-surface-color has-text-color has-link-color wp-elements-dd89710c60e868616c5cfa548474b135\"><strong>Rayonner sur les r\u00e9seaux<\/strong><\/p>\n\n\n\n<p>Les r\u00e9seaux sociaux ont boulevers\u00e9 la communication du luxe. Instagram, TikTok, WeChat : chaque plateforme impose ses codes et ses opportunit\u00e9s. Cette sp\u00e9cialisation vous apprend \u00e0 ma\u00eetriser les strat\u00e9gies d&#8217;influence, le contenu premium et l&#8217;engagement communautaire dans un secteur o\u00f9 l&#8217;exclusivit\u00e9 doit cohabiter avec la visibilit\u00e9.<\/p>\n\n\n\n<p>Vous explorez les partenariats avec les influenceurs et ambassadeurs, la cr\u00e9ation de contenus qui subliment les produits et l&#8217;animation de communaut\u00e9s exigeantes. Vous d\u00e9couvrez comment analyser les performances sociales, g\u00e9rer l&#8217;e-r\u00e9putation et cr\u00e9er du buzz tout en respectant les valeurs de la marque.<\/p>\n<\/div>\n<\/details>\n<\/div>\n\n\n\n<div class=\"wp-block-group alignfull wp-pattern wp-pattern-programs-courses wp-pattern-programs-courses-three-columns has-surface-background-color has-background has-global-padding is-layout-constrained wp-block-group-is-layout-constrained has-block-anchor\" style=\"border-radius:0px;margin-top:0;margin-bottom:0;padding-top:var(--wp--preset--spacing--padding-y-section);padding-bottom:var(--wp--preset--spacing--padding-y-section)\">\n<div class=\"wp-block-group alignwide wp-pattern__inner is-layout-flow wp-container-core-group-is-layout-575f1b41 wp-block-group-is-layout-flow has-block-anchor\" style=\"margin-top:0;margin-bottom:0\">\n<div class=\"wp-block-group wp-pattern__header is-layout-flow wp-block-group-is-layout-flow has-block-anchor\">\n<p class=\"is-style-heading-default-eyebrow has-on-surface-color has-text-color has-link-color wp-elements-89060d89d523fceb5a057378984784c8\">Nos Formations<\/p>\n\n\n\n<h2 class=\"wp-block-heading is-style-heading-emphasis-h2 has-on-surface-color has-text-color has-link-color wp-elements-a88bd2f74dae2ee931a78653fead6c42\" style=\"margin-top:var(--wp--preset--spacing--xs);margin-bottom:var(--wp--preset--spacing--2-xl)\" id=\"les-programmes-grande-ecole-specialisation-luxe-de-linseec\">Les Programmes Grande \u00c9cole sp\u00e9cialisation Luxe de l\u2019INSEEC<\/h2>\n\n\n\n<p class=\"is-style-plain-default-md has-on-surface-subtle-color has-text-color has-link-color wp-elements-48e07449333a88b39d376d7db7ca6bc3\">Choisissez un Programme Grande \u00c9cole en Luxe adapt\u00e9 \u00e0 votre projet. Une sp\u00e9cialisation concr\u00e8te, en alternance, qui vous pr\u00e9pare aux m\u00e9tiers strat\u00e9giques et cr\u00e9atifs du secteur.<\/p>\n<\/div>\n\n\n\n<div class=\"wp-block-group is-layout-flow wp-container-core-group-is-layout-3fccdef8 wp-block-group-is-layout-flow\">\n<div class=\"wp-block-group is-layout-grid wp-container-core-group-is-layout-9718aa02 wp-block-group-is-layout-grid\"><div class=\"wpgb-facet wpgb-loading wpgb-facet-25\" data-facet=\"25\" data-grid=\"wpgb-content-block\/60b999da70944ac3bbd671c1e6573b90\"><\/div><\/div>\n\n\n\n<div class=\"wp-block-query is-layout-flow wp-block-query-is-layout-flow wpgb-content-block60b999da70944ac3bbd671c1e6573b90\"><ul class=\"wp-block-post-template is-layout-grid wp-container-core-post-template-is-layout-25c06649 wp-block-post-template-is-layout-grid\"><li class=\"wp-block-post post-81159 program type-program status-publish hentry city-paris certification-titre-rncp-niveau-7 program_language-anglais admission_level-bac-2 admission_level-bac-3 training_pace-initial school-grande-ecole specialisation-luxe\">\n\n<div class=\"crd crd--program\">\n\t<ul class=\"terms-list no-list-style\"><li class=\"is-style-tag-fill-sm\">Bac +2<\/li><li class=\"is-style-tag-fill-sm\">Bac +3<\/li><\/ul><h3 class=\"crd__title is-style-plain-emphasis-md\">Grade de Master Luxury Brand Management<\/h3>\n\t<div class=\"crd__buttons\">\n\t\t<div class=\"wp-block-button is-style-outline-sm\"><a href=\"https:\/\/www.inseec.com\/demande-brochure\/\" class=\"wp-block-button__link\">Brochure<\/a><\/div><div class=\"wp-block-button is-style-subtle-sm\"><a href=\"https:\/\/www.inseec.com\/programme\/master-luxury-brand-management\/\" class=\"wp-block-button__link\">Discover <span class=\"sr-only\">Grade de Master Luxury Brand Management<\/span><\/a><\/div>\t<\/div>\n<\/div>\n\n<\/li><\/ul><\/div>\n\n\n<div class=\"wpgb-facet wpgb-loading wpgb-facet-2\" data-facet=\"2\" data-grid=\"wpgb-content-block\/60b999da70944ac3bbd671c1e6573b90\"><\/div><\/div>\n<\/div>\n<\/div>\n\n\n\n<div class=\"wp-block-group alignwide wp-pattern wp-pattern-testimonials-slider wp-pattern-testimonials-slider-large is-layout-flow wp-container-core-group-is-layout-c960db89 wp-block-group-is-layout-flow has-block-anchor\" style=\"margin-top:0;margin-bottom:0;padding-top:var(--wp--preset--spacing--padding-y-section);padding-bottom:var(--wp--preset--spacing--padding-y-section)\">\n<div class=\"wp-block-group wp-pattern__header is-layout-flow wp-block-group-is-layout-flow has-block-anchor\">\n<p class=\"is-style-heading-default-eyebrow has-on-surface-color has-text-color has-link-color wp-elements-bb3ef0242b710bfda36b8894b94aceb6\">T\u00e9moignages<\/p>\n\n\n\n<h2 class=\"wp-block-heading is-style-heading-emphasis-h2 has-on-surface-color has-text-color has-link-color wp-elements-a90a4d1cd5812a142b16e405275b15d5\" style=\"margin-top:var(--wp--preset--spacing--xs);margin-bottom:var(--wp--preset--spacing--2-xl)\" id=\"lavis-de-nos-etudiants\">L\u2019avis de nos \u00e9tudiants<\/h2>\n<\/div>\n\n\n<div class=\"block block--content-picking wp-block-beapi-manual-block\" data-type=\"manual\" data-layout=\"slider-card-large\" data-post-type=\"contact\">\n\t\t\t<div class=\"block--content-picking__contact-large-slider\">\n\t\n\t<div class=\"block--content-picking__content swiper\">\n\t\t<ul class=\"swiper-wrapper\">\n\t\t\t<li class=\"swiper-slide\">\n<div class=\"crd crd--contact-classic-large\">\n\t<div class=\"crd__image-wrapper\">\n\t\t<div class=\"crd__image\"><img decoding=\"async\" width=\"508\" height=\"640\" src=\"https:\/\/www.inseec.com\/wp-content\/uploads\/sites\/32\/2025\/12\/photo-contact-inseec-ge-loic-r.webp?w=508&#038;h=640&#038;crop=1\" class=\"\" alt=\"\" data-location=\"\" loading=\"lazy\" srcset=\"https:\/\/www.inseec.com\/wp-content\/uploads\/sites\/32\/2025\/12\/photo-contact-inseec-ge-loic-r.webp?resize=508,640 508w, https:\/\/www.inseec.com\/wp-content\/uploads\/sites\/32\/2025\/12\/photo-contact-inseec-ge-loic-r.webp?resize=330,416 330w, https:\/\/www.inseec.com\/wp-content\/uploads\/sites\/32\/2025\/12\/photo-contact-inseec-ge-loic-r.webp?resize=660,832 660w\" sizes=\"auto, (max-width: 508px) 100vw, 508px\" \/><\/div><svg class=\"icon icon-quote-rounded\" aria-hidden=\"true\" focusable=\"false\"><use href=\"https:\/\/www.inseec.com\/wp-content\/themes\/omnes-design-system\/dist\/icons\/sprite.svg#icon-quote-rounded\"><\/use><\/svg>\t<\/div>\n\n\t<blockquote class=\"crd__content\">\n\t\t<p class=\"crd__testimonial is-style-plain-emphasis-xl has-on-surface-color\">Apr\u00e8s le Bachelor Marketing Mode, Luxe &#038; Tourisme puis le Programme Grande \u00c9cole \u00e0 l\u2019INSEEC, j\u2019ai orient\u00e9 mon parcours vers le digital. Cela m\u2019a men\u00e9 aux \u00e9quipes traffic acquisition de CELINE puis de CHANEL Beaut\u00e9 Europe.<\/p>\n\t\t<div class=\"crd__infos\">\n\t\t\t\t\t\t<cite class=\"crd__name\">\n\t\t\t\t<span class=\"crd__fullname is-style-plain-emphasis-sm has-on-surface-color\">Lo\u00efc Razakamanana<\/span>\t\t\t<\/cite>\n\t\t<\/div>\n\t<\/blockquote>\n<\/div>\n<\/li>\t\t<\/ul>\n\t\t\n<div class=\"swiper__controls\">\n\t<div class=\"swiper-pagination\"><\/div>\n\n\t<div class=\"swiper__buttons\">\n\t\t\t\t\t<button class=\"swiper-button-prev\" type=\"button\">\n\t\t\t\t<svg class=\"icon icon-arrow-left\" aria-hidden=\"true\" focusable=\"false\"><use href=\"https:\/\/www.inseec.com\/wp-content\/themes\/omnes-design-system\/dist\/icons\/sprite.svg#icon-arrow-left\"><\/use><\/svg>\t\t\t<\/button>\n\t\t\t<button class=\"swiper-button-next\" type=\"button\">\n\t\t\t\t<svg class=\"icon icon-arrow-right\" aria-hidden=\"true\" focusable=\"false\"><use href=\"https:\/\/www.inseec.com\/wp-content\/themes\/omnes-design-system\/dist\/icons\/sprite.svg#icon-arrow-right\"><\/use><\/svg>\t\t\t<\/button>\n\t\t\t<\/div>\n<\/div>\n\t<\/div>\n\n\t<\/div>\n<\/div>\n<script type=\"application\/ld+json\">\n{\"@context\":\"https:\\\/\\\/schema.org\",\"@graph\":[{\"name\":\"Razakamanana Lo\\u00c3\\u00afc\",\"@type\":\"Person\",\"jobTitle\":\"\",\"worksFor\":{\"@type\":\"Organization\",\"name\":\"\"},\"image\":\"https:\\\/\\\/www.inseec.com\\\/wp-content\\\/uploads\\\/sites\\\/32\\\/2025\\\/12\\\/photo-contact-inseec-ge-loic-r.webp\",\"description\":\"Apr\\u00c3\\u00a8s le Bachelor Marketing Mode, Luxe & Tourisme puis le Programme Grande \\u00c3\\u0089cole \\u00c3\\u00a0 l\\u00e2\\u0080\\u0099INSEEC, j\\u00e2\\u0080\\u0099ai orient\\u00c3\\u00a9 mon parcours vers le digital. Cela m\\u00e2\\u0080\\u0099a men\\u00c3\\u00a9 aux \\u00c3\\u00a9quipes traffic acquisition de CELINE puis de CHANEL Beaut\\u00c3\\u00a9 Europe.\",\"alumniOf\":{\"@id\":\"https:\\\/\\\/www.inseec.com\\\/#organization\"},\"sameAs\":[]},{\"name\":\"Razakamanana Lo\\u00c3\\u00afc\",\"@type\":\"Person\",\"jobTitle\":\"\",\"worksFor\":{\"@type\":\"Organization\",\"name\":\"\"},\"image\":\"https:\\\/\\\/www.inseec.com\\\/wp-content\\\/uploads\\\/sites\\\/32\\\/2025\\\/12\\\/photo-contact-inseec-ge-loic-r.webp\",\"description\":\"Apr\\u00c3\\u00a8s le Bachelor Marketing Mode, Luxe & Tourisme puis le Programme Grande \\u00c3\\u0089cole \\u00c3\\u00a0 l\\u00e2\\u0080\\u0099INSEEC, j\\u00e2\\u0080\\u0099ai orient\\u00c3\\u00a9 mon parcours vers le digital. Cela m\\u00e2\\u0080\\u0099a men\\u00c3\\u00a9 aux \\u00c3\\u00a9quipes traffic acquisition de CELINE puis de CHANEL Beaut\\u00c3\\u00a9 Europe.\",\"alumniOf\":{\"@id\":\"https:\\\/\\\/www.inseec.com\\\/#organization\"},\"sameAs\":[]}]}\n<\/script>\n<\/div>\n\n\n\n<div class=\"wp-block-group alignfull wp-pattern wp-pattern-jobs-list has-surface-variant-background-color has-background has-global-padding is-layout-constrained wp-block-group-is-layout-constrained has-block-anchor\" style=\"margin-top:0;margin-bottom:0;padding-top:var(--wp--preset--spacing--padding-y-section);padding-bottom:var(--wp--preset--spacing--padding-y-section)\">\n<div class=\"wp-block-group alignwide wp-pattern__inner is-layout-flow wp-container-core-group-is-layout-8eee5202 wp-block-group-is-layout-flow has-block-anchor\">\n<div class=\"wp-block-columns is-layout-flex wp-container-core-columns-is-layout-28f84493 wp-block-columns-is-layout-flex has-block-anchor\">\n<div class=\"wp-block-column is-layout-flow wp-block-column-is-layout-flow\">\n<div class=\"wp-block-group is-vertical is-layout-flex wp-container-core-group-is-layout-b80b8bd4 wp-block-group-is-layout-flex has-block-anchor\">\n<div class=\"wp-block-group is-vertical is-layout-flex wp-container-core-group-is-layout-bd7877ba wp-block-group-is-layout-flex has-block-anchor\">\n<p class=\"is-style-heading-default-eyebrow has-on-surface-color has-text-color has-link-color wp-elements-4dbd32ca648bce1415159d7d857ca8b4\">Les m\u00e9tiers<\/p>\n\n\n\n<h2 class=\"wp-block-heading is-style-heading-emphasis-h2 has-on-surface-color has-text-color has-link-color wp-elements-8d59a23097b1d980dd0627a686f75cdb\" id=\"les-debouches-dun-grade-de-master-specialisation-luxe\">Les d\u00e9bouch\u00e9s d&#8217;un Grade de Master sp\u00e9cialisation Luxe<\/h2>\n<\/div>\n\n\n\n<p class=\"is-style-plain-default-md has-on-surface-subtle-color has-text-color has-link-color wp-elements-aa22dd7774f31f2139134522653b263b\">Le Programme Grande \u00c9cole Luxe ouvre l&#8217;acc\u00e8s \u00e0 des m\u00e9tiers strat\u00e9giques en maisons de luxe, retail haut de gamme et communication, avec une insertion rapide et internationale.<\/p>\n<\/div>\n<\/div>\n\n\n\n<div class=\"wp-block-column is-layout-flow wp-block-column-is-layout-flow\">\n<div class=\"block block--jobs-tag jobs-tag\">\n\t<ul><li><a href=\"https:\/\/www.inseec.com\/careers-guide\/acheteur-international\/\" class=\"is-style-tag-fill-lg\">Acheteur International<\/a><\/li><li><a href=\"https:\/\/www.inseec.com\/careers-guide\/brand-manager\/\" class=\"is-style-tag-fill-lg\">Brand manager<\/a><\/li><li><a href=\"https:\/\/www.inseec.com\/careers-guide\/business-analyst\/\" class=\"is-style-tag-fill-lg\">Business analyst<\/a><\/li><li><a href=\"https:\/\/www.inseec.com\/careers-guide\/category-manager\/\" class=\"is-style-tag-fill-lg\">Category manager<\/a><\/li><li><a href=\"https:\/\/www.inseec.com\/careers-guide\/chef-de-produit\/\" class=\"is-style-tag-fill-lg\">Chef de produit<\/a><\/li><li><a href=\"https:\/\/www.inseec.com\/careers-guide\/chef-de-produit-marketing\/\" class=\"is-style-tag-fill-lg\">Chef de produit marketing<\/a><\/li><li><a href=\"https:\/\/www.inseec.com\/careers-guide\/chef-de-projet-digital\/\" class=\"is-style-tag-fill-lg\">Chef de projet digital<\/a><\/li><li><a href=\"https:\/\/www.inseec.com\/careers-guide\/chef-de-projet-evenementiel\/\" class=\"is-style-tag-fill-lg\">Chef de projet \u00e9v\u00e9nementiel<\/a><\/li><\/ul><\/div>\n<\/div>\n<\/div>\n\n\n\n<div class=\"wp-block-group alignwide wp-pattern wp-pattern-banner-jobs wp-pattern-banner-jobs-inverse has-inverse-variant-background-color has-background is-content-justification-space-between is-nowrap is-layout-flex wp-container-core-group-is-layout-949f8704 wp-block-group-is-layout-flex\" style=\"padding-top:var(--wp--preset--spacing--padding-y-sm);padding-right:var(--wp--preset--spacing--padding-y-sm);padding-bottom:var(--wp--preset--spacing--padding-y-sm);padding-left:var(--wp--preset--spacing--padding-y-sm)\">\n<div class=\"wp-block-group is-style-heading-emphasis-h3 has-on-surface-color has-text-color has-link-color wp-elements-0e9481ec2dafdd73a15f3c8419af46f0 is-vertical is-layout-flex wp-container-core-group-is-layout-bd7877ba wp-block-group-is-layout-flex\">\n<p class=\"is-style-heading-emphasis-h3 has-inverse-on-surface-color has-text-color has-link-color wp-elements-8dc0ec412668ce7060d6c63bb39a3e84\">2\u00a0500 \u20ac \u00e0 2 900 \u20ac<\/p>\n\n\n\n<p class=\"is-style-plain-emphasis-md has-inverse-on-surface-color has-text-color has-link-color wp-elements-a9b3a913af2cec901fa48197f73019e8\">Salaire moyen d\u2019un jeune dipl\u00f4m\u00e9<\/p>\n<\/div>\n\n\n\n<div class=\"wp-block-group is-nowrap is-layout-flex wp-container-core-group-is-layout-a2d696be wp-block-group-is-layout-flex\">\n<p class=\"is-style-plain-default-sm has-inverse-on-surface-color has-text-color has-link-color wp-elements-e29168e83fd4d456b825c1746eee7f38\">Vous avez des questions sur votre orientation ?<br>Prenez un rendez-vous personnalis\u00e9<\/p>\n\n\n\n<div class=\"wp-block-buttons is-content-justification-left is-layout-flex wp-container-core-buttons-is-layout-541a3246 wp-block-buttons-is-layout-flex\">\n<div class=\"wp-block-button is-style-subtle-md popmake-85128\"><a class=\"wp-block-button__link wp-element-button\">Rendez-vous personnalis\u00e9<\/a><\/div>\n<\/div>\n<\/div>\n<\/div>\n<\/div>\n<\/div>\n\n\n\n<section class=\"wp-block-group alignfull wp-pattern-presentation-tabs has-global-padding is-layout-constrained wp-block-group-is-layout-constrained has-block-anchor\" style=\"margin-top:0;margin-bottom:0;padding-top:var(--wp--preset--spacing--padding-y-section);padding-bottom:var(--wp--preset--spacing--padding-y-section)\">\n<div class=\"wp-block-group alignwide is-layout-flow wp-block-group-is-layout-flow has-block-anchor\">\n<h2 class=\"wp-block-heading alignwide is-style-display-emphasis-d3\" style=\"margin-bottom:var(--wp--preset--spacing--5-xl)\" id=\"etudiez-au-coeur-des-grandes-villes-de-france\">\u00c9tudiez au c\u0153ur des grandes villes de France<\/h2>\n\n\n\n<p class=\"alignwide has-text-align-wide is-style-heading-emphasis-h4 has-on-surface-color has-text-color has-link-color wp-elements-947dcd45fdacbf1e5a56c5220641b8ad\">Nos campus<\/p>\n\n\n\n<div class=\"wp-block-blockparty-tabs alignwide has-align-top-right\" aria-label=\"\" role=\"tablist\">\n<ul class=\"wp-block-blockparty-tabs-nav\">\n<li class=\"wp-block-blockparty-tabs-nav-item\"><a id=\"block-tab-2-0\" role=\"tab\" aria-controls=\"block-panel-2-0\" class=\"wp-block-blockparty-tabs-nav-link\" href=\"#block-tab-2-0\"><span>Lyon<\/span><\/a><\/li>\n\n\n\n<li class=\"wp-block-blockparty-tabs-nav-item\"><a id=\"block-tab-2-1\" role=\"tab\" aria-controls=\"block-panel-2-1\" class=\"wp-block-blockparty-tabs-nav-link\" href=\"#block-tab-2-1\"><span>Paris<\/span><\/a><\/li>\n\n\n\n<li class=\"wp-block-blockparty-tabs-nav-item\"><a id=\"block-tab-2-2\" role=\"tab\" aria-controls=\"block-panel-2-2\" class=\"wp-block-blockparty-tabs-nav-link\" href=\"#block-tab-2-2\"><span>Bordeaux<\/span><\/a><\/li>\n<\/ul>\n\n\n\n<section class=\"wp-block-blockparty-tabs-panels\">\n<div role=\"tabpanel\" tabindex=\"0\" class=\"wp-block-blockparty-tabs-panel-item\" id=\"block-panel-2-0\" aria-labelledby=\"block-tab-2-0\"><div class=\"wp-block-blockparty-tabs-panel-item__inner\"><article class=\"campus block block--campus block--campus-vertical align wp-block-omnes-ds-campus\">\n\t\t\t<figure class=\"block__gallery\">\n\t\t\t<figure><img loading=\"lazy\" decoding=\"async\" width=\"660\" height=\"882\" src=\"https:\/\/www.inseec.com\/wp-content\/uploads\/sites\/32\/2025\/11\/campus-lyon-inseec-photo-portrait.jpg?w=660\" class=\"\" alt=\"Photo du campus de Lyon de l\u2019\u00e9cole de commerce INSEEC dans une ancienne usine Citro\u00ebn r\u00e9nov\u00e9e\" data-location=\"\" srcset=\"https:\/\/www.inseec.com\/wp-content\/uploads\/sites\/32\/2025\/11\/campus-lyon-inseec-photo-portrait.jpg 660w, https:\/\/www.inseec.com\/wp-content\/uploads\/sites\/32\/2025\/11\/campus-lyon-inseec-photo-portrait.jpg?resize=224,300 224w, https:\/\/www.inseec.com\/wp-content\/uploads\/sites\/32\/2025\/11\/campus-lyon-inseec-photo-portrait.jpg?resize=180,240 180w, https:\/\/www.inseec.com\/wp-content\/uploads\/sites\/32\/2025\/11\/campus-lyon-inseec-photo-portrait.jpg?resize=360,480 360w, https:\/\/www.inseec.com\/wp-content\/uploads\/sites\/32\/2025\/11\/campus-lyon-inseec-photo-portrait.jpg?resize=218,291 218w, https:\/\/www.inseec.com\/wp-content\/uploads\/sites\/32\/2025\/11\/campus-lyon-inseec-photo-portrait.jpg?resize=436,582 436w, https:\/\/www.inseec.com\/wp-content\/uploads\/sites\/32\/2025\/11\/campus-lyon-inseec-photo-portrait.jpg?resize=225,300 225w, https:\/\/www.inseec.com\/wp-content\/uploads\/sites\/32\/2025\/11\/campus-lyon-inseec-photo-portrait.jpg?resize=450,600 450w, https:\/\/www.inseec.com\/wp-content\/uploads\/sites\/32\/2025\/11\/campus-lyon-inseec-photo-portrait.jpg?resize=240,320 240w, https:\/\/www.inseec.com\/wp-content\/uploads\/sites\/32\/2025\/11\/campus-lyon-inseec-photo-portrait.jpg?resize=480,640 480w, https:\/\/www.inseec.com\/wp-content\/uploads\/sites\/32\/2025\/11\/campus-lyon-inseec-photo-portrait.jpg?resize=330,440 330w, https:\/\/www.inseec.com\/wp-content\/uploads\/sites\/32\/2025\/11\/campus-lyon-inseec-photo-portrait.jpg?resize=30,40 30w, https:\/\/www.inseec.com\/wp-content\/uploads\/sites\/32\/2025\/11\/campus-lyon-inseec-photo-portrait.jpg?resize=60,80 60w, https:\/\/www.inseec.com\/wp-content\/uploads\/sites\/32\/2025\/11\/campus-lyon-inseec-photo-portrait.jpg?resize=120,160 120w, https:\/\/www.inseec.com\/wp-content\/uploads\/sites\/32\/2025\/11\/campus-lyon-inseec-photo-portrait.jpg?resize=37,50 37w, https:\/\/www.inseec.com\/wp-content\/uploads\/sites\/32\/2025\/11\/campus-lyon-inseec-photo-portrait.jpg?resize=75,100 75w, https:\/\/www.inseec.com\/wp-content\/uploads\/sites\/32\/2025\/11\/campus-lyon-inseec-photo-portrait.jpg?resize=18,24 18w, https:\/\/www.inseec.com\/wp-content\/uploads\/sites\/32\/2025\/11\/campus-lyon-inseec-photo-portrait.jpg?resize=36,48 36w\" sizes=\"auto, (max-width: 660px) 100vw, 660px\" \/><\/figure><figure><img loading=\"lazy\" decoding=\"async\" width=\"1058\" height=\"798\" src=\"https:\/\/www.inseec.com\/wp-content\/uploads\/sites\/32\/2025\/11\/campus-slider-vr-campus-lyon-inseec-dalle-detente.jpg?w=1058\" class=\"\" alt=\"Photo d\u2019une salle de d\u00e9tente du campus de Lyon de l\u2019\u00e9cole de commerce INSEEC\" data-location=\"\" srcset=\"https:\/\/www.inseec.com\/wp-content\/uploads\/sites\/32\/2025\/11\/campus-slider-vr-campus-lyon-inseec-dalle-detente.jpg 1058w, https:\/\/www.inseec.com\/wp-content\/uploads\/sites\/32\/2025\/11\/campus-slider-vr-campus-lyon-inseec-dalle-detente.jpg?resize=300,226 300w, https:\/\/www.inseec.com\/wp-content\/uploads\/sites\/32\/2025\/11\/campus-slider-vr-campus-lyon-inseec-dalle-detente.jpg?resize=768,579 768w, https:\/\/www.inseec.com\/wp-content\/uploads\/sites\/32\/2025\/11\/campus-slider-vr-campus-lyon-inseec-dalle-detente.jpg?resize=220,165 220w, https:\/\/www.inseec.com\/wp-content\/uploads\/sites\/32\/2025\/11\/campus-slider-vr-campus-lyon-inseec-dalle-detente.jpg?resize=240,180 240w, https:\/\/www.inseec.com\/wp-content\/uploads\/sites\/32\/2025\/11\/campus-slider-vr-campus-lyon-inseec-dalle-detente.jpg?resize=282,212 282w, https:\/\/www.inseec.com\/wp-content\/uploads\/sites\/32\/2025\/11\/campus-slider-vr-campus-lyon-inseec-dalle-detente.jpg?resize=564,424 564w, https:\/\/www.inseec.com\/wp-content\/uploads\/sites\/32\/2025\/11\/campus-slider-vr-campus-lyon-inseec-dalle-detente.jpg?resize=330,248 330w, https:\/\/www.inseec.com\/wp-content\/uploads\/sites\/32\/2025\/11\/campus-slider-vr-campus-lyon-inseec-dalle-detente.jpg?resize=529,399 529w, https:\/\/www.inseec.com\/wp-content\/uploads\/sites\/32\/2025\/11\/campus-slider-vr-campus-lyon-inseec-dalle-detente.jpg?resize=53,40 53w, https:\/\/www.inseec.com\/wp-content\/uploads\/sites\/32\/2025\/11\/campus-slider-vr-campus-lyon-inseec-dalle-detente.jpg?resize=106,80 106w, https:\/\/www.inseec.com\/wp-content\/uploads\/sites\/32\/2025\/11\/campus-slider-vr-campus-lyon-inseec-dalle-detente.jpg?resize=212,160 212w, https:\/\/www.inseec.com\/wp-content\/uploads\/sites\/32\/2025\/11\/campus-slider-vr-campus-lyon-inseec-dalle-detente.jpg?resize=66,50 66w, https:\/\/www.inseec.com\/wp-content\/uploads\/sites\/32\/2025\/11\/campus-slider-vr-campus-lyon-inseec-dalle-detente.jpg?resize=133,100 133w, https:\/\/www.inseec.com\/wp-content\/uploads\/sites\/32\/2025\/11\/campus-slider-vr-campus-lyon-inseec-dalle-detente.jpg?resize=24,18 24w, https:\/\/www.inseec.com\/wp-content\/uploads\/sites\/32\/2025\/11\/campus-slider-vr-campus-lyon-inseec-dalle-detente.jpg?resize=48,36 48w, https:\/\/www.inseec.com\/wp-content\/uploads\/sites\/32\/2025\/11\/campus-slider-vr-campus-lyon-inseec-dalle-detente.jpg?resize=40,30 40w, https:\/\/www.inseec.com\/wp-content\/uploads\/sites\/32\/2025\/11\/campus-slider-vr-campus-lyon-inseec-dalle-detente.jpg?resize=80,60 80w\" sizes=\"auto, (max-width: 1058px) 100vw, 1058px\" \/><\/figure><figure><img loading=\"lazy\" decoding=\"async\" width=\"1058\" height=\"798\" src=\"https:\/\/www.inseec.com\/wp-content\/uploads\/sites\/32\/2025\/11\/campus-slider-vr-campus-lyon-inseec-lion-rouge-hall.jpg?w=1058\" class=\"\" alt=\"Photo de la statue du lion rouge dans le hall du campus de Lyon de l\u2019\u00e9cole de commerce INSEEC\" data-location=\"\" srcset=\"https:\/\/www.inseec.com\/wp-content\/uploads\/sites\/32\/2025\/11\/campus-slider-vr-campus-lyon-inseec-lion-rouge-hall.jpg 1058w, https:\/\/www.inseec.com\/wp-content\/uploads\/sites\/32\/2025\/11\/campus-slider-vr-campus-lyon-inseec-lion-rouge-hall.jpg?resize=300,226 300w, https:\/\/www.inseec.com\/wp-content\/uploads\/sites\/32\/2025\/11\/campus-slider-vr-campus-lyon-inseec-lion-rouge-hall.jpg?resize=768,579 768w, https:\/\/www.inseec.com\/wp-content\/uploads\/sites\/32\/2025\/11\/campus-slider-vr-campus-lyon-inseec-lion-rouge-hall.jpg?resize=220,165 220w, https:\/\/www.inseec.com\/wp-content\/uploads\/sites\/32\/2025\/11\/campus-slider-vr-campus-lyon-inseec-lion-rouge-hall.jpg?resize=240,180 240w, https:\/\/www.inseec.com\/wp-content\/uploads\/sites\/32\/2025\/11\/campus-slider-vr-campus-lyon-inseec-lion-rouge-hall.jpg?resize=282,212 282w, https:\/\/www.inseec.com\/wp-content\/uploads\/sites\/32\/2025\/11\/campus-slider-vr-campus-lyon-inseec-lion-rouge-hall.jpg?resize=564,424 564w, https:\/\/www.inseec.com\/wp-content\/uploads\/sites\/32\/2025\/11\/campus-slider-vr-campus-lyon-inseec-lion-rouge-hall.jpg?resize=330,248 330w, https:\/\/www.inseec.com\/wp-content\/uploads\/sites\/32\/2025\/11\/campus-slider-vr-campus-lyon-inseec-lion-rouge-hall.jpg?resize=529,399 529w, https:\/\/www.inseec.com\/wp-content\/uploads\/sites\/32\/2025\/11\/campus-slider-vr-campus-lyon-inseec-lion-rouge-hall.jpg?resize=53,40 53w, https:\/\/www.inseec.com\/wp-content\/uploads\/sites\/32\/2025\/11\/campus-slider-vr-campus-lyon-inseec-lion-rouge-hall.jpg?resize=106,80 106w, https:\/\/www.inseec.com\/wp-content\/uploads\/sites\/32\/2025\/11\/campus-slider-vr-campus-lyon-inseec-lion-rouge-hall.jpg?resize=212,160 212w, https:\/\/www.inseec.com\/wp-content\/uploads\/sites\/32\/2025\/11\/campus-slider-vr-campus-lyon-inseec-lion-rouge-hall.jpg?resize=66,50 66w, https:\/\/www.inseec.com\/wp-content\/uploads\/sites\/32\/2025\/11\/campus-slider-vr-campus-lyon-inseec-lion-rouge-hall.jpg?resize=133,100 133w, https:\/\/www.inseec.com\/wp-content\/uploads\/sites\/32\/2025\/11\/campus-slider-vr-campus-lyon-inseec-lion-rouge-hall.jpg?resize=24,18 24w, https:\/\/www.inseec.com\/wp-content\/uploads\/sites\/32\/2025\/11\/campus-slider-vr-campus-lyon-inseec-lion-rouge-hall.jpg?resize=48,36 48w, https:\/\/www.inseec.com\/wp-content\/uploads\/sites\/32\/2025\/11\/campus-slider-vr-campus-lyon-inseec-lion-rouge-hall.jpg?resize=40,30 40w, https:\/\/www.inseec.com\/wp-content\/uploads\/sites\/32\/2025\/11\/campus-slider-vr-campus-lyon-inseec-lion-rouge-hall.jpg?resize=80,60 80w\" sizes=\"auto, (max-width: 1058px) 100vw, 1058px\" \/><\/figure>\t\t<\/figure>\n\t\t\t<div class=\"block__content\">\n\t\t<h2 class=\"block__eyebrow is-style-heading-default-eyebrow has-on-surface-subtle-color\">Campus de Lyon<\/h2><p class=\"block__title is-style-plain-emphasis-xl\">Rejoignez un campus historique et vivant<\/p><p class=\"block__excerpt\">Profitez d\u2019un campus historique au c\u0153ur de Lyon, ville culturelle et \u00e9tudiante parmi les plus dynamiques de France.<\/p>\t\t<div class=\"block__buttons wp-block-buttons\">\n\t\t\t<div class=\"wp-block-button is-style-outline-md\"><a title=\"D\u00e9couvrir le campus de Lyon\" href=\"https:\/\/www.inseec.com\/campus\/ecole-de-commerce-lyon\/\" class=\"wp-block-button__link\">D\u00e9couvrir<\/a><\/div><div class=\"wp-block-button is-style-default\"><a title=\"Portes Ouvertes du campus de Lyon\" href=\"https:\/\/www.inseec.com\/evenement\/?_type_devenement_unique=journee-portes-ouvertes&#038;_event_campus=832\" class=\"wp-block-button__link\">Portes Ouvertes<\/a><\/div>\t\t<\/div>\n\t<\/div>\n<\/article>\n<\/div><\/div>\n\n\n\n<div role=\"tabpanel\" tabindex=\"0\" class=\"wp-block-blockparty-tabs-panel-item\" id=\"block-panel-2-1\" aria-labelledby=\"block-tab-2-1\"><div class=\"wp-block-blockparty-tabs-panel-item__inner\"><article class=\"campus block block--campus block--campus-vertical align wp-block-omnes-ds-campus\">\n\t\t\t<figure class=\"block__gallery\">\n\t\t\t<figure><img loading=\"lazy\" decoding=\"async\" width=\"660\" height=\"770\" src=\"https:\/\/www.inseec.com\/wp-content\/uploads\/sites\/32\/2025\/11\/campus-paris-eiffel-inseec-portrait.jpg?w=660\" class=\"\" alt=\"Photo du campus Paris Eiffel de l\u2019\u00e9cole de commerce INSEEC avec la tour Eiffel en fond\" data-location=\"\" srcset=\"https:\/\/www.inseec.com\/wp-content\/uploads\/sites\/32\/2025\/11\/campus-paris-eiffel-inseec-portrait.jpg 660w, https:\/\/www.inseec.com\/wp-content\/uploads\/sites\/32\/2025\/11\/campus-paris-eiffel-inseec-portrait.jpg?resize=257,300 257w, https:\/\/www.inseec.com\/wp-content\/uploads\/sites\/32\/2025\/11\/campus-paris-eiffel-inseec-portrait.jpg?resize=34,40 34w, https:\/\/www.inseec.com\/wp-content\/uploads\/sites\/32\/2025\/11\/campus-paris-eiffel-inseec-portrait.jpg?resize=69,80 69w, https:\/\/www.inseec.com\/wp-content\/uploads\/sites\/32\/2025\/11\/campus-paris-eiffel-inseec-portrait.jpg?resize=137,160 137w, https:\/\/www.inseec.com\/wp-content\/uploads\/sites\/32\/2025\/11\/campus-paris-eiffel-inseec-portrait.jpg?resize=43,50 43w, https:\/\/www.inseec.com\/wp-content\/uploads\/sites\/32\/2025\/11\/campus-paris-eiffel-inseec-portrait.jpg?resize=86,100 86w, https:\/\/www.inseec.com\/wp-content\/uploads\/sites\/32\/2025\/11\/campus-paris-eiffel-inseec-portrait.jpg?resize=21,24 21w, https:\/\/www.inseec.com\/wp-content\/uploads\/sites\/32\/2025\/11\/campus-paris-eiffel-inseec-portrait.jpg?resize=41,48 41w\" sizes=\"auto, (max-width: 660px) 100vw, 660px\" \/><\/figure><figure><img loading=\"lazy\" decoding=\"async\" width=\"660\" height=\"361\" src=\"https:\/\/www.inseec.com\/wp-content\/uploads\/sites\/32\/2025\/11\/campus-paris-vellefaux-inseec-cafeteria.jpg?w=660\" class=\"\" alt=\"Photo de la caf\u00e9t\u00e9ria \u00e0 l\u2019int\u00e9rieur du campus r\u00e9nov\u00e9 de Paris Vellefaux de l\u2019\u00e9cole de commerce INSEEC\" data-location=\"\" srcset=\"https:\/\/www.inseec.com\/wp-content\/uploads\/sites\/32\/2025\/11\/campus-paris-vellefaux-inseec-cafeteria.jpg 660w, https:\/\/www.inseec.com\/wp-content\/uploads\/sites\/32\/2025\/11\/campus-paris-vellefaux-inseec-cafeteria.jpg?resize=300,164 300w, https:\/\/www.inseec.com\/wp-content\/uploads\/sites\/32\/2025\/11\/campus-paris-vellefaux-inseec-cafeteria.jpg?resize=73,40 73w, https:\/\/www.inseec.com\/wp-content\/uploads\/sites\/32\/2025\/11\/campus-paris-vellefaux-inseec-cafeteria.jpg?resize=146,80 146w, https:\/\/www.inseec.com\/wp-content\/uploads\/sites\/32\/2025\/11\/campus-paris-vellefaux-inseec-cafeteria.jpg?resize=293,160 293w, https:\/\/www.inseec.com\/wp-content\/uploads\/sites\/32\/2025\/11\/campus-paris-vellefaux-inseec-cafeteria.jpg?resize=91,50 91w, https:\/\/www.inseec.com\/wp-content\/uploads\/sites\/32\/2025\/11\/campus-paris-vellefaux-inseec-cafeteria.jpg?resize=183,100 183w, https:\/\/www.inseec.com\/wp-content\/uploads\/sites\/32\/2025\/11\/campus-paris-vellefaux-inseec-cafeteria.jpg?resize=24,13 24w, https:\/\/www.inseec.com\/wp-content\/uploads\/sites\/32\/2025\/11\/campus-paris-vellefaux-inseec-cafeteria.jpg?resize=48,26 48w, https:\/\/www.inseec.com\/wp-content\/uploads\/sites\/32\/2025\/11\/campus-paris-vellefaux-inseec-cafeteria.jpg?resize=40,22 40w, https:\/\/www.inseec.com\/wp-content\/uploads\/sites\/32\/2025\/11\/campus-paris-vellefaux-inseec-cafeteria.jpg?resize=80,44 80w\" sizes=\"auto, (max-width: 660px) 100vw, 660px\" \/><\/figure><figure><img loading=\"lazy\" decoding=\"async\" width=\"794\" height=\"599\" src=\"https:\/\/www.inseec.com\/wp-content\/uploads\/sites\/32\/2025\/11\/campus-slider-vr-campus-paris-la-defense-inseec-salle-detente.jpg?w=794\" class=\"\" alt=\"\" data-location=\"\" srcset=\"https:\/\/www.inseec.com\/wp-content\/uploads\/sites\/32\/2025\/11\/campus-slider-vr-campus-paris-la-defense-inseec-salle-detente.jpg 794w, https:\/\/www.inseec.com\/wp-content\/uploads\/sites\/32\/2025\/11\/campus-slider-vr-campus-paris-la-defense-inseec-salle-detente.jpg?resize=300,226 300w, https:\/\/www.inseec.com\/wp-content\/uploads\/sites\/32\/2025\/11\/campus-slider-vr-campus-paris-la-defense-inseec-salle-detente.jpg?resize=768,579 768w, https:\/\/www.inseec.com\/wp-content\/uploads\/sites\/32\/2025\/11\/campus-slider-vr-campus-paris-la-defense-inseec-salle-detente.jpg?resize=220,165 220w, https:\/\/www.inseec.com\/wp-content\/uploads\/sites\/32\/2025\/11\/campus-slider-vr-campus-paris-la-defense-inseec-salle-detente.jpg?resize=240,180 240w, https:\/\/www.inseec.com\/wp-content\/uploads\/sites\/32\/2025\/11\/campus-slider-vr-campus-paris-la-defense-inseec-salle-detente.jpg?resize=282,212 282w, https:\/\/www.inseec.com\/wp-content\/uploads\/sites\/32\/2025\/11\/campus-slider-vr-campus-paris-la-defense-inseec-salle-detente.jpg?resize=564,424 564w, https:\/\/www.inseec.com\/wp-content\/uploads\/sites\/32\/2025\/11\/campus-slider-vr-campus-paris-la-defense-inseec-salle-detente.jpg?resize=330,248 330w, https:\/\/www.inseec.com\/wp-content\/uploads\/sites\/32\/2025\/11\/campus-slider-vr-campus-paris-la-defense-inseec-salle-detente.jpg?resize=529,399 529w, https:\/\/www.inseec.com\/wp-content\/uploads\/sites\/32\/2025\/11\/campus-slider-vr-campus-paris-la-defense-inseec-salle-detente.jpg?resize=53,40 53w, https:\/\/www.inseec.com\/wp-content\/uploads\/sites\/32\/2025\/11\/campus-slider-vr-campus-paris-la-defense-inseec-salle-detente.jpg?resize=106,80 106w, https:\/\/www.inseec.com\/wp-content\/uploads\/sites\/32\/2025\/11\/campus-slider-vr-campus-paris-la-defense-inseec-salle-detente.jpg?resize=212,160 212w, https:\/\/www.inseec.com\/wp-content\/uploads\/sites\/32\/2025\/11\/campus-slider-vr-campus-paris-la-defense-inseec-salle-detente.jpg?resize=66,50 66w, https:\/\/www.inseec.com\/wp-content\/uploads\/sites\/32\/2025\/11\/campus-slider-vr-campus-paris-la-defense-inseec-salle-detente.jpg?resize=133,100 133w, https:\/\/www.inseec.com\/wp-content\/uploads\/sites\/32\/2025\/11\/campus-slider-vr-campus-paris-la-defense-inseec-salle-detente.jpg?resize=24,18 24w, https:\/\/www.inseec.com\/wp-content\/uploads\/sites\/32\/2025\/11\/campus-slider-vr-campus-paris-la-defense-inseec-salle-detente.jpg?resize=48,36 48w, https:\/\/www.inseec.com\/wp-content\/uploads\/sites\/32\/2025\/11\/campus-slider-vr-campus-paris-la-defense-inseec-salle-detente.jpg?resize=40,30 40w, https:\/\/www.inseec.com\/wp-content\/uploads\/sites\/32\/2025\/11\/campus-slider-vr-campus-paris-la-defense-inseec-salle-detente.jpg?resize=80,60 80w\" sizes=\"auto, (max-width: 794px) 100vw, 794px\" \/><\/figure>\t\t<\/figure>\n\t\t\t<div class=\"block__content\">\n\t\t<h2 class=\"block__eyebrow is-style-heading-default-eyebrow has-on-surface-subtle-color\">Campus de Paris<\/h2><p class=\"block__title is-style-plain-emphasis-xl\">\u00c9tudiez au c\u0153ur de la capitale<\/p><p class=\"block__excerpt\">D\u00e9couvrez trois campus modernes et faciles d\u2019acc\u00e8s dans des lieux embl\u00e9matiques de Paris.<\/p>\t\t<div class=\"block__buttons wp-block-buttons\">\n\t\t\t<div class=\"wp-block-button is-style-outline-md\"><a title=\"D\u00e9couvrir le campus de Paris\" href=\"https:\/\/www.inseec.com\/campus\/ecole-de-commerce-paris\/\" class=\"wp-block-button__link\">D\u00e9couvrir<\/a><\/div><div class=\"wp-block-button is-style-default\"><a title=\"Portes Ouvertes du campus de Paris\" href=\"https:\/\/www.inseec.com\/evenement\/?_type_devenement_unique=journee-portes-ouvertes&#038;_event_campus=134\" class=\"wp-block-button__link\">Portes Ouvertes<\/a><\/div>\t\t<\/div>\n\t<\/div>\n<\/article>\n<\/div><\/div>\n\n\n\n<div role=\"tabpanel\" tabindex=\"0\" class=\"wp-block-blockparty-tabs-panel-item\" id=\"block-panel-2-2\" aria-labelledby=\"block-tab-2-2\"><div class=\"wp-block-blockparty-tabs-panel-item__inner\"><article class=\"campus block block--campus block--campus-vertical align wp-block-omnes-ds-campus\">\n\t\t\t<figure class=\"block__gallery\">\n\t\t\t<figure><img loading=\"lazy\" decoding=\"async\" width=\"660\" height=\"770\" src=\"https:\/\/www.inseec.com\/wp-content\/uploads\/sites\/32\/2025\/11\/campus-bordeaux-inseec-facade.jpg?w=660\" class=\"\" alt=\"Photo du campus de Bordeaux de l\u2019\u00e9cole de commerce INSEEC\" data-location=\"\" srcset=\"https:\/\/www.inseec.com\/wp-content\/uploads\/sites\/32\/2025\/11\/campus-bordeaux-inseec-facade.jpg 660w, https:\/\/www.inseec.com\/wp-content\/uploads\/sites\/32\/2025\/11\/campus-bordeaux-inseec-facade.jpg?resize=257,300 257w, https:\/\/www.inseec.com\/wp-content\/uploads\/sites\/32\/2025\/11\/campus-bordeaux-inseec-facade.jpg?resize=34,40 34w, https:\/\/www.inseec.com\/wp-content\/uploads\/sites\/32\/2025\/11\/campus-bordeaux-inseec-facade.jpg?resize=69,80 69w, https:\/\/www.inseec.com\/wp-content\/uploads\/sites\/32\/2025\/11\/campus-bordeaux-inseec-facade.jpg?resize=137,160 137w, https:\/\/www.inseec.com\/wp-content\/uploads\/sites\/32\/2025\/11\/campus-bordeaux-inseec-facade.jpg?resize=43,50 43w, https:\/\/www.inseec.com\/wp-content\/uploads\/sites\/32\/2025\/11\/campus-bordeaux-inseec-facade.jpg?resize=86,100 86w, https:\/\/www.inseec.com\/wp-content\/uploads\/sites\/32\/2025\/11\/campus-bordeaux-inseec-facade.jpg?resize=21,24 21w, https:\/\/www.inseec.com\/wp-content\/uploads\/sites\/32\/2025\/11\/campus-bordeaux-inseec-facade.jpg?resize=41,48 41w\" sizes=\"auto, (max-width: 660px) 100vw, 660px\" \/><\/figure><figure><img loading=\"lazy\" decoding=\"async\" width=\"660\" height=\"361\" src=\"https:\/\/www.inseec.com\/wp-content\/uploads\/sites\/32\/2025\/11\/campus-bordeaux-inseec-cafeteria.jpg?w=660\" class=\"\" alt=\"Photo de la caf\u00e9t\u00e9ria \u00e0 l\u2019int\u00e9rieur du campus de Bordeaux de l\u2019\u00e9cole de commerce INSEEC\" data-location=\"\" srcset=\"https:\/\/www.inseec.com\/wp-content\/uploads\/sites\/32\/2025\/11\/campus-bordeaux-inseec-cafeteria.jpg 660w, https:\/\/www.inseec.com\/wp-content\/uploads\/sites\/32\/2025\/11\/campus-bordeaux-inseec-cafeteria.jpg?resize=300,164 300w, https:\/\/www.inseec.com\/wp-content\/uploads\/sites\/32\/2025\/11\/campus-bordeaux-inseec-cafeteria.jpg?resize=73,40 73w, https:\/\/www.inseec.com\/wp-content\/uploads\/sites\/32\/2025\/11\/campus-bordeaux-inseec-cafeteria.jpg?resize=146,80 146w, https:\/\/www.inseec.com\/wp-content\/uploads\/sites\/32\/2025\/11\/campus-bordeaux-inseec-cafeteria.jpg?resize=293,160 293w, https:\/\/www.inseec.com\/wp-content\/uploads\/sites\/32\/2025\/11\/campus-bordeaux-inseec-cafeteria.jpg?resize=91,50 91w, https:\/\/www.inseec.com\/wp-content\/uploads\/sites\/32\/2025\/11\/campus-bordeaux-inseec-cafeteria.jpg?resize=183,100 183w, https:\/\/www.inseec.com\/wp-content\/uploads\/sites\/32\/2025\/11\/campus-bordeaux-inseec-cafeteria.jpg?resize=24,13 24w, https:\/\/www.inseec.com\/wp-content\/uploads\/sites\/32\/2025\/11\/campus-bordeaux-inseec-cafeteria.jpg?resize=48,26 48w, https:\/\/www.inseec.com\/wp-content\/uploads\/sites\/32\/2025\/11\/campus-bordeaux-inseec-cafeteria.jpg?resize=40,22 40w, https:\/\/www.inseec.com\/wp-content\/uploads\/sites\/32\/2025\/11\/campus-bordeaux-inseec-cafeteria.jpg?resize=80,44 80w\" sizes=\"auto, (max-width: 660px) 100vw, 660px\" \/><\/figure><figure><img loading=\"lazy\" decoding=\"async\" width=\"660\" height=\"361\" src=\"https:\/\/www.inseec.com\/wp-content\/uploads\/sites\/32\/2025\/11\/campus-bordeaux-inseec-terrasse-bord-garonne.jpg?w=660\" class=\"\" alt=\"Photo de la terrasse en bordure de Garonne du campus de Bordeaux de l\u2019\u00e9cole de commerce INSEEC\" data-location=\"\" srcset=\"https:\/\/www.inseec.com\/wp-content\/uploads\/sites\/32\/2025\/11\/campus-bordeaux-inseec-terrasse-bord-garonne.jpg 660w, https:\/\/www.inseec.com\/wp-content\/uploads\/sites\/32\/2025\/11\/campus-bordeaux-inseec-terrasse-bord-garonne.jpg?resize=300,164 300w, https:\/\/www.inseec.com\/wp-content\/uploads\/sites\/32\/2025\/11\/campus-bordeaux-inseec-terrasse-bord-garonne.jpg?resize=73,40 73w, https:\/\/www.inseec.com\/wp-content\/uploads\/sites\/32\/2025\/11\/campus-bordeaux-inseec-terrasse-bord-garonne.jpg?resize=146,80 146w, https:\/\/www.inseec.com\/wp-content\/uploads\/sites\/32\/2025\/11\/campus-bordeaux-inseec-terrasse-bord-garonne.jpg?resize=293,160 293w, https:\/\/www.inseec.com\/wp-content\/uploads\/sites\/32\/2025\/11\/campus-bordeaux-inseec-terrasse-bord-garonne.jpg?resize=91,50 91w, https:\/\/www.inseec.com\/wp-content\/uploads\/sites\/32\/2025\/11\/campus-bordeaux-inseec-terrasse-bord-garonne.jpg?resize=183,100 183w, https:\/\/www.inseec.com\/wp-content\/uploads\/sites\/32\/2025\/11\/campus-bordeaux-inseec-terrasse-bord-garonne.jpg?resize=24,13 24w, https:\/\/www.inseec.com\/wp-content\/uploads\/sites\/32\/2025\/11\/campus-bordeaux-inseec-terrasse-bord-garonne.jpg?resize=48,26 48w, https:\/\/www.inseec.com\/wp-content\/uploads\/sites\/32\/2025\/11\/campus-bordeaux-inseec-terrasse-bord-garonne.jpg?resize=40,22 40w, https:\/\/www.inseec.com\/wp-content\/uploads\/sites\/32\/2025\/11\/campus-bordeaux-inseec-terrasse-bord-garonne.jpg?resize=80,44 80w\" sizes=\"auto, (max-width: 660px) 100vw, 660px\" \/><\/figure>\t\t<\/figure>\n\t\t\t<div class=\"block__content\">\n\t\t<h2 class=\"block__eyebrow is-style-heading-default-eyebrow has-on-surface-subtle-color\">Campus de Bordeaux<\/h2><p class=\"block__title is-style-plain-emphasis-xl\">\u00c9tudiez au bord de la Garonne<\/p><p class=\"block__excerpt\">Rejoignez un campus moderne et chaleureux en bord de Garonne, au c\u0153ur d\u2019une ville vivante et conviviale.<\/p>\t\t<div class=\"block__buttons wp-block-buttons\">\n\t\t\t<div class=\"wp-block-button is-style-outline-md\"><a title=\"D\u00e9couvrir le campus de Bordeaux\" href=\"https:\/\/www.inseec.com\/campus\/ecole-de-commerce-bordeaux\/\" class=\"wp-block-button__link\">D\u00e9couvrir<\/a><\/div><div class=\"wp-block-button is-style-default\"><a title=\"Portes Ouvertes du campus de Bordeaux\" href=\"https:\/\/www.inseec.com\/evenement\/?_type_devenement_unique=journee-portes-ouvertes&#038;_event_campus=835\" class=\"wp-block-button__link\">Portes Ouvertes<\/a><\/div>\t\t<\/div>\n\t<\/div>\n<\/article>\n<\/div><\/div>\n<\/section>\n<\/div>\n<\/div>\n<\/section>\n\n\n\n<div class=\"wp-block-group alignfull wp-pattern wp-pattern-specialisations-slider has-inverse-variant-background-color has-background has-global-padding is-layout-constrained wp-container-core-group-is-layout-02609ccb wp-block-group-is-layout-constrained has-block-anchor\" style=\"border-radius:0px;margin-top:0;margin-bottom:0;padding-top:var(--wp--preset--spacing--6-xl);padding-right:var(--wp--preset--spacing--padding-x-section);padding-bottom:var(--wp--preset--spacing--6-xl);padding-left:var(--wp--preset--spacing--padding-x-section)\">\n<div class=\"wp-block-group alignwide wp-pattern__inner is-layout-flow wp-container-core-group-is-layout-3fccdef8 wp-block-group-is-layout-flow has-block-anchor\">\n<div class=\"wp-block-group wp-pattern__header is-vertical is-layout-flex wp-container-core-group-is-layout-b80b8bd4 wp-block-group-is-layout-flex has-block-anchor\">\n<div class=\"wp-block-group is-vertical is-layout-flex wp-container-core-group-is-layout-bd7877ba wp-block-group-is-layout-flex has-block-anchor\">\n<p class=\"is-style-heading-default-eyebrow has-inverse-on-surface-subtle-color has-text-color has-link-color wp-elements-dd63a51d32106d43b23411e561a18948\">L\u2019offre de formation la plus compl\u00e8te<\/p>\n\n\n\n<h2 class=\"wp-block-heading is-style-heading-emphasis-h2 has-inverse-on-surface-color has-text-color has-link-color wp-elements-563fa7a9d4d45683c0a1fb8b15eea886\" id=\"les-domaines-dexpertise\">Les domaines d\u2019expertise<\/h2>\n<\/div>\n\n\n\n<p class=\"is-style-plain-default-md has-inverse-on-surface-subtle-color has-text-color has-link-color wp-elements-f8c79945573a588e813404360d26905a\">Explorez les sp\u00e9cialisations qui fa\u00e7onnent les experts de demain, entre cr\u00e9ativit\u00e9, strat\u00e9gie et innovation.<\/p>\n<\/div>\n\n\n\n<div class=\"wp-block-group is-layout-flow wp-block-group-is-layout-flow has-block-anchor\"><div class=\"block block--content-picking wp-block-beapi-dynamic-block\" data-type=\"dynamic\" data-layout=\"slider-specialisation\" data-post-type=\"document\">\n\t\t\t<div class=\"block--content-picking__document-specialisation-slider\">\n\t\n\t<div class=\"block--content-picking__content swiper embla swiper-overflow-visible\">\n\t\t<div class=\"embla__viewport\">\n\t\t\t<div class=\"embla__container\" id=\"embla__container-1\">\n\t\t\t\t<div class=\"embla__slide\"><article class=\"crd crd--document-specialisation-secondary\" data-seo-container>\n\t<div class=\"crd__image\"><img decoding=\"async\" width=\"330\" height=\"279\" src=\"https:\/\/www.inseec.com\/wp-content\/uploads\/sites\/32\/2025\/12\/specialisation-sport-inseec-grande-ecole.jpg?w=330&#038;h=279&#038;crop=1\" class=\"\" alt=\"\" data-location=\"\" loading=\"lazy\" \/><\/div><h3 class=\"crd__title is-style-plain-emphasis-xl\"><a href=\"https:\/\/www.inseec.com\/grande-ecole\/grande-ecole-sport\/\" data-seo-target=\"\" class=\"crd__link has-inverse-on-surface-color\">PGE Sport<\/a><\/h3><p class=\"crd__excerpt is-style-plain-default-sm has-inverse-on-surface-color\">Sur le campus de Lyon, le Programme Grande \u00c9cole sp\u00e9cialisation Sport de l\u2019INSEEC vous forme \u00e0 devenir un expert du management sportif, pr\u00eat \u00e0 int\u00e9grer un secteur dynamique et en pleine expansion.<\/p>\n\t<div class=\"crd__button has-inverse-surface-color\">\n\t\t<svg class=\"icon icon-arrow-up-right\" aria-hidden=\"true\" focusable=\"false\"><use href=\"https:\/\/www.inseec.com\/wp-content\/themes\/omnes-design-system\/dist\/icons\/sprite.svg#icon-arrow-up-right\"><\/use><\/svg>\t<\/div>\n<\/article><\/div><div class=\"embla__slide\"><article class=\"crd crd--document-specialisation-secondary\" data-seo-container>\n\t<div class=\"crd__image\"><img decoding=\"async\" width=\"330\" height=\"186\" src=\"https:\/\/www.inseec.com\/wp-content\/uploads\/sites\/32\/2025\/12\/specialisation-rse-inseec-msc.jpg?w=330&#038;h=186&#038;crop=1\" class=\"\" alt=\"Image d\u2019illustration de la sp\u00e9cialisation RSE de l\u2019INSEEC MSc de l\u2019\u00e9cole de commerce INSEEC\" data-location=\"\" loading=\"lazy\" srcset=\"https:\/\/www.inseec.com\/wp-content\/uploads\/sites\/32\/2025\/12\/specialisation-rse-inseec-msc.jpg 330w, https:\/\/www.inseec.com\/wp-content\/uploads\/sites\/32\/2025\/12\/specialisation-rse-inseec-msc.jpg?resize=300,169 300w, https:\/\/www.inseec.com\/wp-content\/uploads\/sites\/32\/2025\/12\/specialisation-rse-inseec-msc.jpg?resize=260,146 260w, https:\/\/www.inseec.com\/wp-content\/uploads\/sites\/32\/2025\/12\/specialisation-rse-inseec-msc.jpg?resize=71,40 71w, https:\/\/www.inseec.com\/wp-content\/uploads\/sites\/32\/2025\/12\/specialisation-rse-inseec-msc.jpg?resize=142,80 142w, https:\/\/www.inseec.com\/wp-content\/uploads\/sites\/32\/2025\/12\/specialisation-rse-inseec-msc.jpg?resize=284,160 284w, https:\/\/www.inseec.com\/wp-content\/uploads\/sites\/32\/2025\/12\/specialisation-rse-inseec-msc.jpg?resize=89,50 89w, https:\/\/www.inseec.com\/wp-content\/uploads\/sites\/32\/2025\/12\/specialisation-rse-inseec-msc.jpg?resize=177,100 177w, https:\/\/www.inseec.com\/wp-content\/uploads\/sites\/32\/2025\/12\/specialisation-rse-inseec-msc.jpg?resize=24,14 24w, https:\/\/www.inseec.com\/wp-content\/uploads\/sites\/32\/2025\/12\/specialisation-rse-inseec-msc.jpg?resize=48,27 48w, https:\/\/www.inseec.com\/wp-content\/uploads\/sites\/32\/2025\/12\/specialisation-rse-inseec-msc.jpg?resize=40,23 40w, https:\/\/www.inseec.com\/wp-content\/uploads\/sites\/32\/2025\/12\/specialisation-rse-inseec-msc.jpg?resize=80,45 80w\" sizes=\"auto, (max-width: 330px) 100vw, 330px\" \/><\/div><h3 class=\"crd__title is-style-plain-emphasis-xl\"><a href=\"https:\/\/www.inseec.com\/grande-ecole\/grande-ecole-rse\/\" data-seo-target=\"\" class=\"crd__link has-inverse-on-surface-color\">PGE RSE<\/a><\/h3><p class=\"crd__excerpt is-style-plain-default-sm has-inverse-on-surface-color\">Le Programme Grande \u00c9cole sp\u00e9cialisation RSE de l&#8217;INSEEC Lyon forme des experts de la responsabilit\u00e9 soci\u00e9tale recherch\u00e9s, capables de piloter la transformation durable des entreprises.<\/p>\n\t<div class=\"crd__button has-inverse-surface-color\">\n\t\t<svg class=\"icon icon-arrow-up-right\" aria-hidden=\"true\" focusable=\"false\"><use href=\"https:\/\/www.inseec.com\/wp-content\/themes\/omnes-design-system\/dist\/icons\/sprite.svg#icon-arrow-up-right\"><\/use><\/svg>\t<\/div>\n<\/article><\/div><div class=\"embla__slide\"><article class=\"crd crd--document-specialisation-secondary\" data-seo-container>\n\t<div class=\"crd__image\"><img decoding=\"async\" width=\"330\" height=\"279\" src=\"https:\/\/www.inseec.com\/wp-content\/uploads\/sites\/32\/2025\/12\/specialisation-ressources-humaines-inseec-grande-ecole.jpg?w=330&#038;h=279&#038;crop=1\" class=\"\" alt=\"Image d\u2019illustration de la sp\u00e9cialisation Ressources Humaines de l\u2019INSEEC Grande \u00c9cole de l\u2019\u00e9cole de commerce INSEEC\" data-location=\"\" loading=\"lazy\" \/><\/div><h3 class=\"crd__title is-style-plain-emphasis-xl\"><a href=\"https:\/\/www.inseec.com\/grande-ecole\/grande-ecole-rh\/\" data-seo-target=\"\" class=\"crd__link has-inverse-on-surface-color\">PGE Ressources Humaines<\/a><\/h3><p class=\"crd__excerpt is-style-plain-default-sm has-inverse-on-surface-color\">Le Programme Grande \u00c9cole sp\u00e9cialisation Ressources Humaines de l\u2019INSEEC vous pr\u00e9pare aux m\u00e9tiers strat\u00e9giques du recrutement, de la formation et de la transformation des organisations, avec des postes vari\u00e9s et un impact direct sur la performance des entreprises.<\/p>\n\t<div class=\"crd__button has-inverse-surface-color\">\n\t\t<svg class=\"icon icon-arrow-up-right\" aria-hidden=\"true\" focusable=\"false\"><use href=\"https:\/\/www.inseec.com\/wp-content\/themes\/omnes-design-system\/dist\/icons\/sprite.svg#icon-arrow-up-right\"><\/use><\/svg>\t<\/div>\n<\/article><\/div><div class=\"embla__slide\"><article class=\"crd crd--document-specialisation-secondary\" data-seo-container>\n\t<div class=\"crd__image\"><img decoding=\"async\" width=\"330\" height=\"279\" src=\"https:\/\/www.inseec.com\/wp-content\/uploads\/sites\/32\/2025\/12\/specialisation-marketing-inseec-grande-ecole.jpg?w=330&#038;h=279&#038;crop=1\" class=\"\" alt=\"\" data-location=\"\" loading=\"lazy\" \/><\/div><h3 class=\"crd__title is-style-plain-emphasis-xl\"><a href=\"https:\/\/www.inseec.com\/grande-ecole\/grande-ecole-marketing\/\" data-seo-target=\"\" class=\"crd__link has-inverse-on-surface-color\">PGE Marketing<\/a><\/h3><p class=\"crd__excerpt is-style-plain-default-sm has-inverse-on-surface-color\">Le Programme Grande \u00c9cole sp\u00e9cialisation Marketing conf\u00e8re le Grade de Master. Il forme des experts polyvalents, pr\u00eats \u00e0 int\u00e9grer un secteur dynamique au c\u0153ur des \u00e9cosyst\u00e8mes cr\u00e9atifs et \u00e9conomiques. Campus \u00e0 Paris, Bordeaux ou Lyon.<\/p>\n\t<div class=\"crd__button has-inverse-surface-color\">\n\t\t<svg class=\"icon icon-arrow-up-right\" aria-hidden=\"true\" focusable=\"false\"><use href=\"https:\/\/www.inseec.com\/wp-content\/themes\/omnes-design-system\/dist\/icons\/sprite.svg#icon-arrow-up-right\"><\/use><\/svg>\t<\/div>\n<\/article><\/div><div class=\"embla__slide\"><article class=\"crd crd--document-specialisation-secondary\" data-seo-container>\n\t<div class=\"crd__image\"><img decoding=\"async\" width=\"330\" height=\"279\" src=\"https:\/\/www.inseec.com\/wp-content\/uploads\/sites\/32\/2025\/12\/specialisation-luxe-inseec-grande-ecole.jpg?w=330&#038;h=279&#038;crop=1\" class=\"\" alt=\"Image d\u2019illustration de la sp\u00e9cialisation Luxe de l\u2019INSEEC Grande \u00c9cole de l\u2019\u00e9cole de commerce INSEEC\" data-location=\"\" loading=\"lazy\" \/><\/div><h3 class=\"crd__title is-style-plain-emphasis-xl\"><a href=\"https:\/\/www.inseec.com\/grande-ecole\/grande-ecole-luxe\/\" data-seo-target=\"\" class=\"crd__link has-inverse-on-surface-color\">PGE Luxe<\/a><\/h3><p class=\"crd__excerpt is-style-plain-default-sm has-inverse-on-surface-color\">Le Programme Grande \u00c9cole sp\u00e9cialisation Luxe de l\u2019INSEEC fait de vous des experts du secteur, pr\u00eats \u00e0 int\u00e9grer les maisons prestigieuses et les march\u00e9s internationaux.<\/p>\n\t<div class=\"crd__button has-inverse-surface-color\">\n\t\t<svg class=\"icon icon-arrow-up-right\" aria-hidden=\"true\" focusable=\"false\"><use href=\"https:\/\/www.inseec.com\/wp-content\/themes\/omnes-design-system\/dist\/icons\/sprite.svg#icon-arrow-up-right\"><\/use><\/svg>\t<\/div>\n<\/article><\/div><div class=\"embla__slide\"><article class=\"crd crd--document-specialisation-secondary\" data-seo-container>\n\t<div class=\"crd__image\"><img decoding=\"async\" width=\"330\" height=\"279\" src=\"https:\/\/www.inseec.com\/wp-content\/uploads\/sites\/32\/2025\/12\/specialisation-international-inseec-grande-ecole.jpg?w=330&#038;h=279&#038;crop=1\" class=\"\" alt=\"Image d\u2019illustration de la sp\u00e9cialisation International de l\u2019INSEEC Grande \u00c9cole de l\u2019\u00e9cole de commerce INSEEC\" data-location=\"\" loading=\"lazy\" \/><\/div><h3 class=\"crd__title is-style-plain-emphasis-xl\"><a href=\"https:\/\/www.inseec.com\/grande-ecole\/grande-ecole-international\/\" data-seo-target=\"\" class=\"crd__link has-inverse-on-surface-color\">PGE International<\/a><\/h3><p class=\"crd__excerpt is-style-plain-default-sm has-inverse-on-surface-color\">Avec le Programme Grande \u00c9cole sp\u00e9cialisation International de l\u2019INSEEC, devenez manager bilingue op\u00e9rationnel. Un cursus prestigieux, dispens\u00e9 sur les campus de Paris, Bordeaux et Lyon.<\/p>\n\t<div class=\"crd__button has-inverse-surface-color\">\n\t\t<svg class=\"icon icon-arrow-up-right\" aria-hidden=\"true\" focusable=\"false\"><use href=\"https:\/\/www.inseec.com\/wp-content\/themes\/omnes-design-system\/dist\/icons\/sprite.svg#icon-arrow-up-right\"><\/use><\/svg>\t<\/div>\n<\/article><\/div><div class=\"embla__slide\"><article class=\"crd crd--document-specialisation-secondary\" data-seo-container>\n\t<div class=\"crd__image\"><img decoding=\"async\" width=\"330\" height=\"279\" src=\"https:\/\/www.inseec.com\/wp-content\/uploads\/sites\/32\/2025\/12\/specialisation-finance-inseec-grande-ecole.jpg?w=330&#038;h=279&#038;crop=1\" class=\"\" alt=\"\" data-location=\"\" loading=\"lazy\" \/><\/div><h3 class=\"crd__title is-style-plain-emphasis-xl\"><a href=\"https:\/\/www.inseec.com\/grande-ecole\/grande-ecole-finance\/\" data-seo-target=\"\" class=\"crd__link has-inverse-on-surface-color\">PGE Finance<\/a><\/h3><p class=\"crd__excerpt is-style-plain-default-sm has-inverse-on-surface-color\">Avec le Programme Grande \u00c9cole sp\u00e9cialisation Finance de l\u2019INSEEC (conf\u00e9rant le Grade de Master), devenez un expert financier op\u00e9rationnel, pr\u00eat \u00e0 int\u00e9grer les march\u00e9s internationaux. \u00c9tudes depuis Paris, Bordeaux ou Lyon.<\/p>\n\t<div class=\"crd__button has-inverse-surface-color\">\n\t\t<svg class=\"icon icon-arrow-up-right\" aria-hidden=\"true\" focusable=\"false\"><use href=\"https:\/\/www.inseec.com\/wp-content\/themes\/omnes-design-system\/dist\/icons\/sprite.svg#icon-arrow-up-right\"><\/use><\/svg>\t<\/div>\n<\/article><\/div><div class=\"embla__slide\"><article class=\"crd crd--document-specialisation-secondary\" data-seo-container>\n\t<div class=\"crd__image\"><img decoding=\"async\" width=\"330\" height=\"279\" src=\"https:\/\/www.inseec.com\/wp-content\/uploads\/sites\/32\/2025\/12\/specialisation-data-inseec-grande-ecole.jpg?w=330&#038;h=279&#038;crop=1\" class=\"\" alt=\"\" data-location=\"\" loading=\"lazy\" \/><\/div><h3 class=\"crd__title is-style-plain-emphasis-xl\"><a href=\"https:\/\/www.inseec.com\/grande-ecole\/grande-ecole-data\/\" data-seo-target=\"\" class=\"crd__link has-inverse-on-surface-color\">PGE Data<\/a><\/h3><p class=\"crd__excerpt is-style-plain-default-sm has-inverse-on-surface-color\">Le Programme Grande \u00c9cole sp\u00e9cialisation Data de l\u2019INSEEC Paris pr\u00e9pare \u00e0 des carri\u00e8res dans la gestion, l\u2019exploitation et la valorisation des donn\u00e9es par l\u2019intelligence artificielle.<\/p>\n\t<div class=\"crd__button has-inverse-surface-color\">\n\t\t<svg class=\"icon icon-arrow-up-right\" aria-hidden=\"true\" focusable=\"false\"><use href=\"https:\/\/www.inseec.com\/wp-content\/themes\/omnes-design-system\/dist\/icons\/sprite.svg#icon-arrow-up-right\"><\/use><\/svg>\t<\/div>\n<\/article><\/div><div class=\"embla__slide\"><article class=\"crd crd--document-specialisation-secondary\" data-seo-container>\n\t<div class=\"crd__image\"><img decoding=\"async\" width=\"330\" height=\"279\" src=\"https:\/\/www.inseec.com\/wp-content\/uploads\/sites\/32\/2025\/12\/specialisation-business-inseec-grande-ecole.jpg?w=330&#038;h=279&#038;crop=1\" class=\"\" alt=\"\" data-location=\"\" loading=\"lazy\" \/><\/div><h3 class=\"crd__title is-style-plain-emphasis-xl\"><a href=\"https:\/\/www.inseec.com\/grande-ecole\/grande-ecole-business\/\" data-seo-target=\"\" class=\"crd__link has-inverse-on-surface-color\">PGE Business<\/a><\/h3><p class=\"crd__excerpt is-style-plain-default-sm has-inverse-on-surface-color\">Le Programme Grande \u00c9cole sp\u00e9cialisation Business de l\u2019INSEEC vous pr\u00e9pare \u00e0 piloter la strat\u00e9gie et la performance des entreprises dans un monde en mutation. Campus \u00e0 Paris, Bordeaux ou Lyon.<\/p>\n\t<div class=\"crd__button has-inverse-surface-color\">\n\t\t<svg class=\"icon icon-arrow-up-right\" aria-hidden=\"true\" focusable=\"false\"><use href=\"https:\/\/www.inseec.com\/wp-content\/themes\/omnes-design-system\/dist\/icons\/sprite.svg#icon-arrow-up-right\"><\/use><\/svg>\t<\/div>\n<\/article><\/div>\t\t\t<\/div>\n\t\t<\/div>\n\n\t\t\n<div class=\"swiper__controls\">\n\t<div class=\"swiper-pagination\"><\/div>\n\n\t<div class=\"swiper__buttons\">\n\t\t\t\t\t<button\n\t\t\t\tclass=\"embla__prev swiper-button-disabled\"\n\t\t\t\ttype=\"button\"\n\t\t\t\tdisabled\n\t\t\t\taria-disabled=\"true\"\n\t\t\t\taria-label=\"Previous slide\"\n\t\t\t\taria-controls=\"embla__container-1\">\n\t\t\t\t<svg class=\"icon icon-arrow-left\" aria-hidden=\"true\" focusable=\"false\"><use href=\"https:\/\/www.inseec.com\/wp-content\/themes\/omnes-design-system\/dist\/icons\/sprite.svg#icon-arrow-left\"><\/use><\/svg>\t\t\t<\/button>\n\t\t\t<button\n\t\t\t\tclass=\"embla__next\"\n\t\t\t\ttype=\"button\"\n\t\t\t\taria-label=\"Next slide\"\n\t\t\t\taria-controls=\"embla__container-1\">\n\t\t\t\t<svg class=\"icon icon-arrow-right\" aria-hidden=\"true\" focusable=\"false\"><use href=\"https:\/\/www.inseec.com\/wp-content\/themes\/omnes-design-system\/dist\/icons\/sprite.svg#icon-arrow-right\"><\/use><\/svg>\t\t\t<\/button>\n\t\t\t<\/div>\n<\/div>\n\t<\/div>\n<\/div>\n<\/div>\n<\/div>\n<\/div>\n<\/div>\n\n\n\n<section class=\"wp-block-group alignfull wp-pattern wp-pattern-events-list has-global-padding is-layout-constrained wp-container-core-group-is-layout-b9dc94b5 wp-block-group-is-layout-constrained has-block-anchor\" style=\"margin-top:0;margin-bottom:0;padding-top:var(--wp--preset--spacing--padding-y-section);padding-bottom:var(--wp--preset--spacing--padding-y-section)\">\n<div class=\"wp-block-group wp-pattrern__header is-layout-flow wp-block-group-is-layout-flow has-block-anchor\">\n<p class=\"has-text-align-center is-style-heading-default-eyebrow has-on-surface-color has-text-color has-link-color wp-elements-f87c7f0167b54601ce97aaa0cdc63a70\">Rencontrez-nous<\/p>\n\n\n\n<h2 class=\"wp-block-heading has-text-align-center\" id=\"decouvrez-les-evenementsgrande-ecole\">D\u00e9couvrez les \u00e9v\u00e8nements<br>Grande \u00c9cole<\/h2>\n<\/div>\n\n\n\n<div class=\"wp-block-group alignwide is-layout-flow wp-container-core-group-is-layout-1320b656 wp-block-group-is-layout-flow\" style=\"margin-top:var(--wp--preset--spacing--4-xl)\">\n<div class=\"wp-block-group wp-pattern__filters wp-pattern__filters-centered is-layout-grid wp-container-core-group-is-layout-4fe37c5b wp-block-group-is-layout-grid\"><div class=\"wpgb-facet wpgb-loading wpgb-facet-38\" data-facet=\"38\" data-grid=\"wpgb-content-block\/59d734fa09cf8be62aa58cd44a2af1e6\"><\/div>\n\n<div class=\"wpgb-facet wpgb-loading wpgb-facet-11\" data-facet=\"11\" data-grid=\"wpgb-content-block\/59d734fa09cf8be62aa58cd44a2af1e6\"><\/div><\/div>\n\n\n\n<div class=\"wp-block-query is-layout-flow wp-block-query-is-layout-flow wpgb-content-block59d734fa09cf8be62aa58cd44a2af1e6\"><ul class=\"wp-block-post-template is-layout-grid wp-container-core-post-template-is-layout-523fefc7 wp-block-post-template-is-layout-grid\"><li class=\"wp-block-post post-91404 event type-event status-publish hentry event_type-journee-portes-ouvertes school-grande-ecole\">\n\n<div class=\"crd crd--event crd--event-large\">\n\t<span class=\"crd__program is-style-tag-fill-md\">Grande \u00c9cole<\/span><p class=\"crd__date is-style-heading-emphasis-h1\">11\/02<\/p><h3 class=\"crd__title is-style-plain-emphasis-lg\">Journ\u00e9e Portes Ouvertes \u00e0 Online<\/h3>\n\t<ul class=\"crd__metas\">\n\t\t<li class=\"crd__campus is-style-plain-default-md\"><svg class=\"icon icon-marker\" aria-hidden=\"true\" focusable=\"false\"><use href=\"https:\/\/www.inseec.com\/wp-content\/themes\/omnes-design-system\/dist\/icons\/sprite.svg#icon-marker\"><\/use><\/svg><span>All Campuses<\/span><\/li><li class=\"crd__hours is-style-plain-default-md\"><svg class=\"icon icon-clock\" aria-hidden=\"true\" focusable=\"false\"><use href=\"https:\/\/www.inseec.com\/wp-content\/themes\/omnes-design-system\/dist\/icons\/sprite.svg#icon-clock\"><\/use><\/svg><span>From 18h00 to 19h30<\/span><\/li>\t<\/ul>\n\n\t<div class=\"crd__buttons\">\n\t\t<div class=\"wp-block-button is-style-outline-sm\"><a href=\"https:\/\/www.inseec.com\/evenement\/journee-portes-ouvertes-a-online-2026-02-10-2\/\" class=\"wp-block-button__link\">More info<\/a><\/div><div class=\"wp-block-button is-style-subtle-sm\"><a href=\"https:\/\/grandeecole.inseec.com\/inseecu\/jpo\/12577\" class=\"wp-block-button__link\">I participate<\/a><\/div>\t<\/div>\n<\/div>\n\n<\/li><li class=\"wp-block-post post-91342 event type-event status-publish hentry event_type-journee-portes-ouvertes school-grande-ecole\">\n\n<div class=\"crd crd--event crd--event-large\">\n\t<span class=\"crd__program is-style-tag-fill-md\">Grande \u00c9cole<\/span><p class=\"crd__date is-style-heading-emphasis-h1\">17\/02<\/p><h3 class=\"crd__title is-style-plain-emphasis-lg\">Journ\u00e9e Portes Ouvertes \u00e0 Paris<\/h3>\n\t<ul class=\"crd__metas\">\n\t\t<li class=\"crd__campus is-style-plain-default-md\"><svg class=\"icon icon-marker\" aria-hidden=\"true\" focusable=\"false\"><use href=\"https:\/\/www.inseec.com\/wp-content\/themes\/omnes-design-system\/dist\/icons\/sprite.svg#icon-marker\"><\/use><\/svg><span>\u00c9cole de commerce \u00e0 Paris<\/span><\/li><li class=\"crd__hours is-style-plain-default-md\"><svg class=\"icon icon-clock\" aria-hidden=\"true\" focusable=\"false\"><use href=\"https:\/\/www.inseec.com\/wp-content\/themes\/omnes-design-system\/dist\/icons\/sprite.svg#icon-clock\"><\/use><\/svg><span>From 18h00 to 20h00<\/span><\/li>\t<\/ul>\n\n\t<div class=\"crd__buttons\">\n\t\t<div class=\"wp-block-button is-style-outline-sm\"><a href=\"https:\/\/www.inseec.com\/evenement\/journee-portes-ouvertes-a-paris-2026-02-17\/\" class=\"wp-block-button__link\">More info<\/a><\/div><div class=\"wp-block-button is-style-subtle-sm\"><a href=\"https:\/\/grandeecole.inseec.com\/inseecu\/jpo\/13427\" class=\"wp-block-button__link\">I participate<\/a><\/div>\t<\/div>\n<\/div>\n\n<\/li><li class=\"wp-block-post post-91344 event type-event status-publish hentry event_type-journee-portes-ouvertes school-grande-ecole\">\n\n<div class=\"crd crd--event crd--event-large\">\n\t<span class=\"crd__program is-style-tag-fill-md\">Grande \u00c9cole<\/span><p class=\"crd__date is-style-heading-emphasis-h1\">17\/02<\/p><h3 class=\"crd__title is-style-plain-emphasis-lg\">Journ\u00e9e Portes Ouvertes \u00e0 Bordeaux<\/h3>\n\t<ul class=\"crd__metas\">\n\t\t<li class=\"crd__campus is-style-plain-default-md\"><svg class=\"icon icon-marker\" aria-hidden=\"true\" focusable=\"false\"><use href=\"https:\/\/www.inseec.com\/wp-content\/themes\/omnes-design-system\/dist\/icons\/sprite.svg#icon-marker\"><\/use><\/svg><span>\u00c9cole de commerce \u00e0 Bordeaux<\/span><\/li><li class=\"crd__hours is-style-plain-default-md\"><svg class=\"icon icon-clock\" aria-hidden=\"true\" focusable=\"false\"><use href=\"https:\/\/www.inseec.com\/wp-content\/themes\/omnes-design-system\/dist\/icons\/sprite.svg#icon-clock\"><\/use><\/svg><span>From 18h00 to 20h00<\/span><\/li>\t<\/ul>\n\n\t<div class=\"crd__buttons\">\n\t\t<div class=\"wp-block-button is-style-outline-sm\"><a href=\"https:\/\/www.inseec.com\/evenement\/journee-portes-ouvertes-a-bordeaux-2026-02-17\/\" class=\"wp-block-button__link\">More info<\/a><\/div><div class=\"wp-block-button is-style-subtle-sm\"><a href=\"https:\/\/grandeecole.inseec.com\/inseecu\/jpo\/13428\" class=\"wp-block-button__link\">I participate<\/a><\/div>\t<\/div>\n<\/div>\n\n<\/li><\/ul><\/div>\n<script type=\"application\/ld+json\">\n{\"@context\":\"https:\\\/\\\/schema.org\",\"@graph\":[{\"@type\":\"EducationEvent\",\"name\":\"Journ\\u00c3\\u00a9e Portes Ouvertes \\u00c3\\u00a0 Online\",\"description\":\"R\\u00c3\\u00a9union d'informations - INSEEC Grande Ecole - Tous campus - En ligne - 11\\\/02\\\/2026\",\"startDate\":\"2026-02-11T18:00:00+01:00\",\"endDate\":\"2026-02-11T19:30:00+01:00\",\"eventAttendanceMode\":\"https:\\\/\\\/schema.org\\\/OfflineEventAttendanceMode\",\"organizer\":{\"@id\":\"https:\\\/\\\/www.inseec.com\\\/#organization\"},\"url\":\"https:\\\/\\\/www.inseec.com\\\/evenement\\\/journee-portes-ouvertes-a-online-2026-02-10-2\\\/\",\"isAccessibleForFree\":true},{\"@type\":\"EducationEvent\",\"name\":\"Journ\\u00c3\\u00a9e Portes Ouvertes \\u00c3\\u00a0 Paris\",\"description\":\"Soir\\u00c3\\u00a9e Portes Ouvertes - INSEEC Grande Ecole - Paris - mercredi 18 f\\u00c3\\u00a9vrier 2026\",\"startDate\":\"2026-02-17T18:00:00+01:00\",\"endDate\":\"2026-02-17T20:00:00+01:00\",\"eventAttendanceMode\":\"https:\\\/\\\/schema.org\\\/OfflineEventAttendanceMode\",\"organizer\":{\"@id\":\"https:\\\/\\\/www.inseec.com\\\/#organization\"},\"url\":\"https:\\\/\\\/www.inseec.com\\\/evenement\\\/journee-portes-ouvertes-a-paris-2026-02-17\\\/\",\"isAccessibleForFree\":true,\"location\":{\"@type\":\"Place\",\"name\":\"\\u00c3\\u0089cole de commerce \\u00c3\\u00a0 Paris\",\"address\":{\"@type\":\"PostalAddress\",\"streetAddress\":\"37 Quai de Grenelle\",\"addressLocality\":\"Paris\",\"postalCode\":\"75015\",\"addressCountry\":\"FR\"}}},{\"@type\":\"EducationEvent\",\"name\":\"Journ\\u00c3\\u00a9e Portes Ouvertes \\u00c3\\u00a0 Bordeaux\",\"description\":\"Soir\\u00c3\\u00a9e Portes Ouvertes - INSEEC Grande Ecole - Bordeaux - mercredi 17 f\\u00c3\\u00a9vrier 2026\",\"startDate\":\"2026-02-17T18:00:00+01:00\",\"endDate\":\"2026-02-17T20:00:00+01:00\",\"eventAttendanceMode\":\"https:\\\/\\\/schema.org\\\/OfflineEventAttendanceMode\",\"organizer\":{\"@id\":\"https:\\\/\\\/www.inseec.com\\\/#organization\"},\"url\":\"https:\\\/\\\/www.inseec.com\\\/evenement\\\/journee-portes-ouvertes-a-bordeaux-2026-02-17\\\/\",\"isAccessibleForFree\":true,\"location\":{\"@type\":\"Place\",\"name\":\"\\u00c3\\u0089cole de commerce \\u00c3\\u00a0 Bordeaux\",\"address\":{\"@type\":\"PostalAddress\",\"streetAddress\":\"136 Quai des Chartrons\",\"addressLocality\":\"Bordeaux\",\"postalCode\":\"33000\",\"addressCountry\":\"FR\"}}}]}\n<\/script>\n<\/div>\n\n\n\n<div class=\"wp-block-buttons is-content-justification-center is-layout-flex wp-container-core-buttons-is-layout-a89b3969 wp-block-buttons-is-layout-flex\">\n<div class=\"wp-block-button is-style-outline-lg\"><a class=\"wp-block-button__link wp-element-button\" href=\"https:\/\/www.inseec.com\/evenement\/?_programmes_unique=grande-ecole\">Voir tous les \u00e9v\u00e9nements<\/a><\/div>\n<\/div>\n<\/section>\n\n\n\n<div class=\"wp-block-group alignwide wp-pattern wp-pattern-faq-cta is-layout-flow wp-block-group-is-layout-flow has-block-anchor\" style=\"margin-top:0;margin-bottom:0;padding-top:var(--wp--preset--spacing--6-xl);padding-bottom:var(--wp--preset--spacing--6-xl)\">\n<div class=\"wp-block-columns is-layout-flex wp-container-core-columns-is-layout-b3d710c4 wp-block-columns-is-layout-flex has-block-anchor\">\n<div class=\"wp-block-column is-layout-flow wp-container-core-column-is-layout-e67eb3c6 wp-block-column-is-layout-flow\" style=\"flex-basis:40.3%\">\n<div class=\"wp-block-group is-vertical is-layout-flex wp-container-core-group-is-layout-b80b8bd4 wp-block-group-is-layout-flex has-block-anchor\">\n<div class=\"wp-block-group is-vertical is-layout-flex wp-container-core-group-is-layout-bd7877ba wp-block-group-is-layout-flex has-block-anchor\">\n<p class=\"is-style-heading-default-eyebrow has-on-surface-color has-text-color has-link-color wp-elements-7f5af9274a5957746917b1e3dc31a535\">FAQ<\/p>\n\n\n\n<h2 class=\"wp-block-heading is-style-heading-emphasis-h2 has-on-surface-color has-text-color has-link-color wp-elements-b9aa414c8a1da34d18e2a921295c97ec\" id=\"des-questions-sur-le-grade-de-master-specialisation-luxe-de-linseec\">Des questions sur le Grade de Master sp\u00e9cialisation Luxe de l\u2019INSEEC\u00a0?<\/h2>\n<\/div>\n\n\n\n<p class=\"is-style-plain-default-md has-on-surface-subtle-color has-text-color has-link-color wp-elements-2b37f2a95680b624c506a0fe9247bacb\">Retrouvez ici les r\u00e9ponses aux interrogations les plus fr\u00e9quentes sur la sp\u00e9cialisation Luxe de l\u2019INSEEC. Et si vous souhaitez aller plus loin, nos \u00e9quipes sont \u00e0 votre disposition pour \u00e9changer.<\/p>\n<\/div>\n\n\n\n<div class=\"wp-block-group has-border-color is-vertical is-layout-flex wp-container-core-group-is-layout-b00cbbb9 wp-block-group-is-layout-flex has-block-anchor\" style=\"border-color:var(--wp--custom--border--outline-subtle);border-width:1px;border-radius:16px;padding-top:var(--wp--preset--spacing--padding-y-sm);padding-right:var(--wp--preset--spacing--padding-x-sm);padding-bottom:var(--wp--preset--spacing--padding-y-sm);padding-left:var(--wp--preset--spacing--padding-x-sm)\">\n<div class=\"wp-block-group is-vertical is-layout-flex wp-container-core-group-is-layout-5a6f8b2c wp-block-group-is-layout-flex has-block-anchor\">\n<h3 class=\"wp-block-heading is-style-heading-emphasis-h3 has-on-surface-color has-text-color has-link-color wp-elements-c17fb858436ca7479058e5e0bca3e1ee\" id=\"des-questions-surnos-programmesen-luxe\">Des questions sur<br>nos programmes<br>en Luxe<\/h3>\n<\/div>\n\n\n\n<div class=\"wp-block-buttons is-layout-flex wp-container-core-buttons-is-layout-11bdec33 wp-block-buttons-is-layout-flex\">\n<div class=\"wp-block-button is-style-fill-lg popmake-22\"><a class=\"wp-block-button__link wp-element-button\">T\u00e9l\u00e9charger la brochure<\/a><\/div>\n<\/div>\n<\/div>\n<\/div>\n\n\n\n<div class=\"wp-block-column is-layout-flow wp-container-core-column-is-layout-8a368f38 wp-block-column-is-layout-flow\" style=\"flex-basis:50%\">\n<details class=\"wp-block-details is-style-default is-layout-flow wp-container-core-details-is-layout-9ec55b31 wp-block-details-is-layout-flow\"><summary><h3><span id=\"docs-internal-guid-f662a947-7fff-6869-2d81-d905bace821c\" style=\"letter-spacing: normal; white-space: normal; caret-color: rgb(0, 0, 0); color: rgb(0, 0, 0); font-weight: normal;\"><span style=\"font-size: 14pt; font-family: Arial, sans-serif; color: rgb(67, 67, 67); font-variant-ligatures: normal; font-variant-alternates: normal; font-variant-numeric: normal; font-variant-east-asian: normal; font-variant-position: normal; vertical-align: baseline; white-space: pre-wrap;\"><strong>Comment financer un Grade de Master sp\u00e9cialisation Luxe ?<\/strong><\/span><\/span><\/h3><\/summary>\n<div class=\"wp-block-group is-vertical is-layout-flex wp-container-core-group-is-layout-a2e3e733 wp-block-group-is-layout-flex\">\n<p class=\"is-style-plain-default-sm has-on-surface-subtle-color has-text-color has-link-color wp-elements-1d08105d7a0e2b9c521c75306773f455\">Plusieurs solutions existent pour financer votre Programme Grande \u00c9cole sp\u00e9cialisation Luxe \u00e0 l&#8217;INSEEC. L&#8217;alternance reste la plus avantageuse : votre formation est en partie prise en charge par l\u2019OPCO et par votre entreprise et vous percevez un salaire. Vous pouvez aussi solliciter un pr\u00eat \u00e9tudiant \u00e0 taux pr\u00e9f\u00e9rentiel aupr\u00e8s de banques partenaires.<\/p>\n<\/div>\n<\/details>\n\n\n\n<details class=\"wp-block-details is-style-default is-layout-flow wp-container-core-details-is-layout-9ec55b31 wp-block-details-is-layout-flow\"><summary><h3><span id=\"docs-internal-guid-5cf27125-7fff-fcbe-7d61-a9c09f3545a3\" style=\"letter-spacing: normal; white-space: normal; caret-color: rgb(0, 0, 0); color: rgb(0, 0, 0); font-weight: normal;\"><span style=\"font-size: 14pt; font-family: Arial, sans-serif; color: rgb(67, 67, 67); font-variant-ligatures: normal; font-variant-alternates: normal; font-variant-numeric: normal; font-variant-east-asian: normal; font-variant-position: normal; vertical-align: baseline; white-space: pre-wrap;\"><strong>Le Marketing est-il un secteur d&#8217;avenir \u00a0?<\/strong><\/span><\/span><\/h3><\/summary>\n<div class=\"wp-block-group is-vertical is-layout-flex wp-container-core-group-is-layout-a2e3e733 wp-block-group-is-layout-flex\">\n<p class=\"is-style-plain-default-sm has-on-surface-subtle-color has-text-color has-link-color wp-elements-1ad6b45ca18a3fa663da1fb5c9ada08c\">Oui, les \u00e9tudes en marketing ouvrent les portes d&#8217;un secteur en forte croissance. L&#8217;\u00e9volution des usages, de l&#8217;e-commerce et du site web fait du marketing num\u00e9rique un domaine porteur et incontournable dans toutes les organisations.\u00a0<\/p>\n\n\n\n<p class=\"is-style-plain-default-sm has-on-surface-subtle-color has-text-color has-link-color wp-elements-6edd86c4746d37e6e9c4f20d8f466114\">Les dipl\u00f4m\u00e9s acqui\u00e8rent des comp\u00e9tences recherch\u00e9es sur un march\u00e9 mondial et peuvent travailler dans de grands groupes internationaux ou des start-ups innovantes. Le d\u00e9veloppement du business digital et l&#8217;\u00e9mergence de nouvelles pratiques (marketing d&#8217;influence, intelligence artificielle) garantissent d&#8217;excellentes perspectives.<\/p>\n<\/div>\n<\/details>\n\n\n\n<details class=\"wp-block-details is-style-default is-layout-flow wp-container-core-details-is-layout-9ec55b31 wp-block-details-is-layout-flow\"><summary><h3><span id=\"docs-internal-guid-5c90d114-7fff-05f2-cd2a-be772be1a437\" style=\"letter-spacing: normal; white-space: normal; caret-color: rgb(0, 0, 0); color: rgb(0, 0, 0); font-weight: normal;\"><span style=\"font-size: 14pt; font-family: Arial, sans-serif; color: rgb(67, 67, 67); font-variant-ligatures: normal; font-variant-alternates: normal; font-variant-numeric: normal; font-variant-east-asian: normal; font-variant-position: normal; vertical-align: baseline; white-space: pre-wrap;\"><strong>Quel est le profil des \u00e9tudiants r\u00e9ussissant en Grade de Master sp\u00e9cialisation Luxe ?<\/strong><\/span><\/span><\/h3><\/summary>\n<div class=\"wp-block-group is-vertical is-layout-flex wp-container-core-group-is-layout-a2e3e733 wp-block-group-is-layout-flex\">\n<p class=\"is-style-plain-default-sm has-on-surface-subtle-color has-text-color has-link-color wp-elements-b6279572df0f70f7df1cd1b4e8a4ca76\">Les \u00e9tudiants qui excellent dans ce Programme Grande \u00c9cole\u00a0 partagent plusieurs traits :<\/p>\n\n\n\n<ul class=\"wp-block-list is-style-check has-sm-font-size\">\n<li>une vraie passion pour l&#8217;univers du luxe\u00a0de la mode et du design\u00a0;<\/li>\n\n\n\n<li>une curiosit\u00e9 pour les tendances et l&#8217;innovation\u00a0;<\/li>\n\n\n\n<li>un go\u00fbt prononc\u00e9 pour l&#8217;esth\u00e9tique et l&#8217;excellence.<\/li>\n<\/ul>\n\n\n\n<p class=\"is-style-plain-default-sm\">Ils d\u00e9veloppent des comp\u00e9tences en gestion, marketing et strat\u00e9gie tout en cultivant leur sensibilit\u00e9 culturelle.<\/p>\n\n\n\n<p class=\"is-style-plain-default-sm\">Le sens du relationnel, la rigueur et l&#8217;ouverture internationale sont \u00e9galement des atouts majeurs. Apr\u00e8s un bac +2\/+3\u00a0 en commerce, communication ou \u00e9conomie, ces profils s&#8217;\u00e9panouissent dans les \u00e9coles sp\u00e9cialis\u00e9es comme l&#8217;INSEEC.<\/p>\n<\/div>\n<\/details>\n\n\n\n<details class=\"wp-block-details is-style-default is-layout-flow wp-container-core-details-is-layout-9ec55b31 wp-block-details-is-layout-flow\"><summary><h3>Quel salaire apr\u00e8s un Grade de Master sp\u00e9cialisation Luxe\u00a0?<\/h3><\/summary>\n<div class=\"wp-block-group is-vertical is-layout-flex wp-container-core-group-is-layout-a2e3e733 wp-block-group-is-layout-flex\">\n<p class=\"is-style-plain-default-sm has-on-surface-subtle-color has-text-color has-link-color wp-elements-b66cb31fd61c36a0444cdeb9f4804fe5\">En d\u00e9but de carri\u00e8re, un jeune dipl\u00f4m\u00e9 d&#8217;un Programme Grande \u00c9cole sp\u00e9cialisation luxe peut pr\u00e9tendre \u00e0 un salaire compris entre 30\u00a0000\u00a0\u20ac et 35\u00a0000\u00a0\u20ac bruts annuels, selon le poste et l&#8217;entreprise. Apr\u00e8s 3 \u00e0 5 ans d&#8217;exp\u00e9rience, notamment sur des fonctions de chef de produit ou responsable marketing, la r\u00e9mun\u00e9ration \u00e9volue entre 38\u00a0000\u00a0\u20ac et 45\u00a0000\u00a0\u20ac.<\/p>\n\n\n\n<p class=\"is-style-plain-default-sm has-on-surface-subtle-color has-text-color has-link-color wp-elements-5924654c6151c7a82f2088ae15f83c0d\">Les profils confirm\u00e9s occupant des postes de direction (directeur de marque, responsable d\u00e9veloppement international) atteignent 100\u00a0000\u00a0\u20ac et plus. Les maisons de luxe internationales offrent des packages attractifs incluant bonus et avantages en nature.<\/p>\n<\/div>\n<\/details>\n\n\n\n<details class=\"wp-block-details is-style-default is-layout-flow wp-container-core-details-is-layout-9ec55b31 wp-block-details-is-layout-flow\"><summary><h3><span id=\"docs-internal-guid-63da6704-7fff-c86d-d58b-f00a3e9edbb1\" style=\"letter-spacing: normal; white-space: normal; caret-color: rgb(0, 0, 0); color: rgb(0, 0, 0); font-weight: normal;\"><span style=\"font-size: 14pt; font-family: Arial, sans-serif; color: rgb(67, 67, 67); font-variant-ligatures: normal; font-variant-alternates: normal; font-variant-numeric: normal; font-variant-east-asian: normal; font-variant-position: normal; vertical-align: baseline; white-space: pre-wrap;\"><strong>Y a-t-il des intervenants professionnels ou experts du secteur\u00a0?<\/strong><\/span><\/span><\/h3><\/summary>\n<div class=\"wp-block-group is-vertical is-layout-flex wp-container-core-group-is-layout-a2e3e733 wp-block-group-is-layout-flex\">\n<p class=\"is-style-plain-default-sm has-on-surface-subtle-color has-text-color has-link-color wp-elements-56a33f7ba27feb6eb8302acdfeeabc86\">Absolument. Le PGE sp\u00e9cialisation Luxe int\u00e8gre des professionnels en activit\u00e9 issus de grandes maisons de luxe, d&#8217;agences de communication et de cabinets de conseil. Ces intervenants partagent leur exp\u00e9rience terrain \u00e0 travers des cours, conf\u00e9rences et \u00e9tudes de cas pratiques. Vous b\u00e9n\u00e9ficiez de leur r\u00e9seau et de leur vision concr\u00e8te du secteur.\u00a0<\/p>\n\n\n\n<p class=\"is-style-plain-default-sm has-on-surface-subtle-color has-text-color has-link-color wp-elements-f077b717138eb070dc89d6a2098ddbdb\">Les relations qu&#8217;ils permettent de nouer facilitent l&#8217;acc\u00e8s aux stages et \u00e0 l&#8217;alternance. Cette proximit\u00e9 avec le monde professionnel est un v\u00e9ritable atout pour votre projet de carri\u00e8re dans l&#8217;industrie du luxe.<\/p>\n<\/div>\n<\/details>\n\n\n\n<details class=\"wp-block-details is-style-default is-layout-flow wp-container-core-details-is-layout-9ec55b31 wp-block-details-is-layout-flow\"><summary><h3><span id=\"docs-internal-guid-a3978a6a-7fff-f97c-793f-101ba1ae3590\" style=\"letter-spacing: normal; white-space: normal; caret-color: rgb(0, 0, 0); color: rgb(0, 0, 0); font-weight: normal;\"><span style=\"font-size: 14pt; font-family: Arial, sans-serif; color: rgb(67, 67, 67); font-variant-ligatures: normal; font-variant-alternates: normal; font-variant-numeric: normal; font-variant-east-asian: normal; font-variant-position: normal; vertical-align: baseline; white-space: pre-wrap;\"><strong>Le domaine du luxe est-il un secteur d&#8217;avenir\u00a0?<\/strong><\/span><\/span><\/h3><\/summary>\n<div class=\"wp-block-group is-vertical is-layout-flex wp-container-core-group-is-layout-a2e3e733 wp-block-group-is-layout-flex\">\n<p class=\"is-style-plain-default-sm has-on-surface-subtle-color has-text-color has-link-color wp-elements-7615809e1e3ff8d68ee8dc042b56f902\">Le secteur du luxe affiche une croissance soutenue depuis plusieurs ann\u00e9es, port\u00e9e par l&#8217;expansion en Asie, le digital et les nouvelles attentes des consommateurs. L&#8217;industrie du luxe se r\u00e9invente en permanence autour de l&#8217;innovation, de la durabilit\u00e9 et de l&#8217;exp\u00e9rience client. Les maisons recherchent des talents capables de concilier tradition et modernit\u00e9, h\u00e9ritage et transformation digitale.\u00a0<\/p>\n\n\n\n<p class=\"is-style-plain-default-sm has-on-surface-subtle-color has-text-color has-link-color wp-elements-0efc718252cb1ed47a1f8e09adc36bb7\">Avec l&#8217;\u00e9mergence de nouveaux march\u00e9s et la mont\u00e9e en puissance de l&#8217;e-commerce haut de gamme, les opportunit\u00e9s se multiplient pour les jeunes dipl\u00f4m\u00e9s. Un Programme Grande \u00c9cole sp\u00e9cialisation Luxe vous positionne sur un march\u00e9 porteur et internationalis\u00e9.<\/p>\n<\/div>\n<\/details>\n\n\n\n<details class=\"wp-block-details is-style-default is-layout-flow wp-container-core-details-is-layout-9ec55b31 wp-block-details-is-layout-flow\"><summary><h3><span id=\"docs-internal-guid-7091fe55-7fff-ab01-31b1-b20b3383a2ce\" style=\"letter-spacing: normal; white-space: normal; caret-color: rgb(0, 0, 0); color: rgb(0, 0, 0); font-weight: normal;\"><span style=\"font-size: 14pt; font-family: Arial, sans-serif; color: rgb(67, 67, 67); font-variant-ligatures: normal; font-variant-alternates: normal; font-variant-numeric: normal; font-variant-east-asian: normal; font-variant-position: normal; vertical-align: baseline; white-space: pre-wrap;\"><strong>Peut-on travailler \u00e0 l&#8217;international avec un Grade de Master sp\u00e9cialisation Luxe INSEEC\u00a0?<\/strong><\/span><\/span><\/h3><\/summary>\n<div class=\"wp-block-group is-vertical is-layout-flex wp-container-core-group-is-layout-a2e3e733 wp-block-group-is-layout-flex\">\n<p class=\"is-style-plain-default-sm has-on-surface-subtle-color has-text-color has-link-color wp-elements-95b586bb17ed9527c15768742465578d\">Oui, c&#8217;est m\u00eame l&#8217;un des principaux d\u00e9bouch\u00e9s. Les grandes maisons de luxe recrutent \u00e0 l&#8217;\u00e9chelle mondiale et valorisent les profils capables d&#8217;\u00e9voluer dans des environnements multiculturels. Le programme propose des cours en anglais, des stages \u00e0 l&#8217;\u00e9tranger et des projets internationaux pour d\u00e9velopper cette dimension<\/p>\n\n\n\n<p class=\"is-style-plain-default-sm has-on-surface-subtle-color has-text-color has-link-color wp-elements-f8202b7d5201bfa8bc42011af7631153\">Vous pouvez rejoindre des filiales \u00e0 Paris, Milan, New York, Shanghai ou Duba\u00ef. Les m\u00e9tiers du management, du marketing et du d\u00e9veloppement commercial sont particuli\u00e8rement ouverts sur le monde. L&#8217;INSEEC entretient des partenariats avec des \u00e9coles et entreprises dans de nombreux pays.<\/p>\n<\/div>\n<\/details>\n\n\n\n<details class=\"wp-block-details is-style-default is-layout-flow wp-container-core-details-is-layout-9ec55b31 wp-block-details-is-layout-flow\"><summary><h3>Quelles sont les soft skills d\u00e9velopp\u00e9es avec le Grade de Master sp\u00e9cialisation Luxe INSEEC\u00a0?<\/h3><\/summary>\n<div class=\"wp-block-group is-vertical is-layout-flex wp-container-core-group-is-layout-a2e3e733 wp-block-group-is-layout-flex\">\n<p class=\"is-style-plain-default-sm has-on-surface-subtle-color has-text-color has-link-color wp-elements-55347ba7c17200839319a78f15c50b58\">Au-del\u00e0 des comp\u00e9tences techniques en gestion et communication, vous d\u00e9veloppez des qualit\u00e9s humaines essentielles : cr\u00e9ativit\u00e9 et sens de l&#8217;esth\u00e9tique pour concevoir des exp\u00e9riences uniques, leadership pour manager des \u00e9quipes, adaptabilit\u00e9 face aux transformations du secteur, sens du service pour r\u00e9pondre aux attentes de clients exigeants.\u00a0<\/p>\n\n\n\n<p class=\"is-style-plain-default-sm has-on-surface-subtle-color has-text-color has-link-color wp-elements-3552243a50d4838eef6b67ab4e622189\">Vous renforcez aussi votre intelligence culturelle, votre capacit\u00e9 \u00e0 travailler en mode projet et votre agilit\u00e9 digitale. Ces soft skills sont d\u00e9cisives pour \u00e9voluer dans un environnement exigeant o\u00f9 l&#8217;excellence est la norme.<\/p>\n<\/div>\n<\/details>\n\n\n\n<details class=\"wp-block-details is-style-default is-layout-flow wp-container-core-details-is-layout-9ec55b31 wp-block-details-is-layout-flow\"><summary><h3><span id=\"docs-internal-guid-4ed1b8a3-7fff-a2ce-61d9-06c5c60d6fb8\" style=\"letter-spacing: normal; white-space: normal; caret-color: rgb(0, 0, 0); color: rgb(0, 0, 0); font-weight: normal;\"><span style=\"font-size: 14pt; font-family: Arial, sans-serif; color: rgb(67, 67, 67); font-variant-ligatures: normal; font-variant-alternates: normal; font-variant-numeric: normal; font-variant-east-asian: normal; font-variant-position: normal; vertical-align: baseline; white-space: pre-wrap;\"><strong>Faut-il ma\u00eetriser plusieurs langues pour r\u00e9ussir dans le luxe\u00a0?<\/strong><\/span><\/span><\/h3><\/summary>\n<div class=\"wp-block-group is-vertical is-layout-flex wp-container-core-group-is-layout-a2e3e733 wp-block-group-is-layout-flex\">\n<p class=\"is-style-plain-default-sm has-on-surface-subtle-color has-text-color has-link-color wp-elements-afd55f5a80bc3227164e0f559e3a2718\">Oui, l&#8217;anglais est indispensable et constitue la langue de travail dans la plupart des maisons internationales. Une troisi\u00e8me langue (mandarin, italien, espagnol, arabe) repr\u00e9sente un atout consid\u00e9rable pour \u00e9voluer sur des march\u00e9s strat\u00e9giques. Le programme int\u00e8gre des cours de langues et encourage les s\u00e9jours \u00e0 l&#8217;\u00e9tranger pour perfectionner votre pratique.\u00a0<\/p>\n\n\n\n<p class=\"is-style-plain-default-sm has-on-surface-subtle-color has-text-color has-link-color wp-elements-1bd45fb32e8224babdfdc08986dd22d9\">Dans le luxe, la ma\u00eetrise linguistique va au-del\u00e0 de la technique : elle inclut la compr\u00e9hension des codes culturels et des attentes sp\u00e9cifiques de chaque march\u00e9. Plus vous \u00eates \u00e0 l&#8217;aise dans plusieurs langues, plus vos opportunit\u00e9s de carri\u00e8re se multiplient.<\/p>\n<\/div>\n<\/details>\n\n\n\n<details class=\"wp-block-details is-style-default is-layout-flow wp-container-core-details-is-layout-9ec55b31 wp-block-details-is-layout-flow\"><summary><h3><span id=\"docs-internal-guid-bb35675b-7fff-c42a-7b07-6d830f92505b\" style=\"letter-spacing: normal; white-space: normal; caret-color: rgb(0, 0, 0); color: rgb(0, 0, 0); font-weight: normal;\"><span style=\"font-size: 14pt; font-family: Arial, sans-serif; color: rgb(67, 67, 67); font-variant-ligatures: normal; font-variant-alternates: normal; font-variant-numeric: normal; font-variant-east-asian: normal; font-variant-position: normal; vertical-align: baseline; white-space: pre-wrap;\"><strong>Quelle est la diff\u00e9rence entre un Grade de Master sp\u00e9cialisation Luxe et un master classique en commerce\u00a0?<\/strong><\/span><\/span><\/h3><\/summary>\n<div class=\"wp-block-group is-vertical is-layout-flex wp-container-core-group-is-layout-a2e3e733 wp-block-group-is-layout-flex\">\n<p class=\"is-style-plain-default-sm has-on-surface-subtle-color has-text-color has-link-color wp-elements-62bad4566d8110d5c68642caf338f750\">Un PGE sp\u00e9cialisation Luxe propose une formation sp\u00e9cialis\u00e9e centr\u00e9e sur les sp\u00e9cificit\u00e9s du secteur : codes du luxe, strat\u00e9gie de marque premium, retail haut de gamme, gestion de l&#8217;image et marketing exp\u00e9rientiel. Contrairement \u00e0 un master g\u00e9n\u00e9raliste en commerce, il int\u00e8gre des enseignements sur l&#8217;histoire du luxe, le design, le droit de la mode et les enjeux de durabilit\u00e9 propres \u00e0 l&#8217;industrie.<\/p>\n\n\n\n<p class=\"is-style-plain-default-sm has-on-surface-subtle-color has-text-color has-link-color wp-elements-a8c3f6e88e4f4a8af351c3a4ec063eda\">Les stages et l&#8217;alternance se d\u00e9roulent dans des maisons de luxe, vous permettant de construire un r\u00e9seau sectoriel d\u00e8s la formation. Vous obtenez 30 cr\u00e9dits ECTS par semestre et b\u00e9n\u00e9ficiez d&#8217;une reconnaissance par les professionnels du secteur.<\/p>\n<\/div>\n<\/details>\n<\/div>\n<\/div>\n<\/div>\n","protected":false},"excerpt":{"rendered":"<p>Le Programme Grande \u00c9cole sp\u00e9cialisation Luxe de l\u2019INSEEC fait de vous des experts du secteur, pr\u00eats \u00e0 int\u00e9grer les maisons prestigieuses et les march\u00e9s internationaux.<\/p>\n","protected":false},"featured_media":88060,"parent":0,"template":"","city":[],"document_category":[],"document_tag":[],"document_type":[109],"school":[259],"specialisation":[584],"analytics_tag":[728],"class_list":["post-3088","document","type-document","status-publish","has-post-thumbnail","hentry","document_type-specialisation","school-grande-ecole","specialisation-luxe"],"acf":[],"yoast_head":"<title>PGE Luxe - INSEEC<\/title>\n<meta name=\"description\" content=\"D\u00e9couvrez le Grade de Master sp\u00e9cialisation Luxe de l&#039;INSEEC \u00e0 Paris : PGE en alternance et acc\u00e8s aux grandes maisons internationales.\" \/>\n<meta name=\"robots\" content=\"index, follow, max-snippet:-1, max-image-preview:large, max-video-preview:-1\" \/>\n<link rel=\"canonical\" href=\"https:\/\/www.inseec.com\/grande-ecole\/grande-ecole-luxe\/\" \/>\n<meta property=\"og:locale\" content=\"fr_FR\" \/>\n<meta property=\"og:type\" content=\"article\" \/>\n<meta property=\"og:title\" content=\"PGE Luxe - INSEEC\" \/>\n<meta property=\"og:description\" content=\"D\u00e9couvrez le Grade de Master sp\u00e9cialisation Luxe de l&#039;INSEEC \u00e0 Paris : PGE en alternance et acc\u00e8s aux grandes maisons internationales.\" \/>\n<meta property=\"og:url\" content=\"https:\/\/www.inseec.com\/grande-ecole\/grande-ecole-luxe\/\" \/>\n<meta property=\"og:site_name\" content=\"INSEEC\" \/>\n<meta property=\"article:modified_time\" content=\"2025-12-11T18:13:19+00:00\" \/>\n<meta property=\"og:image\" content=\"https:\/\/omneseducation.net\/inseec-2025\/wp-content\/uploads\/sites\/32\/2025\/12\/specialisation-luxe-inseec-grande-ecole.jpg\" \/>\n\t<meta property=\"og:image:width\" content=\"495\" \/>\n\t<meta property=\"og:image:height\" content=\"279\" \/>\n\t<meta property=\"og:image:type\" content=\"image\/jpeg\" \/>\n<meta name=\"twitter:card\" content=\"summary_large_image\" \/>\n<meta name=\"twitter:label1\" content=\"Est. reading time\" \/>\n\t<meta name=\"twitter:data1\" content=\"10 minutes\" \/>\n<script type=\"application\/ld+json\" class=\"yoast-schema-graph\">{\"@context\":\"https:\/\/schema.org\",\"@graph\":[{\"@type\":\"WebPage\",\"@id\":\"https:\/\/www.inseec.com\/grande-ecole\/grande-ecole-luxe\/\",\"url\":\"https:\/\/www.inseec.com\/grande-ecole\/grande-ecole-luxe\/\",\"name\":\"PGE Luxe - INSEEC\",\"isPartOf\":{\"@id\":\"https:\/\/www.inseec.com\/#website\"},\"primaryImageOfPage\":{\"@id\":\"https:\/\/www.inseec.com\/grande-ecole\/grande-ecole-luxe\/#primaryimage\"},\"image\":{\"@id\":\"https:\/\/www.inseec.com\/grande-ecole\/grande-ecole-luxe\/#primaryimage\"},\"thumbnailUrl\":\"https:\/\/www.inseec.com\/wp-content\/uploads\/sites\/32\/2025\/12\/specialisation-luxe-inseec-grande-ecole.jpg\",\"datePublished\":\"2025-12-05T09:36:51+00:00\",\"dateModified\":\"2025-12-11T18:13:19+00:00\",\"description\":\"D\u00e9couvrez le Grade de Master sp\u00e9cialisation Luxe de l'INSEEC \u00e0 Paris : PGE en alternance et acc\u00e8s aux grandes maisons internationales.\",\"breadcrumb\":{\"@id\":\"https:\/\/www.inseec.com\/grande-ecole\/grande-ecole-luxe\/#breadcrumb\"},\"inLanguage\":\"fr-FR\",\"potentialAction\":[{\"@type\":\"ReadAction\",\"target\":[\"https:\/\/www.inseec.com\/grande-ecole\/grande-ecole-luxe\/\"]}]},{\"@type\":\"ImageObject\",\"inLanguage\":\"fr-FR\",\"@id\":\"https:\/\/www.inseec.com\/grande-ecole\/grande-ecole-luxe\/#primaryimage\",\"url\":\"https:\/\/www.inseec.com\/wp-content\/uploads\/sites\/32\/2025\/12\/specialisation-luxe-inseec-grande-ecole.jpg\",\"contentUrl\":\"https:\/\/www.inseec.com\/wp-content\/uploads\/sites\/32\/2025\/12\/specialisation-luxe-inseec-grande-ecole.jpg\",\"width\":495,\"height\":279,\"caption\":\"Image d\u2019illustration de la sp\u00e9cialisation Luxe de l\u2019INSEEC Grande \u00c9cole de l\u2019\u00e9cole de commerce INSEEC\"},{\"@type\":\"BreadcrumbList\",\"@id\":\"https:\/\/www.inseec.com\/grande-ecole\/grande-ecole-luxe\/#breadcrumb\",\"itemListElement\":[{\"@type\":\"ListItem\",\"position\":1,\"name\":\"Home\",\"item\":\"https:\/\/www.inseec.com\/\"},{\"@type\":\"ListItem\",\"position\":2,\"name\":\"PGE Luxe\"}]},{\"@type\":\"WebSite\",\"@id\":\"https:\/\/www.inseec.com\/#website\",\"url\":\"https:\/\/www.inseec.com\/\",\"name\":\"INSEEC\",\"description\":\"\",\"publisher\":{\"@id\":\"https:\/\/www.inseec.com\/#organization\"},\"potentialAction\":[{\"@type\":\"SearchAction\",\"target\":{\"@type\":\"EntryPoint\",\"urlTemplate\":\"https:\/\/www.inseec.com\/?s={search_term_string}\"},\"query-input\":{\"@type\":\"PropertyValueSpecification\",\"valueRequired\":true,\"valueName\":\"search_term_string\"}}],\"inLanguage\":\"fr-FR\"},{\"@type\":\"Organization\",\"@id\":\"https:\/\/www.inseec.com\/#organization\",\"name\":\"INSEEC\",\"url\":\"https:\/\/www.inseec.com\/\",\"logo\":{\"@type\":\"ImageObject\",\"inLanguage\":\"fr-FR\",\"@id\":\"https:\/\/www.inseec.com\/#\/schema\/logo\/image\/\",\"url\":\"https:\/\/www.inseec.com\/wp-content\/uploads\/sites\/32\/2025\/11\/logo.svg\",\"contentUrl\":\"https:\/\/www.inseec.com\/wp-content\/uploads\/sites\/32\/2025\/11\/logo.svg\",\"width\":173,\"height\":36,\"caption\":\"INSEEC\"},\"image\":{\"@id\":\"https:\/\/www.inseec.com\/#\/schema\/logo\/image\/\"}},{\"@context\":\"https:\/\/schema.org\",\"@type\":\"EducationalOrganization\",\"@id\":\"https:\/\/www.inseec.com\/#organization\",\"name\":\"INSEEC\",\"description\":\"\",\"url\":\"https:\/\/www.inseec.com\/\",\"logo\":\"https:\/\/www.inseec.com\/wp-content\/uploads\/sites\/32\/2025\/11\/logo.svg\",\"image\":[\"https:\/\/www.inseec.com\/wp-content\/uploads\/sites\/32\/2025\/11\/campus-hero-barcelone-inseec.jpg\",\"https:\/\/www.inseec.com\/wp-content\/uploads\/sites\/32\/2025\/11\/campus-barcelone-inseec-ville-basilique-notre-dame-de-fourviere.jpg\",\"https:\/\/www.inseec.com\/wp-content\/uploads\/sites\/32\/2025\/11\/campus-barcelone-inseec-photo-portrait.jpg\",\"https:\/\/www.inseec.com\/wp-content\/uploads\/sites\/32\/2025\/11\/campus-slider-vr-campus-barcelone-inseec-etudiants-cours-petite-salle.jpg\",\"https:\/\/www.inseec.com\/wp-content\/uploads\/sites\/32\/2025\/11\/campus-hero-munich-inseec.jpg\",\"https:\/\/www.inseec.com\/wp-content\/uploads\/sites\/32\/2025\/11\/campus-munich-inseec-ville-basilique-notre-dame-de-fourviere.jpg\",\"https:\/\/www.inseec.com\/wp-content\/uploads\/sites\/32\/2025\/11\/campus-hero-munich-inseec.jpg\",\"https:\/\/www.inseec.com\/wp-content\/uploads\/sites\/32\/2025\/11\/campus-slider-vr-campus-munich-inseec-etudiants-theatre-les-celestins.jpg\",\"https:\/\/www.inseec.com\/wp-content\/uploads\/sites\/32\/2025\/11\/campus-hero-londres-inseec.jpg\",\"https:\/\/www.inseec.com\/wp-content\/uploads\/sites\/32\/2025\/11\/campus-londres-inseec-ville-basilique-notre-dame-de-fourviere.jpg\",\"https:\/\/www.inseec.com\/wp-content\/uploads\/sites\/32\/2025\/11\/campus-hero-londres-inseec.jpg\",\"https:\/\/www.inseec.com\/wp-content\/uploads\/sites\/32\/2025\/12\/campus-slider-vr-campus-londres-inseec-bibliotheque.jpg\",\"https:\/\/www.inseec.com\/wp-content\/uploads\/sites\/32\/2025\/11\/campus-hero-chambery-inseec-resize.jpg\",\"https:\/\/www.inseec.com\/wp-content\/uploads\/sites\/32\/2025\/11\/campus-chambery-inseec-ville-horloge.jpg\",\"https:\/\/www.inseec.com\/wp-content\/uploads\/sites\/32\/2025\/11\/campus-slider-vr-campus-chambery-inseec-exterieur.jpg\",\"https:\/\/www.inseec.com\/wp-content\/uploads\/sites\/32\/2025\/11\/campus-slider-vr-campus-chambery-inseec-salle-detente.jpg\",\"https:\/\/www.inseec.com\/wp-content\/uploads\/sites\/32\/2025\/11\/campus-hero-toulouse-inseec.jpg\",\"https:\/\/www.inseec.com\/wp-content\/uploads\/sites\/32\/2025\/11\/campus-toulouse-inseec-photo-portrait.jpg\",\"https:\/\/www.inseec.com\/wp-content\/uploads\/sites\/32\/2025\/11\/campus-slider-vr-campus-toulouse-inseec-projet-de-groupe.jpg\",\"https:\/\/www.inseec.com\/wp-content\/uploads\/sites\/32\/2025\/11\/campus-slider-vr-campus-toulouse-inseec-etudiants-amphitheatre.jpg\",\"https:\/\/www.inseec.com\/wp-content\/uploads\/sites\/32\/2025\/11\/campus-hero-monaco-inseec.jpg\",\"https:\/\/www.inseec.com\/wp-content\/uploads\/sites\/32\/2025\/12\/INSEEC-Monaco-campus.webp\",\"https:\/\/www.inseec.com\/wp-content\/uploads\/sites\/32\/2025\/11\/campus-hero-monaco-inseec.jpg\",\"https:\/\/www.inseec.com\/wp-content\/uploads\/sites\/32\/2025\/11\/campus-monaco-inseec-mosaic-amis.jpg\",\"https:\/\/www.inseec.com\/wp-content\/uploads\/sites\/32\/2025\/11\/campus-hero-online-inseec.jpg\",\"https:\/\/www.inseec.com\/wp-content\/uploads\/sites\/32\/2025\/11\/guide-metier-inseec-photo-illustration-chef-de-publicite_d1bf22.jpg\",\"https:\/\/www.inseec.com\/wp-content\/uploads\/sites\/32\/2025\/11\/guide-metier-inseec-hero-chef-de-projet-evenementiel.jpg\",\"https:\/\/www.inseec.com\/wp-content\/uploads\/sites\/32\/2025\/11\/guide-metier-inseec-hero-chef-de-produit-sportif.jpg\",\"https:\/\/www.inseec.com\/wp-content\/uploads\/sites\/32\/2025\/11\/campus-hero-beaune-inseec.jpg\",\"https:\/\/www.inseec.com\/wp-content\/uploads\/sites\/32\/2025\/11\/campus-beaune-inseec-ville-cave-a-vin.jpg\",\"https:\/\/www.inseec.com\/wp-content\/uploads\/sites\/32\/2025\/11\/campus-slider-vr-campus-beaune-inseec-groupe-etudiants.jpg\",\"https:\/\/www.inseec.com\/wp-content\/uploads\/sites\/32\/2025\/11\/campus-slider-vr-campus-beaune-inseec-etudiants-1.jpg\",\"https:\/\/www.inseec.com\/wp-content\/uploads\/sites\/32\/2025\/11\/campus-hero-marseille-inseec.jpg\",\"https:\/\/www.inseec.com\/wp-content\/uploads\/sites\/32\/2023\/07\/campus2025-marseille.png\",\"https:\/\/www.inseec.com\/wp-content\/uploads\/sites\/32\/2025\/11\/campus-slider-vr-campus-marseille-inseec-canapes-detente.jpg\",\"https:\/\/www.inseec.com\/wp-content\/uploads\/sites\/32\/2025\/11\/campus-slider-vr-campus-marseille-inseec-salle-commune.jpg\",\"https:\/\/www.inseec.com\/wp-content\/uploads\/sites\/32\/2025\/11\/campus-hero-rennes-inseec.jpg\",\"https:\/\/www.inseec.com\/wp-content\/uploads\/sites\/32\/2025\/11\/campus-rennes-inseec-photo-portrait.jpg\",\"https:\/\/www.inseec.com\/wp-content\/uploads\/sites\/32\/2025\/11\/campus-rennes-inseec-mosaic-alcove-repos.jpg\",\"https:\/\/www.inseec.com\/wp-content\/uploads\/sites\/32\/2025\/11\/campus-rennes-inseec-amphitheatre-etudiantes.jpg\",\"https:\/\/www.inseec.com\/wp-content\/uploads\/sites\/32\/2025\/11\/campus-hero-lyon-inseec.webp\",\"https:\/\/www.inseec.com\/wp-content\/uploads\/sites\/32\/2025\/11\/campus-lyon-inseec-photo-portrait.jpg\",\"https:\/\/www.inseec.com\/wp-content\/uploads\/sites\/32\/2025\/11\/campus-slider-vr-campus-lyon-inseec-dalle-detente.jpg\",\"https:\/\/www.inseec.com\/wp-content\/uploads\/sites\/32\/2025\/11\/campus-slider-vr-campus-lyon-inseec-lion-rouge-hall.jpg\",\"https:\/\/www.inseec.com\/wp-content\/uploads\/sites\/32\/2025\/11\/campus-hero-bordeaux-inseec.jpg\",\"https:\/\/www.inseec.com\/wp-content\/uploads\/sites\/32\/2024\/03\/Campus-Bordeaux-Photo-1.jpg\",\"https:\/\/www.inseec.com\/wp-content\/uploads\/sites\/32\/2025\/11\/campus-bordeaux-inseec-cafeteria.jpg\",\"https:\/\/www.inseec.com\/wp-content\/uploads\/sites\/32\/2025\/11\/campus-bordeaux-inseec-terrasse-bord-garonne.jpg\",\"https:\/\/www.inseec.com\/wp-content\/uploads\/sites\/32\/2025\/11\/campus-paris.jpg\",\"https:\/\/www.inseec.com\/wp-content\/uploads\/sites\/32\/2025\/11\/campus-paris-eiffel-inseec-portrait.jpg\",\"https:\/\/www.inseec.com\/wp-content\/uploads\/sites\/32\/2025\/11\/campus-paris-vellefaux-inseec-cafeteria.jpg\",\"https:\/\/www.inseec.com\/wp-content\/uploads\/sites\/32\/2025\/11\/campus-slider-vr-campus-paris-la-defense-inseec-salle-detente.jpg\",\"https:\/\/www.inseec.com\/wp-content\/uploads\/sites\/32\/2025\/11\/campus-hero-londres-inseec.jpg\",\"https:\/\/www.inseec.com\/wp-content\/uploads\/sites\/32\/2025\/11\/campus-londres-inseec-ville-basilique-notre-dame-de-fourviere.jpg\",\"https:\/\/www.inseec.com\/wp-content\/uploads\/sites\/32\/2025\/11\/campus-hero-londres-inseec.jpg\",\"https:\/\/www.inseec.com\/wp-content\/uploads\/sites\/32\/2025\/12\/campus-slider-vr-campus-londres-inseec-bibliotheque.jpg\",\"https:\/\/www.inseec.com\/wp-content\/uploads\/sites\/32\/2025\/11\/campus-hero-monaco-inseec.jpg\",\"https:\/\/www.inseec.com\/wp-content\/uploads\/sites\/32\/2025\/12\/INSEEC-Monaco-campus.webp\",\"https:\/\/www.inseec.com\/wp-content\/uploads\/sites\/32\/2025\/11\/campus-hero-monaco-inseec.jpg\",\"https:\/\/www.inseec.com\/wp-content\/uploads\/sites\/32\/2025\/11\/campus-monaco-inseec-mosaic-amis.jpg\",\"https:\/\/www.inseec.com\/wp-content\/uploads\/sites\/32\/2025\/11\/campus-hero-munich-inseec.jpg\",\"https:\/\/www.inseec.com\/wp-content\/uploads\/sites\/32\/2025\/11\/campus-munich-inseec-ville-basilique-notre-dame-de-fourviere.jpg\",\"https:\/\/www.inseec.com\/wp-content\/uploads\/sites\/32\/2025\/11\/campus-hero-munich-inseec.jpg\",\"https:\/\/www.inseec.com\/wp-content\/uploads\/sites\/32\/2025\/11\/campus-slider-vr-campus-munich-inseec-etudiants-theatre-les-celestins.jpg\",\"https:\/\/www.inseec.com\/wp-content\/uploads\/sites\/32\/2025\/11\/campus-hero-barcelone-inseec.jpg\",\"https:\/\/www.inseec.com\/wp-content\/uploads\/sites\/32\/2025\/11\/campus-barcelone-inseec-ville-basilique-notre-dame-de-fourviere.jpg\",\"https:\/\/www.inseec.com\/wp-content\/uploads\/sites\/32\/2025\/11\/campus-barcelone-inseec-photo-portrait.jpg\",\"https:\/\/www.inseec.com\/wp-content\/uploads\/sites\/32\/2025\/11\/campus-slider-vr-campus-barcelone-inseec-etudiants-cours-petite-salle.jpg\",\"https:\/\/www.inseec.com\/wp-content\/uploads\/sites\/32\/2025\/11\/campus-hero-online-inseec.jpg\",\"https:\/\/www.inseec.com\/wp-content\/uploads\/sites\/32\/2025\/11\/guide-metier-inseec-photo-illustration-chef-de-publicite_d1bf22.jpg\",\"https:\/\/www.inseec.com\/wp-content\/uploads\/sites\/32\/2025\/11\/guide-metier-inseec-hero-chef-de-projet-evenementiel.jpg\",\"https:\/\/www.inseec.com\/wp-content\/uploads\/sites\/32\/2025\/11\/guide-metier-inseec-hero-chef-de-produit-sportif.jpg\",\"https:\/\/www.inseec.com\/wp-content\/uploads\/sites\/32\/2025\/11\/campus-hero-toulouse-inseec.jpg\",\"https:\/\/www.inseec.com\/wp-content\/uploads\/sites\/32\/2025\/11\/campus-toulouse-inseec-photo-portrait.jpg\",\"https:\/\/www.inseec.com\/wp-content\/uploads\/sites\/32\/2025\/11\/campus-slider-vr-campus-toulouse-inseec-projet-de-groupe.jpg\",\"https:\/\/www.inseec.com\/wp-content\/uploads\/sites\/32\/2025\/11\/campus-slider-vr-campus-toulouse-inseec-etudiants-amphitheatre.jpg\",\"https:\/\/www.inseec.com\/wp-content\/uploads\/sites\/32\/2025\/11\/campus-hero-marseille-inseec.jpg\",\"https:\/\/www.inseec.com\/wp-content\/uploads\/sites\/32\/2025\/11\/campus-marseille-inseec-photo-portrait.jpg\",\"https:\/\/www.inseec.com\/wp-content\/uploads\/sites\/32\/2025\/11\/campus-slider-vr-campus-marseille-inseec-canapes-detente.jpg\",\"https:\/\/www.inseec.com\/wp-content\/uploads\/sites\/32\/2025\/11\/campus-slider-vr-campus-marseille-inseec-salle-commune.jpg\",\"https:\/\/www.inseec.com\/wp-content\/uploads\/sites\/32\/2025\/11\/campus-hero-rennes-inseec.jpg\",\"https:\/\/www.inseec.com\/wp-content\/uploads\/sites\/32\/2025\/11\/campus-rennes-inseec-photo-portrait.jpg\",\"https:\/\/www.inseec.com\/wp-content\/uploads\/sites\/32\/2025\/11\/campus-rennes-inseec-mosaic-alcove-repos.jpg\",\"https:\/\/www.inseec.com\/wp-content\/uploads\/sites\/32\/2025\/11\/campus-rennes-inseec-amphitheatre-etudiantes.jpg\",\"https:\/\/www.inseec.com\/wp-content\/uploads\/sites\/32\/2025\/11\/campus-hero-chambery-inseec-resize.jpg\",\"https:\/\/www.inseec.com\/wp-content\/uploads\/sites\/32\/2025\/11\/campus-chambery-inseec-ville-horloge.jpg\",\"https:\/\/www.inseec.com\/wp-content\/uploads\/sites\/32\/2025\/11\/campus-slider-vr-campus-chambery-inseec-exterieur.jpg\",\"https:\/\/www.inseec.com\/wp-content\/uploads\/sites\/32\/2025\/11\/campus-slider-vr-campus-chambery-inseec-salle-detente.jpg\",\"https:\/\/www.inseec.com\/wp-content\/uploads\/sites\/32\/2025\/11\/campus-hero-beaune-inseec.jpg\",\"https:\/\/www.inseec.com\/wp-content\/uploads\/sites\/32\/2025\/11\/campus-beaune-inseec-ville-cave-a-vin.jpg\",\"https:\/\/www.inseec.com\/wp-content\/uploads\/sites\/32\/2025\/11\/campus-slider-vr-campus-beaune-inseec-groupe-etudiants.jpg\",\"https:\/\/www.inseec.com\/wp-content\/uploads\/sites\/32\/2025\/11\/campus-slider-vr-campus-beaune-inseec-etudiants-1.jpg\",\"https:\/\/www.inseec.com\/wp-content\/uploads\/sites\/32\/2025\/11\/campus-hero-bordeaux-inseec.jpg\",\"https:\/\/www.inseec.com\/wp-content\/uploads\/sites\/32\/2025\/11\/campus-bordeaux-inseec-facade.jpg\",\"https:\/\/www.inseec.com\/wp-content\/uploads\/sites\/32\/2025\/11\/campus-bordeaux-inseec-cafeteria.jpg\",\"https:\/\/www.inseec.com\/wp-content\/uploads\/sites\/32\/2025\/11\/campus-bordeaux-inseec-terrasse-bord-garonne.jpg\",\"https:\/\/www.inseec.com\/wp-content\/uploads\/sites\/32\/2025\/11\/campus-hero-lyon-inseec.webp\",\"https:\/\/www.inseec.com\/wp-content\/uploads\/sites\/32\/2025\/11\/campus-lyon-inseec-photo-portrait.jpg\",\"https:\/\/www.inseec.com\/wp-content\/uploads\/sites\/32\/2025\/11\/campus-slider-vr-campus-lyon-inseec-dalle-detente.jpg\",\"https:\/\/www.inseec.com\/wp-content\/uploads\/sites\/32\/2025\/11\/campus-slider-vr-campus-lyon-inseec-lion-rouge-hall.jpg\",\"https:\/\/www.inseec.com\/wp-content\/uploads\/sites\/32\/2025\/11\/campus-paris.jpg\",\"https:\/\/www.inseec.com\/wp-content\/uploads\/sites\/32\/2025\/11\/campus-paris-eiffel-inseec-portrait.jpg\",\"https:\/\/www.inseec.com\/wp-content\/uploads\/sites\/32\/2025\/11\/campus-paris-vellefaux-inseec-cafeteria.jpg\",\"https:\/\/www.inseec.com\/wp-content\/uploads\/sites\/32\/2025\/11\/campus-slider-vr-campus-paris-la-defense-inseec-salle-detente.jpg\"],\"foundingDate\":\"\",\"memberOf\":\"OMNES Education\",\"alumni\":[{\"@type\":\"Person\",\"name\":\"Lasmak Said\",\"description\":\"CEO & Cofounder\"},{\"@type\":\"Person\",\"name\":\"Dauchy Xavier\",\"description\":\"Chief Financial Officer\"},{\"@type\":\"Person\",\"name\":\"Bordeaux Thomas\",\"description\":\"Regional Manager Grand Lyon\"},{\"@type\":\"Person\",\"name\":\"Quillot Romain\",\"description\":\"Co-founder\"},{\"@type\":\"Person\",\"name\":\"Rakotomalala Rindra\",\"description\":\"Head of International Relations\"},{\"@type\":\"Person\",\"name\":\"Lacroix Oscar\",\"description\":\"Partner\"},{\"@type\":\"Person\",\"name\":\"Moderan Olivia\",\"description\":\"Manager for the Paris-South area\"},{\"@type\":\"Person\",\"name\":\"Abdelhalim Nabil\",\"description\":\"Industry Manager\"},{\"@type\":\"Person\",\"name\":\"Duhalde M\u00e9lissa\",\"description\":\"Operational Marketing Product Manager \"},{\"@type\":\"Person\",\"name\":\"M. Matthieu\",\"description\":\"Commercial real estate consultant\"},{\"@type\":\"Person\",\"name\":\"Lusset Marie-Amandine\",\"description\":\"Communications consultant\"},{\"@type\":\"Person\",\"name\":\"R. Lo\u00efc\",\"description\":\"Entrepreneur\"},{\"@type\":\"Person\",\"name\":\"Soskin Lise\",\"description\":\"RevOps\"},{\"@type\":\"Person\",\"name\":\"Estrade Guillaume\",\"description\":\"Regional Manager Grand Lyon\"},{\"@type\":\"Person\",\"name\":\"P. Clara\",\"description\":\"Head of Digital Communications EMEA\"},{\"@type\":\"Person\",\"name\":\"Serryus C\u00e9sar\",\"description\":\"Founder\"},{\"@type\":\"Person\",\"name\":\"Onimus Aur\u00e9lien\",\"description\":\"CEO\"},{\"@type\":\"Person\",\"name\":\"B. Anne-Caroline B.\",\"description\":\"Marketing & Communications Project Manager\"},{\"@type\":\"Person\",\"name\":\"Azim Ana\u00efs\",\"description\":\"Business Controller - Industry Unit\"},{\"@type\":\"Person\",\"name\":\"Viallet Nouhant Alexandre\",\"description\":\"Chief Executive Officer\"},{\"@type\":\"Person\",\"name\":\"Ikouirene Adam\",\"description\":\"Student commercial placement\"}],\"department\":[\"Bachelor\",\"Bachelor\",\"BBA\",\"BBA\",\"BTS\",\"BTS\",\"Grande \u00c9cole\",\"Grande \u00c9cole\",\"International\",\"International\",\"MSc\",\"MSc\"],\"hasCredential\":[\"Bachelor\",\"Bachelor\",\"BBA\",\"BBA\",\"BTS\",\"BTS\",\"Grande \u00c9cole\",\"Grande \u00c9cole\",\"International\",\"International\",\"MSc\",\"MSc\"]}]}<\/script>","yoast_head_json":{"title":"PGE Luxe - INSEEC","description":"D\u00e9couvrez le Grade de Master sp\u00e9cialisation Luxe de l'INSEEC \u00e0 Paris : PGE en alternance et acc\u00e8s aux grandes maisons internationales.","robots":{"index":"index","follow":"follow","max-snippet":"max-snippet:-1","max-image-preview":"max-image-preview:large","max-video-preview":"max-video-preview:-1"},"canonical":"https:\/\/www.inseec.com\/grande-ecole\/grande-ecole-luxe\/","og_locale":"fr_FR","og_type":"article","og_title":"PGE Luxe - INSEEC","og_description":"D\u00e9couvrez le Grade de Master sp\u00e9cialisation Luxe de l'INSEEC \u00e0 Paris : PGE en alternance et acc\u00e8s aux grandes maisons internationales.","og_url":"https:\/\/www.inseec.com\/grande-ecole\/grande-ecole-luxe\/","og_site_name":"INSEEC","article_modified_time":"2025-12-11T18:13:19+00:00","og_image":[{"width":495,"height":279,"url":"https:\/\/omneseducation.net\/inseec-2025\/wp-content\/uploads\/sites\/32\/2025\/12\/specialisation-luxe-inseec-grande-ecole.jpg","type":"image\/jpeg"}],"twitter_card":"summary_large_image","twitter_misc":{"Est. reading time":"10 minutes"},"schema":{"@context":"https:\/\/schema.org","@graph":[{"@type":"WebPage","@id":"https:\/\/www.inseec.com\/grande-ecole\/grande-ecole-luxe\/","url":"https:\/\/www.inseec.com\/grande-ecole\/grande-ecole-luxe\/","name":"PGE Luxe - INSEEC","isPartOf":{"@id":"https:\/\/www.inseec.com\/#website"},"primaryImageOfPage":{"@id":"https:\/\/www.inseec.com\/grande-ecole\/grande-ecole-luxe\/#primaryimage"},"image":{"@id":"https:\/\/www.inseec.com\/grande-ecole\/grande-ecole-luxe\/#primaryimage"},"thumbnailUrl":"https:\/\/www.inseec.com\/wp-content\/uploads\/sites\/32\/2025\/12\/specialisation-luxe-inseec-grande-ecole.jpg","datePublished":"2025-12-05T09:36:51+00:00","dateModified":"2025-12-11T18:13:19+00:00","description":"D\u00e9couvrez le Grade de Master sp\u00e9cialisation Luxe de l'INSEEC \u00e0 Paris : PGE en alternance et acc\u00e8s aux grandes maisons internationales.","breadcrumb":{"@id":"https:\/\/www.inseec.com\/grande-ecole\/grande-ecole-luxe\/#breadcrumb"},"inLanguage":"fr-FR","potentialAction":[{"@type":"ReadAction","target":["https:\/\/www.inseec.com\/grande-ecole\/grande-ecole-luxe\/"]}]},{"@type":"ImageObject","inLanguage":"fr-FR","@id":"https:\/\/www.inseec.com\/grande-ecole\/grande-ecole-luxe\/#primaryimage","url":"https:\/\/www.inseec.com\/wp-content\/uploads\/sites\/32\/2025\/12\/specialisation-luxe-inseec-grande-ecole.jpg","contentUrl":"https:\/\/www.inseec.com\/wp-content\/uploads\/sites\/32\/2025\/12\/specialisation-luxe-inseec-grande-ecole.jpg","width":495,"height":279,"caption":"Image d\u2019illustration de la sp\u00e9cialisation Luxe de l\u2019INSEEC Grande \u00c9cole de l\u2019\u00e9cole de commerce INSEEC"},{"@type":"BreadcrumbList","@id":"https:\/\/www.inseec.com\/grande-ecole\/grande-ecole-luxe\/#breadcrumb","itemListElement":[{"@type":"ListItem","position":1,"name":"Home","item":"https:\/\/www.inseec.com\/"},{"@type":"ListItem","position":2,"name":"PGE Luxe"}]},{"@type":"WebSite","@id":"https:\/\/www.inseec.com\/#website","url":"https:\/\/www.inseec.com\/","name":"INSEEC","description":"","publisher":{"@id":"https:\/\/www.inseec.com\/#organization"},"potentialAction":[{"@type":"SearchAction","target":{"@type":"EntryPoint","urlTemplate":"https:\/\/www.inseec.com\/?s={search_term_string}"},"query-input":{"@type":"PropertyValueSpecification","valueRequired":true,"valueName":"search_term_string"}}],"inLanguage":"fr-FR"},{"@type":"Organization","@id":"https:\/\/www.inseec.com\/#organization","name":"INSEEC","url":"https:\/\/www.inseec.com\/","logo":{"@type":"ImageObject","inLanguage":"fr-FR","@id":"https:\/\/www.inseec.com\/#\/schema\/logo\/image\/","url":"https:\/\/www.inseec.com\/wp-content\/uploads\/sites\/32\/2025\/11\/logo.svg","contentUrl":"https:\/\/www.inseec.com\/wp-content\/uploads\/sites\/32\/2025\/11\/logo.svg","width":173,"height":36,"caption":"INSEEC"},"image":{"@id":"https:\/\/www.inseec.com\/#\/schema\/logo\/image\/"}},{"@context":"https:\/\/schema.org","@type":"EducationalOrganization","@id":"https:\/\/www.inseec.com\/#organization","name":"INSEEC","description":"","url":"https:\/\/www.inseec.com\/","logo":"https:\/\/www.inseec.com\/wp-content\/uploads\/sites\/32\/2025\/11\/logo.svg","image":["https:\/\/www.inseec.com\/wp-content\/uploads\/sites\/32\/2025\/11\/campus-hero-barcelone-inseec.jpg","https:\/\/www.inseec.com\/wp-content\/uploads\/sites\/32\/2025\/11\/campus-barcelone-inseec-ville-basilique-notre-dame-de-fourviere.jpg","https:\/\/www.inseec.com\/wp-content\/uploads\/sites\/32\/2025\/11\/campus-barcelone-inseec-photo-portrait.jpg","https:\/\/www.inseec.com\/wp-content\/uploads\/sites\/32\/2025\/11\/campus-slider-vr-campus-barcelone-inseec-etudiants-cours-petite-salle.jpg","https:\/\/www.inseec.com\/wp-content\/uploads\/sites\/32\/2025\/11\/campus-hero-munich-inseec.jpg","https:\/\/www.inseec.com\/wp-content\/uploads\/sites\/32\/2025\/11\/campus-munich-inseec-ville-basilique-notre-dame-de-fourviere.jpg","https:\/\/www.inseec.com\/wp-content\/uploads\/sites\/32\/2025\/11\/campus-hero-munich-inseec.jpg","https:\/\/www.inseec.com\/wp-content\/uploads\/sites\/32\/2025\/11\/campus-slider-vr-campus-munich-inseec-etudiants-theatre-les-celestins.jpg","https:\/\/www.inseec.com\/wp-content\/uploads\/sites\/32\/2025\/11\/campus-hero-londres-inseec.jpg","https:\/\/www.inseec.com\/wp-content\/uploads\/sites\/32\/2025\/11\/campus-londres-inseec-ville-basilique-notre-dame-de-fourviere.jpg","https:\/\/www.inseec.com\/wp-content\/uploads\/sites\/32\/2025\/11\/campus-hero-londres-inseec.jpg","https:\/\/www.inseec.com\/wp-content\/uploads\/sites\/32\/2025\/12\/campus-slider-vr-campus-londres-inseec-bibliotheque.jpg","https:\/\/www.inseec.com\/wp-content\/uploads\/sites\/32\/2025\/11\/campus-hero-chambery-inseec-resize.jpg","https:\/\/www.inseec.com\/wp-content\/uploads\/sites\/32\/2025\/11\/campus-chambery-inseec-ville-horloge.jpg","https:\/\/www.inseec.com\/wp-content\/uploads\/sites\/32\/2025\/11\/campus-slider-vr-campus-chambery-inseec-exterieur.jpg","https:\/\/www.inseec.com\/wp-content\/uploads\/sites\/32\/2025\/11\/campus-slider-vr-campus-chambery-inseec-salle-detente.jpg","https:\/\/www.inseec.com\/wp-content\/uploads\/sites\/32\/2025\/11\/campus-hero-toulouse-inseec.jpg","https:\/\/www.inseec.com\/wp-content\/uploads\/sites\/32\/2025\/11\/campus-toulouse-inseec-photo-portrait.jpg","https:\/\/www.inseec.com\/wp-content\/uploads\/sites\/32\/2025\/11\/campus-slider-vr-campus-toulouse-inseec-projet-de-groupe.jpg","https:\/\/www.inseec.com\/wp-content\/uploads\/sites\/32\/2025\/11\/campus-slider-vr-campus-toulouse-inseec-etudiants-amphitheatre.jpg","https:\/\/www.inseec.com\/wp-content\/uploads\/sites\/32\/2025\/11\/campus-hero-monaco-inseec.jpg","https:\/\/www.inseec.com\/wp-content\/uploads\/sites\/32\/2025\/12\/INSEEC-Monaco-campus.webp","https:\/\/www.inseec.com\/wp-content\/uploads\/sites\/32\/2025\/11\/campus-hero-monaco-inseec.jpg","https:\/\/www.inseec.com\/wp-content\/uploads\/sites\/32\/2025\/11\/campus-monaco-inseec-mosaic-amis.jpg","https:\/\/www.inseec.com\/wp-content\/uploads\/sites\/32\/2025\/11\/campus-hero-online-inseec.jpg","https:\/\/www.inseec.com\/wp-content\/uploads\/sites\/32\/2025\/11\/guide-metier-inseec-photo-illustration-chef-de-publicite_d1bf22.jpg","https:\/\/www.inseec.com\/wp-content\/uploads\/sites\/32\/2025\/11\/guide-metier-inseec-hero-chef-de-projet-evenementiel.jpg","https:\/\/www.inseec.com\/wp-content\/uploads\/sites\/32\/2025\/11\/guide-metier-inseec-hero-chef-de-produit-sportif.jpg","https:\/\/www.inseec.com\/wp-content\/uploads\/sites\/32\/2025\/11\/campus-hero-beaune-inseec.jpg","https:\/\/www.inseec.com\/wp-content\/uploads\/sites\/32\/2025\/11\/campus-beaune-inseec-ville-cave-a-vin.jpg","https:\/\/www.inseec.com\/wp-content\/uploads\/sites\/32\/2025\/11\/campus-slider-vr-campus-beaune-inseec-groupe-etudiants.jpg","https:\/\/www.inseec.com\/wp-content\/uploads\/sites\/32\/2025\/11\/campus-slider-vr-campus-beaune-inseec-etudiants-1.jpg","https:\/\/www.inseec.com\/wp-content\/uploads\/sites\/32\/2025\/11\/campus-hero-marseille-inseec.jpg","https:\/\/www.inseec.com\/wp-content\/uploads\/sites\/32\/2023\/07\/campus2025-marseille.png","https:\/\/www.inseec.com\/wp-content\/uploads\/sites\/32\/2025\/11\/campus-slider-vr-campus-marseille-inseec-canapes-detente.jpg","https:\/\/www.inseec.com\/wp-content\/uploads\/sites\/32\/2025\/11\/campus-slider-vr-campus-marseille-inseec-salle-commune.jpg","https:\/\/www.inseec.com\/wp-content\/uploads\/sites\/32\/2025\/11\/campus-hero-rennes-inseec.jpg","https:\/\/www.inseec.com\/wp-content\/uploads\/sites\/32\/2025\/11\/campus-rennes-inseec-photo-portrait.jpg","https:\/\/www.inseec.com\/wp-content\/uploads\/sites\/32\/2025\/11\/campus-rennes-inseec-mosaic-alcove-repos.jpg","https:\/\/www.inseec.com\/wp-content\/uploads\/sites\/32\/2025\/11\/campus-rennes-inseec-amphitheatre-etudiantes.jpg","https:\/\/www.inseec.com\/wp-content\/uploads\/sites\/32\/2025\/11\/campus-hero-lyon-inseec.webp","https:\/\/www.inseec.com\/wp-content\/uploads\/sites\/32\/2025\/11\/campus-lyon-inseec-photo-portrait.jpg","https:\/\/www.inseec.com\/wp-content\/uploads\/sites\/32\/2025\/11\/campus-slider-vr-campus-lyon-inseec-dalle-detente.jpg","https:\/\/www.inseec.com\/wp-content\/uploads\/sites\/32\/2025\/11\/campus-slider-vr-campus-lyon-inseec-lion-rouge-hall.jpg","https:\/\/www.inseec.com\/wp-content\/uploads\/sites\/32\/2025\/11\/campus-hero-bordeaux-inseec.jpg","https:\/\/www.inseec.com\/wp-content\/uploads\/sites\/32\/2024\/03\/Campus-Bordeaux-Photo-1.jpg","https:\/\/www.inseec.com\/wp-content\/uploads\/sites\/32\/2025\/11\/campus-bordeaux-inseec-cafeteria.jpg","https:\/\/www.inseec.com\/wp-content\/uploads\/sites\/32\/2025\/11\/campus-bordeaux-inseec-terrasse-bord-garonne.jpg","https:\/\/www.inseec.com\/wp-content\/uploads\/sites\/32\/2025\/11\/campus-paris.jpg","https:\/\/www.inseec.com\/wp-content\/uploads\/sites\/32\/2025\/11\/campus-paris-eiffel-inseec-portrait.jpg","https:\/\/www.inseec.com\/wp-content\/uploads\/sites\/32\/2025\/11\/campus-paris-vellefaux-inseec-cafeteria.jpg","https:\/\/www.inseec.com\/wp-content\/uploads\/sites\/32\/2025\/11\/campus-slider-vr-campus-paris-la-defense-inseec-salle-detente.jpg","https:\/\/www.inseec.com\/wp-content\/uploads\/sites\/32\/2025\/11\/campus-hero-londres-inseec.jpg","https:\/\/www.inseec.com\/wp-content\/uploads\/sites\/32\/2025\/11\/campus-londres-inseec-ville-basilique-notre-dame-de-fourviere.jpg","https:\/\/www.inseec.com\/wp-content\/uploads\/sites\/32\/2025\/11\/campus-hero-londres-inseec.jpg","https:\/\/www.inseec.com\/wp-content\/uploads\/sites\/32\/2025\/12\/campus-slider-vr-campus-londres-inseec-bibliotheque.jpg","https:\/\/www.inseec.com\/wp-content\/uploads\/sites\/32\/2025\/11\/campus-hero-monaco-inseec.jpg","https:\/\/www.inseec.com\/wp-content\/uploads\/sites\/32\/2025\/12\/INSEEC-Monaco-campus.webp","https:\/\/www.inseec.com\/wp-content\/uploads\/sites\/32\/2025\/11\/campus-hero-monaco-inseec.jpg","https:\/\/www.inseec.com\/wp-content\/uploads\/sites\/32\/2025\/11\/campus-monaco-inseec-mosaic-amis.jpg","https:\/\/www.inseec.com\/wp-content\/uploads\/sites\/32\/2025\/11\/campus-hero-munich-inseec.jpg","https:\/\/www.inseec.com\/wp-content\/uploads\/sites\/32\/2025\/11\/campus-munich-inseec-ville-basilique-notre-dame-de-fourviere.jpg","https:\/\/www.inseec.com\/wp-content\/uploads\/sites\/32\/2025\/11\/campus-hero-munich-inseec.jpg","https:\/\/www.inseec.com\/wp-content\/uploads\/sites\/32\/2025\/11\/campus-slider-vr-campus-munich-inseec-etudiants-theatre-les-celestins.jpg","https:\/\/www.inseec.com\/wp-content\/uploads\/sites\/32\/2025\/11\/campus-hero-barcelone-inseec.jpg","https:\/\/www.inseec.com\/wp-content\/uploads\/sites\/32\/2025\/11\/campus-barcelone-inseec-ville-basilique-notre-dame-de-fourviere.jpg","https:\/\/www.inseec.com\/wp-content\/uploads\/sites\/32\/2025\/11\/campus-barcelone-inseec-photo-portrait.jpg","https:\/\/www.inseec.com\/wp-content\/uploads\/sites\/32\/2025\/11\/campus-slider-vr-campus-barcelone-inseec-etudiants-cours-petite-salle.jpg","https:\/\/www.inseec.com\/wp-content\/uploads\/sites\/32\/2025\/11\/campus-hero-online-inseec.jpg","https:\/\/www.inseec.com\/wp-content\/uploads\/sites\/32\/2025\/11\/guide-metier-inseec-photo-illustration-chef-de-publicite_d1bf22.jpg","https:\/\/www.inseec.com\/wp-content\/uploads\/sites\/32\/2025\/11\/guide-metier-inseec-hero-chef-de-projet-evenementiel.jpg","https:\/\/www.inseec.com\/wp-content\/uploads\/sites\/32\/2025\/11\/guide-metier-inseec-hero-chef-de-produit-sportif.jpg","https:\/\/www.inseec.com\/wp-content\/uploads\/sites\/32\/2025\/11\/campus-hero-toulouse-inseec.jpg","https:\/\/www.inseec.com\/wp-content\/uploads\/sites\/32\/2025\/11\/campus-toulouse-inseec-photo-portrait.jpg","https:\/\/www.inseec.com\/wp-content\/uploads\/sites\/32\/2025\/11\/campus-slider-vr-campus-toulouse-inseec-projet-de-groupe.jpg","https:\/\/www.inseec.com\/wp-content\/uploads\/sites\/32\/2025\/11\/campus-slider-vr-campus-toulouse-inseec-etudiants-amphitheatre.jpg","https:\/\/www.inseec.com\/wp-content\/uploads\/sites\/32\/2025\/11\/campus-hero-marseille-inseec.jpg","https:\/\/www.inseec.com\/wp-content\/uploads\/sites\/32\/2025\/11\/campus-marseille-inseec-photo-portrait.jpg","https:\/\/www.inseec.com\/wp-content\/uploads\/sites\/32\/2025\/11\/campus-slider-vr-campus-marseille-inseec-canapes-detente.jpg","https:\/\/www.inseec.com\/wp-content\/uploads\/sites\/32\/2025\/11\/campus-slider-vr-campus-marseille-inseec-salle-commune.jpg","https:\/\/www.inseec.com\/wp-content\/uploads\/sites\/32\/2025\/11\/campus-hero-rennes-inseec.jpg","https:\/\/www.inseec.com\/wp-content\/uploads\/sites\/32\/2025\/11\/campus-rennes-inseec-photo-portrait.jpg","https:\/\/www.inseec.com\/wp-content\/uploads\/sites\/32\/2025\/11\/campus-rennes-inseec-mosaic-alcove-repos.jpg","https:\/\/www.inseec.com\/wp-content\/uploads\/sites\/32\/2025\/11\/campus-rennes-inseec-amphitheatre-etudiantes.jpg","https:\/\/www.inseec.com\/wp-content\/uploads\/sites\/32\/2025\/11\/campus-hero-chambery-inseec-resize.jpg","https:\/\/www.inseec.com\/wp-content\/uploads\/sites\/32\/2025\/11\/campus-chambery-inseec-ville-horloge.jpg","https:\/\/www.inseec.com\/wp-content\/uploads\/sites\/32\/2025\/11\/campus-slider-vr-campus-chambery-inseec-exterieur.jpg","https:\/\/www.inseec.com\/wp-content\/uploads\/sites\/32\/2025\/11\/campus-slider-vr-campus-chambery-inseec-salle-detente.jpg","https:\/\/www.inseec.com\/wp-content\/uploads\/sites\/32\/2025\/11\/campus-hero-beaune-inseec.jpg","https:\/\/www.inseec.com\/wp-content\/uploads\/sites\/32\/2025\/11\/campus-beaune-inseec-ville-cave-a-vin.jpg","https:\/\/www.inseec.com\/wp-content\/uploads\/sites\/32\/2025\/11\/campus-slider-vr-campus-beaune-inseec-groupe-etudiants.jpg","https:\/\/www.inseec.com\/wp-content\/uploads\/sites\/32\/2025\/11\/campus-slider-vr-campus-beaune-inseec-etudiants-1.jpg","https:\/\/www.inseec.com\/wp-content\/uploads\/sites\/32\/2025\/11\/campus-hero-bordeaux-inseec.jpg","https:\/\/www.inseec.com\/wp-content\/uploads\/sites\/32\/2025\/11\/campus-bordeaux-inseec-facade.jpg","https:\/\/www.inseec.com\/wp-content\/uploads\/sites\/32\/2025\/11\/campus-bordeaux-inseec-cafeteria.jpg","https:\/\/www.inseec.com\/wp-content\/uploads\/sites\/32\/2025\/11\/campus-bordeaux-inseec-terrasse-bord-garonne.jpg","https:\/\/www.inseec.com\/wp-content\/uploads\/sites\/32\/2025\/11\/campus-hero-lyon-inseec.webp","https:\/\/www.inseec.com\/wp-content\/uploads\/sites\/32\/2025\/11\/campus-lyon-inseec-photo-portrait.jpg","https:\/\/www.inseec.com\/wp-content\/uploads\/sites\/32\/2025\/11\/campus-slider-vr-campus-lyon-inseec-dalle-detente.jpg","https:\/\/www.inseec.com\/wp-content\/uploads\/sites\/32\/2025\/11\/campus-slider-vr-campus-lyon-inseec-lion-rouge-hall.jpg","https:\/\/www.inseec.com\/wp-content\/uploads\/sites\/32\/2025\/11\/campus-paris.jpg","https:\/\/www.inseec.com\/wp-content\/uploads\/sites\/32\/2025\/11\/campus-paris-eiffel-inseec-portrait.jpg","https:\/\/www.inseec.com\/wp-content\/uploads\/sites\/32\/2025\/11\/campus-paris-vellefaux-inseec-cafeteria.jpg","https:\/\/www.inseec.com\/wp-content\/uploads\/sites\/32\/2025\/11\/campus-slider-vr-campus-paris-la-defense-inseec-salle-detente.jpg"],"foundingDate":"","memberOf":"OMNES Education","alumni":[{"@type":"Person","name":"Lasmak Said","description":"CEO & Cofounder"},{"@type":"Person","name":"Dauchy Xavier","description":"Chief Financial Officer"},{"@type":"Person","name":"Bordeaux Thomas","description":"Regional Manager Grand Lyon"},{"@type":"Person","name":"Quillot Romain","description":"Co-founder"},{"@type":"Person","name":"Rakotomalala Rindra","description":"Head of International Relations"},{"@type":"Person","name":"Lacroix Oscar","description":"Partner"},{"@type":"Person","name":"Moderan Olivia","description":"Manager for the Paris-South area"},{"@type":"Person","name":"Abdelhalim Nabil","description":"Industry Manager"},{"@type":"Person","name":"Duhalde M\u00e9lissa","description":"Operational Marketing Product Manager "},{"@type":"Person","name":"M. Matthieu","description":"Commercial real estate consultant"},{"@type":"Person","name":"Lusset Marie-Amandine","description":"Communications consultant"},{"@type":"Person","name":"R. Lo\u00efc","description":"Entrepreneur"},{"@type":"Person","name":"Soskin Lise","description":"RevOps"},{"@type":"Person","name":"Estrade Guillaume","description":"Regional Manager Grand Lyon"},{"@type":"Person","name":"P. Clara","description":"Head of Digital Communications EMEA"},{"@type":"Person","name":"Serryus C\u00e9sar","description":"Founder"},{"@type":"Person","name":"Onimus Aur\u00e9lien","description":"CEO"},{"@type":"Person","name":"B. Anne-Caroline B.","description":"Marketing & Communications Project Manager"},{"@type":"Person","name":"Azim Ana\u00efs","description":"Business Controller - Industry Unit"},{"@type":"Person","name":"Viallet Nouhant Alexandre","description":"Chief Executive Officer"},{"@type":"Person","name":"Ikouirene Adam","description":"Student commercial placement"}],"department":["Bachelor","Bachelor","BBA","BBA","BTS","BTS","Grande \u00c9cole","Grande \u00c9cole","International","International","MSc","MSc"],"hasCredential":["Bachelor","Bachelor","BBA","BBA","BTS","BTS","Grande \u00c9cole","Grande \u00c9cole","International","International","MSc","MSc"]}]}},"lang":"fr","translations":{"fr":3088,"en":88066},"jetpack_sharing_enabled":true,"pll_sync_post":[],"_links":{"self":[{"href":"https:\/\/www.inseec.com\/wp-json\/wp\/v2\/document\/3088","targetHints":{"allow":["GET"]}}],"collection":[{"href":"https:\/\/www.inseec.com\/wp-json\/wp\/v2\/document"}],"about":[{"href":"https:\/\/www.inseec.com\/wp-json\/wp\/v2\/types\/document"}],"wp:featuredmedia":[{"embeddable":true,"href":"https:\/\/www.inseec.com\/wp-json\/wp\/v2\/media\/88060"}],"wp:attachment":[{"href":"https:\/\/www.inseec.com\/wp-json\/wp\/v2\/media?parent=3088"}],"wp:term":[{"taxonomy":"city","embeddable":true,"href":"https:\/\/www.inseec.com\/wp-json\/wp\/v2\/city?post=3088"},{"taxonomy":"document_category","embeddable":true,"href":"https:\/\/www.inseec.com\/wp-json\/wp\/v2\/document_category?post=3088"},{"taxonomy":"document_tag","embeddable":true,"href":"https:\/\/www.inseec.com\/wp-json\/wp\/v2\/document_tag?post=3088"},{"taxonomy":"document_type","embeddable":true,"href":"https:\/\/www.inseec.com\/wp-json\/wp\/v2\/document_type?post=3088"},{"taxonomy":"school","embeddable":true,"href":"https:\/\/www.inseec.com\/wp-json\/wp\/v2\/school?post=3088"},{"taxonomy":"specialisation","embeddable":true,"href":"https:\/\/www.inseec.com\/wp-json\/wp\/v2\/specialisation?post=3088"},{"taxonomy":"analytics_tag","embeddable":true,"href":"https:\/\/www.inseec.com\/wp-json\/wp\/v2\/analytics_tag?post=3088"}],"curies":[{"name":"wp","href":"https:\/\/api.w.org\/{rel}","templated":true}]}}