{"id":3174,"date":"2025-12-05T10:36:50","date_gmt":"2025-12-05T09:36:50","guid":{"rendered":"https:\/\/www.inseec.com\/?post_type=document&#038;p=3174"},"modified":"2025-12-11T18:46:26","modified_gmt":"2025-12-11T17:46:26","slug":"grande-ecole-international","status":"publish","type":"document","link":"https:\/\/www.inseec.com\/grande-ecole\/grande-ecole-international\/","title":{"rendered":"PGE International"},"content":{"rendered":"\n<header class=\"wp-block-group alignwide wp-pattern wp-pattern-hero-document-specialization has-on-surface-color has-surface-background-color has-text-color has-background has-link-color wp-elements-c082a9330dad1034cbfee0e7ff85372b is-nowrap is-layout-flex wp-container-core-group-is-layout-f4aabebf wp-block-group-is-layout-flex\" style=\"padding-top:0;padding-right:var(--wp--preset--spacing--6-xl);padding-bottom:0;padding-left:var(--wp--preset--spacing--6-xl)\">\n<div class=\"wp-block-group has-global-padding is-layout-constrained wp-container-core-group-is-layout-8e2ad6d4 wp-block-group-is-layout-constrained\" style=\"padding-top:var(--wp--preset--spacing--2-xl);padding-bottom:var(--wp--preset--spacing--2-xl)\">\n<div class=\"wp-block-group has-global-padding is-layout-constrained wp-container-core-group-is-layout-a82a1774 wp-block-group-is-layout-constrained\">\n<div class=\"wp-block-group has-global-padding is-layout-constrained wp-block-group-is-layout-constrained\"><h1 class=\"wp-block-post-title\">PGE International<\/h1><\/div>\n\n\n<div class=\"is-style-plain-default-lg wp-block-post-excerpt\"><p class=\"wp-block-post-excerpt__excerpt\">Avec le Programme Grande \u00c9cole sp\u00e9cialisation International de l\u2019INSEEC, devenez manager bilingue op\u00e9rationnel. Un cursus prestigieux, dispens\u00e9 sur les campus de Paris, Bordeaux et Lyon. <\/p><\/div><\/div>\n\n\n\n<ul class=\"wp-block-list is-style-check\">\n<li>Ma\u00eetrisez les enjeux g\u00e9opolitiques mondiaux<\/li>\n\n\n\n<li>D\u00e9veloppez un r\u00e9seau professionnel international<\/li>\n\n\n\n<li>Renforcez votre employabilit\u00e9 \u00e0 l\u2019\u00e9tranger<\/li>\n\n\n\n<li>Pilotez des projets multiculturels<\/li>\n<\/ul>\n<\/div>\n\n\n\n<div class=\"wp-block-group is-vertical is-layout-flex wp-container-core-group-is-layout-e7d213a0 wp-block-group-is-layout-flex\" style=\"margin-top:var(--wp--preset--spacing--4-xl)\">\n<figure class=\"wp-block-image size-full\"><img loading=\"lazy\" decoding=\"async\" width=\"480\" height=\"480\" src=\"https:\/\/www.inseec.com\/wp-content\/uploads\/sites\/32\/2025\/11\/specialisation-international-hero-inseec-bachelor.jpg\" alt=\"\" class=\"wp-image-2013\" srcset=\"https:\/\/www.inseec.com\/wp-content\/uploads\/sites\/32\/2025\/11\/specialisation-international-hero-inseec-bachelor.jpg 480w, https:\/\/www.inseec.com\/wp-content\/uploads\/sites\/32\/2025\/11\/specialisation-international-hero-inseec-bachelor.jpg?resize=150,150 150w, https:\/\/www.inseec.com\/wp-content\/uploads\/sites\/32\/2025\/11\/specialisation-international-hero-inseec-bachelor.jpg?resize=300,300 300w, https:\/\/www.inseec.com\/wp-content\/uploads\/sites\/32\/2025\/11\/specialisation-international-hero-inseec-bachelor.jpg?resize=64,64 64w, https:\/\/www.inseec.com\/wp-content\/uploads\/sites\/32\/2025\/11\/specialisation-international-hero-inseec-bachelor.jpg?resize=128,128 128w, https:\/\/www.inseec.com\/wp-content\/uploads\/sites\/32\/2025\/11\/specialisation-international-hero-inseec-bachelor.jpg?resize=84,84 84w, https:\/\/www.inseec.com\/wp-content\/uploads\/sites\/32\/2025\/11\/specialisation-international-hero-inseec-bachelor.jpg?resize=168,168 168w, https:\/\/www.inseec.com\/wp-content\/uploads\/sites\/32\/2025\/11\/specialisation-international-hero-inseec-bachelor.jpg?resize=172,172 172w, https:\/\/www.inseec.com\/wp-content\/uploads\/sites\/32\/2025\/11\/specialisation-international-hero-inseec-bachelor.jpg?resize=344,344 344w, https:\/\/www.inseec.com\/wp-content\/uploads\/sites\/32\/2025\/11\/specialisation-international-hero-inseec-bachelor.jpg?resize=242,242 242w, https:\/\/www.inseec.com\/wp-content\/uploads\/sites\/32\/2025\/11\/specialisation-international-hero-inseec-bachelor.jpg?resize=330,330 330w, https:\/\/www.inseec.com\/wp-content\/uploads\/sites\/32\/2025\/11\/specialisation-international-hero-inseec-bachelor.jpg?resize=410,410 410w, https:\/\/www.inseec.com\/wp-content\/uploads\/sites\/32\/2025\/11\/specialisation-international-hero-inseec-bachelor.jpg?resize=40,40 40w, https:\/\/www.inseec.com\/wp-content\/uploads\/sites\/32\/2025\/11\/specialisation-international-hero-inseec-bachelor.jpg?resize=80,80 80w, https:\/\/www.inseec.com\/wp-content\/uploads\/sites\/32\/2025\/11\/specialisation-international-hero-inseec-bachelor.jpg?resize=160,160 160w, https:\/\/www.inseec.com\/wp-content\/uploads\/sites\/32\/2025\/11\/specialisation-international-hero-inseec-bachelor.jpg?resize=50,50 50w, https:\/\/www.inseec.com\/wp-content\/uploads\/sites\/32\/2025\/11\/specialisation-international-hero-inseec-bachelor.jpg?resize=100,100 100w, https:\/\/www.inseec.com\/wp-content\/uploads\/sites\/32\/2025\/11\/specialisation-international-hero-inseec-bachelor.jpg?resize=24,24 24w, https:\/\/www.inseec.com\/wp-content\/uploads\/sites\/32\/2025\/11\/specialisation-international-hero-inseec-bachelor.jpg?resize=48,48 48w\" sizes=\"auto, (max-width: 480px) 100vw, 480px\" \/><\/figure>\n<\/div>\n<\/header>\n\n\n\n<div class=\"wp-block-group alignfull wp-pattern wp-pattern-metrics-cards has-global-padding is-layout-constrained wp-block-group-is-layout-constrained\" style=\"margin-top:0;margin-bottom:0;padding-top:var(--wp--preset--spacing--4-xl);padding-bottom:var(--wp--preset--spacing--4-xl)\">\n<div class=\"wp-block-group alignwide wp-pattern__inner is-layout-grid wp-container-core-group-is-layout-000af959 wp-block-group-is-layout-grid\">\n<div class=\"wp-block-group wp-pattern wp-pattern-metrics-item-card has-border-color has-outline-subtle-border-color is-vertical is-layout-flex wp-container-core-group-is-layout-ffbfb716 wp-block-group-is-layout-flex\" style=\"border-width:2px;padding-top:var(--wp--preset--spacing--2-xl);padding-right:var(--wp--preset--spacing--2-xl);padding-bottom:var(--wp--preset--spacing--2-xl);padding-left:var(--wp--preset--spacing--2-xl)\">\n<ul class=\"wp-block-beapi-icon-block is-layout-flex wp-block-icon-block-is-layout-flex\">\n<li class=\"wp-block-beapi-icon-item\"><span><svg width=\"24\" height=\"24\" viewBox=\"0 0 24 24\" version=\"1.1\" xmlns=\"http:\/\/www.w3.org\/2000\/svg\" style=\"color:var(--wp--custom--color--primary-default-primary)\" class=\"wp-block-beapi-icon-block__icon-component wp-block-beapi-icon-block__icon-component--sprite icon-building\" aria-hidden=\"true\"><use href=\"https:\/\/www.inseec.com\/wp-content\/themes\/omnes-design-system\/dist\/icons\/sprite.svg#icon-building\"><\/use><\/svg><\/span><\/li>\n<\/ul>\n\n\n\n<div class=\"wp-block-blockparty-key-figure has-on-surface-color has-text-color has-link-color wp-elements-8fa065ef2bb5f04309800e3ea679b3be\"><div class=\"wp-block-blockparty-key-figure__key\"><span class=\"wp-block-blockparty-key-figure__prefix\"><\/span><span class=\"wp-block-blockparty-key-figure__number\" data-increment=\"146200\">146200<\/span><span class=\"wp-block-blockparty-key-figure__suffix\"><\/span><\/div><p class=\"wp-block-blockparty-key-figure__description\">Entreprises fran\u00e7aises exportatrices<\/p><\/div>\n<\/div>\n\n\n\n<div class=\"wp-block-group wp-pattern wp-pattern-metrics-item-card has-border-color has-outline-subtle-border-color is-vertical is-layout-flex wp-container-core-group-is-layout-ffbfb716 wp-block-group-is-layout-flex\" style=\"border-width:2px;padding-top:var(--wp--preset--spacing--2-xl);padding-right:var(--wp--preset--spacing--2-xl);padding-bottom:var(--wp--preset--spacing--2-xl);padding-left:var(--wp--preset--spacing--2-xl)\">\n<ul class=\"wp-block-beapi-icon-block is-layout-flex wp-block-icon-block-is-layout-flex\">\n<li class=\"wp-block-beapi-icon-item\"><span><svg width=\"24\" height=\"24\" viewBox=\"0 0 24 24\" version=\"1.1\" xmlns=\"http:\/\/www.w3.org\/2000\/svg\" style=\"color:var(--wp--custom--color--primary-default-primary)\" class=\"wp-block-beapi-icon-block__icon-component wp-block-beapi-icon-block__icon-component--sprite icon-crown\" aria-hidden=\"true\"><use href=\"https:\/\/www.inseec.com\/wp-content\/themes\/omnes-design-system\/dist\/icons\/sprite.svg#icon-crown\"><\/use><\/svg><\/span><\/li>\n<\/ul>\n\n\n\n<div class=\"wp-block-blockparty-key-figure has-on-surface-color has-text-color has-link-color wp-elements-d0ab4a808c14a870fb5d23f7579ded02\"><div class=\"wp-block-blockparty-key-figure__key\"><span class=\"wp-block-blockparty-key-figure__prefix\"><\/span><span class=\"wp-block-blockparty-key-figure__number\" data-increment=\"5\">5<\/span><span class=\"wp-block-blockparty-key-figure__suffix\">ieme<\/span><\/div><p class=\"wp-block-blockparty-key-figure__description\">Rang de la France parmi les exportateurs mondiaux<\/p><\/div>\n<\/div>\n\n\n\n<div class=\"wp-block-group wp-pattern wp-pattern-metrics-item-card has-border-color has-outline-subtle-border-color is-vertical is-layout-flex wp-container-core-group-is-layout-ffbfb716 wp-block-group-is-layout-flex\" style=\"border-width:2px;padding-top:var(--wp--preset--spacing--2-xl);padding-right:var(--wp--preset--spacing--2-xl);padding-bottom:var(--wp--preset--spacing--2-xl);padding-left:var(--wp--preset--spacing--2-xl)\">\n<ul class=\"wp-block-beapi-icon-block is-layout-flex wp-block-icon-block-is-layout-flex\">\n<li class=\"wp-block-beapi-icon-item\"><span><svg width=\"24\" height=\"24\" viewBox=\"0 0 24 24\" version=\"1.1\" xmlns=\"http:\/\/www.w3.org\/2000\/svg\" style=\"color:var(--wp--custom--color--primary-default-primary)\" class=\"wp-block-beapi-icon-block__icon-component wp-block-beapi-icon-block__icon-component--sprite icon-send-money\" aria-hidden=\"true\"><use href=\"https:\/\/www.inseec.com\/wp-content\/themes\/omnes-design-system\/dist\/icons\/sprite.svg#icon-send-money\"><\/use><\/svg><\/span><\/li>\n<\/ul>\n\n\n\n<div class=\"wp-block-blockparty-key-figure has-on-surface-color has-text-color has-link-color wp-elements-e380e65031349543c08c12c767e72310\"><div class=\"wp-block-blockparty-key-figure__key\"><span class=\"wp-block-blockparty-key-figure__prefix\"><\/span><span class=\"wp-block-blockparty-key-figure__number\" data-increment=\"30\">30<\/span><span class=\"wp-block-blockparty-key-figure__suffix\">K\u20ac<\/span><\/div><p class=\"wp-block-blockparty-key-figure__description\">Salaire moyen d\u00e9butant<\/p><\/div>\n<\/div>\n\n\n\n<div class=\"wp-block-group wp-pattern wp-pattern-metrics-item-card has-border-color has-outline-subtle-border-color is-vertical is-layout-flex wp-container-core-group-is-layout-ffbfb716 wp-block-group-is-layout-flex\" style=\"border-width:2px;padding-top:var(--wp--preset--spacing--2-xl);padding-right:var(--wp--preset--spacing--2-xl);padding-bottom:var(--wp--preset--spacing--2-xl);padding-left:var(--wp--preset--spacing--2-xl)\">\n<ul class=\"wp-block-beapi-icon-block is-layout-flex wp-block-icon-block-is-layout-flex\">\n<li class=\"wp-block-beapi-icon-item\"><span><svg width=\"24\" height=\"24\" viewBox=\"0 0 24 24\" version=\"1.1\" xmlns=\"http:\/\/www.w3.org\/2000\/svg\" style=\"color:var(--wp--custom--color--primary-default-primary)\" class=\"wp-block-beapi-icon-block__icon-component wp-block-beapi-icon-block__icon-component--sprite icon-chart-line-up\" aria-hidden=\"true\"><use href=\"https:\/\/www.inseec.com\/wp-content\/themes\/omnes-design-system\/dist\/icons\/sprite.svg#icon-chart-line-up\"><\/use><\/svg><\/span><\/li>\n<\/ul>\n\n\n\n<div class=\"wp-block-blockparty-key-figure has-on-surface-color has-text-color has-link-color wp-elements-34138a345858137985dc1a338272c437\"><div class=\"wp-block-blockparty-key-figure__key\"><span class=\"wp-block-blockparty-key-figure__prefix\">+<\/span><span class=\"wp-block-blockparty-key-figure__number\" data-increment=\"2.5\">2.5<\/span><span class=\"wp-block-blockparty-key-figure__suffix\">%<\/span><\/div><p class=\"wp-block-blockparty-key-figure__description\">Croissance du volume d\u2019exportation<\/p><\/div>\n<\/div>\n<\/div>\n<\/div>\n\n\n\n<div class=\"wp-block-group wp-pattern wp-pattern-faq-image is-layout-flow wp-block-group-is-layout-flow has-block-anchor\" style=\"margin-top:0;margin-bottom:0;padding-top:var(--wp--preset--spacing--6-xl);padding-bottom:var(--wp--preset--spacing--6-xl)\">\n<div class=\"wp-block-group is-vertical is-layout-flex wp-container-core-group-is-layout-9305dc88 wp-block-group-is-layout-flex has-block-anchor\" style=\"margin-bottom:var(--wp--preset--spacing--2-xl)\">\n<div class=\"wp-block-group is-vertical is-layout-flex wp-container-core-group-is-layout-bd7877ba wp-block-group-is-layout-flex has-block-anchor\">\n<h2 class=\"wp-block-heading is-style-heading-emphasis-h2 has-on-surface-color has-text-color has-link-color wp-elements-cb142d020573c98f4176e89e9671b974\" id=\"quest-ce-quun-grade-de-master-specialisation-international-a-linseec\">Qu\u2019est-ce qu\u2019un Grade de Master sp\u00e9cialisation International \u00e0 l\u2019INSEEC ?<\/h2>\n<\/div>\n\n\n\n<p class=\"is-style-plain-default-md has-on-surface-subtle-color has-text-color has-link-color wp-elements-70eb4b392919f252540a80da14cdf7ea\">Le Programme Grande \u00c9cole sp\u00e9cialisation International forme des managers ouverts sur le monde, capables de piloter des strat\u00e9gies d\u2019export, de n\u00e9gocier dans un contexte multiculturel et de d\u00e9velopper des activit\u00e9s \u00e0 l\u2019international. Il conf\u00e8re le Grade de Master, et est certifi\u00e9 RNCP niveau 7 (\u00e9quivalent bac + 5). L\u2019enseignement combine cours en anglais et en fran\u00e7ais, \u00e9tudes de cas et simulations d\u2019affaires. Vous y apprenez \u00e0 analyser les march\u00e9s \u00e9trangers, \u00e0 optimiser la supply chain et \u00e0 utiliser les outils digitaux pour g\u00e9rer des op\u00e9rations globales et innovantes.<\/p>\n\n\n\n<p>Cette sp\u00e9cialisation est disponible sur les campus INSEEC de Paris, Lyon et Bordeaux. \u00c0 Paris, hub \u00e9conomique europ\u00e9en, ou \u00e0 Lyon, carrefour strat\u00e9gique entre l\u2019Europe et les march\u00e9s \u00e9mergents, ou \u00e0 Bordeaux, ville portuaire tourn\u00e9e vers l&#8217;international et les \u00e9changes transatlantiques, vous b\u00e9n\u00e9ficiez d&#8217;un environnement professionnel stimulant, proche des grands acteurs de l&#8217;international. Stages, alternance ou semestres \u00e0 l&#8217;\u00e9tranger compl\u00e8tent votre formation pour une immersion totale.<\/p>\n\n\n\n<p class=\"is-style-plain-default-md has-on-surface-subtle-color has-text-color has-link-color wp-elements-ceeabccf993617c81a9c5f2b0a76669c\">Dipl\u00f4m\u00e9, vous acc\u00e9dez \u00e0 des postes strat\u00e9giques : responsable export, chef de projet international ou consultant en d\u00e9veloppement. D\u00e9couvrez les axes majeurs de cette sp\u00e9cialisation ci-dessous.<\/p>\n<\/div>\n\n\n\n<details class=\"wp-block-details is-style-default is-layout-flow wp-container-core-details-is-layout-9ec55b31 wp-block-details-is-layout-flow\"><summary><h3>Commerce International<\/h3><\/summary>\n<div class=\"wp-block-group is-vertical is-layout-flex wp-container-core-group-is-layout-a2e3e733 wp-block-group-is-layout-flex\">\n<p class=\"is-style-plain-emphasis-sm has-on-surface-color has-text-color has-link-color wp-elements-75b59226528c1991d6b3eea6b966b432\"><strong>Conqu\u00e9rir les march\u00e9s \u00e9trangers<\/strong><\/p>\n\n\n\n<p>Le commerce international est un levier essentiel pour les entreprises cherchant \u00e0 se d\u00e9velopper \u00e0 l\u2019\u00e9tranger. Cette sp\u00e9cialisation vous forme aux strat\u00e9gies d\u2019export, \u00e0 l\u2019analyse des march\u00e9s \u00e9mergents et aux n\u00e9gociations commerciales internationales. Vous apprenez \u00e0 identifier les opportunit\u00e9s, adapter les produits aux cultures locales et ma\u00eetriser les r\u00e9glementations douani\u00e8res.<\/p>\n\n\n\n<p>C\u2019est un secteur dynamique o\u00f9 les profils bilingues et op\u00e9rationnels sont recherch\u00e9s : responsable export, chef de projet international ou consultant en d\u00e9veloppement. Avec la digitalisation des \u00e9changes, les comp\u00e9tences en e-commerce et en logistique internationale deviennent incontournables pour r\u00e9ussir sur des march\u00e9s en pleine croissance.<\/p>\n<\/div>\n<\/details>\n\n\n\n<details class=\"wp-block-details is-style-default is-layout-flow wp-container-core-details-is-layout-9ec55b31 wp-block-details-is-layout-flow\"><summary><h3>Management Interculturel<\/h3><\/summary>\n<div class=\"wp-block-group is-vertical is-layout-flex wp-container-core-group-is-layout-a2e3e733 wp-block-group-is-layout-flex\">\n<p class=\"is-style-plain-emphasis-sm has-on-surface-color has-text-color has-link-color wp-elements-cfa9ef78ab0840692119adf870a8b37f\"><strong>Diriger sans fronti\u00e8res<\/strong><\/p>\n\n\n\n<p>Le management interculturel est au c\u0153ur des organisations globales. Vous d\u00e9veloppez des comp\u00e9tences cl\u00e9s pour piloter des \u00e9quipes multiculturelles, adapter les strat\u00e9gies aux sp\u00e9cificit\u00e9s locales et n\u00e9gocier avec des partenaires internationaux.<\/p>\n\n\n\n<p>Les m\u00e9tiers accessibles \u00e0 l\u2019issue de la formation sont ceux de directeur de filiale \u00e0 l\u2019\u00e9tranger, responsable des op\u00e9rations internationales ou manager de transition. Ce domaine exige une ouverture d\u2019esprit, une grande adaptabilit\u00e9 et une ma\u00eetrise des enjeux g\u00e9opolitiques. Les entreprises valorisent ces profils capables de cr\u00e9er des synergies entre les cultures et d\u2019assurer la coh\u00e9sion des \u00e9quipes dispers\u00e9es.<\/p>\n<\/div>\n<\/details>\n\n\n\n<details class=\"wp-block-details is-style-default is-layout-flow wp-container-core-details-is-layout-9ec55b31 wp-block-details-is-layout-flow\"><summary><h3>Logistique et Supply Chain Internationale<\/h3><\/summary>\n<div class=\"wp-block-group is-vertical is-layout-flex wp-container-core-group-is-layout-a2e3e733 wp-block-group-is-layout-flex\">\n<p class=\"is-style-plain-emphasis-sm has-on-surface-color has-text-color has-link-color wp-elements-1fd7012a318b882ca102e3bf88e8564d\"><strong>Ma\u00eetriser les flux mondiaux<\/strong><\/p>\n\n\n\n<p>La logistique internationale est un pilier du commerce mondial. Dans cette sp\u00e9cialisation internationale, vous d\u00e9velopperez une expertise en gestion des flux, optimisation des co\u00fbts et utilisation des outils digitaux (ERP, blockchain).<\/p>\n\n\n\n<p>Les m\u00e9tiers de ce secteur, comme supply chain manager, acheteur international ou responsable logistique, sont en forte demande. Les enjeux actuels incluent la r\u00e9silience des cha\u00eenes d\u2019approvisionnement, la durabilit\u00e9 et l\u2019innovation technologique. Une sp\u00e9cialisation id\u00e9ale pour ceux qui veulent allier rigueur op\u00e9rationnelle et vision strat\u00e9gique.<\/p>\n<\/div>\n<\/details>\n<\/div>\n\n\n\n<div class=\"wp-block-group alignfull wp-pattern wp-pattern-programs-courses wp-pattern-programs-courses-three-columns has-surface-background-color has-background has-global-padding is-layout-constrained wp-block-group-is-layout-constrained has-block-anchor\" style=\"border-radius:0px;margin-top:0;margin-bottom:0;padding-top:var(--wp--preset--spacing--padding-y-section);padding-bottom:var(--wp--preset--spacing--padding-y-section)\">\n<div class=\"wp-block-group alignwide wp-pattern__inner is-layout-flow wp-container-core-group-is-layout-575f1b41 wp-block-group-is-layout-flow has-block-anchor\" style=\"margin-top:0;margin-bottom:0\">\n<div class=\"wp-block-group wp-pattern__header is-layout-flow wp-block-group-is-layout-flow has-block-anchor\">\n<p class=\"is-style-heading-default-eyebrow has-on-surface-color has-text-color has-link-color wp-elements-89060d89d523fceb5a057378984784c8\">Nos Formations<\/p>\n\n\n\n<h2 class=\"wp-block-heading is-style-heading-emphasis-h2 has-on-surface-color has-text-color has-link-color wp-elements-7b417d7510426fa448936df64970a387\" style=\"margin-top:var(--wp--preset--spacing--xs);margin-bottom:var(--wp--preset--spacing--2-xl)\" id=\"les-programmes-grande-ecole-specialisation-international-de-linseec\">Les Programmes Grande \u00c9cole sp\u00e9cialisation International de l\u2019INSEEC<\/h2>\n\n\n\n<p class=\"is-style-plain-default-md has-on-surface-subtle-color has-text-color has-link-color wp-elements-35c776734902fd9c28c59bdded858317\">Les Programmes Grande \u00c9cole en International de l\u2019INSEEC forme des experts du commerce mondial, pr\u00eats \u00e0 conqu\u00e9rir l\u2019Europe et au-del\u00e0. Alternance et projets concrets boostent votre carri\u00e8re. Choisissez votre cursus.<\/p>\n<\/div>\n\n\n\n<div class=\"wp-block-group is-layout-flow wp-container-core-group-is-layout-3fccdef8 wp-block-group-is-layout-flow\">\n<div class=\"wp-block-group is-layout-grid wp-container-core-group-is-layout-9718aa02 wp-block-group-is-layout-grid\"><div class=\"wpgb-facet wpgb-loading wpgb-facet-25\" data-facet=\"25\" data-grid=\"wpgb-content-block\/60b999da70944ac3bbd671c1e6573b90\"><\/div><\/div>\n\n\n\n<div class=\"wp-block-query is-layout-flow wp-block-query-is-layout-flow wpgb-content-block60b999da70944ac3bbd671c1e6573b90\"><ul class=\"wp-block-post-template is-layout-grid wp-container-core-post-template-is-layout-25c06649 wp-block-post-template-is-layout-grid\"><li class=\"wp-block-post post-81188 program type-program status-publish hentry city-lyon certification-titre-rncp-niveau-7 program_language-anglais admission_level-bac-2 admission_level-bac-3 training_pace-initial school-grande-ecole specialisation-international\">\n\n<div class=\"crd crd--program\">\n\t<ul class=\"terms-list no-list-style\"><li class=\"is-style-tag-fill-sm\">Bac +2<\/li><li class=\"is-style-tag-fill-sm\">Bac +3<\/li><\/ul><h3 class=\"crd__title is-style-plain-emphasis-md\">Grade de Master Tourism, Leisure &#038; Gastronomy<\/h3>\n\t<div class=\"crd__buttons\">\n\t\t<div class=\"wp-block-button is-style-outline-sm\"><a href=\"https:\/\/www.inseec.com\/demande-brochure\/\" class=\"wp-block-button__link\">Brochure<\/a><\/div><div class=\"wp-block-button is-style-subtle-sm\"><a href=\"https:\/\/www.inseec.com\/programme\/master-tourism-leisure-gastronomy\/\" class=\"wp-block-button__link\">Discover <span class=\"sr-only\">Grade de Master Tourism, Leisure &#038; Gastronomy<\/span><\/a><\/div>\t<\/div>\n<\/div>\n\n<\/li><li class=\"wp-block-post post-81735 program type-program status-publish hentry city-paris certification-titre-rncp-niveau-7 program_language-anglais admission_level-bac-3 admission_level-bac-4 training_pace-initial school-grande-ecole specialisation-international\">\n\n<div class=\"crd crd--program\">\n\t<ul class=\"terms-list no-list-style\"><li class=\"is-style-tag-fill-sm\">Bac +3<\/li><li class=\"is-style-tag-fill-sm\">Bac +4<\/li><\/ul><h3 class=\"crd__title is-style-plain-emphasis-md\">MSc lab\u00e9lis\u00e9 CGE \u2013 International Business Management<\/h3>\n\t<div class=\"crd__buttons\">\n\t\t<div class=\"wp-block-button is-style-subtle-sm\"><a href=\"https:\/\/www.inseec.com\/programme\/master-of-science-cge-international-business-management\/\" class=\"wp-block-button__link\">Discover <span class=\"sr-only\">MSc lab\u00e9lis\u00e9 CGE \u2013 International Business Management<\/span><\/a><\/div>\t<\/div>\n<\/div>\n\n<\/li><\/ul><\/div>\n\n\n<div class=\"wpgb-facet wpgb-loading wpgb-facet-2\" data-facet=\"2\" data-grid=\"wpgb-content-block\/60b999da70944ac3bbd671c1e6573b90\"><\/div><\/div>\n<\/div>\n<\/div>\n\n\n\n<div class=\"wp-block-group alignwide wp-pattern wp-pattern-testimonials-slider wp-pattern-testimonials-slider-large is-layout-flow wp-container-core-group-is-layout-c960db89 wp-block-group-is-layout-flow has-block-anchor\" style=\"margin-top:0;margin-bottom:0;padding-top:var(--wp--preset--spacing--padding-y-section);padding-bottom:var(--wp--preset--spacing--padding-y-section)\">\n<div class=\"wp-block-group wp-pattern__header is-layout-flow wp-block-group-is-layout-flow has-block-anchor\">\n<p class=\"is-style-heading-default-eyebrow has-on-surface-color has-text-color has-link-color wp-elements-bb3ef0242b710bfda36b8894b94aceb6\">T\u00e9moignages<\/p>\n\n\n\n<h2 class=\"wp-block-heading is-style-heading-emphasis-h2 has-on-surface-color has-text-color has-link-color wp-elements-a90a4d1cd5812a142b16e405275b15d5\" style=\"margin-top:var(--wp--preset--spacing--xs);margin-bottom:var(--wp--preset--spacing--2-xl)\" id=\"lavis-de-nos-etudiants\">L\u2019avis de nos \u00e9tudiants<\/h2>\n<\/div>\n\n\n<div class=\"block block--content-picking wp-block-beapi-manual-block\" data-type=\"manual\" data-layout=\"slider-card-large\" data-post-type=\"contact\">\n\t\t\t<div class=\"block--content-picking__contact-large-slider\">\n\t\n\t<div class=\"block--content-picking__content swiper\">\n\t\t<ul class=\"swiper-wrapper\">\n\t\t\t<li class=\"swiper-slide\">\n<div class=\"crd crd--contact-classic-large\">\n\t<div class=\"crd__image-wrapper\">\n\t\t<div class=\"crd__image\"><img decoding=\"async\" width=\"508\" height=\"640\" src=\"https:\/\/www.inseec.com\/wp-content\/uploads\/sites\/32\/2025\/12\/photo-contact-inseec-ge-giscard-r.jpg?w=508&#038;h=640&#038;crop=1\" class=\"\" alt=\"\" data-location=\"\" loading=\"lazy\" srcset=\"https:\/\/www.inseec.com\/wp-content\/uploads\/sites\/32\/2025\/12\/photo-contact-inseec-ge-giscard-r.jpg?resize=18,24 18w, https:\/\/www.inseec.com\/wp-content\/uploads\/sites\/32\/2025\/12\/photo-contact-inseec-ge-giscard-r.jpg?resize=508,640 508w, https:\/\/www.inseec.com\/wp-content\/uploads\/sites\/32\/2025\/12\/photo-contact-inseec-ge-giscard-r.jpg?resize=1016,1280 1016w, https:\/\/www.inseec.com\/wp-content\/uploads\/sites\/32\/2025\/12\/photo-contact-inseec-ge-giscard-r.jpg?resize=330,416 330w, https:\/\/www.inseec.com\/wp-content\/uploads\/sites\/32\/2025\/12\/photo-contact-inseec-ge-giscard-r.jpg?resize=660,832 660w\" sizes=\"auto, (max-width: 508px) 100vw, 508px\" \/><\/div><svg class=\"icon icon-quote-rounded\" aria-hidden=\"true\" focusable=\"false\"><use href=\"https:\/\/www.inseec.com\/wp-content\/themes\/omnes-design-system\/dist\/icons\/sprite.svg#icon-quote-rounded\"><\/use><\/svg>\t<\/div>\n\n\t<blockquote class=\"crd__content\">\n\t\t<p class=\"crd__testimonial is-style-plain-emphasis-xl has-on-surface-color\">Apr\u00e8s un \u00e9change \u00e0 Londres, j\u2019ai r\u00e9alis\u00e9 un stage en immobilier et marketing digital \u00e0 Malte. Cette immersion internationale a renforc\u00e9 mes comp\u00e9tences et mon ouverture d\u2019esprit.<\/p>\n\t\t<div class=\"crd__infos\">\n\t\t\t\t\t\t<cite class=\"crd__name\">\n\t\t\t\t<span class=\"crd__fullname is-style-plain-emphasis-sm has-on-surface-color\">Giscard Rasolondraibe<\/span>\t\t\t<\/cite>\n\t\t<\/div>\n\t<\/blockquote>\n<\/div>\n<\/li>\t\t<\/ul>\n\t\t\n<div class=\"swiper__controls\">\n\t<div class=\"swiper-pagination\"><\/div>\n\n\t<div class=\"swiper__buttons\">\n\t\t\t\t\t<button class=\"swiper-button-prev\" type=\"button\">\n\t\t\t\t<svg class=\"icon icon-arrow-left\" aria-hidden=\"true\" focusable=\"false\"><use href=\"https:\/\/www.inseec.com\/wp-content\/themes\/omnes-design-system\/dist\/icons\/sprite.svg#icon-arrow-left\"><\/use><\/svg>\t\t\t<\/button>\n\t\t\t<button class=\"swiper-button-next\" type=\"button\">\n\t\t\t\t<svg class=\"icon icon-arrow-right\" aria-hidden=\"true\" focusable=\"false\"><use href=\"https:\/\/www.inseec.com\/wp-content\/themes\/omnes-design-system\/dist\/icons\/sprite.svg#icon-arrow-right\"><\/use><\/svg>\t\t\t<\/button>\n\t\t\t<\/div>\n<\/div>\n\t<\/div>\n\n\t<\/div>\n<\/div>\n<script type=\"application\/ld+json\">\n{\"@context\":\"https:\\\/\\\/schema.org\",\"@graph\":[{\"name\":\"Rasolondraibe Giscard\",\"@type\":\"Person\",\"jobTitle\":\"\",\"worksFor\":{\"@type\":\"Organization\",\"name\":\"\"},\"image\":\"https:\\\/\\\/www.inseec.com\\\/wp-content\\\/uploads\\\/sites\\\/32\\\/2025\\\/12\\\/photo-contact-inseec-ge-giscard-r.jpg\",\"description\":\"Apr\\u00c3\\u00a8s un \\u00c3\\u00a9change \\u00c3\\u00a0 Londres, j\\u00e2\\u0080\\u0099ai r\\u00c3\\u00a9alis\\u00c3\\u00a9 un stage en immobilier et marketing digital \\u00c3\\u00a0 Malte. Cette immersion internationale a renforc\\u00c3\\u00a9 mes comp\\u00c3\\u00a9tences et mon ouverture d\\u00e2\\u0080\\u0099esprit.\",\"alumniOf\":{\"@id\":\"https:\\\/\\\/www.inseec.com\\\/#organization\"},\"sameAs\":[]},{\"name\":\"Rasolondraibe Giscard\",\"@type\":\"Person\",\"jobTitle\":\"\",\"worksFor\":{\"@type\":\"Organization\",\"name\":\"\"},\"image\":\"https:\\\/\\\/www.inseec.com\\\/wp-content\\\/uploads\\\/sites\\\/32\\\/2025\\\/12\\\/photo-contact-inseec-ge-giscard-r.jpg\",\"description\":\"Apr\\u00c3\\u00a8s un \\u00c3\\u00a9change \\u00c3\\u00a0 Londres, j\\u00e2\\u0080\\u0099ai r\\u00c3\\u00a9alis\\u00c3\\u00a9 un stage en immobilier et marketing digital \\u00c3\\u00a0 Malte. Cette immersion internationale a renforc\\u00c3\\u00a9 mes comp\\u00c3\\u00a9tences et mon ouverture d\\u00e2\\u0080\\u0099esprit.\",\"alumniOf\":{\"@id\":\"https:\\\/\\\/www.inseec.com\\\/#organization\"},\"sameAs\":[]}]}\n<\/script>\n<\/div>\n\n\n\n<div class=\"wp-block-group alignfull wp-pattern wp-pattern-jobs-list has-surface-variant-background-color has-background has-global-padding is-layout-constrained wp-block-group-is-layout-constrained has-block-anchor\" style=\"margin-top:0;margin-bottom:0;padding-top:var(--wp--preset--spacing--padding-y-section);padding-bottom:var(--wp--preset--spacing--padding-y-section)\">\n<div class=\"wp-block-group alignwide wp-pattern__inner is-layout-flow wp-container-core-group-is-layout-8eee5202 wp-block-group-is-layout-flow has-block-anchor\">\n<div class=\"wp-block-columns is-layout-flex wp-container-core-columns-is-layout-28f84493 wp-block-columns-is-layout-flex has-block-anchor\">\n<div class=\"wp-block-column is-layout-flow wp-block-column-is-layout-flow\">\n<div class=\"wp-block-group is-vertical is-layout-flex wp-container-core-group-is-layout-b80b8bd4 wp-block-group-is-layout-flex has-block-anchor\">\n<div class=\"wp-block-group is-vertical is-layout-flex wp-container-core-group-is-layout-bd7877ba wp-block-group-is-layout-flex has-block-anchor\">\n<p class=\"is-style-heading-default-eyebrow has-on-surface-color has-text-color has-link-color wp-elements-4dbd32ca648bce1415159d7d857ca8b4\">Les m\u00e9tiers<\/p>\n\n\n\n<h2 class=\"wp-block-heading is-style-heading-emphasis-h2 has-on-surface-color has-text-color has-link-color wp-elements-1f5b1808076fea4d3986ca093e621d08\" id=\"les-debouches-dun-grade-de-master-specialisation-international\">Les d\u00e9bouch\u00e9s d&#8217;un Grade de Master sp\u00e9cialisation International<\/h2>\n<\/div>\n\n\n\n<p class=\"is-style-plain-default-md has-on-surface-subtle-color has-text-color has-link-color wp-elements-b738dc0f4039b22c0d18ca1331af3e63\">Le Programme Grande \u00c9cole sp\u00e9cialisation International de l\u2019INSEEC ouvre la voie \u00e0 des m\u00e9tiers strat\u00e9giques dans le commerce mondial, l\u2019export et le management interculturel, pour une carri\u00e8re sans fronti\u00e8res.<\/p>\n<\/div>\n<\/div>\n\n\n\n<div class=\"wp-block-column is-layout-flow wp-block-column-is-layout-flow\">\n<div class=\"block block--jobs-tag jobs-tag\">\n\t<ul><li><a href=\"https:\/\/www.inseec.com\/careers-guide\/acheteur-international\/\" class=\"is-style-tag-fill-lg\">Acheteur International<\/a><\/li><li><a href=\"https:\/\/www.inseec.com\/careers-guide\/brand-manager\/\" class=\"is-style-tag-fill-lg\">Brand manager<\/a><\/li><li><a href=\"https:\/\/www.inseec.com\/careers-guide\/business-analyst\/\" class=\"is-style-tag-fill-lg\">Business analyst<\/a><\/li><li><a href=\"https:\/\/www.inseec.com\/careers-guide\/chef-de-produit\/\" class=\"is-style-tag-fill-lg\">Chef de produit<\/a><\/li><li><a href=\"https:\/\/www.inseec.com\/careers-guide\/consultant-en-communication\/\" class=\"is-style-tag-fill-lg\">Consultant en communication<\/a><\/li><\/ul><\/div>\n<\/div>\n<\/div>\n\n\n\n<div class=\"wp-block-group alignwide wp-pattern wp-pattern-banner-jobs wp-pattern-banner-jobs-inverse has-inverse-variant-background-color has-background is-content-justification-space-between is-nowrap is-layout-flex wp-container-core-group-is-layout-949f8704 wp-block-group-is-layout-flex\" style=\"padding-top:var(--wp--preset--spacing--padding-y-sm);padding-right:var(--wp--preset--spacing--padding-y-sm);padding-bottom:var(--wp--preset--spacing--padding-y-sm);padding-left:var(--wp--preset--spacing--padding-y-sm)\">\n<div class=\"wp-block-group is-style-heading-emphasis-h3 has-on-surface-color has-text-color has-link-color wp-elements-e42f5b11bc8c70923e2efa5b51a3cbe0 is-vertical is-layout-flex wp-container-core-group-is-layout-bd7877ba wp-block-group-is-layout-flex\">\n<p class=\"is-style-heading-emphasis-h3 has-inverse-on-surface-color has-text-color has-link-color wp-elements-83f14a1af573ae5e138677fac9ad7266\">2 750 \u20ac \u00e0 3 750 \u20ac<\/p>\n\n\n\n<p class=\"is-style-plain-emphasis-md has-inverse-on-surface-color has-text-color has-link-color wp-elements-a9b3a913af2cec901fa48197f73019e8\">Salaire moyen d\u2019un jeune dipl\u00f4m\u00e9<\/p>\n<\/div>\n\n\n\n<div class=\"wp-block-group is-nowrap is-layout-flex wp-container-core-group-is-layout-a2d696be wp-block-group-is-layout-flex\">\n<p class=\"is-style-plain-default-sm has-inverse-on-surface-color has-text-color has-link-color wp-elements-e29168e83fd4d456b825c1746eee7f38\">Vous avez des questions sur votre orientation ?<br>Prenez un rendez-vous personnalis\u00e9<\/p>\n\n\n\n<div class=\"wp-block-buttons is-content-justification-left is-layout-flex wp-container-core-buttons-is-layout-541a3246 wp-block-buttons-is-layout-flex\">\n<div class=\"wp-block-button is-style-subtle-md popmake-85128\"><a class=\"wp-block-button__link wp-element-button\">Rendez-vous personnalis\u00e9<\/a><\/div>\n<\/div>\n<\/div>\n<\/div>\n<\/div>\n<\/div>\n\n\n\n<section class=\"wp-block-group alignfull wp-pattern-presentation-tabs has-global-padding is-layout-constrained wp-block-group-is-layout-constrained has-block-anchor\" style=\"margin-top:0;margin-bottom:0;padding-top:var(--wp--preset--spacing--padding-y-section);padding-bottom:var(--wp--preset--spacing--padding-y-section)\">\n<div class=\"wp-block-group alignwide is-layout-flow wp-block-group-is-layout-flow has-block-anchor\">\n<h2 class=\"wp-block-heading alignwide is-style-display-emphasis-d3\" style=\"margin-bottom:var(--wp--preset--spacing--5-xl)\" id=\"etudiez-au-coeur-des-grandes-villes-de-france\">\u00c9tudiez au c\u0153ur des grandes villes de France<\/h2>\n\n\n\n<p class=\"alignwide has-text-align-wide is-style-heading-emphasis-h4 has-on-surface-color has-text-color has-link-color wp-elements-947dcd45fdacbf1e5a56c5220641b8ad\">Nos campus<\/p>\n\n\n\n<div class=\"wp-block-blockparty-tabs alignwide has-align-top-right\" aria-label=\"\" role=\"tablist\">\n<ul class=\"wp-block-blockparty-tabs-nav\">\n<li class=\"wp-block-blockparty-tabs-nav-item\"><a id=\"block-tab-2-0\" role=\"tab\" aria-controls=\"block-panel-2-0\" class=\"wp-block-blockparty-tabs-nav-link\" href=\"#block-tab-2-0\"><span>Lyon<\/span><\/a><\/li>\n\n\n\n<li class=\"wp-block-blockparty-tabs-nav-item\"><a id=\"block-tab-2-1\" role=\"tab\" aria-controls=\"block-panel-2-1\" class=\"wp-block-blockparty-tabs-nav-link\" href=\"#block-tab-2-1\"><span>Paris<\/span><\/a><\/li>\n\n\n\n<li class=\"wp-block-blockparty-tabs-nav-item\"><a id=\"block-tab-2-2\" role=\"tab\" aria-controls=\"block-panel-2-2\" class=\"wp-block-blockparty-tabs-nav-link\" href=\"#block-tab-2-2\"><span>Bordeaux<\/span><\/a><\/li>\n<\/ul>\n\n\n\n<section class=\"wp-block-blockparty-tabs-panels\">\n<div role=\"tabpanel\" tabindex=\"0\" class=\"wp-block-blockparty-tabs-panel-item\" id=\"block-panel-2-0\" aria-labelledby=\"block-tab-2-0\"><div class=\"wp-block-blockparty-tabs-panel-item__inner\"><article class=\"campus block block--campus block--campus-vertical align wp-block-omnes-ds-campus\">\n\t\t\t<figure class=\"block__gallery\">\n\t\t\t<figure><img loading=\"lazy\" decoding=\"async\" width=\"660\" height=\"882\" src=\"https:\/\/www.inseec.com\/wp-content\/uploads\/sites\/32\/2025\/11\/campus-lyon-inseec-photo-portrait.jpg?w=660\" class=\"\" alt=\"Photo du campus de Lyon de l\u2019\u00e9cole de commerce INSEEC dans une ancienne usine Citro\u00ebn r\u00e9nov\u00e9e\" data-location=\"\" srcset=\"https:\/\/www.inseec.com\/wp-content\/uploads\/sites\/32\/2025\/11\/campus-lyon-inseec-photo-portrait.jpg 660w, https:\/\/www.inseec.com\/wp-content\/uploads\/sites\/32\/2025\/11\/campus-lyon-inseec-photo-portrait.jpg?resize=224,300 224w, https:\/\/www.inseec.com\/wp-content\/uploads\/sites\/32\/2025\/11\/campus-lyon-inseec-photo-portrait.jpg?resize=180,240 180w, https:\/\/www.inseec.com\/wp-content\/uploads\/sites\/32\/2025\/11\/campus-lyon-inseec-photo-portrait.jpg?resize=360,480 360w, https:\/\/www.inseec.com\/wp-content\/uploads\/sites\/32\/2025\/11\/campus-lyon-inseec-photo-portrait.jpg?resize=218,291 218w, https:\/\/www.inseec.com\/wp-content\/uploads\/sites\/32\/2025\/11\/campus-lyon-inseec-photo-portrait.jpg?resize=436,582 436w, https:\/\/www.inseec.com\/wp-content\/uploads\/sites\/32\/2025\/11\/campus-lyon-inseec-photo-portrait.jpg?resize=225,300 225w, https:\/\/www.inseec.com\/wp-content\/uploads\/sites\/32\/2025\/11\/campus-lyon-inseec-photo-portrait.jpg?resize=450,600 450w, https:\/\/www.inseec.com\/wp-content\/uploads\/sites\/32\/2025\/11\/campus-lyon-inseec-photo-portrait.jpg?resize=240,320 240w, https:\/\/www.inseec.com\/wp-content\/uploads\/sites\/32\/2025\/11\/campus-lyon-inseec-photo-portrait.jpg?resize=480,640 480w, https:\/\/www.inseec.com\/wp-content\/uploads\/sites\/32\/2025\/11\/campus-lyon-inseec-photo-portrait.jpg?resize=330,440 330w, https:\/\/www.inseec.com\/wp-content\/uploads\/sites\/32\/2025\/11\/campus-lyon-inseec-photo-portrait.jpg?resize=30,40 30w, https:\/\/www.inseec.com\/wp-content\/uploads\/sites\/32\/2025\/11\/campus-lyon-inseec-photo-portrait.jpg?resize=60,80 60w, https:\/\/www.inseec.com\/wp-content\/uploads\/sites\/32\/2025\/11\/campus-lyon-inseec-photo-portrait.jpg?resize=120,160 120w, https:\/\/www.inseec.com\/wp-content\/uploads\/sites\/32\/2025\/11\/campus-lyon-inseec-photo-portrait.jpg?resize=37,50 37w, https:\/\/www.inseec.com\/wp-content\/uploads\/sites\/32\/2025\/11\/campus-lyon-inseec-photo-portrait.jpg?resize=75,100 75w, https:\/\/www.inseec.com\/wp-content\/uploads\/sites\/32\/2025\/11\/campus-lyon-inseec-photo-portrait.jpg?resize=18,24 18w, https:\/\/www.inseec.com\/wp-content\/uploads\/sites\/32\/2025\/11\/campus-lyon-inseec-photo-portrait.jpg?resize=36,48 36w\" sizes=\"auto, (max-width: 660px) 100vw, 660px\" \/><\/figure><figure><img loading=\"lazy\" decoding=\"async\" width=\"1058\" height=\"798\" src=\"https:\/\/www.inseec.com\/wp-content\/uploads\/sites\/32\/2025\/11\/campus-slider-vr-campus-lyon-inseec-dalle-detente.jpg?w=1058\" class=\"\" alt=\"Photo d\u2019une salle de d\u00e9tente du campus de Lyon de l\u2019\u00e9cole de commerce INSEEC\" data-location=\"\" srcset=\"https:\/\/www.inseec.com\/wp-content\/uploads\/sites\/32\/2025\/11\/campus-slider-vr-campus-lyon-inseec-dalle-detente.jpg 1058w, https:\/\/www.inseec.com\/wp-content\/uploads\/sites\/32\/2025\/11\/campus-slider-vr-campus-lyon-inseec-dalle-detente.jpg?resize=300,226 300w, https:\/\/www.inseec.com\/wp-content\/uploads\/sites\/32\/2025\/11\/campus-slider-vr-campus-lyon-inseec-dalle-detente.jpg?resize=768,579 768w, https:\/\/www.inseec.com\/wp-content\/uploads\/sites\/32\/2025\/11\/campus-slider-vr-campus-lyon-inseec-dalle-detente.jpg?resize=220,165 220w, https:\/\/www.inseec.com\/wp-content\/uploads\/sites\/32\/2025\/11\/campus-slider-vr-campus-lyon-inseec-dalle-detente.jpg?resize=240,180 240w, https:\/\/www.inseec.com\/wp-content\/uploads\/sites\/32\/2025\/11\/campus-slider-vr-campus-lyon-inseec-dalle-detente.jpg?resize=282,212 282w, https:\/\/www.inseec.com\/wp-content\/uploads\/sites\/32\/2025\/11\/campus-slider-vr-campus-lyon-inseec-dalle-detente.jpg?resize=564,424 564w, https:\/\/www.inseec.com\/wp-content\/uploads\/sites\/32\/2025\/11\/campus-slider-vr-campus-lyon-inseec-dalle-detente.jpg?resize=330,248 330w, https:\/\/www.inseec.com\/wp-content\/uploads\/sites\/32\/2025\/11\/campus-slider-vr-campus-lyon-inseec-dalle-detente.jpg?resize=529,399 529w, https:\/\/www.inseec.com\/wp-content\/uploads\/sites\/32\/2025\/11\/campus-slider-vr-campus-lyon-inseec-dalle-detente.jpg?resize=53,40 53w, https:\/\/www.inseec.com\/wp-content\/uploads\/sites\/32\/2025\/11\/campus-slider-vr-campus-lyon-inseec-dalle-detente.jpg?resize=106,80 106w, https:\/\/www.inseec.com\/wp-content\/uploads\/sites\/32\/2025\/11\/campus-slider-vr-campus-lyon-inseec-dalle-detente.jpg?resize=212,160 212w, https:\/\/www.inseec.com\/wp-content\/uploads\/sites\/32\/2025\/11\/campus-slider-vr-campus-lyon-inseec-dalle-detente.jpg?resize=66,50 66w, https:\/\/www.inseec.com\/wp-content\/uploads\/sites\/32\/2025\/11\/campus-slider-vr-campus-lyon-inseec-dalle-detente.jpg?resize=133,100 133w, https:\/\/www.inseec.com\/wp-content\/uploads\/sites\/32\/2025\/11\/campus-slider-vr-campus-lyon-inseec-dalle-detente.jpg?resize=24,18 24w, https:\/\/www.inseec.com\/wp-content\/uploads\/sites\/32\/2025\/11\/campus-slider-vr-campus-lyon-inseec-dalle-detente.jpg?resize=48,36 48w, https:\/\/www.inseec.com\/wp-content\/uploads\/sites\/32\/2025\/11\/campus-slider-vr-campus-lyon-inseec-dalle-detente.jpg?resize=40,30 40w, https:\/\/www.inseec.com\/wp-content\/uploads\/sites\/32\/2025\/11\/campus-slider-vr-campus-lyon-inseec-dalle-detente.jpg?resize=80,60 80w\" sizes=\"auto, (max-width: 1058px) 100vw, 1058px\" \/><\/figure><figure><img loading=\"lazy\" decoding=\"async\" width=\"1058\" height=\"798\" src=\"https:\/\/www.inseec.com\/wp-content\/uploads\/sites\/32\/2025\/11\/campus-slider-vr-campus-lyon-inseec-lion-rouge-hall.jpg?w=1058\" class=\"\" alt=\"Photo de la statue du lion rouge dans le hall du campus de Lyon de l\u2019\u00e9cole de commerce INSEEC\" data-location=\"\" srcset=\"https:\/\/www.inseec.com\/wp-content\/uploads\/sites\/32\/2025\/11\/campus-slider-vr-campus-lyon-inseec-lion-rouge-hall.jpg 1058w, https:\/\/www.inseec.com\/wp-content\/uploads\/sites\/32\/2025\/11\/campus-slider-vr-campus-lyon-inseec-lion-rouge-hall.jpg?resize=300,226 300w, https:\/\/www.inseec.com\/wp-content\/uploads\/sites\/32\/2025\/11\/campus-slider-vr-campus-lyon-inseec-lion-rouge-hall.jpg?resize=768,579 768w, https:\/\/www.inseec.com\/wp-content\/uploads\/sites\/32\/2025\/11\/campus-slider-vr-campus-lyon-inseec-lion-rouge-hall.jpg?resize=220,165 220w, https:\/\/www.inseec.com\/wp-content\/uploads\/sites\/32\/2025\/11\/campus-slider-vr-campus-lyon-inseec-lion-rouge-hall.jpg?resize=240,180 240w, https:\/\/www.inseec.com\/wp-content\/uploads\/sites\/32\/2025\/11\/campus-slider-vr-campus-lyon-inseec-lion-rouge-hall.jpg?resize=282,212 282w, https:\/\/www.inseec.com\/wp-content\/uploads\/sites\/32\/2025\/11\/campus-slider-vr-campus-lyon-inseec-lion-rouge-hall.jpg?resize=564,424 564w, https:\/\/www.inseec.com\/wp-content\/uploads\/sites\/32\/2025\/11\/campus-slider-vr-campus-lyon-inseec-lion-rouge-hall.jpg?resize=330,248 330w, https:\/\/www.inseec.com\/wp-content\/uploads\/sites\/32\/2025\/11\/campus-slider-vr-campus-lyon-inseec-lion-rouge-hall.jpg?resize=529,399 529w, https:\/\/www.inseec.com\/wp-content\/uploads\/sites\/32\/2025\/11\/campus-slider-vr-campus-lyon-inseec-lion-rouge-hall.jpg?resize=53,40 53w, https:\/\/www.inseec.com\/wp-content\/uploads\/sites\/32\/2025\/11\/campus-slider-vr-campus-lyon-inseec-lion-rouge-hall.jpg?resize=106,80 106w, https:\/\/www.inseec.com\/wp-content\/uploads\/sites\/32\/2025\/11\/campus-slider-vr-campus-lyon-inseec-lion-rouge-hall.jpg?resize=212,160 212w, https:\/\/www.inseec.com\/wp-content\/uploads\/sites\/32\/2025\/11\/campus-slider-vr-campus-lyon-inseec-lion-rouge-hall.jpg?resize=66,50 66w, https:\/\/www.inseec.com\/wp-content\/uploads\/sites\/32\/2025\/11\/campus-slider-vr-campus-lyon-inseec-lion-rouge-hall.jpg?resize=133,100 133w, https:\/\/www.inseec.com\/wp-content\/uploads\/sites\/32\/2025\/11\/campus-slider-vr-campus-lyon-inseec-lion-rouge-hall.jpg?resize=24,18 24w, https:\/\/www.inseec.com\/wp-content\/uploads\/sites\/32\/2025\/11\/campus-slider-vr-campus-lyon-inseec-lion-rouge-hall.jpg?resize=48,36 48w, https:\/\/www.inseec.com\/wp-content\/uploads\/sites\/32\/2025\/11\/campus-slider-vr-campus-lyon-inseec-lion-rouge-hall.jpg?resize=40,30 40w, https:\/\/www.inseec.com\/wp-content\/uploads\/sites\/32\/2025\/11\/campus-slider-vr-campus-lyon-inseec-lion-rouge-hall.jpg?resize=80,60 80w\" sizes=\"auto, (max-width: 1058px) 100vw, 1058px\" \/><\/figure>\t\t<\/figure>\n\t\t\t<div class=\"block__content\">\n\t\t<h2 class=\"block__eyebrow is-style-heading-default-eyebrow has-on-surface-subtle-color\">Campus de Lyon<\/h2><p class=\"block__title is-style-plain-emphasis-xl\">Rejoignez un campus historique et vivant<\/p><p class=\"block__excerpt\">Profitez d\u2019un campus historique au c\u0153ur de Lyon, ville culturelle et \u00e9tudiante parmi les plus dynamiques de France.<\/p>\t\t<div class=\"block__buttons wp-block-buttons\">\n\t\t\t<div class=\"wp-block-button is-style-outline-md\"><a title=\"D\u00e9couvrir le campus de Lyon\" href=\"https:\/\/www.inseec.com\/campus\/ecole-de-commerce-lyon\/\" class=\"wp-block-button__link\">D\u00e9couvrir<\/a><\/div><div class=\"wp-block-button is-style-default\"><a title=\"Portes Ouvertes du campus de Lyon\" href=\"https:\/\/www.inseec.com\/evenement\/?_type_devenement_unique=journee-portes-ouvertes&#038;_event_campus=832\" class=\"wp-block-button__link\">Portes Ouvertes<\/a><\/div>\t\t<\/div>\n\t<\/div>\n<\/article>\n<\/div><\/div>\n\n\n\n<div role=\"tabpanel\" tabindex=\"0\" class=\"wp-block-blockparty-tabs-panel-item\" id=\"block-panel-2-1\" aria-labelledby=\"block-tab-2-1\"><div class=\"wp-block-blockparty-tabs-panel-item__inner\"><article class=\"campus block block--campus block--campus-vertical align wp-block-omnes-ds-campus\">\n\t\t\t<figure class=\"block__gallery\">\n\t\t\t<figure><img loading=\"lazy\" decoding=\"async\" width=\"660\" height=\"770\" src=\"https:\/\/www.inseec.com\/wp-content\/uploads\/sites\/32\/2025\/11\/campus-paris-eiffel-inseec-portrait.jpg?w=660\" class=\"\" alt=\"Photo du campus Paris Eiffel de l\u2019\u00e9cole de commerce INSEEC avec la tour Eiffel en fond\" data-location=\"\" srcset=\"https:\/\/www.inseec.com\/wp-content\/uploads\/sites\/32\/2025\/11\/campus-paris-eiffel-inseec-portrait.jpg 660w, https:\/\/www.inseec.com\/wp-content\/uploads\/sites\/32\/2025\/11\/campus-paris-eiffel-inseec-portrait.jpg?resize=257,300 257w, https:\/\/www.inseec.com\/wp-content\/uploads\/sites\/32\/2025\/11\/campus-paris-eiffel-inseec-portrait.jpg?resize=34,40 34w, https:\/\/www.inseec.com\/wp-content\/uploads\/sites\/32\/2025\/11\/campus-paris-eiffel-inseec-portrait.jpg?resize=69,80 69w, https:\/\/www.inseec.com\/wp-content\/uploads\/sites\/32\/2025\/11\/campus-paris-eiffel-inseec-portrait.jpg?resize=137,160 137w, https:\/\/www.inseec.com\/wp-content\/uploads\/sites\/32\/2025\/11\/campus-paris-eiffel-inseec-portrait.jpg?resize=43,50 43w, https:\/\/www.inseec.com\/wp-content\/uploads\/sites\/32\/2025\/11\/campus-paris-eiffel-inseec-portrait.jpg?resize=86,100 86w, https:\/\/www.inseec.com\/wp-content\/uploads\/sites\/32\/2025\/11\/campus-paris-eiffel-inseec-portrait.jpg?resize=21,24 21w, https:\/\/www.inseec.com\/wp-content\/uploads\/sites\/32\/2025\/11\/campus-paris-eiffel-inseec-portrait.jpg?resize=41,48 41w\" sizes=\"auto, (max-width: 660px) 100vw, 660px\" \/><\/figure><figure><img loading=\"lazy\" decoding=\"async\" width=\"660\" height=\"361\" src=\"https:\/\/www.inseec.com\/wp-content\/uploads\/sites\/32\/2025\/11\/campus-paris-vellefaux-inseec-cafeteria.jpg?w=660\" class=\"\" alt=\"Photo de la caf\u00e9t\u00e9ria \u00e0 l\u2019int\u00e9rieur du campus r\u00e9nov\u00e9 de Paris Vellefaux de l\u2019\u00e9cole de commerce INSEEC\" data-location=\"\" srcset=\"https:\/\/www.inseec.com\/wp-content\/uploads\/sites\/32\/2025\/11\/campus-paris-vellefaux-inseec-cafeteria.jpg 660w, https:\/\/www.inseec.com\/wp-content\/uploads\/sites\/32\/2025\/11\/campus-paris-vellefaux-inseec-cafeteria.jpg?resize=300,164 300w, https:\/\/www.inseec.com\/wp-content\/uploads\/sites\/32\/2025\/11\/campus-paris-vellefaux-inseec-cafeteria.jpg?resize=73,40 73w, https:\/\/www.inseec.com\/wp-content\/uploads\/sites\/32\/2025\/11\/campus-paris-vellefaux-inseec-cafeteria.jpg?resize=146,80 146w, https:\/\/www.inseec.com\/wp-content\/uploads\/sites\/32\/2025\/11\/campus-paris-vellefaux-inseec-cafeteria.jpg?resize=293,160 293w, https:\/\/www.inseec.com\/wp-content\/uploads\/sites\/32\/2025\/11\/campus-paris-vellefaux-inseec-cafeteria.jpg?resize=91,50 91w, https:\/\/www.inseec.com\/wp-content\/uploads\/sites\/32\/2025\/11\/campus-paris-vellefaux-inseec-cafeteria.jpg?resize=183,100 183w, https:\/\/www.inseec.com\/wp-content\/uploads\/sites\/32\/2025\/11\/campus-paris-vellefaux-inseec-cafeteria.jpg?resize=24,13 24w, https:\/\/www.inseec.com\/wp-content\/uploads\/sites\/32\/2025\/11\/campus-paris-vellefaux-inseec-cafeteria.jpg?resize=48,26 48w, https:\/\/www.inseec.com\/wp-content\/uploads\/sites\/32\/2025\/11\/campus-paris-vellefaux-inseec-cafeteria.jpg?resize=40,22 40w, https:\/\/www.inseec.com\/wp-content\/uploads\/sites\/32\/2025\/11\/campus-paris-vellefaux-inseec-cafeteria.jpg?resize=80,44 80w\" sizes=\"auto, (max-width: 660px) 100vw, 660px\" \/><\/figure><figure><img loading=\"lazy\" decoding=\"async\" width=\"794\" height=\"599\" src=\"https:\/\/www.inseec.com\/wp-content\/uploads\/sites\/32\/2025\/11\/campus-slider-vr-campus-paris-la-defense-inseec-salle-detente.jpg?w=794\" class=\"\" alt=\"\" data-location=\"\" srcset=\"https:\/\/www.inseec.com\/wp-content\/uploads\/sites\/32\/2025\/11\/campus-slider-vr-campus-paris-la-defense-inseec-salle-detente.jpg 794w, https:\/\/www.inseec.com\/wp-content\/uploads\/sites\/32\/2025\/11\/campus-slider-vr-campus-paris-la-defense-inseec-salle-detente.jpg?resize=300,226 300w, https:\/\/www.inseec.com\/wp-content\/uploads\/sites\/32\/2025\/11\/campus-slider-vr-campus-paris-la-defense-inseec-salle-detente.jpg?resize=768,579 768w, https:\/\/www.inseec.com\/wp-content\/uploads\/sites\/32\/2025\/11\/campus-slider-vr-campus-paris-la-defense-inseec-salle-detente.jpg?resize=220,165 220w, https:\/\/www.inseec.com\/wp-content\/uploads\/sites\/32\/2025\/11\/campus-slider-vr-campus-paris-la-defense-inseec-salle-detente.jpg?resize=240,180 240w, https:\/\/www.inseec.com\/wp-content\/uploads\/sites\/32\/2025\/11\/campus-slider-vr-campus-paris-la-defense-inseec-salle-detente.jpg?resize=282,212 282w, https:\/\/www.inseec.com\/wp-content\/uploads\/sites\/32\/2025\/11\/campus-slider-vr-campus-paris-la-defense-inseec-salle-detente.jpg?resize=564,424 564w, https:\/\/www.inseec.com\/wp-content\/uploads\/sites\/32\/2025\/11\/campus-slider-vr-campus-paris-la-defense-inseec-salle-detente.jpg?resize=330,248 330w, https:\/\/www.inseec.com\/wp-content\/uploads\/sites\/32\/2025\/11\/campus-slider-vr-campus-paris-la-defense-inseec-salle-detente.jpg?resize=529,399 529w, https:\/\/www.inseec.com\/wp-content\/uploads\/sites\/32\/2025\/11\/campus-slider-vr-campus-paris-la-defense-inseec-salle-detente.jpg?resize=53,40 53w, https:\/\/www.inseec.com\/wp-content\/uploads\/sites\/32\/2025\/11\/campus-slider-vr-campus-paris-la-defense-inseec-salle-detente.jpg?resize=106,80 106w, https:\/\/www.inseec.com\/wp-content\/uploads\/sites\/32\/2025\/11\/campus-slider-vr-campus-paris-la-defense-inseec-salle-detente.jpg?resize=212,160 212w, https:\/\/www.inseec.com\/wp-content\/uploads\/sites\/32\/2025\/11\/campus-slider-vr-campus-paris-la-defense-inseec-salle-detente.jpg?resize=66,50 66w, https:\/\/www.inseec.com\/wp-content\/uploads\/sites\/32\/2025\/11\/campus-slider-vr-campus-paris-la-defense-inseec-salle-detente.jpg?resize=133,100 133w, https:\/\/www.inseec.com\/wp-content\/uploads\/sites\/32\/2025\/11\/campus-slider-vr-campus-paris-la-defense-inseec-salle-detente.jpg?resize=24,18 24w, https:\/\/www.inseec.com\/wp-content\/uploads\/sites\/32\/2025\/11\/campus-slider-vr-campus-paris-la-defense-inseec-salle-detente.jpg?resize=48,36 48w, https:\/\/www.inseec.com\/wp-content\/uploads\/sites\/32\/2025\/11\/campus-slider-vr-campus-paris-la-defense-inseec-salle-detente.jpg?resize=40,30 40w, https:\/\/www.inseec.com\/wp-content\/uploads\/sites\/32\/2025\/11\/campus-slider-vr-campus-paris-la-defense-inseec-salle-detente.jpg?resize=80,60 80w\" sizes=\"auto, (max-width: 794px) 100vw, 794px\" \/><\/figure>\t\t<\/figure>\n\t\t\t<div class=\"block__content\">\n\t\t<h2 class=\"block__eyebrow is-style-heading-default-eyebrow has-on-surface-subtle-color\">Campus de Paris<\/h2><p class=\"block__title is-style-plain-emphasis-xl\">\u00c9tudiez au c\u0153ur de la capitale<\/p><p class=\"block__excerpt\">D\u00e9couvrez trois campus modernes et faciles d\u2019acc\u00e8s dans des lieux embl\u00e9matiques de Paris.<\/p>\t\t<div class=\"block__buttons wp-block-buttons\">\n\t\t\t<div class=\"wp-block-button is-style-outline-md\"><a title=\"D\u00e9couvrir le campus de Paris\" href=\"https:\/\/www.inseec.com\/campus\/ecole-de-commerce-paris\/\" class=\"wp-block-button__link\">D\u00e9couvrir<\/a><\/div><div class=\"wp-block-button is-style-default\"><a title=\"Portes Ouvertes du campus de Paris\" href=\"https:\/\/www.inseec.com\/evenement\/?_type_devenement_unique=journee-portes-ouvertes&#038;_event_campus=134\" class=\"wp-block-button__link\">Portes Ouvertes<\/a><\/div>\t\t<\/div>\n\t<\/div>\n<\/article>\n<\/div><\/div>\n\n\n\n<div role=\"tabpanel\" tabindex=\"0\" class=\"wp-block-blockparty-tabs-panel-item\" id=\"block-panel-2-2\" aria-labelledby=\"block-tab-2-2\"><div class=\"wp-block-blockparty-tabs-panel-item__inner\"><article class=\"campus block block--campus block--campus-vertical align wp-block-omnes-ds-campus\">\n\t\t\t<figure class=\"block__gallery\">\n\t\t\t<figure><img loading=\"lazy\" decoding=\"async\" width=\"660\" height=\"770\" src=\"https:\/\/www.inseec.com\/wp-content\/uploads\/sites\/32\/2025\/11\/campus-bordeaux-inseec-facade.jpg?w=660\" class=\"\" alt=\"Photo du campus de Bordeaux de l\u2019\u00e9cole de commerce INSEEC\" data-location=\"\" srcset=\"https:\/\/www.inseec.com\/wp-content\/uploads\/sites\/32\/2025\/11\/campus-bordeaux-inseec-facade.jpg 660w, https:\/\/www.inseec.com\/wp-content\/uploads\/sites\/32\/2025\/11\/campus-bordeaux-inseec-facade.jpg?resize=257,300 257w, https:\/\/www.inseec.com\/wp-content\/uploads\/sites\/32\/2025\/11\/campus-bordeaux-inseec-facade.jpg?resize=34,40 34w, https:\/\/www.inseec.com\/wp-content\/uploads\/sites\/32\/2025\/11\/campus-bordeaux-inseec-facade.jpg?resize=69,80 69w, https:\/\/www.inseec.com\/wp-content\/uploads\/sites\/32\/2025\/11\/campus-bordeaux-inseec-facade.jpg?resize=137,160 137w, https:\/\/www.inseec.com\/wp-content\/uploads\/sites\/32\/2025\/11\/campus-bordeaux-inseec-facade.jpg?resize=43,50 43w, https:\/\/www.inseec.com\/wp-content\/uploads\/sites\/32\/2025\/11\/campus-bordeaux-inseec-facade.jpg?resize=86,100 86w, https:\/\/www.inseec.com\/wp-content\/uploads\/sites\/32\/2025\/11\/campus-bordeaux-inseec-facade.jpg?resize=21,24 21w, https:\/\/www.inseec.com\/wp-content\/uploads\/sites\/32\/2025\/11\/campus-bordeaux-inseec-facade.jpg?resize=41,48 41w\" sizes=\"auto, (max-width: 660px) 100vw, 660px\" \/><\/figure><figure><img loading=\"lazy\" decoding=\"async\" width=\"660\" height=\"361\" src=\"https:\/\/www.inseec.com\/wp-content\/uploads\/sites\/32\/2025\/11\/campus-bordeaux-inseec-cafeteria.jpg?w=660\" class=\"\" alt=\"Photo de la caf\u00e9t\u00e9ria \u00e0 l\u2019int\u00e9rieur du campus de Bordeaux de l\u2019\u00e9cole de commerce INSEEC\" data-location=\"\" srcset=\"https:\/\/www.inseec.com\/wp-content\/uploads\/sites\/32\/2025\/11\/campus-bordeaux-inseec-cafeteria.jpg 660w, https:\/\/www.inseec.com\/wp-content\/uploads\/sites\/32\/2025\/11\/campus-bordeaux-inseec-cafeteria.jpg?resize=300,164 300w, https:\/\/www.inseec.com\/wp-content\/uploads\/sites\/32\/2025\/11\/campus-bordeaux-inseec-cafeteria.jpg?resize=73,40 73w, https:\/\/www.inseec.com\/wp-content\/uploads\/sites\/32\/2025\/11\/campus-bordeaux-inseec-cafeteria.jpg?resize=146,80 146w, https:\/\/www.inseec.com\/wp-content\/uploads\/sites\/32\/2025\/11\/campus-bordeaux-inseec-cafeteria.jpg?resize=293,160 293w, https:\/\/www.inseec.com\/wp-content\/uploads\/sites\/32\/2025\/11\/campus-bordeaux-inseec-cafeteria.jpg?resize=91,50 91w, https:\/\/www.inseec.com\/wp-content\/uploads\/sites\/32\/2025\/11\/campus-bordeaux-inseec-cafeteria.jpg?resize=183,100 183w, https:\/\/www.inseec.com\/wp-content\/uploads\/sites\/32\/2025\/11\/campus-bordeaux-inseec-cafeteria.jpg?resize=24,13 24w, https:\/\/www.inseec.com\/wp-content\/uploads\/sites\/32\/2025\/11\/campus-bordeaux-inseec-cafeteria.jpg?resize=48,26 48w, https:\/\/www.inseec.com\/wp-content\/uploads\/sites\/32\/2025\/11\/campus-bordeaux-inseec-cafeteria.jpg?resize=40,22 40w, https:\/\/www.inseec.com\/wp-content\/uploads\/sites\/32\/2025\/11\/campus-bordeaux-inseec-cafeteria.jpg?resize=80,44 80w\" sizes=\"auto, (max-width: 660px) 100vw, 660px\" \/><\/figure><figure><img loading=\"lazy\" decoding=\"async\" width=\"660\" height=\"361\" src=\"https:\/\/www.inseec.com\/wp-content\/uploads\/sites\/32\/2025\/11\/campus-bordeaux-inseec-terrasse-bord-garonne.jpg?w=660\" class=\"\" alt=\"Photo de la terrasse en bordure de Garonne du campus de Bordeaux de l\u2019\u00e9cole de commerce INSEEC\" data-location=\"\" srcset=\"https:\/\/www.inseec.com\/wp-content\/uploads\/sites\/32\/2025\/11\/campus-bordeaux-inseec-terrasse-bord-garonne.jpg 660w, https:\/\/www.inseec.com\/wp-content\/uploads\/sites\/32\/2025\/11\/campus-bordeaux-inseec-terrasse-bord-garonne.jpg?resize=300,164 300w, https:\/\/www.inseec.com\/wp-content\/uploads\/sites\/32\/2025\/11\/campus-bordeaux-inseec-terrasse-bord-garonne.jpg?resize=73,40 73w, https:\/\/www.inseec.com\/wp-content\/uploads\/sites\/32\/2025\/11\/campus-bordeaux-inseec-terrasse-bord-garonne.jpg?resize=146,80 146w, https:\/\/www.inseec.com\/wp-content\/uploads\/sites\/32\/2025\/11\/campus-bordeaux-inseec-terrasse-bord-garonne.jpg?resize=293,160 293w, https:\/\/www.inseec.com\/wp-content\/uploads\/sites\/32\/2025\/11\/campus-bordeaux-inseec-terrasse-bord-garonne.jpg?resize=91,50 91w, https:\/\/www.inseec.com\/wp-content\/uploads\/sites\/32\/2025\/11\/campus-bordeaux-inseec-terrasse-bord-garonne.jpg?resize=183,100 183w, https:\/\/www.inseec.com\/wp-content\/uploads\/sites\/32\/2025\/11\/campus-bordeaux-inseec-terrasse-bord-garonne.jpg?resize=24,13 24w, https:\/\/www.inseec.com\/wp-content\/uploads\/sites\/32\/2025\/11\/campus-bordeaux-inseec-terrasse-bord-garonne.jpg?resize=48,26 48w, https:\/\/www.inseec.com\/wp-content\/uploads\/sites\/32\/2025\/11\/campus-bordeaux-inseec-terrasse-bord-garonne.jpg?resize=40,22 40w, https:\/\/www.inseec.com\/wp-content\/uploads\/sites\/32\/2025\/11\/campus-bordeaux-inseec-terrasse-bord-garonne.jpg?resize=80,44 80w\" sizes=\"auto, (max-width: 660px) 100vw, 660px\" \/><\/figure>\t\t<\/figure>\n\t\t\t<div class=\"block__content\">\n\t\t<h2 class=\"block__eyebrow is-style-heading-default-eyebrow has-on-surface-subtle-color\">Campus de Bordeaux<\/h2><p class=\"block__title is-style-plain-emphasis-xl\">\u00c9tudiez au bord de la Garonne<\/p><p class=\"block__excerpt\">Rejoignez un campus moderne et chaleureux en bord de Garonne, au c\u0153ur d\u2019une ville vivante et conviviale.<\/p>\t\t<div class=\"block__buttons wp-block-buttons\">\n\t\t\t<div class=\"wp-block-button is-style-outline-md\"><a title=\"D\u00e9couvrir le campus de Bordeaux\" href=\"https:\/\/www.inseec.com\/campus\/ecole-de-commerce-bordeaux\/\" class=\"wp-block-button__link\">D\u00e9couvrir<\/a><\/div><div class=\"wp-block-button is-style-default\"><a title=\"Portes Ouvertes du campus de Bordeaux\" href=\"https:\/\/www.inseec.com\/evenement\/?_type_devenement_unique=journee-portes-ouvertes&#038;_event_campus=835\" class=\"wp-block-button__link\">Portes Ouvertes<\/a><\/div>\t\t<\/div>\n\t<\/div>\n<\/article>\n<\/div><\/div>\n<\/section>\n<\/div>\n<\/div>\n<\/section>\n\n\n\n<div class=\"wp-block-group alignfull wp-pattern wp-pattern-specialisations-slider has-inverse-variant-background-color has-background has-global-padding is-layout-constrained wp-container-core-group-is-layout-02609ccb wp-block-group-is-layout-constrained has-block-anchor\" style=\"border-radius:0px;margin-top:0;margin-bottom:0;padding-top:var(--wp--preset--spacing--6-xl);padding-right:var(--wp--preset--spacing--padding-x-section);padding-bottom:var(--wp--preset--spacing--6-xl);padding-left:var(--wp--preset--spacing--padding-x-section)\">\n<div class=\"wp-block-group alignwide wp-pattern__inner is-layout-flow wp-container-core-group-is-layout-3fccdef8 wp-block-group-is-layout-flow has-block-anchor\">\n<div class=\"wp-block-group wp-pattern__header is-vertical is-layout-flex wp-container-core-group-is-layout-b80b8bd4 wp-block-group-is-layout-flex has-block-anchor\">\n<div class=\"wp-block-group is-vertical is-layout-flex wp-container-core-group-is-layout-bd7877ba wp-block-group-is-layout-flex has-block-anchor\">\n<p class=\"is-style-heading-default-eyebrow has-inverse-on-surface-subtle-color has-text-color has-link-color wp-elements-dd63a51d32106d43b23411e561a18948\">L\u2019offre de formation la plus compl\u00e8te<\/p>\n\n\n\n<h2 class=\"wp-block-heading is-style-heading-emphasis-h2 has-inverse-on-surface-color has-text-color has-link-color wp-elements-563fa7a9d4d45683c0a1fb8b15eea886\" id=\"les-domaines-dexpertise\">Les domaines d\u2019expertise<\/h2>\n<\/div>\n\n\n\n<p class=\"is-style-plain-default-md has-inverse-on-surface-subtle-color has-text-color has-link-color wp-elements-f8c79945573a588e813404360d26905a\">Explorez les sp\u00e9cialisations qui fa\u00e7onnent les experts de demain, entre cr\u00e9ativit\u00e9, strat\u00e9gie et innovation.<\/p>\n<\/div>\n\n\n\n<div class=\"wp-block-group is-layout-flow wp-block-group-is-layout-flow has-block-anchor\"><div class=\"block block--content-picking wp-block-beapi-dynamic-block\" data-type=\"dynamic\" data-layout=\"slider-specialisation\" data-post-type=\"document\">\n\t\t\t<div class=\"block--content-picking__document-specialisation-slider\">\n\t\n\t<div class=\"block--content-picking__content swiper embla swiper-overflow-visible\">\n\t\t<div class=\"embla__viewport\">\n\t\t\t<div class=\"embla__container\" id=\"embla__container-1\">\n\t\t\t\t<div class=\"embla__slide\"><article class=\"crd crd--document-specialisation-secondary\" data-seo-container>\n\t<div class=\"crd__image\"><img decoding=\"async\" width=\"330\" height=\"279\" src=\"https:\/\/www.inseec.com\/wp-content\/uploads\/sites\/32\/2025\/12\/specialisation-sport-inseec-grande-ecole.jpg?w=330&#038;h=279&#038;crop=1\" class=\"\" alt=\"\" data-location=\"\" loading=\"lazy\" \/><\/div><h3 class=\"crd__title is-style-plain-emphasis-xl\"><a href=\"https:\/\/www.inseec.com\/grande-ecole\/grande-ecole-sport\/\" data-seo-target=\"\" class=\"crd__link has-inverse-on-surface-color\">PGE Sport<\/a><\/h3><p class=\"crd__excerpt is-style-plain-default-sm has-inverse-on-surface-color\">Sur le campus de Lyon, le Programme Grande \u00c9cole sp\u00e9cialisation Sport de l\u2019INSEEC vous forme \u00e0 devenir un expert du management sportif, pr\u00eat \u00e0 int\u00e9grer un secteur dynamique et en pleine expansion.<\/p>\n\t<div class=\"crd__button has-inverse-surface-color\">\n\t\t<svg class=\"icon icon-arrow-up-right\" aria-hidden=\"true\" focusable=\"false\"><use href=\"https:\/\/www.inseec.com\/wp-content\/themes\/omnes-design-system\/dist\/icons\/sprite.svg#icon-arrow-up-right\"><\/use><\/svg>\t<\/div>\n<\/article><\/div><div class=\"embla__slide\"><article class=\"crd crd--document-specialisation-secondary\" data-seo-container>\n\t<div class=\"crd__image\"><img decoding=\"async\" width=\"330\" height=\"186\" src=\"https:\/\/www.inseec.com\/wp-content\/uploads\/sites\/32\/2025\/12\/specialisation-rse-inseec-msc.jpg?w=330&#038;h=186&#038;crop=1\" class=\"\" alt=\"Image d\u2019illustration de la sp\u00e9cialisation RSE de l\u2019INSEEC MSc de l\u2019\u00e9cole de commerce INSEEC\" data-location=\"\" loading=\"lazy\" srcset=\"https:\/\/www.inseec.com\/wp-content\/uploads\/sites\/32\/2025\/12\/specialisation-rse-inseec-msc.jpg 330w, https:\/\/www.inseec.com\/wp-content\/uploads\/sites\/32\/2025\/12\/specialisation-rse-inseec-msc.jpg?resize=300,169 300w, https:\/\/www.inseec.com\/wp-content\/uploads\/sites\/32\/2025\/12\/specialisation-rse-inseec-msc.jpg?resize=260,146 260w, https:\/\/www.inseec.com\/wp-content\/uploads\/sites\/32\/2025\/12\/specialisation-rse-inseec-msc.jpg?resize=71,40 71w, https:\/\/www.inseec.com\/wp-content\/uploads\/sites\/32\/2025\/12\/specialisation-rse-inseec-msc.jpg?resize=142,80 142w, https:\/\/www.inseec.com\/wp-content\/uploads\/sites\/32\/2025\/12\/specialisation-rse-inseec-msc.jpg?resize=284,160 284w, https:\/\/www.inseec.com\/wp-content\/uploads\/sites\/32\/2025\/12\/specialisation-rse-inseec-msc.jpg?resize=89,50 89w, https:\/\/www.inseec.com\/wp-content\/uploads\/sites\/32\/2025\/12\/specialisation-rse-inseec-msc.jpg?resize=177,100 177w, https:\/\/www.inseec.com\/wp-content\/uploads\/sites\/32\/2025\/12\/specialisation-rse-inseec-msc.jpg?resize=24,14 24w, https:\/\/www.inseec.com\/wp-content\/uploads\/sites\/32\/2025\/12\/specialisation-rse-inseec-msc.jpg?resize=48,27 48w, https:\/\/www.inseec.com\/wp-content\/uploads\/sites\/32\/2025\/12\/specialisation-rse-inseec-msc.jpg?resize=40,23 40w, https:\/\/www.inseec.com\/wp-content\/uploads\/sites\/32\/2025\/12\/specialisation-rse-inseec-msc.jpg?resize=80,45 80w\" sizes=\"auto, (max-width: 330px) 100vw, 330px\" \/><\/div><h3 class=\"crd__title is-style-plain-emphasis-xl\"><a href=\"https:\/\/www.inseec.com\/grande-ecole\/grande-ecole-rse\/\" data-seo-target=\"\" class=\"crd__link has-inverse-on-surface-color\">PGE RSE<\/a><\/h3><p class=\"crd__excerpt is-style-plain-default-sm has-inverse-on-surface-color\">Le Programme Grande \u00c9cole sp\u00e9cialisation RSE de l&#8217;INSEEC Lyon forme des experts de la responsabilit\u00e9 soci\u00e9tale recherch\u00e9s, capables de piloter la transformation durable des entreprises.<\/p>\n\t<div class=\"crd__button has-inverse-surface-color\">\n\t\t<svg class=\"icon icon-arrow-up-right\" aria-hidden=\"true\" focusable=\"false\"><use href=\"https:\/\/www.inseec.com\/wp-content\/themes\/omnes-design-system\/dist\/icons\/sprite.svg#icon-arrow-up-right\"><\/use><\/svg>\t<\/div>\n<\/article><\/div><div class=\"embla__slide\"><article class=\"crd crd--document-specialisation-secondary\" data-seo-container>\n\t<div class=\"crd__image\"><img decoding=\"async\" width=\"330\" height=\"279\" src=\"https:\/\/www.inseec.com\/wp-content\/uploads\/sites\/32\/2025\/12\/specialisation-ressources-humaines-inseec-grande-ecole.jpg?w=330&#038;h=279&#038;crop=1\" class=\"\" alt=\"Image d\u2019illustration de la sp\u00e9cialisation Ressources Humaines de l\u2019INSEEC Grande \u00c9cole de l\u2019\u00e9cole de commerce INSEEC\" data-location=\"\" loading=\"lazy\" \/><\/div><h3 class=\"crd__title is-style-plain-emphasis-xl\"><a href=\"https:\/\/www.inseec.com\/grande-ecole\/grande-ecole-rh\/\" data-seo-target=\"\" class=\"crd__link has-inverse-on-surface-color\">PGE Ressources Humaines<\/a><\/h3><p class=\"crd__excerpt is-style-plain-default-sm has-inverse-on-surface-color\">Le Programme Grande \u00c9cole sp\u00e9cialisation Ressources Humaines de l\u2019INSEEC vous pr\u00e9pare aux m\u00e9tiers strat\u00e9giques du recrutement, de la formation et de la transformation des organisations, avec des postes vari\u00e9s et un impact direct sur la performance des entreprises.<\/p>\n\t<div class=\"crd__button has-inverse-surface-color\">\n\t\t<svg class=\"icon icon-arrow-up-right\" aria-hidden=\"true\" focusable=\"false\"><use href=\"https:\/\/www.inseec.com\/wp-content\/themes\/omnes-design-system\/dist\/icons\/sprite.svg#icon-arrow-up-right\"><\/use><\/svg>\t<\/div>\n<\/article><\/div><div class=\"embla__slide\"><article class=\"crd crd--document-specialisation-secondary\" data-seo-container>\n\t<div class=\"crd__image\"><img decoding=\"async\" width=\"330\" height=\"279\" src=\"https:\/\/www.inseec.com\/wp-content\/uploads\/sites\/32\/2025\/12\/specialisation-marketing-inseec-grande-ecole.jpg?w=330&#038;h=279&#038;crop=1\" class=\"\" alt=\"\" data-location=\"\" loading=\"lazy\" \/><\/div><h3 class=\"crd__title is-style-plain-emphasis-xl\"><a href=\"https:\/\/www.inseec.com\/grande-ecole\/grande-ecole-marketing\/\" data-seo-target=\"\" class=\"crd__link has-inverse-on-surface-color\">PGE Marketing<\/a><\/h3><p class=\"crd__excerpt is-style-plain-default-sm has-inverse-on-surface-color\">Le Programme Grande \u00c9cole sp\u00e9cialisation Marketing conf\u00e8re le Grade de Master. Il forme des experts polyvalents, pr\u00eats \u00e0 int\u00e9grer un secteur dynamique au c\u0153ur des \u00e9cosyst\u00e8mes cr\u00e9atifs et \u00e9conomiques. Campus \u00e0 Paris, Bordeaux ou Lyon.<\/p>\n\t<div class=\"crd__button has-inverse-surface-color\">\n\t\t<svg class=\"icon icon-arrow-up-right\" aria-hidden=\"true\" focusable=\"false\"><use href=\"https:\/\/www.inseec.com\/wp-content\/themes\/omnes-design-system\/dist\/icons\/sprite.svg#icon-arrow-up-right\"><\/use><\/svg>\t<\/div>\n<\/article><\/div><div class=\"embla__slide\"><article class=\"crd crd--document-specialisation-secondary\" data-seo-container>\n\t<div class=\"crd__image\"><img decoding=\"async\" width=\"330\" height=\"279\" src=\"https:\/\/www.inseec.com\/wp-content\/uploads\/sites\/32\/2025\/12\/specialisation-luxe-inseec-grande-ecole.jpg?w=330&#038;h=279&#038;crop=1\" class=\"\" alt=\"Image d\u2019illustration de la sp\u00e9cialisation Luxe de l\u2019INSEEC Grande \u00c9cole de l\u2019\u00e9cole de commerce INSEEC\" data-location=\"\" loading=\"lazy\" \/><\/div><h3 class=\"crd__title is-style-plain-emphasis-xl\"><a href=\"https:\/\/www.inseec.com\/grande-ecole\/grande-ecole-luxe\/\" data-seo-target=\"\" class=\"crd__link has-inverse-on-surface-color\">PGE Luxe<\/a><\/h3><p class=\"crd__excerpt is-style-plain-default-sm has-inverse-on-surface-color\">Le Programme Grande \u00c9cole sp\u00e9cialisation Luxe de l\u2019INSEEC fait de vous des experts du secteur, pr\u00eats \u00e0 int\u00e9grer les maisons prestigieuses et les march\u00e9s internationaux.<\/p>\n\t<div class=\"crd__button has-inverse-surface-color\">\n\t\t<svg class=\"icon icon-arrow-up-right\" aria-hidden=\"true\" focusable=\"false\"><use href=\"https:\/\/www.inseec.com\/wp-content\/themes\/omnes-design-system\/dist\/icons\/sprite.svg#icon-arrow-up-right\"><\/use><\/svg>\t<\/div>\n<\/article><\/div><div class=\"embla__slide\"><article class=\"crd crd--document-specialisation-secondary\" data-seo-container>\n\t<div class=\"crd__image\"><img decoding=\"async\" width=\"330\" height=\"279\" src=\"https:\/\/www.inseec.com\/wp-content\/uploads\/sites\/32\/2025\/12\/specialisation-international-inseec-grande-ecole.jpg?w=330&#038;h=279&#038;crop=1\" class=\"\" alt=\"Image d\u2019illustration de la sp\u00e9cialisation International de l\u2019INSEEC Grande \u00c9cole de l\u2019\u00e9cole de commerce INSEEC\" data-location=\"\" loading=\"lazy\" \/><\/div><h3 class=\"crd__title is-style-plain-emphasis-xl\"><a href=\"https:\/\/www.inseec.com\/grande-ecole\/grande-ecole-international\/\" data-seo-target=\"\" class=\"crd__link has-inverse-on-surface-color\">PGE International<\/a><\/h3><p class=\"crd__excerpt is-style-plain-default-sm has-inverse-on-surface-color\">Avec le Programme Grande \u00c9cole sp\u00e9cialisation International de l\u2019INSEEC, devenez manager bilingue op\u00e9rationnel. Un cursus prestigieux, dispens\u00e9 sur les campus de Paris, Bordeaux et Lyon.<\/p>\n\t<div class=\"crd__button has-inverse-surface-color\">\n\t\t<svg class=\"icon icon-arrow-up-right\" aria-hidden=\"true\" focusable=\"false\"><use href=\"https:\/\/www.inseec.com\/wp-content\/themes\/omnes-design-system\/dist\/icons\/sprite.svg#icon-arrow-up-right\"><\/use><\/svg>\t<\/div>\n<\/article><\/div><div class=\"embla__slide\"><article class=\"crd crd--document-specialisation-secondary\" data-seo-container>\n\t<div class=\"crd__image\"><img decoding=\"async\" width=\"330\" height=\"279\" src=\"https:\/\/www.inseec.com\/wp-content\/uploads\/sites\/32\/2025\/12\/specialisation-finance-inseec-grande-ecole.jpg?w=330&#038;h=279&#038;crop=1\" class=\"\" alt=\"\" data-location=\"\" loading=\"lazy\" \/><\/div><h3 class=\"crd__title is-style-plain-emphasis-xl\"><a href=\"https:\/\/www.inseec.com\/grande-ecole\/grande-ecole-finance\/\" data-seo-target=\"\" class=\"crd__link has-inverse-on-surface-color\">PGE Finance<\/a><\/h3><p class=\"crd__excerpt is-style-plain-default-sm has-inverse-on-surface-color\">Avec le Programme Grande \u00c9cole sp\u00e9cialisation Finance de l\u2019INSEEC (conf\u00e9rant le Grade de Master), devenez un expert financier op\u00e9rationnel, pr\u00eat \u00e0 int\u00e9grer les march\u00e9s internationaux. \u00c9tudes depuis Paris, Bordeaux ou Lyon.<\/p>\n\t<div class=\"crd__button has-inverse-surface-color\">\n\t\t<svg class=\"icon icon-arrow-up-right\" aria-hidden=\"true\" focusable=\"false\"><use href=\"https:\/\/www.inseec.com\/wp-content\/themes\/omnes-design-system\/dist\/icons\/sprite.svg#icon-arrow-up-right\"><\/use><\/svg>\t<\/div>\n<\/article><\/div><div class=\"embla__slide\"><article class=\"crd crd--document-specialisation-secondary\" data-seo-container>\n\t<div class=\"crd__image\"><img decoding=\"async\" width=\"330\" height=\"279\" src=\"https:\/\/www.inseec.com\/wp-content\/uploads\/sites\/32\/2025\/12\/specialisation-data-inseec-grande-ecole.jpg?w=330&#038;h=279&#038;crop=1\" class=\"\" alt=\"\" data-location=\"\" loading=\"lazy\" \/><\/div><h3 class=\"crd__title is-style-plain-emphasis-xl\"><a href=\"https:\/\/www.inseec.com\/grande-ecole\/grande-ecole-data\/\" data-seo-target=\"\" class=\"crd__link has-inverse-on-surface-color\">PGE Data<\/a><\/h3><p class=\"crd__excerpt is-style-plain-default-sm has-inverse-on-surface-color\">Le Programme Grande \u00c9cole sp\u00e9cialisation Data de l\u2019INSEEC Paris pr\u00e9pare \u00e0 des carri\u00e8res dans la gestion, l\u2019exploitation et la valorisation des donn\u00e9es par l\u2019intelligence artificielle.<\/p>\n\t<div class=\"crd__button has-inverse-surface-color\">\n\t\t<svg class=\"icon icon-arrow-up-right\" aria-hidden=\"true\" focusable=\"false\"><use href=\"https:\/\/www.inseec.com\/wp-content\/themes\/omnes-design-system\/dist\/icons\/sprite.svg#icon-arrow-up-right\"><\/use><\/svg>\t<\/div>\n<\/article><\/div><div class=\"embla__slide\"><article class=\"crd crd--document-specialisation-secondary\" data-seo-container>\n\t<div class=\"crd__image\"><img decoding=\"async\" width=\"330\" height=\"279\" src=\"https:\/\/www.inseec.com\/wp-content\/uploads\/sites\/32\/2025\/12\/specialisation-business-inseec-grande-ecole.jpg?w=330&#038;h=279&#038;crop=1\" class=\"\" alt=\"\" data-location=\"\" loading=\"lazy\" \/><\/div><h3 class=\"crd__title is-style-plain-emphasis-xl\"><a href=\"https:\/\/www.inseec.com\/grande-ecole\/grande-ecole-business\/\" data-seo-target=\"\" class=\"crd__link has-inverse-on-surface-color\">PGE Business<\/a><\/h3><p class=\"crd__excerpt is-style-plain-default-sm has-inverse-on-surface-color\">Le Programme Grande \u00c9cole sp\u00e9cialisation Business de l\u2019INSEEC vous pr\u00e9pare \u00e0 piloter la strat\u00e9gie et la performance des entreprises dans un monde en mutation. Campus \u00e0 Paris, Bordeaux ou Lyon.<\/p>\n\t<div class=\"crd__button has-inverse-surface-color\">\n\t\t<svg class=\"icon icon-arrow-up-right\" aria-hidden=\"true\" focusable=\"false\"><use href=\"https:\/\/www.inseec.com\/wp-content\/themes\/omnes-design-system\/dist\/icons\/sprite.svg#icon-arrow-up-right\"><\/use><\/svg>\t<\/div>\n<\/article><\/div>\t\t\t<\/div>\n\t\t<\/div>\n\n\t\t\n<div class=\"swiper__controls\">\n\t<div class=\"swiper-pagination\"><\/div>\n\n\t<div class=\"swiper__buttons\">\n\t\t\t\t\t<button\n\t\t\t\tclass=\"embla__prev swiper-button-disabled\"\n\t\t\t\ttype=\"button\"\n\t\t\t\tdisabled\n\t\t\t\taria-disabled=\"true\"\n\t\t\t\taria-label=\"Previous slide\"\n\t\t\t\taria-controls=\"embla__container-1\">\n\t\t\t\t<svg class=\"icon icon-arrow-left\" aria-hidden=\"true\" focusable=\"false\"><use href=\"https:\/\/www.inseec.com\/wp-content\/themes\/omnes-design-system\/dist\/icons\/sprite.svg#icon-arrow-left\"><\/use><\/svg>\t\t\t<\/button>\n\t\t\t<button\n\t\t\t\tclass=\"embla__next\"\n\t\t\t\ttype=\"button\"\n\t\t\t\taria-label=\"Next slide\"\n\t\t\t\taria-controls=\"embla__container-1\">\n\t\t\t\t<svg class=\"icon icon-arrow-right\" aria-hidden=\"true\" focusable=\"false\"><use href=\"https:\/\/www.inseec.com\/wp-content\/themes\/omnes-design-system\/dist\/icons\/sprite.svg#icon-arrow-right\"><\/use><\/svg>\t\t\t<\/button>\n\t\t\t<\/div>\n<\/div>\n\t<\/div>\n<\/div>\n<\/div>\n<\/div>\n<\/div>\n<\/div>\n\n\n\n<section class=\"wp-block-group alignfull wp-pattern wp-pattern-events-list has-global-padding is-layout-constrained wp-container-core-group-is-layout-b9dc94b5 wp-block-group-is-layout-constrained has-block-anchor\" style=\"margin-top:0;margin-bottom:0;padding-top:var(--wp--preset--spacing--padding-y-section);padding-bottom:var(--wp--preset--spacing--padding-y-section)\">\n<div class=\"wp-block-group wp-pattrern__header is-layout-flow wp-block-group-is-layout-flow has-block-anchor\">\n<p class=\"has-text-align-center is-style-heading-default-eyebrow has-on-surface-color has-text-color has-link-color wp-elements-f87c7f0167b54601ce97aaa0cdc63a70\">Rencontrez-nous<\/p>\n\n\n\n<h2 class=\"wp-block-heading has-text-align-center\" id=\"decouvrez-les-evenementsgrande-ecole\">D\u00e9couvrez les \u00e9v\u00e8nements<br>Grande \u00c9cole<\/h2>\n<\/div>\n\n\n\n<div class=\"wp-block-group alignwide is-layout-flow wp-container-core-group-is-layout-1320b656 wp-block-group-is-layout-flow\" style=\"margin-top:var(--wp--preset--spacing--4-xl)\">\n<div class=\"wp-block-group wp-pattern__filters wp-pattern__filters-centered is-layout-grid wp-container-core-group-is-layout-4fe37c5b wp-block-group-is-layout-grid\"><div class=\"wpgb-facet wpgb-loading wpgb-facet-38\" data-facet=\"38\" data-grid=\"wpgb-content-block\/59d734fa09cf8be62aa58cd44a2af1e6\"><\/div>\n\n<div class=\"wpgb-facet wpgb-loading wpgb-facet-11\" data-facet=\"11\" data-grid=\"wpgb-content-block\/59d734fa09cf8be62aa58cd44a2af1e6\"><\/div><\/div>\n\n\n\n<div class=\"wp-block-query is-layout-flow wp-block-query-is-layout-flow wpgb-content-block59d734fa09cf8be62aa58cd44a2af1e6\"><ul class=\"wp-block-post-template is-layout-grid wp-container-core-post-template-is-layout-523fefc7 wp-block-post-template-is-layout-grid\"><li class=\"wp-block-post post-91404 event type-event status-publish hentry event_type-journee-portes-ouvertes school-grande-ecole\">\n\n<div class=\"crd crd--event crd--event-large\">\n\t<span class=\"crd__program is-style-tag-fill-md\">Grande \u00c9cole<\/span><p class=\"crd__date is-style-heading-emphasis-h1\">11\/02<\/p><h3 class=\"crd__title is-style-plain-emphasis-lg\">Journ\u00e9e Portes Ouvertes \u00e0 Online<\/h3>\n\t<ul class=\"crd__metas\">\n\t\t<li class=\"crd__campus is-style-plain-default-md\"><svg class=\"icon icon-marker\" aria-hidden=\"true\" focusable=\"false\"><use href=\"https:\/\/www.inseec.com\/wp-content\/themes\/omnes-design-system\/dist\/icons\/sprite.svg#icon-marker\"><\/use><\/svg><span>All Campuses<\/span><\/li><li class=\"crd__hours is-style-plain-default-md\"><svg class=\"icon icon-clock\" aria-hidden=\"true\" focusable=\"false\"><use href=\"https:\/\/www.inseec.com\/wp-content\/themes\/omnes-design-system\/dist\/icons\/sprite.svg#icon-clock\"><\/use><\/svg><span>From 18h00 to 19h30<\/span><\/li>\t<\/ul>\n\n\t<div class=\"crd__buttons\">\n\t\t<div class=\"wp-block-button is-style-outline-sm\"><a href=\"https:\/\/www.inseec.com\/evenement\/journee-portes-ouvertes-a-online-2026-02-10-2\/\" class=\"wp-block-button__link\">More info<\/a><\/div><div class=\"wp-block-button is-style-subtle-sm\"><a href=\"https:\/\/grandeecole.inseec.com\/inseecu\/jpo\/12577\" class=\"wp-block-button__link\">I participate<\/a><\/div>\t<\/div>\n<\/div>\n\n<\/li><li class=\"wp-block-post post-91342 event type-event status-publish hentry event_type-journee-portes-ouvertes school-grande-ecole\">\n\n<div class=\"crd crd--event crd--event-large\">\n\t<span class=\"crd__program is-style-tag-fill-md\">Grande \u00c9cole<\/span><p class=\"crd__date is-style-heading-emphasis-h1\">17\/02<\/p><h3 class=\"crd__title is-style-plain-emphasis-lg\">Journ\u00e9e Portes Ouvertes \u00e0 Paris<\/h3>\n\t<ul class=\"crd__metas\">\n\t\t<li class=\"crd__campus is-style-plain-default-md\"><svg class=\"icon icon-marker\" aria-hidden=\"true\" focusable=\"false\"><use href=\"https:\/\/www.inseec.com\/wp-content\/themes\/omnes-design-system\/dist\/icons\/sprite.svg#icon-marker\"><\/use><\/svg><span>\u00c9cole de commerce \u00e0 Paris<\/span><\/li><li class=\"crd__hours is-style-plain-default-md\"><svg class=\"icon icon-clock\" aria-hidden=\"true\" focusable=\"false\"><use href=\"https:\/\/www.inseec.com\/wp-content\/themes\/omnes-design-system\/dist\/icons\/sprite.svg#icon-clock\"><\/use><\/svg><span>From 18h00 to 20h00<\/span><\/li>\t<\/ul>\n\n\t<div class=\"crd__buttons\">\n\t\t<div class=\"wp-block-button is-style-outline-sm\"><a href=\"https:\/\/www.inseec.com\/evenement\/journee-portes-ouvertes-a-paris-2026-02-17\/\" class=\"wp-block-button__link\">More info<\/a><\/div><div class=\"wp-block-button is-style-subtle-sm\"><a href=\"https:\/\/grandeecole.inseec.com\/inseecu\/jpo\/13427\" class=\"wp-block-button__link\">I participate<\/a><\/div>\t<\/div>\n<\/div>\n\n<\/li><li class=\"wp-block-post post-91344 event type-event status-publish hentry event_type-journee-portes-ouvertes school-grande-ecole\">\n\n<div class=\"crd crd--event crd--event-large\">\n\t<span class=\"crd__program is-style-tag-fill-md\">Grande \u00c9cole<\/span><p class=\"crd__date is-style-heading-emphasis-h1\">17\/02<\/p><h3 class=\"crd__title is-style-plain-emphasis-lg\">Journ\u00e9e Portes Ouvertes \u00e0 Bordeaux<\/h3>\n\t<ul class=\"crd__metas\">\n\t\t<li class=\"crd__campus is-style-plain-default-md\"><svg class=\"icon icon-marker\" aria-hidden=\"true\" focusable=\"false\"><use href=\"https:\/\/www.inseec.com\/wp-content\/themes\/omnes-design-system\/dist\/icons\/sprite.svg#icon-marker\"><\/use><\/svg><span>\u00c9cole de commerce \u00e0 Bordeaux<\/span><\/li><li class=\"crd__hours is-style-plain-default-md\"><svg class=\"icon icon-clock\" aria-hidden=\"true\" focusable=\"false\"><use href=\"https:\/\/www.inseec.com\/wp-content\/themes\/omnes-design-system\/dist\/icons\/sprite.svg#icon-clock\"><\/use><\/svg><span>From 18h00 to 20h00<\/span><\/li>\t<\/ul>\n\n\t<div class=\"crd__buttons\">\n\t\t<div class=\"wp-block-button is-style-outline-sm\"><a href=\"https:\/\/www.inseec.com\/evenement\/journee-portes-ouvertes-a-bordeaux-2026-02-17\/\" class=\"wp-block-button__link\">More info<\/a><\/div><div class=\"wp-block-button is-style-subtle-sm\"><a href=\"https:\/\/grandeecole.inseec.com\/inseecu\/jpo\/13428\" class=\"wp-block-button__link\">I participate<\/a><\/div>\t<\/div>\n<\/div>\n\n<\/li><\/ul><\/div>\n<script type=\"application\/ld+json\">\n{\"@context\":\"https:\\\/\\\/schema.org\",\"@graph\":[{\"@type\":\"EducationEvent\",\"name\":\"Journ\\u00c3\\u00a9e Portes Ouvertes \\u00c3\\u00a0 Online\",\"description\":\"R\\u00c3\\u00a9union d'informations - INSEEC Grande Ecole - Tous campus - En ligne - 11\\\/02\\\/2026\",\"startDate\":\"2026-02-11T18:00:00+01:00\",\"endDate\":\"2026-02-11T19:30:00+01:00\",\"eventAttendanceMode\":\"https:\\\/\\\/schema.org\\\/OfflineEventAttendanceMode\",\"organizer\":{\"@id\":\"https:\\\/\\\/www.inseec.com\\\/#organization\"},\"url\":\"https:\\\/\\\/www.inseec.com\\\/evenement\\\/journee-portes-ouvertes-a-online-2026-02-10-2\\\/\",\"isAccessibleForFree\":true},{\"@type\":\"EducationEvent\",\"name\":\"Journ\\u00c3\\u00a9e Portes Ouvertes \\u00c3\\u00a0 Paris\",\"description\":\"Soir\\u00c3\\u00a9e Portes Ouvertes - INSEEC Grande Ecole - Paris - mercredi 18 f\\u00c3\\u00a9vrier 2026\",\"startDate\":\"2026-02-17T18:00:00+01:00\",\"endDate\":\"2026-02-17T20:00:00+01:00\",\"eventAttendanceMode\":\"https:\\\/\\\/schema.org\\\/OfflineEventAttendanceMode\",\"organizer\":{\"@id\":\"https:\\\/\\\/www.inseec.com\\\/#organization\"},\"url\":\"https:\\\/\\\/www.inseec.com\\\/evenement\\\/journee-portes-ouvertes-a-paris-2026-02-17\\\/\",\"isAccessibleForFree\":true,\"location\":{\"@type\":\"Place\",\"name\":\"\\u00c3\\u0089cole de commerce \\u00c3\\u00a0 Paris\",\"address\":{\"@type\":\"PostalAddress\",\"streetAddress\":\"37 Quai de Grenelle\",\"addressLocality\":\"Paris\",\"postalCode\":\"75015\",\"addressCountry\":\"FR\"}}},{\"@type\":\"EducationEvent\",\"name\":\"Journ\\u00c3\\u00a9e Portes Ouvertes \\u00c3\\u00a0 Bordeaux\",\"description\":\"Soir\\u00c3\\u00a9e Portes Ouvertes - INSEEC Grande Ecole - Bordeaux - mercredi 17 f\\u00c3\\u00a9vrier 2026\",\"startDate\":\"2026-02-17T18:00:00+01:00\",\"endDate\":\"2026-02-17T20:00:00+01:00\",\"eventAttendanceMode\":\"https:\\\/\\\/schema.org\\\/OfflineEventAttendanceMode\",\"organizer\":{\"@id\":\"https:\\\/\\\/www.inseec.com\\\/#organization\"},\"url\":\"https:\\\/\\\/www.inseec.com\\\/evenement\\\/journee-portes-ouvertes-a-bordeaux-2026-02-17\\\/\",\"isAccessibleForFree\":true,\"location\":{\"@type\":\"Place\",\"name\":\"\\u00c3\\u0089cole de commerce \\u00c3\\u00a0 Bordeaux\",\"address\":{\"@type\":\"PostalAddress\",\"streetAddress\":\"136 Quai des Chartrons\",\"addressLocality\":\"Bordeaux\",\"postalCode\":\"33000\",\"addressCountry\":\"FR\"}}}]}\n<\/script>\n<\/div>\n\n\n\n<div class=\"wp-block-buttons is-content-justification-center is-layout-flex wp-container-core-buttons-is-layout-a89b3969 wp-block-buttons-is-layout-flex\">\n<div class=\"wp-block-button is-style-outline-lg\"><a class=\"wp-block-button__link wp-element-button\" href=\"https:\/\/www.inseec.com\/evenement\/?_programmes_unique=grande-ecole\">Voir tous les \u00e9v\u00e9nements<\/a><\/div>\n<\/div>\n<\/section>\n\n\n\n<div class=\"wp-block-group alignwide wp-pattern wp-pattern-faq-cta is-layout-flow wp-block-group-is-layout-flow has-block-anchor\" style=\"margin-top:0;margin-bottom:0;padding-top:var(--wp--preset--spacing--6-xl);padding-bottom:var(--wp--preset--spacing--6-xl)\">\n<div class=\"wp-block-columns is-layout-flex wp-container-core-columns-is-layout-b3d710c4 wp-block-columns-is-layout-flex has-block-anchor\">\n<div class=\"wp-block-column is-layout-flow wp-container-core-column-is-layout-e67eb3c6 wp-block-column-is-layout-flow\" style=\"flex-basis:40.3%\">\n<div class=\"wp-block-group is-vertical is-layout-flex wp-container-core-group-is-layout-b80b8bd4 wp-block-group-is-layout-flex has-block-anchor\">\n<div class=\"wp-block-group is-vertical is-layout-flex wp-container-core-group-is-layout-bd7877ba wp-block-group-is-layout-flex has-block-anchor\">\n<p class=\"is-style-heading-default-eyebrow has-on-surface-color has-text-color has-link-color wp-elements-7f5af9274a5957746917b1e3dc31a535\">FAQ<\/p>\n\n\n\n<h2 class=\"wp-block-heading is-style-heading-emphasis-h2 has-on-surface-color has-text-color has-link-color wp-elements-9352f1c1d803590cbccb3fe1e24f11bc\" id=\"des-questions-sur-le-grade-de-master-specialisation-international-de-linseec\">Des questions sur le Grade de Master sp\u00e9cialisation International de l\u2019INSEEC\u00a0?<\/h2>\n<\/div>\n\n\n\n<p class=\"is-style-plain-default-md has-on-surface-subtle-color has-text-color has-link-color wp-elements-d0b57a097ac6e55e743e3cbd3d93dd78\">Le top des questions les plus pos\u00e9es sur la sp\u00e9cialisation International de l\u2019INSEEC. Et si vous n\u2019avez pas trouv\u00e9 toutes vos r\u00e9ponses ici, nous sommes \u00e0 votre \u00e9coute pour en parler\u00a0!<\/p>\n<\/div>\n\n\n\n<div class=\"wp-block-group has-border-color is-vertical is-layout-flex wp-container-core-group-is-layout-b00cbbb9 wp-block-group-is-layout-flex has-block-anchor\" style=\"border-color:var(--wp--custom--border--outline-subtle);border-width:1px;border-radius:16px;padding-top:var(--wp--preset--spacing--padding-y-sm);padding-right:var(--wp--preset--spacing--padding-x-sm);padding-bottom:var(--wp--preset--spacing--padding-y-sm);padding-left:var(--wp--preset--spacing--padding-x-sm)\">\n<div class=\"wp-block-group is-vertical is-layout-flex wp-container-core-group-is-layout-5a6f8b2c wp-block-group-is-layout-flex has-block-anchor\">\n<h3 class=\"wp-block-heading is-style-heading-emphasis-h3 has-on-surface-color has-text-color has-link-color wp-elements-891347d46735e4575c11a3135df33cdc\" id=\"des-questions-surnos-programmesen-international\">Des questions sur<br>nos programmes<br>en International<\/h3>\n<\/div>\n\n\n\n<div class=\"wp-block-buttons is-layout-flex wp-container-core-buttons-is-layout-11bdec33 wp-block-buttons-is-layout-flex\">\n<div class=\"wp-block-button is-style-fill-lg popmake-22\"><a class=\"wp-block-button__link wp-element-button\">T\u00e9l\u00e9charger la brochure<\/a><\/div>\n<\/div>\n<\/div>\n<\/div>\n\n\n\n<div class=\"wp-block-column is-layout-flow wp-container-core-column-is-layout-8a368f38 wp-block-column-is-layout-flow\" style=\"flex-basis:50%\">\n<details class=\"wp-block-details is-style-default is-layout-flow wp-container-core-details-is-layout-9ec55b31 wp-block-details-is-layout-flow\"><summary><h3><span id=\"docs-internal-guid-803b1a95-7fff-07bb-cf59-99f2d9cca0ee\" style=\"letter-spacing: normal; white-space: normal; caret-color: rgb(0, 0, 0); color: rgb(0, 0, 0); font-weight: normal;\"><span style=\"font-size: 14pt; font-family: Arial, sans-serif; color: rgb(67, 67, 67); font-variant-ligatures: normal; font-variant-alternates: normal; font-variant-numeric: normal; font-variant-east-asian: normal; font-variant-position: normal; vertical-align: baseline; white-space: pre-wrap;\"><strong>Quels sont les avantages d&#8217;un Grade de Master sp\u00e9cialisation International pour votre future carri\u00e8re\u00a0?<\/strong><\/span><\/span><\/h3><\/summary>\n<div class=\"wp-block-group is-vertical is-layout-flex wp-container-core-group-is-layout-a2e3e733 wp-block-group-is-layout-flex\">\n<p class=\"is-style-plain-default-sm has-on-surface-subtle-color has-text-color has-link-color wp-elements-9c02d713e7b943784edcc964f7616a89\">Le Programme Grande \u00c9cole sp\u00e9cialisation International (conf\u00e9rant le Grade de Master) pr\u00e9pare \u00e0 des carri\u00e8res \u00e0 haute responsabilit\u00e9 dans le management, la finance ou le commerce global. Cette formation sup\u00e9rieure vis\u00e9e offre une reconnaissance acad\u00e9mique et professionnelle en France et \u00e0 l&#8217;international, tout en d\u00e9veloppant vos comp\u00e9tences strat\u00e9giques et interculturelles.<\/p>\n\n\n\n<p class=\"is-style-plain-default-sm has-on-surface-subtle-color has-text-color has-link-color wp-elements-1cf88d733f8db3cd46aaa7c3e1106d6c\">Vous b\u00e9n\u00e9ficiez d&#8217;un ensemble de connaissances th\u00e9oriques et pratiques qui facilitent votre insertion sur le march\u00e9 du travail. Les dipl\u00f4m\u00e9s acc\u00e8dent rapidement \u00e0 des postes en marketing, business development ou gestion de projets internationaux.<\/p>\n<\/div>\n<\/details>\n\n\n\n<details class=\"wp-block-details is-style-default is-layout-flow wp-container-core-details-is-layout-9ec55b31 wp-block-details-is-layout-flow\"><summary><h3><span id=\"docs-internal-guid-5cf27125-7fff-fcbe-7d61-a9c09f3545a3\" style=\"letter-spacing: normal; white-space: normal; caret-color: rgb(0, 0, 0); color: rgb(0, 0, 0); font-weight: normal;\"><span style=\"font-size: 14pt; font-family: Arial, sans-serif; color: rgb(67, 67, 67); font-variant-ligatures: normal; font-variant-alternates: normal; font-variant-numeric: normal; font-variant-east-asian: normal; font-variant-position: normal; vertical-align: baseline; white-space: pre-wrap;\"><strong>Y a-t-il des intervenants professionnels ou experts du secteur\u00a0?<\/strong><\/span><\/span><\/h3><\/summary>\n<div class=\"wp-block-group is-vertical is-layout-flex wp-container-core-group-is-layout-a2e3e733 wp-block-group-is-layout-flex\">\n<p class=\"is-style-plain-default-sm has-on-surface-subtle-color has-text-color has-link-color wp-elements-a55b5f596f464eb6454b0ced8e9e4078\">Oui, les programmes sont anim\u00e9s par des cadres issus de grands groupes internationaux, des ma\u00eetres de conf\u00e9rences et des professionnels reconnus. Leur exp\u00e9rience du march\u00e9 et de la strat\u00e9gie commerciale renforce la dimension professionnelle du cursus.<\/p>\n\n\n\n<p class=\"is-style-plain-default-sm has-on-surface-subtle-color has-text-color has-link-color wp-elements-88867def542bd3f6fdf33e235a543e66\">Ces intervenants partagent leur connaissance terrain des nouvelles pratiques du business international et permettent aux \u00e9tudiants de d\u00e9couvrir les r\u00e9alit\u00e9s des m\u00e9tiers \u00e0 l&#8217;export et du management global.<\/p>\n<\/div>\n<\/details>\n\n\n\n<details class=\"wp-block-details is-style-default is-layout-flow wp-container-core-details-is-layout-9ec55b31 wp-block-details-is-layout-flow\"><summary><h3><span id=\"docs-internal-guid-5c90d114-7fff-05f2-cd2a-be772be1a437\" style=\"letter-spacing: normal; white-space: normal; caret-color: rgb(0, 0, 0); color: rgb(0, 0, 0); font-weight: normal;\"><span style=\"font-size: 14pt; font-family: Arial, sans-serif; color: rgb(67, 67, 67); font-variant-ligatures: normal; font-variant-alternates: normal; font-variant-numeric: normal; font-variant-east-asian: normal; font-variant-position: normal; vertical-align: baseline; white-space: pre-wrap;\"><strong>Comment financer le Grade de Master sp\u00e9cialisation International\u00a0?<\/strong><\/span><\/span><\/h3><\/summary>\n<div class=\"wp-block-group is-vertical is-layout-flex wp-container-core-group-is-layout-a2e3e733 wp-block-group-is-layout-flex\">\n<p class=\"is-style-plain-default-sm has-on-surface-subtle-color has-text-color has-link-color wp-elements-5b28db4be8aa6044541f662f8b3cf2c9\">L&#8217;alternance (ou les stages), les bourses d&#8217;\u00c9cole, les pr\u00eats \u00e9tudiants ou les dispositifs r\u00e9gionaux et sociaux facilitent le financement. Le PGE International est reconnu par l&#8217;\u00c9tat et ouvre droit \u00e0 des cr\u00e9dits ECTS, permettant une poursuite d&#8217;\u00e9tudes \u00e0 l&#8217;\u00e9tranger.<\/p>\n<\/div>\n<\/details>\n\n\n\n<details class=\"wp-block-details is-style-default is-layout-flow wp-container-core-details-is-layout-9ec55b31 wp-block-details-is-layout-flow\"><summary><h3><span id=\"docs-internal-guid-bba6b262-7fff-d56a-8131-da381856040c\" style=\"letter-spacing: normal; white-space: normal; caret-color: rgb(0, 0, 0); color: rgb(0, 0, 0); font-weight: normal;\"><span style=\"font-size: 14pt; font-family: Arial, sans-serif; color: rgb(67, 67, 67); font-variant-ligatures: normal; font-variant-alternates: normal; font-variant-numeric: normal; font-variant-east-asian: normal; font-variant-position: normal; vertical-align: baseline; white-space: pre-wrap;\"><strong>Les m\u00e9tiers issus du Grade de Master sp\u00e9cialisation International recrutent-ils vraiment des jeunes dipl\u00f4m\u00e9s\u00a0?<\/strong><\/span><\/span><\/h3><\/summary>\n<div class=\"wp-block-group is-vertical is-layout-flex wp-container-core-group-is-layout-a2e3e733 wp-block-group-is-layout-flex\">\n<p class=\"is-style-plain-default-sm has-on-surface-subtle-color has-text-color has-link-color wp-elements-cd255815cb0f5c1b494364bc546475c9\">Les m\u00e9tiers issus du Programme Grande \u00c9cole sp\u00e9cialisation International offrent de r\u00e9elles opportunit\u00e9s aux jeunes dipl\u00f4m\u00e9s gr\u00e2ce au Grade de Master. Les entreprises recherchent activement des profils polyvalents, capables d\u2019\u00e9voluer dans un environnement multiculturel et de s\u2019adapter \u00e0 diff\u00e9rents contextes \u00e9conomiques. Ces dipl\u00f4m\u00e9s acc\u00e8dent rapidement \u00e0 des postes dans la finance, le marketing, la supply chain ou les ressources humaines.<\/p>\n\n\n\n<p class=\"is-style-plain-default-sm has-on-surface-subtle-color has-text-color has-link-color wp-elements-67bae95d8b1d4f13a7e6bf6d558c3cd9\">Le Grade de Master sp\u00e9cialisation International obtenu gr\u00e2ce au Programme Grande \u00c9cole de l\u2019INSEEC, est particuli\u00e8rement appr\u00e9ci\u00e9 des recruteurs fran\u00e7ais et internationaux pour sa dimension strat\u00e9gique et op\u00e9rationnelle.<\/p>\n<\/div>\n<\/details>\n\n\n\n<details class=\"wp-block-details is-style-default is-layout-flow wp-container-core-details-is-layout-9ec55b31 wp-block-details-is-layout-flow\"><summary><h3><span id=\"docs-internal-guid-63da6704-7fff-c86d-d58b-f00a3e9edbb1\" style=\"letter-spacing: normal; white-space: normal; caret-color: rgb(0, 0, 0); color: rgb(0, 0, 0); font-weight: normal;\"><span style=\"font-size: 14pt; font-family: Arial, sans-serif; color: rgb(67, 67, 67); font-variant-ligatures: normal; font-variant-alternates: normal; font-variant-numeric: normal; font-variant-east-asian: normal; font-variant-position: normal; vertical-align: baseline; white-space: pre-wrap;\"><strong>Quelles sont les soft skills d\u00e9velopp\u00e9es avec le Grade de Master sp\u00e9cialisation International\u00a0?<\/strong><\/span><\/span><\/h3><\/summary>\n<div class=\"wp-block-group is-vertical is-layout-flex wp-container-core-group-is-layout-a2e3e733 wp-block-group-is-layout-flex\">\n<p class=\"is-style-plain-default-sm has-on-surface-subtle-color has-text-color has-link-color wp-elements-43ef67dbf75a396e015f91f7bfc6063f\">Communication interculturelle, leadership, gestion de projet, adaptabilit\u00e9, cr\u00e9ativit\u00e9 et esprit strat\u00e9gique : ces qualit\u00e9s permettent aux \u00e9tudiants d&#8217;\u00e9voluer dans un environnement global et multiculturel.\u00a0<\/p>\n\n\n\n<p class=\"is-style-plain-default-sm has-on-surface-subtle-color has-text-color has-link-color wp-elements-6bc12d33ff83b6c34f65654073e7a041\">Vous d\u00e9veloppez \u00e9galement votre intelligence sociale, votre capacit\u00e9 \u00e0 travailler en \u00e9quipe multiculturelle et votre agilit\u00e9 face aux nouvelles technologies comme l&#8217;intelligence artificielle appliqu\u00e9e au business.<\/p>\n<\/div>\n<\/details>\n\n\n\n<details class=\"wp-block-details is-style-default is-layout-flow wp-container-core-details-is-layout-9ec55b31 wp-block-details-is-layout-flow\"><summary><h3><span id=\"docs-internal-guid-a3978a6a-7fff-f97c-793f-101ba1ae3590\" style=\"letter-spacing: normal; white-space: normal; caret-color: rgb(0, 0, 0); color: rgb(0, 0, 0); font-weight: normal;\"><span style=\"font-size: 14pt; font-family: Arial, sans-serif; color: rgb(67, 67, 67); font-variant-ligatures: normal; font-variant-alternates: normal; font-variant-numeric: normal; font-variant-east-asian: normal; font-variant-position: normal; vertical-align: baseline; white-space: pre-wrap;\"><strong>Que signifie PGE\u00a0?<\/strong><\/span><\/span><\/h3><\/summary>\n<div class=\"wp-block-group is-vertical is-layout-flex wp-container-core-group-is-layout-a2e3e733 wp-block-group-is-layout-flex\">\n<p class=\"is-style-plain-default-sm has-on-surface-subtle-color has-text-color has-link-color wp-elements-d8decd4021475806b3346325bddb585c\">PGE signifie Programme Grande \u00c9cole. Il s&#8217;agit d&#8217;un cursus de l&#8217;enseignement sup\u00e9rieur en 3 ans apr\u00e8s un Bac +2, d\u00e9livrant un Grade de Master reconnu par l&#8217;\u00c9tat. Ce programme, propos\u00e9 par les grandes \u00c9coles de commerce comme l&#8217;INSEEC, forme des managers de haut niveau polyvalents et op\u00e9rationnels. Ils allient excellence acad\u00e9mique, professionnalisation via l&#8217;alternance et les stages, et ouverture internationale. L&#8217;objectif est de pr\u00e9parer des profils capables d&#8217;\u00e9voluer dans un environnement business global et multiculturel.<\/p>\n<\/div>\n<\/details>\n\n\n\n<details class=\"wp-block-details is-style-default is-layout-flow wp-container-core-details-is-layout-9ec55b31 wp-block-details-is-layout-flow\"><summary><h3><span id=\"docs-internal-guid-684992ca-7fff-e779-8645-c69bc1a68f13\" style=\"letter-spacing: normal; white-space: normal; caret-color: rgb(0, 0, 0); color: rgb(0, 0, 0); font-weight: normal;\"><span style=\"font-size: 14pt; font-family: Arial, sans-serif; color: rgb(67, 67, 67); font-variant-ligatures: normal; font-variant-alternates: normal; font-variant-numeric: normal; font-variant-east-asian: normal; font-variant-position: normal; vertical-align: baseline; white-space: pre-wrap;\"><strong>Peut-on travailler \u00e0 l&#8217;international avec ce Grade de Master INSEEC\u00a0?<\/strong><\/span><\/span><\/h3><\/summary>\n<div class=\"wp-block-group is-vertical is-layout-flex wp-container-core-group-is-layout-a2e3e733 wp-block-group-is-layout-flex\">\n<p class=\"is-style-plain-default-sm has-on-surface-subtle-color has-text-color has-link-color wp-elements-681ca43f7083619f4e6ef1540fe1de9a\">Oui, le PGE sp\u00e9cialisation International d\u00e9livr\u00e9 permet de travailler \u00e0 l&#8217;international dans des fonctions de management global, de d\u00e9veloppement durable ou d&#8217;innovation digitale. Le programme inclut des stages et \u00e9changes dans des universit\u00e9s partenaires.\u00a0<\/p>\n\n\n\n<p class=\"is-style-plain-default-sm has-on-surface-subtle-color has-text-color has-link-color wp-elements-1fa1404f9ab09f6a7b9cffd30c3ae64a\">Cette exp\u00e9rience pratique vous permet de d\u00e9couvrir diff\u00e9rents march\u00e9s et d&#8217;acqu\u00e9rir une connaissance approfondie des enjeux interculturels du business mondial.<\/p>\n<\/div>\n<\/details>\n\n\n\n<details class=\"wp-block-details is-style-default is-layout-flow wp-container-core-details-is-layout-9ec55b31 wp-block-details-is-layout-flow\"><summary><h3>Le Grade de Master sp\u00e9cialisation International propose-t-il une formation en anglais\u00a0?<\/h3><\/summary>\n<div class=\"wp-block-group is-vertical is-layout-flex wp-container-core-group-is-layout-a2e3e733 wp-block-group-is-layout-flex\">\n<p class=\"is-style-plain-default-sm has-on-surface-subtle-color has-text-color has-link-color wp-elements-28a671215bb0353fe62e2eea9d2b7fe1\">Oui, une grande partie du programme est dispens\u00e9e en langue anglaise pour renforcer l&#8217;employabilit\u00e9 sur le march\u00e9 international. Certains parcours sont 100 % anglophones selon le campus.\u00a0<\/p>\n\n\n\n<p class=\"is-style-plain-default-sm has-on-surface-subtle-color has-text-color has-link-color wp-elements-74c46b79998bebc2febe963d9aa4ed2d\">L&#8217;enseignement est propos\u00e9 en fran\u00e7ais et anglais pour permettre aux \u00e9tudiants de ma\u00eetriser parfaitement le vocabulaire business dans les deux langues. Cette double comp\u00e9tence linguistique constitue un atout majeur pour votre carri\u00e8re.<\/p>\n<\/div>\n<\/details>\n\n\n\n<details class=\"wp-block-details is-style-default is-layout-flow wp-container-core-details-is-layout-9ec55b31 wp-block-details-is-layout-flow\"><summary><h3><span id=\"docs-internal-guid-4ed1b8a3-7fff-a2ce-61d9-06c5c60d6fb8\" style=\"letter-spacing: normal; white-space: normal; caret-color: rgb(0, 0, 0); color: rgb(0, 0, 0); font-weight: normal;\"><span style=\"font-size: 14pt; font-family: Arial, sans-serif; color: rgb(67, 67, 67); font-variant-ligatures: normal; font-variant-alternates: normal; font-variant-numeric: normal; font-variant-east-asian: normal; font-variant-position: normal; vertical-align: baseline; white-space: pre-wrap;\"><strong>Quels sont les profils admis dans le Grade de Master sp\u00e9cialisation International\u00a0?<\/strong><\/span><\/span><\/h3><\/summary>\n<div class=\"wp-block-group is-vertical is-layout-flex wp-container-core-group-is-layout-a2e3e733 wp-block-group-is-layout-flex\">\n<p class=\"is-style-plain-default-sm has-on-surface-subtle-color has-text-color has-link-color wp-elements-92115462dff2c421ea822d13944feabc\">L&#8217;admission s&#8217;adresse aux titulaires d&#8217;un bac +2 (concours \u00c9volution 1) ou aux titulaires d\u2019un bac +3 selon le niveau d&#8217;entr\u00e9e et l&#8217;ann\u00e9e vis\u00e9e. L&#8217;\u00c9cole \u00e9value le projet professionnel, les acquis acad\u00e9miques et le dossier de candidature pour d\u00e9livrer un Grade de Master reconnu \u00e0 l&#8217;international.\u00a0<\/p>\n\n\n\n<p class=\"is-style-plain-default-sm has-on-surface-subtle-color has-text-color has-link-color wp-elements-fb8e610185873cc06b398bf7dfb5b7b4\">Les profils issus du marketing, du commerce, de la gestion ou des sciences sociales sont particuli\u00e8rement recherch\u00e9s pour leur compl\u00e9mentarit\u00e9.<\/p>\n<\/div>\n<\/details>\n\n\n\n<details class=\"wp-block-details is-style-default is-layout-flow wp-container-core-details-is-layout-9ec55b31 wp-block-details-is-layout-flow\"><summary><h3><span id=\"docs-internal-guid-bb35675b-7fff-c42a-7b07-6d830f92505b\" style=\"letter-spacing: normal; white-space: normal; caret-color: rgb(0, 0, 0); color: rgb(0, 0, 0); font-weight: normal;\"><span style=\"font-size: 14pt; font-family: Arial, sans-serif; color: rgb(67, 67, 67); font-variant-ligatures: normal; font-variant-alternates: normal; font-variant-numeric: normal; font-variant-east-asian: normal; font-variant-position: normal; vertical-align: baseline; white-space: pre-wrap;\"><strong>Le Grade de Master sp\u00e9cialisation International aborde-t-il la transformation digitale\u00a0?<\/strong><\/span><\/span><\/h3><\/summary>\n<div class=\"wp-block-group is-vertical is-layout-flex wp-container-core-group-is-layout-a2e3e733 wp-block-group-is-layout-flex\">\n<p class=\"is-style-plain-default-sm has-on-surface-subtle-color has-text-color has-link-color wp-elements-477b917c4ab14387add7aff16dac5ddb\">Oui, la formation inclut des modules sur la finance digitale, le marketing num\u00e9rique, l&#8217;innovation et la gestion strat\u00e9gique. Les \u00e9tudiants apprennent \u00e0 adapter leurs m\u00e9thodes aux enjeux du d\u00e9veloppement durable et de la performance commerciale.<\/p>\n\n\n\n<p class=\"is-style-plain-default-sm has-on-surface-subtle-color has-text-color has-link-color wp-elements-09d13a50649a4cb2e991ae2f3b0627e2\">L&#8217;intelligence artificielle, les nouvelles technologies et l&#8217;analyse de donn\u00e9es font partie int\u00e9grante de l&#8217;enseignement pour former des managers de haut niveau capables d&#8217;anticiper les \u00e9volutions du march\u00e9.<\/p>\n<\/div>\n<\/details>\n<\/div>\n<\/div>\n<\/div>\n","protected":false},"excerpt":{"rendered":"<p>Avec le Programme Grande \u00c9cole sp\u00e9cialisation International de l\u2019INSEEC, devenez manager bilingue op\u00e9rationnel. Un cursus prestigieux, dispens\u00e9 sur les campus de Paris, Bordeaux et Lyon.<\/p>\n","protected":false},"featured_media":88041,"parent":0,"template":"","city":[],"document_category":[],"document_tag":[],"document_type":[109],"school":[259],"specialisation":[573],"analytics_tag":[728],"class_list":["post-3174","document","type-document","status-publish","has-post-thumbnail","hentry","document_type-specialisation","school-grande-ecole","specialisation-international"],"acf":[],"yoast_head":"<title>PGE International - INSEEC<\/title>\n<meta name=\"description\" content=\"D\u00e9couvrez le Grade de Master sp\u00e9cialisation International de l&#039;INSEEC \u00e0 Paris, Bordeaux et Lyon : PGE en alternance pour une carri\u00e8re \u00e0 l&#039;\u00e9tranger.\" \/>\n<meta name=\"robots\" content=\"index, follow, max-snippet:-1, max-image-preview:large, max-video-preview:-1\" \/>\n<link rel=\"canonical\" href=\"https:\/\/www.inseec.com\/grande-ecole\/grande-ecole-international\/\" \/>\n<meta property=\"og:locale\" content=\"fr_FR\" \/>\n<meta property=\"og:type\" content=\"article\" \/>\n<meta property=\"og:title\" content=\"PGE International - INSEEC\" \/>\n<meta property=\"og:description\" content=\"D\u00e9couvrez le Grade de Master sp\u00e9cialisation International de l&#039;INSEEC \u00e0 Paris, Bordeaux et Lyon : PGE en alternance pour une carri\u00e8re \u00e0 l&#039;\u00e9tranger.\" \/>\n<meta property=\"og:url\" content=\"https:\/\/www.inseec.com\/grande-ecole\/grande-ecole-international\/\" \/>\n<meta property=\"og:site_name\" content=\"INSEEC\" \/>\n<meta property=\"article:modified_time\" content=\"2025-12-11T17:46:26+00:00\" \/>\n<meta property=\"og:image\" content=\"https:\/\/omneseducation.net\/inseec-2025\/wp-content\/uploads\/sites\/32\/2025\/12\/specialisation-international-inseec-grande-ecole.jpg\" \/>\n\t<meta property=\"og:image:width\" content=\"495\" \/>\n\t<meta property=\"og:image:height\" content=\"279\" \/>\n\t<meta property=\"og:image:type\" content=\"image\/jpeg\" \/>\n<meta name=\"twitter:card\" content=\"summary_large_image\" \/>\n<meta name=\"twitter:label1\" content=\"Est. reading time\" \/>\n\t<meta name=\"twitter:data1\" content=\"8 minutes\" \/>\n<script type=\"application\/ld+json\" class=\"yoast-schema-graph\">{\"@context\":\"https:\/\/schema.org\",\"@graph\":[{\"@type\":\"WebPage\",\"@id\":\"https:\/\/www.inseec.com\/grande-ecole\/grande-ecole-international\/\",\"url\":\"https:\/\/www.inseec.com\/grande-ecole\/grande-ecole-international\/\",\"name\":\"PGE International - INSEEC\",\"isPartOf\":{\"@id\":\"https:\/\/www.inseec.com\/#website\"},\"primaryImageOfPage\":{\"@id\":\"https:\/\/www.inseec.com\/grande-ecole\/grande-ecole-international\/#primaryimage\"},\"image\":{\"@id\":\"https:\/\/www.inseec.com\/grande-ecole\/grande-ecole-international\/#primaryimage\"},\"thumbnailUrl\":\"https:\/\/www.inseec.com\/wp-content\/uploads\/sites\/32\/2025\/12\/specialisation-international-inseec-grande-ecole.jpg\",\"datePublished\":\"2025-12-05T09:36:50+00:00\",\"dateModified\":\"2025-12-11T17:46:26+00:00\",\"description\":\"D\u00e9couvrez le Grade de Master sp\u00e9cialisation International de l'INSEEC \u00e0 Paris, Bordeaux et Lyon : PGE en alternance pour une carri\u00e8re \u00e0 l'\u00e9tranger.\",\"breadcrumb\":{\"@id\":\"https:\/\/www.inseec.com\/grande-ecole\/grande-ecole-international\/#breadcrumb\"},\"inLanguage\":\"fr-FR\",\"potentialAction\":[{\"@type\":\"ReadAction\",\"target\":[\"https:\/\/www.inseec.com\/grande-ecole\/grande-ecole-international\/\"]}]},{\"@type\":\"ImageObject\",\"inLanguage\":\"fr-FR\",\"@id\":\"https:\/\/www.inseec.com\/grande-ecole\/grande-ecole-international\/#primaryimage\",\"url\":\"https:\/\/www.inseec.com\/wp-content\/uploads\/sites\/32\/2025\/12\/specialisation-international-inseec-grande-ecole.jpg\",\"contentUrl\":\"https:\/\/www.inseec.com\/wp-content\/uploads\/sites\/32\/2025\/12\/specialisation-international-inseec-grande-ecole.jpg\",\"width\":495,\"height\":279,\"caption\":\"Image d\u2019illustration de la sp\u00e9cialisation International de l\u2019INSEEC Grande \u00c9cole de l\u2019\u00e9cole de commerce INSEEC\"},{\"@type\":\"BreadcrumbList\",\"@id\":\"https:\/\/www.inseec.com\/grande-ecole\/grande-ecole-international\/#breadcrumb\",\"itemListElement\":[{\"@type\":\"ListItem\",\"position\":1,\"name\":\"Home\",\"item\":\"https:\/\/www.inseec.com\/\"},{\"@type\":\"ListItem\",\"position\":2,\"name\":\"PGE International\"}]},{\"@type\":\"WebSite\",\"@id\":\"https:\/\/www.inseec.com\/#website\",\"url\":\"https:\/\/www.inseec.com\/\",\"name\":\"INSEEC\",\"description\":\"\",\"publisher\":{\"@id\":\"https:\/\/www.inseec.com\/#organization\"},\"potentialAction\":[{\"@type\":\"SearchAction\",\"target\":{\"@type\":\"EntryPoint\",\"urlTemplate\":\"https:\/\/www.inseec.com\/?s={search_term_string}\"},\"query-input\":{\"@type\":\"PropertyValueSpecification\",\"valueRequired\":true,\"valueName\":\"search_term_string\"}}],\"inLanguage\":\"fr-FR\"},{\"@type\":\"Organization\",\"@id\":\"https:\/\/www.inseec.com\/#organization\",\"name\":\"INSEEC\",\"url\":\"https:\/\/www.inseec.com\/\",\"logo\":{\"@type\":\"ImageObject\",\"inLanguage\":\"fr-FR\",\"@id\":\"https:\/\/www.inseec.com\/#\/schema\/logo\/image\/\",\"url\":\"https:\/\/www.inseec.com\/wp-content\/uploads\/sites\/32\/2025\/11\/logo.svg\",\"contentUrl\":\"https:\/\/www.inseec.com\/wp-content\/uploads\/sites\/32\/2025\/11\/logo.svg\",\"width\":173,\"height\":36,\"caption\":\"INSEEC\"},\"image\":{\"@id\":\"https:\/\/www.inseec.com\/#\/schema\/logo\/image\/\"}},{\"@context\":\"https:\/\/schema.org\",\"@type\":\"EducationalOrganization\",\"@id\":\"https:\/\/www.inseec.com\/#organization\",\"name\":\"INSEEC\",\"description\":\"\",\"url\":\"https:\/\/www.inseec.com\/\",\"logo\":\"https:\/\/www.inseec.com\/wp-content\/uploads\/sites\/32\/2025\/11\/logo.svg\",\"image\":[\"https:\/\/www.inseec.com\/wp-content\/uploads\/sites\/32\/2025\/11\/campus-hero-barcelone-inseec.jpg\",\"https:\/\/www.inseec.com\/wp-content\/uploads\/sites\/32\/2025\/11\/campus-barcelone-inseec-ville-basilique-notre-dame-de-fourviere.jpg\",\"https:\/\/www.inseec.com\/wp-content\/uploads\/sites\/32\/2025\/11\/campus-barcelone-inseec-photo-portrait.jpg\",\"https:\/\/www.inseec.com\/wp-content\/uploads\/sites\/32\/2025\/11\/campus-slider-vr-campus-barcelone-inseec-etudiants-cours-petite-salle.jpg\",\"https:\/\/www.inseec.com\/wp-content\/uploads\/sites\/32\/2025\/11\/campus-hero-munich-inseec.jpg\",\"https:\/\/www.inseec.com\/wp-content\/uploads\/sites\/32\/2025\/11\/campus-munich-inseec-ville-basilique-notre-dame-de-fourviere.jpg\",\"https:\/\/www.inseec.com\/wp-content\/uploads\/sites\/32\/2025\/11\/campus-hero-munich-inseec.jpg\",\"https:\/\/www.inseec.com\/wp-content\/uploads\/sites\/32\/2025\/11\/campus-slider-vr-campus-munich-inseec-etudiants-theatre-les-celestins.jpg\",\"https:\/\/www.inseec.com\/wp-content\/uploads\/sites\/32\/2025\/11\/campus-hero-londres-inseec.jpg\",\"https:\/\/www.inseec.com\/wp-content\/uploads\/sites\/32\/2025\/11\/campus-londres-inseec-ville-basilique-notre-dame-de-fourviere.jpg\",\"https:\/\/www.inseec.com\/wp-content\/uploads\/sites\/32\/2025\/11\/campus-hero-londres-inseec.jpg\",\"https:\/\/www.inseec.com\/wp-content\/uploads\/sites\/32\/2025\/12\/campus-slider-vr-campus-londres-inseec-bibliotheque.jpg\",\"https:\/\/www.inseec.com\/wp-content\/uploads\/sites\/32\/2025\/11\/campus-hero-chambery-inseec-resize.jpg\",\"https:\/\/www.inseec.com\/wp-content\/uploads\/sites\/32\/2025\/11\/campus-chambery-inseec-ville-horloge.jpg\",\"https:\/\/www.inseec.com\/wp-content\/uploads\/sites\/32\/2025\/11\/campus-slider-vr-campus-chambery-inseec-exterieur.jpg\",\"https:\/\/www.inseec.com\/wp-content\/uploads\/sites\/32\/2025\/11\/campus-slider-vr-campus-chambery-inseec-salle-detente.jpg\",\"https:\/\/www.inseec.com\/wp-content\/uploads\/sites\/32\/2025\/11\/campus-hero-toulouse-inseec.jpg\",\"https:\/\/www.inseec.com\/wp-content\/uploads\/sites\/32\/2025\/11\/campus-toulouse-inseec-photo-portrait.jpg\",\"https:\/\/www.inseec.com\/wp-content\/uploads\/sites\/32\/2025\/11\/campus-slider-vr-campus-toulouse-inseec-projet-de-groupe.jpg\",\"https:\/\/www.inseec.com\/wp-content\/uploads\/sites\/32\/2025\/11\/campus-slider-vr-campus-toulouse-inseec-etudiants-amphitheatre.jpg\",\"https:\/\/www.inseec.com\/wp-content\/uploads\/sites\/32\/2025\/11\/campus-hero-monaco-inseec.jpg\",\"https:\/\/www.inseec.com\/wp-content\/uploads\/sites\/32\/2025\/12\/INSEEC-Monaco-campus.webp\",\"https:\/\/www.inseec.com\/wp-content\/uploads\/sites\/32\/2025\/11\/campus-hero-monaco-inseec.jpg\",\"https:\/\/www.inseec.com\/wp-content\/uploads\/sites\/32\/2025\/11\/campus-monaco-inseec-mosaic-amis.jpg\",\"https:\/\/www.inseec.com\/wp-content\/uploads\/sites\/32\/2025\/11\/campus-hero-online-inseec.jpg\",\"https:\/\/www.inseec.com\/wp-content\/uploads\/sites\/32\/2025\/11\/guide-metier-inseec-photo-illustration-chef-de-publicite_d1bf22.jpg\",\"https:\/\/www.inseec.com\/wp-content\/uploads\/sites\/32\/2025\/11\/guide-metier-inseec-hero-chef-de-projet-evenementiel.jpg\",\"https:\/\/www.inseec.com\/wp-content\/uploads\/sites\/32\/2025\/11\/guide-metier-inseec-hero-chef-de-produit-sportif.jpg\",\"https:\/\/www.inseec.com\/wp-content\/uploads\/sites\/32\/2025\/11\/campus-hero-beaune-inseec.jpg\",\"https:\/\/www.inseec.com\/wp-content\/uploads\/sites\/32\/2025\/11\/campus-beaune-inseec-ville-cave-a-vin.jpg\",\"https:\/\/www.inseec.com\/wp-content\/uploads\/sites\/32\/2025\/11\/campus-slider-vr-campus-beaune-inseec-groupe-etudiants.jpg\",\"https:\/\/www.inseec.com\/wp-content\/uploads\/sites\/32\/2025\/11\/campus-slider-vr-campus-beaune-inseec-etudiants-1.jpg\",\"https:\/\/www.inseec.com\/wp-content\/uploads\/sites\/32\/2025\/11\/campus-hero-marseille-inseec.jpg\",\"https:\/\/www.inseec.com\/wp-content\/uploads\/sites\/32\/2023\/07\/campus2025-marseille.png\",\"https:\/\/www.inseec.com\/wp-content\/uploads\/sites\/32\/2025\/11\/campus-slider-vr-campus-marseille-inseec-canapes-detente.jpg\",\"https:\/\/www.inseec.com\/wp-content\/uploads\/sites\/32\/2025\/11\/campus-slider-vr-campus-marseille-inseec-salle-commune.jpg\",\"https:\/\/www.inseec.com\/wp-content\/uploads\/sites\/32\/2025\/11\/campus-hero-rennes-inseec.jpg\",\"https:\/\/www.inseec.com\/wp-content\/uploads\/sites\/32\/2025\/11\/campus-rennes-inseec-photo-portrait.jpg\",\"https:\/\/www.inseec.com\/wp-content\/uploads\/sites\/32\/2025\/11\/campus-rennes-inseec-mosaic-alcove-repos.jpg\",\"https:\/\/www.inseec.com\/wp-content\/uploads\/sites\/32\/2025\/11\/campus-rennes-inseec-amphitheatre-etudiantes.jpg\",\"https:\/\/www.inseec.com\/wp-content\/uploads\/sites\/32\/2025\/11\/campus-hero-lyon-inseec.webp\",\"https:\/\/www.inseec.com\/wp-content\/uploads\/sites\/32\/2025\/11\/campus-lyon-inseec-photo-portrait.jpg\",\"https:\/\/www.inseec.com\/wp-content\/uploads\/sites\/32\/2025\/11\/campus-slider-vr-campus-lyon-inseec-dalle-detente.jpg\",\"https:\/\/www.inseec.com\/wp-content\/uploads\/sites\/32\/2025\/11\/campus-slider-vr-campus-lyon-inseec-lion-rouge-hall.jpg\",\"https:\/\/www.inseec.com\/wp-content\/uploads\/sites\/32\/2025\/11\/campus-hero-bordeaux-inseec.jpg\",\"https:\/\/www.inseec.com\/wp-content\/uploads\/sites\/32\/2024\/03\/Campus-Bordeaux-Photo-1.jpg\",\"https:\/\/www.inseec.com\/wp-content\/uploads\/sites\/32\/2025\/11\/campus-bordeaux-inseec-cafeteria.jpg\",\"https:\/\/www.inseec.com\/wp-content\/uploads\/sites\/32\/2025\/11\/campus-bordeaux-inseec-terrasse-bord-garonne.jpg\",\"https:\/\/www.inseec.com\/wp-content\/uploads\/sites\/32\/2025\/11\/campus-paris.jpg\",\"https:\/\/www.inseec.com\/wp-content\/uploads\/sites\/32\/2025\/11\/campus-paris-eiffel-inseec-portrait.jpg\",\"https:\/\/www.inseec.com\/wp-content\/uploads\/sites\/32\/2025\/11\/campus-paris-vellefaux-inseec-cafeteria.jpg\",\"https:\/\/www.inseec.com\/wp-content\/uploads\/sites\/32\/2025\/11\/campus-slider-vr-campus-paris-la-defense-inseec-salle-detente.jpg\",\"https:\/\/www.inseec.com\/wp-content\/uploads\/sites\/32\/2025\/11\/campus-hero-londres-inseec.jpg\",\"https:\/\/www.inseec.com\/wp-content\/uploads\/sites\/32\/2025\/11\/campus-londres-inseec-ville-basilique-notre-dame-de-fourviere.jpg\",\"https:\/\/www.inseec.com\/wp-content\/uploads\/sites\/32\/2025\/11\/campus-hero-londres-inseec.jpg\",\"https:\/\/www.inseec.com\/wp-content\/uploads\/sites\/32\/2025\/12\/campus-slider-vr-campus-londres-inseec-bibliotheque.jpg\",\"https:\/\/www.inseec.com\/wp-content\/uploads\/sites\/32\/2025\/11\/campus-hero-monaco-inseec.jpg\",\"https:\/\/www.inseec.com\/wp-content\/uploads\/sites\/32\/2025\/12\/INSEEC-Monaco-campus.webp\",\"https:\/\/www.inseec.com\/wp-content\/uploads\/sites\/32\/2025\/11\/campus-hero-monaco-inseec.jpg\",\"https:\/\/www.inseec.com\/wp-content\/uploads\/sites\/32\/2025\/11\/campus-monaco-inseec-mosaic-amis.jpg\",\"https:\/\/www.inseec.com\/wp-content\/uploads\/sites\/32\/2025\/11\/campus-hero-munich-inseec.jpg\",\"https:\/\/www.inseec.com\/wp-content\/uploads\/sites\/32\/2025\/11\/campus-munich-inseec-ville-basilique-notre-dame-de-fourviere.jpg\",\"https:\/\/www.inseec.com\/wp-content\/uploads\/sites\/32\/2025\/11\/campus-hero-munich-inseec.jpg\",\"https:\/\/www.inseec.com\/wp-content\/uploads\/sites\/32\/2025\/11\/campus-slider-vr-campus-munich-inseec-etudiants-theatre-les-celestins.jpg\",\"https:\/\/www.inseec.com\/wp-content\/uploads\/sites\/32\/2025\/11\/campus-hero-barcelone-inseec.jpg\",\"https:\/\/www.inseec.com\/wp-content\/uploads\/sites\/32\/2025\/11\/campus-barcelone-inseec-ville-basilique-notre-dame-de-fourviere.jpg\",\"https:\/\/www.inseec.com\/wp-content\/uploads\/sites\/32\/2025\/11\/campus-barcelone-inseec-photo-portrait.jpg\",\"https:\/\/www.inseec.com\/wp-content\/uploads\/sites\/32\/2025\/11\/campus-slider-vr-campus-barcelone-inseec-etudiants-cours-petite-salle.jpg\",\"https:\/\/www.inseec.com\/wp-content\/uploads\/sites\/32\/2025\/11\/campus-hero-online-inseec.jpg\",\"https:\/\/www.inseec.com\/wp-content\/uploads\/sites\/32\/2025\/11\/guide-metier-inseec-photo-illustration-chef-de-publicite_d1bf22.jpg\",\"https:\/\/www.inseec.com\/wp-content\/uploads\/sites\/32\/2025\/11\/guide-metier-inseec-hero-chef-de-projet-evenementiel.jpg\",\"https:\/\/www.inseec.com\/wp-content\/uploads\/sites\/32\/2025\/11\/guide-metier-inseec-hero-chef-de-produit-sportif.jpg\",\"https:\/\/www.inseec.com\/wp-content\/uploads\/sites\/32\/2025\/11\/campus-hero-toulouse-inseec.jpg\",\"https:\/\/www.inseec.com\/wp-content\/uploads\/sites\/32\/2025\/11\/campus-toulouse-inseec-photo-portrait.jpg\",\"https:\/\/www.inseec.com\/wp-content\/uploads\/sites\/32\/2025\/11\/campus-slider-vr-campus-toulouse-inseec-projet-de-groupe.jpg\",\"https:\/\/www.inseec.com\/wp-content\/uploads\/sites\/32\/2025\/11\/campus-slider-vr-campus-toulouse-inseec-etudiants-amphitheatre.jpg\",\"https:\/\/www.inseec.com\/wp-content\/uploads\/sites\/32\/2025\/11\/campus-hero-marseille-inseec.jpg\",\"https:\/\/www.inseec.com\/wp-content\/uploads\/sites\/32\/2025\/11\/campus-marseille-inseec-photo-portrait.jpg\",\"https:\/\/www.inseec.com\/wp-content\/uploads\/sites\/32\/2025\/11\/campus-slider-vr-campus-marseille-inseec-canapes-detente.jpg\",\"https:\/\/www.inseec.com\/wp-content\/uploads\/sites\/32\/2025\/11\/campus-slider-vr-campus-marseille-inseec-salle-commune.jpg\",\"https:\/\/www.inseec.com\/wp-content\/uploads\/sites\/32\/2025\/11\/campus-hero-rennes-inseec.jpg\",\"https:\/\/www.inseec.com\/wp-content\/uploads\/sites\/32\/2025\/11\/campus-rennes-inseec-photo-portrait.jpg\",\"https:\/\/www.inseec.com\/wp-content\/uploads\/sites\/32\/2025\/11\/campus-rennes-inseec-mosaic-alcove-repos.jpg\",\"https:\/\/www.inseec.com\/wp-content\/uploads\/sites\/32\/2025\/11\/campus-rennes-inseec-amphitheatre-etudiantes.jpg\",\"https:\/\/www.inseec.com\/wp-content\/uploads\/sites\/32\/2025\/11\/campus-hero-chambery-inseec-resize.jpg\",\"https:\/\/www.inseec.com\/wp-content\/uploads\/sites\/32\/2025\/11\/campus-chambery-inseec-ville-horloge.jpg\",\"https:\/\/www.inseec.com\/wp-content\/uploads\/sites\/32\/2025\/11\/campus-slider-vr-campus-chambery-inseec-exterieur.jpg\",\"https:\/\/www.inseec.com\/wp-content\/uploads\/sites\/32\/2025\/11\/campus-slider-vr-campus-chambery-inseec-salle-detente.jpg\",\"https:\/\/www.inseec.com\/wp-content\/uploads\/sites\/32\/2025\/11\/campus-hero-beaune-inseec.jpg\",\"https:\/\/www.inseec.com\/wp-content\/uploads\/sites\/32\/2025\/11\/campus-beaune-inseec-ville-cave-a-vin.jpg\",\"https:\/\/www.inseec.com\/wp-content\/uploads\/sites\/32\/2025\/11\/campus-slider-vr-campus-beaune-inseec-groupe-etudiants.jpg\",\"https:\/\/www.inseec.com\/wp-content\/uploads\/sites\/32\/2025\/11\/campus-slider-vr-campus-beaune-inseec-etudiants-1.jpg\",\"https:\/\/www.inseec.com\/wp-content\/uploads\/sites\/32\/2025\/11\/campus-hero-bordeaux-inseec.jpg\",\"https:\/\/www.inseec.com\/wp-content\/uploads\/sites\/32\/2025\/11\/campus-bordeaux-inseec-facade.jpg\",\"https:\/\/www.inseec.com\/wp-content\/uploads\/sites\/32\/2025\/11\/campus-bordeaux-inseec-cafeteria.jpg\",\"https:\/\/www.inseec.com\/wp-content\/uploads\/sites\/32\/2025\/11\/campus-bordeaux-inseec-terrasse-bord-garonne.jpg\",\"https:\/\/www.inseec.com\/wp-content\/uploads\/sites\/32\/2025\/11\/campus-hero-lyon-inseec.webp\",\"https:\/\/www.inseec.com\/wp-content\/uploads\/sites\/32\/2025\/11\/campus-lyon-inseec-photo-portrait.jpg\",\"https:\/\/www.inseec.com\/wp-content\/uploads\/sites\/32\/2025\/11\/campus-slider-vr-campus-lyon-inseec-dalle-detente.jpg\",\"https:\/\/www.inseec.com\/wp-content\/uploads\/sites\/32\/2025\/11\/campus-slider-vr-campus-lyon-inseec-lion-rouge-hall.jpg\",\"https:\/\/www.inseec.com\/wp-content\/uploads\/sites\/32\/2025\/11\/campus-paris.jpg\",\"https:\/\/www.inseec.com\/wp-content\/uploads\/sites\/32\/2025\/11\/campus-paris-eiffel-inseec-portrait.jpg\",\"https:\/\/www.inseec.com\/wp-content\/uploads\/sites\/32\/2025\/11\/campus-paris-vellefaux-inseec-cafeteria.jpg\",\"https:\/\/www.inseec.com\/wp-content\/uploads\/sites\/32\/2025\/11\/campus-slider-vr-campus-paris-la-defense-inseec-salle-detente.jpg\"],\"foundingDate\":\"\",\"memberOf\":\"OMNES Education\",\"alumni\":[{\"@type\":\"Person\",\"name\":\"Lasmak Said\",\"description\":\"CEO & Cofounder\"},{\"@type\":\"Person\",\"name\":\"Dauchy Xavier\",\"description\":\"Chief Financial Officer\"},{\"@type\":\"Person\",\"name\":\"Bordeaux Thomas\",\"description\":\"Regional Manager Grand Lyon\"},{\"@type\":\"Person\",\"name\":\"Quillot Romain\",\"description\":\"Co-founder\"},{\"@type\":\"Person\",\"name\":\"Rakotomalala Rindra\",\"description\":\"Head of International Relations\"},{\"@type\":\"Person\",\"name\":\"Lacroix Oscar\",\"description\":\"Partner\"},{\"@type\":\"Person\",\"name\":\"Moderan Olivia\",\"description\":\"Manager for the Paris-South area\"},{\"@type\":\"Person\",\"name\":\"Abdelhalim Nabil\",\"description\":\"Industry Manager\"},{\"@type\":\"Person\",\"name\":\"Duhalde M\u00e9lissa\",\"description\":\"Operational Marketing Product Manager \"},{\"@type\":\"Person\",\"name\":\"M. Matthieu\",\"description\":\"Commercial real estate consultant\"},{\"@type\":\"Person\",\"name\":\"Lusset Marie-Amandine\",\"description\":\"Communications consultant\"},{\"@type\":\"Person\",\"name\":\"R. Lo\u00efc\",\"description\":\"Entrepreneur\"},{\"@type\":\"Person\",\"name\":\"Soskin Lise\",\"description\":\"RevOps\"},{\"@type\":\"Person\",\"name\":\"Estrade Guillaume\",\"description\":\"Regional Manager Grand Lyon\"},{\"@type\":\"Person\",\"name\":\"P. Clara\",\"description\":\"Head of Digital Communications EMEA\"},{\"@type\":\"Person\",\"name\":\"Serryus C\u00e9sar\",\"description\":\"Founder\"},{\"@type\":\"Person\",\"name\":\"Onimus Aur\u00e9lien\",\"description\":\"CEO\"},{\"@type\":\"Person\",\"name\":\"B. Anne-Caroline B.\",\"description\":\"Marketing & Communications Project Manager\"},{\"@type\":\"Person\",\"name\":\"Azim Ana\u00efs\",\"description\":\"Business Controller - Industry Unit\"},{\"@type\":\"Person\",\"name\":\"Viallet Nouhant Alexandre\",\"description\":\"Chief Executive Officer\"},{\"@type\":\"Person\",\"name\":\"Ikouirene Adam\",\"description\":\"Student commercial placement\"}],\"department\":[\"Bachelor\",\"Bachelor\",\"BBA\",\"BBA\",\"BTS\",\"BTS\",\"Grande \u00c9cole\",\"Grande \u00c9cole\",\"International\",\"International\",\"MSc\",\"MSc\"],\"hasCredential\":[\"Bachelor\",\"Bachelor\",\"BBA\",\"BBA\",\"BTS\",\"BTS\",\"Grande \u00c9cole\",\"Grande \u00c9cole\",\"International\",\"International\",\"MSc\",\"MSc\"]}]}<\/script>","yoast_head_json":{"title":"PGE International - INSEEC","description":"D\u00e9couvrez le Grade de Master sp\u00e9cialisation International de l'INSEEC \u00e0 Paris, Bordeaux et Lyon : PGE en alternance pour une carri\u00e8re \u00e0 l'\u00e9tranger.","robots":{"index":"index","follow":"follow","max-snippet":"max-snippet:-1","max-image-preview":"max-image-preview:large","max-video-preview":"max-video-preview:-1"},"canonical":"https:\/\/www.inseec.com\/grande-ecole\/grande-ecole-international\/","og_locale":"fr_FR","og_type":"article","og_title":"PGE International - INSEEC","og_description":"D\u00e9couvrez le Grade de Master sp\u00e9cialisation International de l'INSEEC \u00e0 Paris, Bordeaux et Lyon : PGE en alternance pour une carri\u00e8re \u00e0 l'\u00e9tranger.","og_url":"https:\/\/www.inseec.com\/grande-ecole\/grande-ecole-international\/","og_site_name":"INSEEC","article_modified_time":"2025-12-11T17:46:26+00:00","og_image":[{"width":495,"height":279,"url":"https:\/\/omneseducation.net\/inseec-2025\/wp-content\/uploads\/sites\/32\/2025\/12\/specialisation-international-inseec-grande-ecole.jpg","type":"image\/jpeg"}],"twitter_card":"summary_large_image","twitter_misc":{"Est. reading time":"8 minutes"},"schema":{"@context":"https:\/\/schema.org","@graph":[{"@type":"WebPage","@id":"https:\/\/www.inseec.com\/grande-ecole\/grande-ecole-international\/","url":"https:\/\/www.inseec.com\/grande-ecole\/grande-ecole-international\/","name":"PGE International - INSEEC","isPartOf":{"@id":"https:\/\/www.inseec.com\/#website"},"primaryImageOfPage":{"@id":"https:\/\/www.inseec.com\/grande-ecole\/grande-ecole-international\/#primaryimage"},"image":{"@id":"https:\/\/www.inseec.com\/grande-ecole\/grande-ecole-international\/#primaryimage"},"thumbnailUrl":"https:\/\/www.inseec.com\/wp-content\/uploads\/sites\/32\/2025\/12\/specialisation-international-inseec-grande-ecole.jpg","datePublished":"2025-12-05T09:36:50+00:00","dateModified":"2025-12-11T17:46:26+00:00","description":"D\u00e9couvrez le Grade de Master sp\u00e9cialisation International de l'INSEEC \u00e0 Paris, Bordeaux et Lyon : PGE en alternance pour une carri\u00e8re \u00e0 l'\u00e9tranger.","breadcrumb":{"@id":"https:\/\/www.inseec.com\/grande-ecole\/grande-ecole-international\/#breadcrumb"},"inLanguage":"fr-FR","potentialAction":[{"@type":"ReadAction","target":["https:\/\/www.inseec.com\/grande-ecole\/grande-ecole-international\/"]}]},{"@type":"ImageObject","inLanguage":"fr-FR","@id":"https:\/\/www.inseec.com\/grande-ecole\/grande-ecole-international\/#primaryimage","url":"https:\/\/www.inseec.com\/wp-content\/uploads\/sites\/32\/2025\/12\/specialisation-international-inseec-grande-ecole.jpg","contentUrl":"https:\/\/www.inseec.com\/wp-content\/uploads\/sites\/32\/2025\/12\/specialisation-international-inseec-grande-ecole.jpg","width":495,"height":279,"caption":"Image d\u2019illustration de la sp\u00e9cialisation International de l\u2019INSEEC Grande \u00c9cole de l\u2019\u00e9cole de commerce INSEEC"},{"@type":"BreadcrumbList","@id":"https:\/\/www.inseec.com\/grande-ecole\/grande-ecole-international\/#breadcrumb","itemListElement":[{"@type":"ListItem","position":1,"name":"Home","item":"https:\/\/www.inseec.com\/"},{"@type":"ListItem","position":2,"name":"PGE International"}]},{"@type":"WebSite","@id":"https:\/\/www.inseec.com\/#website","url":"https:\/\/www.inseec.com\/","name":"INSEEC","description":"","publisher":{"@id":"https:\/\/www.inseec.com\/#organization"},"potentialAction":[{"@type":"SearchAction","target":{"@type":"EntryPoint","urlTemplate":"https:\/\/www.inseec.com\/?s={search_term_string}"},"query-input":{"@type":"PropertyValueSpecification","valueRequired":true,"valueName":"search_term_string"}}],"inLanguage":"fr-FR"},{"@type":"Organization","@id":"https:\/\/www.inseec.com\/#organization","name":"INSEEC","url":"https:\/\/www.inseec.com\/","logo":{"@type":"ImageObject","inLanguage":"fr-FR","@id":"https:\/\/www.inseec.com\/#\/schema\/logo\/image\/","url":"https:\/\/www.inseec.com\/wp-content\/uploads\/sites\/32\/2025\/11\/logo.svg","contentUrl":"https:\/\/www.inseec.com\/wp-content\/uploads\/sites\/32\/2025\/11\/logo.svg","width":173,"height":36,"caption":"INSEEC"},"image":{"@id":"https:\/\/www.inseec.com\/#\/schema\/logo\/image\/"}},{"@context":"https:\/\/schema.org","@type":"EducationalOrganization","@id":"https:\/\/www.inseec.com\/#organization","name":"INSEEC","description":"","url":"https:\/\/www.inseec.com\/","logo":"https:\/\/www.inseec.com\/wp-content\/uploads\/sites\/32\/2025\/11\/logo.svg","image":["https:\/\/www.inseec.com\/wp-content\/uploads\/sites\/32\/2025\/11\/campus-hero-barcelone-inseec.jpg","https:\/\/www.inseec.com\/wp-content\/uploads\/sites\/32\/2025\/11\/campus-barcelone-inseec-ville-basilique-notre-dame-de-fourviere.jpg","https:\/\/www.inseec.com\/wp-content\/uploads\/sites\/32\/2025\/11\/campus-barcelone-inseec-photo-portrait.jpg","https:\/\/www.inseec.com\/wp-content\/uploads\/sites\/32\/2025\/11\/campus-slider-vr-campus-barcelone-inseec-etudiants-cours-petite-salle.jpg","https:\/\/www.inseec.com\/wp-content\/uploads\/sites\/32\/2025\/11\/campus-hero-munich-inseec.jpg","https:\/\/www.inseec.com\/wp-content\/uploads\/sites\/32\/2025\/11\/campus-munich-inseec-ville-basilique-notre-dame-de-fourviere.jpg","https:\/\/www.inseec.com\/wp-content\/uploads\/sites\/32\/2025\/11\/campus-hero-munich-inseec.jpg","https:\/\/www.inseec.com\/wp-content\/uploads\/sites\/32\/2025\/11\/campus-slider-vr-campus-munich-inseec-etudiants-theatre-les-celestins.jpg","https:\/\/www.inseec.com\/wp-content\/uploads\/sites\/32\/2025\/11\/campus-hero-londres-inseec.jpg","https:\/\/www.inseec.com\/wp-content\/uploads\/sites\/32\/2025\/11\/campus-londres-inseec-ville-basilique-notre-dame-de-fourviere.jpg","https:\/\/www.inseec.com\/wp-content\/uploads\/sites\/32\/2025\/11\/campus-hero-londres-inseec.jpg","https:\/\/www.inseec.com\/wp-content\/uploads\/sites\/32\/2025\/12\/campus-slider-vr-campus-londres-inseec-bibliotheque.jpg","https:\/\/www.inseec.com\/wp-content\/uploads\/sites\/32\/2025\/11\/campus-hero-chambery-inseec-resize.jpg","https:\/\/www.inseec.com\/wp-content\/uploads\/sites\/32\/2025\/11\/campus-chambery-inseec-ville-horloge.jpg","https:\/\/www.inseec.com\/wp-content\/uploads\/sites\/32\/2025\/11\/campus-slider-vr-campus-chambery-inseec-exterieur.jpg","https:\/\/www.inseec.com\/wp-content\/uploads\/sites\/32\/2025\/11\/campus-slider-vr-campus-chambery-inseec-salle-detente.jpg","https:\/\/www.inseec.com\/wp-content\/uploads\/sites\/32\/2025\/11\/campus-hero-toulouse-inseec.jpg","https:\/\/www.inseec.com\/wp-content\/uploads\/sites\/32\/2025\/11\/campus-toulouse-inseec-photo-portrait.jpg","https:\/\/www.inseec.com\/wp-content\/uploads\/sites\/32\/2025\/11\/campus-slider-vr-campus-toulouse-inseec-projet-de-groupe.jpg","https:\/\/www.inseec.com\/wp-content\/uploads\/sites\/32\/2025\/11\/campus-slider-vr-campus-toulouse-inseec-etudiants-amphitheatre.jpg","https:\/\/www.inseec.com\/wp-content\/uploads\/sites\/32\/2025\/11\/campus-hero-monaco-inseec.jpg","https:\/\/www.inseec.com\/wp-content\/uploads\/sites\/32\/2025\/12\/INSEEC-Monaco-campus.webp","https:\/\/www.inseec.com\/wp-content\/uploads\/sites\/32\/2025\/11\/campus-hero-monaco-inseec.jpg","https:\/\/www.inseec.com\/wp-content\/uploads\/sites\/32\/2025\/11\/campus-monaco-inseec-mosaic-amis.jpg","https:\/\/www.inseec.com\/wp-content\/uploads\/sites\/32\/2025\/11\/campus-hero-online-inseec.jpg","https:\/\/www.inseec.com\/wp-content\/uploads\/sites\/32\/2025\/11\/guide-metier-inseec-photo-illustration-chef-de-publicite_d1bf22.jpg","https:\/\/www.inseec.com\/wp-content\/uploads\/sites\/32\/2025\/11\/guide-metier-inseec-hero-chef-de-projet-evenementiel.jpg","https:\/\/www.inseec.com\/wp-content\/uploads\/sites\/32\/2025\/11\/guide-metier-inseec-hero-chef-de-produit-sportif.jpg","https:\/\/www.inseec.com\/wp-content\/uploads\/sites\/32\/2025\/11\/campus-hero-beaune-inseec.jpg","https:\/\/www.inseec.com\/wp-content\/uploads\/sites\/32\/2025\/11\/campus-beaune-inseec-ville-cave-a-vin.jpg","https:\/\/www.inseec.com\/wp-content\/uploads\/sites\/32\/2025\/11\/campus-slider-vr-campus-beaune-inseec-groupe-etudiants.jpg","https:\/\/www.inseec.com\/wp-content\/uploads\/sites\/32\/2025\/11\/campus-slider-vr-campus-beaune-inseec-etudiants-1.jpg","https:\/\/www.inseec.com\/wp-content\/uploads\/sites\/32\/2025\/11\/campus-hero-marseille-inseec.jpg","https:\/\/www.inseec.com\/wp-content\/uploads\/sites\/32\/2023\/07\/campus2025-marseille.png","https:\/\/www.inseec.com\/wp-content\/uploads\/sites\/32\/2025\/11\/campus-slider-vr-campus-marseille-inseec-canapes-detente.jpg","https:\/\/www.inseec.com\/wp-content\/uploads\/sites\/32\/2025\/11\/campus-slider-vr-campus-marseille-inseec-salle-commune.jpg","https:\/\/www.inseec.com\/wp-content\/uploads\/sites\/32\/2025\/11\/campus-hero-rennes-inseec.jpg","https:\/\/www.inseec.com\/wp-content\/uploads\/sites\/32\/2025\/11\/campus-rennes-inseec-photo-portrait.jpg","https:\/\/www.inseec.com\/wp-content\/uploads\/sites\/32\/2025\/11\/campus-rennes-inseec-mosaic-alcove-repos.jpg","https:\/\/www.inseec.com\/wp-content\/uploads\/sites\/32\/2025\/11\/campus-rennes-inseec-amphitheatre-etudiantes.jpg","https:\/\/www.inseec.com\/wp-content\/uploads\/sites\/32\/2025\/11\/campus-hero-lyon-inseec.webp","https:\/\/www.inseec.com\/wp-content\/uploads\/sites\/32\/2025\/11\/campus-lyon-inseec-photo-portrait.jpg","https:\/\/www.inseec.com\/wp-content\/uploads\/sites\/32\/2025\/11\/campus-slider-vr-campus-lyon-inseec-dalle-detente.jpg","https:\/\/www.inseec.com\/wp-content\/uploads\/sites\/32\/2025\/11\/campus-slider-vr-campus-lyon-inseec-lion-rouge-hall.jpg","https:\/\/www.inseec.com\/wp-content\/uploads\/sites\/32\/2025\/11\/campus-hero-bordeaux-inseec.jpg","https:\/\/www.inseec.com\/wp-content\/uploads\/sites\/32\/2024\/03\/Campus-Bordeaux-Photo-1.jpg","https:\/\/www.inseec.com\/wp-content\/uploads\/sites\/32\/2025\/11\/campus-bordeaux-inseec-cafeteria.jpg","https:\/\/www.inseec.com\/wp-content\/uploads\/sites\/32\/2025\/11\/campus-bordeaux-inseec-terrasse-bord-garonne.jpg","https:\/\/www.inseec.com\/wp-content\/uploads\/sites\/32\/2025\/11\/campus-paris.jpg","https:\/\/www.inseec.com\/wp-content\/uploads\/sites\/32\/2025\/11\/campus-paris-eiffel-inseec-portrait.jpg","https:\/\/www.inseec.com\/wp-content\/uploads\/sites\/32\/2025\/11\/campus-paris-vellefaux-inseec-cafeteria.jpg","https:\/\/www.inseec.com\/wp-content\/uploads\/sites\/32\/2025\/11\/campus-slider-vr-campus-paris-la-defense-inseec-salle-detente.jpg","https:\/\/www.inseec.com\/wp-content\/uploads\/sites\/32\/2025\/11\/campus-hero-londres-inseec.jpg","https:\/\/www.inseec.com\/wp-content\/uploads\/sites\/32\/2025\/11\/campus-londres-inseec-ville-basilique-notre-dame-de-fourviere.jpg","https:\/\/www.inseec.com\/wp-content\/uploads\/sites\/32\/2025\/11\/campus-hero-londres-inseec.jpg","https:\/\/www.inseec.com\/wp-content\/uploads\/sites\/32\/2025\/12\/campus-slider-vr-campus-londres-inseec-bibliotheque.jpg","https:\/\/www.inseec.com\/wp-content\/uploads\/sites\/32\/2025\/11\/campus-hero-monaco-inseec.jpg","https:\/\/www.inseec.com\/wp-content\/uploads\/sites\/32\/2025\/12\/INSEEC-Monaco-campus.webp","https:\/\/www.inseec.com\/wp-content\/uploads\/sites\/32\/2025\/11\/campus-hero-monaco-inseec.jpg","https:\/\/www.inseec.com\/wp-content\/uploads\/sites\/32\/2025\/11\/campus-monaco-inseec-mosaic-amis.jpg","https:\/\/www.inseec.com\/wp-content\/uploads\/sites\/32\/2025\/11\/campus-hero-munich-inseec.jpg","https:\/\/www.inseec.com\/wp-content\/uploads\/sites\/32\/2025\/11\/campus-munich-inseec-ville-basilique-notre-dame-de-fourviere.jpg","https:\/\/www.inseec.com\/wp-content\/uploads\/sites\/32\/2025\/11\/campus-hero-munich-inseec.jpg","https:\/\/www.inseec.com\/wp-content\/uploads\/sites\/32\/2025\/11\/campus-slider-vr-campus-munich-inseec-etudiants-theatre-les-celestins.jpg","https:\/\/www.inseec.com\/wp-content\/uploads\/sites\/32\/2025\/11\/campus-hero-barcelone-inseec.jpg","https:\/\/www.inseec.com\/wp-content\/uploads\/sites\/32\/2025\/11\/campus-barcelone-inseec-ville-basilique-notre-dame-de-fourviere.jpg","https:\/\/www.inseec.com\/wp-content\/uploads\/sites\/32\/2025\/11\/campus-barcelone-inseec-photo-portrait.jpg","https:\/\/www.inseec.com\/wp-content\/uploads\/sites\/32\/2025\/11\/campus-slider-vr-campus-barcelone-inseec-etudiants-cours-petite-salle.jpg","https:\/\/www.inseec.com\/wp-content\/uploads\/sites\/32\/2025\/11\/campus-hero-online-inseec.jpg","https:\/\/www.inseec.com\/wp-content\/uploads\/sites\/32\/2025\/11\/guide-metier-inseec-photo-illustration-chef-de-publicite_d1bf22.jpg","https:\/\/www.inseec.com\/wp-content\/uploads\/sites\/32\/2025\/11\/guide-metier-inseec-hero-chef-de-projet-evenementiel.jpg","https:\/\/www.inseec.com\/wp-content\/uploads\/sites\/32\/2025\/11\/guide-metier-inseec-hero-chef-de-produit-sportif.jpg","https:\/\/www.inseec.com\/wp-content\/uploads\/sites\/32\/2025\/11\/campus-hero-toulouse-inseec.jpg","https:\/\/www.inseec.com\/wp-content\/uploads\/sites\/32\/2025\/11\/campus-toulouse-inseec-photo-portrait.jpg","https:\/\/www.inseec.com\/wp-content\/uploads\/sites\/32\/2025\/11\/campus-slider-vr-campus-toulouse-inseec-projet-de-groupe.jpg","https:\/\/www.inseec.com\/wp-content\/uploads\/sites\/32\/2025\/11\/campus-slider-vr-campus-toulouse-inseec-etudiants-amphitheatre.jpg","https:\/\/www.inseec.com\/wp-content\/uploads\/sites\/32\/2025\/11\/campus-hero-marseille-inseec.jpg","https:\/\/www.inseec.com\/wp-content\/uploads\/sites\/32\/2025\/11\/campus-marseille-inseec-photo-portrait.jpg","https:\/\/www.inseec.com\/wp-content\/uploads\/sites\/32\/2025\/11\/campus-slider-vr-campus-marseille-inseec-canapes-detente.jpg","https:\/\/www.inseec.com\/wp-content\/uploads\/sites\/32\/2025\/11\/campus-slider-vr-campus-marseille-inseec-salle-commune.jpg","https:\/\/www.inseec.com\/wp-content\/uploads\/sites\/32\/2025\/11\/campus-hero-rennes-inseec.jpg","https:\/\/www.inseec.com\/wp-content\/uploads\/sites\/32\/2025\/11\/campus-rennes-inseec-photo-portrait.jpg","https:\/\/www.inseec.com\/wp-content\/uploads\/sites\/32\/2025\/11\/campus-rennes-inseec-mosaic-alcove-repos.jpg","https:\/\/www.inseec.com\/wp-content\/uploads\/sites\/32\/2025\/11\/campus-rennes-inseec-amphitheatre-etudiantes.jpg","https:\/\/www.inseec.com\/wp-content\/uploads\/sites\/32\/2025\/11\/campus-hero-chambery-inseec-resize.jpg","https:\/\/www.inseec.com\/wp-content\/uploads\/sites\/32\/2025\/11\/campus-chambery-inseec-ville-horloge.jpg","https:\/\/www.inseec.com\/wp-content\/uploads\/sites\/32\/2025\/11\/campus-slider-vr-campus-chambery-inseec-exterieur.jpg","https:\/\/www.inseec.com\/wp-content\/uploads\/sites\/32\/2025\/11\/campus-slider-vr-campus-chambery-inseec-salle-detente.jpg","https:\/\/www.inseec.com\/wp-content\/uploads\/sites\/32\/2025\/11\/campus-hero-beaune-inseec.jpg","https:\/\/www.inseec.com\/wp-content\/uploads\/sites\/32\/2025\/11\/campus-beaune-inseec-ville-cave-a-vin.jpg","https:\/\/www.inseec.com\/wp-content\/uploads\/sites\/32\/2025\/11\/campus-slider-vr-campus-beaune-inseec-groupe-etudiants.jpg","https:\/\/www.inseec.com\/wp-content\/uploads\/sites\/32\/2025\/11\/campus-slider-vr-campus-beaune-inseec-etudiants-1.jpg","https:\/\/www.inseec.com\/wp-content\/uploads\/sites\/32\/2025\/11\/campus-hero-bordeaux-inseec.jpg","https:\/\/www.inseec.com\/wp-content\/uploads\/sites\/32\/2025\/11\/campus-bordeaux-inseec-facade.jpg","https:\/\/www.inseec.com\/wp-content\/uploads\/sites\/32\/2025\/11\/campus-bordeaux-inseec-cafeteria.jpg","https:\/\/www.inseec.com\/wp-content\/uploads\/sites\/32\/2025\/11\/campus-bordeaux-inseec-terrasse-bord-garonne.jpg","https:\/\/www.inseec.com\/wp-content\/uploads\/sites\/32\/2025\/11\/campus-hero-lyon-inseec.webp","https:\/\/www.inseec.com\/wp-content\/uploads\/sites\/32\/2025\/11\/campus-lyon-inseec-photo-portrait.jpg","https:\/\/www.inseec.com\/wp-content\/uploads\/sites\/32\/2025\/11\/campus-slider-vr-campus-lyon-inseec-dalle-detente.jpg","https:\/\/www.inseec.com\/wp-content\/uploads\/sites\/32\/2025\/11\/campus-slider-vr-campus-lyon-inseec-lion-rouge-hall.jpg","https:\/\/www.inseec.com\/wp-content\/uploads\/sites\/32\/2025\/11\/campus-paris.jpg","https:\/\/www.inseec.com\/wp-content\/uploads\/sites\/32\/2025\/11\/campus-paris-eiffel-inseec-portrait.jpg","https:\/\/www.inseec.com\/wp-content\/uploads\/sites\/32\/2025\/11\/campus-paris-vellefaux-inseec-cafeteria.jpg","https:\/\/www.inseec.com\/wp-content\/uploads\/sites\/32\/2025\/11\/campus-slider-vr-campus-paris-la-defense-inseec-salle-detente.jpg"],"foundingDate":"","memberOf":"OMNES Education","alumni":[{"@type":"Person","name":"Lasmak Said","description":"CEO & Cofounder"},{"@type":"Person","name":"Dauchy Xavier","description":"Chief Financial Officer"},{"@type":"Person","name":"Bordeaux Thomas","description":"Regional Manager Grand Lyon"},{"@type":"Person","name":"Quillot Romain","description":"Co-founder"},{"@type":"Person","name":"Rakotomalala Rindra","description":"Head of International Relations"},{"@type":"Person","name":"Lacroix Oscar","description":"Partner"},{"@type":"Person","name":"Moderan Olivia","description":"Manager for the Paris-South area"},{"@type":"Person","name":"Abdelhalim Nabil","description":"Industry Manager"},{"@type":"Person","name":"Duhalde M\u00e9lissa","description":"Operational Marketing Product Manager "},{"@type":"Person","name":"M. Matthieu","description":"Commercial real estate consultant"},{"@type":"Person","name":"Lusset Marie-Amandine","description":"Communications consultant"},{"@type":"Person","name":"R. Lo\u00efc","description":"Entrepreneur"},{"@type":"Person","name":"Soskin Lise","description":"RevOps"},{"@type":"Person","name":"Estrade Guillaume","description":"Regional Manager Grand Lyon"},{"@type":"Person","name":"P. Clara","description":"Head of Digital Communications EMEA"},{"@type":"Person","name":"Serryus C\u00e9sar","description":"Founder"},{"@type":"Person","name":"Onimus Aur\u00e9lien","description":"CEO"},{"@type":"Person","name":"B. Anne-Caroline B.","description":"Marketing & Communications Project Manager"},{"@type":"Person","name":"Azim Ana\u00efs","description":"Business Controller - Industry Unit"},{"@type":"Person","name":"Viallet Nouhant Alexandre","description":"Chief Executive Officer"},{"@type":"Person","name":"Ikouirene Adam","description":"Student commercial placement"}],"department":["Bachelor","Bachelor","BBA","BBA","BTS","BTS","Grande \u00c9cole","Grande \u00c9cole","International","International","MSc","MSc"],"hasCredential":["Bachelor","Bachelor","BBA","BBA","BTS","BTS","Grande \u00c9cole","Grande \u00c9cole","International","International","MSc","MSc"]}]}},"lang":"fr","translations":{"fr":3174,"en":88044},"jetpack_sharing_enabled":true,"pll_sync_post":[],"_links":{"self":[{"href":"https:\/\/www.inseec.com\/wp-json\/wp\/v2\/document\/3174","targetHints":{"allow":["GET"]}}],"collection":[{"href":"https:\/\/www.inseec.com\/wp-json\/wp\/v2\/document"}],"about":[{"href":"https:\/\/www.inseec.com\/wp-json\/wp\/v2\/types\/document"}],"wp:featuredmedia":[{"embeddable":true,"href":"https:\/\/www.inseec.com\/wp-json\/wp\/v2\/media\/88041"}],"wp:attachment":[{"href":"https:\/\/www.inseec.com\/wp-json\/wp\/v2\/media?parent=3174"}],"wp:term":[{"taxonomy":"city","embeddable":true,"href":"https:\/\/www.inseec.com\/wp-json\/wp\/v2\/city?post=3174"},{"taxonomy":"document_category","embeddable":true,"href":"https:\/\/www.inseec.com\/wp-json\/wp\/v2\/document_category?post=3174"},{"taxonomy":"document_tag","embeddable":true,"href":"https:\/\/www.inseec.com\/wp-json\/wp\/v2\/document_tag?post=3174"},{"taxonomy":"document_type","embeddable":true,"href":"https:\/\/www.inseec.com\/wp-json\/wp\/v2\/document_type?post=3174"},{"taxonomy":"school","embeddable":true,"href":"https:\/\/www.inseec.com\/wp-json\/wp\/v2\/school?post=3174"},{"taxonomy":"specialisation","embeddable":true,"href":"https:\/\/www.inseec.com\/wp-json\/wp\/v2\/specialisation?post=3174"},{"taxonomy":"analytics_tag","embeddable":true,"href":"https:\/\/www.inseec.com\/wp-json\/wp\/v2\/analytics_tag?post=3174"}],"curies":[{"name":"wp","href":"https:\/\/api.w.org\/{rel}","templated":true}]}}