{"id":4026,"date":"2025-11-30T16:38:34","date_gmt":"2025-11-30T15:38:34","guid":{"rendered":"https:\/\/www.inseec.com\/?page_id=4026"},"modified":"2025-12-09T18:37:39","modified_gmt":"2025-12-09T17:37:39","slug":"parcours-erasmus-plus","status":"publish","type":"page","link":"https:\/\/www.inseec.com\/parcours-erasmus-plus\/","title":{"rendered":"Parcours Erasmus +"},"content":{"rendered":"\n<header class=\"wp-block-group alignfull wp-pattern wp-pattern-hero-simple has-global-padding is-layout-constrained wp-container-core-group-is-layout-f44e15e6 wp-block-group-is-layout-constrained has-block-anchor\" style=\"margin-top:0;margin-bottom:0;padding-top:var(--wp--preset--spacing--padding-y-section);padding-bottom:var(--wp--preset--spacing--padding-y-section)\">\n<div class=\"wp-block-group alignwide wp-pattern-header-center-on-desktop has-global-padding is-layout-constrained wp-container-core-group-is-layout-a82a1774 wp-block-group-is-layout-constrained has-block-anchor\">\n<div class=\"wp-block-group is-vertical is-layout-flex wp-container-core-group-is-layout-bd7877ba wp-block-group-is-layout-flex has-block-anchor\">\n<p class=\"is-style-heading-default-eyebrow has-on-surface-color has-text-color has-link-color wp-elements-d3e1a4b2d5b3307ac8e851a85271d1ac\">\u00c9largissez vos horizons avec les<\/p>\n\n\n\n<div class=\"wp-block-group alignwide wp-pattern__inner is-layout-flow wp-container-core-group-is-layout-3fccdef8 wp-block-group-is-layout-flow has-block-anchor\">\n<div class=\"wp-block-group wp-pattern__header is-vertical is-content-justification-center is-layout-flex wp-container-core-group-is-layout-5cdabe57 wp-block-group-is-layout-flex has-block-anchor\">\n<h1 class=\"wp-block-heading has-text-align-center is-style-display-emphasis-d3 has-on-surface-color has-text-color has-link-color wp-elements-227ff4a934dbb0305cfc870df79d3236\" id=\"parcours-erasmus-inseec\">Parcours Erasmus+ INSEEC<\/h1>\n\n\n\n<p class=\"has-text-align-center is-style-plain-default-xl has-on-surface-subtle-color has-text-color has-link-color wp-elements-c1ad1d7265040c7d5388706853df3b89\">Des opportunit\u00e9s de mobilit\u00e9 \u00e0 l&#8217;\u00e9tranger pour d\u00e9couvrir de nouvelles cultures, renforcer vos comp\u00e9tences linguistiques et vivre une exp\u00e9rience acad\u00e9mique au plus pr\u00e8s du monde, notamment avec Erasmus+.<\/p>\n<\/div>\n<\/div>\n<\/div>\n<\/div>\n<\/header>\n\n\n\n<div class=\"wp-block-group alignwide wp-pattern wp-pattern-features-slider is-layout-flow wp-container-core-group-is-layout-1a58ddf4 wp-block-group-is-layout-flow has-block-anchor\" style=\"margin-top:0;margin-bottom:0;padding-top:var(--wp--preset--spacing--padding-y-section);padding-bottom:var(--wp--preset--spacing--padding-y-section)\">\n<div class=\"wp-block-group wp-pattern__header is-layout-flow wp-block-group-is-layout-flow has-block-anchor\">\n<p class=\"is-style-heading-default-eyebrow has-on-surface-color has-text-color has-link-color wp-elements-6e582ef5d9d4ea479f34b6f5a207cca4\">Une ouverture sur le monde<\/p>\n\n\n\n<h2 class=\"wp-block-heading is-style-heading-emphasis-h2 has-on-surface-color has-text-color has-link-color wp-elements-d4bc755c71d1e8802c667b8718d661ae\" style=\"margin-top:var(--wp--preset--spacing--xs);margin-bottom:var(--wp--preset--spacing--2-xl)\" id=\"pourquoi-partir-a-letranger\">Pourquoi partir \u00e0 l&#8217;\u00e9tranger ?<\/h2>\n\n\n\n<p class=\"is-style-plain-default-md has-on-surface-subtle-color has-text-color has-link-color wp-elements-c51b7f52450b17369aa0c49bd1f4f9af\">Partir \u00e9tudier \u00e0 l&#8217;\u00e9tranger avec Erasmus+ repr\u00e9sente une opportunit\u00e9 unique de d\u00e9veloppement personnel et professionnel. Cette exp\u00e9rience vous permet d&#8217;acqu\u00e9rir de nouvelles comp\u00e9tences, d&#8217;\u00e9largir votre r\u00e9seau international et de vous d\u00e9marquer sur le march\u00e9 du travail europ\u00e9en.<\/p>\n<\/div>\n\n\n\n<div class=\"block block--features-slider features-slider alignwide\">\n\t<div class=\"swiper swiper-overflow-visible\">\n\t\t<div class=\"swiper-wrapper\">\n\t\t\t\t\t\t\t\t<div class=\"swiper-slide\">\n\t\t\t\t\t\t\n<div class=\"crd crd--feature\">\n\t<div class=\"crd__icon\"><img loading=\"lazy\" decoding=\"async\" width=\"64\" height=\"64\" src=\"https:\/\/www.inseec.com\/wp-content\/uploads\/sites\/32\/2025\/12\/icon-horn.svg?w=40\" class=\"\" alt=\"\" data-location=\"\" \/><\/div><h3 class=\"crd__title is-style-plain-emphasis-lg has-on-surface-color\">Exp\u00e9rience culturelle<\/h3><p class=\"crd__description is-style-plain-default-md has-on-surface-subtle-color\">\u00c9tudier \u00e0 l&#8217;\u00e9tranger, c&#8217;est s&#8217;ouvrir \u00e0 une nouvelle culture. Vous d\u00e9couvrez d&#8217;autres traditions, langues et modes de vie.<\/p><\/div>\n\t\t\t\t\t<\/div>\n\t\t\t\t\t\t\t\t\t\t<div class=\"swiper-slide\">\n\t\t\t\t\t\t\n<div class=\"crd crd--feature\">\n\t<div class=\"crd__icon\"><img loading=\"lazy\" decoding=\"async\" width=\"64\" height=\"64\" src=\"https:\/\/www.inseec.com\/wp-content\/uploads\/sites\/32\/2025\/12\/icon-comment-lang.svg?w=40\" class=\"\" alt=\"\" data-location=\"\" \/><\/div><h3 class=\"crd__title is-style-plain-emphasis-lg has-on-surface-color\">Apprendre une langue<\/h3><p class=\"crd__description is-style-plain-default-md has-on-surface-subtle-color\">\u00c9tudier \u00e0 l&#8217;\u00e9tranger, c&#8217;est progresser en langues. Vous pratiquez au quotidien et am\u00e9liorez vos comp\u00e9tences.<\/p><\/div>\n\t\t\t\t\t<\/div>\n\t\t\t\t\t\t\t\t\t\t<div class=\"swiper-slide\">\n\t\t\t\t\t\t\n<div class=\"crd crd--feature\">\n\t<div class=\"crd__icon\"><img loading=\"lazy\" decoding=\"async\" width=\"64\" height=\"64\" src=\"https:\/\/www.inseec.com\/wp-content\/uploads\/sites\/32\/2025\/12\/icone-Ateliers.svg?w=40\" class=\"\" alt=\"\" data-location=\"\" \/><\/div><h3 class=\"crd__title is-style-plain-emphasis-lg has-on-surface-color\">D\u00e9veloppement professionnel<\/h3><p class=\"crd__description is-style-plain-default-md has-on-surface-subtle-color\">Une exp\u00e9rience Erasmus+ valorise votre CV et d\u00e9montre votre capacit\u00e9 \u00e0 \u00e9voluer dans des environnements multiculturels, un atout recherch\u00e9 par les recruteurs.<\/p><\/div>\n\t\t\t\t\t<\/div>\n\t\t\t\t\t\t\t\t\t\t<div class=\"swiper-slide\">\n\t\t\t\t\t\t\n<div class=\"crd crd--feature\">\n\t<div class=\"crd__icon\"><img loading=\"lazy\" decoding=\"async\" width=\"64\" height=\"64\" src=\"https:\/\/www.inseec.com\/wp-content\/uploads\/sites\/32\/2025\/12\/icone-Matchup.svg?w=40\" class=\"\" alt=\"\" data-location=\"\" \/><\/div><h3 class=\"crd__title is-style-plain-emphasis-lg has-on-surface-color\">R\u00e9seau international<\/h3><p class=\"crd__description is-style-plain-default-md has-on-surface-subtle-color\">Construisez un r\u00e9seau de contacts \u00e0 l&#8217;\u00e9chelle europ\u00e9enne en rencontrant des \u00e9tudiants et professionnels du monde entier.<\/p><\/div>\n\t\t\t\t\t<\/div>\n\t\t\t\t\t\t\t<\/div>\n\t\t\n<div class=\"swiper__controls\">\n\t<div class=\"swiper-pagination\"><\/div>\n\n\t<div class=\"swiper__buttons\">\n\t\t\t\t\t<button class=\"swiper-button-prev\" type=\"button\">\n\t\t\t\t<svg class=\"icon icon-arrow-left\" aria-hidden=\"true\" focusable=\"false\"><use href=\"https:\/\/www.inseec.com\/wp-content\/themes\/omnes-design-system\/dist\/icons\/sprite.svg#icon-arrow-left\"><\/use><\/svg>\t\t\t<\/button>\n\t\t\t<button class=\"swiper-button-next\" type=\"button\">\n\t\t\t\t<svg class=\"icon icon-arrow-right\" aria-hidden=\"true\" focusable=\"false\"><use href=\"https:\/\/www.inseec.com\/wp-content\/themes\/omnes-design-system\/dist\/icons\/sprite.svg#icon-arrow-right\"><\/use><\/svg>\t\t\t<\/button>\n\t\t\t<\/div>\n<\/div>\n\t<\/div>\n<\/div>\n<\/div>\n\n\n\n<div class=\"wp-block-group alignfull wp-pattern wp-pattern-banner-small-cta wp-pattern-banner-small-cta-light has-global-padding is-layout-constrained wp-block-group-is-layout-constrained\" style=\"margin-top:0;margin-bottom:0;padding-top:var(--wp--preset--spacing--padding-y-sm);padding-bottom:var(--wp--preset--spacing--padding-y-sm)\">\n<div class=\"wp-block-group alignwide has-surface-background-color has-background is-content-justification-space-between is-layout-flex wp-container-core-group-is-layout-7a133ff0 wp-block-group-is-layout-flex\" style=\"margin-top:0;margin-bottom:0;padding-top:var(--wp--preset--spacing--3-xl);padding-right:var(--wp--preset--spacing--3-xl);padding-bottom:var(--wp--preset--spacing--3-xl);padding-left:var(--wp--preset--spacing--3-xl)\">\n<div class=\"wp-block-group is-vertical is-layout-flex wp-container-core-group-is-layout-5a6f8b2c wp-block-group-is-layout-flex\">\n<p class=\"is-style-heading-emphasis-h3 has-on-surface-color has-text-color has-link-color wp-elements-75d0f17e04585211232e4505977f51e9\">Vous \u00eates un \u00e9tudiant <br>international ?<\/p>\n\n\n\n<p class=\"is-style-plain-default-md has-on-surface-subtle-color has-text-color has-link-color wp-elements-a7897cf8ce2d2aedcbf3c0df1f376c1a\">T\u00e9l\u00e9chargez nos fiches r\u00e9capitulatives pour les <br>programmes BBA et Grande \u00c9cole<\/p>\n<\/div>\n\n\n\n<div class=\"wp-block-buttons is-content-justification-left is-layout-flex wp-container-core-buttons-is-layout-541a3246 wp-block-buttons-is-layout-flex\">\n<div class=\"wp-block-button is-style-subtle-md\"><a class=\"wp-block-button__link wp-element-button\" href=\"https:\/\/www.inseec.com\/wp-content\/uploads\/sites\/32\/2025\/12\/inseec-bba-france-factsheet-internationaux.pdf\" target=\"_blank\" rel=\"noreferrer noopener\">T\u00e9l\u00e9charger la fiche BBA<\/a><\/div>\n\n\n\n<div class=\"wp-block-button is-style-fill-md\"><a class=\"wp-block-button__link wp-element-button\" href=\"https:\/\/www.inseec.com\/wp-content\/uploads\/sites\/32\/2025\/12\/inseec-grande-ecole-france-factsheet-internationaux.pdf\" target=\"_blank\" rel=\"noreferrer noopener\">T\u00e9l\u00e9charger la fiche Grande Ecole<\/a><\/div>\n<\/div>\n<\/div>\n<\/div>\n\n\n\n<div class=\"wp-block-group alignfull wp-pattern wp-pattern-features-cards wp-pattern-features-cards-two-columns has-global-padding is-layout-constrained wp-block-group-is-layout-constrained has-block-anchor\" style=\"border-radius:0px;margin-top:0;margin-bottom:0;padding-top:var(--wp--preset--spacing--padding-y-section);padding-bottom:var(--wp--preset--spacing--padding-y-section)\">\n<div class=\"wp-block-group alignwide wp-pattern__inner is-layout-flow wp-container-core-group-is-layout-3fccdef8 wp-block-group-is-layout-flow has-block-anchor\">\n<div class=\"wp-block-columns is-layout-flex wp-container-core-columns-is-layout-28f84493 wp-block-columns-is-layout-flex has-block-anchor\">\n<div class=\"wp-block-column is-layout-flow wp-block-column-is-layout-flow\">\n<p class=\"is-style-heading-default-eyebrow has-on-surface-color has-text-color has-link-color wp-elements-f75a60aa7c81ac7899a5fd50b7051a2c\">Se financer avec<\/p>\n\n\n\n<h2 class=\"wp-block-heading is-style-heading-emphasis-h2 has-on-surface-color has-text-color has-link-color wp-elements-433fb18aca039004f55cef3dfabc0116\" id=\"la-bourse-erasmus\">La bourse Erasmus+<\/h2>\n\n\n\n<p>La bourse Erasmus+ vous aide \u00e0 financer votre mobilit\u00e9 internationale. Son montant varie selon le pays de destination et la dur\u00e9e de votre s\u00e9jour. En moyenne, elle s&#8217;\u00e9l\u00e8ve entre 150 et 300 \u20ac\/mois pour les destinations europ\u00e9ennes.<\/p>\n\n\n\n<p>Cette aide financi\u00e8re couvre partiellement vos frais de vie \u00e0 l&#8217;\u00e9tranger (logement, transport, alimentation) et vous permet de vous concentrer pleinement sur votre exp\u00e9rience acad\u00e9mique et culturelle sans contrainte financi\u00e8re excessive.<\/p>\n<\/div>\n\n\n\n<div class=\"wp-block-column is-layout-flow wp-block-column-is-layout-flow\">\n<figure class=\"wp-block-image size-full\"><img loading=\"lazy\" decoding=\"async\" width=\"629\" height=\"471\" src=\"https:\/\/www.inseec.com\/wp-content\/uploads\/sites\/32\/2025\/12\/photo-avion.jpg\" alt=\"\" class=\"wp-image-81293\" srcset=\"https:\/\/www.inseec.com\/wp-content\/uploads\/sites\/32\/2025\/12\/photo-avion.jpg 629w, https:\/\/www.inseec.com\/wp-content\/uploads\/sites\/32\/2025\/12\/photo-avion.jpg?resize=300,225 300w, https:\/\/www.inseec.com\/wp-content\/uploads\/sites\/32\/2025\/12\/photo-avion.jpg?resize=220,165 220w, https:\/\/www.inseec.com\/wp-content\/uploads\/sites\/32\/2025\/12\/photo-avion.jpg?resize=440,330 440w, https:\/\/www.inseec.com\/wp-content\/uploads\/sites\/32\/2025\/12\/photo-avion.jpg?resize=240,180 240w, https:\/\/www.inseec.com\/wp-content\/uploads\/sites\/32\/2025\/12\/photo-avion.jpg?resize=480,360 480w, https:\/\/www.inseec.com\/wp-content\/uploads\/sites\/32\/2025\/12\/photo-avion.jpg?resize=282,212 282w, https:\/\/www.inseec.com\/wp-content\/uploads\/sites\/32\/2025\/12\/photo-avion.jpg?resize=330,248 330w, https:\/\/www.inseec.com\/wp-content\/uploads\/sites\/32\/2025\/12\/photo-avion.jpg?resize=428,321 428w, https:\/\/www.inseec.com\/wp-content\/uploads\/sites\/32\/2025\/12\/photo-avion.jpg?resize=600,450 600w, https:\/\/www.inseec.com\/wp-content\/uploads\/sites\/32\/2025\/12\/photo-avion.jpg?resize=53,40 53w, https:\/\/www.inseec.com\/wp-content\/uploads\/sites\/32\/2025\/12\/photo-avion.jpg?resize=107,80 107w, https:\/\/www.inseec.com\/wp-content\/uploads\/sites\/32\/2025\/12\/photo-avion.jpg?resize=214,160 214w, https:\/\/www.inseec.com\/wp-content\/uploads\/sites\/32\/2025\/12\/photo-avion.jpg?resize=67,50 67w, https:\/\/www.inseec.com\/wp-content\/uploads\/sites\/32\/2025\/12\/photo-avion.jpg?resize=134,100 134w, https:\/\/www.inseec.com\/wp-content\/uploads\/sites\/32\/2025\/12\/photo-avion.jpg?resize=24,18 24w, https:\/\/www.inseec.com\/wp-content\/uploads\/sites\/32\/2025\/12\/photo-avion.jpg?resize=48,36 48w, https:\/\/www.inseec.com\/wp-content\/uploads\/sites\/32\/2025\/12\/photo-avion.jpg?resize=40,30 40w, https:\/\/www.inseec.com\/wp-content\/uploads\/sites\/32\/2025\/12\/photo-avion.jpg?resize=80,60 80w\" sizes=\"auto, (max-width: 629px) 100vw, 629px\" \/><\/figure>\n<\/div>\n<\/div>\n<\/div>\n<\/div>\n\n\n\n<div class=\"wp-block-group alignfull wp-pattern wp-pattern-features-cards wp-pattern-features-cards-three-columns has-white-background-color has-background has-global-padding is-layout-constrained wp-block-group-is-layout-constrained has-block-anchor\" style=\"border-radius:0px;margin-top:0;margin-bottom:0;padding-top:var(--wp--preset--spacing--padding-y-section);padding-bottom:var(--wp--preset--spacing--padding-y-section)\">\n<div class=\"wp-block-group alignwide wp-pattern__inner is-layout-flow wp-container-core-group-is-layout-3fccdef8 wp-block-group-is-layout-flow has-block-anchor\">\n<div class=\"wp-block-group wp-pattern__header is-vertical is-content-justification-left is-layout-flex wp-container-core-group-is-layout-ec2f9384 wp-block-group-is-layout-flex has-block-anchor\">\n<div class=\"wp-block-group is-vertical is-layout-flex wp-container-core-group-is-layout-bd7877ba wp-block-group-is-layout-flex has-block-anchor\">\n<p class=\"is-style-heading-default-eyebrow has-on-surface-color has-text-color has-link-color wp-elements-76f3758623e72bd76bc3f9a63f19fc63\">Le programme<\/p>\n\n\n\n<h2 class=\"wp-block-heading is-style-heading-emphasis-h2 has-on-surface-color has-text-color has-link-color wp-elements-1ebb2c85e20181c81bd3009822c6d6be\" id=\"les-objectifs-de-erasmus\">Les objectifs de Erasmus+<\/h2>\n<\/div>\n\n\n\n<p class=\"is-style-plain-default-md has-on-surface-subtle-color has-text-color has-link-color wp-elements-7121edaefd67628ab0219c5bda340cef\">Le programme Erasmus+ vise \u00e0 renforcer la dimension europ\u00e9enne de l&#8217;enseignement sup\u00e9rieur en favorisant la mobilit\u00e9 \u00e9tudiante, l&#8217;excellence acad\u00e9mique et l&#8217;employabilit\u00e9 des jeunes dipl\u00f4m\u00e9s \u00e0 l&#8217;\u00e9chelle internationale.<\/p>\n<\/div>\n\n\n\n<div class=\"wp-block-group is-layout-grid wp-container-core-group-is-layout-0e82c502 wp-block-group-is-layout-grid has-block-anchor\">\n<div class=\"wp-block-group wp-pattern wp-pattern-feature-card crd crd--feature is-vertical is-layout-flex wp-container-core-group-is-layout-4b827052 wp-block-group-is-layout-flex has-block-anchor\">\n<ul class=\"wp-block-beapi-icon-block crd__icon is-layout-flex wp-block-icon-block-is-layout-flex\">\n<li class=\"wp-block-beapi-icon-item\"><span><svg width=\"40\" height=\"40\" viewBox=\"0 0 24 24\" version=\"1.1\" xmlns=\"http:\/\/www.w3.org\/2000\/svg\" class=\"wp-block-beapi-icon-block__icon-component wp-block-beapi-icon-block__icon-component--sprite icon-badge\" aria-hidden=\"true\"><use href=\"https:\/\/www.inseec.com\/wp-content\/themes\/omnes-design-system\/dist\/icons\/sprite.svg#icon-badge\"><\/use><\/svg><\/span><\/li>\n<\/ul>\n\n\n\n<h3 class=\"wp-block-heading crd__title is-style-plain-emphasis-lg is-style-default has-on-surface-color has-text-color has-link-color wp-elements-941b4baa1afa67de2d556adb72c78fd7\" id=\"une-experience-enrichissante-et-formatrice\"><strong>Une exp\u00e9rience enrichissante et formatrice<\/strong><\/h3>\n\n\n\n<p class=\"crd__description is-style-plain-default-md has-on-surface-subtle-color has-text-color has-link-color wp-elements-09cafb90f74f315453cbe33accaab869\">D\u00e9veloppez vos comp\u00e9tences interculturelles, votre autonomie et votre adaptabilit\u00e9 gr\u00e2ce \u00e0 une immersion compl\u00e8te dans un environnement acad\u00e9mique international.<\/p>\n<\/div>\n\n\n\n<div class=\"wp-block-group wp-pattern wp-pattern-feature-card crd crd--feature is-vertical is-layout-flex wp-container-core-group-is-layout-4b827052 wp-block-group-is-layout-flex has-block-anchor\">\n<ul class=\"wp-block-beapi-icon-block crd__icon is-layout-flex wp-block-icon-block-is-layout-flex\">\n<li class=\"wp-block-beapi-icon-item\"><span><svg width=\"40\" height=\"40\" viewBox=\"0 0 24 24\" version=\"1.1\" xmlns=\"http:\/\/www.w3.org\/2000\/svg\" class=\"wp-block-beapi-icon-block__icon-component wp-block-beapi-icon-block__icon-component--sprite icon-hands\" aria-hidden=\"true\"><use href=\"https:\/\/www.inseec.com\/wp-content\/themes\/omnes-design-system\/dist\/icons\/sprite.svg#icon-hands\"><\/use><\/svg><\/span><\/li>\n<\/ul>\n\n\n\n<h3 class=\"wp-block-heading crd__title is-style-plain-emphasis-lg is-style-default has-on-surface-color has-text-color has-link-color wp-elements-5a514797cebb61d63b3d620c36670acf\" id=\"un-accompagnement-personnalise\"><strong>Un accompagnement personnalis\u00e9<\/strong><\/h3>\n\n\n\n<p class=\"crd__description is-style-plain-default-md has-on-surface-subtle-color has-text-color has-link-color wp-elements-df2afb6d59787e53d966cc7e74e8a0e1\">B\u00e9n\u00e9ficiez d&#8217;un suivi individualis\u00e9 avant, pendant et apr\u00e8s votre mobilit\u00e9 par nos \u00e9quipes Relations Internationales pour garantir la r\u00e9ussite de votre projet.<\/p>\n<\/div>\n\n\n\n<div class=\"wp-block-group wp-pattern wp-pattern-feature-card crd crd--feature is-vertical is-layout-flex wp-container-core-group-is-layout-4b827052 wp-block-group-is-layout-flex has-block-anchor\">\n<ul class=\"wp-block-beapi-icon-block crd__icon is-layout-flex wp-block-icon-block-is-layout-flex\">\n<li class=\"wp-block-beapi-icon-item\"><span><svg width=\"40\" height=\"40\" viewBox=\"0 0 24 24\" version=\"1.1\" xmlns=\"http:\/\/www.w3.org\/2000\/svg\" class=\"wp-block-beapi-icon-block__icon-component wp-block-beapi-icon-block__icon-component--sprite icon-webinar\" aria-hidden=\"true\"><use href=\"https:\/\/www.inseec.com\/wp-content\/themes\/omnes-design-system\/dist\/icons\/sprite.svg#icon-webinar\"><\/use><\/svg><\/span><\/li>\n<\/ul>\n\n\n\n<h3 class=\"wp-block-heading crd__title is-style-plain-emphasis-lg is-style-default has-on-surface-color has-text-color has-link-color wp-elements-4240a42e86cf2e0006805d7c48fc80cf\" id=\"un-atout-pour-votre-carriere\"><strong>Un atout pour votre carri\u00e8re<\/strong><\/h3>\n\n\n\n<p class=\"crd__description is-style-plain-default-md has-on-surface-subtle-color has-text-color has-link-color wp-elements-362ba34a420b808ac1a6ab4eb5e88664\">Une exp\u00e9rience Erasmus+ renforce significativement votre employabilit\u00e9 et vous ouvre les portes de carri\u00e8res internationales dans toute l&#8217;Europe.<\/p>\n<\/div>\n<\/div>\n<\/div>\n<\/div>\n\n\n\n<div class=\"wp-block-group alignfull wp-pattern wp-pattern-features-cards wp-pattern-features-cards-two-columns has-white-background-color has-background has-global-padding is-layout-constrained wp-block-group-is-layout-constrained has-block-anchor\" style=\"border-radius:0px;margin-top:0;margin-bottom:0;padding-top:var(--wp--preset--spacing--padding-y-section);padding-bottom:var(--wp--preset--spacing--padding-y-section)\">\n<div class=\"wp-block-group alignwide wp-pattern__inner is-layout-flow wp-container-core-group-is-layout-3fccdef8 wp-block-group-is-layout-flow has-block-anchor\">\n<div class=\"wp-block-group wp-pattern__header is-vertical is-content-justification-left is-layout-flex wp-container-core-group-is-layout-ec2f9384 wp-block-group-is-layout-flex has-block-anchor\">\n<div class=\"wp-block-group is-vertical is-layout-flex wp-container-core-group-is-layout-bd7877ba wp-block-group-is-layout-flex has-block-anchor\">\n<p class=\"is-style-heading-default-eyebrow has-on-surface-color has-text-color has-link-color wp-elements-2ae7fa4c7dc1b079b849211117de7255\">Un financement accessible<\/p>\n\n\n\n<h2 class=\"wp-block-heading is-style-heading-emphasis-h2 has-on-surface-color has-text-color has-link-color wp-elements-330ff89e18e17854b703b6a97e1c9ec3\" id=\"la-bourse-erasmus-a-linseec-un-soutien-pour-tous\">La bourse Erasmus+ \u00e0 l\u2019INSEEC : un soutien pour tous<\/h2>\n<\/div>\n\n\n\n<p class=\"is-style-plain-default-md has-on-surface-subtle-color has-text-color has-link-color wp-elements-14b36e7c1312be2fcee09f0df6e7c165\">Erasmus+ est-il gratuit ? Oui. Les \u00e9tudiants en universit\u00e9 partenaire ne paient aucuns frais sur place et peuvent recevoir une allocation Erasmus+ pour leurs d\u00e9penses. Le programme repose sur quatre priorit\u00e9s cl\u00e9s :<\/p>\n<\/div>\n\n\n\n<div class=\"wp-block-columns is-layout-flex wp-container-core-columns-is-layout-28f84493 wp-block-columns-is-layout-flex\">\n<div class=\"wp-block-column is-layout-flow wp-block-column-is-layout-flow\">\n<div class=\"wp-block-group has-global-padding is-layout-constrained wp-block-group-is-layout-constrained\">\n<div class=\"wp-block-group wp-pattern wp-pattern-feature-card-icon-on-left is-nowrap is-layout-flex wp-container-core-group-is-layout-7310a87f wp-block-group-is-layout-flex\">\n<ul class=\"wp-block-beapi-icon-block is-layout-flex wp-block-icon-block-is-layout-flex\">\n<li class=\"wp-block-beapi-icon-item\"><span style=\"background-color:var(--wp--custom--color--primary-default-primary-container)\"><svg width=\"24\" height=\"24\" viewBox=\"0 0 24 24\" version=\"1.1\" xmlns=\"http:\/\/www.w3.org\/2000\/svg\" style=\"color:var(--wp--custom--color--primary-default-primary)\" class=\"wp-block-beapi-icon-block__icon-component wp-block-beapi-icon-block__icon-component--sprite icon-wheelchair\" aria-hidden=\"true\"><use href=\"https:\/\/www.inseec.com\/wp-content\/themes\/omnes-design-system\/dist\/icons\/sprite.svg#icon-wheelchair\"><\/use><\/svg><\/span><\/li>\n<\/ul>\n\n\n\n<div class=\"wp-block-group is-vertical is-layout-flex wp-container-core-group-is-layout-4b827052 wp-block-group-is-layout-flex\">\n<p class=\"is-style-plain-emphasis-sm has-on-surface-color has-text-color has-link-color wp-elements-8e62f225a87a681ba3e1c17ac14eb61c\">Mobilit\u00e9 inclusive<\/p>\n\n\n\n<p class=\"is-style-plain-default-sm has-on-surface-subtle-color has-text-color has-link-color wp-elements-6d493651894b5fd788fa0fe4002b6f39\">Erasmus+ s&#8217;engage \u00e0 rendre la mobilit\u00e9 accessible \u00e0 tous les \u00e9tudiants, y compris ceux en situation de handicap ou issus de milieux modestes, gr\u00e2ce \u00e0 des bourses major\u00e9es.<\/p>\n<\/div>\n<\/div>\n\n\n\n<div class=\"wp-block-group wp-pattern wp-pattern-feature-card-icon-on-left is-nowrap is-layout-flex wp-container-core-group-is-layout-7310a87f wp-block-group-is-layout-flex\">\n<ul class=\"wp-block-beapi-icon-block is-layout-flex wp-block-icon-block-is-layout-flex\">\n<li class=\"wp-block-beapi-icon-item\"><span style=\"background-color:var(--wp--custom--color--primary-default-primary-container)\"><svg width=\"24\" height=\"24\" viewBox=\"0 0 24 24\" version=\"1.1\" xmlns=\"http:\/\/www.w3.org\/2000\/svg\" style=\"color:var(--wp--custom--color--primary-default-primary)\" class=\"wp-block-beapi-icon-block__icon-component wp-block-beapi-icon-block__icon-component--sprite icon-digital\" aria-hidden=\"true\"><use href=\"https:\/\/www.inseec.com\/wp-content\/themes\/omnes-design-system\/dist\/icons\/sprite.svg#icon-digital\"><\/use><\/svg><\/span><\/li>\n<\/ul>\n\n\n\n<div class=\"wp-block-group is-vertical is-layout-flex wp-container-core-group-is-layout-4b827052 wp-block-group-is-layout-flex\">\n<p class=\"is-style-plain-emphasis-sm has-on-surface-color has-text-color has-link-color wp-elements-841c76ecca4885f80ffa2f96954add89\">Dimension num\u00e9rique<\/p>\n\n\n\n<p class=\"is-style-plain-default-sm has-on-surface-subtle-color has-text-color has-link-color wp-elements-4dcbc46e11aab3d683f38016c22205a5\">Erasmus+ int\u00e8gre les outils num\u00e9riques pour faciliter les d\u00e9marches administratives, le suivi p\u00e9dagogique et les \u00e9changes interculturels.<\/p>\n<\/div>\n<\/div>\n<\/div>\n<\/div>\n\n\n\n<div class=\"wp-block-column is-layout-flow wp-block-column-is-layout-flow\">\n<div class=\"wp-block-group has-global-padding is-layout-constrained wp-block-group-is-layout-constrained\">\n<div class=\"wp-block-group wp-pattern wp-pattern-feature-card-icon-on-left is-nowrap is-layout-flex wp-container-core-group-is-layout-7310a87f wp-block-group-is-layout-flex\">\n<ul class=\"wp-block-beapi-icon-block is-layout-flex wp-block-icon-block-is-layout-flex\">\n<li class=\"wp-block-beapi-icon-item\"><span style=\"background-color:var(--wp--custom--color--primary-default-primary-container)\"><svg width=\"24\" height=\"24\" viewBox=\"0 0 24 24\" version=\"1.1\" xmlns=\"http:\/\/www.w3.org\/2000\/svg\" style=\"color:var(--wp--custom--color--primary-default-primary)\" class=\"wp-block-beapi-icon-block__icon-component wp-block-beapi-icon-block__icon-component--sprite icon-student-cap\" aria-hidden=\"true\"><use href=\"https:\/\/www.inseec.com\/wp-content\/themes\/omnes-design-system\/dist\/icons\/sprite.svg#icon-student-cap\"><\/use><\/svg><\/span><\/li>\n<\/ul>\n\n\n\n<div class=\"wp-block-group is-vertical is-layout-flex wp-container-core-group-is-layout-4b827052 wp-block-group-is-layout-flex\">\n<p class=\"is-style-plain-emphasis-sm has-on-surface-color has-text-color has-link-color wp-elements-c4b71045ab5a4432e08ccf09cbd053e4\">Excellence acad\u00e9mique<\/p>\n\n\n\n<p class=\"is-style-plain-default-sm has-on-surface-subtle-color has-text-color has-link-color wp-elements-be562c3eee553135efe05a0d219623e0\">Le programme valorise la qualit\u00e9 de l&#8217;enseignement et encourage les partenariats avec des universit\u00e9s europ\u00e9ennes reconnues pour leur excellence.<\/p>\n<\/div>\n<\/div>\n\n\n\n<div class=\"wp-block-group wp-pattern wp-pattern-feature-card-icon-on-left is-nowrap is-layout-flex wp-container-core-group-is-layout-7310a87f wp-block-group-is-layout-flex\">\n<ul class=\"wp-block-beapi-icon-block is-layout-flex wp-block-icon-block-is-layout-flex\">\n<li class=\"wp-block-beapi-icon-item\"><span style=\"background-color:var(--wp--custom--color--primary-default-primary-container)\"><svg width=\"24\" height=\"24\" viewBox=\"0 0 24 24\" version=\"1.1\" xmlns=\"http:\/\/www.w3.org\/2000\/svg\" style=\"color:var(--wp--custom--color--primary-default-primary)\" class=\"wp-block-beapi-icon-block__icon-component wp-block-beapi-icon-block__icon-component--sprite icon-human-resources\" aria-hidden=\"true\"><use href=\"https:\/\/www.inseec.com\/wp-content\/themes\/omnes-design-system\/dist\/icons\/sprite.svg#icon-human-resources\"><\/use><\/svg><\/span><\/li>\n<\/ul>\n\n\n\n<div class=\"wp-block-group is-vertical is-layout-flex wp-container-core-group-is-layout-4b827052 wp-block-group-is-layout-flex\">\n<p class=\"is-style-plain-emphasis-sm has-on-surface-color has-text-color has-link-color wp-elements-58d6ed4d65c2a05191b88535aa959179\">Engagement citoyen et environnemental<\/p>\n\n\n\n<p class=\"is-style-plain-default-sm has-on-surface-subtle-color has-text-color has-link-color wp-elements-7596dddfee6c04d2fbbc3727eb915d84\">Le programme encourage les comportements responsables, notamment \u00e0 travers des mobilit\u00e9s \u00ab vertes \u00bb privil\u00e9giant les transports durables.<\/p>\n<\/div>\n<\/div>\n<\/div>\n<\/div>\n<\/div>\n<\/div>\n<\/div>\n\n\n\n<div class=\"wp-block-group alignfull wp-pattern wp-pattern-apply-static has-global-padding is-layout-constrained wp-block-group-is-layout-constrained has-block-anchor\" style=\"margin-top:0;margin-bottom:0\">\n<div class=\"wp-block-group alignwide is-vertical is-content-justification-stretch is-layout-flex wp-container-core-group-is-layout-43d3814e wp-block-group-is-layout-flex has-block-anchor\" style=\"padding-top:var(--wp--preset--spacing--padding-y-section);padding-bottom:var(--wp--preset--spacing--padding-y-section)\">\n<div class=\"wp-block-group wp-pattern__header is-vertical is-layout-flex wp-container-core-group-is-layout-bd7877ba wp-block-group-is-layout-flex has-block-anchor\">\n<p class=\"is-style-heading-default-eyebrow has-on-surface-color has-text-color has-link-color wp-elements-aa711e898cb405409db38f707f9a5c0d\">Candidature<\/p>\n\n\n\n<h2 class=\"wp-block-heading is-style-heading-emphasis-h2 has-on-surface-color has-text-color has-link-color wp-elements-c3ba7fe92086782939be58387dd12a8f\" id=\"comment-candidater-a-erasmus\"><strong>Comment candidater \u00e0 Erasmus+ ?<\/strong><\/h2>\n<\/div>\n\n\n\n<div class=\"wp-block-group wp-pattern__wrapper is-content-justification-space-between is-nowrap is-layout-flex wp-container-core-group-is-layout-0b70ad5d wp-block-group-is-layout-flex has-block-anchor\">\n<div class=\"wp-block-group wp-pattern__items is-vertical is-content-justification-stretch is-layout-flex wp-container-core-group-is-layout-86ffd130 wp-block-group-is-layout-flex has-block-anchor\">\n<div class=\"wp-block-group wp-pattern__item is-vertical is-layout-flex wp-container-core-group-is-layout-bd7877ba wp-block-group-is-layout-flex has-block-anchor\">\n<h3 class=\"wp-block-heading is-style-default has-on-surface-color has-text-color has-link-color wp-elements-e313dfece74b2fc98721fb5ef83abbd9\" id=\"un-processus-en-plusieurs-etapes\"><strong>Un processus en plusieurs \u00e9tapes<\/strong><\/h3>\n\n\n\n<p class=\"is-style-plain-default-md has-on-surface-subtle-color has-text-color has-link-color wp-elements-98b0a7c22620c0cbcd54af1d706fc2eb\">Pour partir en Erasmus+, vous devez d&#8217;abord \u00eatre inscrit \u00e0 l&#8217;INSEEC BBA ou Grande \u00c9cole. La candidature se fait g\u00e9n\u00e9ralement en fin de 1\u02b3\u1d49 ou 2\u1d49 ann\u00e9e selon votre programme.<\/p>\n\n\n\n<p class=\"is-style-plain-default-md has-on-surface-subtle-color has-text-color has-link-color wp-elements-1ed3ae1d54dd8ddfceaf39881455c0c2\">Le processus comprend la s\u00e9lection de vos universit\u00e9s d&#8217;accueil parmi nos partenaires Erasmus+, la constitution d&#8217;un dossier acad\u00e9mique (relev\u00e9s de notes, lettre de motivation, CV), la validation de votre niveau de langue (certification B1 minimum recommand\u00e9e) et un entretien avec le service Relations Internationales.<\/p>\n\n\n\n<p class=\"is-style-plain-default-md has-on-surface-subtle-color has-text-color has-link-color wp-elements-c420863d94d90f9dec6957cbab894489\">Une fois accept\u00e9, vous signez un contrat p\u00e9dagogique (Learning Agreement) d\u00e9finissant les cours que vous suivrez \u00e0 l&#8217;\u00e9tranger et leur \u00e9quivalence INSEEC. Nos \u00e9quipes vous accompagnent dans toutes les d\u00e9marches administratives : inscription \u00e0 l&#8217;universit\u00e9 d&#8217;accueil, demande de bourse, recherche de logement et pr\u00e9paration au d\u00e9part.<\/p>\n\n\n\n<p class=\"is-style-plain-default-md has-on-surface-subtle-color has-text-color has-link-color wp-elements-a0329b727ac3e41a5b14f47cd5cf521d\"><\/p>\n<\/div>\n<\/div>\n\n\n\n<div class=\"wp-block-group wp-pattern__applybox has-border-color has-outline-subtle-border-color has-background is-vertical is-content-justification-stretch is-layout-flex wp-container-core-group-is-layout-1a257378 wp-block-group-is-layout-flex\" style=\"border-width:2px;border-radius:16px;background-color:#f0f7ff;padding-top:var(--wp--preset--spacing--2-xl);padding-right:var(--wp--preset--spacing--2-xl);padding-bottom:var(--wp--preset--spacing--2-xl);padding-left:var(--wp--preset--spacing--2-xl)\">\n<p class=\"is-style-plain-emphasis-xl has-on-surface-color has-text-color has-link-color wp-elements-f51b78ae01697a7f5528f193b43c63c7\">Votre candidature<\/p>\n\n\n\n<ul class=\"wp-block-list is-style-steps has-on-surface-color has-text-color has-link-color wp-elements-04f4bf70b7bd2969835fe52d41f3db8a\">\n<li>D\u00e9p\u00f4t du dossier<\/li>\n\n\n\n<li>\u00c9preuve d&#8217;admission<\/li>\n\n\n\n<li>R\u00e9sultats d&#8217;admissibilit\u00e9<\/li>\n<\/ul>\n\n\n\n<div class=\"wp-block-buttons is-content-justification-center is-nowrap is-layout-flex wp-container-core-buttons-is-layout-12a27398 wp-block-buttons-is-layout-flex\">\n<div class=\"wp-block-button has-custom-width wp-block-button__width-100 is-style-fill-lg popmake-85917\"><a class=\"wp-block-button__link has-text-align-center wp-element-button\">Je candidate<\/a><\/div>\n<\/div>\n<\/div>\n<\/div>\n<\/div>\n<\/div>\n\n\n\n<div class=\"wp-block-group alignfull wp-pattern wp-pattern-features-cards wp-pattern-features-cards-two-columns has-white-background-color has-background has-global-padding is-layout-constrained wp-block-group-is-layout-constrained has-block-anchor\" style=\"border-radius:0px;margin-top:0;margin-bottom:0;padding-top:var(--wp--preset--spacing--padding-y-section);padding-bottom:var(--wp--preset--spacing--padding-y-section)\">\n<div class=\"wp-block-group alignwide wp-pattern__inner is-layout-flow wp-container-core-group-is-layout-3fccdef8 wp-block-group-is-layout-flow has-block-anchor\">\n<div class=\"wp-block-group wp-pattern__header is-vertical is-content-justification-left is-layout-flex wp-container-core-group-is-layout-ec2f9384 wp-block-group-is-layout-flex has-block-anchor\">\n<div class=\"wp-block-group is-vertical is-layout-flex wp-container-core-group-is-layout-bd7877ba wp-block-group-is-layout-flex has-block-anchor\">\n<p class=\"is-style-heading-default-eyebrow has-on-surface-color has-text-color has-link-color wp-elements-b4330f266b9974bd254aab689d17873a\">Nos accr\u00e9ditations<\/p>\n\n\n\n<h2 class=\"wp-block-heading is-style-heading-emphasis-h2 has-on-surface-color has-text-color has-link-color wp-elements-b519ba2fbc05191172653a90cdc0c629\" id=\"quelles-sont-les-ecoles-inseec-titulaires-de-la-charte-erasmus\">Quelles\u00a0sont les \u00e9coles\u00a0INSEEC titulaires de la Charte Erasmus+ ?\u00a0<\/h2>\n<\/div>\n\n\n\n<p class=\"is-style-plain-default-md has-on-surface-subtle-color has-text-color has-link-color wp-elements-b9564e6c29f2ff746db5237e1f97f2ff\">INSEEC BBA et INSEEC Grande \u00c9cole sont titulaires de la charte Erasmus+, ouvrant droit \u00e0 la bourse Erasmus+. Pour en savoir plus, contactez votre service Relations Internationales.<\/p>\n<\/div>\n\n\n\n<div class=\"wp-block-columns is-layout-flex wp-container-core-columns-is-layout-28f84493 wp-block-columns-is-layout-flex\">\n<div class=\"wp-block-column is-layout-flow wp-block-column-is-layout-flow\">\n<div class=\"wp-block-buttons is-layout-flex wp-block-buttons-is-layout-flex\">\n<div class=\"wp-block-button is-style-link-arrow-left\"><a class=\"wp-block-button__link wp-element-button\" href=\"https:\/\/www.inseec.com\/wp-content\/uploads\/sites\/32\/2025\/12\/charte-erasmus-plus-inseec-bba-bordeaux.pdf\" target=\"_blank\" rel=\"noreferrer noopener\">INSEEC BBA Bordeaux \u2013 Charte Erasmus+<\/a><\/div>\n\n\n\n<div class=\"wp-block-button is-style-link-arrow-left\"><a class=\"wp-block-button__link has-text-align-left wp-element-button\" href=\"https:\/\/www.inseec.com\/wp-content\/uploads\/sites\/32\/2025\/12\/charte-erasmus-plus-inseec-bba-lyon.pdf\" target=\"_blank\" rel=\"noreferrer noopener\">INSEEC BBA Lyon \u2013 Charte Erasmus+<\/a><\/div>\n\n\n\n<div class=\"wp-block-button is-style-link-arrow-left\"><a class=\"wp-block-button__link has-text-align-left wp-element-button\" href=\"https:\/\/www.inseec.com\/wp-content\/uploads\/sites\/32\/2025\/12\/charte-erasmus-plus-inseec-bba-paris.pdf\" target=\"_blank\" rel=\"noreferrer noopener\">INSEEC BBA Paris \u2013 Charte Erasmus+<\/a><\/div>\n\n\n\n<div class=\"wp-block-button is-style-link-arrow-left\"><a class=\"wp-block-button__link has-text-align-left wp-element-button\" href=\"https:\/\/www.inseec.com\/wp-content\/uploads\/sites\/32\/2025\/12\/charte-erasmus-plus-inseec-grande-ecole.pdf\" target=\"_blank\" rel=\"noreferrer noopener\">INSEEC Grande \u00c9cole \u2013 Charte Erasmus+<\/a><\/div>\n<\/div>\n<\/div>\n\n\n\n<div class=\"wp-block-column is-layout-flow wp-block-column-is-layout-flow\">\n<div class=\"wp-block-buttons is-layout-flex wp-block-buttons-is-layout-flex\">\n<div class=\"wp-block-button is-style-link-arrow-left\"><a class=\"wp-block-button__link wp-element-button\" href=\"https:\/\/www.inseec.com\/wp-content\/uploads\/sites\/32\/2025\/12\/declaration-strategie-erasmus-plus-inseec-bba-bordeaux.pdf\" target=\"_blank\" rel=\"noreferrer noopener\">INSEEC BBA Bordeaux \u2013 D\u00e9claration de Strat\u00e9gie Erasmus+<\/a><\/div>\n\n\n\n<div class=\"wp-block-button is-style-link-arrow-left\"><a class=\"wp-block-button__link has-text-align-left wp-element-button\" href=\"https:\/\/www.inseec.com\/wp-content\/uploads\/sites\/32\/2025\/12\/declaration-strategie-erasmus-plus-inseec-bba-lyon.pdf\" target=\"_blank\" rel=\"noreferrer noopener\">INSEEC BBA Lyon \u2013 D\u00e9claration de Strat\u00e9gie Erasmus+<\/a><\/div>\n\n\n\n<div class=\"wp-block-button is-style-link-arrow-left\"><a class=\"wp-block-button__link has-text-align-left wp-element-button\" href=\"https:\/\/www.inseec.com\/wp-content\/uploads\/sites\/32\/2025\/12\/declaration-strategie-erasmus-plus-inseec-bba-paris.pdf\" target=\"_blank\" rel=\"noreferrer noopener\">INSEEC BBA Paris \u2013 D\u00e9claration de Strat\u00e9gie Erasmus+<\/a><\/div>\n\n\n\n<div class=\"wp-block-button is-style-link-arrow-left\"><a class=\"wp-block-button__link has-text-align-left wp-element-button\" href=\"https:\/\/www.inseec.com\/wp-content\/uploads\/sites\/32\/2025\/12\/declaration-strategie-erasmus-plus-inseec-grande-ecole.pdf\" target=\"_blank\" rel=\"noreferrer noopener\">INSEEC Grande \u00c9cole \u2013 D\u00e9claration de Strat\u00e9gie Erasmus+<\/a><\/div>\n<\/div>\n<\/div>\n<\/div>\n\n\n\n<div class=\"wp-block-buttons is-layout-flex wp-block-buttons-is-layout-flex\">\n<div class=\"wp-block-button is-style-subtle-md\"><a class=\"wp-block-button__link wp-element-button\" href=\"https:\/\/www.inseec.com\/programme\/\">Voir les programmes<\/a><\/div>\n<\/div>\n<\/div>\n<\/div>\n\n\n\n<div class=\"wp-block-group alignfull wp-pattern wp-pattern-specialisations-slider has-surface-background-color has-background has-global-padding is-layout-constrained wp-container-core-group-is-layout-02609ccb wp-block-group-is-layout-constrained has-block-anchor\" style=\"margin-top:0;margin-bottom:0;padding-top:var(--wp--preset--spacing--6-xl);padding-right:var(--wp--preset--spacing--padding-x-section);padding-bottom:var(--wp--preset--spacing--6-xl);padding-left:var(--wp--preset--spacing--padding-x-section)\">\n<div class=\"wp-block-group alignwide wp-pattern__inner is-layout-flow wp-container-core-group-is-layout-3fccdef8 wp-block-group-is-layout-flow has-block-anchor\">\n<div class=\"wp-block-group wp-pattern__header is-vertical is-layout-flex wp-container-core-group-is-layout-b80b8bd4 wp-block-group-is-layout-flex has-block-anchor\">\n<div class=\"wp-block-group is-vertical is-layout-flex wp-container-core-group-is-layout-bd7877ba wp-block-group-is-layout-flex has-block-anchor\">\n<p class=\"is-style-heading-default-eyebrow has-on-surface-subtle-color has-text-color has-link-color wp-elements-9b9cae49b280df3d448b72c0b9962c0d\">Pr\u00eat \u00e0 partir ?<\/p>\n\n\n\n<h2 class=\"wp-block-heading is-style-heading-emphasis-h2 has-on-surface-color has-text-color has-link-color wp-elements-de555225c8e2dbe2f94850a6cdc0f36d\" id=\"decouvrez-ce-que-linseec-peut-vous-offrir\">D\u00e9couvrez ce que l&#8217;INSEEC <br>peut vous offrir<\/h2>\n<\/div>\n<\/div>\n\n\n\n<div class=\"wp-block-buttons wp-pattern__buttons is-content-justification-center is-layout-flex wp-container-core-buttons-is-layout-b02886af wp-block-buttons-is-layout-flex\">\n<div class=\"wp-block-button is-style-outline-lg\"><a class=\"wp-block-button__link wp-element-button\" href=\"https:\/\/www.inseec.com\/demande-rappel\/\">\u00catre rappel\u00e9<\/a><\/div>\n\n\n\n<div class=\"wp-block-button is-style-fill-md\"><a class=\"wp-block-button__link wp-element-button\" href=\"https:\/\/www.inseec.com\/demande-brochure\/\">T\u00e9l\u00e9charger la brochure<\/a><\/div>\n<\/div>\n<\/div>\n<\/div>\n\n\n\n<div class=\"wp-block-group alignwide wp-pattern wp-pattern-faq-cta is-layout-flow wp-block-group-is-layout-flow has-block-anchor\" style=\"margin-top:0;margin-bottom:0;padding-top:var(--wp--preset--spacing--6-xl);padding-bottom:var(--wp--preset--spacing--6-xl)\">\n<div class=\"wp-block-columns is-layout-flex wp-container-core-columns-is-layout-b3d710c4 wp-block-columns-is-layout-flex has-block-anchor\">\n<div class=\"wp-block-column is-layout-flow wp-container-core-column-is-layout-e67eb3c6 wp-block-column-is-layout-flow\" style=\"flex-basis:40.3%\">\n<div class=\"wp-block-group is-vertical is-layout-flex wp-container-core-group-is-layout-b80b8bd4 wp-block-group-is-layout-flex has-block-anchor\">\n<div class=\"wp-block-group is-vertical is-layout-flex wp-container-core-group-is-layout-bd7877ba wp-block-group-is-layout-flex has-block-anchor\">\n<p class=\"is-style-heading-default-eyebrow has-on-surface-color has-text-color has-link-color wp-elements-7f5af9274a5957746917b1e3dc31a535\">FAQ<\/p>\n\n\n\n<h2 class=\"wp-block-heading is-style-heading-emphasis-h2 has-on-surface-color has-text-color has-link-color wp-elements-5f84cd878afbe2b8232a75e4002dfad0\" id=\"des-questions\">Des questions ?<\/h2>\n<\/div>\n\n\n\n<p class=\"is-style-plain-default-md has-on-surface-subtle-color has-text-color has-link-color wp-elements-64c36a7cd15ac0654b45efd7e8ded634\">Le top 5 des questions les plus pos\u00e9es, si ce n\u2019est pas assez on est toujours partant pour vous rencontrer !<\/p>\n<\/div>\n\n\n\n<div class=\"wp-block-group has-border-color is-vertical is-layout-flex wp-container-core-group-is-layout-b00cbbb9 wp-block-group-is-layout-flex has-block-anchor\" style=\"border-color:var(--wp--custom--border--outline-subtle);border-width:1px;border-radius:16px;padding-top:var(--wp--preset--spacing--padding-y-sm);padding-right:var(--wp--preset--spacing--padding-x-sm);padding-bottom:var(--wp--preset--spacing--padding-y-sm);padding-left:var(--wp--preset--spacing--padding-x-sm)\">\n<div class=\"wp-block-group is-vertical is-layout-flex wp-container-core-group-is-layout-5a6f8b2c wp-block-group-is-layout-flex has-block-anchor\">\n<h3 class=\"wp-block-heading is-style-heading-emphasis-h3 has-on-surface-color has-text-color has-link-color wp-elements-ad08d7d6f6b9f1952683b942cb8f88e2\" id=\"rencontrons-nous\">Rencontrons nous<\/h3>\n\n\n\n<p class=\"is-style-plain-default-md has-on-surface-subtle-color has-text-color has-link-color wp-elements-181c00c3af75595286ee7c0b632f9fb3\">Vous h\u00e9sitez encore ? Rencontrez nos \u00e9quipes pour vous guider dans vos choix !<\/p>\n<\/div>\n\n\n\n<div class=\"wp-block-buttons is-layout-flex wp-container-core-buttons-is-layout-11bdec33 wp-block-buttons-is-layout-flex\">\n<div class=\"wp-block-button is-style-outline-md\"><a class=\"wp-block-button__link wp-element-button\" href=\"https:\/\/www.inseec.com\/evenement\/?_type_devenement_unique=journee-portes-ouvertes\">Portes Ouvertes<\/a><\/div>\n\n\n\n<div class=\"wp-block-button is-style-fill-md popmake-85128\"><a class=\"wp-block-button__link wp-element-button\">RDV personnalis\u00e9<\/a><\/div>\n<\/div>\n<\/div>\n<\/div>\n\n\n\n<div class=\"wp-block-column is-layout-flow wp-container-core-column-is-layout-8a368f38 wp-block-column-is-layout-flow\" style=\"flex-basis:50%\">\n<details class=\"wp-block-details is-style-default is-layout-flow wp-container-core-details-is-layout-9ec55b31 wp-block-details-is-layout-flow\"><summary><h3>Quel est le syst\u00e8me de notation ?<\/h3><\/summary>\n<div class=\"wp-block-group is-vertical is-layout-flex wp-container-core-group-is-layout-a2e3e733 wp-block-group-is-layout-flex\">\n<p class=\"is-style-plain-default-sm has-on-surface-subtle-color has-text-color has-link-color wp-elements-aafe84707426c0c44cdbd694b1ce2e9e\">Le syst\u00e8me de notation varie selon le pays europ\u00e9en. Dans le cadre d&#8217;Erasmus+, le syst\u00e8me ECTS (European Credit Transfer System) harmonise les notes et facilite leur reconnaissance. Chaque cours valid\u00e9 \u00e0 l&#8217;\u00e9tranger vous rapporte des cr\u00e9dits ECTS qui sont automatiquement convertis et int\u00e9gr\u00e9s \u00e0 votre dipl\u00f4me INSEEC.<\/p>\n\n\n\n<p class=\"is-style-plain-default-sm has-on-surface-subtle-color has-text-color has-link-color wp-elements-abc9504275fa670cf6929c4929b2819c\">Votre universit\u00e9 d&#8217;accueil vous communiquera son bar\u00e8me de notation lors de votre arriv\u00e9e, et l&#8217;INSEEC vous accompagne dans la conversion de vos r\u00e9sultats.<\/p>\n<\/div>\n<\/details>\n\n\n\n<details class=\"wp-block-details is-style-default is-layout-flow wp-container-core-details-is-layout-9ec55b31 wp-block-details-is-layout-flow\"><summary><h3>Comment l&#8217;INSEEC accompagne-t-elle la mobilit\u00e9 des \u00e9tudiants en situation de handicap ?<\/h3><\/summary>\n<div class=\"wp-block-group is-vertical is-layout-flex wp-container-core-group-is-layout-a2e3e733 wp-block-group-is-layout-flex\">\n<p class=\"is-style-plain-default-sm has-on-surface-subtle-color has-text-color has-link-color wp-elements-56b6b4e8f8c78ce515584d21d83c9f1a\">L&#8217;INSEEC s&#8217;engage pleinement dans l&#8217;inclusion et facilite la mobilit\u00e9 Erasmus+ pour tous ses \u00e9tudiants. Nos \u00e9quipes Relations Internationales travaillent en \u00e9troite collaboration avec les universit\u00e9s partenaires pour identifier les campus accessibles et adapter les conditions d&#8217;accueil (logements adapt\u00e9s, am\u00e9nagements p\u00e9dagogiques, assistance technique).<\/p>\n\n\n\n<p>Le programme Erasmus+ propose des bourses major\u00e9es pour les \u00e9tudiants en situation de handicap afin de couvrir les frais suppl\u00e9mentaires li\u00e9s \u00e0 la mobilit\u00e9 (transport adapt\u00e9, \u00e9quipements sp\u00e9cifiques, accompagnement personnalis\u00e9).<\/p>\n\n\n\n<p class=\"is-style-plain-default-sm has-on-surface-subtle-color has-text-color has-link-color wp-elements-5906b4efc0a321754ff3bf88bbbefcba\">Contactez notre r\u00e9f\u00e9rent handicap d\u00e8s le d\u00e9but de votre projet pour b\u00e9n\u00e9ficier d&#8217;un accompagnement sur mesure.<\/p>\n<\/div>\n<\/details>\n\n\n\n<details class=\"wp-block-details is-style-default is-layout-flow wp-container-core-details-is-layout-9ec55b31 wp-block-details-is-layout-flow\"><summary><h3>Comment partir \u00e0 l&#8217;\u00e9tranger via Erasmus+ ?<\/h3><\/summary>\n<div class=\"wp-block-group is-vertical is-layout-flex wp-container-core-group-is-layout-a2e3e733 wp-block-group-is-layout-flex\">\n<p class=\"is-style-plain-default-sm has-on-surface-subtle-color has-text-color has-link-color wp-elements-8463423e052326ffe9ffc9229e5a006e\">Pour partir en Erasmus+, vous devez d&#8217;abord \u00eatre inscrit \u00e0 l&#8217;INSEEC et avoir valid\u00e9 votre premi\u00e8re ann\u00e9e. Vous candidatez ensuite aupr\u00e8s du service Relations Internationales de votre campus, g\u00e9n\u00e9ralement entre novembre et f\u00e9vrier pour un d\u00e9part l&#8217;ann\u00e9e suivante.<\/p>\n\n\n\n<p>Les crit\u00e8res de s\u00e9lection incluent vos r\u00e9sultats acad\u00e9miques, votre niveau de langue (B1 minimum recommand\u00e9, B2 pour certaines universit\u00e9s) et votre motivation.<\/p>\n\n\n\n<p class=\"is-style-plain-default-sm has-on-surface-subtle-color has-text-color has-link-color wp-elements-cd15297a8893f780262458240e07b43f\">Une fois s\u00e9lectionn\u00e9, vous choisissez vos cours avec votre coordinateur p\u00e9dagogique, signez votre Learning Agreement et d\u00e9posez votre dossier de bourse Erasmus+. Nos \u00e9quipes vous accompagnent \u00e0 chaque \u00e9tape.<\/p>\n<\/div>\n<\/details>\n\n\n\n<details class=\"wp-block-details is-style-default is-layout-flow wp-container-core-details-is-layout-9ec55b31 wp-block-details-is-layout-flow\"><summary><h3>Quelles sont les universit\u00e9s partenaires Erasmus+ ?<\/h3><\/summary>\n<div class=\"wp-block-group is-vertical is-layout-flex wp-container-core-group-is-layout-a2e3e733 wp-block-group-is-layout-flex\">\n<p class=\"is-style-plain-default-sm has-on-surface-subtle-color has-text-color has-link-color wp-elements-150f3b8f7551e88056b08d74e16bc150\">L&#8217;INSEEC collabore avec plus de 200 universit\u00e9s partenaires dans 30 pays europ\u00e9ens. Nos partenariats couvrent tous les domaines enseign\u00e9s \u00e0 l&#8217;INSEEC : management, marketing, finance, RH, communication, luxe, digital, sport, etc.<br><br>Parmi nos partenaires :<\/p>\n\n\n\n<p class=\"is-style-plain-default-sm has-on-surface-subtle-color has-text-color has-link-color wp-elements-ba3b79e74c394093321585e3445190e6\"><\/p>\n<\/div>\n\n\n\n<div class=\"wp-block-group is-style-plain-default-sm is-content-justification-space-between is-nowrap is-layout-flex wp-container-core-group-is-layout-03b2c0d6 wp-block-group-is-layout-flex\">\n<ul class=\"wp-block-list is-style-check has-on-surface-color has-text-color has-link-color wp-elements-ab583ee882b304d8604d08267a5bbc37\">\n<li>ISM University (Lituanie)<\/li>\n\n\n\n<li>University of Granada (Espagne)<\/li>\n\n\n\n<li>Griffith College (Irlande)<\/li>\n\n\n\n<li>Philipps-Universit\u00e4t Marburg (Allemagne)<\/li>\n\n\n\n<li>Fontys University (Pays-Bas)<\/li>\n\n\n\n<li>et bien d&#8217;autres.<\/li>\n<\/ul>\n<\/div>\n\n\n\n<div class=\"wp-block-group is-vertical is-layout-flex wp-container-core-group-is-layout-a2e3e733 wp-block-group-is-layout-flex\">\n<p class=\"is-style-plain-default-sm has-on-surface-subtle-color has-text-color has-link-color wp-elements-a293c2ae546efced42db0e8bb27274f6\">La liste compl\u00e8te des universit\u00e9s partenaires par programme est disponible aupr\u00e8s du service Relations Internationales de votre campus.<\/p>\n<\/div>\n<\/details>\n\n\n\n<details class=\"wp-block-details is-style-default is-layout-flow wp-container-core-details-is-layout-9ec55b31 wp-block-details-is-layout-flow\"><summary><h3>Quelle est la dur\u00e9e d&#8217;un s\u00e9jour Erasmus+ ?<\/h3><\/summary>\n<div class=\"wp-block-group is-vertical is-layout-flex wp-container-core-group-is-layout-a2e3e733 wp-block-group-is-layout-flex\">\n<p class=\"is-style-plain-default-sm has-on-surface-subtle-color has-text-color has-link-color wp-elements-e3f9894a2e9afcfa918ad8787a385ea0\">Un s\u00e9jour Erasmus+ dure g\u00e9n\u00e9ralement entre 3 et 12 mois. La plupart des \u00e9tudiants INSEEC partent pour un semestre (5 \u00e0 6 mois) ou une ann\u00e9e acad\u00e9mique compl\u00e8te (9 \u00e0 10 mois).<\/p>\n\n\n\n<p class=\"is-style-plain-default-sm has-on-surface-subtle-color has-text-color has-link-color wp-elements-347b08c8cc05b59ade43406de007d067\">La dur\u00e9e minimale pour b\u00e9n\u00e9ficier de la bourse Erasmus+ est de 3 mois (90 jours). Vous pouvez partir au semestre d&#8217;automne (septembre \u00e0 janvier), au semestre de printemps (f\u00e9vrier \u00e0 juin) ou sur l&#8217;ann\u00e9e compl\u00e8te, selon votre programme et les places disponibles dans les universit\u00e9s partenaires.<\/p>\n<\/div>\n<\/details>\n<\/div>\n<\/div>\n<\/div>\n","protected":false},"excerpt":{"rendered":"<p>\u00c9largissez vos horizons avec les Parcours Erasmus+ INSEEC Des opportunit\u00e9s de mobilit\u00e9 \u00e0 l&#8217;\u00e9tranger pour d\u00e9couvrir de nouvelles cultures, renforcer vos comp\u00e9tences linguistiques et vivre une exp\u00e9rience acad\u00e9mique au plus pr\u00e8s du monde, notamment avec Erasmus+. Une ouverture sur le monde Pourquoi partir \u00e0 l&#8217;\u00e9tranger ? Partir \u00e9tudier \u00e0 l&#8217;\u00e9tranger avec Erasmus+ repr\u00e9sente une opportunit\u00e9 [&hellip;]<\/p>\n","protected":false},"author":261,"featured_media":0,"parent":0,"menu_order":0,"comment_status":"closed","ping_status":"closed","template":"","meta":{"_acf_changed":false,"footnotes":""},"page_type":[],"school":[],"specialisation":[],"analytics_tag":[],"class_list":["post-4026","page","type-page","status-publish","hentry"],"acf":[],"yoast_head":"<title>Parcours Erasmus + - INSEEC<\/title>\n<meta name=\"description\" content=\"Partir \u00e0 l&#039;\u00e9tranger via le programme Erasmus plus, une opportunit\u00e9 \u00e0 saisir pour les \u00e9tudiants et enseignants chercheurs.\" \/>\n<meta name=\"robots\" content=\"index, follow, max-snippet:-1, max-image-preview:large, max-video-preview:-1\" \/>\n<link rel=\"canonical\" href=\"https:\/\/www.inseec.com\/parcours-erasmus-plus\/\" \/>\n<meta property=\"og:locale\" content=\"fr_FR\" \/>\n<meta property=\"og:type\" content=\"article\" \/>\n<meta property=\"og:title\" content=\"Parcours Erasmus + - INSEEC\" \/>\n<meta property=\"og:description\" content=\"Partir \u00e0 l&#039;\u00e9tranger via le programme Erasmus plus, une opportunit\u00e9 \u00e0 saisir pour les \u00e9tudiants et enseignants chercheurs.\" \/>\n<meta property=\"og:url\" content=\"https:\/\/www.inseec.com\/parcours-erasmus-plus\/\" \/>\n<meta property=\"og:site_name\" content=\"INSEEC\" \/>\n<meta property=\"article:modified_time\" content=\"2025-12-09T17:37:39+00:00\" \/>\n<meta property=\"og:image\" content=\"https:\/\/omneseducation.net\/inseec-2025\/wp-content\/uploads\/sites\/32\/2025\/12\/photo-avion.jpg\" \/>\n<meta name=\"twitter:card\" content=\"summary_large_image\" \/>\n<meta name=\"twitter:label1\" content=\"Est. reading time\" \/>\n\t<meta name=\"twitter:data1\" content=\"7 minutes\" \/>\n<script type=\"application\/ld+json\" class=\"yoast-schema-graph\">{\"@context\":\"https:\/\/schema.org\",\"@graph\":[{\"@type\":\"WebPage\",\"@id\":\"https:\/\/www.inseec.com\/parcours-erasmus-plus\/\",\"url\":\"https:\/\/www.inseec.com\/parcours-erasmus-plus\/\",\"name\":\"Parcours Erasmus + - INSEEC\",\"isPartOf\":{\"@id\":\"https:\/\/www.inseec.com\/#website\"},\"primaryImageOfPage\":{\"@id\":\"https:\/\/www.inseec.com\/parcours-erasmus-plus\/#primaryimage\"},\"image\":{\"@id\":\"https:\/\/www.inseec.com\/parcours-erasmus-plus\/#primaryimage\"},\"thumbnailUrl\":\"https:\/\/www.inseec.com\/wp-content\/uploads\/sites\/32\/2025\/12\/photo-avion.jpg\",\"datePublished\":\"2025-11-30T15:38:34+00:00\",\"dateModified\":\"2025-12-09T17:37:39+00:00\",\"description\":\"Partir \u00e0 l'\u00e9tranger via le programme Erasmus plus, une opportunit\u00e9 \u00e0 saisir pour les \u00e9tudiants et enseignants chercheurs.\",\"breadcrumb\":{\"@id\":\"https:\/\/www.inseec.com\/parcours-erasmus-plus\/#breadcrumb\"},\"inLanguage\":\"fr-FR\",\"potentialAction\":[{\"@type\":\"ReadAction\",\"target\":[\"https:\/\/www.inseec.com\/parcours-erasmus-plus\/\"]}]},{\"@type\":\"ImageObject\",\"inLanguage\":\"fr-FR\",\"@id\":\"https:\/\/www.inseec.com\/parcours-erasmus-plus\/#primaryimage\",\"url\":\"https:\/\/www.inseec.com\/wp-content\/uploads\/sites\/32\/2025\/12\/photo-avion.jpg\",\"contentUrl\":\"https:\/\/www.inseec.com\/wp-content\/uploads\/sites\/32\/2025\/12\/photo-avion.jpg\",\"width\":629,\"height\":471},{\"@type\":\"BreadcrumbList\",\"@id\":\"https:\/\/www.inseec.com\/parcours-erasmus-plus\/#breadcrumb\",\"itemListElement\":[{\"@type\":\"ListItem\",\"position\":1,\"name\":\"Home\",\"item\":\"https:\/\/www.inseec.com\/\"},{\"@type\":\"ListItem\",\"position\":2,\"name\":\"Parcours Erasmus +\"}]},{\"@type\":\"WebSite\",\"@id\":\"https:\/\/www.inseec.com\/#website\",\"url\":\"https:\/\/www.inseec.com\/\",\"name\":\"INSEEC\",\"description\":\"\",\"publisher\":{\"@id\":\"https:\/\/www.inseec.com\/#organization\"},\"potentialAction\":[{\"@type\":\"SearchAction\",\"target\":{\"@type\":\"EntryPoint\",\"urlTemplate\":\"https:\/\/www.inseec.com\/?s={search_term_string}\"},\"query-input\":{\"@type\":\"PropertyValueSpecification\",\"valueRequired\":true,\"valueName\":\"search_term_string\"}}],\"inLanguage\":\"fr-FR\"},{\"@type\":\"Organization\",\"@id\":\"https:\/\/www.inseec.com\/#organization\",\"name\":\"INSEEC\",\"url\":\"https:\/\/www.inseec.com\/\",\"logo\":{\"@type\":\"ImageObject\",\"inLanguage\":\"fr-FR\",\"@id\":\"https:\/\/www.inseec.com\/#\/schema\/logo\/image\/\",\"url\":\"https:\/\/www.inseec.com\/wp-content\/uploads\/sites\/32\/2025\/11\/logo.svg\",\"contentUrl\":\"https:\/\/www.inseec.com\/wp-content\/uploads\/sites\/32\/2025\/11\/logo.svg\",\"width\":173,\"height\":36,\"caption\":\"INSEEC\"},\"image\":{\"@id\":\"https:\/\/www.inseec.com\/#\/schema\/logo\/image\/\"}},{\"@context\":\"https:\/\/schema.org\",\"@type\":\"EducationalOrganization\",\"@id\":\"https:\/\/www.inseec.com\/#organization\",\"name\":\"INSEEC\",\"description\":\"\",\"url\":\"https:\/\/www.inseec.com\/\",\"logo\":\"https:\/\/www.inseec.com\/wp-content\/uploads\/sites\/32\/2025\/11\/logo.svg\",\"image\":[\"https:\/\/www.inseec.com\/wp-content\/uploads\/sites\/32\/2025\/11\/campus-hero-barcelone-inseec.jpg\",\"https:\/\/www.inseec.com\/wp-content\/uploads\/sites\/32\/2025\/11\/campus-barcelone-inseec-ville-basilique-notre-dame-de-fourviere.jpg\",\"https:\/\/www.inseec.com\/wp-content\/uploads\/sites\/32\/2025\/11\/campus-barcelone-inseec-photo-portrait.jpg\",\"https:\/\/www.inseec.com\/wp-content\/uploads\/sites\/32\/2025\/11\/campus-slider-vr-campus-barcelone-inseec-etudiants-cours-petite-salle.jpg\",\"https:\/\/www.inseec.com\/wp-content\/uploads\/sites\/32\/2025\/11\/campus-hero-munich-inseec.jpg\",\"https:\/\/www.inseec.com\/wp-content\/uploads\/sites\/32\/2025\/11\/campus-munich-inseec-ville-basilique-notre-dame-de-fourviere.jpg\",\"https:\/\/www.inseec.com\/wp-content\/uploads\/sites\/32\/2025\/11\/campus-hero-munich-inseec.jpg\",\"https:\/\/www.inseec.com\/wp-content\/uploads\/sites\/32\/2025\/11\/campus-slider-vr-campus-munich-inseec-etudiants-theatre-les-celestins.jpg\",\"https:\/\/www.inseec.com\/wp-content\/uploads\/sites\/32\/2025\/11\/campus-hero-londres-inseec.jpg\",\"https:\/\/www.inseec.com\/wp-content\/uploads\/sites\/32\/2025\/11\/campus-londres-inseec-ville-basilique-notre-dame-de-fourviere.jpg\",\"https:\/\/www.inseec.com\/wp-content\/uploads\/sites\/32\/2025\/11\/campus-hero-londres-inseec.jpg\",\"https:\/\/www.inseec.com\/wp-content\/uploads\/sites\/32\/2025\/12\/campus-slider-vr-campus-londres-inseec-bibliotheque.jpg\",\"https:\/\/www.inseec.com\/wp-content\/uploads\/sites\/32\/2025\/11\/campus-hero-chambery-inseec-resize.jpg\",\"https:\/\/www.inseec.com\/wp-content\/uploads\/sites\/32\/2025\/11\/campus-chambery-inseec-ville-horloge.jpg\",\"https:\/\/www.inseec.com\/wp-content\/uploads\/sites\/32\/2025\/11\/campus-slider-vr-campus-chambery-inseec-exterieur.jpg\",\"https:\/\/www.inseec.com\/wp-content\/uploads\/sites\/32\/2025\/11\/campus-slider-vr-campus-chambery-inseec-salle-detente.jpg\",\"https:\/\/www.inseec.com\/wp-content\/uploads\/sites\/32\/2025\/11\/campus-hero-toulouse-inseec.jpg\",\"https:\/\/www.inseec.com\/wp-content\/uploads\/sites\/32\/2025\/11\/campus-toulouse-inseec-photo-portrait.jpg\",\"https:\/\/www.inseec.com\/wp-content\/uploads\/sites\/32\/2025\/11\/campus-slider-vr-campus-toulouse-inseec-projet-de-groupe.jpg\",\"https:\/\/www.inseec.com\/wp-content\/uploads\/sites\/32\/2025\/11\/campus-slider-vr-campus-toulouse-inseec-etudiants-amphitheatre.jpg\",\"https:\/\/www.inseec.com\/wp-content\/uploads\/sites\/32\/2025\/11\/campus-hero-monaco-inseec.jpg\",\"https:\/\/www.inseec.com\/wp-content\/uploads\/sites\/32\/2025\/12\/INSEEC-Monaco-campus.webp\",\"https:\/\/www.inseec.com\/wp-content\/uploads\/sites\/32\/2025\/11\/campus-hero-monaco-inseec.jpg\",\"https:\/\/www.inseec.com\/wp-content\/uploads\/sites\/32\/2025\/11\/campus-monaco-inseec-mosaic-amis.jpg\",\"https:\/\/www.inseec.com\/wp-content\/uploads\/sites\/32\/2025\/11\/campus-hero-online-inseec.jpg\",\"https:\/\/www.inseec.com\/wp-content\/uploads\/sites\/32\/2025\/11\/guide-metier-inseec-photo-illustration-chef-de-publicite_d1bf22.jpg\",\"https:\/\/www.inseec.com\/wp-content\/uploads\/sites\/32\/2025\/11\/guide-metier-inseec-hero-chef-de-projet-evenementiel.jpg\",\"https:\/\/www.inseec.com\/wp-content\/uploads\/sites\/32\/2025\/11\/guide-metier-inseec-hero-chef-de-produit-sportif.jpg\",\"https:\/\/www.inseec.com\/wp-content\/uploads\/sites\/32\/2025\/11\/campus-hero-beaune-inseec.jpg\",\"https:\/\/www.inseec.com\/wp-content\/uploads\/sites\/32\/2025\/11\/campus-beaune-inseec-ville-cave-a-vin.jpg\",\"https:\/\/www.inseec.com\/wp-content\/uploads\/sites\/32\/2025\/11\/campus-slider-vr-campus-beaune-inseec-groupe-etudiants.jpg\",\"https:\/\/www.inseec.com\/wp-content\/uploads\/sites\/32\/2025\/11\/campus-slider-vr-campus-beaune-inseec-etudiants-1.jpg\",\"https:\/\/www.inseec.com\/wp-content\/uploads\/sites\/32\/2025\/11\/campus-hero-marseille-inseec.jpg\",\"https:\/\/www.inseec.com\/wp-content\/uploads\/sites\/32\/2023\/07\/campus2025-marseille.png\",\"https:\/\/www.inseec.com\/wp-content\/uploads\/sites\/32\/2025\/11\/campus-slider-vr-campus-marseille-inseec-canapes-detente.jpg\",\"https:\/\/www.inseec.com\/wp-content\/uploads\/sites\/32\/2025\/11\/campus-slider-vr-campus-marseille-inseec-salle-commune.jpg\",\"https:\/\/www.inseec.com\/wp-content\/uploads\/sites\/32\/2025\/11\/campus-hero-rennes-inseec.jpg\",\"https:\/\/www.inseec.com\/wp-content\/uploads\/sites\/32\/2025\/11\/campus-rennes-inseec-photo-portrait.jpg\",\"https:\/\/www.inseec.com\/wp-content\/uploads\/sites\/32\/2025\/11\/campus-rennes-inseec-mosaic-alcove-repos.jpg\",\"https:\/\/www.inseec.com\/wp-content\/uploads\/sites\/32\/2025\/11\/campus-rennes-inseec-amphitheatre-etudiantes.jpg\",\"https:\/\/www.inseec.com\/wp-content\/uploads\/sites\/32\/2025\/11\/campus-hero-lyon-inseec.webp\",\"https:\/\/www.inseec.com\/wp-content\/uploads\/sites\/32\/2025\/11\/campus-lyon-inseec-photo-portrait.jpg\",\"https:\/\/www.inseec.com\/wp-content\/uploads\/sites\/32\/2025\/11\/campus-slider-vr-campus-lyon-inseec-dalle-detente.jpg\",\"https:\/\/www.inseec.com\/wp-content\/uploads\/sites\/32\/2025\/11\/campus-slider-vr-campus-lyon-inseec-lion-rouge-hall.jpg\",\"https:\/\/www.inseec.com\/wp-content\/uploads\/sites\/32\/2025\/11\/campus-hero-bordeaux-inseec.jpg\",\"https:\/\/www.inseec.com\/wp-content\/uploads\/sites\/32\/2024\/03\/Campus-Bordeaux-Photo-1.jpg\",\"https:\/\/www.inseec.com\/wp-content\/uploads\/sites\/32\/2025\/11\/campus-bordeaux-inseec-cafeteria.jpg\",\"https:\/\/www.inseec.com\/wp-content\/uploads\/sites\/32\/2025\/11\/campus-bordeaux-inseec-terrasse-bord-garonne.jpg\",\"https:\/\/www.inseec.com\/wp-content\/uploads\/sites\/32\/2025\/11\/campus-paris.jpg\",\"https:\/\/www.inseec.com\/wp-content\/uploads\/sites\/32\/2025\/11\/campus-paris-eiffel-inseec-portrait.jpg\",\"https:\/\/www.inseec.com\/wp-content\/uploads\/sites\/32\/2025\/11\/campus-paris-vellefaux-inseec-cafeteria.jpg\",\"https:\/\/www.inseec.com\/wp-content\/uploads\/sites\/32\/2025\/11\/campus-slider-vr-campus-paris-la-defense-inseec-salle-detente.jpg\",\"https:\/\/www.inseec.com\/wp-content\/uploads\/sites\/32\/2025\/11\/campus-hero-londres-inseec.jpg\",\"https:\/\/www.inseec.com\/wp-content\/uploads\/sites\/32\/2025\/11\/campus-londres-inseec-ville-basilique-notre-dame-de-fourviere.jpg\",\"https:\/\/www.inseec.com\/wp-content\/uploads\/sites\/32\/2025\/11\/campus-hero-londres-inseec.jpg\",\"https:\/\/www.inseec.com\/wp-content\/uploads\/sites\/32\/2025\/12\/campus-slider-vr-campus-londres-inseec-bibliotheque.jpg\",\"https:\/\/www.inseec.com\/wp-content\/uploads\/sites\/32\/2025\/11\/campus-hero-monaco-inseec.jpg\",\"https:\/\/www.inseec.com\/wp-content\/uploads\/sites\/32\/2025\/12\/INSEEC-Monaco-campus.webp\",\"https:\/\/www.inseec.com\/wp-content\/uploads\/sites\/32\/2025\/11\/campus-hero-monaco-inseec.jpg\",\"https:\/\/www.inseec.com\/wp-content\/uploads\/sites\/32\/2025\/11\/campus-monaco-inseec-mosaic-amis.jpg\",\"https:\/\/www.inseec.com\/wp-content\/uploads\/sites\/32\/2025\/11\/campus-hero-munich-inseec.jpg\",\"https:\/\/www.inseec.com\/wp-content\/uploads\/sites\/32\/2025\/11\/campus-munich-inseec-ville-basilique-notre-dame-de-fourviere.jpg\",\"https:\/\/www.inseec.com\/wp-content\/uploads\/sites\/32\/2025\/11\/campus-hero-munich-inseec.jpg\",\"https:\/\/www.inseec.com\/wp-content\/uploads\/sites\/32\/2025\/11\/campus-slider-vr-campus-munich-inseec-etudiants-theatre-les-celestins.jpg\",\"https:\/\/www.inseec.com\/wp-content\/uploads\/sites\/32\/2025\/11\/campus-hero-barcelone-inseec.jpg\",\"https:\/\/www.inseec.com\/wp-content\/uploads\/sites\/32\/2025\/11\/campus-barcelone-inseec-ville-basilique-notre-dame-de-fourviere.jpg\",\"https:\/\/www.inseec.com\/wp-content\/uploads\/sites\/32\/2025\/11\/campus-barcelone-inseec-photo-portrait.jpg\",\"https:\/\/www.inseec.com\/wp-content\/uploads\/sites\/32\/2025\/11\/campus-slider-vr-campus-barcelone-inseec-etudiants-cours-petite-salle.jpg\",\"https:\/\/www.inseec.com\/wp-content\/uploads\/sites\/32\/2025\/11\/campus-hero-online-inseec.jpg\",\"https:\/\/www.inseec.com\/wp-content\/uploads\/sites\/32\/2025\/11\/guide-metier-inseec-photo-illustration-chef-de-publicite_d1bf22.jpg\",\"https:\/\/www.inseec.com\/wp-content\/uploads\/sites\/32\/2025\/11\/guide-metier-inseec-hero-chef-de-projet-evenementiel.jpg\",\"https:\/\/www.inseec.com\/wp-content\/uploads\/sites\/32\/2025\/11\/guide-metier-inseec-hero-chef-de-produit-sportif.jpg\",\"https:\/\/www.inseec.com\/wp-content\/uploads\/sites\/32\/2025\/11\/campus-hero-toulouse-inseec.jpg\",\"https:\/\/www.inseec.com\/wp-content\/uploads\/sites\/32\/2025\/11\/campus-toulouse-inseec-photo-portrait.jpg\",\"https:\/\/www.inseec.com\/wp-content\/uploads\/sites\/32\/2025\/11\/campus-slider-vr-campus-toulouse-inseec-projet-de-groupe.jpg\",\"https:\/\/www.inseec.com\/wp-content\/uploads\/sites\/32\/2025\/11\/campus-slider-vr-campus-toulouse-inseec-etudiants-amphitheatre.jpg\",\"https:\/\/www.inseec.com\/wp-content\/uploads\/sites\/32\/2025\/11\/campus-hero-marseille-inseec.jpg\",\"https:\/\/www.inseec.com\/wp-content\/uploads\/sites\/32\/2025\/11\/campus-marseille-inseec-photo-portrait.jpg\",\"https:\/\/www.inseec.com\/wp-content\/uploads\/sites\/32\/2025\/11\/campus-slider-vr-campus-marseille-inseec-canapes-detente.jpg\",\"https:\/\/www.inseec.com\/wp-content\/uploads\/sites\/32\/2025\/11\/campus-slider-vr-campus-marseille-inseec-salle-commune.jpg\",\"https:\/\/www.inseec.com\/wp-content\/uploads\/sites\/32\/2025\/11\/campus-hero-rennes-inseec.jpg\",\"https:\/\/www.inseec.com\/wp-content\/uploads\/sites\/32\/2025\/11\/campus-rennes-inseec-photo-portrait.jpg\",\"https:\/\/www.inseec.com\/wp-content\/uploads\/sites\/32\/2025\/11\/campus-rennes-inseec-mosaic-alcove-repos.jpg\",\"https:\/\/www.inseec.com\/wp-content\/uploads\/sites\/32\/2025\/11\/campus-rennes-inseec-amphitheatre-etudiantes.jpg\",\"https:\/\/www.inseec.com\/wp-content\/uploads\/sites\/32\/2025\/11\/campus-hero-chambery-inseec-resize.jpg\",\"https:\/\/www.inseec.com\/wp-content\/uploads\/sites\/32\/2025\/11\/campus-chambery-inseec-ville-horloge.jpg\",\"https:\/\/www.inseec.com\/wp-content\/uploads\/sites\/32\/2025\/11\/campus-slider-vr-campus-chambery-inseec-exterieur.jpg\",\"https:\/\/www.inseec.com\/wp-content\/uploads\/sites\/32\/2025\/11\/campus-slider-vr-campus-chambery-inseec-salle-detente.jpg\",\"https:\/\/www.inseec.com\/wp-content\/uploads\/sites\/32\/2025\/11\/campus-hero-beaune-inseec.jpg\",\"https:\/\/www.inseec.com\/wp-content\/uploads\/sites\/32\/2025\/11\/campus-beaune-inseec-ville-cave-a-vin.jpg\",\"https:\/\/www.inseec.com\/wp-content\/uploads\/sites\/32\/2025\/11\/campus-slider-vr-campus-beaune-inseec-groupe-etudiants.jpg\",\"https:\/\/www.inseec.com\/wp-content\/uploads\/sites\/32\/2025\/11\/campus-slider-vr-campus-beaune-inseec-etudiants-1.jpg\",\"https:\/\/www.inseec.com\/wp-content\/uploads\/sites\/32\/2025\/11\/campus-hero-bordeaux-inseec.jpg\",\"https:\/\/www.inseec.com\/wp-content\/uploads\/sites\/32\/2025\/11\/campus-bordeaux-inseec-facade.jpg\",\"https:\/\/www.inseec.com\/wp-content\/uploads\/sites\/32\/2025\/11\/campus-bordeaux-inseec-cafeteria.jpg\",\"https:\/\/www.inseec.com\/wp-content\/uploads\/sites\/32\/2025\/11\/campus-bordeaux-inseec-terrasse-bord-garonne.jpg\",\"https:\/\/www.inseec.com\/wp-content\/uploads\/sites\/32\/2025\/11\/campus-hero-lyon-inseec.webp\",\"https:\/\/www.inseec.com\/wp-content\/uploads\/sites\/32\/2025\/11\/campus-lyon-inseec-photo-portrait.jpg\",\"https:\/\/www.inseec.com\/wp-content\/uploads\/sites\/32\/2025\/11\/campus-slider-vr-campus-lyon-inseec-dalle-detente.jpg\",\"https:\/\/www.inseec.com\/wp-content\/uploads\/sites\/32\/2025\/11\/campus-slider-vr-campus-lyon-inseec-lion-rouge-hall.jpg\",\"https:\/\/www.inseec.com\/wp-content\/uploads\/sites\/32\/2025\/11\/campus-paris.jpg\",\"https:\/\/www.inseec.com\/wp-content\/uploads\/sites\/32\/2025\/11\/campus-paris-eiffel-inseec-portrait.jpg\",\"https:\/\/www.inseec.com\/wp-content\/uploads\/sites\/32\/2025\/11\/campus-paris-vellefaux-inseec-cafeteria.jpg\",\"https:\/\/www.inseec.com\/wp-content\/uploads\/sites\/32\/2025\/11\/campus-slider-vr-campus-paris-la-defense-inseec-salle-detente.jpg\"],\"foundingDate\":\"\",\"memberOf\":\"OMNES Education\",\"alumni\":[{\"@type\":\"Person\",\"name\":\"Lasmak Said\",\"description\":\"CEO & Cofounder\"},{\"@type\":\"Person\",\"name\":\"Dauchy Xavier\",\"description\":\"Chief Financial Officer\"},{\"@type\":\"Person\",\"name\":\"Bordeaux Thomas\",\"description\":\"Regional Manager Grand Lyon\"},{\"@type\":\"Person\",\"name\":\"Quillot Romain\",\"description\":\"Co-founder\"},{\"@type\":\"Person\",\"name\":\"Rakotomalala Rindra\",\"description\":\"Head of International Relations\"},{\"@type\":\"Person\",\"name\":\"Lacroix Oscar\",\"description\":\"Partner\"},{\"@type\":\"Person\",\"name\":\"Moderan Olivia\",\"description\":\"Manager for the Paris-South area\"},{\"@type\":\"Person\",\"name\":\"Abdelhalim Nabil\",\"description\":\"Industry Manager\"},{\"@type\":\"Person\",\"name\":\"Duhalde M\u00e9lissa\",\"description\":\"Operational Marketing Product Manager \"},{\"@type\":\"Person\",\"name\":\"M. Matthieu\",\"description\":\"Commercial real estate consultant\"},{\"@type\":\"Person\",\"name\":\"Lusset Marie-Amandine\",\"description\":\"Communications consultant\"},{\"@type\":\"Person\",\"name\":\"R. Lo\u00efc\",\"description\":\"Entrepreneur\"},{\"@type\":\"Person\",\"name\":\"Soskin Lise\",\"description\":\"RevOps\"},{\"@type\":\"Person\",\"name\":\"Estrade Guillaume\",\"description\":\"Regional Manager Grand Lyon\"},{\"@type\":\"Person\",\"name\":\"P. Clara\",\"description\":\"Head of Digital Communications EMEA\"},{\"@type\":\"Person\",\"name\":\"Serryus C\u00e9sar\",\"description\":\"Founder\"},{\"@type\":\"Person\",\"name\":\"Onimus Aur\u00e9lien\",\"description\":\"CEO\"},{\"@type\":\"Person\",\"name\":\"B. Anne-Caroline B.\",\"description\":\"Marketing & Communications Project Manager\"},{\"@type\":\"Person\",\"name\":\"Azim Ana\u00efs\",\"description\":\"Business Controller - Industry Unit\"},{\"@type\":\"Person\",\"name\":\"Viallet Nouhant Alexandre\",\"description\":\"Chief Executive Officer\"},{\"@type\":\"Person\",\"name\":\"Ikouirene Adam\",\"description\":\"Student commercial placement\"}],\"department\":[\"Bachelor\",\"Bachelor\",\"BBA\",\"BBA\",\"BTS\",\"BTS\",\"Grande \u00c9cole\",\"Grande \u00c9cole\",\"International\",\"International\",\"MSc\",\"MSc\"],\"hasCredential\":[\"Bachelor\",\"Bachelor\",\"BBA\",\"BBA\",\"BTS\",\"BTS\",\"Grande \u00c9cole\",\"Grande \u00c9cole\",\"International\",\"International\",\"MSc\",\"MSc\"]}]}<\/script>","yoast_head_json":{"title":"Parcours Erasmus + - INSEEC","description":"Partir \u00e0 l'\u00e9tranger via le programme Erasmus plus, une opportunit\u00e9 \u00e0 saisir pour les \u00e9tudiants et enseignants chercheurs.","robots":{"index":"index","follow":"follow","max-snippet":"max-snippet:-1","max-image-preview":"max-image-preview:large","max-video-preview":"max-video-preview:-1"},"canonical":"https:\/\/www.inseec.com\/parcours-erasmus-plus\/","og_locale":"fr_FR","og_type":"article","og_title":"Parcours Erasmus + - INSEEC","og_description":"Partir \u00e0 l'\u00e9tranger via le programme Erasmus plus, une opportunit\u00e9 \u00e0 saisir pour les \u00e9tudiants et enseignants chercheurs.","og_url":"https:\/\/www.inseec.com\/parcours-erasmus-plus\/","og_site_name":"INSEEC","article_modified_time":"2025-12-09T17:37:39+00:00","og_image":[{"url":"https:\/\/omneseducation.net\/inseec-2025\/wp-content\/uploads\/sites\/32\/2025\/12\/photo-avion.jpg","type":"","width":"","height":""}],"twitter_card":"summary_large_image","twitter_misc":{"Est. reading time":"7 minutes"},"schema":{"@context":"https:\/\/schema.org","@graph":[{"@type":"WebPage","@id":"https:\/\/www.inseec.com\/parcours-erasmus-plus\/","url":"https:\/\/www.inseec.com\/parcours-erasmus-plus\/","name":"Parcours Erasmus + - INSEEC","isPartOf":{"@id":"https:\/\/www.inseec.com\/#website"},"primaryImageOfPage":{"@id":"https:\/\/www.inseec.com\/parcours-erasmus-plus\/#primaryimage"},"image":{"@id":"https:\/\/www.inseec.com\/parcours-erasmus-plus\/#primaryimage"},"thumbnailUrl":"https:\/\/www.inseec.com\/wp-content\/uploads\/sites\/32\/2025\/12\/photo-avion.jpg","datePublished":"2025-11-30T15:38:34+00:00","dateModified":"2025-12-09T17:37:39+00:00","description":"Partir \u00e0 l'\u00e9tranger via le programme Erasmus plus, une opportunit\u00e9 \u00e0 saisir pour les \u00e9tudiants et enseignants chercheurs.","breadcrumb":{"@id":"https:\/\/www.inseec.com\/parcours-erasmus-plus\/#breadcrumb"},"inLanguage":"fr-FR","potentialAction":[{"@type":"ReadAction","target":["https:\/\/www.inseec.com\/parcours-erasmus-plus\/"]}]},{"@type":"ImageObject","inLanguage":"fr-FR","@id":"https:\/\/www.inseec.com\/parcours-erasmus-plus\/#primaryimage","url":"https:\/\/www.inseec.com\/wp-content\/uploads\/sites\/32\/2025\/12\/photo-avion.jpg","contentUrl":"https:\/\/www.inseec.com\/wp-content\/uploads\/sites\/32\/2025\/12\/photo-avion.jpg","width":629,"height":471},{"@type":"BreadcrumbList","@id":"https:\/\/www.inseec.com\/parcours-erasmus-plus\/#breadcrumb","itemListElement":[{"@type":"ListItem","position":1,"name":"Home","item":"https:\/\/www.inseec.com\/"},{"@type":"ListItem","position":2,"name":"Parcours Erasmus +"}]},{"@type":"WebSite","@id":"https:\/\/www.inseec.com\/#website","url":"https:\/\/www.inseec.com\/","name":"INSEEC","description":"","publisher":{"@id":"https:\/\/www.inseec.com\/#organization"},"potentialAction":[{"@type":"SearchAction","target":{"@type":"EntryPoint","urlTemplate":"https:\/\/www.inseec.com\/?s={search_term_string}"},"query-input":{"@type":"PropertyValueSpecification","valueRequired":true,"valueName":"search_term_string"}}],"inLanguage":"fr-FR"},{"@type":"Organization","@id":"https:\/\/www.inseec.com\/#organization","name":"INSEEC","url":"https:\/\/www.inseec.com\/","logo":{"@type":"ImageObject","inLanguage":"fr-FR","@id":"https:\/\/www.inseec.com\/#\/schema\/logo\/image\/","url":"https:\/\/www.inseec.com\/wp-content\/uploads\/sites\/32\/2025\/11\/logo.svg","contentUrl":"https:\/\/www.inseec.com\/wp-content\/uploads\/sites\/32\/2025\/11\/logo.svg","width":173,"height":36,"caption":"INSEEC"},"image":{"@id":"https:\/\/www.inseec.com\/#\/schema\/logo\/image\/"}},{"@context":"https:\/\/schema.org","@type":"EducationalOrganization","@id":"https:\/\/www.inseec.com\/#organization","name":"INSEEC","description":"","url":"https:\/\/www.inseec.com\/","logo":"https:\/\/www.inseec.com\/wp-content\/uploads\/sites\/32\/2025\/11\/logo.svg","image":["https:\/\/www.inseec.com\/wp-content\/uploads\/sites\/32\/2025\/11\/campus-hero-barcelone-inseec.jpg","https:\/\/www.inseec.com\/wp-content\/uploads\/sites\/32\/2025\/11\/campus-barcelone-inseec-ville-basilique-notre-dame-de-fourviere.jpg","https:\/\/www.inseec.com\/wp-content\/uploads\/sites\/32\/2025\/11\/campus-barcelone-inseec-photo-portrait.jpg","https:\/\/www.inseec.com\/wp-content\/uploads\/sites\/32\/2025\/11\/campus-slider-vr-campus-barcelone-inseec-etudiants-cours-petite-salle.jpg","https:\/\/www.inseec.com\/wp-content\/uploads\/sites\/32\/2025\/11\/campus-hero-munich-inseec.jpg","https:\/\/www.inseec.com\/wp-content\/uploads\/sites\/32\/2025\/11\/campus-munich-inseec-ville-basilique-notre-dame-de-fourviere.jpg","https:\/\/www.inseec.com\/wp-content\/uploads\/sites\/32\/2025\/11\/campus-hero-munich-inseec.jpg","https:\/\/www.inseec.com\/wp-content\/uploads\/sites\/32\/2025\/11\/campus-slider-vr-campus-munich-inseec-etudiants-theatre-les-celestins.jpg","https:\/\/www.inseec.com\/wp-content\/uploads\/sites\/32\/2025\/11\/campus-hero-londres-inseec.jpg","https:\/\/www.inseec.com\/wp-content\/uploads\/sites\/32\/2025\/11\/campus-londres-inseec-ville-basilique-notre-dame-de-fourviere.jpg","https:\/\/www.inseec.com\/wp-content\/uploads\/sites\/32\/2025\/11\/campus-hero-londres-inseec.jpg","https:\/\/www.inseec.com\/wp-content\/uploads\/sites\/32\/2025\/12\/campus-slider-vr-campus-londres-inseec-bibliotheque.jpg","https:\/\/www.inseec.com\/wp-content\/uploads\/sites\/32\/2025\/11\/campus-hero-chambery-inseec-resize.jpg","https:\/\/www.inseec.com\/wp-content\/uploads\/sites\/32\/2025\/11\/campus-chambery-inseec-ville-horloge.jpg","https:\/\/www.inseec.com\/wp-content\/uploads\/sites\/32\/2025\/11\/campus-slider-vr-campus-chambery-inseec-exterieur.jpg","https:\/\/www.inseec.com\/wp-content\/uploads\/sites\/32\/2025\/11\/campus-slider-vr-campus-chambery-inseec-salle-detente.jpg","https:\/\/www.inseec.com\/wp-content\/uploads\/sites\/32\/2025\/11\/campus-hero-toulouse-inseec.jpg","https:\/\/www.inseec.com\/wp-content\/uploads\/sites\/32\/2025\/11\/campus-toulouse-inseec-photo-portrait.jpg","https:\/\/www.inseec.com\/wp-content\/uploads\/sites\/32\/2025\/11\/campus-slider-vr-campus-toulouse-inseec-projet-de-groupe.jpg","https:\/\/www.inseec.com\/wp-content\/uploads\/sites\/32\/2025\/11\/campus-slider-vr-campus-toulouse-inseec-etudiants-amphitheatre.jpg","https:\/\/www.inseec.com\/wp-content\/uploads\/sites\/32\/2025\/11\/campus-hero-monaco-inseec.jpg","https:\/\/www.inseec.com\/wp-content\/uploads\/sites\/32\/2025\/12\/INSEEC-Monaco-campus.webp","https:\/\/www.inseec.com\/wp-content\/uploads\/sites\/32\/2025\/11\/campus-hero-monaco-inseec.jpg","https:\/\/www.inseec.com\/wp-content\/uploads\/sites\/32\/2025\/11\/campus-monaco-inseec-mosaic-amis.jpg","https:\/\/www.inseec.com\/wp-content\/uploads\/sites\/32\/2025\/11\/campus-hero-online-inseec.jpg","https:\/\/www.inseec.com\/wp-content\/uploads\/sites\/32\/2025\/11\/guide-metier-inseec-photo-illustration-chef-de-publicite_d1bf22.jpg","https:\/\/www.inseec.com\/wp-content\/uploads\/sites\/32\/2025\/11\/guide-metier-inseec-hero-chef-de-projet-evenementiel.jpg","https:\/\/www.inseec.com\/wp-content\/uploads\/sites\/32\/2025\/11\/guide-metier-inseec-hero-chef-de-produit-sportif.jpg","https:\/\/www.inseec.com\/wp-content\/uploads\/sites\/32\/2025\/11\/campus-hero-beaune-inseec.jpg","https:\/\/www.inseec.com\/wp-content\/uploads\/sites\/32\/2025\/11\/campus-beaune-inseec-ville-cave-a-vin.jpg","https:\/\/www.inseec.com\/wp-content\/uploads\/sites\/32\/2025\/11\/campus-slider-vr-campus-beaune-inseec-groupe-etudiants.jpg","https:\/\/www.inseec.com\/wp-content\/uploads\/sites\/32\/2025\/11\/campus-slider-vr-campus-beaune-inseec-etudiants-1.jpg","https:\/\/www.inseec.com\/wp-content\/uploads\/sites\/32\/2025\/11\/campus-hero-marseille-inseec.jpg","https:\/\/www.inseec.com\/wp-content\/uploads\/sites\/32\/2023\/07\/campus2025-marseille.png","https:\/\/www.inseec.com\/wp-content\/uploads\/sites\/32\/2025\/11\/campus-slider-vr-campus-marseille-inseec-canapes-detente.jpg","https:\/\/www.inseec.com\/wp-content\/uploads\/sites\/32\/2025\/11\/campus-slider-vr-campus-marseille-inseec-salle-commune.jpg","https:\/\/www.inseec.com\/wp-content\/uploads\/sites\/32\/2025\/11\/campus-hero-rennes-inseec.jpg","https:\/\/www.inseec.com\/wp-content\/uploads\/sites\/32\/2025\/11\/campus-rennes-inseec-photo-portrait.jpg","https:\/\/www.inseec.com\/wp-content\/uploads\/sites\/32\/2025\/11\/campus-rennes-inseec-mosaic-alcove-repos.jpg","https:\/\/www.inseec.com\/wp-content\/uploads\/sites\/32\/2025\/11\/campus-rennes-inseec-amphitheatre-etudiantes.jpg","https:\/\/www.inseec.com\/wp-content\/uploads\/sites\/32\/2025\/11\/campus-hero-lyon-inseec.webp","https:\/\/www.inseec.com\/wp-content\/uploads\/sites\/32\/2025\/11\/campus-lyon-inseec-photo-portrait.jpg","https:\/\/www.inseec.com\/wp-content\/uploads\/sites\/32\/2025\/11\/campus-slider-vr-campus-lyon-inseec-dalle-detente.jpg","https:\/\/www.inseec.com\/wp-content\/uploads\/sites\/32\/2025\/11\/campus-slider-vr-campus-lyon-inseec-lion-rouge-hall.jpg","https:\/\/www.inseec.com\/wp-content\/uploads\/sites\/32\/2025\/11\/campus-hero-bordeaux-inseec.jpg","https:\/\/www.inseec.com\/wp-content\/uploads\/sites\/32\/2024\/03\/Campus-Bordeaux-Photo-1.jpg","https:\/\/www.inseec.com\/wp-content\/uploads\/sites\/32\/2025\/11\/campus-bordeaux-inseec-cafeteria.jpg","https:\/\/www.inseec.com\/wp-content\/uploads\/sites\/32\/2025\/11\/campus-bordeaux-inseec-terrasse-bord-garonne.jpg","https:\/\/www.inseec.com\/wp-content\/uploads\/sites\/32\/2025\/11\/campus-paris.jpg","https:\/\/www.inseec.com\/wp-content\/uploads\/sites\/32\/2025\/11\/campus-paris-eiffel-inseec-portrait.jpg","https:\/\/www.inseec.com\/wp-content\/uploads\/sites\/32\/2025\/11\/campus-paris-vellefaux-inseec-cafeteria.jpg","https:\/\/www.inseec.com\/wp-content\/uploads\/sites\/32\/2025\/11\/campus-slider-vr-campus-paris-la-defense-inseec-salle-detente.jpg","https:\/\/www.inseec.com\/wp-content\/uploads\/sites\/32\/2025\/11\/campus-hero-londres-inseec.jpg","https:\/\/www.inseec.com\/wp-content\/uploads\/sites\/32\/2025\/11\/campus-londres-inseec-ville-basilique-notre-dame-de-fourviere.jpg","https:\/\/www.inseec.com\/wp-content\/uploads\/sites\/32\/2025\/11\/campus-hero-londres-inseec.jpg","https:\/\/www.inseec.com\/wp-content\/uploads\/sites\/32\/2025\/12\/campus-slider-vr-campus-londres-inseec-bibliotheque.jpg","https:\/\/www.inseec.com\/wp-content\/uploads\/sites\/32\/2025\/11\/campus-hero-monaco-inseec.jpg","https:\/\/www.inseec.com\/wp-content\/uploads\/sites\/32\/2025\/12\/INSEEC-Monaco-campus.webp","https:\/\/www.inseec.com\/wp-content\/uploads\/sites\/32\/2025\/11\/campus-hero-monaco-inseec.jpg","https:\/\/www.inseec.com\/wp-content\/uploads\/sites\/32\/2025\/11\/campus-monaco-inseec-mosaic-amis.jpg","https:\/\/www.inseec.com\/wp-content\/uploads\/sites\/32\/2025\/11\/campus-hero-munich-inseec.jpg","https:\/\/www.inseec.com\/wp-content\/uploads\/sites\/32\/2025\/11\/campus-munich-inseec-ville-basilique-notre-dame-de-fourviere.jpg","https:\/\/www.inseec.com\/wp-content\/uploads\/sites\/32\/2025\/11\/campus-hero-munich-inseec.jpg","https:\/\/www.inseec.com\/wp-content\/uploads\/sites\/32\/2025\/11\/campus-slider-vr-campus-munich-inseec-etudiants-theatre-les-celestins.jpg","https:\/\/www.inseec.com\/wp-content\/uploads\/sites\/32\/2025\/11\/campus-hero-barcelone-inseec.jpg","https:\/\/www.inseec.com\/wp-content\/uploads\/sites\/32\/2025\/11\/campus-barcelone-inseec-ville-basilique-notre-dame-de-fourviere.jpg","https:\/\/www.inseec.com\/wp-content\/uploads\/sites\/32\/2025\/11\/campus-barcelone-inseec-photo-portrait.jpg","https:\/\/www.inseec.com\/wp-content\/uploads\/sites\/32\/2025\/11\/campus-slider-vr-campus-barcelone-inseec-etudiants-cours-petite-salle.jpg","https:\/\/www.inseec.com\/wp-content\/uploads\/sites\/32\/2025\/11\/campus-hero-online-inseec.jpg","https:\/\/www.inseec.com\/wp-content\/uploads\/sites\/32\/2025\/11\/guide-metier-inseec-photo-illustration-chef-de-publicite_d1bf22.jpg","https:\/\/www.inseec.com\/wp-content\/uploads\/sites\/32\/2025\/11\/guide-metier-inseec-hero-chef-de-projet-evenementiel.jpg","https:\/\/www.inseec.com\/wp-content\/uploads\/sites\/32\/2025\/11\/guide-metier-inseec-hero-chef-de-produit-sportif.jpg","https:\/\/www.inseec.com\/wp-content\/uploads\/sites\/32\/2025\/11\/campus-hero-toulouse-inseec.jpg","https:\/\/www.inseec.com\/wp-content\/uploads\/sites\/32\/2025\/11\/campus-toulouse-inseec-photo-portrait.jpg","https:\/\/www.inseec.com\/wp-content\/uploads\/sites\/32\/2025\/11\/campus-slider-vr-campus-toulouse-inseec-projet-de-groupe.jpg","https:\/\/www.inseec.com\/wp-content\/uploads\/sites\/32\/2025\/11\/campus-slider-vr-campus-toulouse-inseec-etudiants-amphitheatre.jpg","https:\/\/www.inseec.com\/wp-content\/uploads\/sites\/32\/2025\/11\/campus-hero-marseille-inseec.jpg","https:\/\/www.inseec.com\/wp-content\/uploads\/sites\/32\/2025\/11\/campus-marseille-inseec-photo-portrait.jpg","https:\/\/www.inseec.com\/wp-content\/uploads\/sites\/32\/2025\/11\/campus-slider-vr-campus-marseille-inseec-canapes-detente.jpg","https:\/\/www.inseec.com\/wp-content\/uploads\/sites\/32\/2025\/11\/campus-slider-vr-campus-marseille-inseec-salle-commune.jpg","https:\/\/www.inseec.com\/wp-content\/uploads\/sites\/32\/2025\/11\/campus-hero-rennes-inseec.jpg","https:\/\/www.inseec.com\/wp-content\/uploads\/sites\/32\/2025\/11\/campus-rennes-inseec-photo-portrait.jpg","https:\/\/www.inseec.com\/wp-content\/uploads\/sites\/32\/2025\/11\/campus-rennes-inseec-mosaic-alcove-repos.jpg","https:\/\/www.inseec.com\/wp-content\/uploads\/sites\/32\/2025\/11\/campus-rennes-inseec-amphitheatre-etudiantes.jpg","https:\/\/www.inseec.com\/wp-content\/uploads\/sites\/32\/2025\/11\/campus-hero-chambery-inseec-resize.jpg","https:\/\/www.inseec.com\/wp-content\/uploads\/sites\/32\/2025\/11\/campus-chambery-inseec-ville-horloge.jpg","https:\/\/www.inseec.com\/wp-content\/uploads\/sites\/32\/2025\/11\/campus-slider-vr-campus-chambery-inseec-exterieur.jpg","https:\/\/www.inseec.com\/wp-content\/uploads\/sites\/32\/2025\/11\/campus-slider-vr-campus-chambery-inseec-salle-detente.jpg","https:\/\/www.inseec.com\/wp-content\/uploads\/sites\/32\/2025\/11\/campus-hero-beaune-inseec.jpg","https:\/\/www.inseec.com\/wp-content\/uploads\/sites\/32\/2025\/11\/campus-beaune-inseec-ville-cave-a-vin.jpg","https:\/\/www.inseec.com\/wp-content\/uploads\/sites\/32\/2025\/11\/campus-slider-vr-campus-beaune-inseec-groupe-etudiants.jpg","https:\/\/www.inseec.com\/wp-content\/uploads\/sites\/32\/2025\/11\/campus-slider-vr-campus-beaune-inseec-etudiants-1.jpg","https:\/\/www.inseec.com\/wp-content\/uploads\/sites\/32\/2025\/11\/campus-hero-bordeaux-inseec.jpg","https:\/\/www.inseec.com\/wp-content\/uploads\/sites\/32\/2025\/11\/campus-bordeaux-inseec-facade.jpg","https:\/\/www.inseec.com\/wp-content\/uploads\/sites\/32\/2025\/11\/campus-bordeaux-inseec-cafeteria.jpg","https:\/\/www.inseec.com\/wp-content\/uploads\/sites\/32\/2025\/11\/campus-bordeaux-inseec-terrasse-bord-garonne.jpg","https:\/\/www.inseec.com\/wp-content\/uploads\/sites\/32\/2025\/11\/campus-hero-lyon-inseec.webp","https:\/\/www.inseec.com\/wp-content\/uploads\/sites\/32\/2025\/11\/campus-lyon-inseec-photo-portrait.jpg","https:\/\/www.inseec.com\/wp-content\/uploads\/sites\/32\/2025\/11\/campus-slider-vr-campus-lyon-inseec-dalle-detente.jpg","https:\/\/www.inseec.com\/wp-content\/uploads\/sites\/32\/2025\/11\/campus-slider-vr-campus-lyon-inseec-lion-rouge-hall.jpg","https:\/\/www.inseec.com\/wp-content\/uploads\/sites\/32\/2025\/11\/campus-paris.jpg","https:\/\/www.inseec.com\/wp-content\/uploads\/sites\/32\/2025\/11\/campus-paris-eiffel-inseec-portrait.jpg","https:\/\/www.inseec.com\/wp-content\/uploads\/sites\/32\/2025\/11\/campus-paris-vellefaux-inseec-cafeteria.jpg","https:\/\/www.inseec.com\/wp-content\/uploads\/sites\/32\/2025\/11\/campus-slider-vr-campus-paris-la-defense-inseec-salle-detente.jpg"],"foundingDate":"","memberOf":"OMNES Education","alumni":[{"@type":"Person","name":"Lasmak Said","description":"CEO & Cofounder"},{"@type":"Person","name":"Dauchy Xavier","description":"Chief Financial Officer"},{"@type":"Person","name":"Bordeaux Thomas","description":"Regional Manager Grand Lyon"},{"@type":"Person","name":"Quillot Romain","description":"Co-founder"},{"@type":"Person","name":"Rakotomalala Rindra","description":"Head of International Relations"},{"@type":"Person","name":"Lacroix Oscar","description":"Partner"},{"@type":"Person","name":"Moderan Olivia","description":"Manager for the Paris-South area"},{"@type":"Person","name":"Abdelhalim Nabil","description":"Industry Manager"},{"@type":"Person","name":"Duhalde M\u00e9lissa","description":"Operational Marketing Product Manager "},{"@type":"Person","name":"M. Matthieu","description":"Commercial real estate consultant"},{"@type":"Person","name":"Lusset Marie-Amandine","description":"Communications consultant"},{"@type":"Person","name":"R. Lo\u00efc","description":"Entrepreneur"},{"@type":"Person","name":"Soskin Lise","description":"RevOps"},{"@type":"Person","name":"Estrade Guillaume","description":"Regional Manager Grand Lyon"},{"@type":"Person","name":"P. Clara","description":"Head of Digital Communications EMEA"},{"@type":"Person","name":"Serryus C\u00e9sar","description":"Founder"},{"@type":"Person","name":"Onimus Aur\u00e9lien","description":"CEO"},{"@type":"Person","name":"B. Anne-Caroline B.","description":"Marketing & Communications Project Manager"},{"@type":"Person","name":"Azim Ana\u00efs","description":"Business Controller - Industry Unit"},{"@type":"Person","name":"Viallet Nouhant Alexandre","description":"Chief Executive Officer"},{"@type":"Person","name":"Ikouirene Adam","description":"Student commercial placement"}],"department":["Bachelor","Bachelor","BBA","BBA","BTS","BTS","Grande \u00c9cole","Grande \u00c9cole","International","International","MSc","MSc"],"hasCredential":["Bachelor","Bachelor","BBA","BBA","BTS","BTS","Grande \u00c9cole","Grande \u00c9cole","International","International","MSc","MSc"]}]}},"lang":"fr","translations":{"fr":4026,"en":86087},"jetpack_sharing_enabled":true,"pll_sync_post":[],"_links":{"self":[{"href":"https:\/\/www.inseec.com\/wp-json\/wp\/v2\/pages\/4026","targetHints":{"allow":["GET"]}}],"collection":[{"href":"https:\/\/www.inseec.com\/wp-json\/wp\/v2\/pages"}],"about":[{"href":"https:\/\/www.inseec.com\/wp-json\/wp\/v2\/types\/page"}],"author":[{"embeddable":true,"href":"https:\/\/www.inseec.com\/wp-json\/wp\/v2\/users\/261"}],"replies":[{"embeddable":true,"href":"https:\/\/www.inseec.com\/wp-json\/wp\/v2\/comments?post=4026"}],"version-history":[{"count":22,"href":"https:\/\/www.inseec.com\/wp-json\/wp\/v2\/pages\/4026\/revisions"}],"predecessor-version":[{"id":86094,"href":"https:\/\/www.inseec.com\/wp-json\/wp\/v2\/pages\/4026\/revisions\/86094"}],"wp:attachment":[{"href":"https:\/\/www.inseec.com\/wp-json\/wp\/v2\/media?parent=4026"}],"wp:term":[{"taxonomy":"page_type","embeddable":true,"href":"https:\/\/www.inseec.com\/wp-json\/wp\/v2\/page_type?post=4026"},{"taxonomy":"school","embeddable":true,"href":"https:\/\/www.inseec.com\/wp-json\/wp\/v2\/school?post=4026"},{"taxonomy":"specialisation","embeddable":true,"href":"https:\/\/www.inseec.com\/wp-json\/wp\/v2\/specialisation?post=4026"},{"taxonomy":"analytics_tag","embeddable":true,"href":"https:\/\/www.inseec.com\/wp-json\/wp\/v2\/analytics_tag?post=4026"}],"curies":[{"name":"wp","href":"https:\/\/api.w.org\/{rel}","templated":true}]}}