{"id":80964,"date":"2025-12-05T10:34:27","date_gmt":"2025-12-05T09:34:27","guid":{"rendered":"https:\/\/www.inseec.com\/?post_type=program&#038;p=80964"},"modified":"2026-01-22T15:35:53","modified_gmt":"2026-01-22T14:35:53","slug":"master-finance-audit-controle","status":"publish","type":"program","link":"https:\/\/www.inseec.com\/programme\/master-finance-audit-controle\/","title":{"rendered":"Grade de Master Finance, Audit et Contr\u00f4le"},"content":{"rendered":"\n<div class=\"wp-block-group alignfull wp-pattern wp-pattern-anchors has-white-background-color has-background has-global-padding is-layout-constrained wp-block-group-is-layout-constrained\" style=\"margin-top:0;margin-bottom:0;padding-top:0;padding-bottom:0\">\n<div class=\"wp-block-group alignwide is-content-justification-space-between is-nowrap is-layout-flex wp-container-core-group-is-layout-4502859d wp-block-group-is-layout-flex\"><div class=\"anchor-list wp-block-beapi-anchor-list\">\n\t<div class=\"anchor-list__content\">\n\t\t<div role=\"heading\" aria-level=\"2\" class=\"anchor-list__title\">Acc\u00e8s rapide<\/div>\n\t\t<div class=\"anchor-list__scroll\">\n\t\t\t<ul class=\"anchor-list__items no-list-style\">\n\t\t\t\t\t\t\t\t\t<li class=\"anchor-list__item\">\n\t\t\t\t\t\t<a href=\"#anchor-presentation\">Pr\u00e9sentation<\/a>\t\t\t\t\t<\/li>\n\t\t\t\t\t\t\t\t\t<li class=\"anchor-list__item\">\n\t\t\t\t\t\t<a href=\"#anchor-campus\">Campus<\/a>\t\t\t\t\t<\/li>\n\t\t\t\t\t\t\t\t\t<li class=\"anchor-list__item\">\n\t\t\t\t\t\t<a href=\"#anchor-temoignage\">T\u00e9moignages<\/a>\t\t\t\t\t<\/li>\n\t\t\t\t\t\t\t\t\t<li class=\"anchor-list__item\">\n\t\t\t\t\t\t<a href=\"#anchor-alternance\">Alternance<\/a>\t\t\t\t\t<\/li>\n\t\t\t\t\t\t\t\t\t<li class=\"anchor-list__item\">\n\t\t\t\t\t\t<a href=\"#anchor-metiers\">M\u00e9tiers<\/a>\t\t\t\t\t<\/li>\n\t\t\t\t\t\t\t\t\t<li class=\"anchor-list__item\">\n\t\t\t\t\t\t<a href=\"#anchor-candidature\">Candidature<\/a>\t\t\t\t\t<\/li>\n\t\t\t\t\t\t\t\t\t<li class=\"anchor-list__item\">\n\t\t\t\t\t\t<a href=\"#anchor-frais\">Frais de scolarit\u00e9<\/a>\t\t\t\t\t<\/li>\n\t\t\t\t\t\t\t\t\t<li class=\"anchor-list__item\">\n\t\t\t\t\t\t<a href=\"#anchor-faq\">FAQ<\/a>\t\t\t\t\t<\/li>\n\t\t\t\t\t\t\t<\/ul>\n\t\t<\/div>\n\t<\/div>\n<\/div>\n\n\n\n<div class=\"wp-block-buttons is-nowrap is-layout-flex wp-container-core-buttons-is-layout-6c531013 wp-block-buttons-is-layout-flex\">\n<div class=\"wp-block-button is-style-fill-sm\"><a class=\"wp-block-button__link wp-element-button\" href=\"https:\/\/www.inseec.com\/procedure-admission-grande-ecole-rentree-septembre\/?_gl=1*xcysxx*_up*MQ..*_ga*MTIyNDc4NzAzMi4xNzY1MjIwMjk1*_ga_XXXX*czE3NjUyMjAyOTEkbzEkZzAkdDE3NjUyMjAyOTEkajYwJGwwJGgzODE5ODAwODc.*_ga_9KD5L9SBWM*czE3NjUyMjAzMDQkbzEkZzAkdDE3NjUyMjAzMDQkajYwJGwwJGg5OTA2MTg3NjQ.\">Je candidate<\/a><\/div>\n<\/div>\n<\/div>\n<\/div>\n\n\n<span class=\"wp-block-beapi-anchor\" aria-hidden=\"true\" id=\"anchor-presentation\"><\/span>\n\n\n\n<div class=\"wp-block-group wp-pattern wp-pattern-faq-image is-layout-flow wp-block-group-is-layout-flow has-block-anchor\" style=\"margin-top:0;margin-bottom:0;padding-top:var(--wp--preset--spacing--6-xl);padding-bottom:var(--wp--preset--spacing--6-xl)\">\n<div class=\"wp-block-group has-global-padding is-layout-constrained wp-block-group-is-layout-constrained has-block-anchor\">\n<div class=\"wp-block-group is-vertical is-layout-flex wp-container-core-group-is-layout-bd7877ba wp-block-group-is-layout-flex has-block-anchor\">\n<p class=\"is-style-heading-default-eyebrow has-on-surface-color has-text-color has-link-color wp-elements-52e5ab584d4efb74080cdddff789e92a\">Pr\u00e9sentation<\/p>\n\n\n\n<h2 class=\"wp-block-heading is-style-heading-emphasis-h2 has-on-surface-color has-text-color has-link-color wp-elements-d764cfb0552e1178adcd62db5722aba4\" id=\"quest-ce-quun-grade-de-master-finance-audit-et-controle\">Qu&#8217;est-ce qu&#8217;un Grade de Master Finance, Audit et Contr\u00f4le\u00a0?<\/h2>\n<\/div>\n\n\n\n<p class=\"is-style-plain-default-md has-on-surface-subtle-color has-text-color has-link-color wp-elements-af61356eedf1cbd9f26300fcd0db56e5\">Cette sp\u00e9cialisation du Programme Grande \u00c9cole INSEEC conf\u00e8re le Grade de Master et est certifi\u00e9e RNCP niveau 7. Il est d&#8217;ailleurs tout \u00e0 fait possible de <a href=\"https:\/\/www.inseec.com\/grande-ecole\/grande-ecole-finance\/\">rejoindre ce cursus Grande \u00c9cole en finance<\/a> pour acqu\u00e9rir une vision globale des enjeux financiers. Elle forme aux m\u00e9tiers de l&#8217;audit, du contr\u00f4le de gestion et du pilotage de la performance financi\u00e8re. Reconnu par le Minist\u00e8re de l&#8217;Enseignement Sup\u00e9rieur et de la Recherche, ce dipl\u00f4me repr\u00e9sente l&#8217;excellence acad\u00e9mique fran\u00e7aise et jouit d&#8217;une reconnaissance \u00e0 l&#8217;\u00e9chelle europ\u00e9enne et internationale. Cette formation professionnalisante est dispens\u00e9e en fran\u00e7ais.<\/p>\n<\/div>\n\n\n\n<div class=\"wp-block-group has-global-padding is-layout-constrained wp-block-group-is-layout-constrained has-block-anchor\">\n<h3 class=\"wp-block-heading\" id=\"diplome-et-certification-professionnelle-visee\">Dipl\u00f4me et certification professionnelle vis\u00e9e<\/h3>\n\n\n\n<p>Ce dipl\u00f4me vis\u00e9 par l&#8217;\u00c9tat conf\u00e8re le Grade de Master et b\u00e9n\u00e9ficie de l&#8217;accr\u00e9ditation AMBA depuis 2016, garantissant sa reconnaissance en France et \u00e0 l&#8217;international. Certification professionnelle de Manager de Projets Innovants niveau 7 (EU), code NSF 310, d\u00e9livr\u00e9e par l&#8217;INSEEC Grande \u00c9cole, enregistr\u00e9e sous le num\u00e9ro 41044 au RNCP (R\u00e9pertoire National des Certifications Professionnelles) sur d\u00e9cision du Directeur g\u00e9n\u00e9ral de France Comp\u00e9tences.<\/p>\n\n\n\n<div class=\"wp-block-buttons is-layout-flex wp-block-buttons-is-layout-flex\">\n<div class=\"wp-block-button is-style-link-arrow-left\"><a class=\"wp-block-button__link wp-element-button\" href=\"https:\/\/www.francecompetences.fr\/recherche\/rncp\/41044\/\" target=\"_blank\" rel=\"noreferrer noopener\">RNCP \u2013 DipViGrM \u2013 Programme Grande \u00c9cole<\/a><\/div>\n<\/div>\n<\/div>\n\n\n\n<div class=\"wp-block-group has-global-padding is-layout-constrained wp-block-group-is-layout-constrained has-block-anchor\">\n<h3 class=\"wp-block-heading\" id=\"les-objectifs-et-competences\">Les objectifs et comp\u00e9tences<\/h3>\n\n\n\n<p>L&#8217;objectif du Grade de Master Finance, Audit et Contr\u00f4le est de former des experts financiers capables d&#8217;analyser, auditer et piloter la performance \u00e9conomique et financi\u00e8re dans un environnement r\u00e9glementaire complexe.<\/p>\n\n\n\n<p>Le programme d\u00e9veloppe les comp\u00e9tences cl\u00e9s en :<\/p>\n\n\n\n<div class=\"wp-block-group is-style-plain-default-sm is-content-justification-left is-nowrap is-layout-flex wp-container-core-group-is-layout-ad52996e wp-block-group-is-layout-flex\">\n<ul class=\"wp-block-list is-style-check has-on-surface-color has-text-color has-link-color wp-elements-21d898feb9d734413fc72dfb0f002451 wp-container-content-9cfa9a5a\">\n<li>Audit financier et contr\u00f4le interne<\/li>\n\n\n\n<li>Contr\u00f4le de gestion et pilotage de la performance<\/li>\n\n\n\n<li>Comptabilit\u00e9 financi\u00e8re et internationale<\/li>\n\n\n\n<li>Politique financi\u00e8re et strat\u00e9gie d&#8217;entreprise<\/li>\n<\/ul>\n\n\n\n<ul class=\"wp-block-list is-style-check has-on-surface-color has-text-color has-link-color wp-elements-ceaf3575e861cf1353531664eead8468 wp-container-content-9cfa9a5a\">\n<li>Fiscalit\u00e9 approfondie<\/li>\n\n\n\n<li>Management des syst\u00e8mes d&#8217;information financiers<\/li>\n\n\n\n<li>Outils de programmation financi\u00e8re (VBA &#038; Python)<\/li>\n\n\n\n<li>Analyse et reporting financier<\/li>\n<\/ul>\n<\/div>\n<\/div>\n\n\n\n<div class=\"wp-block-group has-global-padding is-layout-constrained wp-block-group-is-layout-constrained has-block-anchor\">\n<h3 class=\"wp-block-heading\" id=\"le-contenu\">Le contenu<\/h3>\n\n\n\n<p>Les cours ci-dessous sont donn\u00e9s \u00e0 titre d&#8217;exemple et peuvent varier selon le campus. Le programme est actualis\u00e9 chaque ann\u00e9e pour refl\u00e9ter les \u00e9volutions des normes comptables, r\u00e9glementations financi\u00e8res et pratiques d&#8217;audit.<\/p>\n<\/div>\n\n\n\n<details class=\"wp-block-details is-style-default is-layout-flow wp-container-core-details-is-layout-9ec55b31 wp-block-details-is-layout-flow\"><summary><h3>1\u02b3\u1d49 ann\u00e9e (Niveau L3)<\/h3><\/summary>\n<div class=\"wp-block-group is-vertical is-layout-flex wp-container-core-group-is-layout-a2e3e733 wp-block-group-is-layout-flex\">\n<p class=\"is-style-plain-default-sm has-on-surface-subtle-color has-text-color has-link-color wp-elements-d231bf629c4e4e9478ebfc8ad1e55ccd\">60 cr\u00e9dits ECTS\u00a0<\/p>\n\n\n\n<p class=\"is-style-plain-default-sm has-on-surface-subtle-color has-text-color has-link-color wp-elements-83d477134ba98de9e5128a8846e543ff\">Cette premi\u00e8re ann\u00e9e en alternance pose les fondamentaux du management et d\u00e9veloppe votre compr\u00e9hension des enjeux \u00e9conomiques et financiers mondiaux. En d\u00e9but d\u2019ann\u00e9e, les \u00e9tudiants b\u00e9n\u00e9ficient d&#8217;une semaine d&#8217;immersion \u00e0 Londres.<\/p>\n<\/div>\n\n\n\n<div class=\"wp-block-group is-style-plain-default-sm is-content-justification-space-between is-nowrap is-layout-flex wp-container-core-group-is-layout-03b2c0d6 wp-block-group-is-layout-flex\">\n<ul class=\"wp-block-list is-style-check has-on-surface-color has-text-color has-link-color wp-elements-191b9fc4e729141bba49a012012a71b7\">\n<li>Comprendre les grands enjeux du monde<\/li>\n\n\n\n<li>Savoir travailler dans l\u2019interculturel<\/li>\n\n\n\n<li>D\u00e9velopper une pens\u00e9e critique et autonome<\/li>\n<\/ul>\n\n\n\n<ul class=\"wp-block-list is-style-check has-on-surface-color has-text-color has-link-color wp-elements-3eea2863ca7a00f18cb03327770be12e\">\n<li>Devenir un manager expert, responsable et efficient\u00a0<\/li>\n\n\n\n<li>Travail collaboratif encadr\u00e9 : INSEEC Projet Personnel<\/li>\n\n\n\n<li>Entreprendre et conduire le changement<\/li>\n<\/ul>\n<\/div>\n<\/details>\n\n\n\n<details class=\"wp-block-details is-style-default is-layout-flow wp-container-core-details-is-layout-9ec55b31 wp-block-details-is-layout-flow\"><summary><h3>2\u1d49 ann\u00e9e (Niveau M1)<\/h3><\/summary>\n<div class=\"wp-block-group is-vertical is-layout-flex wp-container-core-group-is-layout-a2e3e733 wp-block-group-is-layout-flex\">\n<p class=\"is-style-plain-default-sm has-on-surface-subtle-color has-text-color has-link-color wp-elements-d231bf629c4e4e9478ebfc8ad1e55ccd\">60 cr\u00e9dits ECTS\u00a0<\/p>\n\n\n\n<p class=\"is-style-plain-default-sm has-on-surface-subtle-color has-text-color has-link-color wp-elements-ca61ccf26d97c8c281a244d00833ccff\">La deuxi\u00e8me ann\u00e9e en alternance approfondit vos comp\u00e9tences financi\u00e8res et vous permet de construire votre expertise en gestion et pilotage \u00e9conomique.<\/p>\n<\/div>\n\n\n\n<div class=\"wp-block-group is-style-plain-default-sm is-content-justification-space-between is-nowrap is-layout-flex wp-container-core-group-is-layout-03b2c0d6 wp-block-group-is-layout-flex\">\n<ul class=\"wp-block-list is-style-check has-on-surface-color has-text-color has-link-color wp-elements-f28a4f47408711aa43606da6b9ef518c\">\n<li>Construire son autonomie et sa capacit\u00e9 \u00e0 d\u00e9crypter le monde<\/li>\n\n\n\n<li>M\u00e9thodes, comp\u00e9tences &#038; pratiques professionnelles\u00a0<\/li>\n\n\n\n<li>Parcours de professionnalisation<\/li>\n<\/ul>\n<\/div>\n<\/details>\n\n\n\n<details class=\"wp-block-details is-style-default is-layout-flow wp-container-core-details-is-layout-9ec55b31 wp-block-details-is-layout-flow\"><summary><h3>3\u1d49 ann\u00e9e (Niveau M2) &#8211; Tronc commun<\/h3><\/summary>\n<div class=\"wp-block-group is-vertical is-layout-flex wp-container-core-group-is-layout-a2e3e733 wp-block-group-is-layout-flex\">\n<p class=\"is-style-plain-default-sm has-on-surface-subtle-color has-text-color has-link-color wp-elements-d231bf629c4e4e9478ebfc8ad1e55ccd\">60 cr\u00e9dits ECTS\u00a0<\/p>\n\n\n\n<p class=\"is-style-plain-default-sm has-on-surface-subtle-color has-text-color has-link-color wp-elements-1c1bcb6ac73f626f940aab6690e3d1c9\">Le tronc commun renforce vos capacit\u00e9s d&#8217;innovation, de recherche et de management dans des environnements complexes. Cette ann\u00e9e s\u2019effectue en alternance, comme les pr\u00e9c\u00e9dentes.<\/p>\n<\/div>\n\n\n\n<div class=\"wp-block-group is-style-plain-default-sm is-content-justification-space-between is-nowrap is-layout-flex wp-container-core-group-is-layout-03b2c0d6 wp-block-group-is-layout-flex\">\n<ul class=\"wp-block-list is-style-check has-on-surface-color has-text-color has-link-color wp-elements-f9961ffaac0760452ef81fddcf49fb65\">\n<li>Open Innovation Challenge<\/li>\n\n\n\n<li>S\u00e9minaire de M\u00e9thodologie de Recherche<\/li>\n\n\n\n<li>Advanced Management<\/li>\n<\/ul>\n\n\n\n<ul class=\"wp-block-list is-style-check has-on-surface-color has-text-color has-link-color wp-elements-0889a18df1994c64a55a5120dd255a1d\">\n<li>Business Ethics &#038; Corporate Social Responsability<\/li>\n\n\n\n<li>Nuit de la Gestion de la crise<\/li>\n\n\n\n<li>Pr\u00e9paration au Grand Oral<\/li>\n<\/ul>\n<\/div>\n<\/details>\n\n\n\n<details class=\"wp-block-details is-style-default is-layout-flow wp-container-core-details-is-layout-9ec55b31 wp-block-details-is-layout-flow\"><summary><h3>3\u1d49 ann\u00e9e (Niveau M2) &#8211; Cours de Sp\u00e9cialisation<\/h3><\/summary>\n<div class=\"wp-block-group is-vertical is-layout-flex wp-container-core-group-is-layout-a2e3e733 wp-block-group-is-layout-flex\">\n<p class=\"is-style-plain-default-sm has-on-surface-subtle-color has-text-color has-link-color wp-elements-8ec3314e1cbfa1277caacad61028d47a\">Les cours de sp\u00e9cialit\u00e9 vous forment aux techniques avanc\u00e9es de la finance, de l&#8217;audit et du contr\u00f4le de gestion.<\/p>\n<\/div>\n\n\n\n<div class=\"wp-block-group is-style-plain-default-sm is-content-justification-space-between is-nowrap is-layout-flex wp-container-core-group-is-layout-03b2c0d6 wp-block-group-is-layout-flex\">\n<ul class=\"wp-block-list is-style-check has-on-surface-color has-text-color has-link-color wp-elements-06058ab4fb2c4db2e50079501f123d90\">\n<li>Comptabilit\u00e9 des soci\u00e9t\u00e9s<\/li>\n\n\n\n<li>Comptabilit\u00e9 financi\u00e8re internationale<\/li>\n\n\n\n<li>Audit financier<\/li>\n\n\n\n<li>Audit &#038; Contr\u00f4le interne<\/li>\n\n\n\n<li>Contr\u00f4le de gestion<\/li>\n<\/ul>\n\n\n\n<ul class=\"wp-block-list is-style-check has-on-surface-color has-text-color has-link-color wp-elements-e916f77f23c2a0967539a99e2d0e40e3\">\n<li>Pilotage de performance<\/li>\n\n\n\n<li>Management des syst\u00e8mes d\u2019information<\/li>\n\n\n\n<li>Fiscalit\u00e9 approfondie<\/li>\n\n\n\n<li>Politique financi\u00e8re de l\u2019entreprise<\/li>\n\n\n\n<li>VBA &#038; Python<\/li>\n<\/ul>\n<\/div>\n<\/details>\n\n\n\n<div class=\"wp-block-group has-global-padding is-layout-constrained wp-block-group-is-layout-constrained has-block-anchor\">\n<h3 class=\"wp-block-heading\" id=\"les-modalites-devaluation\">Les modalit\u00e9s d&#8217;\u00e9valuation<\/h3>\n\n\n\n<p>L&#8217;\u00e9valuation des comp\u00e9tences repose sur diff\u00e9rentes m\u00e9thodes pour valider vos acquis th\u00e9oriques et votre capacit\u00e9 \u00e0 les appliquer en entreprise\u00a0:<\/p>\n<\/div>\n\n\n\n<ul class=\"wp-block-list is-style-check has-on-surface-color has-text-color has-link-color wp-elements-ab4f7fca933ce52e1dc74de08c7b77bc\">\n<li>Contr\u00f4le continu et \u00e9valuations r\u00e9guli\u00e8res.<\/li>\n\n\n\n<li>Travaux individuels et \u00e9tudes de groupe.<\/li>\n\n\n\n<li>Examens semestriels et finaux.<\/li>\n\n\n\n<li>\u00c9tudes de cas financiers et analyses strat\u00e9giques.<\/li>\n\n\n\n<li>Gestion de projet et missions professionnelles.<\/li>\n\n\n\n<li>Simulations d&#8217;entreprise et jeux de gestion.<\/li>\n\n\n\n<li>M\u00e9moire de fin d&#8217;\u00e9tudes et recherche appliqu\u00e9e.<\/li>\n\n\n\n<li>P\u00e9riodes obligatoires en entreprise et \u00e9valuation professionnelle.<\/li>\n<\/ul>\n\n\n\n<p>La certification s&#8217;obtient par capitalisation de l&#8217;ensemble des blocs de comp\u00e9tences et validation des 180 cr\u00e9dits ECTS sur les 3 ann\u00e9es du programme.<\/p>\n<\/div>\n\n\n\n<div class=\"wp-block-group alignfull wp-pattern wp-pattern-banner-certifications-multiple has-global-padding is-layout-constrained wp-block-group-is-layout-constrained has-block-anchor\" style=\"margin-top:0;margin-bottom:0;padding-top:var(--wp--preset--spacing--padding-y-section);padding-bottom:var(--wp--preset--spacing--padding-y-section)\">\n<h2 class=\"wp-block-heading alignwide is-style-heading-emphasis-h4 has-on-surface-color has-text-color has-link-color wp-elements-7d0d9c650a1ec24540ad00e79f3a5b34\" id=\"ce-diplome-est-il-reconnu-par-letat\">Ce dipl\u00f4me est-il reconnu par l&#8217;\u00c9tat ?<\/h2>\n\n\n\n<p class=\"alignwide has-text-align-wide is-style-plain-default-md has-on-surface-subtle-color has-text-color has-link-color wp-elements-6ddb63af45162edf228d8d6bc38250f6\">L&#8217;INSEEC Grande \u00c9cole d\u00e9livre un Grade de Master en management, dipl\u00f4me vis\u00e9 par l\u2019\u00c9tat (Minist\u00e8re de l&#8217;Enseignement Sup\u00e9rieur et de la Recherche) depuis 2005, reconnu en France et \u00e0 l&#8217;International et, accr\u00e9dit\u00e9 AMBA depuis 2016 ainsi qu&#8217;un titre RNCP de niveau 7, reconnu par le minist\u00e8re du\u00a0Travail. L&#8217;INSEEC Grande \u00c9cole est membre de la conf\u00e9rence des grandes \u00e9coles.<\/p>\n\n\n\n<div class=\"wp-block-group alignwide wp-pattern__inner is-content-justification-center is-nowrap is-layout-flex wp-container-core-group-is-layout-38767301 wp-block-group-is-layout-flex\">\n<div class=\"wp-block-group wp-pattern__images is-nowrap is-layout-flex wp-container-core-group-is-layout-711539e2 wp-block-group-is-layout-flex\">\n<figure class=\"wp-block-image size-full is-resized is-style-default wp-container-content-69bc4bdf\"><img loading=\"lazy\" decoding=\"async\" width=\"261\" height=\"300\" src=\"https:\/\/www.inseec.com\/wp-content\/uploads\/sites\/32\/2025\/12\/grade-master-logo-diplome.webp\" alt=\"\" class=\"wp-image-90260\" style=\"width:110px\" srcset=\"https:\/\/www.inseec.com\/wp-content\/uploads\/sites\/32\/2025\/12\/grade-master-logo-diplome.webp 261w, https:\/\/www.inseec.com\/wp-content\/uploads\/sites\/32\/2025\/12\/grade-master-logo-diplome.webp?resize=35,40 35w, https:\/\/www.inseec.com\/wp-content\/uploads\/sites\/32\/2025\/12\/grade-master-logo-diplome.webp?resize=70,80 70w, https:\/\/www.inseec.com\/wp-content\/uploads\/sites\/32\/2025\/12\/grade-master-logo-diplome.webp?resize=139,160 139w, https:\/\/www.inseec.com\/wp-content\/uploads\/sites\/32\/2025\/12\/grade-master-logo-diplome.webp?resize=44,50 44w, https:\/\/www.inseec.com\/wp-content\/uploads\/sites\/32\/2025\/12\/grade-master-logo-diplome.webp?resize=87,100 87w, https:\/\/www.inseec.com\/wp-content\/uploads\/sites\/32\/2025\/12\/grade-master-logo-diplome.webp?resize=21,24 21w, https:\/\/www.inseec.com\/wp-content\/uploads\/sites\/32\/2025\/12\/grade-master-logo-diplome.webp?resize=42,48 42w\" sizes=\"auto, (max-width: 261px) 100vw, 261px\" \/><\/figure>\n\n\n\n<figure class=\"wp-block-image size-full is-resized\"><img decoding=\"async\" src=\"https:\/\/www.inseec.com\/wp-content\/themes\/omnes-design-system\/dist\/images\/grandes-ecoles.jpg\" alt=\"\" style=\"width:110px\" \/><\/figure>\n\n\n\n<figure class=\"wp-block-image size-full is-resized\"><img loading=\"lazy\" decoding=\"async\" width=\"615\" height=\"176\" src=\"https:\/\/www.inseec.com\/wp-content\/uploads\/sites\/32\/2025\/12\/cefdg-logo-diplome.webp\" alt=\"\" class=\"wp-image-90261\" style=\"width:110px\" srcset=\"https:\/\/www.inseec.com\/wp-content\/uploads\/sites\/32\/2025\/12\/cefdg-logo-diplome.webp 615w, https:\/\/www.inseec.com\/wp-content\/uploads\/sites\/32\/2025\/12\/cefdg-logo-diplome.webp?resize=300,86 300w, https:\/\/www.inseec.com\/wp-content\/uploads\/sites\/32\/2025\/12\/cefdg-logo-diplome.webp?resize=80,23 80w, https:\/\/www.inseec.com\/wp-content\/uploads\/sites\/32\/2025\/12\/cefdg-logo-diplome.webp?resize=160,46 160w, https:\/\/www.inseec.com\/wp-content\/uploads\/sites\/32\/2025\/12\/cefdg-logo-diplome.webp?resize=320,92 320w, https:\/\/www.inseec.com\/wp-content\/uploads\/sites\/32\/2025\/12\/cefdg-logo-diplome.webp?resize=140,40 140w, https:\/\/www.inseec.com\/wp-content\/uploads\/sites\/32\/2025\/12\/cefdg-logo-diplome.webp?resize=280,80 280w, https:\/\/www.inseec.com\/wp-content\/uploads\/sites\/32\/2025\/12\/cefdg-logo-diplome.webp?resize=24,7 24w, https:\/\/www.inseec.com\/wp-content\/uploads\/sites\/32\/2025\/12\/cefdg-logo-diplome.webp?resize=48,14 48w, https:\/\/www.inseec.com\/wp-content\/uploads\/sites\/32\/2025\/12\/cefdg-logo-diplome.webp?resize=40,11 40w\" sizes=\"auto, (max-width: 615px) 100vw, 615px\" \/><\/figure>\n\n\n\n<figure class=\"wp-block-image size-medium is-resized\"><img decoding=\"async\" src=\"https:\/\/www.inseec.com\/wp-content\/themes\/omnes-design-system\/dist\/images\/amba.jpg\" alt=\"\" style=\"width:110px\" \/><\/figure>\n<\/div>\n<\/div>\n<\/div>\n\n\n<span class=\"wp-block-beapi-anchor\" aria-hidden=\"true\" id=\"anchor-campus\"><\/span>\n\n\n\n<div class=\"wp-block-group alignfull wp-pattern wp-pattern-campus-locations has-global-padding is-layout-constrained wp-block-group-is-layout-constrained has-block-anchor\" style=\"margin-top:0;margin-bottom:0\">\n<div class=\"wp-block-group alignwide wp-pattern__inner is-layout-flow wp-container-core-group-is-layout-d195d09a wp-block-group-is-layout-flow has-block-anchor\" style=\"padding-top:var(--wp--preset--spacing--padding-y-section);padding-bottom:var(--wp--preset--spacing--padding-y-section)\">\n<div class=\"block block--campus-locations swiper-overflow-visible campus-locations alignfull\">\n\t\t<div\n\t\tclass=\"block__live-region\"\n\t\taria-live=\"polite\"\n\t\taria-atomic=\"true\"\n\t>\u00c9cole de commerce \u00e0 Paris (1\/3)<\/div>\n\n\t<div class=\"block__left\">\n\t\t<div class=\"block__header\">\n\t\t\t<div class=\"block__heading\">\n\t\t\t\t<p class=\"is-style-heading-default-eyebrow has-on-surface-color\">Nos Campus<\/p><h2 class=\"has-on-surface-color is-style-heading-emphasis-h2\">Partout en France<\/h2>\t\t\t<\/div>\n\n\t\t\t<div\n\t\t\t\tclass=\"block__nav\"\n\t\t\t\trole=\"tablist\"\n\t\t\t\taria-label=\"Campus locations navigation\"\n\t\t\t>\n\t\t\t\t\t\t\t\t\t<button\n\t\t\t\t\t\tclass=\"block__btn block__pause-timer has-on-surface-color is-active\"\n\t\t\t\t\t\ttype=\"button\"\n\t\t\t\t\t\trole=\"tab\"\n\t\t\t\t\t\tid=\"tab-campus-134-2\"\n\t\t\t\t\t\taria-label=\"Paris\"\n\t\t\t\t\t\taria-controls=\"campus-134-2\"\n\t\t\t\t\t\taria-selected=\"true\"\n\t\t\t\t\t\ttabindex=\"0\"\n\t\t\t\t\t>\n\t\t\t\t\t<svg class=\"icon icon-paris\" aria-hidden=\"true\" focusable=\"false\"><use href=\"https:\/\/www.inseec.com\/wp-content\/themes\/omnes-design-system\/dist\/icons\/sprite.svg#icon-paris\"><\/use><\/svg><span class=\"is-style-plain-emphasis-xs\">Paris<\/span>\t\t\t\t\t<\/button>\n\t\t\t\t\t\t\t\t\t\t<button\n\t\t\t\t\t\tclass=\"block__btn block__pause-timer has-on-surface-color\"\n\t\t\t\t\t\ttype=\"button\"\n\t\t\t\t\t\trole=\"tab\"\n\t\t\t\t\t\tid=\"tab-campus-835-3\"\n\t\t\t\t\t\taria-label=\"Bordeaux\"\n\t\t\t\t\t\taria-controls=\"campus-835-3\"\n\t\t\t\t\t\taria-selected=\"false\"\n\t\t\t\t\t\ttabindex=\"-1\"\n\t\t\t\t\t>\n\t\t\t\t\t<svg class=\"icon icon-bordeaux\" aria-hidden=\"true\" focusable=\"false\"><use href=\"https:\/\/www.inseec.com\/wp-content\/themes\/omnes-design-system\/dist\/icons\/sprite.svg#icon-bordeaux\"><\/use><\/svg><span class=\"is-style-plain-emphasis-xs\">Bordeaux<\/span>\t\t\t\t\t<\/button>\n\t\t\t\t\t\t\t\t\t\t<button\n\t\t\t\t\t\tclass=\"block__btn block__pause-timer has-on-surface-color\"\n\t\t\t\t\t\ttype=\"button\"\n\t\t\t\t\t\trole=\"tab\"\n\t\t\t\t\t\tid=\"tab-campus-832-4\"\n\t\t\t\t\t\taria-label=\"Lyon\"\n\t\t\t\t\t\taria-controls=\"campus-832-4\"\n\t\t\t\t\t\taria-selected=\"false\"\n\t\t\t\t\t\ttabindex=\"-1\"\n\t\t\t\t\t>\n\t\t\t\t\t<svg class=\"icon icon-lyon\" aria-hidden=\"true\" focusable=\"false\"><use href=\"https:\/\/www.inseec.com\/wp-content\/themes\/omnes-design-system\/dist\/icons\/sprite.svg#icon-lyon\"><\/use><\/svg><span class=\"is-style-plain-emphasis-xs\">Lyon<\/span>\t\t\t\t\t<\/button>\n\t\t\t\t\t\t\t\t<\/div>\n\t\t<\/div>\n\n\t\t<div class=\"block__map has-surface-color block__pause-timer\">\n\t\t\t<svg class=\"icon icon-france block__map-svg\" aria-hidden=\"true\" focusable=\"false\"><use href=\"https:\/\/www.inseec.com\/wp-content\/themes\/omnes-design-system\/dist\/icons\/sprite.svg#icon-france\"><\/use><\/svg>\n\t\t\t<div\n\t\t\t\tclass=\"block__pins\"\n\t\t\t\trole=\"tablist\"\n\t\t\t\taria-label=\"Campus locations navigation\"\n\t\t\t>\n\t\t\t\t\t\t\t\t\t<button\n\t\t\t\t\t\ttabindex=\"-1\"\n\t\t\t\t\t\ttype=\"button\"\n\t\t\t\t\t\trole=\"tab\"\n\t\t\t\t\t\tclass=\"block__pin is-active\"\n\t\t\t\t\t\tstyle=\"top: 25.85%; left: 50.52%;\"\n\t\t\t\t\t\taria-label=\"Paris\"\n\t\t\t\t\t\taria-controls=\"campus-134-2\"\n\t\t\t\t\t\taria-selected=\"true\"\n\t\t\t\t\t>\n\t\t\t\t\t\t<svg class=\"icon icon-map-marker\" aria-hidden=\"true\" focusable=\"false\"><use href=\"https:\/\/www.inseec.com\/wp-content\/themes\/omnes-design-system\/dist\/icons\/sprite.svg#icon-map-marker\"><\/use><\/svg>\t\t\t\t\t<\/button>\n\t\t\t\t\t\t\t\t\t\t<button\n\t\t\t\t\t\ttabindex=\"-1\"\n\t\t\t\t\t\ttype=\"button\"\n\t\t\t\t\t\trole=\"tab\"\n\t\t\t\t\t\tclass=\"block__pin\"\n\t\t\t\t\t\tstyle=\"top: 71.29%; left: 31.14%;\"\n\t\t\t\t\t\taria-label=\"Bordeaux\"\n\t\t\t\t\t\taria-controls=\"campus-835-3\"\n\t\t\t\t\t\taria-selected=\"false\"\n\t\t\t\t\t>\n\t\t\t\t\t\t<svg class=\"icon icon-map-marker\" aria-hidden=\"true\" focusable=\"false\"><use href=\"https:\/\/www.inseec.com\/wp-content\/themes\/omnes-design-system\/dist\/icons\/sprite.svg#icon-map-marker\"><\/use><\/svg>\t\t\t\t\t<\/button>\n\t\t\t\t\t\t\t\t\t\t<button\n\t\t\t\t\t\ttabindex=\"-1\"\n\t\t\t\t\t\ttype=\"button\"\n\t\t\t\t\t\trole=\"tab\"\n\t\t\t\t\t\tclass=\"block__pin\"\n\t\t\t\t\t\tstyle=\"top: 61.12%; left: 67.89%;\"\n\t\t\t\t\t\taria-label=\"Lyon\"\n\t\t\t\t\t\taria-controls=\"campus-832-4\"\n\t\t\t\t\t\taria-selected=\"false\"\n\t\t\t\t\t>\n\t\t\t\t\t\t<svg class=\"icon icon-map-marker\" aria-hidden=\"true\" focusable=\"false\"><use href=\"https:\/\/www.inseec.com\/wp-content\/themes\/omnes-design-system\/dist\/icons\/sprite.svg#icon-map-marker\"><\/use><\/svg>\t\t\t\t\t<\/button>\n\t\t\t\t\t\t\t\t<\/div>\n\t\t<\/div>\n\t<\/div>\n\n\t<div class=\"block__right\">\n\t\t<div\n\t\t\tclass=\"block__cards block__pause-timer\"\n\t\t\tid=\"block-campus-locations-5\"\n\t\t>\n\t\t\t\t\t\t\t<div\n\t\t\t\t\tclass=\"block__card is-active\"\n\t\t\t\t\tid=\"campus-134-2\"\n\t\t\t\t\trole=\"tabpanel\"\n\t\t\t\t\ttabindex=\"0\"\n\t\t\t\t\taria-labelledby=\"tab-campus-134-2\"\n\t\t\t\t>\n\t\t\t\t\t\n<article class=\"crd crd--campus-slider\">\n\t<div class=\"crd__image\"><img decoding=\"async\" width=\"428\" height=\"321\" src=\"https:\/\/www.inseec.com\/wp-content\/uploads\/sites\/32\/2025\/11\/campus-paris.jpg?w=428&#038;h=321&#038;crop=1\" class=\"\" alt=\"\" data-location=\"\" loading=\"lazy\" srcset=\"https:\/\/www.inseec.com\/wp-content\/uploads\/sites\/32\/2025\/11\/campus-paris.jpg?resize=220,165 220w, https:\/\/www.inseec.com\/wp-content\/uploads\/sites\/32\/2025\/11\/campus-paris.jpg?resize=440,330 440w, https:\/\/www.inseec.com\/wp-content\/uploads\/sites\/32\/2025\/11\/campus-paris.jpg?resize=240,180 240w, https:\/\/www.inseec.com\/wp-content\/uploads\/sites\/32\/2025\/11\/campus-paris.jpg?resize=480,360 480w, https:\/\/www.inseec.com\/wp-content\/uploads\/sites\/32\/2025\/11\/campus-paris.jpg?resize=282,212 282w, https:\/\/www.inseec.com\/wp-content\/uploads\/sites\/32\/2025\/11\/campus-paris.jpg?resize=564,424 564w, https:\/\/www.inseec.com\/wp-content\/uploads\/sites\/32\/2025\/11\/campus-paris.jpg?resize=330,248 330w, https:\/\/www.inseec.com\/wp-content\/uploads\/sites\/32\/2025\/11\/campus-paris.jpg?resize=660,496 660w, https:\/\/www.inseec.com\/wp-content\/uploads\/sites\/32\/2025\/11\/campus-paris.jpg?resize=428,321 428w, https:\/\/www.inseec.com\/wp-content\/uploads\/sites\/32\/2025\/11\/campus-paris.jpg?resize=856,642 856w, https:\/\/www.inseec.com\/wp-content\/uploads\/sites\/32\/2025\/11\/campus-paris.jpg?resize=600,450 600w, https:\/\/www.inseec.com\/wp-content\/uploads\/sites\/32\/2025\/11\/campus-paris.jpg?resize=1200,900 1200w, https:\/\/www.inseec.com\/wp-content\/uploads\/sites\/32\/2025\/11\/campus-paris.jpg?resize=686,515 686w, https:\/\/www.inseec.com\/wp-content\/uploads\/sites\/32\/2025\/11\/campus-paris.jpg?resize=1372,1030 1372w\" sizes=\"auto, (max-width: 428px) 100vw, 428px\" \/><\/div>\n\t<div class=\"crd__header\">\n\t<h3 class=\"crd__title is-style-heading-emphasis-h4 has-on-surface-color\">\u00c9cole de commerce \u00e0 Paris<\/h3><p class=\"crd__excerpt is-style-plain-default-md has-on-surface-subtle-color\">D\u00e9couvrez trois campus modernes et faciles d\u2019acc\u00e8s dans des lieux embl\u00e9matiques de Paris.<\/p>\t<\/div>\n\n\t<div class=\"crd__buttons\">\n\t\t<div class=\"wp-block-button is-style-outline-md\"><a href=\"https:\/\/www.inseec.com\/campus\/ecole-de-commerce-paris\/\" class=\"wp-block-button__link\">Discover<\/a><\/div>\t<\/div>\n<\/article>\n\t\t\t\t<\/div>\n\t\t\t\t\t\t\t\t<div\n\t\t\t\t\tclass=\"block__card\"\n\t\t\t\t\tid=\"campus-835-3\"\n\t\t\t\t\trole=\"tabpanel\"\n\t\t\t\t\ttabindex=\"0\"\n\t\t\t\t\taria-labelledby=\"tab-campus-835-3\"\n\t\t\t\t>\n\t\t\t\t\t\n<article class=\"crd crd--campus-slider\">\n\t<div class=\"crd__image\"><img decoding=\"async\" width=\"428\" height=\"321\" src=\"https:\/\/www.inseec.com\/wp-content\/uploads\/sites\/32\/2025\/11\/campus-hero-bordeaux-inseec.jpg?w=428&#038;h=321&#038;crop=1\" class=\"\" alt=\"Photo du campus de Bordeaux de l\u2019\u00e9cole de commerce INSEEC dans l\u2019ancien H\u00f4tel des Ventes des Chartrons\" data-location=\"\" loading=\"lazy\" srcset=\"https:\/\/www.inseec.com\/wp-content\/uploads\/sites\/32\/2025\/11\/campus-hero-bordeaux-inseec.jpg?resize=220,165 220w, https:\/\/www.inseec.com\/wp-content\/uploads\/sites\/32\/2025\/11\/campus-hero-bordeaux-inseec.jpg?resize=440,330 440w, https:\/\/www.inseec.com\/wp-content\/uploads\/sites\/32\/2025\/11\/campus-hero-bordeaux-inseec.jpg?resize=240,180 240w, https:\/\/www.inseec.com\/wp-content\/uploads\/sites\/32\/2025\/11\/campus-hero-bordeaux-inseec.jpg?resize=480,360 480w, https:\/\/www.inseec.com\/wp-content\/uploads\/sites\/32\/2025\/11\/campus-hero-bordeaux-inseec.jpg?resize=282,212 282w, https:\/\/www.inseec.com\/wp-content\/uploads\/sites\/32\/2025\/11\/campus-hero-bordeaux-inseec.jpg?resize=564,424 564w, https:\/\/www.inseec.com\/wp-content\/uploads\/sites\/32\/2025\/11\/campus-hero-bordeaux-inseec.jpg?resize=330,248 330w, https:\/\/www.inseec.com\/wp-content\/uploads\/sites\/32\/2025\/11\/campus-hero-bordeaux-inseec.jpg?resize=660,496 660w, https:\/\/www.inseec.com\/wp-content\/uploads\/sites\/32\/2025\/11\/campus-hero-bordeaux-inseec.jpg?resize=428,321 428w, https:\/\/www.inseec.com\/wp-content\/uploads\/sites\/32\/2025\/11\/campus-hero-bordeaux-inseec.jpg?resize=856,642 856w, https:\/\/www.inseec.com\/wp-content\/uploads\/sites\/32\/2025\/11\/campus-hero-bordeaux-inseec.jpg?resize=600,450 600w, https:\/\/www.inseec.com\/wp-content\/uploads\/sites\/32\/2025\/11\/campus-hero-bordeaux-inseec.jpg?resize=1200,900 1200w, https:\/\/www.inseec.com\/wp-content\/uploads\/sites\/32\/2025\/11\/campus-hero-bordeaux-inseec.jpg?resize=686,515 686w, https:\/\/www.inseec.com\/wp-content\/uploads\/sites\/32\/2025\/11\/campus-hero-bordeaux-inseec.jpg?resize=1372,1030 1372w\" sizes=\"auto, (max-width: 428px) 100vw, 428px\" \/><\/div>\n\t<div class=\"crd__header\">\n\t<h3 class=\"crd__title is-style-heading-emphasis-h4 has-on-surface-color\">\u00c9cole de commerce \u00e0 Bordeaux<\/h3><p class=\"crd__excerpt is-style-plain-default-md has-on-surface-subtle-color\">Rejoignez un campus moderne et chaleureux en bord de Garonne, au c\u0153ur d\u2019une ville vivante et conviviale.<\/p>\t<\/div>\n\n\t<div class=\"crd__buttons\">\n\t\t<div class=\"wp-block-button is-style-outline-md\"><a href=\"https:\/\/www.inseec.com\/campus\/ecole-de-commerce-bordeaux\/\" class=\"wp-block-button__link\">Discover<\/a><\/div>\t<\/div>\n<\/article>\n\t\t\t\t<\/div>\n\t\t\t\t\t\t\t\t<div\n\t\t\t\t\tclass=\"block__card\"\n\t\t\t\t\tid=\"campus-832-4\"\n\t\t\t\t\trole=\"tabpanel\"\n\t\t\t\t\ttabindex=\"0\"\n\t\t\t\t\taria-labelledby=\"tab-campus-832-4\"\n\t\t\t\t>\n\t\t\t\t\t\n<article class=\"crd crd--campus-slider\">\n\t<div class=\"crd__image\"><img decoding=\"async\" width=\"428\" height=\"321\" src=\"https:\/\/www.inseec.com\/wp-content\/uploads\/sites\/32\/2025\/11\/campus-hero-lyon-inseec.webp?w=428&#038;h=321&#038;crop=1\" class=\"\" alt=\"Photo du campus de Lyon de l\u2019\u00e9cole de commerce INSEEC dans une ancienne usine Citro\u00ebn r\u00e9nov\u00e9e\" data-location=\"\" loading=\"lazy\" srcset=\"https:\/\/www.inseec.com\/wp-content\/uploads\/sites\/32\/2025\/11\/campus-hero-lyon-inseec.webp?resize=220,165 220w, https:\/\/www.inseec.com\/wp-content\/uploads\/sites\/32\/2025\/11\/campus-hero-lyon-inseec.webp?resize=440,330 440w, https:\/\/www.inseec.com\/wp-content\/uploads\/sites\/32\/2025\/11\/campus-hero-lyon-inseec.webp?resize=240,180 240w, https:\/\/www.inseec.com\/wp-content\/uploads\/sites\/32\/2025\/11\/campus-hero-lyon-inseec.webp?resize=480,360 480w, https:\/\/www.inseec.com\/wp-content\/uploads\/sites\/32\/2025\/11\/campus-hero-lyon-inseec.webp?resize=282,212 282w, https:\/\/www.inseec.com\/wp-content\/uploads\/sites\/32\/2025\/11\/campus-hero-lyon-inseec.webp?resize=564,424 564w, https:\/\/www.inseec.com\/wp-content\/uploads\/sites\/32\/2025\/11\/campus-hero-lyon-inseec.webp?resize=330,248 330w, https:\/\/www.inseec.com\/wp-content\/uploads\/sites\/32\/2025\/11\/campus-hero-lyon-inseec.webp?resize=660,496 660w, https:\/\/www.inseec.com\/wp-content\/uploads\/sites\/32\/2025\/11\/campus-hero-lyon-inseec.webp?resize=428,321 428w, https:\/\/www.inseec.com\/wp-content\/uploads\/sites\/32\/2025\/11\/campus-hero-lyon-inseec.webp?resize=856,642 856w, https:\/\/www.inseec.com\/wp-content\/uploads\/sites\/32\/2025\/11\/campus-hero-lyon-inseec.webp?resize=600,450 600w, https:\/\/www.inseec.com\/wp-content\/uploads\/sites\/32\/2025\/11\/campus-hero-lyon-inseec.webp?resize=686,515 686w\" sizes=\"auto, (max-width: 428px) 100vw, 428px\" \/><\/div>\n\t<div class=\"crd__header\">\n\t<h3 class=\"crd__title is-style-heading-emphasis-h4 has-on-surface-color\">\u00c9cole de commerce \u00e0 Lyon<\/h3><p class=\"crd__excerpt is-style-plain-default-md has-on-surface-subtle-color\">Profitez d\u2019un campus historique au c\u0153ur de Lyon, ville culturelle et \u00e9tudiante parmi les plus dynamiques de France.<\/p>\t<\/div>\n\n\t<div class=\"crd__buttons\">\n\t\t<div class=\"wp-block-button is-style-outline-md\"><a href=\"https:\/\/www.inseec.com\/campus\/ecole-de-commerce-lyon\/\" class=\"wp-block-button__link\">Discover<\/a><\/div>\t<\/div>\n<\/article>\n\t\t\t\t<\/div>\n\t\t\t\t\t\t<\/div>\n\n\t\t\t\t<div class=\"block__controls swiper__controls\">\n\t\t\t<div class=\"swiper__buttons\">\n\t\t\t\t<button\n\t\t\t\t\tclass=\"block__prev\"\n\t\t\t\t\ttype=\"button\"\n\t\t\t\t\taria-label=\"Previous slide\"\n\t\t\t\t\taria-controls=\"block-campus-locations-5\">\n\t\t\t\t\t<svg class=\"icon icon-arrow-left\" aria-hidden=\"true\" focusable=\"false\"><use href=\"https:\/\/www.inseec.com\/wp-content\/themes\/omnes-design-system\/dist\/icons\/sprite.svg#icon-arrow-left\"><\/use><\/svg>\t\t\t\t<\/button>\n\t\t\t\t<button\n\t\t\t\t\tclass=\"block__next\"\n\t\t\t\t\ttype=\"button\"\n\t\t\t\t\taria-label=\"Next slide\"\n\t\t\t\t\taria-controls=\"block-campus-locations-5\">\n\t\t\t\t\t<svg class=\"icon icon-arrow-right\" aria-hidden=\"true\" focusable=\"false\"><use href=\"https:\/\/www.inseec.com\/wp-content\/themes\/omnes-design-system\/dist\/icons\/sprite.svg#icon-arrow-right\"><\/use><\/svg>\t\t\t\t<\/button>\n\t\t\t<\/div>\n\n\t\t\t<div class=\"block__pager\">\n\t\t\t\t<p class=\"has-on-surface-color is-style-plain-default-md\">\n\t\t\t\t\t<span class=\"block__counter\">1<\/span>\/<span>3<\/span>\n\t\t\t\t<\/p>\n\n\t\t\t\t<div\n\t\t\t\t\tclass=\"block__timer\"\n\t\t\t\t\trole=\"progressbar\"\n\t\t\t\t\taria-valuenow=\"0\"\n\t\t\t\t\taria-valuemin=\"0\"\n\t\t\t\t\taria-valuemax=\"100\"\n\t\t\t\t\taria-label=\"Campus locations progress\"\n\t\t\t\t>\n\t\t\t\t\t<svg class=\"block__timer-bg\" viewBox=\"0 0 24 24\" stroke=\"currentColor\" fill=\"none\" xmlns=\"http:\/\/www.w3.org\/2000\/svg\" aria-hidden=\"true\">\n\t\t\t\t\t\t<path d=\"M22 12C22 13.3132 21.7413 14.6136 21.2388 15.8268C20.7362 17.0401 19.9997 18.1425 19.0711 19.0711C18.1425 19.9997 17.0401 20.7362 15.8268 21.2388C14.6136 21.7413 13.3132 22 12 22C10.6868 22 9.38642 21.7413 8.17317 21.2388C6.95991 20.7362 5.85752 19.9997 4.92893 19.0711C4.00035 18.1425 3.26375 17.0401 2.7612 15.8268C2.25866 14.6136 2 13.3132 2 12C2 10.6868 2.25866 9.38642 2.76121 8.17316C3.26375 6.95991 4.00035 5.85752 4.92893 4.92893C5.85752 4.00035 6.95991 3.26375 8.17317 2.7612C9.38642 2.25866 10.6868 2 12 2C13.3132 2 14.6136 2.25866 15.8268 2.76121C17.0401 3.26375 18.1425 4.00035 19.0711 4.92893C19.9997 5.85752 20.7362 6.95991 21.2388 8.17317C21.7413 9.38642 22 10.6868 22 12L22 12Z\" stroke-width=\"4\" stroke-linecap=\"round\"\/>\n\t\t\t\t\t<\/svg>\n\n\t\t\t\t\t<svg class=\"block__timer-progress\" viewBox=\"0 0 24 24\" stroke=\"currentColor\" fill=\"none\" xmlns=\"http:\/\/www.w3.org\/2000\/svg\" aria-hidden=\"true\">\n\t\t\t\t\t\t<path d=\"M12 2C13.3132 2 14.6136 2.25866 15.8268 2.7612C17.0401 3.26375 18.1425 4.00035 19.0711 4.92893C19.9997 5.85752 20.7362 6.95991 21.2388 8.17317C21.7413 9.38642 22 10.6868 22 12C22 13.3132 21.7413 14.6136 21.2388 15.8268C20.7362 17.0401 19.9997 18.1425 19.0711 19.0711C18.1425 19.9997 17.0401 20.7362 15.8268 21.2388C14.6136 21.7413 13.3132 22 12 22C10.6868 22 9.38642 21.7413 8.17316 21.2388C6.95991 20.7362 5.85751 19.9997 4.92893 19.0711C4.00034 18.1425 3.26375 17.0401 2.7612 15.8268C2.25866 14.6136 2 13.3132 2 12C2 10.6868 2.25866 9.38642 2.76121 8.17316C3.26375 6.9599 4.00035 5.85751 4.92894 4.92893C5.85752 4.00034 6.95992 3.26375 8.17317 2.7612C9.38643 2.25866 10.6868 2 12 2L12 2Z\" stroke-width=\"4\" stroke-linecap=\"round\"\/>\n\t\t\t\t\t<\/svg>\n\t\t\t\t<\/div>\n\t\t\t<\/div>\n\t\t<\/div>\n\t\t\t\t<\/div>\n\t\t<\/div>\n<\/div>\n<\/div>\n\n\n<span class=\"wp-block-beapi-anchor\" aria-hidden=\"true\" id=\"anchor-temoignage\"><\/span>\n\n\n\n<div class=\"wp-block-group alignwide wp-pattern wp-pattern-testimonials-text-three-columns is-layout-flow wp-container-core-group-is-layout-61d1661b wp-block-group-is-layout-flow has-block-anchor\" style=\"margin-top:0;margin-bottom:0;padding-top:var(--wp--preset--spacing--padding-y-section);padding-bottom:var(--wp--preset--spacing--padding-y-section)\">\n<div class=\"wp-block-group wp-pattern__header is-vertical is-content-justification-left is-layout-flex wp-container-core-group-is-layout-ec2f9384 wp-block-group-is-layout-flex has-block-anchor\">\n<div class=\"wp-block-group is-vertical is-layout-flex wp-container-core-group-is-layout-bd7877ba wp-block-group-is-layout-flex has-block-anchor\">\n<p class=\"is-style-heading-default-eyebrow has-on-surface-color has-text-color has-link-color wp-elements-6dd0592dec8ac27f7510d932829c4c8b\">T\u00e9moignages<\/p>\n\n\n\n<h2 class=\"wp-block-heading is-style-heading-emphasis-h2 has-on-surface-color has-text-color has-link-color wp-elements-04a2d3b3bfa86d98001f2ce391a3b390\" id=\"nos-etudiants-en-sont-satisfaits\">Nos \u00e9tudiants en sont satisfaits<\/h2>\n<\/div>\n<\/div>\n\n\n<div class=\"block block--content-picking wp-block-beapi-dynamic-block\" data-type=\"dynamic\" data-layout=\"grid-card-text\" data-post-type=\"contact\">\n\t\t\t<div class=\"block--content-picking__contact-grid-card-text block--content-picking__mobile-slider\"\n\t data-grid=\"3\" style=\"--grid-columns:3\">\n\t\n\t<div class=\"block--content-picking__content swiper swiper-overflow-visible swiper-has-disabled\">\n\t\t<ul class=\"swiper-wrapper\">\n\t\t\t<li class=\"swiper-slide\">\n<blockquote class=\"crd crd--contact-text\">\n\t<div class=\"crd__testimonial-wrapper\">\n\t\t<svg class=\"icon icon-quote\" aria-hidden=\"true\" focusable=\"false\"><use href=\"https:\/\/www.inseec.com\/wp-content\/themes\/omnes-design-system\/dist\/icons\/sprite.svg#icon-quote\"><\/use><\/svg><p class=\"crd__testimonial is-style-quote-default has-on-surface-color\">\u00c9tudiant en 2e ann\u00e9e de finance \u00e0 l\u2019INSEEC Grande \u00c9cole Bordeaux, je b\u00e9n\u00e9ficie de de cours concrets, d\u2019une forte dimension internationale et d\u2019une vie associative tr\u00e8s riche.<\/p>\t<\/div>\n\n\t<div class=\"crd__content\">\n\t\t<div class=\"crd__image\"><img decoding=\"async\" width=\"64\" height=\"64\" src=\"https:\/\/www.inseec.com\/wp-content\/uploads\/sites\/32\/2025\/12\/photo-contact-inseec-ge-jean-marc-z.jpeg?w=64&#038;h=64&#038;crop=1\" class=\"\" alt=\"\" data-location=\"\" loading=\"lazy\" srcset=\"https:\/\/www.inseec.com\/wp-content\/uploads\/sites\/32\/2025\/12\/photo-contact-inseec-ge-jean-marc-z.jpeg 800w, https:\/\/www.inseec.com\/wp-content\/uploads\/sites\/32\/2025\/12\/photo-contact-inseec-ge-jean-marc-z.jpeg?resize=150,150 150w, https:\/\/www.inseec.com\/wp-content\/uploads\/sites\/32\/2025\/12\/photo-contact-inseec-ge-jean-marc-z.jpeg?resize=300,300 300w, https:\/\/www.inseec.com\/wp-content\/uploads\/sites\/32\/2025\/12\/photo-contact-inseec-ge-jean-marc-z.jpeg?resize=768,768 768w, https:\/\/www.inseec.com\/wp-content\/uploads\/sites\/32\/2025\/12\/photo-contact-inseec-ge-jean-marc-z.jpeg?resize=64,64 64w, https:\/\/www.inseec.com\/wp-content\/uploads\/sites\/32\/2025\/12\/photo-contact-inseec-ge-jean-marc-z.jpeg?resize=128,128 128w, https:\/\/www.inseec.com\/wp-content\/uploads\/sites\/32\/2025\/12\/photo-contact-inseec-ge-jean-marc-z.jpeg?resize=84,84 84w, https:\/\/www.inseec.com\/wp-content\/uploads\/sites\/32\/2025\/12\/photo-contact-inseec-ge-jean-marc-z.jpeg?resize=168,168 168w, https:\/\/www.inseec.com\/wp-content\/uploads\/sites\/32\/2025\/12\/photo-contact-inseec-ge-jean-marc-z.jpeg?resize=172,172 172w, https:\/\/www.inseec.com\/wp-content\/uploads\/sites\/32\/2025\/12\/photo-contact-inseec-ge-jean-marc-z.jpeg?resize=344,344 344w, https:\/\/www.inseec.com\/wp-content\/uploads\/sites\/32\/2025\/12\/photo-contact-inseec-ge-jean-marc-z.jpeg?resize=242,242 242w, https:\/\/www.inseec.com\/wp-content\/uploads\/sites\/32\/2025\/12\/photo-contact-inseec-ge-jean-marc-z.jpeg?resize=484,484 484w, https:\/\/www.inseec.com\/wp-content\/uploads\/sites\/32\/2025\/12\/photo-contact-inseec-ge-jean-marc-z.jpeg?resize=600,600 600w, https:\/\/www.inseec.com\/wp-content\/uploads\/sites\/32\/2025\/12\/photo-contact-inseec-ge-jean-marc-z.jpeg?resize=330,330 330w, https:\/\/www.inseec.com\/wp-content\/uploads\/sites\/32\/2025\/12\/photo-contact-inseec-ge-jean-marc-z.jpeg?resize=660,660 660w, https:\/\/www.inseec.com\/wp-content\/uploads\/sites\/32\/2025\/12\/photo-contact-inseec-ge-jean-marc-z.jpeg?resize=410,410 410w, https:\/\/www.inseec.com\/wp-content\/uploads\/sites\/32\/2025\/12\/photo-contact-inseec-ge-jean-marc-z.jpeg?resize=40,40 40w, https:\/\/www.inseec.com\/wp-content\/uploads\/sites\/32\/2025\/12\/photo-contact-inseec-ge-jean-marc-z.jpeg?resize=80,80 80w, https:\/\/www.inseec.com\/wp-content\/uploads\/sites\/32\/2025\/12\/photo-contact-inseec-ge-jean-marc-z.jpeg?resize=160,160 160w, https:\/\/www.inseec.com\/wp-content\/uploads\/sites\/32\/2025\/12\/photo-contact-inseec-ge-jean-marc-z.jpeg?resize=50,50 50w, https:\/\/www.inseec.com\/wp-content\/uploads\/sites\/32\/2025\/12\/photo-contact-inseec-ge-jean-marc-z.jpeg?resize=100,100 100w, https:\/\/www.inseec.com\/wp-content\/uploads\/sites\/32\/2025\/12\/photo-contact-inseec-ge-jean-marc-z.jpeg?resize=24,24 24w, https:\/\/www.inseec.com\/wp-content\/uploads\/sites\/32\/2025\/12\/photo-contact-inseec-ge-jean-marc-z.jpeg?resize=48,48 48w\" sizes=\"auto, (max-width: 64px) 100vw, 64px\" \/><\/div>\n\t\t<cite class=\"crd__name\">\n\t\t\t<span class=\"crd__fullname is-style-plain-emphasis-md\">Jean-Marc Zachille<\/span>\t\t<\/cite>\n\t<\/div>\n<\/blockquote>\n\n<\/li><li class=\"swiper-slide\">\n<blockquote class=\"crd crd--contact-text\">\n\t<div class=\"crd__testimonial-wrapper\">\n\t\t<svg class=\"icon icon-quote\" aria-hidden=\"true\" focusable=\"false\"><use href=\"https:\/\/www.inseec.com\/wp-content\/themes\/omnes-design-system\/dist\/icons\/sprite.svg#icon-quote\"><\/use><\/svg><p class=\"crd__testimonial is-style-quote-default has-on-surface-color\">Originaire de La R\u00e9union et issue d\u2019une pr\u00e9pa ECT, j\u2019ai choisi l\u2019INSEEC Grande \u00c9cole pour son excellence en alternance et son s\u00e9jour \u00e0 Londres. La bourse au m\u00e9rite m\u2019a offert la gratuit\u00e9 de ma premi\u00e8re ann\u00e9e \u00e0 Paris, sur un campus moderne en plein c\u0153ur de la ville.<\/p>\t<\/div>\n\n\t<div class=\"crd__content\">\n\t\t<div class=\"crd__image\"><img decoding=\"async\" width=\"64\" height=\"64\" src=\"https:\/\/www.inseec.com\/wp-content\/uploads\/sites\/32\/2025\/12\/photo-contact-inseec-ge-rachel-a.jpg?w=64&#038;h=64&#038;crop=1\" class=\"\" alt=\"\" data-location=\"\" loading=\"lazy\" srcset=\"https:\/\/www.inseec.com\/wp-content\/uploads\/sites\/32\/2025\/12\/photo-contact-inseec-ge-rachel-a.jpg?resize=150,150 150w, https:\/\/www.inseec.com\/wp-content\/uploads\/sites\/32\/2025\/12\/photo-contact-inseec-ge-rachel-a.jpg?resize=64,64 64w, https:\/\/www.inseec.com\/wp-content\/uploads\/sites\/32\/2025\/12\/photo-contact-inseec-ge-rachel-a.jpg?resize=128,128 128w, https:\/\/www.inseec.com\/wp-content\/uploads\/sites\/32\/2025\/12\/photo-contact-inseec-ge-rachel-a.jpg?resize=84,84 84w, https:\/\/www.inseec.com\/wp-content\/uploads\/sites\/32\/2025\/12\/photo-contact-inseec-ge-rachel-a.jpg?resize=168,168 168w, https:\/\/www.inseec.com\/wp-content\/uploads\/sites\/32\/2025\/12\/photo-contact-inseec-ge-rachel-a.jpg?resize=172,172 172w, https:\/\/www.inseec.com\/wp-content\/uploads\/sites\/32\/2025\/12\/photo-contact-inseec-ge-rachel-a.jpg?resize=344,344 344w, https:\/\/www.inseec.com\/wp-content\/uploads\/sites\/32\/2025\/12\/photo-contact-inseec-ge-rachel-a.jpg?resize=242,242 242w, https:\/\/www.inseec.com\/wp-content\/uploads\/sites\/32\/2025\/12\/photo-contact-inseec-ge-rachel-a.jpg?resize=484,484 484w, https:\/\/www.inseec.com\/wp-content\/uploads\/sites\/32\/2025\/12\/photo-contact-inseec-ge-rachel-a.jpg?resize=300,300 300w, https:\/\/www.inseec.com\/wp-content\/uploads\/sites\/32\/2025\/12\/photo-contact-inseec-ge-rachel-a.jpg?resize=600,600 600w, https:\/\/www.inseec.com\/wp-content\/uploads\/sites\/32\/2025\/12\/photo-contact-inseec-ge-rachel-a.jpg?resize=330,330 330w, https:\/\/www.inseec.com\/wp-content\/uploads\/sites\/32\/2025\/12\/photo-contact-inseec-ge-rachel-a.jpg?resize=660,660 660w, https:\/\/www.inseec.com\/wp-content\/uploads\/sites\/32\/2025\/12\/photo-contact-inseec-ge-rachel-a.jpg?resize=410,410 410w\" sizes=\"auto, (max-width: 64px) 100vw, 64px\" \/><\/div>\n\t\t<cite class=\"crd__name\">\n\t\t\t<span class=\"crd__fullname is-style-plain-emphasis-md\">Rachel Adolphe<\/span>\t\t<\/cite>\n\t<\/div>\n<\/blockquote>\n\n<\/li><li class=\"swiper-slide\">\n<blockquote class=\"crd crd--contact-text\">\n\t<div class=\"crd__testimonial-wrapper\">\n\t\t<svg class=\"icon icon-quote\" aria-hidden=\"true\" focusable=\"false\"><use href=\"https:\/\/www.inseec.com\/wp-content\/themes\/omnes-design-system\/dist\/icons\/sprite.svg#icon-quote\"><\/use><\/svg><p class=\"crd__testimonial is-style-quote-default has-on-surface-color\">En Master 2 \u00e0 l\u2019INSEEC Grande \u00c9cole, j\u2019ai eu la chance d\u2019\u00e9tudier \u00e0 Bordeaux, Londres et Casablanca, ainsi qu\u2019en Nouvelle-Cal\u00e9donie. Ces exp\u00e9riences internationales et le r\u00e9seau de l\u2019\u00e9cole m\u2019ont permis de d\u00e9crocher facilement mon alternance en tant que charg\u00e9e de recrutement.<\/p>\t<\/div>\n\n\t<div class=\"crd__content\">\n\t\t<div class=\"crd__image\"><img decoding=\"async\" width=\"64\" height=\"64\" src=\"https:\/\/www.inseec.com\/wp-content\/uploads\/sites\/32\/2025\/12\/photo-contact-inseec-ge-ninon-m.jpeg?w=64&#038;h=64&#038;crop=1\" class=\"\" alt=\"\" data-location=\"\" loading=\"lazy\" srcset=\"https:\/\/www.inseec.com\/wp-content\/uploads\/sites\/32\/2025\/12\/photo-contact-inseec-ge-ninon-m.jpeg 800w, https:\/\/www.inseec.com\/wp-content\/uploads\/sites\/32\/2025\/12\/photo-contact-inseec-ge-ninon-m.jpeg?resize=150,150 150w, https:\/\/www.inseec.com\/wp-content\/uploads\/sites\/32\/2025\/12\/photo-contact-inseec-ge-ninon-m.jpeg?resize=300,300 300w, https:\/\/www.inseec.com\/wp-content\/uploads\/sites\/32\/2025\/12\/photo-contact-inseec-ge-ninon-m.jpeg?resize=768,768 768w, https:\/\/www.inseec.com\/wp-content\/uploads\/sites\/32\/2025\/12\/photo-contact-inseec-ge-ninon-m.jpeg?resize=64,64 64w, https:\/\/www.inseec.com\/wp-content\/uploads\/sites\/32\/2025\/12\/photo-contact-inseec-ge-ninon-m.jpeg?resize=128,128 128w, https:\/\/www.inseec.com\/wp-content\/uploads\/sites\/32\/2025\/12\/photo-contact-inseec-ge-ninon-m.jpeg?resize=84,84 84w, https:\/\/www.inseec.com\/wp-content\/uploads\/sites\/32\/2025\/12\/photo-contact-inseec-ge-ninon-m.jpeg?resize=168,168 168w, https:\/\/www.inseec.com\/wp-content\/uploads\/sites\/32\/2025\/12\/photo-contact-inseec-ge-ninon-m.jpeg?resize=172,172 172w, https:\/\/www.inseec.com\/wp-content\/uploads\/sites\/32\/2025\/12\/photo-contact-inseec-ge-ninon-m.jpeg?resize=344,344 344w, https:\/\/www.inseec.com\/wp-content\/uploads\/sites\/32\/2025\/12\/photo-contact-inseec-ge-ninon-m.jpeg?resize=242,242 242w, https:\/\/www.inseec.com\/wp-content\/uploads\/sites\/32\/2025\/12\/photo-contact-inseec-ge-ninon-m.jpeg?resize=484,484 484w, https:\/\/www.inseec.com\/wp-content\/uploads\/sites\/32\/2025\/12\/photo-contact-inseec-ge-ninon-m.jpeg?resize=600,600 600w, https:\/\/www.inseec.com\/wp-content\/uploads\/sites\/32\/2025\/12\/photo-contact-inseec-ge-ninon-m.jpeg?resize=330,330 330w, https:\/\/www.inseec.com\/wp-content\/uploads\/sites\/32\/2025\/12\/photo-contact-inseec-ge-ninon-m.jpeg?resize=660,660 660w, https:\/\/www.inseec.com\/wp-content\/uploads\/sites\/32\/2025\/12\/photo-contact-inseec-ge-ninon-m.jpeg?resize=410,410 410w, https:\/\/www.inseec.com\/wp-content\/uploads\/sites\/32\/2025\/12\/photo-contact-inseec-ge-ninon-m.jpeg?resize=40,40 40w, https:\/\/www.inseec.com\/wp-content\/uploads\/sites\/32\/2025\/12\/photo-contact-inseec-ge-ninon-m.jpeg?resize=80,80 80w, https:\/\/www.inseec.com\/wp-content\/uploads\/sites\/32\/2025\/12\/photo-contact-inseec-ge-ninon-m.jpeg?resize=160,160 160w, https:\/\/www.inseec.com\/wp-content\/uploads\/sites\/32\/2025\/12\/photo-contact-inseec-ge-ninon-m.jpeg?resize=50,50 50w, https:\/\/www.inseec.com\/wp-content\/uploads\/sites\/32\/2025\/12\/photo-contact-inseec-ge-ninon-m.jpeg?resize=100,100 100w, https:\/\/www.inseec.com\/wp-content\/uploads\/sites\/32\/2025\/12\/photo-contact-inseec-ge-ninon-m.jpeg?resize=24,24 24w, https:\/\/www.inseec.com\/wp-content\/uploads\/sites\/32\/2025\/12\/photo-contact-inseec-ge-ninon-m.jpeg?resize=48,48 48w\" sizes=\"auto, (max-width: 64px) 100vw, 64px\" \/><\/div>\n\t\t<cite class=\"crd__name\">\n\t\t\t<span class=\"crd__fullname is-style-plain-emphasis-md\">Ninon Metais<\/span>\t\t<\/cite>\n\t<\/div>\n<\/blockquote>\n\n<\/li>\t\t<\/ul>\n\t\t\n<div class=\"swiper__controls\">\n\t<div class=\"swiper-pagination\"><\/div>\n\n\t<div class=\"swiper__buttons\">\n\t\t\t\t\t<button class=\"swiper-button-prev\" type=\"button\">\n\t\t\t\t<svg class=\"icon icon-arrow-left\" aria-hidden=\"true\" focusable=\"false\"><use href=\"https:\/\/www.inseec.com\/wp-content\/themes\/omnes-design-system\/dist\/icons\/sprite.svg#icon-arrow-left\"><\/use><\/svg>\t\t\t<\/button>\n\t\t\t<button class=\"swiper-button-next\" type=\"button\">\n\t\t\t\t<svg class=\"icon icon-arrow-right\" aria-hidden=\"true\" focusable=\"false\"><use href=\"https:\/\/www.inseec.com\/wp-content\/themes\/omnes-design-system\/dist\/icons\/sprite.svg#icon-arrow-right\"><\/use><\/svg>\t\t\t<\/button>\n\t\t\t<\/div>\n<\/div>\n\t<\/div>\n\n\t<\/div>\n<\/div>\n<script type=\"application\/ld+json\">\n{\"@context\":\"https:\\\/\\\/schema.org\",\"@graph\":[{\"name\":\"Zachille Jean-Marc\",\"@type\":\"Person\",\"jobTitle\":\"\",\"worksFor\":{\"@type\":\"Organization\",\"name\":\"\"},\"image\":\"https:\\\/\\\/www.inseec.com\\\/wp-content\\\/uploads\\\/sites\\\/32\\\/2025\\\/12\\\/photo-contact-inseec-ge-jean-marc-z.jpeg\",\"description\":\"\\u00c3\\u0089tudiant en 2e ann\\u00c3\\u00a9e de finance \\u00c3\\u00a0 l\\u00e2\\u0080\\u0099INSEEC Grande \\u00c3\\u0089cole Bordeaux, je b\\u00c3\\u00a9n\\u00c3\\u00a9ficie de de cours concrets, d\\u00e2\\u0080\\u0099une forte dimension internationale et d\\u00e2\\u0080\\u0099une vie associative tr\\u00c3\\u00a8s riche.\",\"alumniOf\":{\"@id\":\"https:\\\/\\\/www.inseec.com\\\/#organization\"},\"sameAs\":[]},{\"name\":\"Adolphe Rachel\",\"@type\":\"Person\",\"jobTitle\":\"\",\"worksFor\":{\"@type\":\"Organization\",\"name\":\"\"},\"image\":\"https:\\\/\\\/www.inseec.com\\\/wp-content\\\/uploads\\\/sites\\\/32\\\/2025\\\/12\\\/photo-contact-inseec-ge-rachel-a.jpg\",\"description\":\"Originaire de La R\\u00c3\\u00a9union et issue d\\u00e2\\u0080\\u0099une pr\\u00c3\\u00a9pa ECT, j\\u00e2\\u0080\\u0099ai choisi l\\u00e2\\u0080\\u0099INSEEC Grande \\u00c3\\u0089cole pour son excellence en alternance et son s\\u00c3\\u00a9jour \\u00c3\\u00a0 Londres. La bourse au m\\u00c3\\u00a9rite m\\u00e2\\u0080\\u0099a offert la gratuit\\u00c3\\u00a9 de ma premi\\u00c3\\u00a8re ann\\u00c3\\u00a9e \\u00c3\\u00a0 Paris, sur un campus moderne en plein c\\u00c5\\u0093ur de la ville.\",\"alumniOf\":{\"@id\":\"https:\\\/\\\/www.inseec.com\\\/#organization\"},\"sameAs\":[]},{\"name\":\"Metais Ninon\",\"@type\":\"Person\",\"jobTitle\":\"\",\"worksFor\":{\"@type\":\"Organization\",\"name\":\"\"},\"image\":\"https:\\\/\\\/www.inseec.com\\\/wp-content\\\/uploads\\\/sites\\\/32\\\/2025\\\/12\\\/photo-contact-inseec-ge-ninon-m.jpeg\",\"description\":\"En Master 2 \\u00c3\\u00a0 l\\u00e2\\u0080\\u0099INSEEC Grande \\u00c3\\u0089cole, j\\u00e2\\u0080\\u0099ai eu la chance d\\u00e2\\u0080\\u0099\\u00c3\\u00a9tudier \\u00c3\\u00a0 Bordeaux, Londres et Casablanca, ainsi qu\\u00e2\\u0080\\u0099en Nouvelle-Cal\\u00c3\\u00a9donie. Ces exp\\u00c3\\u00a9riences internationales et le r\\u00c3\\u00a9seau de l\\u00e2\\u0080\\u0099\\u00c3\\u00a9cole m\\u00e2\\u0080\\u0099ont permis de d\\u00c3\\u00a9crocher facilement mon alternance en tant que charg\\u00c3\\u00a9e de recrutement.\",\"alumniOf\":{\"@id\":\"https:\\\/\\\/www.inseec.com\\\/#organization\"},\"sameAs\":[]}]}\n<\/script>\n<\/div>\n\n\n\n<div class=\"wp-block-group alignfull wp-pattern wp-pattern-metrics-cards-grid-with-text has-global-padding is-layout-constrained wp-block-group-is-layout-constrained has-block-anchor\" style=\"margin-top:0;margin-bottom:0;padding-top:var(--wp--preset--spacing--padding-y-section);padding-bottom:var(--wp--preset--spacing--padding-y-section)\">\n<div class=\"wp-block-group alignwide wp-pattern__inner is-layout-flow wp-container-core-group-is-layout-3fccdef8 wp-block-group-is-layout-flow has-block-anchor\">\n<div class=\"wp-block-group wp-pattern__header is-vertical is-content-justification-left is-layout-flex wp-container-core-group-is-layout-ec2f9384 wp-block-group-is-layout-flex has-block-anchor\">\n<div class=\"wp-block-group is-vertical is-layout-flex wp-container-core-group-is-layout-bd7877ba wp-block-group-is-layout-flex has-block-anchor\">\n<p class=\"is-style-heading-default-eyebrow has-on-surface-color has-text-color has-link-color wp-elements-cc69c7651b7c3ed8ad328a85a1c946b7\">Les chiffres-cl\u00e9s promo 2024<\/p>\n\n\n\n<h2 class=\"wp-block-heading is-style-heading-emphasis-h2 has-on-surface-color has-text-color has-link-color wp-elements-4083839a3918ccd28b046d559885fcec\" id=\"pour-le-titre-rncp-n41044dipvigrm-programme-grande-ecole\">Pour le titre RNCP n\u00b041044<br>&#8220;DipViGrM &#8211; Programme Grande \u00c9cole&#8221;<\/h2>\n<\/div>\n<\/div>\n\n\n\n<div class=\"wp-block-group alignwide is-layout-grid wp-container-core-group-is-layout-000af959 wp-block-group-is-layout-grid\">\n<div class=\"wp-block-group wp-pattern wp-pattern-metrics-item-card has-border-color has-outline-subtle-border-color is-vertical is-layout-flex wp-container-core-group-is-layout-ffbfb716 wp-block-group-is-layout-flex\" style=\"border-width:2px;padding-top:var(--wp--preset--spacing--2-xl);padding-right:var(--wp--preset--spacing--2-xl);padding-bottom:var(--wp--preset--spacing--2-xl);padding-left:var(--wp--preset--spacing--2-xl)\">\n<ul class=\"wp-block-beapi-icon-block is-layout-flex wp-block-icon-block-is-layout-flex\">\n<li class=\"wp-block-beapi-icon-item\"><span><svg width=\"24\" height=\"24\" viewBox=\"0 0 24 24\" version=\"1.1\" xmlns=\"http:\/\/www.w3.org\/2000\/svg\" style=\"color:var(--wp--custom--color--primary-default-primary)\" class=\"wp-block-beapi-icon-block__icon-component wp-block-beapi-icon-block__icon-component--sprite icon-badge-check\" aria-hidden=\"true\"><use href=\"https:\/\/www.inseec.com\/wp-content\/themes\/omnes-design-system\/dist\/icons\/sprite.svg#icon-badge-check\"><\/use><\/svg><\/span><\/li>\n<\/ul>\n\n\n\n<div class=\"wp-block-blockparty-key-figure has-on-surface-color has-text-color has-link-color wp-elements-f1c280046ca21e881b2d5abf9e3ca98c\"><div class=\"wp-block-blockparty-key-figure__key\"><span class=\"wp-block-blockparty-key-figure__prefix\"><\/span><span class=\"wp-block-blockparty-key-figure__number\" data-increment=\"96\">96<\/span><span class=\"wp-block-blockparty-key-figure__suffix\">%<\/span><\/div><p class=\"wp-block-blockparty-key-figure__description\">Taux de pr\u00e9sentation \u00e0 la certification<\/p><\/div>\n<\/div>\n\n\n\n<div class=\"wp-block-group wp-pattern wp-pattern-metrics-item-card has-border-color has-outline-subtle-border-color is-vertical is-layout-flex wp-container-core-group-is-layout-ffbfb716 wp-block-group-is-layout-flex\" style=\"border-width:2px;padding-top:var(--wp--preset--spacing--2-xl);padding-right:var(--wp--preset--spacing--2-xl);padding-bottom:var(--wp--preset--spacing--2-xl);padding-left:var(--wp--preset--spacing--2-xl)\">\n<ul class=\"wp-block-beapi-icon-block is-layout-flex wp-block-icon-block-is-layout-flex\">\n<li class=\"wp-block-beapi-icon-item\"><span><svg width=\"24\" height=\"24\" viewBox=\"0 0 24 24\" version=\"1.1\" xmlns=\"http:\/\/www.w3.org\/2000\/svg\" style=\"color:var(--wp--custom--color--primary-default-primary)\" class=\"wp-block-beapi-icon-block__icon-component wp-block-beapi-icon-block__icon-component--sprite icon-diploma\" aria-hidden=\"true\"><use href=\"https:\/\/www.inseec.com\/wp-content\/themes\/omnes-design-system\/dist\/icons\/sprite.svg#icon-diploma\"><\/use><\/svg><\/span><\/li>\n<\/ul>\n\n\n\n<div class=\"wp-block-blockparty-key-figure has-on-surface-color has-text-color has-link-color wp-elements-3b0253b4acaec14df2845f3933cf62d9\"><div class=\"wp-block-blockparty-key-figure__key\"><span class=\"wp-block-blockparty-key-figure__prefix\"><\/span><span class=\"wp-block-blockparty-key-figure__number\" data-increment=\"96.6\">96.6<\/span><span class=\"wp-block-blockparty-key-figure__suffix\">%<\/span><\/div><p class=\"wp-block-blockparty-key-figure__description\">Taux national de r\u00e9ussite<\/p><\/div>\n<\/div>\n<\/div>\n<\/div>\n<\/div>\n\n\n<span class=\"wp-block-beapi-anchor\" aria-hidden=\"true\" id=\"anchor-alternance\"><\/span>\n\n\n\n<div class=\"wp-block-group alignwide wp-pattern wp-pattern-features-slider is-layout-flow wp-container-core-group-is-layout-1a58ddf4 wp-block-group-is-layout-flow has-block-anchor\" style=\"margin-top:0;margin-bottom:0;padding-top:var(--wp--preset--spacing--padding-y-section);padding-bottom:var(--wp--preset--spacing--padding-y-section)\">\n<div class=\"wp-block-group wp-pattern__header is-layout-flow wp-block-group-is-layout-flow has-block-anchor\">\n<p class=\"is-style-heading-default-eyebrow has-on-surface-color has-text-color has-link-color wp-elements-e579a3493c2d3e2dae6486f5cdb86958\">Exp\u00e9rience professionnelle<\/p>\n\n\n\n<h2 class=\"wp-block-heading is-style-heading-emphasis-h2 has-on-surface-color has-text-color has-link-color wp-elements-68657cdadd0a17bf65723e6374d25c09\" style=\"margin-top:var(--wp--preset--spacing--xs);margin-bottom:var(--wp--preset--spacing--2-xl)\" id=\"un-parcours-professionnalisant\">Un parcours professionnalisant<\/h2>\n\n\n\n<p class=\"is-style-plain-default-md has-on-surface-subtle-color has-text-color has-link-color wp-elements-cab610edf94c39ef9406ad51f81aec3b\">L&#8217;alternance vous permet d&#8217;appliquer vos comp\u00e9tences en audit, contr\u00f4le de gestion ou direction financi\u00e8re dans des situations r\u00e9elles. Vous d\u00e9veloppez une expertise op\u00e9rationnelle en entreprise et acc\u00e9l\u00e9rez votre insertion professionnelle dans les m\u00e9tiers de la finance.<\/p>\n<\/div>\n\n\n\n<div class=\"block block--features-slider features-slider alignwide\">\n\t<div class=\"swiper swiper-overflow-visible\">\n\t\t<div class=\"swiper-wrapper\">\n\t\t\t\t\t\t\t\t<div class=\"swiper-slide\">\n\t\t\t\t\t\t\n<div class=\"crd crd--feature\">\n\t<div class=\"crd__icon\"><img loading=\"lazy\" decoding=\"async\" width=\"40\" height=\"40\" src=\"https:\/\/www.inseec.com\/wp-content\/uploads\/sites\/32\/2025\/12\/icone-inseec-arc-omnes-education.webp?w=40\" class=\"\" alt=\"\" data-location=\"\" srcset=\"https:\/\/www.inseec.com\/wp-content\/uploads\/sites\/32\/2025\/12\/icone-inseec-arc-omnes-education.webp 40w, https:\/\/www.inseec.com\/wp-content\/uploads\/sites\/32\/2025\/12\/icone-inseec-arc-omnes-education.webp?resize=24,24 24w\" sizes=\"auto, (max-width: 40px) 100vw, 40px\" \/><\/div><h3 class=\"crd__title is-style-plain-emphasis-lg has-on-surface-color\"><a href=\"https:\/\/www.inseec.com\/accompagnement-stage-alternance\/\" class=\"crd__link has-on-surface-color\">L&#8217;INSEEC vous accompagne<\/a><\/h3><p class=\"crd__description is-style-plain-default-md has-on-surface-subtle-color\">Un accompagnement sur mesure dans votre recherche d&#8217;alternance en finance, avec des services d\u00e9di\u00e9s disponibles toute l&#8217;ann\u00e9e.<\/p><div aria-hidden=\"true\" class=\"crd__link-text wp-block-button is-style-link-arrow-right\"><span class=\"wp-block-button__link\">En savoir plus<\/span><\/div><\/div>\n\t\t\t\t\t<\/div>\n\t\t\t\t\t\t\t\t\t\t<div class=\"swiper-slide\">\n\t\t\t\t\t\t\n<div class=\"crd crd--feature\">\n\t<div class=\"crd__icon\"><img loading=\"lazy\" decoding=\"async\" width=\"64\" height=\"64\" src=\"https:\/\/www.inseec.com\/wp-content\/uploads\/sites\/32\/2025\/12\/icone-job.svg?w=40\" class=\"\" alt=\"\" data-location=\"\" \/><\/div><h3 class=\"crd__title is-style-plain-emphasis-lg has-on-surface-color\">Job dating<\/h3><p class=\"crd__description is-style-plain-default-md has-on-surface-subtle-color\">Des rencontres mensuelles pour \u00e9changer avec nos entreprises partenaires sp\u00e9cialis\u00e9es en audit, finance d&#8217;entreprise et contr\u00f4le de gestion.<\/p><\/div>\n\t\t\t\t\t<\/div>\n\t\t\t\t\t\t\t\t\t\t<div class=\"swiper-slide\">\n\t\t\t\t\t\t\n<div class=\"crd crd--feature\">\n\t<div class=\"crd__icon\"><img loading=\"lazy\" decoding=\"async\" width=\"64\" height=\"64\" src=\"https:\/\/www.inseec.com\/wp-content\/uploads\/sites\/32\/2025\/12\/icone-Matchup.svg?w=40\" class=\"\" alt=\"\" data-location=\"\" \/><\/div><h3 class=\"crd__title is-style-plain-emphasis-lg has-on-surface-color\"><a target=\"_blank\" href=\"https:\/\/matchup.omneseducation.com\/\" class=\"crd__link has-on-surface-color\" rel=\"noopener\"><span class=\"sr-only\">New window<\/span>Plateforme MatchUp<\/a><\/h3><p class=\"crd__description is-style-plain-default-md has-on-surface-subtle-color\">Des milliers d&#8217;offres d&#8217;alternance en finance, audit, contr\u00f4le de gestion et comptabilit\u00e9 accessibles en ligne.<\/p><div aria-hidden=\"true\" class=\"crd__link-text wp-block-button is-style-link-arrow-right\"><span class=\"wp-block-button__link\">D\u00e9couvrir les offres<\/span><\/div><\/div>\n\t\t\t\t\t<\/div>\n\t\t\t\t\t\t\t\t\t\t<div class=\"swiper-slide\">\n\t\t\t\t\t\t\n<div class=\"crd crd--feature\">\n\t<div class=\"crd__icon\"><img loading=\"lazy\" decoding=\"async\" width=\"40\" height=\"40\" src=\"https:\/\/www.inseec.com\/wp-content\/uploads\/sites\/32\/2025\/12\/icone-inseec-srea-networking.webp?w=40\" class=\"\" alt=\"\" data-location=\"\" srcset=\"https:\/\/www.inseec.com\/wp-content\/uploads\/sites\/32\/2025\/12\/icone-inseec-srea-networking.webp 40w, https:\/\/www.inseec.com\/wp-content\/uploads\/sites\/32\/2025\/12\/icone-inseec-srea-networking.webp?resize=24,24 24w\" sizes=\"auto, (max-width: 40px) 100vw, 40px\" \/><\/div><h3 class=\"crd__title is-style-plain-emphasis-lg has-on-surface-color\">Service Relations Entreprises et Alumni<\/h3><p class=\"crd__description is-style-plain-default-md has-on-surface-subtle-color\">Un r\u00e9seau de 10 000 entreprises partenaires et 115 000 alumni pour lancer votre carri\u00e8re dans la finance et l&#8217;audit.<\/p><\/div>\n\t\t\t\t\t<\/div>\n\t\t\t\t\t\t\t\t\t\t<div class=\"swiper-slide\">\n\t\t\t\t\t\t\n<div class=\"crd crd--feature\">\n\t<div class=\"crd__icon\"><img loading=\"lazy\" decoding=\"async\" width=\"64\" height=\"64\" src=\"https:\/\/www.inseec.com\/wp-content\/uploads\/sites\/32\/2025\/12\/icone-Ateliers.svg?w=40\" class=\"\" alt=\"\" data-location=\"\" \/><\/div><h3 class=\"crd__title is-style-plain-emphasis-lg has-on-surface-color\">Ateliers coaching<\/h3><p class=\"crd__description is-style-plain-default-md has-on-surface-subtle-color\">Ateliers collectifs ou individuels hebdomadaires : CV finance, entretien d&#8217;embauche, pitch professionnel, etc.<\/p><\/div>\n\t\t\t\t\t<\/div>\n\t\t\t\t\t\t\t<\/div>\n\t\t\n<div class=\"swiper__controls\">\n\t<div class=\"swiper-pagination\"><\/div>\n\n\t<div class=\"swiper__buttons\">\n\t\t\t\t\t<button class=\"swiper-button-prev\" type=\"button\">\n\t\t\t\t<svg class=\"icon icon-arrow-left\" aria-hidden=\"true\" focusable=\"false\"><use href=\"https:\/\/www.inseec.com\/wp-content\/themes\/omnes-design-system\/dist\/icons\/sprite.svg#icon-arrow-left\"><\/use><\/svg>\t\t\t<\/button>\n\t\t\t<button class=\"swiper-button-next\" type=\"button\">\n\t\t\t\t<svg class=\"icon icon-arrow-right\" aria-hidden=\"true\" focusable=\"false\"><use href=\"https:\/\/www.inseec.com\/wp-content\/themes\/omnes-design-system\/dist\/icons\/sprite.svg#icon-arrow-right\"><\/use><\/svg>\t\t\t<\/button>\n\t\t\t<\/div>\n<\/div>\n\t<\/div>\n<\/div>\n\n\n\n<div class=\"wp-block-buttons is-layout-flex wp-block-buttons-is-layout-flex\">\n<div class=\"wp-block-button is-style-fill-lg\"><a class=\"wp-block-button__link wp-element-button\" href=\"https:\/\/www.inseec.com\/procedure-admission-grande-ecole-rentree-septembre\/\">Je candidate<\/a><\/div>\n<\/div>\n<\/div>\n\n\n<span class=\"wp-block-beapi-anchor\" aria-hidden=\"true\" id=\"anchor-metiers\"><\/span>\n\n\n\n<div class=\"wp-block-group alignfull wp-pattern wp-pattern-jobs-list-with-image has-inverse-variant-background-color has-background has-global-padding is-layout-constrained wp-block-group-is-layout-constrained has-block-anchor\" style=\"margin-top:0;margin-bottom:0;padding-top:var(--wp--preset--spacing--padding-y-section);padding-bottom:var(--wp--preset--spacing--padding-y-section)\">\n<div class=\"wp-block-group alignwide wp-pattern__inner is-layout-flow wp-container-core-group-is-layout-8eee5202 wp-block-group-is-layout-flow has-block-anchor\">\n<div class=\"wp-block-media-text has-media-on-the-right is-stacked-on-mobile has-block-anchor\" style=\"grid-template-columns:auto 40%\"><div class=\"wp-block-media-text__content\">\n<div class=\"wp-block-group is-vertical is-layout-flex wp-container-core-group-is-layout-b80b8bd4 wp-block-group-is-layout-flex has-block-anchor\">\n<div class=\"wp-block-group is-vertical is-layout-flex wp-container-core-group-is-layout-bd7877ba wp-block-group-is-layout-flex has-block-anchor\">\n<p class=\"is-style-heading-default-eyebrow has-inverse-on-surface-color has-text-color has-link-color wp-elements-4b31d257d324fc8a9a703c721b05f19e\">M\u00e9tiers<\/p>\n\n\n\n<h2 class=\"wp-block-heading is-style-heading-emphasis-h2 has-inverse-on-surface-color has-text-color has-link-color wp-elements-9073a5044ba6f298de94f78662145482\" id=\"quels-sont-les-debouches-apres-un-grade-de-master-finance-audit-et-controle\">Quels sont les d\u00e9bouch\u00e9s apr\u00e8s un Grade de Master Finance, Audit et Contr\u00f4le\u00a0?<\/h2>\n<\/div>\n\n\n\n<p class=\"is-style-plain-default-md has-inverse-on-surface-subtle-color has-text-color has-link-color wp-elements-44dbe640efbdde3607394447d82c2dfa\">Apr\u00e8s le Programme Grande \u00c9cole Finance, Audit et Contr\u00f4le de l&#8217;INSEEC, de nombreuses opportunit\u00e9s s&#8217;offrent \u00e0 vous dans la finance d&#8217;entreprise, l&#8217;audit et le conseil, avec des perspectives d&#8217;\u00e9volution rapides vers des postes \u00e0 responsabilit\u00e9.<\/p>\n<\/div>\n<\/div><figure class=\"wp-block-media-text__media\"><img decoding=\"async\" src=\"https:\/\/www.inseec.com\/wp-content\/themes\/omnes-design-system\/dist\/images\/jobs.png\" alt=\"\" \/><\/figure><\/div>\n\n\n\n<div class=\"block block--jobs-tag jobs-tag\">\n\t<ul><li><a href=\"https:\/\/www.inseec.com\/careers-guide\/analyste-de-credit\/\" class=\"is-style-tag-fill-lg\">Analyste de cr\u00e9dit<\/a><\/li><li><a href=\"https:\/\/www.inseec.com\/careers-guide\/auditeur-externe\/\" class=\"is-style-tag-fill-lg\">Auditeur externe<\/a><\/li><li><a href=\"https:\/\/www.inseec.com\/careers-guide\/auditeur-interne\/\" class=\"is-style-tag-fill-lg\">Auditeur interne<\/a><\/li><li><a href=\"https:\/\/www.inseec.com\/careers-guide\/consultant-en-financement\/\" class=\"is-style-tag-fill-lg\">Consultant en financement<\/a><\/li><li><a href=\"https:\/\/www.inseec.com\/careers-guide\/controleur-de-gestion\/\" class=\"is-style-tag-fill-lg\">Contr\u00f4leur de Gestion<\/a><\/li><li><a href=\"https:\/\/www.inseec.com\/careers-guide\/credit-manager\/\" class=\"is-style-tag-fill-lg\">Cr\u00e9dit manager<\/a><\/li><li><a href=\"https:\/\/www.inseec.com\/careers-guide\/key-account-manager\/\" class=\"is-style-tag-fill-lg\">Key account manager<\/a><\/li><li><a href=\"https:\/\/www.inseec.com\/careers-guide\/responsable-administration-rh-et-paie\/\" class=\"is-style-tag-fill-lg\">Responsable administration RH et paie<\/a><\/li><li><a href=\"https:\/\/www.inseec.com\/careers-guide\/responsable-rh\/\" class=\"is-style-tag-fill-lg\">Responsable RH<\/a><\/li><\/ul><\/div>\n\n\n\n<div class=\"wp-block-group alignwide wp-pattern wp-pattern-banner-jobs has-surface-subtle-background-color has-background is-content-justification-space-between is-nowrap is-layout-flex wp-container-core-group-is-layout-949f8704 wp-block-group-is-layout-flex\" style=\"padding-top:var(--wp--preset--spacing--padding-y-sm);padding-right:var(--wp--preset--spacing--padding-y-sm);padding-bottom:var(--wp--preset--spacing--padding-y-sm);padding-left:var(--wp--preset--spacing--padding-y-sm)\">\n<div class=\"wp-block-group is-style-heading-emphasis-h3 has-on-surface-color has-text-color has-link-color wp-elements-001e570fc917c42ecdc94c637d94cf7f is-vertical is-layout-flex wp-container-core-group-is-layout-bd7877ba wp-block-group-is-layout-flex\">\n<p class=\"is-style-heading-emphasis-h3 has-on-surface-color has-text-color has-link-color wp-elements-3c946ec7dbfaa63128136bad3ae54148\">2 400\u20ac \u00e0 2 900\u20ac<\/p>\n\n\n\n<p class=\"is-style-plain-emphasis-md has-on-surface-color has-text-color has-link-color wp-elements-f87e1a87b4a4e01885ce3357a93deecf\">Salaire mensuel moyen d&#8217;un jeune dipl\u00f4m\u00e9<\/p>\n<\/div>\n\n\n\n<div class=\"wp-block-group is-nowrap is-layout-flex wp-container-core-group-is-layout-a2d696be wp-block-group-is-layout-flex\">\n<p class=\"is-style-plain-default-sm has-on-surface-color has-text-color has-link-color wp-elements-8954b41f20b19717e5b79aadec252512\">Rejoignez le Programme Grande \u00c9cole de<br>l&#8217;INSEEC pour concr\u00e9tiser vos projets et assurer votre avenir.<\/p>\n\n\n\n<div class=\"wp-block-buttons is-content-justification-left is-layout-flex wp-container-core-buttons-is-layout-541a3246 wp-block-buttons-is-layout-flex\">\n<div class=\"wp-block-button is-style-fill-md\"><a class=\"wp-block-button__link wp-element-button\">RDV personnalis\u00e9<\/a><\/div>\n<\/div>\n<\/div>\n<\/div>\n<\/div>\n<\/div>\n\n\n<span class=\"wp-block-beapi-anchor\" aria-hidden=\"true\" id=\"anchor-candidature\"><\/span>\n\n\n\n<div class=\"wp-block-group alignfull wp-pattern wp-pattern-apply-scroll has-global-padding is-layout-constrained wp-block-group-is-layout-constrained has-block-anchor\" style=\"margin-top:0;margin-bottom:0\">\n<div class=\"wp-block-group alignfull wp-pattern__scroller has-global-padding is-layout-constrained wp-container-core-group-is-layout-a1d2d6ee wp-block-group-is-layout-constrained has-block-anchor\" style=\"margin-top:0;margin-bottom:0;padding-top:var(--wp--preset--spacing--6-xl);padding-right:var(--wp--preset--spacing--padding-x-section);padding-bottom:var(--wp--preset--spacing--6-xl);padding-left:var(--wp--preset--spacing--padding-x-section)\">\n<div class=\"wp-block-group alignwide wp-pattern__inner is-layout-flow wp-container-core-group-is-layout-3fccdef8 wp-block-group-is-layout-flow has-block-anchor\">\n<div class=\"wp-block-group wp-pattern__header is-vertical is-layout-flex wp-container-core-group-is-layout-bd7877ba wp-block-group-is-layout-flex has-block-anchor\">\n<p class=\"is-style-heading-default-eyebrow has-on-surface-color has-text-color has-link-color wp-elements-aa711e898cb405409db38f707f9a5c0d\">Candidature<\/p>\n\n\n\n<h2 class=\"wp-block-heading is-style-heading-emphasis-h2 has-on-surface-color has-text-color has-link-color wp-elements-d28bbebcef5c66f038cd89f2feaeeb55\" id=\"quelles-sont-les-conditions-dadmission-au-grade-de-master-finance-audit-et-controle\"><strong>Quelles sont les conditions d&#8217;admission au Grade de Master Finance, Audit et Contr\u00f4le\u00a0?<\/strong><\/h2>\n<\/div>\n\n\n\n<div class=\"wp-block-group wp-pattern__wrapper is-content-justification-space-between is-nowrap is-layout-flex wp-container-core-group-is-layout-0b70ad5d wp-block-group-is-layout-flex has-block-anchor\">\n<div class=\"wp-block-group wp-pattern__items is-vertical is-content-justification-stretch is-nowrap is-layout-flex wp-container-core-group-is-layout-0fa67750 wp-block-group-is-layout-flex has-block-anchor\">\n<div class=\"wp-block-group wp-pattern__item has-border-color has-outline-subtle-border-color is-nowrap is-layout-flex wp-container-core-group-is-layout-5097bea1 wp-block-group-is-layout-flex has-block-anchor\" style=\"border-width:3px;border-radius:16px;padding-top:var(--wp--preset--spacing--2-xl);padding-right:var(--wp--preset--spacing--2-xl);padding-bottom:var(--wp--preset--spacing--2-xl);padding-left:var(--wp--preset--spacing--2-xl)\">\n<div class=\"wp-block-group wp-container-content-9cfa9a5a is-layout-flow wp-container-core-group-is-layout-a77db08e wp-block-group-is-layout-flow has-block-anchor\">\n<div class=\"wp-block-group wp-pattern__item-heading has-global-padding is-layout-constrained wp-block-group-is-layout-constrained has-block-anchor\">\n<h3 class=\"wp-block-heading is-style-default has-on-surface-color has-text-color has-link-color wp-elements-b3a543ca65d46683cd611a0093393c18\" id=\"admission-en-1e-annee-niveau-l3\">Admission en 1e ann\u00e9e (Niveau L3)<\/h3>\n<\/div>\n\n\n\n<div class=\"wp-block-group wp-pattern__item-content has-global-padding is-layout-constrained wp-block-group-is-layout-constrained\">\n<div class=\"wp-block-group has-global-padding is-layout-constrained wp-block-group-is-layout-constrained\">\n<ul class=\"wp-block-list is-style-check\">\n<li>Accessible aux \u00e9tudiants titulaires ou en cours d&#8217;obtention d&#8217;un BUT, BTS, Licence 2, titre certifi\u00e9 RNCP niveau 5 (Bac +2), ou inscrits en 2\u1d49 ann\u00e9e d&#8217;IEP.<\/li>\n\n\n\n<li>Admission via le concours Evolution 1 (dossier + \u00e9preuves orales).<\/li>\n\n\n\n<li>Formation dispens\u00e9e en fran\u00e7ais.<\/li>\n<\/ul>\n<\/div>\n<\/div>\n<\/div>\n<\/div>\n\n\n\n<div class=\"wp-block-group wp-pattern__item has-border-color has-outline-subtle-border-color is-nowrap is-layout-flex wp-container-core-group-is-layout-5097bea1 wp-block-group-is-layout-flex has-block-anchor\" style=\"border-width:3px;border-radius:16px;padding-top:var(--wp--preset--spacing--2-xl);padding-right:var(--wp--preset--spacing--2-xl);padding-bottom:var(--wp--preset--spacing--2-xl);padding-left:var(--wp--preset--spacing--2-xl)\">\n<div class=\"wp-block-group wp-container-content-9cfa9a5a is-layout-flow wp-container-core-group-is-layout-a77db08e wp-block-group-is-layout-flow has-block-anchor\">\n<div class=\"wp-block-group wp-pattern__item-heading has-global-padding is-layout-constrained wp-block-group-is-layout-constrained has-block-anchor\">\n<h3 class=\"wp-block-heading is-style-default has-on-surface-color has-text-color has-link-color wp-elements-578a7369dfbe68c37b357565e2a38ed7\" id=\"admission-en-2eme-annee-niveau-m1\">Admission en 2eme ann\u00e9e (Niveau M1)<\/h3>\n<\/div>\n\n\n\n<div class=\"wp-block-group wp-pattern__item-content has-global-padding is-layout-constrained wp-block-group-is-layout-constrained\">\n<div class=\"wp-block-group has-global-padding is-layout-constrained wp-block-group-is-layout-constrained\">\n<ul class=\"wp-block-list is-style-check\">\n<li>Ouvert aux \u00e9tudiants ayant valid\u00e9 ou en cours de validation d&#8217;une Licence 3, Bachelor, Master 1, dipl\u00f4me d&#8217;ing\u00e9nieur ou titre certifi\u00e9 RNCP niveau 6\/7 sanctionnant au moins 3 ann\u00e9es d&#8217;\u00e9tudes sup\u00e9rieures.<\/li>\n\n\n\n<li>Admission via le concours Evolution 2 (dossier + \u00e9preuves orales).<\/li>\n\n\n\n<li>Formation dispens\u00e9e en fran\u00e7ais.<\/li>\n<\/ul>\n<\/div>\n<\/div>\n<\/div>\n<\/div>\n\n\n\n<div class=\"wp-block-group wp-pattern__item has-border-color has-outline-subtle-border-color is-nowrap is-layout-flex wp-container-core-group-is-layout-5097bea1 wp-block-group-is-layout-flex has-block-anchor\" style=\"border-width:3px;border-radius:16px;padding-top:var(--wp--preset--spacing--2-xl);padding-right:var(--wp--preset--spacing--2-xl);padding-bottom:var(--wp--preset--spacing--2-xl);padding-left:var(--wp--preset--spacing--2-xl)\">\n<div class=\"wp-block-group wp-container-content-9cfa9a5a is-layout-flow wp-container-core-group-is-layout-a77db08e wp-block-group-is-layout-flow has-block-anchor\">\n<div class=\"wp-block-group wp-pattern__item-heading has-global-padding is-layout-constrained wp-block-group-is-layout-constrained has-block-anchor\">\n<h3 class=\"wp-block-heading is-style-default has-on-surface-color has-text-color has-link-color wp-elements-a818414419f5cc7dd1f125c85f8d3357\" id=\"vous-etes-en-classe-prepa\">Vous \u00eates en classe Pr\u00e9pa ?<\/h3>\n<\/div>\n\n\n\n<div class=\"wp-block-group wp-pattern__item-content has-global-padding is-layout-constrained wp-block-group-is-layout-constrained\">\n<div class=\"wp-block-group has-global-padding is-layout-constrained wp-block-group-is-layout-constrained\">\n<ul class=\"wp-block-list is-style-check\">\n<li>Vous pouvez entrer en premi\u00e8re ann\u00e9e du Programme Grande \u00c9cole en suivant le parcours Concours BCE.<\/li>\n<\/ul>\n<\/div>\n<\/div>\n<\/div>\n<\/div>\n<\/div>\n\n\n\n<div class=\"wp-block-group wp-pattern__applybox has-surface-subtle-background-color has-background is-vertical is-content-justification-stretch is-layout-flex wp-container-core-group-is-layout-1a257378 wp-block-group-is-layout-flex\" style=\"border-radius:16px;padding-top:var(--wp--preset--spacing--2-xl);padding-right:var(--wp--preset--spacing--2-xl);padding-bottom:var(--wp--preset--spacing--2-xl);padding-left:var(--wp--preset--spacing--2-xl)\">\n<p class=\"is-style-plain-emphasis-xl has-on-surface-color has-text-color has-link-color wp-elements-f51b78ae01697a7f5528f193b43c63c7\">Votre candidature<\/p>\n\n\n\n<ul class=\"wp-block-list is-style-steps has-on-surface-color has-text-color has-link-color wp-elements-04f4bf70b7bd2969835fe52d41f3db8a\">\n<li>D\u00e9p\u00f4t du dossier<\/li>\n\n\n\n<li>\u00c9preuve d&#8217;admission<\/li>\n\n\n\n<li>R\u00e9sultats d&#8217;admissibilit\u00e9<\/li>\n<\/ul>\n\n\n\n<div class=\"wp-block-buttons is-content-justification-center is-nowrap is-layout-flex wp-container-core-buttons-is-layout-12a27398 wp-block-buttons-is-layout-flex\">\n<div class=\"wp-block-button has-custom-width wp-block-button__width-100 is-style-fill-lg\"><a class=\"wp-block-button__link has-text-align-center wp-element-button\" href=\"https:\/\/www.inseec.com\/procedure-admission-grande-ecole-rentree-septembre\/?_gl=1*6yl2dt*_up*MQ..*_ga*MTIyNDc4NzAzMi4xNzY1MjIwMjk1*_ga_XXXX*czE3NjUyMjAyOTEkbzEkZzAkdDE3NjUyMjAyOTEkajYwJGwwJGgzODE5ODAwODc.*_ga_9KD5L9SBWM*czE3NjUyMjAzMDQkbzEkZzAkdDE3NjUyMjAzMDQkajYwJGwwJGg5OTA2MTg3NjQ.\">Je candidate<\/a><\/div>\n<\/div>\n<\/div>\n<\/div>\n<\/div>\n<\/div>\n<\/div>\n\n\n<span class=\"wp-block-beapi-anchor\" aria-hidden=\"true\" id=\"anchor-frais\"><\/span>\n\n\n\n<div class=\"wp-block-group alignfull wp-pattern wp-pattern-school-fees has-global-padding is-layout-constrained wp-block-group-is-layout-constrained has-block-anchor\" style=\"margin-top:0;margin-bottom:0;padding-top:var(--wp--preset--spacing--padding-y-section);padding-bottom:var(--wp--preset--spacing--padding-y-section)\">\n<p class=\"alignwide has-text-align-wide is-style-heading-default-eyebrow has-on-surface-color has-text-color has-link-color wp-elements-2985aacb3303de6065306d4df558bfd7\" style=\"margin-bottom:var(--wp--preset--spacing--xs)\">Frais de scolarit\u00e9<\/p>\n\n\n\n<div class=\"wp-block-columns alignwide are-vertically-aligned-center is-layout-flex wp-container-core-columns-is-layout-a13de39d wp-block-columns-is-layout-flex has-block-anchor\" style=\"margin-top:var(--wp--preset--spacing--xs);margin-bottom:var(--wp--preset--spacing--5-xl)\">\n<div class=\"wp-block-column is-vertically-aligned-center is-layout-flow wp-block-column-is-layout-flow\" style=\"flex-basis:40.4%\">\n<h2 class=\"wp-block-heading\" id=\"quels-sont-les-frais-de-scolarite-du-grade-de-master-finance-audit-et-controle\">Quels sont les frais de scolarit\u00e9 du Grade de Master Finance, Audit et Contr\u00f4le ?<\/h2>\n<\/div>\n\n\n\n<div class=\"wp-block-column is-vertically-aligned-center is-layout-flow wp-block-column-is-layout-flow\" style=\"flex-basis:49%\">\n<p class=\"is-style-plain-default-lg has-on-surface-subtle-color has-text-color has-link-color wp-elements-a9b82adb794ab1d86a52e3a41c263e71\">Les frais de scolarit\u00e9 \u00e9voluent en fonction des ann\u00e9es. Plusieurs solutions de financement sont disponibles pour vous accompagner.<\/p>\n<\/div>\n<\/div>\n\n\n\n<div class=\"wp-block-blockparty-tabs alignwide has-align-top-center\" aria-label=\"\" role=\"tablist\">\n<ul class=\"wp-block-blockparty-tabs-nav\">\n<li class=\"wp-block-blockparty-tabs-nav-item\"><a id=\"block-tab-2-0\" role=\"tab\" aria-controls=\"block-panel-2-0\" class=\"wp-block-blockparty-tabs-nav-link\" href=\"#block-tab-2-0\"><span>Rentr\u00e9e Septembre Alternance<\/span><\/a><\/li>\n<\/ul>\n\n\n\n<section class=\"wp-block-blockparty-tabs-panels\">\n<div role=\"tabpanel\" tabindex=\"0\" class=\"wp-block-blockparty-tabs-panel-item\" id=\"block-panel-2-0\" aria-labelledby=\"block-tab-2-0\"><div class=\"wp-block-blockparty-tabs-panel-item__inner\"><div class=\"block block--school-fee-steps school-fee-steps wp-elements-e1763ae4e08d1c1350c248df9e98ded6 alignwide has-text-color has-black-color has-background has-surface-subtle-background-color\" style=\"padding-left: var(--wp--preset--spacing--xl);padding-right: var(--wp--preset--spacing--xl);padding-top: var(--wp--preset--spacing--xl);padding-bottom: var(--wp--preset--spacing--xl);\">\n\t<ol>\n\t\t\t\t\t<li class=\"block__first-step\">\n\t\t\t\t<span class=\"block__content\">\n\t\t\t\t\t<span class=\"block__label\"><svg class=\"icon icon-badge\" aria-hidden=\"true\" focusable=\"false\"><use href=\"https:\/\/www.inseec.com\/wp-content\/themes\/omnes-design-system\/dist\/icons\/sprite.svg#icon-badge\"><\/use><\/svg>Admission bac+2<\/span>\t\t\t\t<\/span>\n\t\t\t<\/li>\n\t\t\t\t\t\t<li>\n\t\t\t\t<span class=\"block__content\">\n\t\t\t\t\t<span class=\"block__label\">1\u00e8re ann\u00e9e<\/span>\t\t\t\t\t<span class=\"block__detail\">\n\t\t\t\t\t\t<span><svg class=\"icon icon-time-quarter-past\" aria-hidden=\"true\" focusable=\"false\"><use href=\"https:\/\/www.inseec.com\/wp-content\/themes\/omnes-design-system\/dist\/icons\/sprite.svg#icon-time-quarter-past\"><\/use><\/svg>1 an<\/span><span><svg class=\"icon icon-money-bill-wave\" aria-hidden=\"true\" focusable=\"false\"><use href=\"https:\/\/www.inseec.com\/wp-content\/themes\/omnes-design-system\/dist\/icons\/sprite.svg#icon-money-bill-wave\"><\/use><\/svg>12 950\u20ac<\/span>\t\t\t\t\t<\/span>\n\t\t\t\t<\/span>\n\t\t\t<\/li>\n\t\t\t\t\t\t<li>\n\t\t\t\t<span class=\"block__content\">\n\t\t\t\t\t<span class=\"block__label\">2\u00e8me ann\u00e9e<\/span>\t\t\t\t\t<span class=\"block__detail\">\n\t\t\t\t\t\t<span><svg class=\"icon icon-time-quarter-past\" aria-hidden=\"true\" focusable=\"false\"><use href=\"https:\/\/www.inseec.com\/wp-content\/themes\/omnes-design-system\/dist\/icons\/sprite.svg#icon-time-quarter-past\"><\/use><\/svg>1 an<\/span><span><svg class=\"icon icon-money-bill-wave\" aria-hidden=\"true\" focusable=\"false\"><use href=\"https:\/\/www.inseec.com\/wp-content\/themes\/omnes-design-system\/dist\/icons\/sprite.svg#icon-money-bill-wave\"><\/use><\/svg>13 390\u20ac<\/span>\t\t\t\t\t<\/span>\n\t\t\t\t<\/span>\n\t\t\t<\/li>\n\t\t\t\t\t\t<li>\n\t\t\t\t<span class=\"block__content\">\n\t\t\t\t\t<span class=\"block__label\">3\u00e8me ann\u00e9e<\/span>\t\t\t\t\t<span class=\"block__detail\">\n\t\t\t\t\t\t<span><svg class=\"icon icon-time-quarter-past\" aria-hidden=\"true\" focusable=\"false\"><use href=\"https:\/\/www.inseec.com\/wp-content\/themes\/omnes-design-system\/dist\/icons\/sprite.svg#icon-time-quarter-past\"><\/use><\/svg>1 an<\/span><span><svg class=\"icon icon-money-bill-wave\" aria-hidden=\"true\" focusable=\"false\"><use href=\"https:\/\/www.inseec.com\/wp-content\/themes\/omnes-design-system\/dist\/icons\/sprite.svg#icon-money-bill-wave\"><\/use><\/svg>13 390\u20ac<\/span>\t\t\t\t\t<\/span>\n\t\t\t\t<\/span>\n\t\t\t<\/li>\n\t\t\t\t\t\t<li class=\"block__last-step\">\n\t\t\t\t<span class=\"block__content\">\n\t\t\t\t\t<span class=\"block__label\"><svg class=\"icon icon-student-alt\" aria-hidden=\"true\" focusable=\"false\"><use href=\"https:\/\/www.inseec.com\/wp-content\/themes\/omnes-design-system\/dist\/icons\/sprite.svg#icon-student-alt\"><\/use><\/svg>Dipl\u00f4me Grade de Master<\/span>\t\t\t\t<\/span>\n\t\t\t<\/li>\n\t\t\t\t<\/ol>\n<\/div>\n\n\n\n<div class=\"wp-block-group alignwide has-global-padding is-layout-constrained wp-block-group-is-layout-constrained has-block-anchor\">\n<div class=\"wp-block-group alignwide has-surface-subtle-background-color has-background has-global-padding is-layout-constrained wp-container-core-group-is-layout-35c3b834 wp-block-group-is-layout-constrained has-block-anchor\" style=\"margin-top:var(--wp--preset--spacing--4-xl);padding-top:var(--wp--preset--spacing--padding-y-sm);padding-right:var(--wp--preset--spacing--padding-x-sm);padding-bottom:var(--wp--preset--spacing--padding-y-sm);padding-left:var(--wp--preset--spacing--padding-x-sm)\">\n<div class=\"wp-block-columns alignwide is-layout-flex wp-container-core-columns-is-layout-28f84493 wp-block-columns-is-layout-flex has-block-anchor\">\n<div class=\"wp-block-column is-layout-flow wp-container-core-column-is-layout-ed9b32d5 wp-block-column-is-layout-flow\" style=\"flex-basis:29%\">\n<h3 class=\"wp-block-heading is-style-heading-emphasis-h4\" id=\"aides-au-financement\">Aides au financement<\/h3>\n\n\n\n<p class=\"is-style-plain-emphasis-md has-on-surface-subtle-color has-text-color has-link-color wp-elements-b2579ee9e3acd4a9436fb698d7b8c8fe\">L\u2019INSEEC propose plusieurs dispositifs d\u2019aides au financement :<\/p>\n<\/div>\n\n\n\n<div class=\"wp-block-column is-layout-flow wp-block-column-is-layout-flow\" style=\"flex-basis:64%\">\n<div class=\"wp-block-group is-layout-grid wp-container-core-group-is-layout-95e4255b wp-block-group-is-layout-grid\">\n<div class=\"wp-block-group has-surface-variant-background-color has-background is-nowrap is-layout-flex wp-container-core-group-is-layout-58883a1f wp-block-group-is-layout-flex\" style=\"padding-top:var(--wp--preset--spacing--xl);padding-right:var(--wp--preset--spacing--xl);padding-bottom:var(--wp--preset--spacing--xl);padding-left:var(--wp--preset--spacing--xl)\">\n<ul class=\"wp-block-beapi-icon-block is-layout-flex wp-block-icon-block-is-layout-flex\">\n<li class=\"wp-block-beapi-icon-item\"><span style=\"background-color:var(--wp--custom--color--tertiary-default-tertiary-container);border-radius:8%\"><svg width=\"24\" height=\"24\" viewBox=\"0 0 24 24\" version=\"1.1\" xmlns=\"http:\/\/www.w3.org\/2000\/svg\" style=\"color:var(--wp--custom--color--primary-default-on-primary-container);padding:8px 8px 8px 8px\" class=\"wp-block-beapi-icon-block__icon-component wp-block-beapi-icon-block__icon-component--sprite icon-bank\" aria-hidden=\"true\"><use href=\"https:\/\/www.inseec.com\/wp-content\/themes\/omnes-design-system\/dist\/icons\/sprite.svg#icon-business-time\"><\/use><\/svg><\/span><\/li>\n<\/ul>\n\n\n\n<div class=\"wp-block-group has-global-padding is-layout-constrained wp-container-core-group-is-layout-442b6e00 wp-block-group-is-layout-constrained\">\n<p>Le rythme altern\u00e9, en stage ou contrat d\u2019alternance<\/p>\n\n\n\n<div class=\"wp-block-buttons is-layout-flex wp-block-buttons-is-layout-flex\">\n<div class=\"wp-block-button is-style-link-arrow-right\"><a class=\"wp-block-button__link wp-element-button\" href=\"https:\/\/www.inseec.com\/financer-ses-etudes\/\">En savoir plus<\/a><\/div>\n<\/div>\n<\/div>\n<\/div>\n\n\n\n<div class=\"wp-block-group has-inverse-on-surface-color has-inverse-variant-background-color has-text-color has-background has-link-color wp-elements-58aa36d6f30c3349caac33f4215751b0 is-nowrap is-layout-flex wp-container-core-group-is-layout-58883a1f wp-block-group-is-layout-flex\" style=\"padding-top:var(--wp--preset--spacing--xl);padding-right:var(--wp--preset--spacing--xl);padding-bottom:var(--wp--preset--spacing--xl);padding-left:var(--wp--preset--spacing--xl)\">\n<ul class=\"wp-block-beapi-icon-block is-layout-flex wp-block-icon-block-is-layout-flex\">\n<li class=\"wp-block-beapi-icon-item\"><span style=\"background-color:var(--wp--custom--color--tertiary-default-tertiary-container);border-radius:8%\"><svg width=\"24\" height=\"24\" viewBox=\"0 0 24 24\" version=\"1.1\" xmlns=\"http:\/\/www.w3.org\/2000\/svg\" style=\"color:var(--wp--custom--color--primary-default-on-primary-container);padding:8px 8px 8px 8px\" class=\"wp-block-beapi-icon-block__icon-component wp-block-beapi-icon-block__icon-component--sprite icon-bank\" aria-hidden=\"true\"><use href=\"https:\/\/www.inseec.com\/wp-content\/themes\/omnes-design-system\/dist\/icons\/sprite.svg#icon-bank\"><\/use><\/svg><\/span><\/li>\n<\/ul>\n\n\n\n<div class=\"wp-block-group has-global-padding is-layout-constrained wp-container-core-group-is-layout-442b6e00 wp-block-group-is-layout-constrained\">\n<p class=\"has-inverse-on-surface-color has-text-color has-link-color wp-elements-5773a2d728ce9f149f5c793faa604184\">Les partenariats bancaires et leurs avantages<\/p>\n\n\n\n<div class=\"wp-block-buttons is-layout-flex wp-block-buttons-is-layout-flex\">\n<div class=\"wp-block-button is-style-link-arrow-right\"><a class=\"wp-block-button__link has-inverse-primary-color has-text-color has-link-color wp-element-button\" href=\"https:\/\/www.inseec.com\/financer-ses-etudes\/nos-partenaires-bancaires\/\">En savoir plus<\/a><\/div>\n<\/div>\n<\/div>\n<\/div>\n<\/div>\n<\/div>\n<\/div>\n<\/div>\n<\/div>\n<\/div><\/div>\n<\/section>\n<\/div>\n<\/div>\n\n\n\n<section class=\"wp-block-group alignfull wp-pattern wp-pattern-events-list has-surface-background-color has-background has-global-padding is-layout-constrained wp-container-core-group-is-layout-b9dc94b5 wp-block-group-is-layout-constrained has-block-anchor\" style=\"margin-top:0;margin-bottom:0;padding-top:var(--wp--preset--spacing--padding-y-section);padding-bottom:var(--wp--preset--spacing--padding-y-section)\">\n<div class=\"wp-block-group wp-pattrern__header is-layout-flow wp-block-group-is-layout-flow has-block-anchor\">\n<p class=\"has-text-align-center is-style-heading-default-eyebrow has-on-surface-color has-text-color has-link-color wp-elements-f87c7f0167b54601ce97aaa0cdc63a70\">Rencontrez-nous<\/p>\n\n\n\n<h2 class=\"wp-block-heading has-text-align-center\" id=\"decouvrez-les-evenements-programme-grande-ecole\">D\u00e9couvrez les \u00e9v\u00e8nements Programme Grande \u00c9cole<\/h2>\n<\/div>\n\n\n\n<div class=\"wp-block-group alignwide is-layout-flow wp-container-core-group-is-layout-1320b656 wp-block-group-is-layout-flow\" style=\"margin-top:var(--wp--preset--spacing--4-xl)\">\n<div class=\"wp-block-group wp-pattern__filters wp-pattern__filters-centered is-layout-grid wp-container-core-group-is-layout-4fe37c5b wp-block-group-is-layout-grid\"><div class=\"wpgb-facet wpgb-loading wpgb-facet-38\" data-facet=\"38\" data-grid=\"wpgb-content-block\/37d518fa87cf6be40aa34cd22a0af9e4\"><\/div>\n\n<div class=\"wpgb-facet wpgb-loading wpgb-facet-11\" data-facet=\"11\" data-grid=\"wpgb-content-block\/37d518fa87cf6be40aa34cd22a0af9e4\"><\/div><\/div>\n\n\n\n<div class=\"wp-block-query is-layout-flow wp-block-query-is-layout-flow wpgb-content-block37d518fa87cf6be40aa34cd22a0af9e4\"><ul class=\"wp-block-post-template is-layout-grid wp-container-core-post-template-is-layout-523fefc7 wp-block-post-template-is-layout-grid\"><li class=\"wp-block-post post-91404 event type-event status-publish hentry event_type-journee-portes-ouvertes school-grande-ecole\">\n\n<div class=\"crd crd--event crd--event-large\">\n\t<span class=\"crd__program is-style-tag-fill-md\">Grande \u00c9cole<\/span><p class=\"crd__date is-style-heading-emphasis-h1\">11\/02<\/p><h3 class=\"crd__title is-style-plain-emphasis-lg\">Journ\u00e9e Portes Ouvertes \u00e0 Online<\/h3>\n\t<ul class=\"crd__metas\">\n\t\t<li class=\"crd__campus is-style-plain-default-md\"><svg class=\"icon icon-marker\" aria-hidden=\"true\" focusable=\"false\"><use href=\"https:\/\/www.inseec.com\/wp-content\/themes\/omnes-design-system\/dist\/icons\/sprite.svg#icon-marker\"><\/use><\/svg><span>All Campuses<\/span><\/li><li class=\"crd__hours is-style-plain-default-md\"><svg class=\"icon icon-clock\" aria-hidden=\"true\" focusable=\"false\"><use href=\"https:\/\/www.inseec.com\/wp-content\/themes\/omnes-design-system\/dist\/icons\/sprite.svg#icon-clock\"><\/use><\/svg><span>From 18h00 to 19h30<\/span><\/li>\t<\/ul>\n\n\t<div class=\"crd__buttons\">\n\t\t<div class=\"wp-block-button is-style-outline-sm\"><a href=\"https:\/\/www.inseec.com\/evenement\/journee-portes-ouvertes-a-online-2026-02-10-2\/\" class=\"wp-block-button__link\">More info<\/a><\/div><div class=\"wp-block-button is-style-subtle-sm\"><a href=\"https:\/\/grandeecole.inseec.com\/inseecu\/jpo\/12577\" class=\"wp-block-button__link\">I participate<\/a><\/div>\t<\/div>\n<\/div>\n\n<\/li><li class=\"wp-block-post post-91342 event type-event status-publish hentry event_type-journee-portes-ouvertes school-grande-ecole\">\n\n<div class=\"crd crd--event crd--event-large\">\n\t<span class=\"crd__program is-style-tag-fill-md\">Grande \u00c9cole<\/span><p class=\"crd__date is-style-heading-emphasis-h1\">17\/02<\/p><h3 class=\"crd__title is-style-plain-emphasis-lg\">Journ\u00e9e Portes Ouvertes \u00e0 Paris<\/h3>\n\t<ul class=\"crd__metas\">\n\t\t<li class=\"crd__campus is-style-plain-default-md\"><svg class=\"icon icon-marker\" aria-hidden=\"true\" focusable=\"false\"><use href=\"https:\/\/www.inseec.com\/wp-content\/themes\/omnes-design-system\/dist\/icons\/sprite.svg#icon-marker\"><\/use><\/svg><span>\u00c9cole de commerce \u00e0 Paris<\/span><\/li><li class=\"crd__hours is-style-plain-default-md\"><svg class=\"icon icon-clock\" aria-hidden=\"true\" focusable=\"false\"><use href=\"https:\/\/www.inseec.com\/wp-content\/themes\/omnes-design-system\/dist\/icons\/sprite.svg#icon-clock\"><\/use><\/svg><span>From 18h00 to 20h00<\/span><\/li>\t<\/ul>\n\n\t<div class=\"crd__buttons\">\n\t\t<div class=\"wp-block-button is-style-outline-sm\"><a href=\"https:\/\/www.inseec.com\/evenement\/journee-portes-ouvertes-a-paris-2026-02-17\/\" class=\"wp-block-button__link\">More info<\/a><\/div><div class=\"wp-block-button is-style-subtle-sm\"><a href=\"https:\/\/grandeecole.inseec.com\/inseecu\/jpo\/13427\" class=\"wp-block-button__link\">I participate<\/a><\/div>\t<\/div>\n<\/div>\n\n<\/li><li class=\"wp-block-post post-91344 event type-event status-publish hentry event_type-journee-portes-ouvertes school-grande-ecole\">\n\n<div class=\"crd crd--event crd--event-large\">\n\t<span class=\"crd__program is-style-tag-fill-md\">Grande \u00c9cole<\/span><p class=\"crd__date is-style-heading-emphasis-h1\">17\/02<\/p><h3 class=\"crd__title is-style-plain-emphasis-lg\">Journ\u00e9e Portes Ouvertes \u00e0 Bordeaux<\/h3>\n\t<ul class=\"crd__metas\">\n\t\t<li class=\"crd__campus is-style-plain-default-md\"><svg class=\"icon icon-marker\" aria-hidden=\"true\" focusable=\"false\"><use href=\"https:\/\/www.inseec.com\/wp-content\/themes\/omnes-design-system\/dist\/icons\/sprite.svg#icon-marker\"><\/use><\/svg><span>\u00c9cole de commerce \u00e0 Bordeaux<\/span><\/li><li class=\"crd__hours is-style-plain-default-md\"><svg class=\"icon icon-clock\" aria-hidden=\"true\" focusable=\"false\"><use href=\"https:\/\/www.inseec.com\/wp-content\/themes\/omnes-design-system\/dist\/icons\/sprite.svg#icon-clock\"><\/use><\/svg><span>From 18h00 to 20h00<\/span><\/li>\t<\/ul>\n\n\t<div class=\"crd__buttons\">\n\t\t<div class=\"wp-block-button is-style-outline-sm\"><a href=\"https:\/\/www.inseec.com\/evenement\/journee-portes-ouvertes-a-bordeaux-2026-02-17\/\" class=\"wp-block-button__link\">More info<\/a><\/div><div class=\"wp-block-button is-style-subtle-sm\"><a href=\"https:\/\/grandeecole.inseec.com\/inseecu\/jpo\/13428\" class=\"wp-block-button__link\">I participate<\/a><\/div>\t<\/div>\n<\/div>\n\n<\/li><\/ul><\/div>\n<script type=\"application\/ld+json\">\n{\"@context\":\"https:\\\/\\\/schema.org\",\"@graph\":[{\"@type\":\"EducationEvent\",\"name\":\"Journ\\u00c3\\u00a9e Portes Ouvertes \\u00c3\\u00a0 Online\",\"description\":\"R\\u00c3\\u00a9union d'informations - INSEEC Grande Ecole - Tous campus - En ligne - 11\\\/02\\\/2026\",\"startDate\":\"2026-02-11T18:00:00+01:00\",\"endDate\":\"2026-02-11T19:30:00+01:00\",\"eventAttendanceMode\":\"https:\\\/\\\/schema.org\\\/OfflineEventAttendanceMode\",\"organizer\":{\"@id\":\"https:\\\/\\\/www.inseec.com\\\/#organization\"},\"url\":\"https:\\\/\\\/www.inseec.com\\\/evenement\\\/journee-portes-ouvertes-a-online-2026-02-10-2\\\/\",\"isAccessibleForFree\":true},{\"@type\":\"EducationEvent\",\"name\":\"Journ\\u00c3\\u00a9e Portes Ouvertes \\u00c3\\u00a0 Paris\",\"description\":\"Soir\\u00c3\\u00a9e Portes Ouvertes - INSEEC Grande Ecole - Paris - mercredi 18 f\\u00c3\\u00a9vrier 2026\",\"startDate\":\"2026-02-17T18:00:00+01:00\",\"endDate\":\"2026-02-17T20:00:00+01:00\",\"eventAttendanceMode\":\"https:\\\/\\\/schema.org\\\/OfflineEventAttendanceMode\",\"organizer\":{\"@id\":\"https:\\\/\\\/www.inseec.com\\\/#organization\"},\"url\":\"https:\\\/\\\/www.inseec.com\\\/evenement\\\/journee-portes-ouvertes-a-paris-2026-02-17\\\/\",\"isAccessibleForFree\":true,\"location\":{\"@type\":\"Place\",\"name\":\"\\u00c3\\u0089cole de commerce \\u00c3\\u00a0 Paris\",\"address\":{\"@type\":\"PostalAddress\",\"streetAddress\":\"37 Quai de Grenelle\",\"addressLocality\":\"Paris\",\"postalCode\":\"75015\",\"addressCountry\":\"FR\"}}},{\"@type\":\"EducationEvent\",\"name\":\"Journ\\u00c3\\u00a9e Portes Ouvertes \\u00c3\\u00a0 Bordeaux\",\"description\":\"Soir\\u00c3\\u00a9e Portes Ouvertes - INSEEC Grande Ecole - Bordeaux - mercredi 17 f\\u00c3\\u00a9vrier 2026\",\"startDate\":\"2026-02-17T18:00:00+01:00\",\"endDate\":\"2026-02-17T20:00:00+01:00\",\"eventAttendanceMode\":\"https:\\\/\\\/schema.org\\\/OfflineEventAttendanceMode\",\"organizer\":{\"@id\":\"https:\\\/\\\/www.inseec.com\\\/#organization\"},\"url\":\"https:\\\/\\\/www.inseec.com\\\/evenement\\\/journee-portes-ouvertes-a-bordeaux-2026-02-17\\\/\",\"isAccessibleForFree\":true,\"location\":{\"@type\":\"Place\",\"name\":\"\\u00c3\\u0089cole de commerce \\u00c3\\u00a0 Bordeaux\",\"address\":{\"@type\":\"PostalAddress\",\"streetAddress\":\"136 Quai des Chartrons\",\"addressLocality\":\"Bordeaux\",\"postalCode\":\"33000\",\"addressCountry\":\"FR\"}}}]}\n<\/script>\n<\/div>\n\n\n\n<div class=\"wp-block-buttons is-content-justification-center is-layout-flex wp-container-core-buttons-is-layout-a89b3969 wp-block-buttons-is-layout-flex\">\n<div class=\"wp-block-button is-style-outline-lg\"><a class=\"wp-block-button__link wp-element-button\" href=\"https:\/\/www.inseec.com\/evenement\/\">Voir tous les \u00e9v\u00e9nements<\/a><\/div>\n<\/div>\n<\/section>\n\n\n<span class=\"wp-block-beapi-anchor\" aria-hidden=\"true\" id=\"anchor-faq\"><\/span>\n\n\n\n<div class=\"wp-block-group alignwide wp-pattern wp-pattern-faq-cta is-layout-flow wp-block-group-is-layout-flow has-block-anchor\" style=\"margin-top:0;margin-bottom:0;padding-top:var(--wp--preset--spacing--6-xl);padding-bottom:var(--wp--preset--spacing--6-xl)\">\n<div class=\"wp-block-columns is-layout-flex wp-container-core-columns-is-layout-b3d710c4 wp-block-columns-is-layout-flex has-block-anchor\">\n<div class=\"wp-block-column is-layout-flow wp-container-core-column-is-layout-e67eb3c6 wp-block-column-is-layout-flow\" style=\"flex-basis:40.3%\">\n<div class=\"wp-block-group is-vertical is-layout-flex wp-container-core-group-is-layout-b80b8bd4 wp-block-group-is-layout-flex has-block-anchor\">\n<div class=\"wp-block-group is-vertical is-layout-flex wp-container-core-group-is-layout-bd7877ba wp-block-group-is-layout-flex has-block-anchor\">\n<p class=\"is-style-heading-default-eyebrow has-on-surface-color has-text-color has-link-color wp-elements-7f5af9274a5957746917b1e3dc31a535\">FAQ<\/p>\n\n\n\n<h2 class=\"wp-block-heading is-style-heading-emphasis-h2 has-on-surface-color has-text-color has-link-color wp-elements-c058f3511b776e7852ba3882738ae641\" id=\"tout-savoir-sur-le-grade-de-master-finance-audit-et-controle\">Tout savoir sur le Grade de Master Finance, Audit et Contr\u00f4le<\/h2>\n<\/div>\n\n\n\n<p class=\"is-style-plain-default-md has-on-surface-subtle-color has-text-color has-link-color wp-elements-283b47795bd8e1e9a9dd29e1e2513958\">Vous vous posez des questions sur le Programme Grande \u00c9cole Finance, Audit et Contr\u00f4le ? Retrouvez ci-dessous les r\u00e9ponses aux interrogations les plus fr\u00e9quentes.\u00a0 Et si vous souhaitez en savoir encore plus, nos \u00e9quipes se tiennent \u00e0 votre disposition pour en parler !<\/p>\n<\/div>\n\n\n\n<div class=\"wp-block-group has-border-color is-vertical is-layout-flex wp-container-core-group-is-layout-b00cbbb9 wp-block-group-is-layout-flex has-block-anchor\" style=\"border-color:var(--wp--custom--border--outline-subtle);border-width:1px;border-radius:16px;padding-top:var(--wp--preset--spacing--padding-y-sm);padding-right:var(--wp--preset--spacing--padding-x-sm);padding-bottom:var(--wp--preset--spacing--padding-y-sm);padding-left:var(--wp--preset--spacing--padding-x-sm)\">\n<div class=\"wp-block-group is-vertical is-layout-flex wp-container-core-group-is-layout-5a6f8b2c wp-block-group-is-layout-flex has-block-anchor\">\n<h3 class=\"wp-block-heading is-style-heading-emphasis-h3 has-on-surface-color has-text-color has-link-color wp-elements-ad08d7d6f6b9f1952683b942cb8f88e2\" id=\"rencontrons-nous\">Rencontrons nous<\/h3>\n\n\n\n<p class=\"is-style-plain-default-md has-on-surface-subtle-color has-text-color has-link-color wp-elements-181c00c3af75595286ee7c0b632f9fb3\">Vous h\u00e9sitez encore ? Rencontrez nos \u00e9quipes pour vous guider dans vos choix !<\/p>\n<\/div>\n\n\n\n<div class=\"wp-block-buttons is-layout-flex wp-container-core-buttons-is-layout-11bdec33 wp-block-buttons-is-layout-flex\">\n<div class=\"wp-block-button is-style-outline-md\"><a class=\"wp-block-button__link wp-element-button\" href=\"https:\/\/www.inseec.com\/evenement\/?_type_devenement_unique=journee-portes-ouvertes&#038;_programmes_unique=grande-ecole\">Portes Ouvertes<\/a><\/div>\n\n\n\n<div class=\"wp-block-button is-style-fill-md popmake-85128\"><a class=\"wp-block-button__link wp-element-button\">RDV personnalis\u00e9<\/a><\/div>\n<\/div>\n<\/div>\n<\/div>\n\n\n\n<div class=\"wp-block-column is-layout-flow wp-container-core-column-is-layout-8a368f38 wp-block-column-is-layout-flow\" style=\"flex-basis:50%\">\n<details class=\"wp-block-details is-style-default is-layout-flow wp-container-core-details-is-layout-9ec55b31 wp-block-details-is-layout-flow\"><summary><h3><span id=\"docs-internal-guid-eebef08a-7fff-bcfd-8dfc-41f83189284a\" style=\"letter-spacing: normal;font-weight: normal\"><span style=\"font-size: 14pt;font-family: Arial, sans-serif;vertical-align: baseline\"><strong>Sur quels lieux puis-je suivre cette formation\u00a0?<\/strong><\/span><\/span><\/h3><\/summary>\n<div class=\"wp-block-group is-vertical is-layout-flex wp-container-core-group-is-layout-a2e3e733 wp-block-group-is-layout-flex\">\n<p class=\"is-style-plain-default-sm has-on-surface-subtle-color has-text-color has-link-color wp-elements-ecd502127f470ce2fe41c6117f7caf9f\">Le Grade de Master Finance, Audit et Contr\u00f4le est propos\u00e9 sur trois campus INSEEC situ\u00e9s dans des lieux strat\u00e9giques pour les m\u00e9tiers de la finance :<\/p>\n\n\n\n<ul class=\"wp-block-list is-style-check has-sm-font-size\">\n<li>Paris (quartier de La Villette).<\/li>\n\n\n\n<li>Lyon (centre-ville).<\/li>\n\n\n\n<li>Bordeaux (centre-ville).<\/li>\n<\/ul>\n<\/div>\n\n\n\n<p class=\"is-style-plain-default-sm has-on-surface-subtle-color has-text-color has-link-color wp-elements-5ff9a4200c645f90fb580324f8f937cb\">Ces campus offrent un acc\u00e8s privil\u00e9gi\u00e9 aux bassins d&#8217;emploi financiers et aux cabinets d&#8217;audit de premier plan.<\/p>\n<\/details>\n\n\n\n<details class=\"wp-block-details is-style-default is-layout-flow wp-container-core-details-is-layout-9ec55b31 wp-block-details-is-layout-flow\"><summary><h3>Quels logiciels et outils financiers sont enseign\u00e9s dans ce programme\u00a0?<\/h3><\/summary>\n<div class=\"wp-block-group is-vertical is-layout-flex wp-container-core-group-is-layout-a2e3e733 wp-block-group-is-layout-flex\">\n<p class=\"is-style-plain-default-sm has-on-surface-subtle-color has-text-color has-link-color wp-elements-ee3485a2b9a424caead0ef1754946cd3\">Le programme vous forme aux outils professionnels indispensables dans les m\u00e9tiers de la finance et de l&#8217;audit :<\/p>\n<\/div>\n\n\n\n<ul class=\"wp-block-list is-style-check has-sm-font-size\">\n<li>Excel avanc\u00e9 et VBA pour l&#8217;automatisation des t\u00e2ches financi\u00e8res.<\/li>\n\n\n\n<li>Python pour l&#8217;analyse de donn\u00e9es et le reporting.<\/li>\n\n\n\n<li>ERP pour la gestion financi\u00e8re.<\/li>\n\n\n\n<li>Logiciels de consolidation et de reporting.<\/li>\n\n\n\n<li>Outils de Business Intelligence (ex : Power BI).<\/li>\n\n\n\n<li>Logiciels d&#8217;audit assist\u00e9 par ordinateur (ACL, IDEA).<\/li>\n<\/ul>\n<\/details>\n\n\n\n<details class=\"wp-block-details is-style-default is-layout-flow wp-container-core-details-is-layout-9ec55b31 wp-block-details-is-layout-flow\"><summary><h3><span id=\"docs-internal-guid-5436313c-7fff-13c2-3afe-4289811399b1\" style=\"letter-spacing: normal;font-weight: normal\"><span style=\"font-size: 14pt;font-family: Arial, sans-serif;vertical-align: baseline\"><strong>Quelles sont les diff\u00e9rences entre ce programme et un Master en universit\u00e9\u00a0?<\/strong><\/span><\/span><\/h3><\/summary>\n<div class=\"wp-block-group is-vertical is-layout-flex wp-container-core-group-is-layout-a2e3e733 wp-block-group-is-layout-flex\">\n<p class=\"is-style-plain-default-sm has-on-surface-subtle-color has-text-color has-link-color wp-elements-1b27540c4c15e1d7908d324430d3bbc6\">Le Grade de Master de l&#8217;INSEEC Grande \u00c9cole se distingue par :<\/p>\n\n\n\n<ul class=\"wp-block-list is-style-check has-sm-font-size\">\n<li>Un dipl\u00f4me vis\u00e9 par l&#8217;\u00c9tat et accr\u00e9dit\u00e9 AMBA, reconnu internationalement.<\/li>\n\n\n\n<li>Une forte orientation professionnalisante avec alternance possible sur 3 ans.<\/li>\n\n\n\n<li>Un r\u00e9seau de 10 000 entreprises partenaires dans l&#8217;\u00e9conomie et la finance.<\/li>\n\n\n\n<li>Un accompagnement personnalis\u00e9 dans votre recherche d&#8217;alternance.<\/li>\n\n\n\n<li>Des cours assur\u00e9s par des professionnels du droit, de la finance et de l&#8217;audit.<\/li>\n<\/ul>\n<\/div>\n<\/details>\n\n\n\n<details class=\"wp-block-details is-style-default is-layout-flow wp-container-core-details-is-layout-9ec55b31 wp-block-details-is-layout-flow\"><summary><h3>Quelles entreprises partenaires recrutent des \u00e9tudiants de ce programme\u00a0?<\/h3><\/summary>\n<div class=\"wp-block-group is-vertical is-layout-flex wp-container-core-group-is-layout-a2e3e733 wp-block-group-is-layout-flex\">\n<p class=\"is-style-plain-default-sm has-on-surface-subtle-color has-text-color has-link-color wp-elements-3fd1cfefece0896dda0daa782db96d6e\">Le r\u00e9seau de 10 000 entreprises partenaires de l&#8217;INSEEC recrute r\u00e9guli\u00e8rement des dipl\u00f4m\u00e9s du PGE (Programme Grande \u00c9cole) Finance, Audit et Contr\u00f4le dans divers secteurs :<\/p>\n\n\n\n<ul class=\"wp-block-list is-style-check has-sm-font-size\">\n<li>Cabinets d&#8217;audit et d&#8217;expertise comptable (Big Four, cabinets r\u00e9gionaux).<\/li>\n\n\n\n<li>Directions financi\u00e8res de grands groupes.<\/li>\n\n\n\n<li>Soci\u00e9t\u00e9s de conseil en finance et contr\u00f4le de gestion.<\/li>\n\n\n\n<li>Banques et \u00e9tablissements financiers.<\/li>\n\n\n\n<li>PME et ETI recherchant des contr\u00f4leurs de gestion.<\/li>\n<\/ul>\n<\/div>\n<\/details>\n\n\n\n<details class=\"wp-block-details is-style-default is-layout-flow wp-container-core-details-is-layout-9ec55b31 wp-block-details-is-layout-flow\"><summary><h3>Quelle est la dur\u00e9e d&#8217;un Grade de Master Finance, Audit et Contr\u00f4le INSEEC\u00a0?<\/h3><\/summary>\n<div class=\"wp-block-group is-vertical is-layout-flex wp-container-core-group-is-layout-a2e3e733 wp-block-group-is-layout-flex\">\n<p class=\"is-style-plain-default-sm has-on-surface-subtle-color has-text-color has-link-color wp-elements-78617708d88cefdb35f870b8375104a3\">Le parcours Finance, Audit et Contr\u00f4le se d\u00e9roule sur 3 ans (L3 + M1 + M2) pour une entr\u00e9e en 1\u02b3\u1d49 ann\u00e9e apr\u00e8s un Bac +2, ou sur 2 ans (M1 + M2) pour une entr\u00e9e en 2\u1d49 ann\u00e9e apr\u00e8s un Bac +3\/4.\u00a0<\/p>\n\n\n\n<p class=\"is-style-plain-default-sm has-on-surface-subtle-color has-text-color has-link-color wp-elements-29835ff6149d9db0343d25a11f385281\">Cette formation compl\u00e8te vous permet de valider 180 cr\u00e9dits ECTS et d&#8217;obtenir un dipl\u00f4me vis\u00e9 conf\u00e9rant le Grade de Master.<\/p>\n<\/div>\n<\/details>\n\n\n\n<details class=\"wp-block-details is-style-default is-layout-flow wp-container-core-details-is-layout-9ec55b31 wp-block-details-is-layout-flow\"><summary><h3>L&#8217;alternance est-elle possible pendant le Grade de Master Finance, Audit et Contr\u00f4le INSEEC\u00a0?<\/h3><\/summary>\n<div class=\"wp-block-group is-vertical is-layout-flex wp-container-core-group-is-layout-a2e3e733 wp-block-group-is-layout-flex\">\n<p class=\"is-style-plain-default-sm has-on-surface-subtle-color has-text-color has-link-color wp-elements-52efdcb48544daf1a5c23c2cc2f19db9\">Oui, l&#8217;alternance est d\u2019ailleurs le seul format possible sur les 3 ann\u00e9es du programme. Ce format vous permet d&#8217;acqu\u00e9rir une solide exp\u00e9rience professionnelle en audit, contr\u00f4le de gestion ou direction financi\u00e8re dans le domaine de la finance d&#8217;entreprise tout en finan\u00e7ant votre formation.<\/p>\n<\/div>\n<\/details>\n\n\n\n<details class=\"wp-block-details is-style-default is-layout-flow wp-container-core-details-is-layout-9ec55b31 wp-block-details-is-layout-flow\"><summary><h3>Quels sont les services d&#8217;accompagnement pour les \u00e9tudiants\u00a0?<\/h3><\/summary>\n<div class=\"wp-block-group is-vertical is-layout-flex wp-container-core-group-is-layout-a2e3e733 wp-block-group-is-layout-flex\">\n<p class=\"is-style-plain-default-sm has-on-surface-subtle-color has-text-color has-link-color wp-elements-2a655bf4986c3546fbc3afc4d3b9d920\">L&#8217;INSEEC met \u00e0 votre disposition de nombreux services pour votre r\u00e9ussite :<\/p>\n\n\n\n<ul class=\"wp-block-list is-style-check has-sm-font-size\">\n<li>Service Relations Entreprises pour trouver votre alternance.<\/li>\n\n\n\n<li>Coaching individualis\u00e9 pour la recherche d&#8217;emploi.<\/li>\n\n\n\n<li>Ateliers CV, lettre de motivation et pr\u00e9paration aux entretiens.<\/li>\n\n\n\n<li>Plateforme Match\u2019Up avec des milliers d&#8217;offres en finance.<\/li>\n\n\n\n<li>R\u00e9seau de 115 000 alumni actifs dans la finance et l&#8217;audit.<\/li>\n<\/ul>\n<\/div>\n<\/details>\n\n\n\n<details class=\"wp-block-details is-style-default is-layout-flow wp-container-core-details-is-layout-9ec55b31 wp-block-details-is-layout-flow\"><summary><h3><span id=\"docs-internal-guid-7345ba09-7fff-990a-6785-adfaef9c5416\" style=\"letter-spacing: normal;font-weight: normal\"><span style=\"font-size: 14pt;font-family: Arial, sans-serif;vertical-align: baseline\"><strong>Quels sont les objectifs du Grade de Master Finance, Audit et Contr\u00f4le\u00a0?<\/strong><\/span><\/span><\/h3><\/summary>\n<p class=\"is-style-plain-default-sm\">Cette formation vise \u00e0 former des experts capables d&#8217;analyser la performance financi\u00e8re, d&#8217;auditer les comptes, de piloter le contr\u00f4le de gestion et de conseiller la direction sur la strat\u00e9gie financi\u00e8re. Vous d\u00e9veloppez une expertise technique reconnue dans les sciences de gestion appliqu\u00e9es \u00e0 la finance d&#8217;entreprise.<\/p>\n<\/details>\n\n\n\n<details class=\"wp-block-details is-style-default is-layout-flow wp-container-core-details-is-layout-9ec55b31 wp-block-details-is-layout-flow\"><summary><h3>Quels sont les soft skills d\u00e9velopp\u00e9s \u00e0 la suite d&#8217;un Grade de Master Finance, Audit et Contr\u00f4le\u00a0?<\/h3><\/summary>\n<p class=\"is-style-plain-default-sm has-on-surface-subtle-color has-text-color has-link-color wp-elements-8386c43f3cf406d320d96edcbbf8a0ca\">Ce parcours d\u00e9veloppe des comp\u00e9tences comportementales essentielles pour r\u00e9ussir dans les m\u00e9tiers de la finance :<\/p>\n\n\n\n<ul class=\"wp-block-list is-style-check has-sm-font-size\">\n<li>Rigueur et sens du d\u00e9tail.<\/li>\n\n\n\n<li>Capacit\u00e9 d&#8217;analyse et esprit de synth\u00e8se.<\/li>\n\n\n\n<li>Communication financi\u00e8re et p\u00e9dagogie.<\/li>\n\n\n\n<li>Gestion du stress et respect des d\u00e9lais.<\/li>\n\n\n\n<li>Adaptabilit\u00e9 aux \u00e9volutions r\u00e9glementaires.<\/li>\n\n\n\n<li>\u00c9thique professionnelle et confidentialit\u00e9.<\/li>\n<\/ul>\n<\/details>\n\n\n\n<details class=\"wp-block-details is-style-default is-layout-flow wp-container-core-details-is-layout-9ec55b31 wp-block-details-is-layout-flow\"><summary><h3>Quelles langues sont utilis\u00e9es pour les cours et les examens\u00a0?<\/h3><\/summary>\n<div class=\"wp-block-group is-vertical is-layout-flex wp-container-core-group-is-layout-a2e3e733 wp-block-group-is-layout-flex\">\n<p class=\"is-style-plain-default-sm has-on-surface-subtle-color has-text-color has-link-color wp-elements-b902c13f71338336c11a91f308c648be\">L&#8217;enseignement du Programme Grande \u00c9cole Finance, Audit et Contr\u00f4le est dispens\u00e9 en fran\u00e7ais et d\u00e9livre un Grade de Master. Cependant, une solide ma\u00eetrise de l&#8217;anglais est recommand\u00e9e pour comprendre la documentation technique internationale, les normes IFRS et pour \u00e9voluer dans des groupes multinationaux.<\/p>\n<\/div>\n<\/details>\n<\/div>\n<\/div>\n<\/div>\n\n\n\n<div class=\"wp-block-group alignfull wp-pattern wp-pattern-programs-courses wp-pattern-programs-courses-three-columns has-global-padding is-layout-constrained wp-block-group-is-layout-constrained has-block-anchor\" style=\"margin-top:0;margin-bottom:0;padding-top:var(--wp--preset--spacing--padding-y-section);padding-bottom:var(--wp--preset--spacing--padding-y-section)\">\n<div class=\"wp-block-group alignwide wp-pattern__inner is-layout-flow wp-container-core-group-is-layout-575f1b41 wp-block-group-is-layout-flow has-block-anchor\" style=\"margin-top:0;margin-bottom:0\">\n<div class=\"wp-block-group wp-pattern__header is-layout-flow wp-block-group-is-layout-flow has-block-anchor\">\n<p class=\"is-style-heading-default-eyebrow has-on-surface-color has-text-color has-link-color wp-elements-e8345622831359d792cb1375913d8866\">Fait pour vous<\/p>\n\n\n\n<h2 class=\"wp-block-heading is-style-heading-emphasis-h2 has-on-surface-color has-text-color has-link-color wp-elements-70757f61ff718378a2b7ae8b55051f88\" style=\"margin-top:var(--wp--preset--spacing--xs);margin-bottom:var(--wp--preset--spacing--2-xl)\" id=\"nos-autres-formations-programme-grande-ecole\">Nos autres formations Programme Grande \u00c9cole<\/h2>\n<\/div>\n\n\n\n<div class=\"wp-block-group is-layout-flow wp-container-core-group-is-layout-3fccdef8 wp-block-group-is-layout-flow\">\n<div class=\"wp-block-group is-layout-grid wp-container-core-group-is-layout-9718aa02 wp-block-group-is-layout-grid\"><div class=\"wpgb-facet wpgb-loading wpgb-facet-24\" data-facet=\"24\" data-grid=\"wpgb-content-block\/60b999da70944ac3bbd671c1e6573b90\"><\/div>\n\n<div class=\"wpgb-facet wpgb-loading wpgb-facet-25\" data-facet=\"25\" data-grid=\"wpgb-content-block\/60b999da70944ac3bbd671c1e6573b90\"><\/div><\/div>\n\n\n\n<div class=\"wp-block-query is-layout-flow wp-block-query-is-layout-flow wpgb-content-block60b999da70944ac3bbd671c1e6573b90\"><ul class=\"wp-block-post-template is-layout-grid wp-container-core-post-template-is-layout-25c06649 wp-block-post-template-is-layout-grid\"><li class=\"wp-block-post post-81188 program type-program status-publish hentry city-lyon certification-titre-rncp-niveau-7 program_language-anglais admission_level-bac-2 admission_level-bac-3 training_pace-initial school-grande-ecole specialisation-international\">\n\n<div class=\"crd crd--program\">\n\t<ul class=\"terms-list no-list-style\"><li class=\"is-style-tag-fill-sm\">Bac +2<\/li><li class=\"is-style-tag-fill-sm\">Bac +3<\/li><\/ul><h3 class=\"crd__title is-style-plain-emphasis-md\">Grade de Master Tourism, Leisure &#038; Gastronomy<\/h3>\n\t<div class=\"crd__buttons\">\n\t\t<div class=\"wp-block-button is-style-outline-sm\"><a href=\"https:\/\/www.inseec.com\/demande-brochure\/\" class=\"wp-block-button__link\">Brochure<\/a><\/div><div class=\"wp-block-button is-style-subtle-sm\"><a href=\"https:\/\/www.inseec.com\/programme\/master-tourism-leisure-gastronomy\/\" class=\"wp-block-button__link\">Discover <span class=\"sr-only\">Grade de Master Tourism, Leisure &#038; Gastronomy<\/span><\/a><\/div>\t<\/div>\n<\/div>\n\n<\/li><li class=\"wp-block-post post-81221 program type-program status-publish hentry city-bordeaux city-lyon city-paris certification-titre-rncp-niveau-7 program_language-anglais program_language-francais admission_level-bac-3 training_pace-alternance training_pace-initial school-grande-ecole specialisation-marketing\">\n\n<div class=\"crd crd--program\">\n\t<ul class=\"terms-list no-list-style\"><li class=\"is-style-tag-fill-sm\">Bac +3<\/li><\/ul><h3 class=\"crd__title is-style-plain-emphasis-md\">Grade de Master Marketing, Digital Innovation et M\u00e9dia Strategy \u2013 SUP DE PUB<\/h3>\n\t<div class=\"crd__buttons\">\n\t\t<div class=\"wp-block-button is-style-outline-sm\"><a href=\"https:\/\/www.inseec.com\/demande-brochure\/\" class=\"wp-block-button__link\">Brochure<\/a><\/div><div class=\"wp-block-button is-style-subtle-sm\"><a href=\"https:\/\/www.inseec.com\/programme\/master-marketing-digital-innovation-media-strategy\/\" class=\"wp-block-button__link\">Discover <span class=\"sr-only\">Grade de Master Marketing, Digital Innovation et M\u00e9dia Strategy \u2013 SUP DE PUB<\/span><\/a><\/div>\t<\/div>\n<\/div>\n\n<\/li><li class=\"wp-block-post post-81154 program type-program status-publish hentry city-bordeaux city-lyon city-paris certification-titre-rncp-niveau-7 program_language-francais admission_level-bac-2 admission_level-bac-3 training_pace-alternance school-grande-ecole specialisation-ressources-humaines\">\n\n<div class=\"crd crd--program\">\n\t<ul class=\"terms-list no-list-style\"><li class=\"is-style-tag-fill-sm\">Bac +2<\/li><li class=\"is-style-tag-fill-sm\">Bac +3<\/li><\/ul><h3 class=\"crd__title is-style-plain-emphasis-md\">Grade de Master Management RH et Organisations Durables<\/h3>\n\t<div class=\"crd__buttons\">\n\t\t<div class=\"wp-block-button is-style-outline-sm\"><a href=\"https:\/\/www.inseec.com\/demande-brochure\/\" class=\"wp-block-button__link\">Brochure<\/a><\/div><div class=\"wp-block-button is-style-subtle-sm\"><a href=\"https:\/\/www.inseec.com\/programme\/master-management-rh-organisations-durables\/\" class=\"wp-block-button__link\">Discover <span class=\"sr-only\">Grade de Master Management RH et Organisations Durables<\/span><\/a><\/div>\t<\/div>\n<\/div>\n\n<\/li><li class=\"wp-block-post post-81137 program type-program status-publish hentry city-bordeaux city-lyon city-paris certification-titre-rncp-niveau-7 program_language-anglais program_language-francais admission_level-bac-2 admission_level-bac-3 training_pace-alternance training_pace-initial school-grande-ecole specialisation-marketing\">\n\n<div class=\"crd crd--program\">\n\t<ul class=\"terms-list no-list-style\"><li class=\"is-style-tag-fill-sm\">Bac +2<\/li><li class=\"is-style-tag-fill-sm\">Bac +3<\/li><\/ul><h3 class=\"crd__title is-style-plain-emphasis-md\">Grade de Master Marketing Digital, Innovation et Brand Management<\/h3>\n\t<div class=\"crd__buttons\">\n\t\t<div class=\"wp-block-button is-style-outline-sm\"><a href=\"https:\/\/www.inseec.com\/demande-brochure\/\" class=\"wp-block-button__link\">Brochure<\/a><\/div><div class=\"wp-block-button is-style-subtle-sm\"><a href=\"https:\/\/www.inseec.com\/programme\/master-marketing-digital-innovation-brand-management\/\" class=\"wp-block-button__link\">Discover <span class=\"sr-only\">Grade de Master Marketing Digital, Innovation et Brand Management<\/span><\/a><\/div>\t<\/div>\n<\/div>\n\n<\/li><li class=\"wp-block-post post-81163 program type-program status-publish hentry city-lyon certification-titre-rncp-niveau-7 program_language-francais admission_level-bac-2 admission_level-bac-3 training_pace-alternance school-grande-ecole specialisation-sport\">\n\n<div class=\"crd crd--program\">\n\t<ul class=\"terms-list no-list-style\"><li class=\"is-style-tag-fill-sm\">Bac +2<\/li><li class=\"is-style-tag-fill-sm\">Bac +3<\/li><\/ul><h3 class=\"crd__title is-style-plain-emphasis-md\">Grade de Master Management du Sport et Strat\u00e9gies d\u2019Innovation<\/h3>\n\t<div class=\"crd__buttons\">\n\t\t<div class=\"wp-block-button is-style-outline-sm\"><a href=\"https:\/\/www.inseec.com\/demande-brochure\/\" class=\"wp-block-button__link\">Brochure<\/a><\/div><div class=\"wp-block-button is-style-subtle-sm\"><a href=\"https:\/\/www.inseec.com\/programme\/master-management-sport-strategies-innovation\/\" class=\"wp-block-button__link\">Discover <span class=\"sr-only\">Grade de Master Management du Sport et Strat\u00e9gies d\u2019Innovation<\/span><\/a><\/div>\t<\/div>\n<\/div>\n\n<\/li><li class=\"wp-block-post post-81159 program type-program status-publish hentry city-paris certification-titre-rncp-niveau-7 program_language-anglais admission_level-bac-2 admission_level-bac-3 training_pace-initial school-grande-ecole specialisation-luxe\">\n\n<div class=\"crd crd--program\">\n\t<ul class=\"terms-list no-list-style\"><li class=\"is-style-tag-fill-sm\">Bac +2<\/li><li class=\"is-style-tag-fill-sm\">Bac +3<\/li><\/ul><h3 class=\"crd__title is-style-plain-emphasis-md\">Grade de Master Luxury Brand Management<\/h3>\n\t<div class=\"crd__buttons\">\n\t\t<div class=\"wp-block-button is-style-outline-sm\"><a href=\"https:\/\/www.inseec.com\/demande-brochure\/\" class=\"wp-block-button__link\">Brochure<\/a><\/div><div class=\"wp-block-button is-style-subtle-sm\"><a href=\"https:\/\/www.inseec.com\/programme\/master-luxury-brand-management\/\" class=\"wp-block-button__link\">Discover <span class=\"sr-only\">Grade de Master Luxury Brand Management<\/span><\/a><\/div>\t<\/div>\n<\/div>\n\n<\/li><\/ul><\/div>\n\n\n<div class=\"wpgb-facet wpgb-loading wpgb-facet-2\" data-facet=\"2\" data-grid=\"wpgb-content-block\/60b999da70944ac3bbd671c1e6573b90\"><\/div><\/div>\n<\/div>\n<\/div>\n","protected":false},"excerpt":{"rendered":"<p>Pr\u00e9sentation Qu&#8217;est-ce qu&#8217;un Grade de Master Finance, Audit et Contr\u00f4le\u00a0? Cette sp\u00e9cialisation du Programme Grande \u00c9cole INSEEC conf\u00e8re le Grade de Master et est certifi\u00e9e RNCP niveau 7. Il est d&#8217;ailleurs tout \u00e0 fait possible de rejoindre ce cursus Grande \u00c9cole en finance pour acqu\u00e9rir une vision globale des enjeux financiers. Elle forme aux m\u00e9tiers [&hellip;]<\/p>\n","protected":false},"parent":0,"template":"","city":[475,485,499],"certification":[164],"program_language":[219,224],"admission_level":[189,194],"training_pace":[209,214],"school":[259],"specialisation":[560],"analytics_tag":[720],"class_list":["post-80964","program","type-program","status-publish","hentry","city-bordeaux","city-lyon","city-paris","certification-titre-rncp-niveau-7","program_language-anglais","program_language-francais","admission_level-bac-2","admission_level-bac-3","training_pace-alternance","training_pace-initial","school-grande-ecole","specialisation-finance"],"acf":[],"yoast_head":"<title>Grade de Master Finance, Audit et Contr\u00f4le - INSEEC<\/title>\n<meta name=\"description\" content=\"Int\u00e9grez le Grade de Master Finance, Audit et Contr\u00f4le de l&#039;INSEEC. Dipl\u00f4me vis\u00e9 Bac +5 avec alternance possible sur 3 campus : Paris, Lyon, Bordeaux.\" \/>\n<meta name=\"robots\" content=\"index, follow, max-snippet:-1, max-image-preview:large, max-video-preview:-1\" \/>\n<link rel=\"canonical\" href=\"https:\/\/www.inseec.com\/programme\/master-finance-audit-controle\/\" \/>\n<meta property=\"og:locale\" content=\"fr_FR\" \/>\n<meta property=\"og:type\" content=\"article\" \/>\n<meta property=\"og:title\" content=\"Grade de Master Finance, Audit et Contr\u00f4le - INSEEC\" \/>\n<meta property=\"og:description\" content=\"Int\u00e9grez le Grade de Master Finance, Audit et Contr\u00f4le de l&#039;INSEEC. Dipl\u00f4me vis\u00e9 Bac +5 avec alternance possible sur 3 campus : Paris, Lyon, Bordeaux.\" \/>\n<meta property=\"og:url\" content=\"https:\/\/www.inseec.com\/programme\/master-finance-audit-controle\/\" \/>\n<meta property=\"og:site_name\" content=\"INSEEC\" \/>\n<meta property=\"article:modified_time\" content=\"2026-01-22T14:35:53+00:00\" \/>\n<meta property=\"og:image\" content=\"https:\/\/www.inseec.com\/wp-content\/uploads\/sites\/32\/2025\/11\/Photo-de-profil-INSEEC-ige.jpg.jpg\" \/>\n\t<meta property=\"og:image:width\" content=\"320\" \/>\n\t<meta property=\"og:image:height\" content=\"320\" \/>\n\t<meta property=\"og:image:type\" content=\"image\/jpeg\" \/>\n<meta name=\"twitter:card\" content=\"summary_large_image\" \/>\n<meta name=\"twitter:label1\" content=\"Est. reading time\" \/>\n\t<meta name=\"twitter:data1\" content=\"11 minutes\" \/>\n<script type=\"application\/ld+json\" class=\"yoast-schema-graph\">{\"@context\":\"https:\/\/schema.org\",\"@graph\":[{\"@type\":\"WebPage\",\"@id\":\"https:\/\/www.inseec.com\/programme\/master-finance-audit-controle\/\",\"url\":\"https:\/\/www.inseec.com\/programme\/master-finance-audit-controle\/\",\"name\":\"Grade de Master Finance, Audit et Contr\u00f4le - INSEEC\",\"isPartOf\":{\"@id\":\"https:\/\/www.inseec.com\/#website\"},\"primaryImageOfPage\":{\"@id\":\"https:\/\/www.inseec.com\/programme\/master-finance-audit-controle\/#primaryimage\"},\"image\":{\"@id\":\"https:\/\/www.inseec.com\/programme\/master-finance-audit-controle\/#primaryimage\"},\"thumbnailUrl\":\"https:\/\/www.inseec.com\/wp-content\/uploads\/sites\/32\/2025\/12\/grade-master-logo-diplome.webp\",\"datePublished\":\"2025-12-05T09:34:27+00:00\",\"dateModified\":\"2026-01-22T14:35:53+00:00\",\"description\":\"Int\u00e9grez le Grade de Master Finance, Audit et Contr\u00f4le de l'INSEEC. Dipl\u00f4me vis\u00e9 Bac +5 avec alternance possible sur 3 campus : Paris, Lyon, Bordeaux.\",\"breadcrumb\":{\"@id\":\"https:\/\/www.inseec.com\/programme\/master-finance-audit-controle\/#breadcrumb\"},\"inLanguage\":\"fr-FR\",\"potentialAction\":[{\"@type\":\"ReadAction\",\"target\":[\"https:\/\/www.inseec.com\/programme\/master-finance-audit-controle\/\"]}]},{\"@type\":\"ImageObject\",\"inLanguage\":\"fr-FR\",\"@id\":\"https:\/\/www.inseec.com\/programme\/master-finance-audit-controle\/#primaryimage\",\"url\":\"https:\/\/www.inseec.com\/wp-content\/uploads\/sites\/32\/2025\/12\/grade-master-logo-diplome.webp\",\"contentUrl\":\"https:\/\/www.inseec.com\/wp-content\/uploads\/sites\/32\/2025\/12\/grade-master-logo-diplome.webp\",\"width\":261,\"height\":300},{\"@type\":\"BreadcrumbList\",\"@id\":\"https:\/\/www.inseec.com\/programme\/master-finance-audit-controle\/#breadcrumb\",\"itemListElement\":[{\"@type\":\"ListItem\",\"position\":1,\"name\":\"Home\",\"item\":\"https:\/\/www.inseec.com\/\"},{\"@type\":\"ListItem\",\"position\":2,\"name\":\"Programmes\",\"item\":\"https:\/\/omneseducation.net\/inseec-2025\/program\/\"},{\"@type\":\"ListItem\",\"position\":3,\"name\":\"Grade de Master Finance, Audit et Contr\u00f4le\"}]},{\"@type\":\"WebSite\",\"@id\":\"https:\/\/www.inseec.com\/#website\",\"url\":\"https:\/\/www.inseec.com\/\",\"name\":\"INSEEC\",\"description\":\"\",\"publisher\":{\"@id\":\"https:\/\/www.inseec.com\/#organization\"},\"potentialAction\":[{\"@type\":\"SearchAction\",\"target\":{\"@type\":\"EntryPoint\",\"urlTemplate\":\"https:\/\/www.inseec.com\/?s={search_term_string}\"},\"query-input\":{\"@type\":\"PropertyValueSpecification\",\"valueRequired\":true,\"valueName\":\"search_term_string\"}}],\"inLanguage\":\"fr-FR\"},{\"@type\":\"Organization\",\"@id\":\"https:\/\/www.inseec.com\/#organization\",\"name\":\"INSEEC\",\"url\":\"https:\/\/www.inseec.com\/\",\"logo\":{\"@type\":\"ImageObject\",\"inLanguage\":\"fr-FR\",\"@id\":\"https:\/\/www.inseec.com\/#\/schema\/logo\/image\/\",\"url\":\"https:\/\/www.inseec.com\/wp-content\/uploads\/sites\/32\/2025\/11\/logo.svg\",\"contentUrl\":\"https:\/\/www.inseec.com\/wp-content\/uploads\/sites\/32\/2025\/11\/logo.svg\",\"width\":173,\"height\":36,\"caption\":\"INSEEC\"},\"image\":{\"@id\":\"https:\/\/www.inseec.com\/#\/schema\/logo\/image\/\"}},{\"@context\":\"https:\/\/schema.org\",\"@type\":\"EducationalOrganization\",\"@id\":\"https:\/\/www.inseec.com\/#organization\",\"name\":\"INSEEC\",\"description\":\"\",\"url\":\"https:\/\/www.inseec.com\/\",\"logo\":\"https:\/\/www.inseec.com\/wp-content\/uploads\/sites\/32\/2025\/11\/logo.svg\",\"image\":[\"https:\/\/www.inseec.com\/wp-content\/uploads\/sites\/32\/2025\/11\/campus-hero-barcelone-inseec.jpg\",\"https:\/\/www.inseec.com\/wp-content\/uploads\/sites\/32\/2025\/11\/campus-barcelone-inseec-ville-basilique-notre-dame-de-fourviere.jpg\",\"https:\/\/www.inseec.com\/wp-content\/uploads\/sites\/32\/2025\/11\/campus-barcelone-inseec-photo-portrait.jpg\",\"https:\/\/www.inseec.com\/wp-content\/uploads\/sites\/32\/2025\/11\/campus-slider-vr-campus-barcelone-inseec-etudiants-cours-petite-salle.jpg\",\"https:\/\/www.inseec.com\/wp-content\/uploads\/sites\/32\/2025\/11\/campus-hero-munich-inseec.jpg\",\"https:\/\/www.inseec.com\/wp-content\/uploads\/sites\/32\/2025\/11\/campus-munich-inseec-ville-basilique-notre-dame-de-fourviere.jpg\",\"https:\/\/www.inseec.com\/wp-content\/uploads\/sites\/32\/2025\/11\/campus-hero-munich-inseec.jpg\",\"https:\/\/www.inseec.com\/wp-content\/uploads\/sites\/32\/2025\/11\/campus-slider-vr-campus-munich-inseec-etudiants-theatre-les-celestins.jpg\",\"https:\/\/www.inseec.com\/wp-content\/uploads\/sites\/32\/2025\/11\/campus-hero-londres-inseec.jpg\",\"https:\/\/www.inseec.com\/wp-content\/uploads\/sites\/32\/2025\/11\/campus-londres-inseec-ville-basilique-notre-dame-de-fourviere.jpg\",\"https:\/\/www.inseec.com\/wp-content\/uploads\/sites\/32\/2025\/11\/campus-hero-londres-inseec.jpg\",\"https:\/\/www.inseec.com\/wp-content\/uploads\/sites\/32\/2025\/12\/campus-slider-vr-campus-londres-inseec-bibliotheque.jpg\",\"https:\/\/www.inseec.com\/wp-content\/uploads\/sites\/32\/2025\/11\/campus-hero-chambery-inseec-resize.jpg\",\"https:\/\/www.inseec.com\/wp-content\/uploads\/sites\/32\/2025\/11\/campus-chambery-inseec-ville-horloge.jpg\",\"https:\/\/www.inseec.com\/wp-content\/uploads\/sites\/32\/2025\/11\/campus-slider-vr-campus-chambery-inseec-exterieur.jpg\",\"https:\/\/www.inseec.com\/wp-content\/uploads\/sites\/32\/2025\/11\/campus-slider-vr-campus-chambery-inseec-salle-detente.jpg\",\"https:\/\/www.inseec.com\/wp-content\/uploads\/sites\/32\/2025\/11\/campus-hero-toulouse-inseec.jpg\",\"https:\/\/www.inseec.com\/wp-content\/uploads\/sites\/32\/2025\/11\/campus-toulouse-inseec-photo-portrait.jpg\",\"https:\/\/www.inseec.com\/wp-content\/uploads\/sites\/32\/2025\/11\/campus-slider-vr-campus-toulouse-inseec-projet-de-groupe.jpg\",\"https:\/\/www.inseec.com\/wp-content\/uploads\/sites\/32\/2025\/11\/campus-slider-vr-campus-toulouse-inseec-etudiants-amphitheatre.jpg\",\"https:\/\/www.inseec.com\/wp-content\/uploads\/sites\/32\/2025\/11\/campus-hero-monaco-inseec.jpg\",\"https:\/\/www.inseec.com\/wp-content\/uploads\/sites\/32\/2025\/12\/INSEEC-Monaco-campus.webp\",\"https:\/\/www.inseec.com\/wp-content\/uploads\/sites\/32\/2025\/11\/campus-hero-monaco-inseec.jpg\",\"https:\/\/www.inseec.com\/wp-content\/uploads\/sites\/32\/2025\/11\/campus-monaco-inseec-mosaic-amis.jpg\",\"https:\/\/www.inseec.com\/wp-content\/uploads\/sites\/32\/2025\/11\/campus-hero-online-inseec.jpg\",\"https:\/\/www.inseec.com\/wp-content\/uploads\/sites\/32\/2025\/11\/guide-metier-inseec-photo-illustration-chef-de-publicite_d1bf22.jpg\",\"https:\/\/www.inseec.com\/wp-content\/uploads\/sites\/32\/2025\/11\/guide-metier-inseec-hero-chef-de-projet-evenementiel.jpg\",\"https:\/\/www.inseec.com\/wp-content\/uploads\/sites\/32\/2025\/11\/guide-metier-inseec-hero-chef-de-produit-sportif.jpg\",\"https:\/\/www.inseec.com\/wp-content\/uploads\/sites\/32\/2025\/11\/campus-hero-beaune-inseec.jpg\",\"https:\/\/www.inseec.com\/wp-content\/uploads\/sites\/32\/2025\/11\/campus-beaune-inseec-ville-cave-a-vin.jpg\",\"https:\/\/www.inseec.com\/wp-content\/uploads\/sites\/32\/2025\/11\/campus-slider-vr-campus-beaune-inseec-groupe-etudiants.jpg\",\"https:\/\/www.inseec.com\/wp-content\/uploads\/sites\/32\/2025\/11\/campus-slider-vr-campus-beaune-inseec-etudiants-1.jpg\",\"https:\/\/www.inseec.com\/wp-content\/uploads\/sites\/32\/2025\/11\/campus-hero-marseille-inseec.jpg\",\"https:\/\/www.inseec.com\/wp-content\/uploads\/sites\/32\/2023\/07\/campus2025-marseille.png\",\"https:\/\/www.inseec.com\/wp-content\/uploads\/sites\/32\/2025\/11\/campus-slider-vr-campus-marseille-inseec-canapes-detente.jpg\",\"https:\/\/www.inseec.com\/wp-content\/uploads\/sites\/32\/2025\/11\/campus-slider-vr-campus-marseille-inseec-salle-commune.jpg\",\"https:\/\/www.inseec.com\/wp-content\/uploads\/sites\/32\/2025\/11\/campus-hero-rennes-inseec.jpg\",\"https:\/\/www.inseec.com\/wp-content\/uploads\/sites\/32\/2025\/11\/campus-rennes-inseec-photo-portrait.jpg\",\"https:\/\/www.inseec.com\/wp-content\/uploads\/sites\/32\/2025\/11\/campus-rennes-inseec-mosaic-alcove-repos.jpg\",\"https:\/\/www.inseec.com\/wp-content\/uploads\/sites\/32\/2025\/11\/campus-rennes-inseec-amphitheatre-etudiantes.jpg\",\"https:\/\/www.inseec.com\/wp-content\/uploads\/sites\/32\/2025\/11\/campus-hero-lyon-inseec.webp\",\"https:\/\/www.inseec.com\/wp-content\/uploads\/sites\/32\/2025\/11\/campus-lyon-inseec-photo-portrait.jpg\",\"https:\/\/www.inseec.com\/wp-content\/uploads\/sites\/32\/2025\/11\/campus-slider-vr-campus-lyon-inseec-dalle-detente.jpg\",\"https:\/\/www.inseec.com\/wp-content\/uploads\/sites\/32\/2025\/11\/campus-slider-vr-campus-lyon-inseec-lion-rouge-hall.jpg\",\"https:\/\/www.inseec.com\/wp-content\/uploads\/sites\/32\/2025\/11\/campus-hero-bordeaux-inseec.jpg\",\"https:\/\/www.inseec.com\/wp-content\/uploads\/sites\/32\/2024\/03\/Campus-Bordeaux-Photo-1.jpg\",\"https:\/\/www.inseec.com\/wp-content\/uploads\/sites\/32\/2025\/11\/campus-bordeaux-inseec-cafeteria.jpg\",\"https:\/\/www.inseec.com\/wp-content\/uploads\/sites\/32\/2025\/11\/campus-bordeaux-inseec-terrasse-bord-garonne.jpg\",\"https:\/\/www.inseec.com\/wp-content\/uploads\/sites\/32\/2025\/11\/campus-paris.jpg\",\"https:\/\/www.inseec.com\/wp-content\/uploads\/sites\/32\/2025\/11\/campus-paris-eiffel-inseec-portrait.jpg\",\"https:\/\/www.inseec.com\/wp-content\/uploads\/sites\/32\/2025\/11\/campus-paris-vellefaux-inseec-cafeteria.jpg\",\"https:\/\/www.inseec.com\/wp-content\/uploads\/sites\/32\/2025\/11\/campus-slider-vr-campus-paris-la-defense-inseec-salle-detente.jpg\",\"https:\/\/www.inseec.com\/wp-content\/uploads\/sites\/32\/2025\/11\/campus-hero-londres-inseec.jpg\",\"https:\/\/www.inseec.com\/wp-content\/uploads\/sites\/32\/2025\/11\/campus-londres-inseec-ville-basilique-notre-dame-de-fourviere.jpg\",\"https:\/\/www.inseec.com\/wp-content\/uploads\/sites\/32\/2025\/11\/campus-hero-londres-inseec.jpg\",\"https:\/\/www.inseec.com\/wp-content\/uploads\/sites\/32\/2025\/12\/campus-slider-vr-campus-londres-inseec-bibliotheque.jpg\",\"https:\/\/www.inseec.com\/wp-content\/uploads\/sites\/32\/2025\/11\/campus-hero-monaco-inseec.jpg\",\"https:\/\/www.inseec.com\/wp-content\/uploads\/sites\/32\/2025\/12\/INSEEC-Monaco-campus.webp\",\"https:\/\/www.inseec.com\/wp-content\/uploads\/sites\/32\/2025\/11\/campus-hero-monaco-inseec.jpg\",\"https:\/\/www.inseec.com\/wp-content\/uploads\/sites\/32\/2025\/11\/campus-monaco-inseec-mosaic-amis.jpg\",\"https:\/\/www.inseec.com\/wp-content\/uploads\/sites\/32\/2025\/11\/campus-hero-munich-inseec.jpg\",\"https:\/\/www.inseec.com\/wp-content\/uploads\/sites\/32\/2025\/11\/campus-munich-inseec-ville-basilique-notre-dame-de-fourviere.jpg\",\"https:\/\/www.inseec.com\/wp-content\/uploads\/sites\/32\/2025\/11\/campus-hero-munich-inseec.jpg\",\"https:\/\/www.inseec.com\/wp-content\/uploads\/sites\/32\/2025\/11\/campus-slider-vr-campus-munich-inseec-etudiants-theatre-les-celestins.jpg\",\"https:\/\/www.inseec.com\/wp-content\/uploads\/sites\/32\/2025\/11\/campus-hero-barcelone-inseec.jpg\",\"https:\/\/www.inseec.com\/wp-content\/uploads\/sites\/32\/2025\/11\/campus-barcelone-inseec-ville-basilique-notre-dame-de-fourviere.jpg\",\"https:\/\/www.inseec.com\/wp-content\/uploads\/sites\/32\/2025\/11\/campus-barcelone-inseec-photo-portrait.jpg\",\"https:\/\/www.inseec.com\/wp-content\/uploads\/sites\/32\/2025\/11\/campus-slider-vr-campus-barcelone-inseec-etudiants-cours-petite-salle.jpg\",\"https:\/\/www.inseec.com\/wp-content\/uploads\/sites\/32\/2025\/11\/campus-hero-online-inseec.jpg\",\"https:\/\/www.inseec.com\/wp-content\/uploads\/sites\/32\/2025\/11\/guide-metier-inseec-photo-illustration-chef-de-publicite_d1bf22.jpg\",\"https:\/\/www.inseec.com\/wp-content\/uploads\/sites\/32\/2025\/11\/guide-metier-inseec-hero-chef-de-projet-evenementiel.jpg\",\"https:\/\/www.inseec.com\/wp-content\/uploads\/sites\/32\/2025\/11\/guide-metier-inseec-hero-chef-de-produit-sportif.jpg\",\"https:\/\/www.inseec.com\/wp-content\/uploads\/sites\/32\/2025\/11\/campus-hero-toulouse-inseec.jpg\",\"https:\/\/www.inseec.com\/wp-content\/uploads\/sites\/32\/2025\/11\/campus-toulouse-inseec-photo-portrait.jpg\",\"https:\/\/www.inseec.com\/wp-content\/uploads\/sites\/32\/2025\/11\/campus-slider-vr-campus-toulouse-inseec-projet-de-groupe.jpg\",\"https:\/\/www.inseec.com\/wp-content\/uploads\/sites\/32\/2025\/11\/campus-slider-vr-campus-toulouse-inseec-etudiants-amphitheatre.jpg\",\"https:\/\/www.inseec.com\/wp-content\/uploads\/sites\/32\/2025\/11\/campus-hero-marseille-inseec.jpg\",\"https:\/\/www.inseec.com\/wp-content\/uploads\/sites\/32\/2025\/11\/campus-marseille-inseec-photo-portrait.jpg\",\"https:\/\/www.inseec.com\/wp-content\/uploads\/sites\/32\/2025\/11\/campus-slider-vr-campus-marseille-inseec-canapes-detente.jpg\",\"https:\/\/www.inseec.com\/wp-content\/uploads\/sites\/32\/2025\/11\/campus-slider-vr-campus-marseille-inseec-salle-commune.jpg\",\"https:\/\/www.inseec.com\/wp-content\/uploads\/sites\/32\/2025\/11\/campus-hero-rennes-inseec.jpg\",\"https:\/\/www.inseec.com\/wp-content\/uploads\/sites\/32\/2025\/11\/campus-rennes-inseec-photo-portrait.jpg\",\"https:\/\/www.inseec.com\/wp-content\/uploads\/sites\/32\/2025\/11\/campus-rennes-inseec-mosaic-alcove-repos.jpg\",\"https:\/\/www.inseec.com\/wp-content\/uploads\/sites\/32\/2025\/11\/campus-rennes-inseec-amphitheatre-etudiantes.jpg\",\"https:\/\/www.inseec.com\/wp-content\/uploads\/sites\/32\/2025\/11\/campus-hero-chambery-inseec-resize.jpg\",\"https:\/\/www.inseec.com\/wp-content\/uploads\/sites\/32\/2025\/11\/campus-chambery-inseec-ville-horloge.jpg\",\"https:\/\/www.inseec.com\/wp-content\/uploads\/sites\/32\/2025\/11\/campus-slider-vr-campus-chambery-inseec-exterieur.jpg\",\"https:\/\/www.inseec.com\/wp-content\/uploads\/sites\/32\/2025\/11\/campus-slider-vr-campus-chambery-inseec-salle-detente.jpg\",\"https:\/\/www.inseec.com\/wp-content\/uploads\/sites\/32\/2025\/11\/campus-hero-beaune-inseec.jpg\",\"https:\/\/www.inseec.com\/wp-content\/uploads\/sites\/32\/2025\/11\/campus-beaune-inseec-ville-cave-a-vin.jpg\",\"https:\/\/www.inseec.com\/wp-content\/uploads\/sites\/32\/2025\/11\/campus-slider-vr-campus-beaune-inseec-groupe-etudiants.jpg\",\"https:\/\/www.inseec.com\/wp-content\/uploads\/sites\/32\/2025\/11\/campus-slider-vr-campus-beaune-inseec-etudiants-1.jpg\",\"https:\/\/www.inseec.com\/wp-content\/uploads\/sites\/32\/2025\/11\/campus-hero-bordeaux-inseec.jpg\",\"https:\/\/www.inseec.com\/wp-content\/uploads\/sites\/32\/2025\/11\/campus-bordeaux-inseec-facade.jpg\",\"https:\/\/www.inseec.com\/wp-content\/uploads\/sites\/32\/2025\/11\/campus-bordeaux-inseec-cafeteria.jpg\",\"https:\/\/www.inseec.com\/wp-content\/uploads\/sites\/32\/2025\/11\/campus-bordeaux-inseec-terrasse-bord-garonne.jpg\",\"https:\/\/www.inseec.com\/wp-content\/uploads\/sites\/32\/2025\/11\/campus-hero-lyon-inseec.webp\",\"https:\/\/www.inseec.com\/wp-content\/uploads\/sites\/32\/2025\/11\/campus-lyon-inseec-photo-portrait.jpg\",\"https:\/\/www.inseec.com\/wp-content\/uploads\/sites\/32\/2025\/11\/campus-slider-vr-campus-lyon-inseec-dalle-detente.jpg\",\"https:\/\/www.inseec.com\/wp-content\/uploads\/sites\/32\/2025\/11\/campus-slider-vr-campus-lyon-inseec-lion-rouge-hall.jpg\",\"https:\/\/www.inseec.com\/wp-content\/uploads\/sites\/32\/2025\/11\/campus-paris.jpg\",\"https:\/\/www.inseec.com\/wp-content\/uploads\/sites\/32\/2025\/11\/campus-paris-eiffel-inseec-portrait.jpg\",\"https:\/\/www.inseec.com\/wp-content\/uploads\/sites\/32\/2025\/11\/campus-paris-vellefaux-inseec-cafeteria.jpg\",\"https:\/\/www.inseec.com\/wp-content\/uploads\/sites\/32\/2025\/11\/campus-slider-vr-campus-paris-la-defense-inseec-salle-detente.jpg\"],\"foundingDate\":\"\",\"memberOf\":\"OMNES Education\",\"alumni\":[{\"@type\":\"Person\",\"name\":\"Lasmak Said\",\"description\":\"CEO & Cofounder\"},{\"@type\":\"Person\",\"name\":\"Dauchy Xavier\",\"description\":\"Chief Financial Officer\"},{\"@type\":\"Person\",\"name\":\"Bordeaux Thomas\",\"description\":\"Regional Manager Grand Lyon\"},{\"@type\":\"Person\",\"name\":\"Quillot Romain\",\"description\":\"Co-founder\"},{\"@type\":\"Person\",\"name\":\"Rakotomalala Rindra\",\"description\":\"Head of International Relations\"},{\"@type\":\"Person\",\"name\":\"Lacroix Oscar\",\"description\":\"Partner\"},{\"@type\":\"Person\",\"name\":\"Moderan Olivia\",\"description\":\"Manager for the Paris-South area\"},{\"@type\":\"Person\",\"name\":\"Abdelhalim Nabil\",\"description\":\"Industry Manager\"},{\"@type\":\"Person\",\"name\":\"Duhalde M\u00e9lissa\",\"description\":\"Operational Marketing Product Manager \"},{\"@type\":\"Person\",\"name\":\"M. Matthieu\",\"description\":\"Commercial real estate consultant\"},{\"@type\":\"Person\",\"name\":\"Lusset Marie-Amandine\",\"description\":\"Communications consultant\"},{\"@type\":\"Person\",\"name\":\"R. Lo\u00efc\",\"description\":\"Entrepreneur\"},{\"@type\":\"Person\",\"name\":\"Soskin Lise\",\"description\":\"RevOps\"},{\"@type\":\"Person\",\"name\":\"Estrade Guillaume\",\"description\":\"Regional Manager Grand Lyon\"},{\"@type\":\"Person\",\"name\":\"P. Clara\",\"description\":\"Head of Digital Communications EMEA\"},{\"@type\":\"Person\",\"name\":\"Serryus C\u00e9sar\",\"description\":\"Founder\"},{\"@type\":\"Person\",\"name\":\"Onimus Aur\u00e9lien\",\"description\":\"CEO\"},{\"@type\":\"Person\",\"name\":\"B. Anne-Caroline B.\",\"description\":\"Marketing & Communications Project Manager\"},{\"@type\":\"Person\",\"name\":\"Azim Ana\u00efs\",\"description\":\"Business Controller - Industry Unit\"},{\"@type\":\"Person\",\"name\":\"Viallet Nouhant Alexandre\",\"description\":\"Chief Executive Officer\"},{\"@type\":\"Person\",\"name\":\"Ikouirene Adam\",\"description\":\"Student commercial placement\"}],\"department\":[\"Bachelor\",\"Bachelor\",\"BBA\",\"BBA\",\"BTS\",\"BTS\",\"Grande \u00c9cole\",\"Grande \u00c9cole\",\"International\",\"International\",\"MSc\",\"MSc\"],\"hasCredential\":[\"Bachelor\",\"Bachelor\",\"BBA\",\"BBA\",\"BTS\",\"BTS\",\"Grande \u00c9cole\",\"Grande \u00c9cole\",\"International\",\"International\",\"MSc\",\"MSc\"]}]}<\/script>","yoast_head_json":{"title":"Grade de Master Finance, Audit et Contr\u00f4le - INSEEC","description":"Int\u00e9grez le Grade de Master Finance, Audit et Contr\u00f4le de l'INSEEC. Dipl\u00f4me vis\u00e9 Bac +5 avec alternance possible sur 3 campus : Paris, Lyon, Bordeaux.","robots":{"index":"index","follow":"follow","max-snippet":"max-snippet:-1","max-image-preview":"max-image-preview:large","max-video-preview":"max-video-preview:-1"},"canonical":"https:\/\/www.inseec.com\/programme\/master-finance-audit-controle\/","og_locale":"fr_FR","og_type":"article","og_title":"Grade de Master Finance, Audit et Contr\u00f4le - INSEEC","og_description":"Int\u00e9grez le Grade de Master Finance, Audit et Contr\u00f4le de l'INSEEC. Dipl\u00f4me vis\u00e9 Bac +5 avec alternance possible sur 3 campus : Paris, Lyon, Bordeaux.","og_url":"https:\/\/www.inseec.com\/programme\/master-finance-audit-controle\/","og_site_name":"INSEEC","article_modified_time":"2026-01-22T14:35:53+00:00","og_image":[{"width":320,"height":320,"url":"https:\/\/www.inseec.com\/wp-content\/uploads\/sites\/32\/2025\/11\/Photo-de-profil-INSEEC-ige.jpg.jpg","type":"image\/jpeg"}],"twitter_card":"summary_large_image","twitter_misc":{"Est. reading time":"11 minutes"},"schema":{"@context":"https:\/\/schema.org","@graph":[{"@type":"WebPage","@id":"https:\/\/www.inseec.com\/programme\/master-finance-audit-controle\/","url":"https:\/\/www.inseec.com\/programme\/master-finance-audit-controle\/","name":"Grade de Master Finance, Audit et Contr\u00f4le - INSEEC","isPartOf":{"@id":"https:\/\/www.inseec.com\/#website"},"primaryImageOfPage":{"@id":"https:\/\/www.inseec.com\/programme\/master-finance-audit-controle\/#primaryimage"},"image":{"@id":"https:\/\/www.inseec.com\/programme\/master-finance-audit-controle\/#primaryimage"},"thumbnailUrl":"https:\/\/www.inseec.com\/wp-content\/uploads\/sites\/32\/2025\/12\/grade-master-logo-diplome.webp","datePublished":"2025-12-05T09:34:27+00:00","dateModified":"2026-01-22T14:35:53+00:00","description":"Int\u00e9grez le Grade de Master Finance, Audit et Contr\u00f4le de l'INSEEC. Dipl\u00f4me vis\u00e9 Bac +5 avec alternance possible sur 3 campus : Paris, Lyon, Bordeaux.","breadcrumb":{"@id":"https:\/\/www.inseec.com\/programme\/master-finance-audit-controle\/#breadcrumb"},"inLanguage":"fr-FR","potentialAction":[{"@type":"ReadAction","target":["https:\/\/www.inseec.com\/programme\/master-finance-audit-controle\/"]}]},{"@type":"ImageObject","inLanguage":"fr-FR","@id":"https:\/\/www.inseec.com\/programme\/master-finance-audit-controle\/#primaryimage","url":"https:\/\/www.inseec.com\/wp-content\/uploads\/sites\/32\/2025\/12\/grade-master-logo-diplome.webp","contentUrl":"https:\/\/www.inseec.com\/wp-content\/uploads\/sites\/32\/2025\/12\/grade-master-logo-diplome.webp","width":261,"height":300},{"@type":"BreadcrumbList","@id":"https:\/\/www.inseec.com\/programme\/master-finance-audit-controle\/#breadcrumb","itemListElement":[{"@type":"ListItem","position":1,"name":"Home","item":"https:\/\/www.inseec.com\/"},{"@type":"ListItem","position":2,"name":"Programmes","item":"https:\/\/omneseducation.net\/inseec-2025\/program\/"},{"@type":"ListItem","position":3,"name":"Grade de Master Finance, Audit et Contr\u00f4le"}]},{"@type":"WebSite","@id":"https:\/\/www.inseec.com\/#website","url":"https:\/\/www.inseec.com\/","name":"INSEEC","description":"","publisher":{"@id":"https:\/\/www.inseec.com\/#organization"},"potentialAction":[{"@type":"SearchAction","target":{"@type":"EntryPoint","urlTemplate":"https:\/\/www.inseec.com\/?s={search_term_string}"},"query-input":{"@type":"PropertyValueSpecification","valueRequired":true,"valueName":"search_term_string"}}],"inLanguage":"fr-FR"},{"@type":"Organization","@id":"https:\/\/www.inseec.com\/#organization","name":"INSEEC","url":"https:\/\/www.inseec.com\/","logo":{"@type":"ImageObject","inLanguage":"fr-FR","@id":"https:\/\/www.inseec.com\/#\/schema\/logo\/image\/","url":"https:\/\/www.inseec.com\/wp-content\/uploads\/sites\/32\/2025\/11\/logo.svg","contentUrl":"https:\/\/www.inseec.com\/wp-content\/uploads\/sites\/32\/2025\/11\/logo.svg","width":173,"height":36,"caption":"INSEEC"},"image":{"@id":"https:\/\/www.inseec.com\/#\/schema\/logo\/image\/"}},{"@context":"https:\/\/schema.org","@type":"EducationalOrganization","@id":"https:\/\/www.inseec.com\/#organization","name":"INSEEC","description":"","url":"https:\/\/www.inseec.com\/","logo":"https:\/\/www.inseec.com\/wp-content\/uploads\/sites\/32\/2025\/11\/logo.svg","image":["https:\/\/www.inseec.com\/wp-content\/uploads\/sites\/32\/2025\/11\/campus-hero-barcelone-inseec.jpg","https:\/\/www.inseec.com\/wp-content\/uploads\/sites\/32\/2025\/11\/campus-barcelone-inseec-ville-basilique-notre-dame-de-fourviere.jpg","https:\/\/www.inseec.com\/wp-content\/uploads\/sites\/32\/2025\/11\/campus-barcelone-inseec-photo-portrait.jpg","https:\/\/www.inseec.com\/wp-content\/uploads\/sites\/32\/2025\/11\/campus-slider-vr-campus-barcelone-inseec-etudiants-cours-petite-salle.jpg","https:\/\/www.inseec.com\/wp-content\/uploads\/sites\/32\/2025\/11\/campus-hero-munich-inseec.jpg","https:\/\/www.inseec.com\/wp-content\/uploads\/sites\/32\/2025\/11\/campus-munich-inseec-ville-basilique-notre-dame-de-fourviere.jpg","https:\/\/www.inseec.com\/wp-content\/uploads\/sites\/32\/2025\/11\/campus-hero-munich-inseec.jpg","https:\/\/www.inseec.com\/wp-content\/uploads\/sites\/32\/2025\/11\/campus-slider-vr-campus-munich-inseec-etudiants-theatre-les-celestins.jpg","https:\/\/www.inseec.com\/wp-content\/uploads\/sites\/32\/2025\/11\/campus-hero-londres-inseec.jpg","https:\/\/www.inseec.com\/wp-content\/uploads\/sites\/32\/2025\/11\/campus-londres-inseec-ville-basilique-notre-dame-de-fourviere.jpg","https:\/\/www.inseec.com\/wp-content\/uploads\/sites\/32\/2025\/11\/campus-hero-londres-inseec.jpg","https:\/\/www.inseec.com\/wp-content\/uploads\/sites\/32\/2025\/12\/campus-slider-vr-campus-londres-inseec-bibliotheque.jpg","https:\/\/www.inseec.com\/wp-content\/uploads\/sites\/32\/2025\/11\/campus-hero-chambery-inseec-resize.jpg","https:\/\/www.inseec.com\/wp-content\/uploads\/sites\/32\/2025\/11\/campus-chambery-inseec-ville-horloge.jpg","https:\/\/www.inseec.com\/wp-content\/uploads\/sites\/32\/2025\/11\/campus-slider-vr-campus-chambery-inseec-exterieur.jpg","https:\/\/www.inseec.com\/wp-content\/uploads\/sites\/32\/2025\/11\/campus-slider-vr-campus-chambery-inseec-salle-detente.jpg","https:\/\/www.inseec.com\/wp-content\/uploads\/sites\/32\/2025\/11\/campus-hero-toulouse-inseec.jpg","https:\/\/www.inseec.com\/wp-content\/uploads\/sites\/32\/2025\/11\/campus-toulouse-inseec-photo-portrait.jpg","https:\/\/www.inseec.com\/wp-content\/uploads\/sites\/32\/2025\/11\/campus-slider-vr-campus-toulouse-inseec-projet-de-groupe.jpg","https:\/\/www.inseec.com\/wp-content\/uploads\/sites\/32\/2025\/11\/campus-slider-vr-campus-toulouse-inseec-etudiants-amphitheatre.jpg","https:\/\/www.inseec.com\/wp-content\/uploads\/sites\/32\/2025\/11\/campus-hero-monaco-inseec.jpg","https:\/\/www.inseec.com\/wp-content\/uploads\/sites\/32\/2025\/12\/INSEEC-Monaco-campus.webp","https:\/\/www.inseec.com\/wp-content\/uploads\/sites\/32\/2025\/11\/campus-hero-monaco-inseec.jpg","https:\/\/www.inseec.com\/wp-content\/uploads\/sites\/32\/2025\/11\/campus-monaco-inseec-mosaic-amis.jpg","https:\/\/www.inseec.com\/wp-content\/uploads\/sites\/32\/2025\/11\/campus-hero-online-inseec.jpg","https:\/\/www.inseec.com\/wp-content\/uploads\/sites\/32\/2025\/11\/guide-metier-inseec-photo-illustration-chef-de-publicite_d1bf22.jpg","https:\/\/www.inseec.com\/wp-content\/uploads\/sites\/32\/2025\/11\/guide-metier-inseec-hero-chef-de-projet-evenementiel.jpg","https:\/\/www.inseec.com\/wp-content\/uploads\/sites\/32\/2025\/11\/guide-metier-inseec-hero-chef-de-produit-sportif.jpg","https:\/\/www.inseec.com\/wp-content\/uploads\/sites\/32\/2025\/11\/campus-hero-beaune-inseec.jpg","https:\/\/www.inseec.com\/wp-content\/uploads\/sites\/32\/2025\/11\/campus-beaune-inseec-ville-cave-a-vin.jpg","https:\/\/www.inseec.com\/wp-content\/uploads\/sites\/32\/2025\/11\/campus-slider-vr-campus-beaune-inseec-groupe-etudiants.jpg","https:\/\/www.inseec.com\/wp-content\/uploads\/sites\/32\/2025\/11\/campus-slider-vr-campus-beaune-inseec-etudiants-1.jpg","https:\/\/www.inseec.com\/wp-content\/uploads\/sites\/32\/2025\/11\/campus-hero-marseille-inseec.jpg","https:\/\/www.inseec.com\/wp-content\/uploads\/sites\/32\/2023\/07\/campus2025-marseille.png","https:\/\/www.inseec.com\/wp-content\/uploads\/sites\/32\/2025\/11\/campus-slider-vr-campus-marseille-inseec-canapes-detente.jpg","https:\/\/www.inseec.com\/wp-content\/uploads\/sites\/32\/2025\/11\/campus-slider-vr-campus-marseille-inseec-salle-commune.jpg","https:\/\/www.inseec.com\/wp-content\/uploads\/sites\/32\/2025\/11\/campus-hero-rennes-inseec.jpg","https:\/\/www.inseec.com\/wp-content\/uploads\/sites\/32\/2025\/11\/campus-rennes-inseec-photo-portrait.jpg","https:\/\/www.inseec.com\/wp-content\/uploads\/sites\/32\/2025\/11\/campus-rennes-inseec-mosaic-alcove-repos.jpg","https:\/\/www.inseec.com\/wp-content\/uploads\/sites\/32\/2025\/11\/campus-rennes-inseec-amphitheatre-etudiantes.jpg","https:\/\/www.inseec.com\/wp-content\/uploads\/sites\/32\/2025\/11\/campus-hero-lyon-inseec.webp","https:\/\/www.inseec.com\/wp-content\/uploads\/sites\/32\/2025\/11\/campus-lyon-inseec-photo-portrait.jpg","https:\/\/www.inseec.com\/wp-content\/uploads\/sites\/32\/2025\/11\/campus-slider-vr-campus-lyon-inseec-dalle-detente.jpg","https:\/\/www.inseec.com\/wp-content\/uploads\/sites\/32\/2025\/11\/campus-slider-vr-campus-lyon-inseec-lion-rouge-hall.jpg","https:\/\/www.inseec.com\/wp-content\/uploads\/sites\/32\/2025\/11\/campus-hero-bordeaux-inseec.jpg","https:\/\/www.inseec.com\/wp-content\/uploads\/sites\/32\/2024\/03\/Campus-Bordeaux-Photo-1.jpg","https:\/\/www.inseec.com\/wp-content\/uploads\/sites\/32\/2025\/11\/campus-bordeaux-inseec-cafeteria.jpg","https:\/\/www.inseec.com\/wp-content\/uploads\/sites\/32\/2025\/11\/campus-bordeaux-inseec-terrasse-bord-garonne.jpg","https:\/\/www.inseec.com\/wp-content\/uploads\/sites\/32\/2025\/11\/campus-paris.jpg","https:\/\/www.inseec.com\/wp-content\/uploads\/sites\/32\/2025\/11\/campus-paris-eiffel-inseec-portrait.jpg","https:\/\/www.inseec.com\/wp-content\/uploads\/sites\/32\/2025\/11\/campus-paris-vellefaux-inseec-cafeteria.jpg","https:\/\/www.inseec.com\/wp-content\/uploads\/sites\/32\/2025\/11\/campus-slider-vr-campus-paris-la-defense-inseec-salle-detente.jpg","https:\/\/www.inseec.com\/wp-content\/uploads\/sites\/32\/2025\/11\/campus-hero-londres-inseec.jpg","https:\/\/www.inseec.com\/wp-content\/uploads\/sites\/32\/2025\/11\/campus-londres-inseec-ville-basilique-notre-dame-de-fourviere.jpg","https:\/\/www.inseec.com\/wp-content\/uploads\/sites\/32\/2025\/11\/campus-hero-londres-inseec.jpg","https:\/\/www.inseec.com\/wp-content\/uploads\/sites\/32\/2025\/12\/campus-slider-vr-campus-londres-inseec-bibliotheque.jpg","https:\/\/www.inseec.com\/wp-content\/uploads\/sites\/32\/2025\/11\/campus-hero-monaco-inseec.jpg","https:\/\/www.inseec.com\/wp-content\/uploads\/sites\/32\/2025\/12\/INSEEC-Monaco-campus.webp","https:\/\/www.inseec.com\/wp-content\/uploads\/sites\/32\/2025\/11\/campus-hero-monaco-inseec.jpg","https:\/\/www.inseec.com\/wp-content\/uploads\/sites\/32\/2025\/11\/campus-monaco-inseec-mosaic-amis.jpg","https:\/\/www.inseec.com\/wp-content\/uploads\/sites\/32\/2025\/11\/campus-hero-munich-inseec.jpg","https:\/\/www.inseec.com\/wp-content\/uploads\/sites\/32\/2025\/11\/campus-munich-inseec-ville-basilique-notre-dame-de-fourviere.jpg","https:\/\/www.inseec.com\/wp-content\/uploads\/sites\/32\/2025\/11\/campus-hero-munich-inseec.jpg","https:\/\/www.inseec.com\/wp-content\/uploads\/sites\/32\/2025\/11\/campus-slider-vr-campus-munich-inseec-etudiants-theatre-les-celestins.jpg","https:\/\/www.inseec.com\/wp-content\/uploads\/sites\/32\/2025\/11\/campus-hero-barcelone-inseec.jpg","https:\/\/www.inseec.com\/wp-content\/uploads\/sites\/32\/2025\/11\/campus-barcelone-inseec-ville-basilique-notre-dame-de-fourviere.jpg","https:\/\/www.inseec.com\/wp-content\/uploads\/sites\/32\/2025\/11\/campus-barcelone-inseec-photo-portrait.jpg","https:\/\/www.inseec.com\/wp-content\/uploads\/sites\/32\/2025\/11\/campus-slider-vr-campus-barcelone-inseec-etudiants-cours-petite-salle.jpg","https:\/\/www.inseec.com\/wp-content\/uploads\/sites\/32\/2025\/11\/campus-hero-online-inseec.jpg","https:\/\/www.inseec.com\/wp-content\/uploads\/sites\/32\/2025\/11\/guide-metier-inseec-photo-illustration-chef-de-publicite_d1bf22.jpg","https:\/\/www.inseec.com\/wp-content\/uploads\/sites\/32\/2025\/11\/guide-metier-inseec-hero-chef-de-projet-evenementiel.jpg","https:\/\/www.inseec.com\/wp-content\/uploads\/sites\/32\/2025\/11\/guide-metier-inseec-hero-chef-de-produit-sportif.jpg","https:\/\/www.inseec.com\/wp-content\/uploads\/sites\/32\/2025\/11\/campus-hero-toulouse-inseec.jpg","https:\/\/www.inseec.com\/wp-content\/uploads\/sites\/32\/2025\/11\/campus-toulouse-inseec-photo-portrait.jpg","https:\/\/www.inseec.com\/wp-content\/uploads\/sites\/32\/2025\/11\/campus-slider-vr-campus-toulouse-inseec-projet-de-groupe.jpg","https:\/\/www.inseec.com\/wp-content\/uploads\/sites\/32\/2025\/11\/campus-slider-vr-campus-toulouse-inseec-etudiants-amphitheatre.jpg","https:\/\/www.inseec.com\/wp-content\/uploads\/sites\/32\/2025\/11\/campus-hero-marseille-inseec.jpg","https:\/\/www.inseec.com\/wp-content\/uploads\/sites\/32\/2025\/11\/campus-marseille-inseec-photo-portrait.jpg","https:\/\/www.inseec.com\/wp-content\/uploads\/sites\/32\/2025\/11\/campus-slider-vr-campus-marseille-inseec-canapes-detente.jpg","https:\/\/www.inseec.com\/wp-content\/uploads\/sites\/32\/2025\/11\/campus-slider-vr-campus-marseille-inseec-salle-commune.jpg","https:\/\/www.inseec.com\/wp-content\/uploads\/sites\/32\/2025\/11\/campus-hero-rennes-inseec.jpg","https:\/\/www.inseec.com\/wp-content\/uploads\/sites\/32\/2025\/11\/campus-rennes-inseec-photo-portrait.jpg","https:\/\/www.inseec.com\/wp-content\/uploads\/sites\/32\/2025\/11\/campus-rennes-inseec-mosaic-alcove-repos.jpg","https:\/\/www.inseec.com\/wp-content\/uploads\/sites\/32\/2025\/11\/campus-rennes-inseec-amphitheatre-etudiantes.jpg","https:\/\/www.inseec.com\/wp-content\/uploads\/sites\/32\/2025\/11\/campus-hero-chambery-inseec-resize.jpg","https:\/\/www.inseec.com\/wp-content\/uploads\/sites\/32\/2025\/11\/campus-chambery-inseec-ville-horloge.jpg","https:\/\/www.inseec.com\/wp-content\/uploads\/sites\/32\/2025\/11\/campus-slider-vr-campus-chambery-inseec-exterieur.jpg","https:\/\/www.inseec.com\/wp-content\/uploads\/sites\/32\/2025\/11\/campus-slider-vr-campus-chambery-inseec-salle-detente.jpg","https:\/\/www.inseec.com\/wp-content\/uploads\/sites\/32\/2025\/11\/campus-hero-beaune-inseec.jpg","https:\/\/www.inseec.com\/wp-content\/uploads\/sites\/32\/2025\/11\/campus-beaune-inseec-ville-cave-a-vin.jpg","https:\/\/www.inseec.com\/wp-content\/uploads\/sites\/32\/2025\/11\/campus-slider-vr-campus-beaune-inseec-groupe-etudiants.jpg","https:\/\/www.inseec.com\/wp-content\/uploads\/sites\/32\/2025\/11\/campus-slider-vr-campus-beaune-inseec-etudiants-1.jpg","https:\/\/www.inseec.com\/wp-content\/uploads\/sites\/32\/2025\/11\/campus-hero-bordeaux-inseec.jpg","https:\/\/www.inseec.com\/wp-content\/uploads\/sites\/32\/2025\/11\/campus-bordeaux-inseec-facade.jpg","https:\/\/www.inseec.com\/wp-content\/uploads\/sites\/32\/2025\/11\/campus-bordeaux-inseec-cafeteria.jpg","https:\/\/www.inseec.com\/wp-content\/uploads\/sites\/32\/2025\/11\/campus-bordeaux-inseec-terrasse-bord-garonne.jpg","https:\/\/www.inseec.com\/wp-content\/uploads\/sites\/32\/2025\/11\/campus-hero-lyon-inseec.webp","https:\/\/www.inseec.com\/wp-content\/uploads\/sites\/32\/2025\/11\/campus-lyon-inseec-photo-portrait.jpg","https:\/\/www.inseec.com\/wp-content\/uploads\/sites\/32\/2025\/11\/campus-slider-vr-campus-lyon-inseec-dalle-detente.jpg","https:\/\/www.inseec.com\/wp-content\/uploads\/sites\/32\/2025\/11\/campus-slider-vr-campus-lyon-inseec-lion-rouge-hall.jpg","https:\/\/www.inseec.com\/wp-content\/uploads\/sites\/32\/2025\/11\/campus-paris.jpg","https:\/\/www.inseec.com\/wp-content\/uploads\/sites\/32\/2025\/11\/campus-paris-eiffel-inseec-portrait.jpg","https:\/\/www.inseec.com\/wp-content\/uploads\/sites\/32\/2025\/11\/campus-paris-vellefaux-inseec-cafeteria.jpg","https:\/\/www.inseec.com\/wp-content\/uploads\/sites\/32\/2025\/11\/campus-slider-vr-campus-paris-la-defense-inseec-salle-detente.jpg"],"foundingDate":"","memberOf":"OMNES Education","alumni":[{"@type":"Person","name":"Lasmak Said","description":"CEO & Cofounder"},{"@type":"Person","name":"Dauchy Xavier","description":"Chief Financial Officer"},{"@type":"Person","name":"Bordeaux Thomas","description":"Regional Manager Grand Lyon"},{"@type":"Person","name":"Quillot Romain","description":"Co-founder"},{"@type":"Person","name":"Rakotomalala Rindra","description":"Head of International Relations"},{"@type":"Person","name":"Lacroix Oscar","description":"Partner"},{"@type":"Person","name":"Moderan Olivia","description":"Manager for the Paris-South area"},{"@type":"Person","name":"Abdelhalim Nabil","description":"Industry Manager"},{"@type":"Person","name":"Duhalde M\u00e9lissa","description":"Operational Marketing Product Manager "},{"@type":"Person","name":"M. Matthieu","description":"Commercial real estate consultant"},{"@type":"Person","name":"Lusset Marie-Amandine","description":"Communications consultant"},{"@type":"Person","name":"R. Lo\u00efc","description":"Entrepreneur"},{"@type":"Person","name":"Soskin Lise","description":"RevOps"},{"@type":"Person","name":"Estrade Guillaume","description":"Regional Manager Grand Lyon"},{"@type":"Person","name":"P. Clara","description":"Head of Digital Communications EMEA"},{"@type":"Person","name":"Serryus C\u00e9sar","description":"Founder"},{"@type":"Person","name":"Onimus Aur\u00e9lien","description":"CEO"},{"@type":"Person","name":"B. Anne-Caroline B.","description":"Marketing & Communications Project Manager"},{"@type":"Person","name":"Azim Ana\u00efs","description":"Business Controller - Industry Unit"},{"@type":"Person","name":"Viallet Nouhant Alexandre","description":"Chief Executive Officer"},{"@type":"Person","name":"Ikouirene Adam","description":"Student commercial placement"}],"department":["Bachelor","Bachelor","BBA","BBA","BTS","BTS","Grande \u00c9cole","Grande \u00c9cole","International","International","MSc","MSc"],"hasCredential":["Bachelor","Bachelor","BBA","BBA","BTS","BTS","Grande \u00c9cole","Grande \u00c9cole","International","International","MSc","MSc"]}]}},"lang":"fr","translations":{"fr":80964,"en":85594},"jetpack_sharing_enabled":true,"pll_sync_post":[],"_links":{"self":[{"href":"https:\/\/www.inseec.com\/wp-json\/wp\/v2\/program\/80964","targetHints":{"allow":["GET"]}}],"collection":[{"href":"https:\/\/www.inseec.com\/wp-json\/wp\/v2\/program"}],"about":[{"href":"https:\/\/www.inseec.com\/wp-json\/wp\/v2\/types\/program"}],"wp:attachment":[{"href":"https:\/\/www.inseec.com\/wp-json\/wp\/v2\/media?parent=80964"}],"wp:term":[{"taxonomy":"city","embeddable":true,"href":"https:\/\/www.inseec.com\/wp-json\/wp\/v2\/city?post=80964"},{"taxonomy":"certification","embeddable":true,"href":"https:\/\/www.inseec.com\/wp-json\/wp\/v2\/certification?post=80964"},{"taxonomy":"program_language","embeddable":true,"href":"https:\/\/www.inseec.com\/wp-json\/wp\/v2\/program_language?post=80964"},{"taxonomy":"admission_level","embeddable":true,"href":"https:\/\/www.inseec.com\/wp-json\/wp\/v2\/admission_level?post=80964"},{"taxonomy":"training_pace","embeddable":true,"href":"https:\/\/www.inseec.com\/wp-json\/wp\/v2\/training_pace?post=80964"},{"taxonomy":"school","embeddable":true,"href":"https:\/\/www.inseec.com\/wp-json\/wp\/v2\/school?post=80964"},{"taxonomy":"specialisation","embeddable":true,"href":"https:\/\/www.inseec.com\/wp-json\/wp\/v2\/specialisation?post=80964"},{"taxonomy":"analytics_tag","embeddable":true,"href":"https:\/\/www.inseec.com\/wp-json\/wp\/v2\/analytics_tag?post=80964"}],"curies":[{"name":"wp","href":"https:\/\/api.w.org\/{rel}","templated":true}]}}