{"id":81725,"date":"2025-12-05T10:29:10","date_gmt":"2025-12-05T09:29:10","guid":{"rendered":"https:\/\/www.inseec.com\/?post_type=program&#038;p=81725"},"modified":"2026-01-09T11:46:45","modified_gmt":"2026-01-09T10:46:45","slug":"executive-dba-business-economics-and-transistions","status":"publish","type":"program","link":"https:\/\/www.inseec.com\/programme\/executive-dba-business-economics-and-transistions\/","title":{"rendered":"Executive DBA Business Economics and Transitions"},"content":{"rendered":"\n<div class=\"wp-block-group alignfull wp-pattern wp-pattern-anchors has-white-background-color has-background has-global-padding is-layout-constrained wp-block-group-is-layout-constrained\" style=\"margin-top:0;margin-bottom:0;padding-top:0;padding-bottom:0\">\n<div class=\"wp-block-group alignwide is-content-justification-space-between is-nowrap is-layout-flex wp-container-core-group-is-layout-4502859d wp-block-group-is-layout-flex\"><div class=\"anchor-list wp-block-beapi-anchor-list\">\n\t<div class=\"anchor-list__content\">\n\t\t<div role=\"heading\" aria-level=\"2\" class=\"anchor-list__title\">Acc\u00e8s rapide<\/div>\n\t\t<div class=\"anchor-list__scroll\">\n\t\t\t<ul class=\"anchor-list__items no-list-style\">\n\t\t\t\t\t\t\t\t\t<li class=\"anchor-list__item\">\n\t\t\t\t\t\t<a href=\"#anchor-presentation\">Pr\u00e9sentation<\/a>\t\t\t\t\t<\/li>\n\t\t\t\t\t\t\t\t\t<li class=\"anchor-list__item\">\n\t\t\t\t\t\t<a href=\"#anchor-campus\">Campus<\/a>\t\t\t\t\t<\/li>\n\t\t\t\t\t\t\t\t\t<li class=\"anchor-list__item\">\n\t\t\t\t\t\t<a href=\"#anchor-pedagogie\">P\u00e9dagogie<\/a>\t\t\t\t\t<\/li>\n\t\t\t\t\t\t\t\t\t<li class=\"anchor-list__item\">\n\t\t\t\t\t\t<a href=\"#anchor-metiers\">M\u00e9tiers<\/a>\t\t\t\t\t<\/li>\n\t\t\t\t\t\t\t\t\t<li class=\"anchor-list__item\">\n\t\t\t\t\t\t<a href=\"#anchor-candidature\">Candidature<\/a>\t\t\t\t\t<\/li>\n\t\t\t\t\t\t\t\t\t<li class=\"anchor-list__item\">\n\t\t\t\t\t\t<a href=\"#anchor-frais\">Frais de scolarit\u00e9<\/a>\t\t\t\t\t<\/li>\n\t\t\t\t\t\t\t\t\t<li class=\"anchor-list__item\">\n\t\t\t\t\t\t<a href=\"#anchor-faq\">FAQ<\/a>\t\t\t\t\t<\/li>\n\t\t\t\t\t\t\t<\/ul>\n\t\t<\/div>\n\t<\/div>\n<\/div>\n\n\n\n<div class=\"wp-block-buttons is-nowrap is-layout-flex wp-container-core-buttons-is-layout-6c531013 wp-block-buttons-is-layout-flex\">\n<div class=\"wp-block-button is-style-fill-sm\"><a class=\"wp-block-button__link wp-element-button\" href=\"https:\/\/prospect.omneseducation.com\/app\/isbe\/program?_gl=1*1lttobo*_gcl_au*OTAyMTc0MjE2LjE3NTk5MzQ3MDguODQ4NzIzODUuMTc2NDc2OTQwOS4xNzY0NzY5NDEy*FPAU*OTAyMTc0MjE2LjE3NTk5MzQ3MDg.*_ga*MTQyNjQxODYxLjE3NDQyODc5ODU.*_ga_9KD5L9SBWM*czE3NjUyODg5ODYkbzQwNyRnMSR0MTc2NTI4ODk5MyRqNTMkbDAkaDM1OTU0ODY5\">Je candidate<\/a><\/div>\n<\/div>\n<\/div>\n<\/div>\n\n\n<span class=\"wp-block-beapi-anchor\" aria-hidden=\"true\" id=\"anchor-presentation\"><\/span>\n\n\n\n<div class=\"wp-block-group wp-pattern wp-pattern-faq-image is-layout-flow wp-block-group-is-layout-flow has-block-anchor\" style=\"margin-top:0;margin-bottom:0;padding-top:var(--wp--preset--spacing--6-xl);padding-bottom:var(--wp--preset--spacing--6-xl)\">\n<div class=\"wp-block-group has-global-padding is-layout-constrained wp-block-group-is-layout-constrained has-block-anchor\">\n<div class=\"wp-block-group is-vertical is-layout-flex wp-container-core-group-is-layout-bd7877ba wp-block-group-is-layout-flex has-block-anchor\">\n<p class=\"is-style-heading-default-eyebrow has-on-surface-color has-text-color has-link-color wp-elements-52e5ab584d4efb74080cdddff789e92a\">Pr\u00e9sentation<\/p>\n\n\n\n<h2 class=\"wp-block-heading is-style-heading-emphasis-h2 has-on-surface-color has-text-color has-link-color wp-elements-447b06ed2e6076b86a5039beb443d727\" id=\"quest-ce-quun-executive-dba-business-economics-and-transitions\">Qu&#8217;est-ce qu&#8217;un Executive DBA Business Economics and Transitions\u00a0?<\/h2>\n<\/div>\n\n\n\n<p class=\"is-style-plain-default-md has-on-surface-subtle-color has-text-color has-link-color wp-elements-a49e902e9906d24fc32b38d8ab469a07\">L&#8217;Executive DBA Business Economics and Transitions est un <strong>programme hybride<\/strong> (pr\u00e9sentiel \/ distanciel) qui forme des cadres dirigeants \u00e0 anticiper et \u00e0 piloter les grandes transitions \u00e9conomiques, technologiques et environnementales. Ce programme transforme des praticiens exp\u00e9riment\u00e9s en leaders capables de repenser la gouvernance d&#8217;entreprise pour r\u00e9pondre aux d\u00e9fis \u00e9conomiques, environnementaux et technologiques contemporains.D\u00e9velopp\u00e9 en partenariat avec <a href=\"https:\/\/assas-executive-education.com\/\" target=\"_blank\" rel=\"noreferrer noopener\">Assas Executive Education,<\/a> ce programme atteste de votre capacit\u00e9 \u00e0 conduire des recherches appliqu\u00e9es de haut niveau dans le domaine du business, de l&#8217;\u00e9conomie et des transitions organisationnelles.<\/p>\n<\/div>\n\n\n\n<div class=\"wp-block-group has-global-padding is-layout-constrained wp-block-group-is-layout-constrained has-block-anchor\">\n<h3 class=\"wp-block-heading\" id=\"diplome-et-certification-professionnelle-visee\">Dipl\u00f4me et certification professionnelle vis\u00e9e<\/h3>\n\n\n\n<p>L&#8217;Executive DBA Business Economics and Transitions d\u00e9livre un dipl\u00f4me reconnu internationalement de l\u2019Universit\u00e9 Panth\u00e9on-Assas et une certification de l\u2019INSEEC Grande \u00c9cole repr\u00e9sentant le plus haut niveau de formation professionnelle en management.<\/p>\n<\/div>\n\n\n\n<div class=\"wp-block-group has-global-padding is-layout-constrained wp-block-group-is-layout-constrained has-block-anchor\">\n<h3 class=\"wp-block-heading\" id=\"les-objectifs-et-competences\">Les objectifs et comp\u00e9tences<\/h3>\n\n\n\n<p>L&#8217;objectif de l&#8217;Executive DBA Business Economics and Transitions est de former des dirigeants capables d&#8217;anticiper les transformations \u00e9conomiques et de piloter les transitions strat\u00e9giques des organisations dans un environnement complexe et incertain.<\/p>\n\n\n\n<p>Le programme d\u00e9veloppe les comp\u00e9tences cl\u00e9s en :<\/p>\n\n\n\n<div class=\"wp-block-group is-style-plain-default-sm is-content-justification-left is-nowrap is-layout-flex wp-container-core-group-is-layout-ad52996e wp-block-group-is-layout-flex\">\n<ul class=\"wp-block-list is-style-check has-on-surface-color has-text-color has-link-color wp-elements-e2e988189106667873352761e5ae1a73 wp-container-content-9cfa9a5a\">\n<li>Anticiper les transformations futures en ma\u00eetrisant les transitions technologiques, r\u00e9glementaires et environnementales.<\/li>\n\n\n\n<li>Appliquer des mod\u00e8les \u00e9conomiques avanc\u00e9s pour mesurer et optimiser l\u2019impact de vos d\u00e9cisions strat\u00e9giques.<\/li>\n\n\n\n<li>D\u00e9velopper des strat\u00e9gies innovantes int\u00e9grant l\u2019intelligence artificielle, les technologies vertes et les nouveaux modes de gouvernance.<\/li>\n<\/ul>\n<\/div>\n<\/div>\n\n\n\n<div class=\"wp-block-group has-global-padding is-layout-constrained wp-block-group-is-layout-constrained has-block-anchor\">\n<h3 class=\"wp-block-heading\" id=\"le-contenu\">Le contenu<\/h3>\n\n\n\n<p>Le programme articule s\u00e9minaires r\u00e9sidentiels, recherche dirig\u00e9e et immersions dans l&#8217;Intelligence Lab. Les contenus int\u00e8grent les derni\u00e8res avanc\u00e9es en IA, transitions environnementales et \u00e9conomie des plateformes num\u00e9riques.<\/p>\n<\/div>\n\n\n\n<details class=\"wp-block-details is-style-default is-layout-flow wp-container-core-details-is-layout-9ec55b31 wp-block-details-is-layout-flow\"><summary><h3>1\u02b3\u1d49 ann\u00e9e<\/h3><\/summary>\n<div class=\"wp-block-group is-vertical is-layout-flex wp-container-core-group-is-layout-a2e3e733 wp-block-group-is-layout-flex\">\n<p class=\"is-style-plain-default-sm has-on-surface-subtle-color has-text-color has-link-color wp-elements-81799255f6706039143b80ef2c27b5ff\">La premi\u00e8re ann\u00e9e \u00e9tablit les fondations m\u00e9thodologiques rigoureuses de la recherche appliqu\u00e9e et explore les dimensions \u00e9conomiques, politiques et soci\u00e9tales des grandes transitions contemporaines.<\/p>\n<\/div>\n\n\n\n<div class=\"wp-block-group is-style-plain-default-sm is-content-justification-space-between is-nowrap is-layout-flex wp-container-core-group-is-layout-03b2c0d6 wp-block-group-is-layout-flex\">\n<ul class=\"wp-block-list is-style-check has-on-surface-color has-text-color has-link-color wp-elements-6b4dbf5b49260c910048c7f4f722405e\">\n<li>M\u00e9thodologie de la Revue de la Litt\u00e9rature en DBA.<\/li>\n\n\n\n<li>Modelling the Emergence of Cooperation in Conflicts.<\/li>\n\n\n\n<li>M\u00e9thodes Quantitatives pour l\u2019Entreprise (Data Management), IA, Big Data for Analysis and Research.<\/li>\n<\/ul>\n\n\n\n<ul class=\"wp-block-list is-style-check has-on-surface-color has-text-color has-link-color wp-elements-2d0bd1e408bc5738f81ea32af91cc8f9\">\n<li>Rethinking Transitions : Policy, Economy, Society.<\/li>\n\n\n\n<li>S\u00e9minaire immersif au sein de l\u2019Intelligence Lab.<\/li>\n<\/ul>\n<\/div>\n<\/details>\n\n\n\n<details class=\"wp-block-details is-style-default is-layout-flow wp-container-core-details-is-layout-9ec55b31 wp-block-details-is-layout-flow\"><summary><h3>2\u1d49 ann\u00e9e <\/h3><\/summary>\n<div class=\"wp-block-group is-vertical is-layout-flex wp-container-core-group-is-layout-a2e3e733 wp-block-group-is-layout-flex\">\n<p class=\"is-style-plain-default-sm has-on-surface-subtle-color has-text-color has-link-color wp-elements-af67195edd5f4cd7e8fe9390ceb063dc\">La deuxi\u00e8me ann\u00e9e approfondit les enjeux strat\u00e9giques des transitions \u00e9conomiques et technologiques \u00e0 travers l&#8217;analyse des innovations de rupture, des nouveaux mod\u00e8les \u00e9conomiques num\u00e9riques et du pilotage des transformations organisationnelles.<\/p>\n<\/div>\n\n\n\n<div class=\"wp-block-group is-style-plain-default-sm is-content-justification-space-between is-nowrap is-layout-flex wp-container-core-group-is-layout-03b2c0d6 wp-block-group-is-layout-flex\">\n<ul class=\"wp-block-list is-style-check has-on-surface-color has-text-color has-link-color wp-elements-1716a040f37113d1ae64046c9f92cd3d\">\n<li>Strat\u00e9gies d\u2019investissement des entreprises : Innovation de Rupture et Transitions.<\/li>\n\n\n\n<li>\u00c9conomie des Plateformes Num\u00e9riques \u2013 New Business Economics (Digital Platforms).<\/li>\n\n\n\n<li>Management des Transitions.<\/li>\n<\/ul>\n<\/div>\n<\/details>\n\n\n\n<details class=\"wp-block-details is-style-default is-layout-flow wp-container-core-details-is-layout-9ec55b31 wp-block-details-is-layout-flow\"><summary><h3>3\u1d49 ann\u00e9e <\/h3><\/summary>\n<div class=\"wp-block-group is-vertical is-layout-flex wp-container-core-group-is-layout-a2e3e733 wp-block-group-is-layout-flex\">\n<p class=\"is-style-plain-default-sm has-on-surface-subtle-color has-text-color has-link-color wp-elements-28a637b4c8af3776b6321d486864021c\">La troisi\u00e8me ann\u00e9e est consacr\u00e9e \u00e0 la finalisation de la th\u00e8se professionnelle sous la direction d&#8217;un enseignant-chercheur reconnu, \u00e0 son \u00e9valuation par des rapporteurs acad\u00e9miques et \u00e0 sa soutenance publique devant un jury d&#8217;experts.<\/p>\n<\/div>\n\n\n\n<div class=\"wp-block-group is-style-plain-default-sm is-content-justification-space-between is-nowrap is-layout-flex wp-container-core-group-is-layout-03b2c0d6 wp-block-group-is-layout-flex\">\n<ul class=\"wp-block-list is-style-check has-on-surface-color has-text-color has-link-color wp-elements-77b18390e9157c47bd26fcab5cc73009\">\n<li>Interactions finales avec le Directeur de recherche et soumission des travaux aux rapporteurs.<\/li>\n\n\n\n<li>Fin d\u2019Ann\u00e9e : Soutenance officielle du m\u00e9moire de DBA.<\/li>\n<\/ul>\n<\/div>\n<\/details>\n\n\n\n<div class=\"wp-block-group has-global-padding is-layout-constrained wp-block-group-is-layout-constrained has-block-anchor\">\n<h3 class=\"wp-block-heading\" id=\"entretien-mensuel-individuel\">Entretien mensuel individuel<\/h3>\n\n\n\n<p>Chaque ann\u00e9e, vous aurez un entretien mensuel individuel avec deux enseignants-chercheurs, du CRED* et de l\u2019INSEEC Reseach Center<\/p>\n<\/div>\n\n\n\n<ul class=\"wp-block-list is-style-check has-on-surface-color has-text-color has-link-color wp-elements-01261d046e3350277c1fcbfd135bd293\">\n<li>Acc\u00e8s exclusif au catalogue num\u00e9rique OMNES : une collection de modules anim\u00e9s par des experts internationaux menant \u00e0 une certification \u2013 ainsi qu\u2019 \u00e0 de grandes bases de donn\u00e9es acad\u00e9miques et professionnelles<\/li>\n\n\n\n<li>L\u2019inscription \u00e0 l\u2019Universit\u00e9 Paris-Panth\u00e9on-Assas donne acc\u00e8s \u00e0 ses biblioth\u00e8ques et ses ressources num\u00e9riques<\/li>\n\n\n\n<li>Ateliers d\u2019\u00e9criture : revue de litt\u00e9rature, de posters et d\u2019articles\u2026<\/li>\n\n\n\n<li>Invitation annuelle au Sommet de l\u2019IA<\/li>\n<\/ul>\n<\/div>\n\n\n<span class=\"wp-block-beapi-anchor\" aria-hidden=\"true\" id=\"anchor-campus\"><\/span>\n\n\n\n<div class=\"wp-block-group alignfull wp-pattern wp-pattern-campus-locations has-global-padding is-layout-constrained wp-block-group-is-layout-constrained has-block-anchor\" style=\"margin-top:0;margin-bottom:0\">\n<div class=\"wp-block-group alignwide wp-pattern__inner is-layout-flow wp-container-core-group-is-layout-d195d09a wp-block-group-is-layout-flow has-block-anchor\" style=\"padding-top:var(--wp--preset--spacing--padding-y-section);padding-bottom:var(--wp--preset--spacing--padding-y-section)\">\n<div class=\"block block--campus-locations swiper-overflow-visible campus-locations alignfull\">\n\t\t<div\n\t\tclass=\"block__live-region\"\n\t\taria-live=\"polite\"\n\t\taria-atomic=\"true\"\n\t>\u00c9cole de commerce \u00e0 Paris (1\/1)<\/div>\n\n\t<div class=\"block__left\">\n\t\t<div class=\"block__header\">\n\t\t\t<div class=\"block__heading\">\n\t\t\t\t<p class=\"is-style-heading-default-eyebrow has-on-surface-color\">Notre Campus<\/p><h2 class=\"has-on-surface-color is-style-heading-emphasis-h2\">A Paris<\/h2>\t\t\t<\/div>\n\n\t\t\t<div\n\t\t\t\tclass=\"block__nav\"\n\t\t\t\trole=\"tablist\"\n\t\t\t\taria-label=\"Campus locations navigation\"\n\t\t\t>\n\t\t\t\t\t\t\t\t\t<button\n\t\t\t\t\t\tclass=\"block__btn block__pause-timer has-on-surface-color is-active\"\n\t\t\t\t\t\ttype=\"button\"\n\t\t\t\t\t\trole=\"tab\"\n\t\t\t\t\t\tid=\"tab-campus-134-2\"\n\t\t\t\t\t\taria-label=\"Paris\"\n\t\t\t\t\t\taria-controls=\"campus-134-2\"\n\t\t\t\t\t\taria-selected=\"true\"\n\t\t\t\t\t\ttabindex=\"0\"\n\t\t\t\t\t>\n\t\t\t\t\t<svg class=\"icon icon-paris\" aria-hidden=\"true\" focusable=\"false\"><use href=\"https:\/\/www.inseec.com\/wp-content\/themes\/omnes-design-system\/dist\/icons\/sprite.svg#icon-paris\"><\/use><\/svg><span class=\"is-style-plain-emphasis-xs\">Paris<\/span>\t\t\t\t\t<\/button>\n\t\t\t\t\t\t\t\t<\/div>\n\t\t<\/div>\n\n\t\t<div class=\"block__map has-surface-color block__pause-timer\">\n\t\t\t<svg class=\"icon icon-france block__map-svg\" aria-hidden=\"true\" focusable=\"false\"><use href=\"https:\/\/www.inseec.com\/wp-content\/themes\/omnes-design-system\/dist\/icons\/sprite.svg#icon-france\"><\/use><\/svg>\n\t\t\t<div\n\t\t\t\tclass=\"block__pins\"\n\t\t\t\trole=\"tablist\"\n\t\t\t\taria-label=\"Campus locations navigation\"\n\t\t\t>\n\t\t\t\t\t\t\t\t\t<button\n\t\t\t\t\t\ttabindex=\"-1\"\n\t\t\t\t\t\ttype=\"button\"\n\t\t\t\t\t\trole=\"tab\"\n\t\t\t\t\t\tclass=\"block__pin is-active\"\n\t\t\t\t\t\tstyle=\"top: 25.85%; left: 50.52%;\"\n\t\t\t\t\t\taria-label=\"Paris\"\n\t\t\t\t\t\taria-controls=\"campus-134-2\"\n\t\t\t\t\t\taria-selected=\"true\"\n\t\t\t\t\t>\n\t\t\t\t\t\t<svg class=\"icon icon-map-marker\" aria-hidden=\"true\" focusable=\"false\"><use href=\"https:\/\/www.inseec.com\/wp-content\/themes\/omnes-design-system\/dist\/icons\/sprite.svg#icon-map-marker\"><\/use><\/svg>\t\t\t\t\t<\/button>\n\t\t\t\t\t\t\t\t<\/div>\n\t\t<\/div>\n\t<\/div>\n\n\t<div class=\"block__right\">\n\t\t<div\n\t\t\tclass=\"block__cards block__pause-timer\"\n\t\t\tid=\"block-campus-locations-3\"\n\t\t>\n\t\t\t\t\t\t\t<div\n\t\t\t\t\tclass=\"block__card is-active\"\n\t\t\t\t\tid=\"campus-134-2\"\n\t\t\t\t\trole=\"tabpanel\"\n\t\t\t\t\ttabindex=\"0\"\n\t\t\t\t\taria-labelledby=\"tab-campus-134-2\"\n\t\t\t\t>\n\t\t\t\t\t\n<article class=\"crd crd--campus-slider\">\n\t<div class=\"crd__image\"><img decoding=\"async\" width=\"428\" height=\"321\" src=\"https:\/\/www.inseec.com\/wp-content\/uploads\/sites\/32\/2025\/11\/campus-paris.jpg?w=428&#038;h=321&#038;crop=1\" class=\"\" alt=\"\" data-location=\"\" loading=\"lazy\" srcset=\"https:\/\/www.inseec.com\/wp-content\/uploads\/sites\/32\/2025\/11\/campus-paris.jpg?resize=220,165 220w, https:\/\/www.inseec.com\/wp-content\/uploads\/sites\/32\/2025\/11\/campus-paris.jpg?resize=440,330 440w, https:\/\/www.inseec.com\/wp-content\/uploads\/sites\/32\/2025\/11\/campus-paris.jpg?resize=240,180 240w, https:\/\/www.inseec.com\/wp-content\/uploads\/sites\/32\/2025\/11\/campus-paris.jpg?resize=480,360 480w, https:\/\/www.inseec.com\/wp-content\/uploads\/sites\/32\/2025\/11\/campus-paris.jpg?resize=282,212 282w, https:\/\/www.inseec.com\/wp-content\/uploads\/sites\/32\/2025\/11\/campus-paris.jpg?resize=564,424 564w, https:\/\/www.inseec.com\/wp-content\/uploads\/sites\/32\/2025\/11\/campus-paris.jpg?resize=330,248 330w, https:\/\/www.inseec.com\/wp-content\/uploads\/sites\/32\/2025\/11\/campus-paris.jpg?resize=660,496 660w, https:\/\/www.inseec.com\/wp-content\/uploads\/sites\/32\/2025\/11\/campus-paris.jpg?resize=428,321 428w, https:\/\/www.inseec.com\/wp-content\/uploads\/sites\/32\/2025\/11\/campus-paris.jpg?resize=856,642 856w, https:\/\/www.inseec.com\/wp-content\/uploads\/sites\/32\/2025\/11\/campus-paris.jpg?resize=600,450 600w, https:\/\/www.inseec.com\/wp-content\/uploads\/sites\/32\/2025\/11\/campus-paris.jpg?resize=1200,900 1200w, https:\/\/www.inseec.com\/wp-content\/uploads\/sites\/32\/2025\/11\/campus-paris.jpg?resize=686,515 686w, https:\/\/www.inseec.com\/wp-content\/uploads\/sites\/32\/2025\/11\/campus-paris.jpg?resize=1372,1030 1372w\" sizes=\"auto, (max-width: 428px) 100vw, 428px\" \/><\/div>\n\t<div class=\"crd__header\">\n\t<h3 class=\"crd__title is-style-heading-emphasis-h4 has-on-surface-color\">\u00c9cole de commerce \u00e0 Paris<\/h3><p class=\"crd__excerpt is-style-plain-default-md has-on-surface-subtle-color\">D\u00e9couvrez trois campus modernes et faciles d\u2019acc\u00e8s dans des lieux embl\u00e9matiques de Paris.<\/p>\t<\/div>\n\n\t<div class=\"crd__buttons\">\n\t\t<div class=\"wp-block-button is-style-outline-md\"><a href=\"https:\/\/www.inseec.com\/campus\/ecole-de-commerce-paris\/\" class=\"wp-block-button__link\">Discover<\/a><\/div>\t<\/div>\n<\/article>\n\t\t\t\t<\/div>\n\t\t\t\t\t\t<\/div>\n\n\t\t\t<\/div>\n\t\t<\/div>\n<\/div>\n<\/div>\n\n\n\n\n\n\n<span class=\"wp-block-beapi-anchor\" aria-hidden=\"true\" id=\"anchor-pedagogie\"><\/span>\n\n\n\n<div class=\"wp-block-group alignwide wp-pattern wp-pattern-features-slider is-layout-flow wp-container-core-group-is-layout-1a58ddf4 wp-block-group-is-layout-flow has-block-anchor\" style=\"margin-top:0;margin-bottom:0;padding-top:var(--wp--preset--spacing--padding-y-section);padding-bottom:var(--wp--preset--spacing--padding-y-section)\">\n<div class=\"wp-block-group wp-pattern__header is-layout-flow wp-block-group-is-layout-flow has-block-anchor\">\n<p class=\"is-style-heading-default-eyebrow has-on-surface-color has-text-color has-link-color wp-elements-50e30a26c32a53a5f20a061a15240de6\">P\u00e9dagogie<\/p>\n\n\n\n<h2 class=\"wp-block-heading is-style-heading-emphasis-h2 has-on-surface-color has-text-color has-link-color wp-elements-a65916ac4c2b14ae1b7c76f0f3c7dfc1\" style=\"margin-top:var(--wp--preset--spacing--xs);margin-bottom:var(--wp--preset--spacing--2-xl)\" id=\"une-pedagogie-adaptee\">Une P\u00e9dagogie adapt\u00e9e<\/h2>\n\n\n\n<p class=\"is-style-plain-default-md has-on-surface-subtle-color has-text-color has-link-color wp-elements-0f92063ece49b11e76886f49c9fa69bc\">L&#8217;Executive DBA est con\u00e7u pour des cadres dirigeants en activit\u00e9 professionnelle. Le programme valorise votre exp\u00e9rience manag\u00e9riale significative (minimum 5 ans en Middle Management) et la transforme en objet de recherche appliqu\u00e9e, cr\u00e9ant ainsi une synergie entre pratique professionnelle et production de connaissances acad\u00e9miques.<\/p>\n<\/div>\n\n\n\n<div class=\"block block--features-slider features-slider alignwide\">\n\t<div class=\"swiper swiper-overflow-visible\">\n\t\t<div class=\"swiper-wrapper\">\n\t\t\t\t\t\t\t\t<div class=\"swiper-slide\">\n\t\t\t\t\t\t\n<div class=\"crd crd--feature\">\n\t<div class=\"crd__icon\"><img loading=\"lazy\" decoding=\"async\" width=\"40\" height=\"40\" src=\"https:\/\/www.inseec.com\/wp-content\/uploads\/sites\/32\/2025\/12\/icone-inseec-arc-omnes-education.webp?w=40\" class=\"\" alt=\"\" data-location=\"\" srcset=\"https:\/\/www.inseec.com\/wp-content\/uploads\/sites\/32\/2025\/12\/icone-inseec-arc-omnes-education.webp 40w, https:\/\/www.inseec.com\/wp-content\/uploads\/sites\/32\/2025\/12\/icone-inseec-arc-omnes-education.webp?resize=24,24 24w\" sizes=\"auto, (max-width: 40px) 100vw, 40px\" \/><\/div><h3 class=\"crd__title is-style-plain-emphasis-lg has-on-surface-color\">Direction de recherche personnalis\u00e9e<\/h3><p class=\"crd__description is-style-plain-default-md has-on-surface-subtle-color\">Encadrement individualis\u00e9 par un directeur de th\u00e8se enseignant-chercheur reconnu de l&#8217;INSEEC Grande \u00c9cole ou de l&#8217;Universit\u00e9 Paris-Panth\u00e9on-Assas, expert de votre domaine de recherche.<\/p><\/div>\n\t\t\t\t\t<\/div>\n\t\t\t\t\t\t\t\t\t\t<div class=\"swiper-slide\">\n\t\t\t\t\t\t\n<div class=\"crd crd--feature\">\n\t<div class=\"crd__icon\"><img loading=\"lazy\" decoding=\"async\" width=\"40\" height=\"39\" src=\"https:\/\/www.inseec.com\/wp-content\/uploads\/sites\/32\/2025\/11\/icon.webp?w=40\" class=\"\" alt=\"\" data-location=\"\" srcset=\"https:\/\/www.inseec.com\/wp-content\/uploads\/sites\/32\/2025\/11\/icon.webp 41w, https:\/\/www.inseec.com\/wp-content\/uploads\/sites\/32\/2025\/11\/icon.webp?resize=24,24 24w\" sizes=\"auto, (max-width: 40px) 100vw, 40px\" \/><\/div><h3 class=\"crd__title is-style-plain-emphasis-lg has-on-surface-color\">Acc\u00e8s aux ressources acad\u00e9miques<\/h3><p class=\"crd__description is-style-plain-default-md has-on-surface-subtle-color\">Acc\u00e8s aux biblioth\u00e8ques universitaires, bases de donn\u00e9es scientifiques, revues acad\u00e9miques et ressources documentaires des deux institutions partenaires.<\/p><\/div>\n\t\t\t\t\t<\/div>\n\t\t\t\t\t\t\t\t\t\t<div class=\"swiper-slide\">\n\t\t\t\t\t\t\n<div class=\"crd crd--feature\">\n\t<div class=\"crd__icon\"><img loading=\"lazy\" decoding=\"async\" width=\"40\" height=\"40\" src=\"https:\/\/www.inseec.com\/wp-content\/uploads\/sites\/32\/2025\/12\/icone-inseec-srea-networking.webp?w=40\" class=\"\" alt=\"\" data-location=\"\" srcset=\"https:\/\/www.inseec.com\/wp-content\/uploads\/sites\/32\/2025\/12\/icone-inseec-srea-networking.webp 40w, https:\/\/www.inseec.com\/wp-content\/uploads\/sites\/32\/2025\/12\/icone-inseec-srea-networking.webp?resize=24,24 24w\" sizes=\"auto, (max-width: 40px) 100vw, 40px\" \/><\/div><h3 class=\"crd__title is-style-plain-emphasis-lg has-on-surface-color\">S\u00e9minaires r\u00e9sidentiels d&#8217;excellence<\/h3><p class=\"crd__description is-style-plain-default-md has-on-surface-subtle-color\">Sessions intensives combinant enseignements th\u00e9oriques avanc\u00e9s, ateliers m\u00e9thodologiques et \u00e9changes avec des chercheurs reconnus internationalement.<\/p><\/div>\n\t\t\t\t\t<\/div>\n\t\t\t\t\t\t\t\t\t\t<div class=\"swiper-slide\">\n\t\t\t\t\t\t\n<div class=\"crd crd--feature\">\n\t<div class=\"crd__icon\"><img loading=\"lazy\" decoding=\"async\" width=\"64\" height=\"64\" src=\"https:\/\/www.inseec.com\/wp-content\/uploads\/sites\/32\/2025\/12\/icone-Matchup.svg?w=40\" class=\"\" alt=\"\" data-location=\"\" \/><\/div><h3 class=\"crd__title is-style-plain-emphasis-lg has-on-surface-color\">Intelligence Lab<\/h3><p class=\"crd__description is-style-plain-default-md has-on-surface-subtle-color\">Immersion dans un laboratoire d&#8217;innovation de pointe pour observer les pratiques de recherche appliqu\u00e9e et exp\u00e9rimenter les technologies \u00e9mergentes.<\/p><\/div>\n\t\t\t\t\t<\/div>\n\t\t\t\t\t\t\t\t\t\t<div class=\"swiper-slide\">\n\t\t\t\t\t\t\n<div class=\"crd crd--feature\">\n\t<div class=\"crd__icon\"><img loading=\"lazy\" decoding=\"async\" width=\"64\" height=\"64\" src=\"https:\/\/www.inseec.com\/wp-content\/uploads\/sites\/32\/2025\/12\/icone-job.svg?w=40\" class=\"\" alt=\"\" data-location=\"\" \/><\/div><h3 class=\"crd__title is-style-plain-emphasis-lg has-on-surface-color\">Communaut\u00e9 de praticiens-chercheurs<\/h3><p class=\"crd__description is-style-plain-default-md has-on-surface-subtle-color\">Int\u00e9gration dans un r\u00e9seau international de dirigeants-chercheurs partageant les m\u00eames ambitions intellectuelles et professionnelles.<\/p><\/div>\n\t\t\t\t\t<\/div>\n\t\t\t\t\t\t\t\t\t\t<div class=\"swiper-slide\">\n\t\t\t\t\t\t\n<div class=\"crd crd--feature\">\n\t<div class=\"crd__icon\"><img loading=\"lazy\" decoding=\"async\" width=\"64\" height=\"64\" src=\"https:\/\/www.inseec.com\/wp-content\/uploads\/sites\/32\/2025\/12\/icone-Ateliers.svg?w=40\" class=\"\" alt=\"\" data-location=\"\" \/><\/div><h3 class=\"crd__title is-style-plain-emphasis-lg has-on-surface-color\">Rayonnement acad\u00e9mique et professionnel<\/h3><p class=\"crd__description is-style-plain-default-md has-on-surface-subtle-color\">Opportunit\u00e9s de publication dans des revues scientifiques, participation \u00e0 des conf\u00e9rences acad\u00e9miques et reconnaissance comme expert thought leader.<\/p><\/div>\n\t\t\t\t\t<\/div>\n\t\t\t\t\t\t\t<\/div>\n\t\t\n<div class=\"swiper__controls\">\n\t<div class=\"swiper-pagination\"><\/div>\n\n\t<div class=\"swiper__buttons\">\n\t\t\t\t\t<button class=\"swiper-button-prev\" type=\"button\">\n\t\t\t\t<svg class=\"icon icon-arrow-left\" aria-hidden=\"true\" focusable=\"false\"><use href=\"https:\/\/www.inseec.com\/wp-content\/themes\/omnes-design-system\/dist\/icons\/sprite.svg#icon-arrow-left\"><\/use><\/svg>\t\t\t<\/button>\n\t\t\t<button class=\"swiper-button-next\" type=\"button\">\n\t\t\t\t<svg class=\"icon icon-arrow-right\" aria-hidden=\"true\" focusable=\"false\"><use href=\"https:\/\/www.inseec.com\/wp-content\/themes\/omnes-design-system\/dist\/icons\/sprite.svg#icon-arrow-right\"><\/use><\/svg>\t\t\t<\/button>\n\t\t\t<\/div>\n<\/div>\n\t<\/div>\n<\/div>\n\n\n\n<div class=\"wp-block-buttons is-layout-flex wp-block-buttons-is-layout-flex\">\n<div class=\"wp-block-button is-style-fill-lg\"><a class=\"wp-block-button__link wp-element-button\" href=\"https:\/\/prospect.omneseducation.com\/app\/isbe\/program\">Candidature<\/a><\/div>\n<\/div>\n<\/div>\n\n\n<span class=\"wp-block-beapi-anchor\" aria-hidden=\"true\" id=\"anchor-metiers\"><\/span>\n\n\n\n<div class=\"wp-block-group alignfull wp-pattern wp-pattern-jobs-list-with-image has-inverse-variant-background-color has-background has-global-padding is-layout-constrained wp-block-group-is-layout-constrained has-block-anchor\" style=\"margin-top:0;margin-bottom:0;padding-top:var(--wp--preset--spacing--padding-y-section);padding-bottom:var(--wp--preset--spacing--padding-y-section)\">\n<div class=\"wp-block-group alignwide wp-pattern__inner is-layout-flow wp-container-core-group-is-layout-8eee5202 wp-block-group-is-layout-flow has-block-anchor\">\n<div class=\"wp-block-media-text has-media-on-the-right is-stacked-on-mobile has-block-anchor\" style=\"grid-template-columns:auto 40%\"><div class=\"wp-block-media-text__content\">\n<div class=\"wp-block-group is-vertical is-layout-flex wp-container-core-group-is-layout-b80b8bd4 wp-block-group-is-layout-flex has-block-anchor\">\n<div class=\"wp-block-group is-vertical is-layout-flex wp-container-core-group-is-layout-bd7877ba wp-block-group-is-layout-flex has-block-anchor\">\n<p class=\"is-style-heading-default-eyebrow has-inverse-on-surface-color has-text-color has-link-color wp-elements-4b31d257d324fc8a9a703c721b05f19e\">M\u00e9tiers<\/p>\n\n\n\n<h2 class=\"wp-block-heading is-style-heading-emphasis-h2 has-inverse-on-surface-color has-text-color has-link-color wp-elements-a43001b866a9e31b7fb80b06f6d9e3a5\" id=\"quels-sont-les-debouches-apres-un-executive-dba-business-economics-and-transitions\">Quels sont les d\u00e9bouch\u00e9s apr\u00e8s un Executive DBA Business Economics and Transitions\u00a0?<\/h2>\n<\/div>\n\n\n\n<p class=\"is-style-plain-default-md has-inverse-on-surface-subtle-color has-text-color has-link-color wp-elements-1edf69a3237b15b513f564328c4ef2d3\">L&#8217;Executive DBA ne vise pas une reconversion mais l&#8217;acc\u00e9l\u00e9ration et la l\u00e9gitimation de carri\u00e8res d\u00e9j\u00e0 \u00e9tablies. Ce dipl\u00f4me positionne les dipl\u00f4m\u00e9s comme des experts reconnus \u00e0 l&#8217;intersection de la pratique manag\u00e9riale et de la recherche.<\/p>\n<\/div>\n<\/div><figure class=\"wp-block-media-text__media\"><img decoding=\"async\" src=\"https:\/\/www.inseec.com\/wp-content\/themes\/omnes-design-system\/dist\/images\/jobs.png\" alt=\"\"\/><\/figure><\/div>\n\n\n\n<ul class=\"wp-block-list has-white-color has-text-color has-link-color wp-elements-3ca65bfe0111e0fe461ce4cd6a1a42eb\">\n<li>Directeur G\u00e9n\u00e9ral<\/li>\n\n\n\n<li>Membre de comit\u00e9 ex\u00e9cutif<\/li>\n\n\n\n<li>Pr\u00e9sident d&#8217;entreprise<\/li>\n\n\n\n<li>Gestion de strat\u00e9gie<\/li>\n\n\n\n<li>Consultant en transformation<\/li>\n\n\n\n<li class=\"has-white-color has-text-color has-link-color wp-elements-a95a0f9883689942a7028782d7cb11f9\">Consultant en Transition \u00e9cologiques et \u00e9conomiques<\/li>\n<\/ul>\n\n\n\n<div class=\"wp-block-group alignwide wp-pattern wp-pattern-banner-jobs has-surface-subtle-background-color has-background is-content-justification-space-between is-nowrap is-layout-flex wp-container-core-group-is-layout-949f8704 wp-block-group-is-layout-flex\" style=\"padding-top:var(--wp--preset--spacing--padding-y-sm);padding-right:var(--wp--preset--spacing--padding-y-sm);padding-bottom:var(--wp--preset--spacing--padding-y-sm);padding-left:var(--wp--preset--spacing--padding-y-sm)\">\n<div class=\"wp-block-group is-style-heading-emphasis-h3 has-on-surface-color has-text-color has-link-color wp-elements-7aa5b5f0e6d9bdd47f17e9b8ae02dd22 is-vertical is-layout-flex wp-container-core-group-is-layout-bd7877ba wp-block-group-is-layout-flex\">\n<p class=\"is-style-heading-emphasis-h3 has-on-surface-color has-text-color has-link-color wp-elements-93530f2c39d832490df021f8d36f668c\">2 750\u20ac \u00e0 3 400\u20ac<\/p>\n\n\n\n<p class=\"is-style-plain-emphasis-md has-on-surface-color has-text-color has-link-color wp-elements-f87e1a87b4a4e01885ce3357a93deecf\">Salaire mensuel moyen d&#8217;un jeune dipl\u00f4m\u00e9<\/p>\n<\/div>\n\n\n\n<div class=\"wp-block-group is-nowrap is-layout-flex wp-container-core-group-is-layout-a2d696be wp-block-group-is-layout-flex\">\n<p class=\"is-style-plain-default-sm has-on-surface-color has-text-color has-link-color wp-elements-8954b41f20b19717e5b79aadec252512\">Rejoignez le Programme Grande \u00c9cole de<br>l&#8217;INSEEC pour concr\u00e9tiser vos projets et assurer votre avenir.<\/p>\n\n\n\n<div class=\"wp-block-buttons is-content-justification-left is-layout-flex wp-container-core-buttons-is-layout-541a3246 wp-block-buttons-is-layout-flex\">\n<div class=\"wp-block-button is-style-fill-md\"><a class=\"wp-block-button__link wp-element-button\" href=\"https:\/\/outlook.office.com\/book\/INSEECGrandeEcoleMBA@inseecadmin.onmicrosoft.com\/?ismsaljsauthenabled\" target=\"_blank\" rel=\"noreferrer noopener\">RDV personnalis\u00e9<\/a><\/div>\n<\/div>\n<\/div>\n<\/div>\n<\/div>\n<\/div>\n\n\n<span class=\"wp-block-beapi-anchor\" aria-hidden=\"true\" id=\"anchor-candidature\"><\/span>\n\n\n\n<div class=\"wp-block-group alignfull wp-pattern wp-pattern-apply-scroll has-global-padding is-layout-constrained wp-block-group-is-layout-constrained has-block-anchor\" style=\"margin-top:0;margin-bottom:0\">\n<div class=\"wp-block-group alignfull wp-pattern__scroller has-global-padding is-layout-constrained wp-container-core-group-is-layout-a1d2d6ee wp-block-group-is-layout-constrained has-block-anchor\" style=\"margin-top:0;margin-bottom:0;padding-top:var(--wp--preset--spacing--6-xl);padding-right:var(--wp--preset--spacing--padding-x-section);padding-bottom:var(--wp--preset--spacing--6-xl);padding-left:var(--wp--preset--spacing--padding-x-section)\">\n<div class=\"wp-block-group alignwide wp-pattern__inner is-layout-flow wp-container-core-group-is-layout-3fccdef8 wp-block-group-is-layout-flow has-block-anchor\">\n<div class=\"wp-block-group wp-pattern__header is-vertical is-layout-flex wp-container-core-group-is-layout-bd7877ba wp-block-group-is-layout-flex has-block-anchor\">\n<p class=\"is-style-heading-default-eyebrow has-on-surface-color has-text-color has-link-color wp-elements-aa711e898cb405409db38f707f9a5c0d\">Candidature<\/p>\n\n\n\n<h2 class=\"wp-block-heading is-style-heading-emphasis-h2 has-on-surface-color has-text-color has-link-color wp-elements-82c2009fa3ea8d1536b5a71a0409f52a\" id=\"quelles-sont-les-conditions-dadmission-au-executive-dba-business-economics-and-transitions\"><strong>Quelles sont les conditions d&#8217;admission au Executive DBA Business Economics and Transitions\u00a0?<\/strong><\/h2>\n<\/div>\n\n\n\n<div class=\"wp-block-group wp-pattern__wrapper is-content-justification-space-between is-nowrap is-layout-flex wp-container-core-group-is-layout-0b70ad5d wp-block-group-is-layout-flex has-block-anchor\">\n<div class=\"wp-block-group wp-pattern__items is-vertical is-content-justification-stretch is-nowrap is-layout-flex wp-container-core-group-is-layout-0fa67750 wp-block-group-is-layout-flex has-block-anchor\">\n<div class=\"wp-block-group wp-pattern__item has-border-color has-outline-subtle-border-color is-nowrap is-layout-flex wp-container-core-group-is-layout-5097bea1 wp-block-group-is-layout-flex has-block-anchor\" style=\"border-width:3px;border-radius:16px;padding-top:var(--wp--preset--spacing--2-xl);padding-right:var(--wp--preset--spacing--2-xl);padding-bottom:var(--wp--preset--spacing--2-xl);padding-left:var(--wp--preset--spacing--2-xl)\">\n<div class=\"wp-block-group wp-container-content-9cfa9a5a is-layout-flow wp-container-core-group-is-layout-a77db08e wp-block-group-is-layout-flow has-block-anchor\">\n<div class=\"wp-block-group wp-pattern__item-heading has-global-padding is-layout-constrained wp-block-group-is-layout-constrained has-block-anchor\">\n<h3 class=\"wp-block-heading is-style-default has-on-surface-color has-text-color has-link-color wp-elements-3a087f29e9034685ddfc30c3efb1ad95\" id=\"prerequis\">Pr\u00e9requis<\/h3>\n\n\n\n<p>L&#8217;Executive DBA s&#8217;adresse exclusivement \u00e0 des managers exp\u00e9riment\u00e9s d\u00e9sireux d&#8217;avoir un impact significatif au sein de leur organisation. Il vous faut donc\u00a0:<\/p>\n<\/div>\n\n\n\n<div class=\"wp-block-group wp-pattern__item-content has-global-padding is-layout-constrained wp-block-group-is-layout-constrained\">\n<div class=\"wp-block-group has-global-padding is-layout-constrained wp-block-group-is-layout-constrained\">\n<ul class=\"wp-block-list is-style-check\">\n<li>\u00catre titulaire d&#8217;un dipl\u00f4me de niveau Bac +5 (niveau 7) en gestion et management, droit, \u00e9conomie ou \u00e9quivalent.<\/li>\n\n\n\n<li>Justifier d&#8217;une exp\u00e9rience professionnelle d&#8217;au moins 5 ans dans des fonctions de Middle Management.<\/li>\n\n\n\n<li>Occuper ou avoir occup\u00e9 des responsabilit\u00e9s manag\u00e9riales significatives.<\/li>\n<\/ul>\n<\/div>\n<\/div>\n<\/div>\n<\/div>\n\n\n\n<div class=\"wp-block-group wp-pattern__item has-border-color has-outline-subtle-border-color is-nowrap is-layout-flex wp-container-core-group-is-layout-5097bea1 wp-block-group-is-layout-flex has-block-anchor\" style=\"border-width:3px;border-radius:16px;padding-top:var(--wp--preset--spacing--2-xl);padding-right:var(--wp--preset--spacing--2-xl);padding-bottom:var(--wp--preset--spacing--2-xl);padding-left:var(--wp--preset--spacing--2-xl)\">\n<div class=\"wp-block-group wp-container-content-9cfa9a5a is-layout-flow wp-container-core-group-is-layout-a77db08e wp-block-group-is-layout-flow has-block-anchor\">\n<div class=\"wp-block-group wp-pattern__item-heading has-global-padding is-layout-constrained wp-block-group-is-layout-constrained has-block-anchor\">\n<h3 class=\"wp-block-heading is-style-default has-on-surface-color has-text-color has-link-color wp-elements-1c24e0648e532942724a426ee13ae19c\" id=\"admission\">Admission<\/h3>\n\n\n\n<p>Pour postuler au DBA le candidat doit soumettre un dossier comprenant :<\/p>\n<\/div>\n\n\n\n<div class=\"wp-block-group wp-pattern__item-content has-global-padding is-layout-constrained wp-block-group-is-layout-constrained\">\n<div class=\"wp-block-group has-global-padding is-layout-constrained wp-block-group-is-layout-constrained\">\n<ul class=\"wp-block-list is-style-check\">\n<li>Formulaire de candidature compl\u00e9t\u00e9<\/li>\n\n\n\n<li>CV d\u00e9taill\u00e9<\/li>\n\n\n\n<li>Dernier dipl\u00f4me obtenu<\/li>\n\n\n\n<li>Expos\u00e9 de motivation (lettre de motivation)<\/li>\n\n\n\n<li>Projet de recherche pr\u00e9liminaire de 2 pages<\/li>\n\n\n\n<li>Lettres de R\u00e9f\u00e9rences (3 maximum)<\/li>\n<\/ul>\n<\/div>\n<\/div>\n<\/div>\n<\/div>\n<\/div>\n\n\n\n<div class=\"wp-block-group wp-pattern__applybox has-surface-subtle-background-color has-background is-vertical is-content-justification-stretch is-layout-flex wp-container-core-group-is-layout-1a257378 wp-block-group-is-layout-flex\" style=\"border-radius:16px;padding-top:var(--wp--preset--spacing--2-xl);padding-right:var(--wp--preset--spacing--2-xl);padding-bottom:var(--wp--preset--spacing--2-xl);padding-left:var(--wp--preset--spacing--2-xl)\">\n<p class=\"is-style-plain-emphasis-xl has-on-surface-color has-text-color has-link-color wp-elements-f51b78ae01697a7f5528f193b43c63c7\">Votre candidature<\/p>\n\n\n\n<ul class=\"wp-block-list is-style-steps has-on-surface-color has-text-color has-link-color wp-elements-04f4bf70b7bd2969835fe52d41f3db8a\">\n<li>D\u00e9p\u00f4t du dossier<\/li>\n\n\n\n<li>\u00c9preuve d&#8217;admission<\/li>\n\n\n\n<li>R\u00e9sultats d&#8217;admissibilit\u00e9<\/li>\n<\/ul>\n\n\n\n<div class=\"wp-block-buttons is-content-justification-center is-nowrap is-layout-flex wp-container-core-buttons-is-layout-12a27398 wp-block-buttons-is-layout-flex\">\n<div class=\"wp-block-button has-custom-width wp-block-button__width-100 is-style-fill-lg\"><a class=\"wp-block-button__link has-text-align-center wp-element-button\" href=\"https:\/\/prospect.omneseducation.com\/app\/isbe\/program\">Je candidate<\/a><\/div>\n<\/div>\n<\/div>\n<\/div>\n<\/div>\n<\/div>\n<\/div>\n\n\n<span class=\"wp-block-beapi-anchor\" aria-hidden=\"true\" id=\"anchor-frais\"><\/span>\n\n\n\n<div class=\"wp-block-group alignfull wp-pattern wp-pattern-school-fees has-global-padding is-layout-constrained wp-block-group-is-layout-constrained has-block-anchor\" style=\"margin-top:0;margin-bottom:0;padding-top:var(--wp--preset--spacing--padding-y-section);padding-bottom:var(--wp--preset--spacing--padding-y-section)\">\n<p class=\"alignwide has-text-align-wide is-style-heading-default-eyebrow has-on-surface-color has-text-color has-link-color wp-elements-2985aacb3303de6065306d4df558bfd7\" style=\"margin-bottom:var(--wp--preset--spacing--xs)\">Frais de scolarit\u00e9<\/p>\n\n\n\n<div class=\"wp-block-columns alignwide are-vertically-aligned-center is-layout-flex wp-container-core-columns-is-layout-a13de39d wp-block-columns-is-layout-flex has-block-anchor\" style=\"margin-top:var(--wp--preset--spacing--xs);margin-bottom:var(--wp--preset--spacing--5-xl)\">\n<div class=\"wp-block-column is-vertically-aligned-center is-layout-flow wp-block-column-is-layout-flow\" style=\"flex-basis:40.4%\">\n<h2 class=\"wp-block-heading\" id=\"quels-sont-les-frais-de-scolarite-du-executive-dba-business-economics-and-transitions\">Quels sont les frais de scolarit\u00e9 du Executive DBA Business Economics and Transitions ?<\/h2>\n<\/div>\n\n\n\n<div class=\"wp-block-column is-vertically-aligned-center is-layout-flow wp-block-column-is-layout-flow\" style=\"flex-basis:49%\">\n<p class=\"is-style-plain-default-lg has-on-surface-subtle-color has-text-color has-link-color wp-elements-a9b82adb794ab1d86a52e3a41c263e71\">Les frais de scolarit\u00e9 \u00e9voluent en fonction des ann\u00e9es. Plusieurs solutions de financement sont disponibles pour vous accompagner.<\/p>\n<\/div>\n<\/div>\n\n\n\n<div class=\"wp-block-blockparty-tabs alignwide has-align-top-center\" aria-label=\"\" role=\"tablist\">\n<ul class=\"wp-block-blockparty-tabs-nav\">\n<li class=\"wp-block-blockparty-tabs-nav-item\"><a id=\"block-tab-2-0\" role=\"tab\" aria-controls=\"block-panel-2-0\" class=\"wp-block-blockparty-tabs-nav-link\" href=\"#block-tab-2-0\"><span>Rentr\u00e9e F\u00e9vrier<\/span><\/a><\/li>\n<\/ul>\n\n\n\n<section class=\"wp-block-blockparty-tabs-panels\">\n<div role=\"tabpanel\" tabindex=\"0\" class=\"wp-block-blockparty-tabs-panel-item\" id=\"block-panel-2-0\" aria-labelledby=\"block-tab-2-0\"><div class=\"wp-block-blockparty-tabs-panel-item__inner\"><div class=\"block block--school-fee-steps school-fee-steps wp-elements-ed01e57fdc45c5323f72757e9ec6fbab alignwide has-text-color has-black-color has-background has-surface-subtle-background-color\" style=\"padding-left: var(--wp--preset--spacing--xl);padding-right: var(--wp--preset--spacing--xl);padding-top: var(--wp--preset--spacing--xl);padding-bottom: var(--wp--preset--spacing--xl);\">\n\t<ol>\n\t\t\t\t\t<li class=\"block__first-step\">\n\t\t\t\t<span class=\"block__content\">\n\t\t\t\t\t<span class=\"block__label\"><svg class=\"icon icon-badge\" aria-hidden=\"true\" focusable=\"false\"><use href=\"https:\/\/www.inseec.com\/wp-content\/themes\/omnes-design-system\/dist\/icons\/sprite.svg#icon-badge\"><\/use><\/svg>Admission Bac+5<\/span>\t\t\t\t<\/span>\n\t\t\t<\/li>\n\t\t\t\t\t\t<li>\n\t\t\t\t<span class=\"block__content\">\n\t\t\t\t\t<span class=\"block__label\">1\u00e8re ann\u00e9e<\/span>\t\t\t\t\t<span class=\"block__detail\">\n\t\t\t\t\t\t<span><svg class=\"icon icon-time-quarter-past\" aria-hidden=\"true\" focusable=\"false\"><use href=\"https:\/\/www.inseec.com\/wp-content\/themes\/omnes-design-system\/dist\/icons\/sprite.svg#icon-time-quarter-past\"><\/use><\/svg>1 an<\/span><span><svg class=\"icon icon-money-bill-wave\" aria-hidden=\"true\" focusable=\"false\"><use href=\"https:\/\/www.inseec.com\/wp-content\/themes\/omnes-design-system\/dist\/icons\/sprite.svg#icon-money-bill-wave\"><\/use><\/svg>15 250\u20ac <\/span>\t\t\t\t\t<\/span>\n\t\t\t\t<\/span>\n\t\t\t<\/li>\n\t\t\t\t\t\t<li>\n\t\t\t\t<span class=\"block__content\">\n\t\t\t\t\t<span class=\"block__label\">2\u00e8me ann\u00e9e<\/span>\t\t\t\t\t<span class=\"block__detail\">\n\t\t\t\t\t\t<span><svg class=\"icon icon-time-quarter-past\" aria-hidden=\"true\" focusable=\"false\"><use href=\"https:\/\/www.inseec.com\/wp-content\/themes\/omnes-design-system\/dist\/icons\/sprite.svg#icon-time-quarter-past\"><\/use><\/svg>1 an<\/span><span><svg class=\"icon icon-money-bill-wave\" aria-hidden=\"true\" focusable=\"false\"><use href=\"https:\/\/www.inseec.com\/wp-content\/themes\/omnes-design-system\/dist\/icons\/sprite.svg#icon-money-bill-wave\"><\/use><\/svg>13 250\u20ac<\/span>\t\t\t\t\t<\/span>\n\t\t\t\t<\/span>\n\t\t\t<\/li>\n\t\t\t\t\t\t<li>\n\t\t\t\t<span class=\"block__content\">\n\t\t\t\t\t<span class=\"block__label\">3\u00e8me ann\u00e9e<\/span>\t\t\t\t\t<span class=\"block__detail\">\n\t\t\t\t\t\t<span><svg class=\"icon icon-time-quarter-past\" aria-hidden=\"true\" focusable=\"false\"><use href=\"https:\/\/www.inseec.com\/wp-content\/themes\/omnes-design-system\/dist\/icons\/sprite.svg#icon-time-quarter-past\"><\/use><\/svg>1 an<\/span><span><svg class=\"icon icon-money-bill-wave\" aria-hidden=\"true\" focusable=\"false\"><use href=\"https:\/\/www.inseec.com\/wp-content\/themes\/omnes-design-system\/dist\/icons\/sprite.svg#icon-money-bill-wave\"><\/use><\/svg>11 250\u20ac<\/span>\t\t\t\t\t<\/span>\n\t\t\t\t<\/span>\n\t\t\t<\/li>\n\t\t\t\t\t\t<li class=\"block__last-step\">\n\t\t\t\t<span class=\"block__content\">\n\t\t\t\t\t<span class=\"block__label\"><svg class=\"icon icon-student-alt\" aria-hidden=\"true\" focusable=\"false\"><use href=\"https:\/\/www.inseec.com\/wp-content\/themes\/omnes-design-system\/dist\/icons\/sprite.svg#icon-student-alt\"><\/use><\/svg>Dipl\u00f4me DBA<\/span>\t\t\t\t<\/span>\n\t\t\t<\/li>\n\t\t\t\t<\/ol>\n<\/div>\n\n\n\n<div class=\"wp-block-group alignwide has-global-padding is-layout-constrained wp-block-group-is-layout-constrained has-block-anchor\">\n<div class=\"wp-block-group alignwide has-surface-subtle-background-color has-background has-global-padding is-layout-constrained wp-container-core-group-is-layout-35c3b834 wp-block-group-is-layout-constrained has-block-anchor\" style=\"margin-top:var(--wp--preset--spacing--4-xl);padding-top:var(--wp--preset--spacing--padding-y-sm);padding-right:var(--wp--preset--spacing--padding-x-sm);padding-bottom:var(--wp--preset--spacing--padding-y-sm);padding-left:var(--wp--preset--spacing--padding-x-sm)\">\n<div class=\"wp-block-columns alignwide is-layout-flex wp-container-core-columns-is-layout-28f84493 wp-block-columns-is-layout-flex has-block-anchor\">\n<div class=\"wp-block-column is-layout-flow wp-container-core-column-is-layout-ed9b32d5 wp-block-column-is-layout-flow\" style=\"flex-basis:29%\">\n<h3 class=\"wp-block-heading is-style-heading-emphasis-h4\" id=\"aides-au-financement\">Aides au financement<\/h3>\n\n\n\n<p class=\"is-style-plain-emphasis-md has-on-surface-subtle-color has-text-color has-link-color wp-elements-b2579ee9e3acd4a9436fb698d7b8c8fe\">L\u2019INSEEC propose plusieurs dispositifs d\u2019aides au financement :<\/p>\n<\/div>\n\n\n\n<div class=\"wp-block-column is-layout-flow wp-block-column-is-layout-flow\" style=\"flex-basis:64%\">\n<div class=\"wp-block-group is-layout-grid wp-container-core-group-is-layout-95e4255b wp-block-group-is-layout-grid\">\n<div class=\"wp-block-group has-surface-variant-background-color has-background is-nowrap is-layout-flex wp-container-core-group-is-layout-58883a1f wp-block-group-is-layout-flex\" style=\"padding-top:var(--wp--preset--spacing--xl);padding-right:var(--wp--preset--spacing--xl);padding-bottom:var(--wp--preset--spacing--xl);padding-left:var(--wp--preset--spacing--xl)\">\n<ul class=\"wp-block-beapi-icon-block is-layout-flex wp-block-icon-block-is-layout-flex\">\n<li class=\"wp-block-beapi-icon-item\"><span style=\"background-color:var(--wp--custom--color--tertiary-default-tertiary-container);border-radius:8%\"><svg width=\"24\" height=\"24\" viewBox=\"0 0 24 24\" version=\"1.1\" xmlns=\"http:\/\/www.w3.org\/2000\/svg\" style=\"color:var(--wp--custom--color--primary-default-on-primary-container);padding:8px 8px 8px 8px\" class=\"wp-block-beapi-icon-block__icon-component wp-block-beapi-icon-block__icon-component--sprite icon-bank\" aria-hidden=\"true\"><use href=\"https:\/\/www.inseec.com\/wp-content\/themes\/omnes-design-system\/dist\/icons\/sprite.svg#icon-business-time\"><\/use><\/svg><\/span><\/li>\n<\/ul>\n\n\n\n<div class=\"wp-block-group has-global-padding is-layout-constrained wp-container-core-group-is-layout-442b6e00 wp-block-group-is-layout-constrained\">\n<p>Le rythme altern\u00e9, en stage ou contrat d\u2019alternance<\/p>\n\n\n\n<div class=\"wp-block-buttons is-layout-flex wp-block-buttons-is-layout-flex\">\n<div class=\"wp-block-button is-style-link-arrow-right\"><a class=\"wp-block-button__link wp-element-button\" href=\"https:\/\/www.inseec.com\/financer-ses-etudes\/\">En savoir plus<\/a><\/div>\n<\/div>\n<\/div>\n<\/div>\n\n\n\n<div class=\"wp-block-group has-inverse-on-surface-color has-inverse-variant-background-color has-text-color has-background has-link-color wp-elements-58aa36d6f30c3349caac33f4215751b0 is-nowrap is-layout-flex wp-container-core-group-is-layout-58883a1f wp-block-group-is-layout-flex\" style=\"padding-top:var(--wp--preset--spacing--xl);padding-right:var(--wp--preset--spacing--xl);padding-bottom:var(--wp--preset--spacing--xl);padding-left:var(--wp--preset--spacing--xl)\">\n<ul class=\"wp-block-beapi-icon-block is-layout-flex wp-block-icon-block-is-layout-flex\">\n<li class=\"wp-block-beapi-icon-item\"><span style=\"background-color:var(--wp--custom--color--tertiary-default-tertiary-container);border-radius:8%\"><svg width=\"24\" height=\"24\" viewBox=\"0 0 24 24\" version=\"1.1\" xmlns=\"http:\/\/www.w3.org\/2000\/svg\" style=\"color:var(--wp--custom--color--primary-default-on-primary-container);padding:8px 8px 8px 8px\" class=\"wp-block-beapi-icon-block__icon-component wp-block-beapi-icon-block__icon-component--sprite icon-bank\" aria-hidden=\"true\"><use href=\"https:\/\/www.inseec.com\/wp-content\/themes\/omnes-design-system\/dist\/icons\/sprite.svg#icon-bank\"><\/use><\/svg><\/span><\/li>\n<\/ul>\n\n\n\n<div class=\"wp-block-group has-global-padding is-layout-constrained wp-container-core-group-is-layout-442b6e00 wp-block-group-is-layout-constrained\">\n<p class=\"has-inverse-on-surface-color has-text-color has-link-color wp-elements-5773a2d728ce9f149f5c793faa604184\">Les partenariats bancaires et leurs avantages<\/p>\n\n\n\n<div class=\"wp-block-buttons is-layout-flex wp-block-buttons-is-layout-flex\">\n<div class=\"wp-block-button is-style-link-arrow-right\"><a class=\"wp-block-button__link has-inverse-primary-color has-text-color has-link-color wp-element-button\" href=\"https:\/\/www.inseec.com\/financer-ses-etudes\/nos-partenaires-bancaires\/\">En savoir plus<\/a><\/div>\n<\/div>\n<\/div>\n<\/div>\n<\/div>\n<\/div>\n<\/div>\n<\/div>\n<\/div>\n<\/div><\/div>\n<\/section>\n<\/div>\n<\/div>\n\n\n\n<section class=\"wp-block-group alignfull wp-pattern wp-pattern-events-list has-surface-background-color has-background has-global-padding is-layout-constrained wp-container-core-group-is-layout-b9dc94b5 wp-block-group-is-layout-constrained has-block-anchor\" style=\"margin-top:0;margin-bottom:0;padding-top:var(--wp--preset--spacing--padding-y-section);padding-bottom:var(--wp--preset--spacing--padding-y-section)\">\n<div class=\"wp-block-group wp-pattrern__header is-layout-flow wp-block-group-is-layout-flow has-block-anchor\">\n<p class=\"has-text-align-center is-style-heading-default-eyebrow has-on-surface-color has-text-color has-link-color wp-elements-f87c7f0167b54601ce97aaa0cdc63a70\">Rencontrez-nous<\/p>\n\n\n\n<h2 class=\"wp-block-heading has-text-align-center\" id=\"decouvrez-les-evenements-executive-dba\">D\u00e9couvrez les \u00e9v\u00e8nements Executive DBA<\/h2>\n<\/div>\n\n\n\n<div class=\"wp-block-group alignwide is-layout-flow wp-container-core-group-is-layout-1320b656 wp-block-group-is-layout-flow\" style=\"margin-top:var(--wp--preset--spacing--4-xl)\">\n<div class=\"wp-block-group wp-pattern__filters wp-pattern__filters-centered is-layout-grid wp-container-core-group-is-layout-4fe37c5b wp-block-group-is-layout-grid\"><div class=\"wpgb-facet wpgb-loading wpgb-facet-38\" data-facet=\"38\" data-grid=\"wpgb-content-block\/37d518fa87cf6be40aa34cd22a0af9e4\"><\/div>\n\n<div class=\"wpgb-facet wpgb-loading wpgb-facet-11\" data-facet=\"11\" data-grid=\"wpgb-content-block\/37d518fa87cf6be40aa34cd22a0af9e4\"><\/div><\/div>\n\n\n\n<div class=\"wp-block-query is-layout-flow wp-block-query-is-layout-flow wpgb-content-block37d518fa87cf6be40aa34cd22a0af9e4\"><ul class=\"wp-block-post-template is-layout-grid wp-container-core-post-template-is-layout-523fefc7 wp-block-post-template-is-layout-grid\"><li class=\"wp-block-post post-91404 event type-event status-publish hentry event_type-journee-portes-ouvertes school-grande-ecole\">\n\n<div class=\"crd crd--event crd--event-large\">\n\t<span class=\"crd__program is-style-tag-fill-md\">Grande \u00c9cole<\/span><p class=\"crd__date is-style-heading-emphasis-h1\">11\/02<\/p><h3 class=\"crd__title is-style-plain-emphasis-lg\">Journ\u00e9e Portes Ouvertes \u00e0 Online<\/h3>\n\t<ul class=\"crd__metas\">\n\t\t<li class=\"crd__campus is-style-plain-default-md\"><svg class=\"icon icon-marker\" aria-hidden=\"true\" focusable=\"false\"><use href=\"https:\/\/www.inseec.com\/wp-content\/themes\/omnes-design-system\/dist\/icons\/sprite.svg#icon-marker\"><\/use><\/svg><span>All Campuses<\/span><\/li><li class=\"crd__hours is-style-plain-default-md\"><svg class=\"icon icon-clock\" aria-hidden=\"true\" focusable=\"false\"><use href=\"https:\/\/www.inseec.com\/wp-content\/themes\/omnes-design-system\/dist\/icons\/sprite.svg#icon-clock\"><\/use><\/svg><span>From 18h00 to 19h30<\/span><\/li>\t<\/ul>\n\n\t<div class=\"crd__buttons\">\n\t\t<div class=\"wp-block-button is-style-outline-sm\"><a href=\"https:\/\/www.inseec.com\/evenement\/journee-portes-ouvertes-a-online-2026-02-10-2\/\" class=\"wp-block-button__link\">More info<\/a><\/div><div class=\"wp-block-button is-style-subtle-sm\"><a href=\"https:\/\/grandeecole.inseec.com\/inseecu\/jpo\/12577\" class=\"wp-block-button__link\">I participate<\/a><\/div>\t<\/div>\n<\/div>\n\n<\/li><li class=\"wp-block-post post-91342 event type-event status-publish hentry event_type-journee-portes-ouvertes school-grande-ecole\">\n\n<div class=\"crd crd--event crd--event-large\">\n\t<span class=\"crd__program is-style-tag-fill-md\">Grande \u00c9cole<\/span><p class=\"crd__date is-style-heading-emphasis-h1\">17\/02<\/p><h3 class=\"crd__title is-style-plain-emphasis-lg\">Journ\u00e9e Portes Ouvertes \u00e0 Paris<\/h3>\n\t<ul class=\"crd__metas\">\n\t\t<li class=\"crd__campus is-style-plain-default-md\"><svg class=\"icon icon-marker\" aria-hidden=\"true\" focusable=\"false\"><use href=\"https:\/\/www.inseec.com\/wp-content\/themes\/omnes-design-system\/dist\/icons\/sprite.svg#icon-marker\"><\/use><\/svg><span>\u00c9cole de commerce \u00e0 Paris<\/span><\/li><li class=\"crd__hours is-style-plain-default-md\"><svg class=\"icon icon-clock\" aria-hidden=\"true\" focusable=\"false\"><use href=\"https:\/\/www.inseec.com\/wp-content\/themes\/omnes-design-system\/dist\/icons\/sprite.svg#icon-clock\"><\/use><\/svg><span>From 18h00 to 20h00<\/span><\/li>\t<\/ul>\n\n\t<div class=\"crd__buttons\">\n\t\t<div class=\"wp-block-button is-style-outline-sm\"><a href=\"https:\/\/www.inseec.com\/evenement\/journee-portes-ouvertes-a-paris-2026-02-17\/\" class=\"wp-block-button__link\">More info<\/a><\/div><div class=\"wp-block-button is-style-subtle-sm\"><a href=\"https:\/\/grandeecole.inseec.com\/inseecu\/jpo\/13427\" class=\"wp-block-button__link\">I participate<\/a><\/div>\t<\/div>\n<\/div>\n\n<\/li><li class=\"wp-block-post post-91344 event type-event status-publish hentry event_type-journee-portes-ouvertes school-grande-ecole\">\n\n<div class=\"crd crd--event crd--event-large\">\n\t<span class=\"crd__program is-style-tag-fill-md\">Grande \u00c9cole<\/span><p class=\"crd__date is-style-heading-emphasis-h1\">17\/02<\/p><h3 class=\"crd__title is-style-plain-emphasis-lg\">Journ\u00e9e Portes Ouvertes \u00e0 Bordeaux<\/h3>\n\t<ul class=\"crd__metas\">\n\t\t<li class=\"crd__campus is-style-plain-default-md\"><svg class=\"icon icon-marker\" aria-hidden=\"true\" focusable=\"false\"><use href=\"https:\/\/www.inseec.com\/wp-content\/themes\/omnes-design-system\/dist\/icons\/sprite.svg#icon-marker\"><\/use><\/svg><span>\u00c9cole de commerce \u00e0 Bordeaux<\/span><\/li><li class=\"crd__hours is-style-plain-default-md\"><svg class=\"icon icon-clock\" aria-hidden=\"true\" focusable=\"false\"><use href=\"https:\/\/www.inseec.com\/wp-content\/themes\/omnes-design-system\/dist\/icons\/sprite.svg#icon-clock\"><\/use><\/svg><span>From 18h00 to 20h00<\/span><\/li>\t<\/ul>\n\n\t<div class=\"crd__buttons\">\n\t\t<div class=\"wp-block-button is-style-outline-sm\"><a href=\"https:\/\/www.inseec.com\/evenement\/journee-portes-ouvertes-a-bordeaux-2026-02-17\/\" class=\"wp-block-button__link\">More info<\/a><\/div><div class=\"wp-block-button is-style-subtle-sm\"><a href=\"https:\/\/grandeecole.inseec.com\/inseecu\/jpo\/13428\" class=\"wp-block-button__link\">I participate<\/a><\/div>\t<\/div>\n<\/div>\n\n<\/li><\/ul>\n\n<\/div>\n<script type=\"application\/ld+json\">\n{\"@context\":\"https:\\\/\\\/schema.org\",\"@graph\":[{\"@type\":\"EducationEvent\",\"name\":\"Journ\\u00c3\\u00a9e Portes Ouvertes \\u00c3\\u00a0 Online\",\"description\":\"R\\u00c3\\u00a9union d'informations - INSEEC Grande Ecole - Tous campus - En ligne - 11\\\/02\\\/2026\",\"startDate\":\"2026-02-11T18:00:00+01:00\",\"endDate\":\"2026-02-11T19:30:00+01:00\",\"eventAttendanceMode\":\"https:\\\/\\\/schema.org\\\/OfflineEventAttendanceMode\",\"organizer\":{\"@id\":\"https:\\\/\\\/www.inseec.com\\\/#organization\"},\"url\":\"https:\\\/\\\/www.inseec.com\\\/evenement\\\/journee-portes-ouvertes-a-online-2026-02-10-2\\\/\",\"isAccessibleForFree\":true},{\"@type\":\"EducationEvent\",\"name\":\"Journ\\u00c3\\u00a9e Portes Ouvertes \\u00c3\\u00a0 Paris\",\"description\":\"Soir\\u00c3\\u00a9e Portes Ouvertes - INSEEC Grande Ecole - Paris - mercredi 18 f\\u00c3\\u00a9vrier 2026\",\"startDate\":\"2026-02-17T18:00:00+01:00\",\"endDate\":\"2026-02-17T20:00:00+01:00\",\"eventAttendanceMode\":\"https:\\\/\\\/schema.org\\\/OfflineEventAttendanceMode\",\"organizer\":{\"@id\":\"https:\\\/\\\/www.inseec.com\\\/#organization\"},\"url\":\"https:\\\/\\\/www.inseec.com\\\/evenement\\\/journee-portes-ouvertes-a-paris-2026-02-17\\\/\",\"isAccessibleForFree\":true,\"location\":{\"@type\":\"Place\",\"name\":\"\\u00c3\\u0089cole de commerce \\u00c3\\u00a0 Paris\",\"address\":{\"@type\":\"PostalAddress\",\"streetAddress\":\"37 Quai de Grenelle\",\"addressLocality\":\"Paris\",\"postalCode\":\"75015\",\"addressCountry\":\"FR\"}}},{\"@type\":\"EducationEvent\",\"name\":\"Journ\\u00c3\\u00a9e Portes Ouvertes \\u00c3\\u00a0 Bordeaux\",\"description\":\"Soir\\u00c3\\u00a9e Portes Ouvertes - INSEEC Grande Ecole - Bordeaux - mercredi 17 f\\u00c3\\u00a9vrier 2026\",\"startDate\":\"2026-02-17T18:00:00+01:00\",\"endDate\":\"2026-02-17T20:00:00+01:00\",\"eventAttendanceMode\":\"https:\\\/\\\/schema.org\\\/OfflineEventAttendanceMode\",\"organizer\":{\"@id\":\"https:\\\/\\\/www.inseec.com\\\/#organization\"},\"url\":\"https:\\\/\\\/www.inseec.com\\\/evenement\\\/journee-portes-ouvertes-a-bordeaux-2026-02-17\\\/\",\"isAccessibleForFree\":true,\"location\":{\"@type\":\"Place\",\"name\":\"\\u00c3\\u0089cole de commerce \\u00c3\\u00a0 Bordeaux\",\"address\":{\"@type\":\"PostalAddress\",\"streetAddress\":\"136 Quai des Chartrons\",\"addressLocality\":\"Bordeaux\",\"postalCode\":\"33000\",\"addressCountry\":\"FR\"}}}]}\n<\/script>\n<\/div>\n\n\n\n<div class=\"wp-block-buttons is-content-justification-center is-layout-flex wp-container-core-buttons-is-layout-a89b3969 wp-block-buttons-is-layout-flex\">\n<div class=\"wp-block-button is-style-outline-lg\"><a class=\"wp-block-button__link wp-element-button\" href=\"https:\/\/www.inseec.com\/evenement\/\">Voir tous les \u00e9v\u00e9nements<\/a><\/div>\n<\/div>\n<\/section>\n\n\n<span class=\"wp-block-beapi-anchor\" aria-hidden=\"true\" id=\"anchor-faq\"><\/span>\n\n\n\n<div class=\"wp-block-group alignwide wp-pattern wp-pattern-faq-cta is-layout-flow wp-block-group-is-layout-flow has-block-anchor\" style=\"margin-top:0;margin-bottom:0;padding-top:var(--wp--preset--spacing--6-xl);padding-bottom:var(--wp--preset--spacing--6-xl)\">\n<div class=\"wp-block-columns is-layout-flex wp-container-core-columns-is-layout-b3d710c4 wp-block-columns-is-layout-flex has-block-anchor\">\n<div class=\"wp-block-column is-layout-flow wp-container-core-column-is-layout-e67eb3c6 wp-block-column-is-layout-flow\" style=\"flex-basis:40.3%\">\n<div class=\"wp-block-group is-vertical is-layout-flex wp-container-core-group-is-layout-b80b8bd4 wp-block-group-is-layout-flex has-block-anchor\">\n<div class=\"wp-block-group is-vertical is-layout-flex wp-container-core-group-is-layout-bd7877ba wp-block-group-is-layout-flex has-block-anchor\">\n<p class=\"is-style-heading-default-eyebrow has-on-surface-color has-text-color has-link-color wp-elements-7f5af9274a5957746917b1e3dc31a535\">FAQ<\/p>\n\n\n\n<h2 class=\"wp-block-heading is-style-heading-emphasis-h2 has-on-surface-color has-text-color has-link-color wp-elements-66c73c5aceb38013ab1027806c0cc341\" id=\"tout-savoir-sur-le-executive-dba-business-economics-and-transitions\">Tout savoir sur le Executive DBA Business Economics and Transitions<\/h2>\n<\/div>\n\n\n\n<p class=\"is-style-plain-default-md has-on-surface-subtle-color has-text-color has-link-color wp-elements-3155223e82dba0f3432f89a5c4f22841\">Les r\u00e9ponses essentielles sur ce programme doctoral professionnel d&#8217;exception. Les \u00e9quipes de l&#8217;INSEEC Grande \u00c9cole et d&#8217;Assas Executive Education restent \u00e0 votre disposition pour vous accompagner dans votre projet !<\/p>\n<\/div>\n\n\n\n<div class=\"wp-block-group has-border-color is-vertical is-layout-flex wp-container-core-group-is-layout-b00cbbb9 wp-block-group-is-layout-flex has-block-anchor\" style=\"border-color:var(--wp--custom--border--outline-subtle);border-width:1px;border-radius:16px;padding-top:var(--wp--preset--spacing--padding-y-sm);padding-right:var(--wp--preset--spacing--padding-x-sm);padding-bottom:var(--wp--preset--spacing--padding-y-sm);padding-left:var(--wp--preset--spacing--padding-x-sm)\">\n<div class=\"wp-block-group is-vertical is-layout-flex wp-container-core-group-is-layout-5a6f8b2c wp-block-group-is-layout-flex has-block-anchor\">\n<h3 class=\"wp-block-heading is-style-heading-emphasis-h3 has-on-surface-color has-text-color has-link-color wp-elements-ad08d7d6f6b9f1952683b942cb8f88e2\" id=\"rencontrons-nous\">Rencontrons nous<\/h3>\n\n\n\n<p class=\"is-style-plain-default-md has-on-surface-subtle-color has-text-color has-link-color wp-elements-181c00c3af75595286ee7c0b632f9fb3\">Vous h\u00e9sitez encore ? Rencontrez nos \u00e9quipes pour vous guider dans vos choix !<\/p>\n<\/div>\n\n\n\n<div class=\"wp-block-buttons is-layout-flex wp-container-core-buttons-is-layout-11bdec33 wp-block-buttons-is-layout-flex\">\n<div class=\"wp-block-button is-style-fill-md\"><a class=\"wp-block-button__link wp-element-button\" href=\"https:\/\/outlook.office.com\/book\/INSEECGrandeEcoleMBA@inseecadmin.onmicrosoft.com\/?ismsaljsauthenabled\">RDV personnalis\u00e9<\/a><\/div>\n<\/div>\n<\/div>\n<\/div>\n\n\n\n<div class=\"wp-block-column is-layout-flow wp-container-core-column-is-layout-8a368f38 wp-block-column-is-layout-flow\" style=\"flex-basis:50%\">\n<details class=\"wp-block-details is-style-default is-layout-flow wp-container-core-details-is-layout-9ec55b31 wp-block-details-is-layout-flow\"><summary><h3><span id=\"docs-internal-guid-eebef08a-7fff-bcfd-8dfc-41f83189284a\" style=\"letter-spacing: normal; white-space: normal; caret-color: rgb(0, 0, 0); color: rgb(0, 0, 0); font-weight: normal;\"><span style=\"font-size: 14pt; font-family: Arial, sans-serif; color: rgb(67, 67, 67); font-variant-ligatures: normal; font-variant-alternates: normal; font-variant-numeric: normal; font-variant-east-asian: normal; font-variant-position: normal; vertical-align: baseline; white-space: pre-wrap;\"><strong>\u00c0 quel \u00e9tablissement ce partenariat est-il rattach\u00e9 : l&#8217;INSEEC ou Assas Executive Education\u00a0?<\/strong><\/span><\/span><\/h3><\/summary>\n<p class=\"is-style-plain-default-sm has-on-surface-subtle-color has-text-color has-link-color wp-elements-1b11960f582b0d8925033a561332bb19\">Ce programme est le fruit d&#8217;un partenariat strat\u00e9gique entre l&#8217;INSEEC Grande \u00c9cole et Assas Executive Education, filiale de l&#8217;Universit\u00e9 Paris-Panth\u00e9on-Assas d\u00e9di\u00e9e \u00e0 ses formations ex\u00e9cutives.\u00a0<\/p>\n\n\n\n<p class=\"is-style-plain-default-sm\">Vous serez inscrit dans les deux institutions et obtiendrez un double dipl\u00f4me d\u00e9livr\u00e9 conjointement par l&#8217;INSEEC Grande \u00c9cole et l&#8217;Universit\u00e9 Paris-Panth\u00e9on-Assas.\u00a0<\/p>\n\n\n\n<p class=\"is-style-plain-default-sm has-on-surface-subtle-color has-text-color has-link-color wp-elements-85f620fc5de4c45deef782fe6f4b5517\">Ce double dipl\u00f4me garantit la reconnaissance acad\u00e9mique la plus \u00e9lev\u00e9e et valorise votre parcours doctoral tant dans le monde professionnel qu&#8217;acad\u00e9mique.<\/p>\n<\/details>\n\n\n\n<details class=\"wp-block-details is-style-default is-layout-flow wp-container-core-details-is-layout-9ec55b31 wp-block-details-is-layout-flow\"><summary><h3>Quelle est la valeur ajout\u00e9e du partenariat avec Assas Executive Education dans ce programme\u00a0?<\/h3><\/summary>\n<div class=\"wp-block-group is-vertical is-layout-flex wp-container-core-group-is-layout-a2e3e733 wp-block-group-is-layout-flex\">\n<p class=\"is-style-plain-default-sm has-on-surface-subtle-color has-text-color has-link-color wp-elements-5f563e0a287b987d9d8a3e678fce1946\">Le partenariat avec Assas Executive Education apporte une expertise acad\u00e9mique d&#8217;excellence en \u00e9conomie et en droit. Vous b\u00e9n\u00e9ficiez de l&#8217;encadrement du CRED (Centre de recherche en \u00e9conomie et droit) de l&#8217;Universit\u00e9 Paris-Panth\u00e9on-Assas, l&#8217;un des laboratoires de recherche les plus reconnus en France.<\/p>\n\n\n\n<p class=\"is-style-plain-default-sm has-on-surface-subtle-color has-text-color has-link-color wp-elements-a6105cd47e5b468aed7c6bfe55459dd1\">Cette collaboration unique allie l&#8217;expertise manag\u00e9riale de l&#8217;INSEEC Grande \u00c9cole et la rigueur scientifique d&#8217;une universit\u00e9 de recherche de premier plan. Le double dipl\u00f4me renforce consid\u00e9rablement votre cr\u00e9dibilit\u00e9 acad\u00e9mique et professionnelle, vous positionnant comme un expert reconnu \u00e0 l&#8217;intersection de la th\u00e9orie \u00e9conomique avanc\u00e9e et des solutions manag\u00e9riales concr\u00e8tes.<\/p>\n<\/div>\n<\/details>\n\n\n\n<details class=\"wp-block-details is-style-default is-layout-flow wp-container-core-details-is-layout-9ec55b31 wp-block-details-is-layout-flow\"><summary><h3><span id=\"docs-internal-guid-5436313c-7fff-13c2-3afe-4289811399b1\" style=\"letter-spacing: normal; white-space: normal; caret-color: rgb(0, 0, 0); color: rgb(0, 0, 0); font-weight: normal;\"><span style=\"font-size: 14pt; font-family: Arial, sans-serif; color: rgb(67, 67, 67); font-variant-ligatures: normal; font-variant-alternates: normal; font-variant-numeric: normal; font-variant-east-asian: normal; font-variant-position: normal; vertical-align: baseline; white-space: pre-wrap;\"><strong>Quels clubs ou r\u00e9seaux \u00e9tudiants sont accessibles aux participants de ce programme\u00a0?<\/strong><\/span><\/span><\/h3><\/summary>\n<div class=\"wp-block-group is-vertical is-layout-flex wp-container-core-group-is-layout-a2e3e733 wp-block-group-is-layout-flex\">\n<p class=\"is-style-plain-default-sm has-on-surface-subtle-color has-text-color has-link-color wp-elements-b7b590230218b10eacea67283098953b\">L&#8217;Executive DBA vous int\u00e8gre dans une communaut\u00e9 exclusive de praticiens-chercheurs et de dirigeants partageant les m\u00eames ambitions intellectuelles. Vous acc\u00e9dez au r\u00e9seau INSEEC de 115 000 alumni \u00e9voluant dans tous les secteurs, ainsi qu&#8217;au r\u00e9seau de l&#8217;Universit\u00e9 Paris-Panth\u00e9on-Assas comprenant des dirigeants, juristes et \u00e9conomistes reconnus.\u00a0<\/p>\n\n\n\n<p class=\"is-style-plain-default-sm has-on-surface-subtle-color has-text-color has-link-color wp-elements-402dbd1c88837880777a2a3d1beeca7c\">Cette double appartenance vous permet de participer \u00e0 des \u00e9v\u00e9nements de networking de haut niveau, des conf\u00e9rences acad\u00e9miques et des groupes de r\u00e9flexion sur les grandes transitions \u00e9conomiques et manag\u00e9riales.<\/p>\n<\/div>\n<\/details>\n\n\n\n<details class=\"wp-block-details is-style-default is-layout-flow wp-container-core-details-is-layout-9ec55b31 wp-block-details-is-layout-flow\"><summary><h3>Quelles entreprises partenaires recrutent des dipl\u00f4m\u00e9s de ce programme\u00a0?<\/h3><\/summary>\n<div class=\"wp-block-group is-vertical is-layout-flex wp-container-core-group-is-layout-a2e3e733 wp-block-group-is-layout-flex\">\n<p class=\"is-style-plain-default-sm has-on-surface-subtle-color has-text-color has-link-color wp-elements-075cc987a1c9d63b6e655bc9d5c84d19\">L&#8217;Executive DBA ne vise pas le recrutement, mais l&#8217;acc\u00e9l\u00e9ration de carri\u00e8res d\u00e9j\u00e0 \u00e9tablies. Les dipl\u00f4m\u00e9s \u00e9voluent principalement dans des fonctions de direction g\u00e9n\u00e9rale, comit\u00e9s ex\u00e9cutifs, conseil strat\u00e9gique de haut niveau ou postes d&#8217;administrateurs ind\u00e9pendants.\u00a0<\/p>\n\n\n\n<p class=\"is-style-plain-default-sm has-on-surface-subtle-color has-text-color has-link-color wp-elements-ca9aad4e8ed2e8b622b6b031d71cd935\">Le programme vous positionne comme thought leader reconnu aupr\u00e8s de cabinets de conseil international, grands groupes, organismes de r\u00e9gulation et institutions acad\u00e9miques. Ces organisations recherchent des experts capables de concilier rigueur scientifique et vision strat\u00e9gique dans les domaines des sciences de gestion, de l&#8217;\u00e9conomie et du droit.<\/p>\n<\/div>\n<\/details>\n\n\n\n<details class=\"wp-block-details is-style-default is-layout-flow wp-container-core-details-is-layout-9ec55b31 wp-block-details-is-layout-flow\"><summary><h3>Comment se d\u00e9roule le processus d&#8217;admission \u00e0 l&#8217;Executive DBA Business Economics and Transitions\u00a0?<\/h3><\/summary>\n<div class=\"wp-block-group is-vertical is-layout-flex wp-container-core-group-is-layout-a2e3e733 wp-block-group-is-layout-flex\">\n<p class=\"is-style-plain-default-sm has-on-surface-subtle-color has-text-color has-link-color wp-elements-b9d33c23c885db88ae38881b4c438a23\">L&#8217;admission se fait sur dossier et entretien avec le comit\u00e9 compos\u00e9 de repr\u00e9sentants de l&#8217;INSEEC Grande \u00c9cole et d&#8217;Assas Executive Education. Votre dossier de candidature doit comprendre :<\/p>\n\n\n\n<ul class=\"wp-block-list is-style-check has-sm-font-size\">\n<li>Formulaire de candidature compl\u00e9t\u00e9.<\/li>\n\n\n\n<li>CV d\u00e9taill\u00e9 mentionnant votre exp\u00e9rience professionnelle (minimum 5 ans en Middle Management).<\/li>\n\n\n\n<li>Dernier dipl\u00f4me obtenu (minimum Bac +5 en gestion, droit ou \u00e9conomie).<\/li>\n\n\n\n<li>Expos\u00e9 de motivation expliquant votre projet doctoral.<\/li>\n\n\n\n<li>Projet de recherche pr\u00e9liminaire de 2 pages pr\u00e9sentant votre sujet d&#8217;\u00e9tude.<\/li>\n\n\n\n<li>Lettres de r\u00e9f\u00e9rences (3 maximum).<\/li>\n<\/ul>\n\n\n\n<p class=\"is-style-plain-default-sm has-on-surface-subtle-color has-text-color has-link-color wp-elements-9bd180533c5ec21a96c76536fa775d32\">L&#8217;entretien \u00e9value la pertinence de votre sujet, votre capacit\u00e9 \u00e0 mener une \u00e9tude doctorale et votre motivation.<\/p>\n<\/div>\n<\/details>\n\n\n\n<details class=\"wp-block-details is-style-default is-layout-flow wp-container-core-details-is-layout-9ec55b31 wp-block-details-is-layout-flow\"><summary><h3>Quelle est la diff\u00e9rence entre un Executive DBA et un MBA ou un Master classique\u00a0?<\/h3><\/summary>\n<div class=\"wp-block-group is-vertical is-layout-flex wp-container-core-group-is-layout-a2e3e733 wp-block-group-is-layout-flex\">\n<p class=\"is-style-plain-default-sm has-on-surface-subtle-color has-text-color has-link-color wp-elements-98005586f03bb5c3e0e339f6420092c6\">L&#8217;Executive DBA repr\u00e9sente le niveau le plus \u00e9lev\u00e9 de formation professionnelle, bien au-del\u00e0 d&#8217;un MBA ou d&#8217;un Master. Contrairement au MBA qui d\u00e9veloppe des comp\u00e9tences manag\u00e9riales g\u00e9n\u00e9ralistes, le DBA forme \u00e0 la production de connaissances scientifiques nouvelles.\u00a0<\/p>\n\n\n\n<p class=\"is-style-plain-default-sm has-on-surface-subtle-color has-text-color has-link-color wp-elements-c8f75f7280f73057cf5c9456a6ade807\">Il permet de transformer votre exp\u00e9rience professionnelle en recherche appliqu\u00e9e rigoureuse sous la direction d&#8217;enseignants-chercheurs reconnus. Cette formation internationale vous positionne comme expert acad\u00e9mique et professionnel, capable de publier dans des revues scientifiques et d&#8217;influencer les pratiques manag\u00e9riales \u00e0 grande \u00e9chelle.<\/p>\n<\/div>\n<\/details>\n\n\n\n<details class=\"wp-block-details is-style-default is-layout-flow wp-container-core-details-is-layout-9ec55b31 wp-block-details-is-layout-flow\"><summary><h3>Quel investissement en temps repr\u00e9sente cette formation pour un dirigeant en activit\u00e9\u00a0?<\/h3><\/summary>\n<div class=\"wp-block-group is-vertical is-layout-flex wp-container-core-group-is-layout-a2e3e733 wp-block-group-is-layout-flex\">\n<p class=\"is-style-plain-default-sm has-on-surface-subtle-color has-text-color has-link-color wp-elements-1a043af42019a915aa7b46775ce2eeec\">L&#8217;Executive DBA se d\u00e9roule sur 36 mois avec environ 576 heures de travail combinant s\u00e9minaires r\u00e9sidentiels et recherche individuelle. Le format est con\u00e7u pour des dirigeants en activit\u00e9 : les s\u00e9minaires sont organis\u00e9s par sessions intensives de quelques jours, permettant de maintenir votre activit\u00e9 professionnelle principale.\u00a0<\/p>\n\n\n\n<p class=\"is-style-plain-default-sm has-on-surface-subtle-color has-text-color has-link-color wp-elements-908bd18781dd471da55642d315b2c112\">Le rythme permet d&#8217;alterner entre p\u00e9riodes d&#8217;apprentissage collectif et phases de recherche autonome. Votre employeur peut soutenir cette d\u00e9marche, car elle enrichit directement vos responsabilit\u00e9s strat\u00e9giques et votre capacit\u00e9 \u00e0 piloter les transformations de l&#8217;organisation.<\/p>\n<\/div>\n<\/details>\n\n\n\n<details class=\"wp-block-details is-style-default is-layout-flow wp-container-core-details-is-layout-9ec55b31 wp-block-details-is-layout-flow\"><summary><h3><span id=\"docs-internal-guid-7345ba09-7fff-990a-6785-adfaef9c5416\" style=\"letter-spacing: normal; white-space: normal; caret-color: rgb(0, 0, 0); color: rgb(0, 0, 0); font-weight: normal;\"><span style=\"font-size: 14pt; font-family: Arial, sans-serif; color: rgb(67, 67, 67); font-variant-ligatures: normal; font-variant-alternates: normal; font-variant-numeric: normal; font-variant-east-asian: normal; font-variant-position: normal; vertical-align: baseline; white-space: pre-wrap;\"><strong>Peut-on choisir librement son sujet de recherche pour la th\u00e8se professionnelle\u00a0?<\/strong><\/span><\/span><\/h3><\/summary>\n<p class=\"is-style-plain-default-sm\">Votre sujet de recherche doit s&#8217;inscrire dans les th\u00e9matiques du programme :<\/p>\n\n\n\n<ul class=\"wp-block-list is-style-check has-sm-font-size\">\n<li>business economics\u00a0;<\/li>\n\n\n\n<li>transitions \u00e9conomiques\u00a0;<\/li>\n\n\n\n<li>technologies\u00a0;<\/li>\n\n\n\n<li>environnement\u00a0;<\/li>\n\n\n\n<li>gouvernance.<\/li>\n<\/ul>\n\n\n\n<p class=\"is-style-plain-default-sm\">Il doit articuler une probl\u00e9matique manag\u00e9riale concr\u00e8te issue de votre exp\u00e9rience professionnelle avec une contribution scientifique originale.\u00a0<\/p>\n\n\n\n<p class=\"is-style-plain-default-sm\">Le comit\u00e9 scientifique valide la pertinence et la faisabilit\u00e9 de votre sujet lors de l&#8217;admission. Nous vous proposons ensuite un directeur de th\u00e8se dont l&#8217;expertise correspond \u00e0 votre domaine de recherche, qu&#8217;il s&#8217;agisse de strat\u00e9gie, finance, ressources humaines, innovation ou transitions sectorielles.<\/p>\n<\/details>\n\n\n\n<details class=\"wp-block-details is-style-default is-layout-flow wp-container-core-details-is-layout-9ec55b31 wp-block-details-is-layout-flow\"><summary><h3>Quelle reconnaissance acad\u00e9mique apporte ce double dipl\u00f4me pour l&#8217;enseignement sup\u00e9rieur\u00a0?<\/h3><\/summary>\n<p class=\"is-style-plain-default-sm has-on-surface-subtle-color has-text-color has-link-color wp-elements-10bcb32b9d125ca5c661d6ffbf36385d\">Le double dipl\u00f4me de l&#8217;INSEEC Grande \u00c9cole et de l&#8217;Universit\u00e9 Paris-Panth\u00e9on-Assas conf\u00e8re la reconnaissance acad\u00e9mique la plus \u00e9lev\u00e9e. Il vous permet d&#8217;intervenir comme professeur associ\u00e9 ou expert dans des formations de niveau Master, MBA ou Executive Education en France et \u00e0 l&#8217;internationale.\u00a0<\/p>\n\n\n\n<p class=\"is-style-plain-default-sm has-on-surface-subtle-color has-text-color has-link-color wp-elements-b9bbe4d1a50b2b9303352f63993a315b\">Cette formation doctorale vous donne acc\u00e8s \u00e0 des fonctions d&#8217;enseignement-chercheur, de direction de chaires de recherche ou d&#8217;expertise aupr\u00e8s d&#8217;institutions acad\u00e9miques. Le DBA est reconnu internationalement comme le dipl\u00f4me terminal pour les professionnels souhaitant contribuer \u00e0 la recherche appliqu\u00e9e en sciences de gestion sans quitter le monde de l&#8217;entreprise.<\/p>\n<\/details>\n<\/div>\n<\/div>\n<\/div>\n\n\n\n<div class=\"wp-block-group alignfull wp-pattern wp-pattern-programs-courses wp-pattern-programs-courses-three-columns has-global-padding is-layout-constrained wp-block-group-is-layout-constrained has-block-anchor\" style=\"margin-top:0;margin-bottom:0;padding-top:var(--wp--preset--spacing--padding-y-section);padding-bottom:var(--wp--preset--spacing--padding-y-section)\">\n<div class=\"wp-block-group alignwide wp-pattern__inner is-layout-flow wp-container-core-group-is-layout-575f1b41 wp-block-group-is-layout-flow has-block-anchor\" style=\"margin-top:0;margin-bottom:0\">\n<div class=\"wp-block-group wp-pattern__header is-layout-flow wp-block-group-is-layout-flow has-block-anchor\">\n<p class=\"is-style-heading-default-eyebrow has-on-surface-color has-text-color has-link-color wp-elements-e8345622831359d792cb1375913d8866\">Fait pour vous<\/p>\n\n\n\n<h2 class=\"wp-block-heading is-style-heading-emphasis-h2 has-on-surface-color has-text-color has-link-color wp-elements-96784e9d5a05d0a8a12ad00903a20755\" style=\"margin-top:var(--wp--preset--spacing--xs);margin-bottom:var(--wp--preset--spacing--2-xl)\" id=\"nos-autres-formations\">Nos autres formations <\/h2>\n<\/div>\n\n\n\n<div class=\"wp-block-group is-layout-flow wp-container-core-group-is-layout-3fccdef8 wp-block-group-is-layout-flow\">\n<div class=\"wp-block-group is-layout-grid wp-container-core-group-is-layout-9718aa02 wp-block-group-is-layout-grid\"><div class=\"wpgb-facet wpgb-loading wpgb-facet-26\" data-facet=\"26\" data-grid=\"wpgb-content-block\/60b999da70944ac3bbd671c1e6573b90\"><\/div>\n\n<div class=\"wpgb-facet wpgb-loading wpgb-facet-24\" data-facet=\"24\" data-grid=\"wpgb-content-block\/60b999da70944ac3bbd671c1e6573b90\"><\/div>\n\n<div class=\"wpgb-facet wpgb-loading wpgb-facet-25\" data-facet=\"25\" data-grid=\"wpgb-content-block\/60b999da70944ac3bbd671c1e6573b90\"><\/div><\/div>\n\n\n\n<div class=\"wp-block-query is-layout-flow wp-block-query-is-layout-flow wpgb-content-block60b999da70944ac3bbd671c1e6573b90\"><ul class=\"wp-block-post-template is-layout-grid wp-container-core-post-template-is-layout-25c06649 wp-block-post-template-is-layout-grid\"><li class=\"wp-block-post post-90593 program type-program status-publish hentry city-online certification-level-6-rncp-certification program_language-french admission_level-2nd-year-undergraduate training_pace-full-time training_pace-work-study school-bachelor specialisation-finance\">\n\n<div class=\"crd crd--program\">\n\t<ul class=\"terms-list no-list-style\"><li class=\"is-style-tag-fill-sm\">2nd year undergraduate<\/li><\/ul><h3 class=\"crd__title is-style-plain-emphasis-md\">Bachelor Online \u2013 Corporate Finance<\/h3>\n\t<div class=\"crd__buttons\">\n\t\t<div class=\"wp-block-button is-style-subtle-sm\"><a href=\"https:\/\/www.inseec.com\/en\/program\/bachelor-online-corporate-finance\/\" class=\"wp-block-button__link\">Discover <span class=\"sr-only\">Bachelor Online \u2013 Corporate Finance<\/span><\/a><\/div>\t<\/div>\n<\/div>\n\n<\/li><li class=\"wp-block-post post-90548 program type-program status-publish hentry city-online certification-titre-rncp-niveau-6 program_language-francais admission_level-bac-2 training_pace-alternance training_pace-initial school-bachelor specialisation-finance\">\n\n<div class=\"crd crd--program\">\n\t<ul class=\"terms-list no-list-style\"><li class=\"is-style-tag-fill-sm\">Bac +2<\/li><\/ul><h3 class=\"crd__title is-style-plain-emphasis-md\">Bachelor Online \u2013 Finance d\u2019Entreprise<\/h3>\n\t<div class=\"crd__buttons\">\n\t\t<div class=\"wp-block-button is-style-outline-sm\"><a href=\"https:\/\/www.inseec.com\/demande-brochure\/\" class=\"wp-block-button__link\">Brochure<\/a><\/div><div class=\"wp-block-button is-style-subtle-sm\"><a href=\"https:\/\/www.inseec.com\/programme\/bachelor-online-finance-entreprise\/\" class=\"wp-block-button__link\">Discover <span class=\"sr-only\">Bachelor Online \u2013 Finance d\u2019Entreprise<\/span><\/a><\/div>\t<\/div>\n<\/div>\n\n<\/li><li class=\"wp-block-post post-86129 program type-program status-publish hentry city-bordeaux city-chambery city-lyon city-marseille city-paris city-rennes city-toulouse certification-level-6-rncp-certification program_language-english program_language-french-english admission_level-1st-year-undergraduate admission_level-2nd-year-undergraduate admission_level-high-school-diploma training_pace-full-time training_pace-work-study school-bachelor specialisation-finance\">\n\n<div class=\"crd crd--program\">\n\t<ul class=\"terms-list no-list-style\"><li class=\"is-style-tag-fill-sm\">1st year undergraduate<\/li><li class=\"is-style-tag-fill-sm\">2nd year undergraduate<\/li><li class=\"is-style-tag-fill-sm\">High-School Diploma<\/li><\/ul><h3 class=\"crd__title is-style-plain-emphasis-md\">Bachelor Corporate Finance<\/h3>\n\t<div class=\"crd__buttons\">\n\t\t<div class=\"wp-block-button is-style-subtle-sm\"><a href=\"https:\/\/www.inseec.com\/en\/program\/bachelor-corporate-finance\/\" class=\"wp-block-button__link\">Discover <span class=\"sr-only\">Bachelor Corporate Finance<\/span><\/a><\/div>\t<\/div>\n<\/div>\n\n<\/li><li class=\"wp-block-post post-1164 program type-program status-publish hentry city-bordeaux city-chambery city-lyon city-marseille city-paris city-rennes city-toulouse certification-titre-rncp-niveau-6 program_language-anglais program_language-francais-anglais admission_level-bac admission_level-bac-1 admission_level-bac-2 training_pace-alternance training_pace-initial school-bachelor specialisation-finance\">\n\n<div class=\"crd crd--program\">\n\t<ul class=\"terms-list no-list-style\"><li class=\"is-style-tag-fill-sm\">Bac<\/li><li class=\"is-style-tag-fill-sm\">Bac +1<\/li><li class=\"is-style-tag-fill-sm\">Bac +2<\/li><\/ul><h3 class=\"crd__title is-style-plain-emphasis-md\">Bachelor Finance d\u2019Entreprise<\/h3>\n\t<div class=\"crd__buttons\">\n\t\t<div class=\"wp-block-button is-style-outline-sm\"><a href=\"https:\/\/www.inseec.com\/demande-brochure\/\" class=\"wp-block-button__link\">Brochure<\/a><\/div><div class=\"wp-block-button is-style-subtle-sm\"><a href=\"https:\/\/www.inseec.com\/programme\/bachelor-finance-entreprise\/\" class=\"wp-block-button__link\">Discover <span class=\"sr-only\">Bachelor Finance d\u2019Entreprise<\/span><\/a><\/div>\t<\/div>\n<\/div>\n\n<\/li><li class=\"wp-block-post post-1416 program type-program status-publish hentry city-bordeaux city-chambery city-lyon city-marseille city-paris city-rennes city-toulouse certification-titre-rncp-niveau-6 program_language-francais admission_level-bac admission_level-bac-1 admission_level-bac-2 training_pace-alternance training_pace-initial school-bachelor specialisation-finance\">\n\n<div class=\"crd crd--program\">\n\t<ul class=\"terms-list no-list-style\"><li class=\"is-style-tag-fill-sm\">Bac<\/li><li class=\"is-style-tag-fill-sm\">Bac +1<\/li><li class=\"is-style-tag-fill-sm\">Bac +2<\/li><\/ul><h3 class=\"crd__title is-style-plain-emphasis-md\">Bachelor Banque Assurance<\/h3>\n\t<div class=\"crd__buttons\">\n\t\t<div class=\"wp-block-button is-style-outline-sm\"><a href=\"https:\/\/www.inseec.com\/demande-brochure\/\" class=\"wp-block-button__link\">Brochure<\/a><\/div><div class=\"wp-block-button is-style-subtle-sm\"><a href=\"https:\/\/www.inseec.com\/programme\/bachelor-banque-assurance\/\" class=\"wp-block-button__link\">Discover <span class=\"sr-only\">Bachelor Banque Assurance<\/span><\/a><\/div>\t<\/div>\n<\/div>\n\n<\/li><li class=\"wp-block-post post-82963 program type-program status-publish hentry city-bordeaux city-chambery city-lyon city-marseille city-paris city-rennes city-toulouse certification-level-6-rncp-certification program_language-french admission_level-1st-year-undergraduate admission_level-2nd-year-undergraduate admission_level-high-school-diploma training_pace-full-time training_pace-work-study school-bachelor specialisation-finance\">\n\n<div class=\"crd crd--program\">\n\t<ul class=\"terms-list no-list-style\"><li class=\"is-style-tag-fill-sm\">1st year undergraduate<\/li><li class=\"is-style-tag-fill-sm\">2nd year undergraduate<\/li><li class=\"is-style-tag-fill-sm\">High-School Diploma<\/li><\/ul><h3 class=\"crd__title is-style-plain-emphasis-md\">Bachelor Bank Insurance<\/h3>\n\t<div class=\"crd__buttons\">\n\t\t<div class=\"wp-block-button is-style-subtle-sm\"><a href=\"https:\/\/www.inseec.com\/en\/program\/bachelor-bank-insurance\/\" class=\"wp-block-button__link\">Discover <span class=\"sr-only\">Bachelor Bank Insurance<\/span><\/a><\/div>\t<\/div>\n<\/div>\n\n<\/li><\/ul>\n\n<\/div>\n\n\n<div class=\"wpgb-facet wpgb-loading wpgb-facet-2\" data-facet=\"2\" data-grid=\"wpgb-content-block\/60b999da70944ac3bbd671c1e6573b90\"><\/div><\/div>\n<\/div>\n<\/div>\n","protected":false},"excerpt":{"rendered":"<p>Pr\u00e9sentation Qu&#8217;est-ce qu&#8217;un Executive DBA Business Economics and Transitions\u00a0? L&#8217;Executive DBA Business Economics and Transitions est un programme hybride (pr\u00e9sentiel \/ distanciel) qui forme des cadres dirigeants \u00e0 anticiper et \u00e0 piloter les grandes transitions \u00e9conomiques, technologiques et environnementales. Ce programme transforme des praticiens exp\u00e9riment\u00e9s en leaders capables de repenser la gouvernance d&#8217;entreprise pour r\u00e9pondre [&hellip;]<\/p>\n","protected":false},"parent":0,"template":"","city":[499],"certification":[],"program_language":[224],"admission_level":[204],"training_pace":[214],"school":[259],"specialisation":[532],"analytics_tag":[720],"class_list":["post-81725","program","type-program","status-publish","hentry","city-paris","program_language-francais","admission_level-bac-5","training_pace-initial","school-grande-ecole","specialisation-business"],"acf":[],"yoast_head":"<title>Executive DBA Business Economics and Transitions - INSEEC<\/title>\n<meta name=\"description\" content=\"Int\u00e9grez l&#039;Executive DBA Business Economics and Transitions INSEEC x Assas. Double dipl\u00f4me, formation doctorale pour dirigeants.\" \/>\n<meta name=\"robots\" content=\"index, follow, max-snippet:-1, max-image-preview:large, max-video-preview:-1\" \/>\n<link rel=\"canonical\" href=\"https:\/\/www.inseec.com\/programme\/executive-dba-business-economics-and-transistions\/\" \/>\n<meta property=\"og:locale\" content=\"fr_FR\" \/>\n<meta property=\"og:type\" content=\"article\" \/>\n<meta property=\"og:title\" content=\"Executive DBA Business Economics and Transitions - INSEEC\" \/>\n<meta property=\"og:description\" content=\"Int\u00e9grez l&#039;Executive DBA Business Economics and Transitions INSEEC x Assas. Double dipl\u00f4me, formation doctorale pour dirigeants.\" \/>\n<meta property=\"og:url\" content=\"https:\/\/www.inseec.com\/programme\/executive-dba-business-economics-and-transistions\/\" \/>\n<meta property=\"og:site_name\" content=\"INSEEC\" \/>\n<meta property=\"article:modified_time\" content=\"2026-01-09T10:46:45+00:00\" \/>\n<meta property=\"og:image\" content=\"https:\/\/www.inseec.com\/wp-content\/themes\/omnes-design-system\/dist\/images\/jobs.png\" \/>\n<meta name=\"twitter:card\" content=\"summary_large_image\" \/>\n<meta name=\"twitter:label1\" content=\"Est. reading time\" \/>\n\t<meta name=\"twitter:data1\" content=\"10 minutes\" \/>\n<script type=\"application\/ld+json\" class=\"yoast-schema-graph\">{\"@context\":\"https:\/\/schema.org\",\"@graph\":[{\"@type\":\"WebPage\",\"@id\":\"https:\/\/www.inseec.com\/programme\/executive-dba-business-economics-and-transistions\/\",\"url\":\"https:\/\/www.inseec.com\/programme\/executive-dba-business-economics-and-transistions\/\",\"name\":\"Executive DBA Business Economics and Transitions - INSEEC\",\"isPartOf\":{\"@id\":\"https:\/\/www.inseec.com\/#website\"},\"primaryImageOfPage\":{\"@id\":\"https:\/\/www.inseec.com\/programme\/executive-dba-business-economics-and-transistions\/#primaryimage\"},\"image\":{\"@id\":\"https:\/\/www.inseec.com\/programme\/executive-dba-business-economics-and-transistions\/#primaryimage\"},\"thumbnailUrl\":\"https:\/\/www.inseec.com\/wp-content\/themes\/omnes-design-system\/dist\/images\/jobs.png\",\"datePublished\":\"2025-12-05T09:29:10+00:00\",\"dateModified\":\"2026-01-09T10:46:45+00:00\",\"description\":\"Int\u00e9grez l'Executive DBA Business Economics and Transitions INSEEC x Assas. Double dipl\u00f4me, formation doctorale pour dirigeants.\",\"breadcrumb\":{\"@id\":\"https:\/\/www.inseec.com\/programme\/executive-dba-business-economics-and-transistions\/#breadcrumb\"},\"inLanguage\":\"fr-FR\",\"potentialAction\":[{\"@type\":\"ReadAction\",\"target\":[\"https:\/\/www.inseec.com\/programme\/executive-dba-business-economics-and-transistions\/\"]}]},{\"@type\":\"ImageObject\",\"inLanguage\":\"fr-FR\",\"@id\":\"https:\/\/www.inseec.com\/programme\/executive-dba-business-economics-and-transistions\/#primaryimage\",\"url\":\"https:\/\/www.inseec.com\/wp-content\/themes\/omnes-design-system\/dist\/images\/jobs.png\",\"contentUrl\":\"https:\/\/www.inseec.com\/wp-content\/themes\/omnes-design-system\/dist\/images\/jobs.png\"},{\"@type\":\"BreadcrumbList\",\"@id\":\"https:\/\/www.inseec.com\/programme\/executive-dba-business-economics-and-transistions\/#breadcrumb\",\"itemListElement\":[{\"@type\":\"ListItem\",\"position\":1,\"name\":\"Home\",\"item\":\"https:\/\/www.inseec.com\/\"},{\"@type\":\"ListItem\",\"position\":2,\"name\":\"Programmes\",\"item\":\"https:\/\/omneseducation.net\/inseec-2025\/program\/\"},{\"@type\":\"ListItem\",\"position\":3,\"name\":\"Executive DBA Business Economics and Transitions\"}]},{\"@type\":\"WebSite\",\"@id\":\"https:\/\/www.inseec.com\/#website\",\"url\":\"https:\/\/www.inseec.com\/\",\"name\":\"INSEEC\",\"description\":\"\",\"publisher\":{\"@id\":\"https:\/\/www.inseec.com\/#organization\"},\"potentialAction\":[{\"@type\":\"SearchAction\",\"target\":{\"@type\":\"EntryPoint\",\"urlTemplate\":\"https:\/\/www.inseec.com\/?s={search_term_string}\"},\"query-input\":{\"@type\":\"PropertyValueSpecification\",\"valueRequired\":true,\"valueName\":\"search_term_string\"}}],\"inLanguage\":\"fr-FR\"},{\"@type\":\"Organization\",\"@id\":\"https:\/\/www.inseec.com\/#organization\",\"name\":\"INSEEC\",\"url\":\"https:\/\/www.inseec.com\/\",\"logo\":{\"@type\":\"ImageObject\",\"inLanguage\":\"fr-FR\",\"@id\":\"https:\/\/www.inseec.com\/#\/schema\/logo\/image\/\",\"url\":\"https:\/\/www.inseec.com\/wp-content\/uploads\/sites\/32\/2025\/11\/logo.svg\",\"contentUrl\":\"https:\/\/www.inseec.com\/wp-content\/uploads\/sites\/32\/2025\/11\/logo.svg\",\"width\":173,\"height\":36,\"caption\":\"INSEEC\"},\"image\":{\"@id\":\"https:\/\/www.inseec.com\/#\/schema\/logo\/image\/\"}},{\"@context\":\"https:\/\/schema.org\",\"@type\":\"EducationalOrganization\",\"@id\":\"https:\/\/www.inseec.com\/#organization\",\"name\":\"INSEEC\",\"description\":\"\",\"url\":\"https:\/\/www.inseec.com\/\",\"logo\":\"https:\/\/www.inseec.com\/wp-content\/uploads\/sites\/32\/2025\/11\/logo.svg\",\"image\":[\"https:\/\/www.inseec.com\/wp-content\/uploads\/sites\/32\/2025\/11\/campus-hero-barcelone-inseec.jpg\",\"https:\/\/www.inseec.com\/wp-content\/uploads\/sites\/32\/2025\/11\/campus-barcelone-inseec-ville-basilique-notre-dame-de-fourviere.jpg\",\"https:\/\/www.inseec.com\/wp-content\/uploads\/sites\/32\/2025\/11\/campus-barcelone-inseec-photo-portrait.jpg\",\"https:\/\/www.inseec.com\/wp-content\/uploads\/sites\/32\/2025\/11\/campus-slider-vr-campus-barcelone-inseec-etudiants-cours-petite-salle.jpg\",\"https:\/\/www.inseec.com\/wp-content\/uploads\/sites\/32\/2025\/11\/campus-hero-munich-inseec.jpg\",\"https:\/\/www.inseec.com\/wp-content\/uploads\/sites\/32\/2025\/11\/campus-munich-inseec-ville-basilique-notre-dame-de-fourviere.jpg\",\"https:\/\/www.inseec.com\/wp-content\/uploads\/sites\/32\/2025\/11\/campus-hero-munich-inseec.jpg\",\"https:\/\/www.inseec.com\/wp-content\/uploads\/sites\/32\/2025\/11\/campus-slider-vr-campus-munich-inseec-etudiants-theatre-les-celestins.jpg\",\"https:\/\/www.inseec.com\/wp-content\/uploads\/sites\/32\/2025\/11\/campus-hero-londres-inseec.jpg\",\"https:\/\/www.inseec.com\/wp-content\/uploads\/sites\/32\/2025\/11\/campus-londres-inseec-ville-basilique-notre-dame-de-fourviere.jpg\",\"https:\/\/www.inseec.com\/wp-content\/uploads\/sites\/32\/2025\/11\/campus-hero-londres-inseec.jpg\",\"https:\/\/www.inseec.com\/wp-content\/uploads\/sites\/32\/2025\/12\/campus-slider-vr-campus-londres-inseec-bibliotheque.jpg\",\"https:\/\/www.inseec.com\/wp-content\/uploads\/sites\/32\/2025\/11\/campus-hero-chambery-inseec-resize.jpg\",\"https:\/\/www.inseec.com\/wp-content\/uploads\/sites\/32\/2025\/11\/campus-chambery-inseec-ville-horloge.jpg\",\"https:\/\/www.inseec.com\/wp-content\/uploads\/sites\/32\/2025\/11\/campus-slider-vr-campus-chambery-inseec-exterieur.jpg\",\"https:\/\/www.inseec.com\/wp-content\/uploads\/sites\/32\/2025\/11\/campus-slider-vr-campus-chambery-inseec-salle-detente.jpg\",\"https:\/\/www.inseec.com\/wp-content\/uploads\/sites\/32\/2025\/11\/campus-hero-toulouse-inseec.jpg\",\"https:\/\/www.inseec.com\/wp-content\/uploads\/sites\/32\/2025\/11\/campus-toulouse-inseec-photo-portrait.jpg\",\"https:\/\/www.inseec.com\/wp-content\/uploads\/sites\/32\/2025\/11\/campus-slider-vr-campus-toulouse-inseec-projet-de-groupe.jpg\",\"https:\/\/www.inseec.com\/wp-content\/uploads\/sites\/32\/2025\/11\/campus-slider-vr-campus-toulouse-inseec-etudiants-amphitheatre.jpg\",\"https:\/\/www.inseec.com\/wp-content\/uploads\/sites\/32\/2025\/11\/campus-hero-monaco-inseec.jpg\",\"https:\/\/www.inseec.com\/wp-content\/uploads\/sites\/32\/2025\/12\/INSEEC-Monaco-campus.webp\",\"https:\/\/www.inseec.com\/wp-content\/uploads\/sites\/32\/2025\/11\/campus-hero-monaco-inseec.jpg\",\"https:\/\/www.inseec.com\/wp-content\/uploads\/sites\/32\/2025\/11\/campus-monaco-inseec-mosaic-amis.jpg\",\"https:\/\/www.inseec.com\/wp-content\/uploads\/sites\/32\/2025\/11\/campus-hero-online-inseec.jpg\",\"https:\/\/www.inseec.com\/wp-content\/uploads\/sites\/32\/2025\/11\/guide-metier-inseec-photo-illustration-chef-de-publicite_d1bf22.jpg\",\"https:\/\/www.inseec.com\/wp-content\/uploads\/sites\/32\/2025\/11\/guide-metier-inseec-hero-chef-de-projet-evenementiel.jpg\",\"https:\/\/www.inseec.com\/wp-content\/uploads\/sites\/32\/2025\/11\/guide-metier-inseec-hero-chef-de-produit-sportif.jpg\",\"https:\/\/www.inseec.com\/wp-content\/uploads\/sites\/32\/2025\/11\/campus-hero-beaune-inseec.jpg\",\"https:\/\/www.inseec.com\/wp-content\/uploads\/sites\/32\/2025\/11\/campus-beaune-inseec-ville-cave-a-vin.jpg\",\"https:\/\/www.inseec.com\/wp-content\/uploads\/sites\/32\/2025\/11\/campus-slider-vr-campus-beaune-inseec-groupe-etudiants.jpg\",\"https:\/\/www.inseec.com\/wp-content\/uploads\/sites\/32\/2025\/11\/campus-slider-vr-campus-beaune-inseec-etudiants-1.jpg\",\"https:\/\/www.inseec.com\/wp-content\/uploads\/sites\/32\/2025\/11\/campus-hero-marseille-inseec.jpg\",\"https:\/\/www.inseec.com\/wp-content\/uploads\/sites\/32\/2023\/07\/campus2025-marseille.png\",\"https:\/\/www.inseec.com\/wp-content\/uploads\/sites\/32\/2025\/11\/campus-slider-vr-campus-marseille-inseec-canapes-detente.jpg\",\"https:\/\/www.inseec.com\/wp-content\/uploads\/sites\/32\/2025\/11\/campus-slider-vr-campus-marseille-inseec-salle-commune.jpg\",\"https:\/\/www.inseec.com\/wp-content\/uploads\/sites\/32\/2025\/11\/campus-hero-rennes-inseec.jpg\",\"https:\/\/www.inseec.com\/wp-content\/uploads\/sites\/32\/2025\/11\/campus-rennes-inseec-photo-portrait.jpg\",\"https:\/\/www.inseec.com\/wp-content\/uploads\/sites\/32\/2025\/11\/campus-rennes-inseec-mosaic-alcove-repos.jpg\",\"https:\/\/www.inseec.com\/wp-content\/uploads\/sites\/32\/2025\/11\/campus-rennes-inseec-amphitheatre-etudiantes.jpg\",\"https:\/\/www.inseec.com\/wp-content\/uploads\/sites\/32\/2025\/11\/campus-hero-lyon-inseec.webp\",\"https:\/\/www.inseec.com\/wp-content\/uploads\/sites\/32\/2025\/11\/campus-lyon-inseec-photo-portrait.jpg\",\"https:\/\/www.inseec.com\/wp-content\/uploads\/sites\/32\/2025\/11\/campus-slider-vr-campus-lyon-inseec-dalle-detente.jpg\",\"https:\/\/www.inseec.com\/wp-content\/uploads\/sites\/32\/2025\/11\/campus-slider-vr-campus-lyon-inseec-lion-rouge-hall.jpg\",\"https:\/\/www.inseec.com\/wp-content\/uploads\/sites\/32\/2025\/11\/campus-hero-bordeaux-inseec.jpg\",\"https:\/\/www.inseec.com\/wp-content\/uploads\/sites\/32\/2024\/03\/Campus-Bordeaux-Photo-1.jpg\",\"https:\/\/www.inseec.com\/wp-content\/uploads\/sites\/32\/2025\/11\/campus-bordeaux-inseec-cafeteria.jpg\",\"https:\/\/www.inseec.com\/wp-content\/uploads\/sites\/32\/2025\/11\/campus-bordeaux-inseec-terrasse-bord-garonne.jpg\",\"https:\/\/www.inseec.com\/wp-content\/uploads\/sites\/32\/2025\/11\/campus-paris.jpg\",\"https:\/\/www.inseec.com\/wp-content\/uploads\/sites\/32\/2025\/11\/campus-paris-eiffel-inseec-portrait.jpg\",\"https:\/\/www.inseec.com\/wp-content\/uploads\/sites\/32\/2025\/11\/campus-paris-vellefaux-inseec-cafeteria.jpg\",\"https:\/\/www.inseec.com\/wp-content\/uploads\/sites\/32\/2025\/11\/campus-slider-vr-campus-paris-la-defense-inseec-salle-detente.jpg\",\"https:\/\/www.inseec.com\/wp-content\/uploads\/sites\/32\/2025\/11\/campus-hero-londres-inseec.jpg\",\"https:\/\/www.inseec.com\/wp-content\/uploads\/sites\/32\/2025\/11\/campus-londres-inseec-ville-basilique-notre-dame-de-fourviere.jpg\",\"https:\/\/www.inseec.com\/wp-content\/uploads\/sites\/32\/2025\/11\/campus-hero-londres-inseec.jpg\",\"https:\/\/www.inseec.com\/wp-content\/uploads\/sites\/32\/2025\/12\/campus-slider-vr-campus-londres-inseec-bibliotheque.jpg\",\"https:\/\/www.inseec.com\/wp-content\/uploads\/sites\/32\/2025\/11\/campus-hero-monaco-inseec.jpg\",\"https:\/\/www.inseec.com\/wp-content\/uploads\/sites\/32\/2025\/12\/INSEEC-Monaco-campus.webp\",\"https:\/\/www.inseec.com\/wp-content\/uploads\/sites\/32\/2025\/11\/campus-hero-monaco-inseec.jpg\",\"https:\/\/www.inseec.com\/wp-content\/uploads\/sites\/32\/2025\/11\/campus-monaco-inseec-mosaic-amis.jpg\",\"https:\/\/www.inseec.com\/wp-content\/uploads\/sites\/32\/2025\/11\/campus-hero-munich-inseec.jpg\",\"https:\/\/www.inseec.com\/wp-content\/uploads\/sites\/32\/2025\/11\/campus-munich-inseec-ville-basilique-notre-dame-de-fourviere.jpg\",\"https:\/\/www.inseec.com\/wp-content\/uploads\/sites\/32\/2025\/11\/campus-hero-munich-inseec.jpg\",\"https:\/\/www.inseec.com\/wp-content\/uploads\/sites\/32\/2025\/11\/campus-slider-vr-campus-munich-inseec-etudiants-theatre-les-celestins.jpg\",\"https:\/\/www.inseec.com\/wp-content\/uploads\/sites\/32\/2025\/11\/campus-hero-barcelone-inseec.jpg\",\"https:\/\/www.inseec.com\/wp-content\/uploads\/sites\/32\/2025\/11\/campus-barcelone-inseec-ville-basilique-notre-dame-de-fourviere.jpg\",\"https:\/\/www.inseec.com\/wp-content\/uploads\/sites\/32\/2025\/11\/campus-barcelone-inseec-photo-portrait.jpg\",\"https:\/\/www.inseec.com\/wp-content\/uploads\/sites\/32\/2025\/11\/campus-slider-vr-campus-barcelone-inseec-etudiants-cours-petite-salle.jpg\",\"https:\/\/www.inseec.com\/wp-content\/uploads\/sites\/32\/2025\/11\/campus-hero-online-inseec.jpg\",\"https:\/\/www.inseec.com\/wp-content\/uploads\/sites\/32\/2025\/11\/guide-metier-inseec-photo-illustration-chef-de-publicite_d1bf22.jpg\",\"https:\/\/www.inseec.com\/wp-content\/uploads\/sites\/32\/2025\/11\/guide-metier-inseec-hero-chef-de-projet-evenementiel.jpg\",\"https:\/\/www.inseec.com\/wp-content\/uploads\/sites\/32\/2025\/11\/guide-metier-inseec-hero-chef-de-produit-sportif.jpg\",\"https:\/\/www.inseec.com\/wp-content\/uploads\/sites\/32\/2025\/11\/campus-hero-toulouse-inseec.jpg\",\"https:\/\/www.inseec.com\/wp-content\/uploads\/sites\/32\/2025\/11\/campus-toulouse-inseec-photo-portrait.jpg\",\"https:\/\/www.inseec.com\/wp-content\/uploads\/sites\/32\/2025\/11\/campus-slider-vr-campus-toulouse-inseec-projet-de-groupe.jpg\",\"https:\/\/www.inseec.com\/wp-content\/uploads\/sites\/32\/2025\/11\/campus-slider-vr-campus-toulouse-inseec-etudiants-amphitheatre.jpg\",\"https:\/\/www.inseec.com\/wp-content\/uploads\/sites\/32\/2025\/11\/campus-hero-marseille-inseec.jpg\",\"https:\/\/www.inseec.com\/wp-content\/uploads\/sites\/32\/2025\/11\/campus-marseille-inseec-photo-portrait.jpg\",\"https:\/\/www.inseec.com\/wp-content\/uploads\/sites\/32\/2025\/11\/campus-slider-vr-campus-marseille-inseec-canapes-detente.jpg\",\"https:\/\/www.inseec.com\/wp-content\/uploads\/sites\/32\/2025\/11\/campus-slider-vr-campus-marseille-inseec-salle-commune.jpg\",\"https:\/\/www.inseec.com\/wp-content\/uploads\/sites\/32\/2025\/11\/campus-hero-rennes-inseec.jpg\",\"https:\/\/www.inseec.com\/wp-content\/uploads\/sites\/32\/2025\/11\/campus-rennes-inseec-photo-portrait.jpg\",\"https:\/\/www.inseec.com\/wp-content\/uploads\/sites\/32\/2025\/11\/campus-rennes-inseec-mosaic-alcove-repos.jpg\",\"https:\/\/www.inseec.com\/wp-content\/uploads\/sites\/32\/2025\/11\/campus-rennes-inseec-amphitheatre-etudiantes.jpg\",\"https:\/\/www.inseec.com\/wp-content\/uploads\/sites\/32\/2025\/11\/campus-hero-chambery-inseec-resize.jpg\",\"https:\/\/www.inseec.com\/wp-content\/uploads\/sites\/32\/2025\/11\/campus-chambery-inseec-ville-horloge.jpg\",\"https:\/\/www.inseec.com\/wp-content\/uploads\/sites\/32\/2025\/11\/campus-slider-vr-campus-chambery-inseec-exterieur.jpg\",\"https:\/\/www.inseec.com\/wp-content\/uploads\/sites\/32\/2025\/11\/campus-slider-vr-campus-chambery-inseec-salle-detente.jpg\",\"https:\/\/www.inseec.com\/wp-content\/uploads\/sites\/32\/2025\/11\/campus-hero-beaune-inseec.jpg\",\"https:\/\/www.inseec.com\/wp-content\/uploads\/sites\/32\/2025\/11\/campus-beaune-inseec-ville-cave-a-vin.jpg\",\"https:\/\/www.inseec.com\/wp-content\/uploads\/sites\/32\/2025\/11\/campus-slider-vr-campus-beaune-inseec-groupe-etudiants.jpg\",\"https:\/\/www.inseec.com\/wp-content\/uploads\/sites\/32\/2025\/11\/campus-slider-vr-campus-beaune-inseec-etudiants-1.jpg\",\"https:\/\/www.inseec.com\/wp-content\/uploads\/sites\/32\/2025\/11\/campus-hero-bordeaux-inseec.jpg\",\"https:\/\/www.inseec.com\/wp-content\/uploads\/sites\/32\/2025\/11\/campus-bordeaux-inseec-facade.jpg\",\"https:\/\/www.inseec.com\/wp-content\/uploads\/sites\/32\/2025\/11\/campus-bordeaux-inseec-cafeteria.jpg\",\"https:\/\/www.inseec.com\/wp-content\/uploads\/sites\/32\/2025\/11\/campus-bordeaux-inseec-terrasse-bord-garonne.jpg\",\"https:\/\/www.inseec.com\/wp-content\/uploads\/sites\/32\/2025\/11\/campus-hero-lyon-inseec.webp\",\"https:\/\/www.inseec.com\/wp-content\/uploads\/sites\/32\/2025\/11\/campus-lyon-inseec-photo-portrait.jpg\",\"https:\/\/www.inseec.com\/wp-content\/uploads\/sites\/32\/2025\/11\/campus-slider-vr-campus-lyon-inseec-dalle-detente.jpg\",\"https:\/\/www.inseec.com\/wp-content\/uploads\/sites\/32\/2025\/11\/campus-slider-vr-campus-lyon-inseec-lion-rouge-hall.jpg\",\"https:\/\/www.inseec.com\/wp-content\/uploads\/sites\/32\/2025\/11\/campus-paris.jpg\",\"https:\/\/www.inseec.com\/wp-content\/uploads\/sites\/32\/2025\/11\/campus-paris-eiffel-inseec-portrait.jpg\",\"https:\/\/www.inseec.com\/wp-content\/uploads\/sites\/32\/2025\/11\/campus-paris-vellefaux-inseec-cafeteria.jpg\",\"https:\/\/www.inseec.com\/wp-content\/uploads\/sites\/32\/2025\/11\/campus-slider-vr-campus-paris-la-defense-inseec-salle-detente.jpg\"],\"foundingDate\":\"\",\"memberOf\":\"OMNES Education\",\"alumni\":[{\"@type\":\"Person\",\"name\":\"Lasmak Said\",\"description\":\"CEO & Cofounder\"},{\"@type\":\"Person\",\"name\":\"Dauchy Xavier\",\"description\":\"Chief Financial Officer\"},{\"@type\":\"Person\",\"name\":\"Bordeaux Thomas\",\"description\":\"Regional Manager Grand Lyon\"},{\"@type\":\"Person\",\"name\":\"Quillot Romain\",\"description\":\"Co-founder\"},{\"@type\":\"Person\",\"name\":\"Rakotomalala Rindra\",\"description\":\"Head of International Relations\"},{\"@type\":\"Person\",\"name\":\"Lacroix Oscar\",\"description\":\"Partner\"},{\"@type\":\"Person\",\"name\":\"Moderan Olivia\",\"description\":\"Manager for the Paris-South area\"},{\"@type\":\"Person\",\"name\":\"Abdelhalim Nabil\",\"description\":\"Industry Manager\"},{\"@type\":\"Person\",\"name\":\"Duhalde M\u00e9lissa\",\"description\":\"Operational Marketing Product Manager \"},{\"@type\":\"Person\",\"name\":\"M. Matthieu\",\"description\":\"Commercial real estate consultant\"},{\"@type\":\"Person\",\"name\":\"Lusset Marie-Amandine\",\"description\":\"Communications consultant\"},{\"@type\":\"Person\",\"name\":\"R. Lo\u00efc\",\"description\":\"Entrepreneur\"},{\"@type\":\"Person\",\"name\":\"Soskin Lise\",\"description\":\"RevOps\"},{\"@type\":\"Person\",\"name\":\"Estrade Guillaume\",\"description\":\"Regional Manager Grand Lyon\"},{\"@type\":\"Person\",\"name\":\"P. Clara\",\"description\":\"Head of Digital Communications EMEA\"},{\"@type\":\"Person\",\"name\":\"Serryus C\u00e9sar\",\"description\":\"Founder\"},{\"@type\":\"Person\",\"name\":\"Onimus Aur\u00e9lien\",\"description\":\"CEO\"},{\"@type\":\"Person\",\"name\":\"B. Anne-Caroline B.\",\"description\":\"Marketing & Communications Project Manager\"},{\"@type\":\"Person\",\"name\":\"Azim Ana\u00efs\",\"description\":\"Business Controller - Industry Unit\"},{\"@type\":\"Person\",\"name\":\"Viallet Nouhant Alexandre\",\"description\":\"Chief Executive Officer\"},{\"@type\":\"Person\",\"name\":\"Ikouirene Adam\",\"description\":\"Student commercial placement\"}],\"department\":[\"Bachelor\",\"Bachelor\",\"BBA\",\"BBA\",\"BTS\",\"BTS\",\"Grande \u00c9cole\",\"Grande \u00c9cole\",\"International\",\"International\",\"MSc\",\"MSc\"],\"hasCredential\":[\"Bachelor\",\"Bachelor\",\"BBA\",\"BBA\",\"BTS\",\"BTS\",\"Grande \u00c9cole\",\"Grande \u00c9cole\",\"International\",\"International\",\"MSc\",\"MSc\"]}]}<\/script>","yoast_head_json":{"title":"Executive DBA Business Economics and Transitions - INSEEC","description":"Int\u00e9grez l'Executive DBA Business Economics and Transitions INSEEC x Assas. Double dipl\u00f4me, formation doctorale pour dirigeants.","robots":{"index":"index","follow":"follow","max-snippet":"max-snippet:-1","max-image-preview":"max-image-preview:large","max-video-preview":"max-video-preview:-1"},"canonical":"https:\/\/www.inseec.com\/programme\/executive-dba-business-economics-and-transistions\/","og_locale":"fr_FR","og_type":"article","og_title":"Executive DBA Business Economics and Transitions - INSEEC","og_description":"Int\u00e9grez l'Executive DBA Business Economics and Transitions INSEEC x Assas. Double dipl\u00f4me, formation doctorale pour dirigeants.","og_url":"https:\/\/www.inseec.com\/programme\/executive-dba-business-economics-and-transistions\/","og_site_name":"INSEEC","article_modified_time":"2026-01-09T10:46:45+00:00","og_image":[{"url":"https:\/\/www.inseec.com\/wp-content\/themes\/omnes-design-system\/dist\/images\/jobs.png","type":"","width":"","height":""}],"twitter_card":"summary_large_image","twitter_misc":{"Est. reading time":"10 minutes"},"schema":{"@context":"https:\/\/schema.org","@graph":[{"@type":"WebPage","@id":"https:\/\/www.inseec.com\/programme\/executive-dba-business-economics-and-transistions\/","url":"https:\/\/www.inseec.com\/programme\/executive-dba-business-economics-and-transistions\/","name":"Executive DBA Business Economics and Transitions - INSEEC","isPartOf":{"@id":"https:\/\/www.inseec.com\/#website"},"primaryImageOfPage":{"@id":"https:\/\/www.inseec.com\/programme\/executive-dba-business-economics-and-transistions\/#primaryimage"},"image":{"@id":"https:\/\/www.inseec.com\/programme\/executive-dba-business-economics-and-transistions\/#primaryimage"},"thumbnailUrl":"https:\/\/www.inseec.com\/wp-content\/themes\/omnes-design-system\/dist\/images\/jobs.png","datePublished":"2025-12-05T09:29:10+00:00","dateModified":"2026-01-09T10:46:45+00:00","description":"Int\u00e9grez l'Executive DBA Business Economics and Transitions INSEEC x Assas. Double dipl\u00f4me, formation doctorale pour dirigeants.","breadcrumb":{"@id":"https:\/\/www.inseec.com\/programme\/executive-dba-business-economics-and-transistions\/#breadcrumb"},"inLanguage":"fr-FR","potentialAction":[{"@type":"ReadAction","target":["https:\/\/www.inseec.com\/programme\/executive-dba-business-economics-and-transistions\/"]}]},{"@type":"ImageObject","inLanguage":"fr-FR","@id":"https:\/\/www.inseec.com\/programme\/executive-dba-business-economics-and-transistions\/#primaryimage","url":"https:\/\/www.inseec.com\/wp-content\/themes\/omnes-design-system\/dist\/images\/jobs.png","contentUrl":"https:\/\/www.inseec.com\/wp-content\/themes\/omnes-design-system\/dist\/images\/jobs.png"},{"@type":"BreadcrumbList","@id":"https:\/\/www.inseec.com\/programme\/executive-dba-business-economics-and-transistions\/#breadcrumb","itemListElement":[{"@type":"ListItem","position":1,"name":"Home","item":"https:\/\/www.inseec.com\/"},{"@type":"ListItem","position":2,"name":"Programmes","item":"https:\/\/omneseducation.net\/inseec-2025\/program\/"},{"@type":"ListItem","position":3,"name":"Executive DBA Business Economics and Transitions"}]},{"@type":"WebSite","@id":"https:\/\/www.inseec.com\/#website","url":"https:\/\/www.inseec.com\/","name":"INSEEC","description":"","publisher":{"@id":"https:\/\/www.inseec.com\/#organization"},"potentialAction":[{"@type":"SearchAction","target":{"@type":"EntryPoint","urlTemplate":"https:\/\/www.inseec.com\/?s={search_term_string}"},"query-input":{"@type":"PropertyValueSpecification","valueRequired":true,"valueName":"search_term_string"}}],"inLanguage":"fr-FR"},{"@type":"Organization","@id":"https:\/\/www.inseec.com\/#organization","name":"INSEEC","url":"https:\/\/www.inseec.com\/","logo":{"@type":"ImageObject","inLanguage":"fr-FR","@id":"https:\/\/www.inseec.com\/#\/schema\/logo\/image\/","url":"https:\/\/www.inseec.com\/wp-content\/uploads\/sites\/32\/2025\/11\/logo.svg","contentUrl":"https:\/\/www.inseec.com\/wp-content\/uploads\/sites\/32\/2025\/11\/logo.svg","width":173,"height":36,"caption":"INSEEC"},"image":{"@id":"https:\/\/www.inseec.com\/#\/schema\/logo\/image\/"}},{"@context":"https:\/\/schema.org","@type":"EducationalOrganization","@id":"https:\/\/www.inseec.com\/#organization","name":"INSEEC","description":"","url":"https:\/\/www.inseec.com\/","logo":"https:\/\/www.inseec.com\/wp-content\/uploads\/sites\/32\/2025\/11\/logo.svg","image":["https:\/\/www.inseec.com\/wp-content\/uploads\/sites\/32\/2025\/11\/campus-hero-barcelone-inseec.jpg","https:\/\/www.inseec.com\/wp-content\/uploads\/sites\/32\/2025\/11\/campus-barcelone-inseec-ville-basilique-notre-dame-de-fourviere.jpg","https:\/\/www.inseec.com\/wp-content\/uploads\/sites\/32\/2025\/11\/campus-barcelone-inseec-photo-portrait.jpg","https:\/\/www.inseec.com\/wp-content\/uploads\/sites\/32\/2025\/11\/campus-slider-vr-campus-barcelone-inseec-etudiants-cours-petite-salle.jpg","https:\/\/www.inseec.com\/wp-content\/uploads\/sites\/32\/2025\/11\/campus-hero-munich-inseec.jpg","https:\/\/www.inseec.com\/wp-content\/uploads\/sites\/32\/2025\/11\/campus-munich-inseec-ville-basilique-notre-dame-de-fourviere.jpg","https:\/\/www.inseec.com\/wp-content\/uploads\/sites\/32\/2025\/11\/campus-hero-munich-inseec.jpg","https:\/\/www.inseec.com\/wp-content\/uploads\/sites\/32\/2025\/11\/campus-slider-vr-campus-munich-inseec-etudiants-theatre-les-celestins.jpg","https:\/\/www.inseec.com\/wp-content\/uploads\/sites\/32\/2025\/11\/campus-hero-londres-inseec.jpg","https:\/\/www.inseec.com\/wp-content\/uploads\/sites\/32\/2025\/11\/campus-londres-inseec-ville-basilique-notre-dame-de-fourviere.jpg","https:\/\/www.inseec.com\/wp-content\/uploads\/sites\/32\/2025\/11\/campus-hero-londres-inseec.jpg","https:\/\/www.inseec.com\/wp-content\/uploads\/sites\/32\/2025\/12\/campus-slider-vr-campus-londres-inseec-bibliotheque.jpg","https:\/\/www.inseec.com\/wp-content\/uploads\/sites\/32\/2025\/11\/campus-hero-chambery-inseec-resize.jpg","https:\/\/www.inseec.com\/wp-content\/uploads\/sites\/32\/2025\/11\/campus-chambery-inseec-ville-horloge.jpg","https:\/\/www.inseec.com\/wp-content\/uploads\/sites\/32\/2025\/11\/campus-slider-vr-campus-chambery-inseec-exterieur.jpg","https:\/\/www.inseec.com\/wp-content\/uploads\/sites\/32\/2025\/11\/campus-slider-vr-campus-chambery-inseec-salle-detente.jpg","https:\/\/www.inseec.com\/wp-content\/uploads\/sites\/32\/2025\/11\/campus-hero-toulouse-inseec.jpg","https:\/\/www.inseec.com\/wp-content\/uploads\/sites\/32\/2025\/11\/campus-toulouse-inseec-photo-portrait.jpg","https:\/\/www.inseec.com\/wp-content\/uploads\/sites\/32\/2025\/11\/campus-slider-vr-campus-toulouse-inseec-projet-de-groupe.jpg","https:\/\/www.inseec.com\/wp-content\/uploads\/sites\/32\/2025\/11\/campus-slider-vr-campus-toulouse-inseec-etudiants-amphitheatre.jpg","https:\/\/www.inseec.com\/wp-content\/uploads\/sites\/32\/2025\/11\/campus-hero-monaco-inseec.jpg","https:\/\/www.inseec.com\/wp-content\/uploads\/sites\/32\/2025\/12\/INSEEC-Monaco-campus.webp","https:\/\/www.inseec.com\/wp-content\/uploads\/sites\/32\/2025\/11\/campus-hero-monaco-inseec.jpg","https:\/\/www.inseec.com\/wp-content\/uploads\/sites\/32\/2025\/11\/campus-monaco-inseec-mosaic-amis.jpg","https:\/\/www.inseec.com\/wp-content\/uploads\/sites\/32\/2025\/11\/campus-hero-online-inseec.jpg","https:\/\/www.inseec.com\/wp-content\/uploads\/sites\/32\/2025\/11\/guide-metier-inseec-photo-illustration-chef-de-publicite_d1bf22.jpg","https:\/\/www.inseec.com\/wp-content\/uploads\/sites\/32\/2025\/11\/guide-metier-inseec-hero-chef-de-projet-evenementiel.jpg","https:\/\/www.inseec.com\/wp-content\/uploads\/sites\/32\/2025\/11\/guide-metier-inseec-hero-chef-de-produit-sportif.jpg","https:\/\/www.inseec.com\/wp-content\/uploads\/sites\/32\/2025\/11\/campus-hero-beaune-inseec.jpg","https:\/\/www.inseec.com\/wp-content\/uploads\/sites\/32\/2025\/11\/campus-beaune-inseec-ville-cave-a-vin.jpg","https:\/\/www.inseec.com\/wp-content\/uploads\/sites\/32\/2025\/11\/campus-slider-vr-campus-beaune-inseec-groupe-etudiants.jpg","https:\/\/www.inseec.com\/wp-content\/uploads\/sites\/32\/2025\/11\/campus-slider-vr-campus-beaune-inseec-etudiants-1.jpg","https:\/\/www.inseec.com\/wp-content\/uploads\/sites\/32\/2025\/11\/campus-hero-marseille-inseec.jpg","https:\/\/www.inseec.com\/wp-content\/uploads\/sites\/32\/2023\/07\/campus2025-marseille.png","https:\/\/www.inseec.com\/wp-content\/uploads\/sites\/32\/2025\/11\/campus-slider-vr-campus-marseille-inseec-canapes-detente.jpg","https:\/\/www.inseec.com\/wp-content\/uploads\/sites\/32\/2025\/11\/campus-slider-vr-campus-marseille-inseec-salle-commune.jpg","https:\/\/www.inseec.com\/wp-content\/uploads\/sites\/32\/2025\/11\/campus-hero-rennes-inseec.jpg","https:\/\/www.inseec.com\/wp-content\/uploads\/sites\/32\/2025\/11\/campus-rennes-inseec-photo-portrait.jpg","https:\/\/www.inseec.com\/wp-content\/uploads\/sites\/32\/2025\/11\/campus-rennes-inseec-mosaic-alcove-repos.jpg","https:\/\/www.inseec.com\/wp-content\/uploads\/sites\/32\/2025\/11\/campus-rennes-inseec-amphitheatre-etudiantes.jpg","https:\/\/www.inseec.com\/wp-content\/uploads\/sites\/32\/2025\/11\/campus-hero-lyon-inseec.webp","https:\/\/www.inseec.com\/wp-content\/uploads\/sites\/32\/2025\/11\/campus-lyon-inseec-photo-portrait.jpg","https:\/\/www.inseec.com\/wp-content\/uploads\/sites\/32\/2025\/11\/campus-slider-vr-campus-lyon-inseec-dalle-detente.jpg","https:\/\/www.inseec.com\/wp-content\/uploads\/sites\/32\/2025\/11\/campus-slider-vr-campus-lyon-inseec-lion-rouge-hall.jpg","https:\/\/www.inseec.com\/wp-content\/uploads\/sites\/32\/2025\/11\/campus-hero-bordeaux-inseec.jpg","https:\/\/www.inseec.com\/wp-content\/uploads\/sites\/32\/2024\/03\/Campus-Bordeaux-Photo-1.jpg","https:\/\/www.inseec.com\/wp-content\/uploads\/sites\/32\/2025\/11\/campus-bordeaux-inseec-cafeteria.jpg","https:\/\/www.inseec.com\/wp-content\/uploads\/sites\/32\/2025\/11\/campus-bordeaux-inseec-terrasse-bord-garonne.jpg","https:\/\/www.inseec.com\/wp-content\/uploads\/sites\/32\/2025\/11\/campus-paris.jpg","https:\/\/www.inseec.com\/wp-content\/uploads\/sites\/32\/2025\/11\/campus-paris-eiffel-inseec-portrait.jpg","https:\/\/www.inseec.com\/wp-content\/uploads\/sites\/32\/2025\/11\/campus-paris-vellefaux-inseec-cafeteria.jpg","https:\/\/www.inseec.com\/wp-content\/uploads\/sites\/32\/2025\/11\/campus-slider-vr-campus-paris-la-defense-inseec-salle-detente.jpg","https:\/\/www.inseec.com\/wp-content\/uploads\/sites\/32\/2025\/11\/campus-hero-londres-inseec.jpg","https:\/\/www.inseec.com\/wp-content\/uploads\/sites\/32\/2025\/11\/campus-londres-inseec-ville-basilique-notre-dame-de-fourviere.jpg","https:\/\/www.inseec.com\/wp-content\/uploads\/sites\/32\/2025\/11\/campus-hero-londres-inseec.jpg","https:\/\/www.inseec.com\/wp-content\/uploads\/sites\/32\/2025\/12\/campus-slider-vr-campus-londres-inseec-bibliotheque.jpg","https:\/\/www.inseec.com\/wp-content\/uploads\/sites\/32\/2025\/11\/campus-hero-monaco-inseec.jpg","https:\/\/www.inseec.com\/wp-content\/uploads\/sites\/32\/2025\/12\/INSEEC-Monaco-campus.webp","https:\/\/www.inseec.com\/wp-content\/uploads\/sites\/32\/2025\/11\/campus-hero-monaco-inseec.jpg","https:\/\/www.inseec.com\/wp-content\/uploads\/sites\/32\/2025\/11\/campus-monaco-inseec-mosaic-amis.jpg","https:\/\/www.inseec.com\/wp-content\/uploads\/sites\/32\/2025\/11\/campus-hero-munich-inseec.jpg","https:\/\/www.inseec.com\/wp-content\/uploads\/sites\/32\/2025\/11\/campus-munich-inseec-ville-basilique-notre-dame-de-fourviere.jpg","https:\/\/www.inseec.com\/wp-content\/uploads\/sites\/32\/2025\/11\/campus-hero-munich-inseec.jpg","https:\/\/www.inseec.com\/wp-content\/uploads\/sites\/32\/2025\/11\/campus-slider-vr-campus-munich-inseec-etudiants-theatre-les-celestins.jpg","https:\/\/www.inseec.com\/wp-content\/uploads\/sites\/32\/2025\/11\/campus-hero-barcelone-inseec.jpg","https:\/\/www.inseec.com\/wp-content\/uploads\/sites\/32\/2025\/11\/campus-barcelone-inseec-ville-basilique-notre-dame-de-fourviere.jpg","https:\/\/www.inseec.com\/wp-content\/uploads\/sites\/32\/2025\/11\/campus-barcelone-inseec-photo-portrait.jpg","https:\/\/www.inseec.com\/wp-content\/uploads\/sites\/32\/2025\/11\/campus-slider-vr-campus-barcelone-inseec-etudiants-cours-petite-salle.jpg","https:\/\/www.inseec.com\/wp-content\/uploads\/sites\/32\/2025\/11\/campus-hero-online-inseec.jpg","https:\/\/www.inseec.com\/wp-content\/uploads\/sites\/32\/2025\/11\/guide-metier-inseec-photo-illustration-chef-de-publicite_d1bf22.jpg","https:\/\/www.inseec.com\/wp-content\/uploads\/sites\/32\/2025\/11\/guide-metier-inseec-hero-chef-de-projet-evenementiel.jpg","https:\/\/www.inseec.com\/wp-content\/uploads\/sites\/32\/2025\/11\/guide-metier-inseec-hero-chef-de-produit-sportif.jpg","https:\/\/www.inseec.com\/wp-content\/uploads\/sites\/32\/2025\/11\/campus-hero-toulouse-inseec.jpg","https:\/\/www.inseec.com\/wp-content\/uploads\/sites\/32\/2025\/11\/campus-toulouse-inseec-photo-portrait.jpg","https:\/\/www.inseec.com\/wp-content\/uploads\/sites\/32\/2025\/11\/campus-slider-vr-campus-toulouse-inseec-projet-de-groupe.jpg","https:\/\/www.inseec.com\/wp-content\/uploads\/sites\/32\/2025\/11\/campus-slider-vr-campus-toulouse-inseec-etudiants-amphitheatre.jpg","https:\/\/www.inseec.com\/wp-content\/uploads\/sites\/32\/2025\/11\/campus-hero-marseille-inseec.jpg","https:\/\/www.inseec.com\/wp-content\/uploads\/sites\/32\/2025\/11\/campus-marseille-inseec-photo-portrait.jpg","https:\/\/www.inseec.com\/wp-content\/uploads\/sites\/32\/2025\/11\/campus-slider-vr-campus-marseille-inseec-canapes-detente.jpg","https:\/\/www.inseec.com\/wp-content\/uploads\/sites\/32\/2025\/11\/campus-slider-vr-campus-marseille-inseec-salle-commune.jpg","https:\/\/www.inseec.com\/wp-content\/uploads\/sites\/32\/2025\/11\/campus-hero-rennes-inseec.jpg","https:\/\/www.inseec.com\/wp-content\/uploads\/sites\/32\/2025\/11\/campus-rennes-inseec-photo-portrait.jpg","https:\/\/www.inseec.com\/wp-content\/uploads\/sites\/32\/2025\/11\/campus-rennes-inseec-mosaic-alcove-repos.jpg","https:\/\/www.inseec.com\/wp-content\/uploads\/sites\/32\/2025\/11\/campus-rennes-inseec-amphitheatre-etudiantes.jpg","https:\/\/www.inseec.com\/wp-content\/uploads\/sites\/32\/2025\/11\/campus-hero-chambery-inseec-resize.jpg","https:\/\/www.inseec.com\/wp-content\/uploads\/sites\/32\/2025\/11\/campus-chambery-inseec-ville-horloge.jpg","https:\/\/www.inseec.com\/wp-content\/uploads\/sites\/32\/2025\/11\/campus-slider-vr-campus-chambery-inseec-exterieur.jpg","https:\/\/www.inseec.com\/wp-content\/uploads\/sites\/32\/2025\/11\/campus-slider-vr-campus-chambery-inseec-salle-detente.jpg","https:\/\/www.inseec.com\/wp-content\/uploads\/sites\/32\/2025\/11\/campus-hero-beaune-inseec.jpg","https:\/\/www.inseec.com\/wp-content\/uploads\/sites\/32\/2025\/11\/campus-beaune-inseec-ville-cave-a-vin.jpg","https:\/\/www.inseec.com\/wp-content\/uploads\/sites\/32\/2025\/11\/campus-slider-vr-campus-beaune-inseec-groupe-etudiants.jpg","https:\/\/www.inseec.com\/wp-content\/uploads\/sites\/32\/2025\/11\/campus-slider-vr-campus-beaune-inseec-etudiants-1.jpg","https:\/\/www.inseec.com\/wp-content\/uploads\/sites\/32\/2025\/11\/campus-hero-bordeaux-inseec.jpg","https:\/\/www.inseec.com\/wp-content\/uploads\/sites\/32\/2025\/11\/campus-bordeaux-inseec-facade.jpg","https:\/\/www.inseec.com\/wp-content\/uploads\/sites\/32\/2025\/11\/campus-bordeaux-inseec-cafeteria.jpg","https:\/\/www.inseec.com\/wp-content\/uploads\/sites\/32\/2025\/11\/campus-bordeaux-inseec-terrasse-bord-garonne.jpg","https:\/\/www.inseec.com\/wp-content\/uploads\/sites\/32\/2025\/11\/campus-hero-lyon-inseec.webp","https:\/\/www.inseec.com\/wp-content\/uploads\/sites\/32\/2025\/11\/campus-lyon-inseec-photo-portrait.jpg","https:\/\/www.inseec.com\/wp-content\/uploads\/sites\/32\/2025\/11\/campus-slider-vr-campus-lyon-inseec-dalle-detente.jpg","https:\/\/www.inseec.com\/wp-content\/uploads\/sites\/32\/2025\/11\/campus-slider-vr-campus-lyon-inseec-lion-rouge-hall.jpg","https:\/\/www.inseec.com\/wp-content\/uploads\/sites\/32\/2025\/11\/campus-paris.jpg","https:\/\/www.inseec.com\/wp-content\/uploads\/sites\/32\/2025\/11\/campus-paris-eiffel-inseec-portrait.jpg","https:\/\/www.inseec.com\/wp-content\/uploads\/sites\/32\/2025\/11\/campus-paris-vellefaux-inseec-cafeteria.jpg","https:\/\/www.inseec.com\/wp-content\/uploads\/sites\/32\/2025\/11\/campus-slider-vr-campus-paris-la-defense-inseec-salle-detente.jpg"],"foundingDate":"","memberOf":"OMNES Education","alumni":[{"@type":"Person","name":"Lasmak Said","description":"CEO & Cofounder"},{"@type":"Person","name":"Dauchy Xavier","description":"Chief Financial Officer"},{"@type":"Person","name":"Bordeaux Thomas","description":"Regional Manager Grand Lyon"},{"@type":"Person","name":"Quillot Romain","description":"Co-founder"},{"@type":"Person","name":"Rakotomalala Rindra","description":"Head of International Relations"},{"@type":"Person","name":"Lacroix Oscar","description":"Partner"},{"@type":"Person","name":"Moderan Olivia","description":"Manager for the Paris-South area"},{"@type":"Person","name":"Abdelhalim Nabil","description":"Industry Manager"},{"@type":"Person","name":"Duhalde M\u00e9lissa","description":"Operational Marketing Product Manager "},{"@type":"Person","name":"M. Matthieu","description":"Commercial real estate consultant"},{"@type":"Person","name":"Lusset Marie-Amandine","description":"Communications consultant"},{"@type":"Person","name":"R. Lo\u00efc","description":"Entrepreneur"},{"@type":"Person","name":"Soskin Lise","description":"RevOps"},{"@type":"Person","name":"Estrade Guillaume","description":"Regional Manager Grand Lyon"},{"@type":"Person","name":"P. Clara","description":"Head of Digital Communications EMEA"},{"@type":"Person","name":"Serryus C\u00e9sar","description":"Founder"},{"@type":"Person","name":"Onimus Aur\u00e9lien","description":"CEO"},{"@type":"Person","name":"B. Anne-Caroline B.","description":"Marketing & Communications Project Manager"},{"@type":"Person","name":"Azim Ana\u00efs","description":"Business Controller - Industry Unit"},{"@type":"Person","name":"Viallet Nouhant Alexandre","description":"Chief Executive Officer"},{"@type":"Person","name":"Ikouirene Adam","description":"Student commercial placement"}],"department":["Bachelor","Bachelor","BBA","BBA","BTS","BTS","Grande \u00c9cole","Grande \u00c9cole","International","International","MSc","MSc"],"hasCredential":["Bachelor","Bachelor","BBA","BBA","BTS","BTS","Grande \u00c9cole","Grande \u00c9cole","International","International","MSc","MSc"]}]}},"lang":"fr","translations":{"fr":81725,"en":85844},"jetpack_sharing_enabled":true,"pll_sync_post":[],"_links":{"self":[{"href":"https:\/\/www.inseec.com\/wp-json\/wp\/v2\/program\/81725","targetHints":{"allow":["GET"]}}],"collection":[{"href":"https:\/\/www.inseec.com\/wp-json\/wp\/v2\/program"}],"about":[{"href":"https:\/\/www.inseec.com\/wp-json\/wp\/v2\/types\/program"}],"wp:attachment":[{"href":"https:\/\/www.inseec.com\/wp-json\/wp\/v2\/media?parent=81725"}],"wp:term":[{"taxonomy":"city","embeddable":true,"href":"https:\/\/www.inseec.com\/wp-json\/wp\/v2\/city?post=81725"},{"taxonomy":"certification","embeddable":true,"href":"https:\/\/www.inseec.com\/wp-json\/wp\/v2\/certification?post=81725"},{"taxonomy":"program_language","embeddable":true,"href":"https:\/\/www.inseec.com\/wp-json\/wp\/v2\/program_language?post=81725"},{"taxonomy":"admission_level","embeddable":true,"href":"https:\/\/www.inseec.com\/wp-json\/wp\/v2\/admission_level?post=81725"},{"taxonomy":"training_pace","embeddable":true,"href":"https:\/\/www.inseec.com\/wp-json\/wp\/v2\/training_pace?post=81725"},{"taxonomy":"school","embeddable":true,"href":"https:\/\/www.inseec.com\/wp-json\/wp\/v2\/school?post=81725"},{"taxonomy":"specialisation","embeddable":true,"href":"https:\/\/www.inseec.com\/wp-json\/wp\/v2\/specialisation?post=81725"},{"taxonomy":"analytics_tag","embeddable":true,"href":"https:\/\/www.inseec.com\/wp-json\/wp\/v2\/analytics_tag?post=81725"}],"curies":[{"name":"wp","href":"https:\/\/api.w.org\/{rel}","templated":true}]}}