{"id":82361,"date":"2025-12-04T10:36:17","date_gmt":"2025-12-04T09:36:17","guid":{"rendered":"https:\/\/www.inseec.com\/?page_id=82361"},"modified":"2025-12-04T10:36:20","modified_gmt":"2025-12-04T09:36:20","slug":"politique-de-confidentialite","status":"publish","type":"page","link":"https:\/\/www.inseec.com\/politique-de-confidentialite\/","title":{"rendered":"Politique de Confidentialit\u00e9"},"content":{"rendered":"\n<header class=\"wp-block-group alignfull wp-pattern wp-pattern-hero-simple wp-pattern-hero-simple-align-left has-global-padding is-layout-constrained wp-container-core-group-is-layout-f44e15e6 wp-block-group-is-layout-constrained has-block-anchor\" style=\"margin-top:0;margin-bottom:0;padding-top:var(--wp--preset--spacing--padding-y-section);padding-bottom:var(--wp--preset--spacing--padding-y-section)\">\n<div class=\"wp-block-group alignwide has-global-padding is-layout-constrained wp-container-core-group-is-layout-a82a1774 wp-block-group-is-layout-constrained has-block-anchor\">\n<div class=\"wp-block-group is-vertical is-layout-flex wp-container-core-group-is-layout-bd7877ba wp-block-group-is-layout-flex has-block-anchor\">\n<h1 class=\"wp-block-heading is-style-heading-emphasis-h1 has-on-surface-color has-text-color has-link-color wp-elements-d6b518e5375096e00193b239ed412b57\" id=\"politique-de-confidentialite\">Politique de Confidentialit\u00e9<\/h1>\n<\/div>\n<\/div>\n<\/header>\n\n\n\n<div class=\"wp-block-group has-global-padding is-layout-constrained wp-block-group-is-layout-constrained has-block-anchor\" style=\"margin-top:var(--wp--preset--spacing--4-xl);margin-bottom:var(--wp--preset--spacing--4-xl)\">\n<div class=\"wp-block-group is-vertical is-layout-flex wp-container-core-group-is-layout-30a70405 wp-block-group-is-layout-flex has-block-anchor\">\n<p><\/p>\n\n\n\n<h2 class=\"wp-block-heading\" id=\"identification-du-responsable-de-traitement\"><strong>Identification du responsable de traitement<\/strong><\/h2>\n<\/div>\n\n\n\n<div class=\"wp-block-group is-vertical is-layout-flex wp-container-core-group-is-layout-90752e8f wp-block-group-is-layout-flex\">\n<p>Dans le cadre de nos \u00e9changes, de votre scolarit\u00e9, de notre relation contractuelle, ou parce que vous vous rendez sur l\u2019un de nos sites web ou de nos campus, nous serons amen\u00e9s \u00e0 traiter vos donn\u00e9es personnelles.<br><br><strong>Vos donn\u00e9es peuvent \u00eatre trait\u00e9es :<\/strong><\/p>\n\n\n\n<ul class=\"wp-block-list\">\n<li>soit par la seule soci\u00e9t\u00e9\u00a0<strong>Organisation et D\u00e9veloppement<\/strong>\u00a0(43, quai de Grenelle \u2013 Tour Greenelle \u2013 75015 PARIS, RCS Paris 445 260 169), lorsque les traitements sont port\u00e9s par le groupe OMNES Education\u00a0;<\/li>\n\n\n\n<li>soit conjointement avec les \u00e9coles, lorsque les traitements concernent la scolarit\u00e9 d\u2019un apprenant. Dans cette hypoth\u00e8se, vous en \u00eates inform\u00e9 dans les mentions d\u2019information particuli\u00e8res accessibles au moment de la collecte des donn\u00e9es ou sur les interfaces et logiciels concern\u00e9s.\u00a0<a href=\"https:\/\/www.omneseducation.com\/wp-content\/uploads\/sites\/7\/2024\/10\/Grandes-lignes-de-laccord-de-responsabilite-conjointe-20240408.pdf\">Les grandes lignes de l\u2019accord de responsabilit\u00e9 conjoint sont disponibles sous ce lien.<\/a><\/li>\n<\/ul>\n\n\n\n<p><strong>Hors de l\u2019Union europ\u00e9enne, la soci\u00e9t\u00e9 a d\u00e9sign\u00e9 des repr\u00e9sentants\u00a0:<\/strong><\/p>\n\n\n\n<ul class=\"wp-block-list\">\n<li>le repr\u00e9sentant de la soci\u00e9t\u00e9 au Royaume-Uni au sens de l\u2019article 27 du\u00a0<em>United Kingdom General Data Protection Regulation<\/em>\u00a0est la soci\u00e9t\u00e9 European Education Centre Ltd., 32 Aybrook Street, London W1U 4AW (<em>private limited, company number<\/em>\u00a04539837) ;<\/li>\n\n\n\n<li>le repr\u00e9sentant de la soci\u00e9t\u00e9 en Suisse au sens de l\u2019article 14 de la loi f\u00e9d\u00e9rale sur la protection des donn\u00e9es (LPD) du 25 septembre 2020 est la soci\u00e9t\u00e9 anonyme Crea \u2013 \u00c9cole de Cr\u00e9ation en communication SA, route des Acacia 43, 1227 Les Acacia, Gen\u00e8ve\u00a0;<\/li>\n\n\n\n<li>le repr\u00e9sentant de la soci\u00e9t\u00e9 \u00e0 Monaco au sens de l\u2019article 24 de la loi relative \u00e0 la protection des informations nominatives est la soci\u00e9t\u00e9 INTERNATIONAL UNIVERSITY OF MONACO \u2013 IUM, soci\u00e9t\u00e9 anonyme mon\u00e9gasque, immatricul\u00e9e 01S03952, 6, Rue Augustin Vento \u00ab\u00a0Le Stella\u00a0\u00bb \u2013 98000 Monaco.<\/li>\n<\/ul>\n\n\n\n<p>La soci\u00e9t\u00e9 a d\u00e9sign\u00e9 un d\u00e9l\u00e9gu\u00e9 \u00e0 la protection des donn\u00e9es, que vous pouvez contacter \u00e0 l\u2019adresse postale de la soci\u00e9t\u00e9 ou par mail\u00a0(<a href=\"mailto:dpo@omneseducation.com\">dpo@omneseducation.com<\/a>).<br><br>La soci\u00e9t\u00e9 Organisation et D\u00e9veloppement et, plus largement, le groupe OMNES Education et les \u00e9coles qui le composent, s\u2019engagent \u00e0 ce que la collecte et le traitement de vos donn\u00e9es soient conformes au\u00a0<a href=\"https:\/\/eur-lex.europa.eu\/legal-content\/FR\/TXT\/HTML\/?uri=CELEX:32016R0679\">R\u00e8glement g\u00e9n\u00e9ral sur la protection des donn\u00e9es (RGPD)<\/a>\u00a0et \u00e0 la\u00a0<a href=\"https:\/\/www.legifrance.gouv.fr\/loda\/id\/JORFTEXT000000886460\/\">loi Informatiques et Libert\u00e9s<\/a>.<\/p>\n<\/div>\n<\/div>\n\n\n\n<hr class=\"wp-block-separator has-alpha-channel-opacity\"\/>\n\n\n\n<div class=\"wp-block-group has-global-padding is-layout-constrained wp-block-group-is-layout-constrained has-block-anchor\" style=\"margin-top:var(--wp--preset--spacing--4-xl);margin-bottom:var(--wp--preset--spacing--4-xl)\">\n<div class=\"wp-block-group is-vertical is-layout-flex wp-container-core-group-is-layout-30a70405 wp-block-group-is-layout-flex has-block-anchor\">\n<p><\/p>\n\n\n\n<h2 class=\"wp-block-heading\" id=\"vous-etes-visiteur-dun-site-web-edite-par-le-groupe\"><strong>Vous \u00eates visiteur d&#8217;un site web \u00e9dit\u00e9 par le groupe<\/strong><\/h2>\n<\/div>\n\n\n\n<h4 class=\"wp-block-heading\" id=\"nous-avons-des-echanges-informatifs-ou-publicitaires\">Nous avons des \u00e9changes informatifs ou publicitaires<\/h4>\n\n\n\n<div class=\"wp-block-blockparty-accordion\">\n<div class=\"wp-block-blockparty-accordion-item\">\n<h3 class=\"wp-block-blockparty-accordion-summary\"><button aria-expanded=\"false\" class=\"wp-block-blockparty-accordion-trigger\"><span class=\"wp-block-blockparty-accordion-title\">I &#8211; Origine des donn\u00e9es et type de donn\u00e9es trait\u00e9es<\/span><\/button><\/h3>\n\n\n\n<div role=\"region\" class=\"wp-block-blockparty-accordion-panel\"><div class=\"wp-block-blockparty-accordion-panel__inner\">\n<p>Dans le cadre de nos \u00e9changes, nous traitons des donn\u00e9es personnelles vous concernant : soit parce que vous nous les avez communiqu\u00e9es directement, soit parce que nous les avons collect\u00e9es automatiquement, soit parce que nous les avons collect\u00e9es indirectement aupr\u00e8s de tiers. Nous sommes attentifs, \u00e0 chaque \u00e9tape des traitements, \u00e0 limiter les donn\u00e9es collect\u00e9es \u00e0 ce qui est ad\u00e9quat, pertinent et n\u00e9cessaire aux finalit\u00e9s poursuivies.<\/p>\n\n\n\n<p><strong>1) Donn\u00e9es personnelles communiqu\u00e9es par vous-m\u00eame<\/strong><br><br>Les donn\u00e9es personnelles que nous recueillons sont celles que vous nous fournissez spontan\u00e9ment (par exemple lors de l\u2019utilisation de robots conversationnels ou dans les zones de commentaires libres de nos formulaires) et celles que nous vous demandons quand vous :<\/p>\n\n\n\n<ul class=\"wp-block-list\">\n<li>Nous contactez par e-mail, t\u00e9l\u00e9phone, messagerie, voie postale ou de toute autre mani\u00e8re ;<\/li>\n\n\n\n<li>Demandez un devis, de l\u2019aide, des t\u00e9l\u00e9chargements ou des informations ;<\/li>\n\n\n\n<li>Vous inscrivez \u00e0 une journ\u00e9e portes ouvertes (JPO)\u00a0;<\/li>\n\n\n\n<li>Demandez \u00e0 \u00eatre rappel\u00e9 par un personnel administratif ou un \u00e9tudiant\u00a0;<\/li>\n\n\n\n<li>Sollicitez un rendez-vous personnalis\u00e9\u00a0;<\/li>\n\n\n\n<li>Demandez l\u2019envoi d\u2019une brochure d\u2019information\u00a0;<\/li>\n\n\n\n<li>\u00c9changez avec nos robots conversationnels sur nos sites web\u00a0;<\/li>\n\n\n\n<li>Vous enregistrez pour des \u00e9v\u00e9nements, des webinaires ou des services ;<\/li>\n\n\n\n<li>Vous abonnez \u00e0 des newsletters, des alertes relatives \u00e0 des \u00e9v\u00e9nements ou \u00e0 des informations\u00a0;<\/li>\n\n\n\n<li>Participez \u00e0 des sondages, des concours ou \u00e0 d\u2019autres activit\u00e9s promotionnelles.<\/li>\n<\/ul>\n\n\n\n<p>Le type de donn\u00e9es personnelles que nous sommes susceptibles de vous demander peut comprendre de mani\u00e8re non exhaustive :<\/p>\n\n\n\n<ul class=\"wp-block-list\">\n<li>Votre identit\u00e9 ;<\/li>\n\n\n\n<li>Vos coordonn\u00e9es (votre adresse physique ou \u00e9lectronique, votre num\u00e9ro de t\u00e9l\u00e9phone\u2026) ;<\/li>\n\n\n\n<li>Vos \u00e9ventuelles donn\u00e9es professionnelles (par exemple, le titre de votre fonction, votre formation ant\u00e9rieure, vos souhaits de formation) ;<\/li>\n\n\n\n<li>Vos informations d\u2019identification (par exemple, votre nom d\u2019utilisateur) ;<\/li>\n\n\n\n<li>Des informations sur votre vie personnelle, si vous nous les avez communiqu\u00e9es\u00a0;<\/li>\n\n\n\n<li>Les avis que vous avez exprim\u00e9s sur nos services et produits.<\/li>\n<\/ul>\n\n\n\n<p>Nous sommes susceptibles de vous demander la communication de donn\u00e9es personnelles suppl\u00e9mentaires par exemple dans le cas de nos sondages en ligne pour comprendre vos besoins.<\/p>\n\n\n\n<p><br>Lorsque vous \u00e9changez avec un robot conversationnel, nous traitons par nature toute information que vous indiquerez au robot de votre propre initiative. Nous attirons votre attention sur l\u2019importance de ne pas partager de donn\u00e9es sensibles (portant sur votre origine raciale ou ethnique, vos opinions politiques, vos convictions religieuses ou philosophiques ou votre appartenance syndicale, votre sant\u00e9, votre vie sexuelle ou votre orientation sexuelle), \u00e0 moins qu\u2019elles ne vous semblent absolument indispensables. Certains robots conversationnels sont susceptibles d\u2019enrichir votre \u00e9change \u00e0 l\u2019aide de syst\u00e8mes d\u2019intelligence artificielle, auquel cas vous en serez inform\u00e9s.<br><br><strong>2) Donn\u00e9es personnelles recueillies automatiquement<\/strong><\/p>\n\n\n\n<p>Nos sites web, ou des services tiers d\u2019analyse web auxquels nous avons recours, collectent automatiquement certaines donn\u00e9es comme votre adresse IP, le type d\u2019appareil que vous utilisez, l\u2019ID de votre appareil et d\u2019autres informations techniques par le biais des cookies et d\u2019autres technologies de suivi similaires.<br><br>Collecter des donn\u00e9es personnelles nous permet de mieux conna\u00eetre le type de visiteurs qui se rendent sur nos sites, d\u2019o\u00f9 ils viennent et quel est le contenu qui les int\u00e9resse sur nos sites. Nous utilisons ces informations \u00e0 des fins d\u2019analyse interne et pour am\u00e9liorer la qualit\u00e9 et la pertinence de nos sites pour les visiteurs. Certaines de ces informations peuvent \u00eatre recueillies en utilisant les cookies et des technologies de suivi similaires lorsque vous y consentez. Pour plus d\u2019informations, veuillez consulter notre Politique relative aux cookies disponible sur les sites internet en question.<\/p>\n\n\n\n<p><strong>3) Donn\u00e9es personnelles recueillies aupr\u00e8s des tiers<\/strong><\/p>\n\n\n\n<p>Ponctuellement, nous pouvons recevoir des donn\u00e9es personnelles vous concernant de la part de sources tierces, mais seulement lorsque ces tiers sont autoris\u00e9s \u00e0 ou tenus de nous divulguer vos informations personnelles. Les informations que nous pouvons recueillir aupr\u00e8s de tiers comprennent vos coordonn\u00e9es, des donn\u00e9es de contact, d\u2019\u00e9ventuelles donn\u00e9es professionnelles, des donn\u00e9es relatives \u00e0 votre parcours scolaire etc. C\u2019est par exemple le cas des donn\u00e9es que nous recevons directement de la plateforme Parcoursup.<\/p>\n<\/div><\/div>\n<\/div>\n\n\n\n<div class=\"wp-block-blockparty-accordion-item\">\n<h3 class=\"wp-block-blockparty-accordion-summary\"><button aria-expanded=\"false\" class=\"wp-block-blockparty-accordion-trigger\"><span class=\"wp-block-blockparty-accordion-title\">II &#8211; Finalit\u00e9s des traitements<\/span><\/button><\/h3>\n\n\n\n<div role=\"region\" class=\"wp-block-blockparty-accordion-panel\"><div class=\"wp-block-blockparty-accordion-panel__inner\">\n<p>Nous utilisons les informations personnelles que nous collectons aupr\u00e8s de vous aux fins d\u00e9crites dans la pr\u00e9sente Politique de confidentialit\u00e9, et celles que nous vous avons expos\u00e9es au moment de leur collecte ou pour des finalit\u00e9s compatibles.<br>En particulier, nous utilisons vos informations pour :<\/p>\n\n\n\n<ul class=\"wp-block-list\">\n<li>En premier lieu, vous fournir les informations et les services que vous demandez\u00a0;<\/li>\n\n\n\n<li>Si vous y avez consenti, vous informer des prochains \u00e9v\u00e9nements, des mises \u00e0 jour, des nouvelles formations\/services et des derniers services ainsi que d\u2019autres offres conform\u00e9ment \u00e0 vos pr\u00e9f\u00e9rences de communication et selon les moyens de contact que vous nous avez indiqu\u00e9s\u00a0: courrier postal ou \u00e9lectronique, appel t\u00e9l\u00e9phonique, SMS, messagerie instantan\u00e9e, r\u00e9seaux sociaux ;<\/li>\n\n\n\n<li>Envoyer des notifications importantes au sujet de nos modalit\u00e9s, conditions d\u2019inscription, politiques de confidentialit\u00e9 ou autres documents l\u00e9gaux ;<\/li>\n\n\n\n<li>Exercer nos activit\u00e9s, \u00e9valuer et am\u00e9liorer les \u00e9coles (notamment d\u00e9velopper de nouvelles formations, optimiser et am\u00e9liorer nos services, analyser nos formations\/services) ;<\/li>\n\n\n\n<li>Effectuer des analyses (y compris des \u00e9tudes de march\u00e9 et de consommation, des \u00e9tudes relatives \u00e0 votre satisfaction, des analyses des tendances, des analyses financi\u00e8res) ;<\/li>\n\n\n\n<li>Vous prot\u00e9ger et prot\u00e9ger notre personnel contre la fraude et les autres activit\u00e9s ill\u00e9gales ou contre les accusations infond\u00e9es ; \u00e9tablir, exercer et d\u00e9fendre vos droits ainsi que ceux de notre personnel et respecter nos obligations juridiques et r\u00e9glementaires en vigueur ;<\/li>\n\n\n\n<li>Maintenir la s\u00e9curit\u00e9 physique de nos locaux (par exemple, les registres de visiteurs) et la s\u00e9curit\u00e9 informatique ou \u00e9lectronique ;<\/li>\n\n\n\n<li>Exploiter et g\u00e9rer nos sites web.<\/li>\n<\/ul>\n\n\n\n<p>Nous pouvons \u00e9galement utiliser vos donn\u00e9es personnelles sous une forme agr\u00e9g\u00e9e qui ne permet pas l\u2019identification des personnes afin d\u2019\u00e9valuer et d\u2019am\u00e9liorer nos offres de formation et de services.<\/p>\n<\/div><\/div>\n<\/div>\n\n\n\n<div class=\"wp-block-blockparty-accordion-item\">\n<h3 class=\"wp-block-blockparty-accordion-summary\"><button aria-expanded=\"false\" class=\"wp-block-blockparty-accordion-trigger\"><span class=\"wp-block-blockparty-accordion-title\">III &#8211; Base l\u00e9gale du traitement des donn\u00e9es personnelles<\/span><\/button><\/h3>\n\n\n\n<div role=\"region\" class=\"wp-block-blockparty-accordion-panel\"><div class=\"wp-block-blockparty-accordion-panel__inner\">\n<p>Pour l\u2019Espace \u00e9conomique europ\u00e9en, la base l\u00e9gale des traitements des donn\u00e9es personnelles d\u00e9crits ci-dessus d\u00e9pendra des informations personnelles concern\u00e9es et des objectifs sp\u00e9cifiques pour lesquelles nous les traitons. La base juridique concern\u00e9e par le traitement vous est le plus souvent indiqu\u00e9e dans les informations qui vous sont transmises lors de la collecte de vos donn\u00e9es personnelles, vous pouvez retrouver celle de nos principaux traitements ici.<br>Cependant, nous recueillons des donn\u00e9es personnelles aupr\u00e8s de vous seulement quand :<\/p>\n\n\n\n<ul class=\"wp-block-list\">\n<li>Vous nous avez donn\u00e9 votre consentement expr\u00e8s pr\u00e9alable, par exemple pour toute op\u00e9ration de prospection commerciale par courrier \u00e9lectronique, SMS, etc. Vous pouvez, dans ce cas, retirer votre consentement \u00e0 tout moment simplement soit dans les messages de prospection, soit en g\u00e9rant vos pr\u00e9f\u00e9rences de communication, soit en contactant notre d\u00e9l\u00e9gu\u00e9 \u00e0 la protection des donn\u00e9es (<a href=\"mailto:dpo@omneseducation.com\">dpo@omneseducation.com<\/a>) ;<\/li>\n\n\n\n<li>Nous pouvons traiter vos donn\u00e9es conform\u00e9ment \u00e0 nos int\u00e9r\u00eats l\u00e9gitimes, \u00e0 moins que ne pr\u00e9valent vos int\u00e9r\u00eats ou vos libert\u00e9s et droits fondamentaux. C\u2019est par exemple le cas pour nos enqu\u00eates de satisfaction, l\u2019\u00e9laboration de statistiques, les op\u00e9rations n\u00e9cessaires \u00e0 la s\u00e9curit\u00e9 de nos sites web ou nos \u00e9v\u00e9nements.<\/li>\n\n\n\n<li>Nous pouvons \u00eatre dans l\u2019obligation l\u00e9gale de traiter certaines de vos donn\u00e9es pour r\u00e9pondre \u00e0 des contraintes r\u00e9glementaires.<\/li>\n<\/ul>\n\n\n\n<p>Pour toute question relative \u00e0 la base juridique sur laquelle nous nous appuyons pour collecter et utiliser vos informations personnelles, vous pouvez contacter notre d\u00e9l\u00e9gu\u00e9 \u00e0 la protection des donn\u00e9es (<a href=\"mailto:dpo@omneseducation.com\">dpo@omneseducation.com<\/a>).<\/p>\n<\/div><\/div>\n<\/div>\n\n\n\n<div class=\"wp-block-blockparty-accordion-item\">\n<h3 class=\"wp-block-blockparty-accordion-summary\"><button aria-expanded=\"false\" class=\"wp-block-blockparty-accordion-trigger\"><span class=\"wp-block-blockparty-accordion-title\">IV &#8211; Destinataires des donn\u00e9es personnelles<\/span><\/button><\/h3>\n\n\n\n<div role=\"region\" class=\"wp-block-blockparty-accordion-panel\"><div class=\"wp-block-blockparty-accordion-panel__inner\">\n<p>Nous sommes susceptibles de transmettre vos donn\u00e9es personnelles aux destinataires suivants :<\/p>\n\n\n\n<p>Toute autre personne \u00e0 laquelle vous nous avez autoris\u00e9s \u00e0 divulguer vos donn\u00e9es personnelles.quelle nous nous appuyons pour collecter et utiliser vos informations personnelles, vous pouvez contacter notre d\u00e9l\u00e9gu\u00e9 \u00e0 la protection des donn\u00e9es (<a href=\"mailto:dpo@omneseducation.com\">dpo@omneseducation.com<\/a>).<\/p>\n\n\n\n<p>L\u2019ensemble des services de la soci\u00e9t\u00e9 Organisation et D\u00e9veloppement et des \u00e9coles selon leurs besoins op\u00e9rationnels pour permettre les finalit\u00e9s \u00e9voqu\u00e9es\u00a0;<\/p>\n\n\n\n<p>Les sous-traitants et prestataires d\u2019Organisation et D\u00e9veloppement et des \u00e9coles qui nous fournissent des services n\u00e9cessitant le traitement des donn\u00e9es, par exemple les prestataires r\u00e9alisant des campagnes de prospection, les h\u00e9bergeurs de donn\u00e9es, ou les organisateurs d\u2019\u00e9v\u00e9nements auxquels vous vous \u00eates inscrits et charg\u00e9s de vous accueillir. Le cas \u00e9ch\u00e9ant, des d\u00e9tails sur les destinataires sp\u00e9cifiques de vos donn\u00e9es peuvent vous \u00eatre communiqu\u00e9s au moment de leur collecte.<\/p>\n\n\n\n<p>Tout organisme comp\u00e9tent responsable de l\u2019application de la loi, toute agence gouvernementale, r\u00e9glementaire, tout tribunal ou autres tiers auxquels il est n\u00e9cessaire de divulguer des informations personnelles (i) en vertu des lois ou des r\u00e9glementations en vigueur, (ii) pour exercer, \u00e9tablir ou d\u00e9fendre nos droits ou (iii) pour prot\u00e9ger vos int\u00e9r\u00eats ou ceux d\u2019une personne tierce ;<\/p>\n\n\n\n<p>Toute soci\u00e9t\u00e9 tierce ayant fait une proposition d\u2019achat, de fusion, de r\u00e9organisation, d\u2019acquisition, de dissolution ou de liquidation de tout ou partie du groupe OMNES Education, dans la mesure o\u00f9 nous informons le tiers int\u00e9ress\u00e9 qu\u2019il doit utiliser vos donn\u00e9es personnelles uniquement aux fins pr\u00e9vues dans la pr\u00e9sente Politique de confidentialit\u00e9 ;<\/p>\n<\/div><\/div>\n<\/div>\n\n\n\n<div class=\"wp-block-blockparty-accordion-item\">\n<h3 class=\"wp-block-blockparty-accordion-summary\"><button aria-expanded=\"false\" class=\"wp-block-blockparty-accordion-trigger\"><span class=\"wp-block-blockparty-accordion-title\">V &#8211; Vos droits<\/span><\/button><\/h3>\n\n\n\n<div role=\"region\" class=\"wp-block-blockparty-accordion-panel\"><div class=\"wp-block-blockparty-accordion-panel__inner\">\n<p>En application du RGPD et de la loi Informatique et Libert\u00e9s, vous avez le droit :<\/p>\n\n\n\n<ul class=\"wp-block-list\">\n<li>d\u2019acc\u00e9der \u00e0 vos donn\u00e9es personnelles et d\u2019en obtenir une copie\u00a0;<\/li>\n\n\n\n<li>de mettre \u00e0 jour ou de corriger l\u2019inexactitude de ces donn\u00e9es ;<\/li>\n\n\n\n<li>de demander la suppression de vos donn\u00e9es personnelles\u00a0;<\/li>\n\n\n\n<li>de demander la limitation du traitement que nous faisons de vos donn\u00e9es personnelles ;<\/li>\n\n\n\n<li>de vous opposer au traitement de vos donn\u00e9es personnelles sauf lorsque leur traitement est n\u00e9cessaire \u00e0 l\u2019ex\u00e9cution de votre contrat ou nous est impos\u00e9 par une contrainte r\u00e9glementaire\u00a0;<\/li>\n\n\n\n<li>de demander la portabilit\u00e9 de vos donn\u00e9es personnelles\u00a0;<\/li>\n\n\n\n<li>lorsque le traitement est fond\u00e9 sur votre consentement, de le retirer \u00e0 tout moment\u00a0;<\/li>\n\n\n\n<li>de d\u00e9finir des directives relatives au sort de vos donn\u00e9es \u00e0 caract\u00e8re personnel apr\u00e8s votre mort ;<\/li>\n\n\n\n<li>d\u2019introduire une r\u00e9clamation aupr\u00e8s de l\u2019autorit\u00e9 territorialement comp\u00e9tente \u2013 en France,\u00a0<a href=\"https:\/\/www.cnil.fr\/fr\">la CNIL<\/a>.<\/li>\n<\/ul>\n\n\n\n<p>Vous avez aussi le droit de refuser \u00e0 tout moment de recevoir les communications marketing que nous vous envoyons. Vous pouvez exercer ce droit en cliquant sur les liens de d\u00e9sabonnement dans les e-mails marketing que nous vous envoyons, en r\u00e9pondant aux SMS selon les modalit\u00e9s d\u00e9finies dans le message, en l\u2019indiquant \u00e0 l\u2019op\u00e9rateur t\u00e9l\u00e9phonique qui r\u00e9alise la prospection, ou en \u00e9crivant \u00e0 notre d\u00e9l\u00e9gu\u00e9 \u00e0 la protection des donn\u00e9es.<\/p>\n\n\n\n<p><br>Pour exercer l\u2019ensemble de vos droits, vous pouvez \u00e9crire \u00e0 notre d\u00e9l\u00e9gu\u00e9 \u00e0 la protection des donn\u00e9es au si\u00e8ge de l\u2019entreprise :<\/p>\n\n\n\n<p><br>OMNES Education \u2013 Service du DPO \u2013 Immeuble Greenelle \u2013 43 quai de Grenelle \u2013 75015 PARIS<br>ou par mail\u00a0:\u00a0<a href=\"mailto:dpo@omneseducation.com\">dpo@omneseducation.com<\/a>.<\/p>\n\n\n\n<p>Lorsque nous avons des doutes raisonnables quant \u00e0 votre identit\u00e9, et afin de prot\u00e9ger votre vie priv\u00e9e et d\u2019assurer la s\u00e9curit\u00e9 de vos donn\u00e9es, nous sommes susceptibles de la v\u00e9rifier.<\/p>\n<\/div><\/div>\n<\/div>\n\n\n\n<div class=\"wp-block-blockparty-accordion-item\">\n<h3 class=\"wp-block-blockparty-accordion-summary\"><button aria-expanded=\"false\" class=\"wp-block-blockparty-accordion-trigger\"><span class=\"wp-block-blockparty-accordion-title\">VI &#8211; S\u00e9curit\u00e9 des donn\u00e9es personnelles<\/span><\/button><\/h3>\n\n\n\n<div role=\"region\" class=\"wp-block-blockparty-accordion-panel\"><div class=\"wp-block-blockparty-accordion-panel__inner\">\n<p>Nous attachons une grande importance \u00e0 la protection de vos donn\u00e9es personnelles et de votre vie priv\u00e9e. C\u2019est pourquoi nous avons mis en place les mesures techniques et organisationnelles n\u00e9cessaires (s\u00e9curit\u00e9 physique, logique et humaine, audits et revues r\u00e9guliers) en vue de prot\u00e9ger vos donn\u00e9es personnelles contre la destruction, la perte, l\u2019alt\u00e9ration, l\u2019acc\u00e8s, la divulgation et l\u2019utilisation accidentels, ill\u00e9gaux ou non autoris\u00e9s.<\/p>\n<\/div><\/div>\n<\/div>\n\n\n\n<div class=\"wp-block-blockparty-accordion-item\">\n<h3 class=\"wp-block-blockparty-accordion-summary\"><button aria-expanded=\"false\" class=\"wp-block-blockparty-accordion-trigger\"><span class=\"wp-block-blockparty-accordion-title\">VII &#8211; Conservation des donn\u00e9es personnelles<\/span><\/button><\/h3>\n\n\n\n<div role=\"region\" class=\"wp-block-blockparty-accordion-panel\"><div class=\"wp-block-blockparty-accordion-panel__inner\">\n<p>Nous conservons vos donn\u00e9es personnelles lorsque nous en avons un besoin l\u00e9gitime et constant, par exemple pour vous fournir un service que vous avez demand\u00e9 ou auquel vous avez consenti.<\/p>\n\n\n\n<p><br>Lorsque nous n\u2019avons aucun besoin commercial l\u00e9gitime de traiter vos donn\u00e9es personnelles, nous les supprimons ou nous les anonymisons ou, si cela n\u2019est pas possible, notamment parce que vos donn\u00e9es personnelles sont stock\u00e9es dans des archives de sauvegarde, nous stockons vos donn\u00e9es personnelles de mani\u00e8re s\u00e9curis\u00e9e.<\/p>\n\n\n\n<p>S\u2019agissant sp\u00e9cialement des donn\u00e9es utilis\u00e9es pour des op\u00e9rations de prospection commerciale, vos donn\u00e9es sont conserv\u00e9es 3 ans \u00e0 partir de la fin de la relation ou du dernier contact \u00e0 votre initiative.<br>Les fichiers de logs et autres journaux informatiques sont conserv\u00e9s 6 mois.<\/p>\n\n\n\n<p><br>Les documents relatifs aux droits informatique et libert\u00e9s des personnes concern\u00e9es sont conserv\u00e9s 1 an s\u2019agissant des droits d\u2019acc\u00e8s et de rectification, 6 ans s\u2019agissant du droit d\u2019opposition. Les pi\u00e8ces d\u2019identit\u00e9 demand\u00e9es lorsque nous avons un doute raisonnable ne sont pas conserv\u00e9es au-del\u00e0 de la dur\u00e9e n\u00e9cessaire \u00e0 la v\u00e9rification.<\/p>\n<\/div><\/div>\n<\/div>\n\n\n\n<div class=\"wp-block-blockparty-accordion-item\">\n<h3 class=\"wp-block-blockparty-accordion-summary\"><button aria-expanded=\"false\" class=\"wp-block-blockparty-accordion-trigger\"><span class=\"wp-block-blockparty-accordion-title\">VIII &#8211; Transferts internationaux de donn\u00e9es personnelles<\/span><\/button><\/h3>\n\n\n\n<div role=\"region\" class=\"wp-block-blockparty-accordion-panel\"><div class=\"wp-block-blockparty-accordion-panel__inner\">\n<p>Nous h\u00e9bergeons vos donn\u00e9es sur le territoire de l\u2019Union europ\u00e9enne. Lorsque nous confions l\u2019h\u00e9bergement de vos donn\u00e9es \u00e0 des prestataires, nous nous assurons que vos donn\u00e9es sont h\u00e9berg\u00e9es sur le territoire de l\u2019Union europ\u00e9enne et qu\u2019elles ne peuvent \u00eatre transf\u00e9r\u00e9es hors de l\u2019Union europ\u00e9enne sans notre accord pr\u00e9alable.<br>Si nous sommes contraints de transf\u00e9rer vos donn\u00e9es personnelles vers des pays tiers, nous encadrons et s\u00e9curisons les transferts avec\u00a0:<\/p>\n\n\n\n<ul class=\"wp-block-list\">\n<li>les d\u00e9cisions d\u2019ad\u00e9quation de la Commission europ\u00e9enne, qui reconnaissent que certains pays hors EEE ont des lois nationales prot\u00e9geant les donn\u00e9es personnelles selon des normes substantiellement similaires aux normes exig\u00e9es par le droit de l\u2019Union europ\u00e9enne ;<\/li>\n\n\n\n<li>les clauses contractuelles type (CCT) de la Commission europ\u00e9enne qui exigent que les destinataires hors EEE des donn\u00e9es personnelles continuent de prot\u00e9ger les donn\u00e9es personnelles qu\u2019ils re\u00e7oivent selon les normes exig\u00e9es par le droit de l\u2019Union europ\u00e9enne ;<\/li>\n\n\n\n<li>d\u2019autres m\u00e9canismes l\u00e9gaux de transfert des donn\u00e9es ou d\u00e9rogations l\u00e9gales aux restrictions relatives au transfert des donn\u00e9es.<\/li>\n<\/ul>\n\n\n\n<p>Vous pouvez obtenir davantage de d\u00e9tails en formulant votre demande aupr\u00e8s de :<br>OMNES Education \u2013 Service du DPO \u2013 Immeuble Greenelle \u2013 43 quai de Grenelle \u2013 75015 PARIS<br><a href=\"mailto:dpo@omneseducation.com\">dpo@omneseducation.com<\/a>.<\/p>\n<\/div><\/div>\n<\/div>\n<\/div>\n\n\n\n<p><\/p>\n<\/div>\n\n\n\n<div class=\"wp-block-group has-global-padding is-layout-constrained wp-block-group-is-layout-constrained has-block-anchor\" style=\"margin-top:var(--wp--preset--spacing--4-xl);margin-bottom:var(--wp--preset--spacing--4-xl)\">\n<hr class=\"wp-block-separator has-alpha-channel-opacity\"\/>\n\n\n\n<div class=\"wp-block-group is-vertical is-layout-flex wp-container-core-group-is-layout-30a70405 wp-block-group-is-layout-flex has-block-anchor\">\n<p class=\"is-style-heading-default-eyebrow has-on-surface-color has-text-color has-link-color wp-elements-3f5ba7a368e260626e38f0461db35314\"><\/p>\n\n\n\n<h2 class=\"wp-block-heading\" id=\"vous-avez-candidate-etes-etudiant-ou-apprenant-dans-une-ecole-du-groupe-omnes-education\"><strong>Vous avez candidat\u00e9, \u00eates \u00e9tudiant ou apprenant dans une \u00e9cole du groupe Omnes Education<\/strong><\/h2>\n<\/div>\n\n\n\n<div class=\"wp-block-blockparty-accordion\">\n<div class=\"wp-block-blockparty-accordion-item\">\n<h3 class=\"wp-block-blockparty-accordion-summary\"><button aria-expanded=\"false\" class=\"wp-block-blockparty-accordion-trigger\"><span class=\"wp-block-blockparty-accordion-title\">I &#8211; Origine des donn\u00e9es et type de donn\u00e9es trait\u00e9es<\/span><\/button><\/h3>\n\n\n\n<div role=\"region\" class=\"wp-block-blockparty-accordion-panel\"><div class=\"wp-block-blockparty-accordion-panel__inner\">\n<p>Dans le cadre de nos \u00e9changes, nous traitons des donn\u00e9es personnelles vous concernant : soit parce que vous nous les avez communiqu\u00e9es directement, soit parce que nous les avons collect\u00e9es automatiquement, soit parce que nous les avons collect\u00e9es indirectement aupr\u00e8s de tiers. Nous sommes attentifs, \u00e0 chaque \u00e9tape des traitements, \u00e0 limiter les donn\u00e9es collect\u00e9es \u00e0 ce qui est ad\u00e9quat, pertinent et n\u00e9cessaire aux finalit\u00e9s poursuivies.<\/p>\n\n\n\n<p><strong>1) Donn\u00e9es personnelles communiqu\u00e9es par vous-m\u00eame<\/strong><br><br>Les donn\u00e9es personnelles que nous recueillons sont celles que vous nous fournissez spontan\u00e9ment (par exemple lors de l\u2019utilisation de robots conversationnels ou dans les zones de commentaires libres de nos formulaires) et celles que nous vous demandons quand vous :<\/p>\n\n\n\n<ul class=\"wp-block-list\">\n<li>Nous contactez par e-mail, t\u00e9l\u00e9phone, messagerie, voie postale ou de toute autre mani\u00e8re ;<\/li>\n\n\n\n<li>Vous inscrivez \u00e0 une formation, ou souscrivez \u00e0 un service ;<\/li>\n\n\n\n<li>Remplissez un dossier de candidature\u00a0;<\/li>\n\n\n\n<li>Cr\u00e9ez ou g\u00e9rez un compte \u00e9tudiant ;<\/li>\n\n\n\n<li>Justifiez de votre pr\u00e9sence en classe\u00a0ou des raisons de votre absence\u00a0;<\/li>\n\n\n\n<li>Enregistrez ou activez un appareil (PC, t\u00e9l\u00e9phone portable ou smartphone) ;<\/li>\n\n\n\n<li>\u00c9changez avec nos robots conversationnels sur nos sites web\u00a0;<\/li>\n\n\n\n<li>Vous enregistrez pour des \u00e9v\u00e9nements, des webinaires ou des services ;<\/li>\n\n\n\n<li>Vous abonnez \u00e0 des newsletters, des alertes relatives \u00e0 des \u00e9v\u00e9nements ou \u00e0 des informations\u00a0;<\/li>\n\n\n\n<li>Participez \u00e0 des sondages, des concours ou \u00e0 d\u2019autres activit\u00e9s promotionnelles.<\/li>\n<\/ul>\n\n\n\n<p>Le type de donn\u00e9es personnelles que nous sommes susceptibles de vous demander peut comprendre de mani\u00e8re non exhaustive :<\/p>\n\n\n\n<ul class=\"wp-block-list\">\n<li>Votre identit\u00e9 ;<\/li>\n\n\n\n<li>Vos coordonn\u00e9es (votre adresse physique ou \u00e9lectronique, votre num\u00e9ro de t\u00e9l\u00e9phone\u2026) ;<\/li>\n\n\n\n<li>Vos \u00e9ventuelles donn\u00e9es professionnelles ou li\u00e9es \u00e0 votre scolarit\u00e9 (par exemple, le titre de votre fonction, votre formation ant\u00e9rieure, vos souhaits de formation) ;<\/li>\n\n\n\n<li>Vos informations d\u2019identification (par exemple, votre nom d\u2019utilisateur) ;<\/li>\n\n\n\n<li>Vos donn\u00e9es financi\u00e8res (par exemple, votre num\u00e9ro de carte de cr\u00e9dit ou de paiement, votre num\u00e9ro de compte bancaire, votre adresse de facturation) ;<\/li>\n\n\n\n<li>Des informations sur votre vie personnelle, si vous nous les avez communiqu\u00e9es\u00a0;<\/li>\n\n\n\n<li>Des donn\u00e9es relatives \u00e0 votre \u00e9tat de sant\u00e9, si votre situation le justifie et que vous y avez consenti ;<\/li>\n\n\n\n<li>Des informations sur vos proches, pour des contacts d\u2019urgence par exemple\u00a0;<\/li>\n\n\n\n<li>Les avis que vous avez exprim\u00e9s sur nos services et produits.<\/li>\n<\/ul>\n\n\n\n<p>Nous sommes susceptibles de vous demander la communication de donn\u00e9es personnelles suppl\u00e9mentaires par exemple dans le cas de nos sondages en ligne pour comprendre vos besoins.<br><br>Lorsque vous \u00e9changez avec un robot conversationnel, nous traitons par nature toute information que vous indiquerez au robot de votre propre initiative. Nous attirons votre attention sur l\u2019importance de ne pas partager de donn\u00e9es sensibles (portant sur votre origine raciale ou ethnique, vos opinions politiques, vos convictions religieuses ou philosophiques ou votre appartenance syndicale, votre sant\u00e9, votre vie sexuelle ou votre orientation sexuelle), \u00e0 moins qu\u2019elles ne vous semblent absolument indispensables. Certains robots conversationnels sont susceptibles d\u2019enrichir votre \u00e9change \u00e0 l\u2019aide de syst\u00e8mes d\u2019intelligence artificielle, auquel cas vous en serez inform\u00e9s.<br><br><strong>2) Donn\u00e9es personnelles recueillies automatiquement<\/strong><\/p>\n\n\n\n<p>Nos sites web, ou des services tiers d\u2019analyse web auxquels nous avons recours, collectent automatiquement certaines donn\u00e9es comme votre adresse IP, le type d\u2019appareil que vous utilisez, l\u2019ID de votre appareil et d\u2019autres informations techniques par le biais des cookies et d\u2019autres technologies de suivi similaires.<br><br>Collecter des donn\u00e9es personnelles nous permet de mieux conna\u00eetre le type de visiteurs qui se rendent sur nos sites, d\u2019o\u00f9 ils viennent et quel est le contenu qui les int\u00e9resse sur nos sites. Nous utilisons ces informations \u00e0 des fins d\u2019analyse interne et pour am\u00e9liorer la qualit\u00e9 et la pertinence de nos sites pour les visiteurs. Certaines de ces informations peuvent \u00eatre recueillies en utilisant les cookies et des technologies de suivi similaires lorsque vous y consentez. Pour plus d\u2019informations, veuillez consulter notre Politique relative aux cookies disponible sur les sites internet en question.<\/p>\n\n\n\n<p><strong>3) Donn\u00e9es personnelles recueillies aupr\u00e8s des tiers<\/strong><\/p>\n\n\n\n<p>Ponctuellement, nous pouvons recevoir des donn\u00e9es personnelles vous concernant de la part de sources tierces, mais seulement lorsque ces tiers sont autoris\u00e9s \u00e0 ou tenus de nous divulguer vos informations personnelles. Les informations que nous pouvons recueillir aupr\u00e8s de tiers comprennent vos coordonn\u00e9es, des donn\u00e9es de contact, d\u2019\u00e9ventuelles donn\u00e9es professionnelles, des donn\u00e9es relatives \u00e0 votre parcours scolaire etc. C\u2019est par exemple le cas des donn\u00e9es que nous recevons directement de la plateforme Parcoursup.<\/p>\n<\/div><\/div>\n<\/div>\n\n\n\n<div class=\"wp-block-blockparty-accordion-item\">\n<h3 class=\"wp-block-blockparty-accordion-summary\"><button aria-expanded=\"false\" class=\"wp-block-blockparty-accordion-trigger\"><span class=\"wp-block-blockparty-accordion-title\">II &#8211; Finalit\u00e9s des traitements<\/span><\/button><\/h3>\n\n\n\n<div role=\"region\" class=\"wp-block-blockparty-accordion-panel\"><div class=\"wp-block-blockparty-accordion-panel__inner\">\n<p>Nous utilisons les informations personnelles que nous collectons aupr\u00e8s de vous aux fins d\u00e9crites dans la pr\u00e9sente Politique de confidentialit\u00e9, et celles que nous vous avons expos\u00e9es au moment de leur collecte ou pour des finalit\u00e9s compatibles.<br>En particulier, nous utilisons vos informations pour :<\/p>\n\n\n\n<ul class=\"wp-block-list\">\n<li>En premier lieu, vous fournir le service pr\u00e9vu par votre contrat, en particulier pour g\u00e9rer votre candidature, votre inscription et votre scolarit\u00e9, et g\u00e9rer votre dossier d\u2019\u00e9tudiant\u00a0;<\/li>\n\n\n\n<li>Fournir les informations et les services que vous demandez\u00a0;<\/li>\n\n\n\n<li>Pr\u00e9senter votre profil \u00e0 des entreprises afin de favoriser votre insertion professionnelle ou le recrutement comme stagiaire ou apprenti\u00a0;<\/li>\n\n\n\n<li>Envoyer des notifications importantes au sujet de nos modalit\u00e9s, conditions d\u2019inscription, politiques de confidentialit\u00e9 ou autres documents l\u00e9gaux ;<\/li>\n\n\n\n<li>Exercer nos activit\u00e9s, \u00e9valuer et am\u00e9liorer les \u00e9coles (notamment d\u00e9velopper de nouvelles formations, optimiser et am\u00e9liorer nos services, analyser nos formations\/services) ;<\/li>\n\n\n\n<li>R\u00e9pondre aux exigences que nous imposent les contr\u00f4les et audits administratifs et financiers\u00a0;<\/li>\n\n\n\n<li>Exercer des fonctions de comptabilit\u00e9, d\u2019audit, de rapprochement et collecte de factures ainsi que d\u2019autres fonctions commerciales internes, notamment des op\u00e9rations de recouvrement ;<\/li>\n\n\n\n<li>Effectuer des analyses (y compris des \u00e9tudes de march\u00e9 et de consommation, des \u00e9tudes relatives \u00e0 votre satisfaction, des analyses des tendances, des analyses financi\u00e8res) ;<\/li>\n\n\n\n<li>Vous prot\u00e9ger et prot\u00e9ger notre personnel contre la fraude et les autres activit\u00e9s ill\u00e9gales ou contre les accusations infond\u00e9es ; \u00e9tablir, exercer et d\u00e9fendre vos droits ainsi que ceux de notre personnel et respecter nos obligations juridiques et r\u00e9glementaires en vigueur ;<\/li>\n\n\n\n<li>Maintenir la s\u00e9curit\u00e9 physique de nos locaux (par exemple, les registres de visiteurs) et la s\u00e9curit\u00e9 informatique ou \u00e9lectronique ;<\/li>\n\n\n\n<li>Si vous y avez consenti, vous informer des prochains \u00e9v\u00e9nements, des mises \u00e0 jour, des nouvelles formations\/services et des derniers services ainsi que d\u2019autres offres conform\u00e9ment \u00e0 vos pr\u00e9f\u00e9rences de communication et selon les moyens de contact que vous nous avez indiqu\u00e9s\u00a0: courrier postal ou \u00e9lectronique, appel t\u00e9l\u00e9phonique, SMS, messagerie instantan\u00e9e, r\u00e9seaux sociaux ;<\/li>\n\n\n\n<li>Exploiter et g\u00e9rer nos sites web.<\/li>\n<\/ul>\n\n\n\n<p>Nous pouvons \u00e9galement utiliser vos donn\u00e9es personnelles sous une forme agr\u00e9g\u00e9e qui ne permet pas l\u2019identification des personnes afin d\u2019\u00e9valuer et d\u2019am\u00e9liorer nos offres de formation et de services.<\/p>\n<\/div><\/div>\n<\/div>\n\n\n\n<div class=\"wp-block-blockparty-accordion-item\">\n<h3 class=\"wp-block-blockparty-accordion-summary\"><button aria-expanded=\"false\" class=\"wp-block-blockparty-accordion-trigger\"><span class=\"wp-block-blockparty-accordion-title\">III &#8211; Base l\u00e9gale du traitement des donn\u00e9es personnelles<\/span><\/button><\/h3>\n\n\n\n<div role=\"region\" class=\"wp-block-blockparty-accordion-panel\"><div class=\"wp-block-blockparty-accordion-panel__inner\">\n<p>Pour l\u2019Espace \u00e9conomique europ\u00e9en, la base l\u00e9gale des traitements des donn\u00e9es personnelles d\u00e9crits ci-dessus d\u00e9pendra des informations personnelles concern\u00e9es et des objectifs sp\u00e9cifiques pour lesquelles nous les traitons. La base juridique concern\u00e9e par le traitement vous est le plus souvent indiqu\u00e9e dans les informations qui vous sont transmises lors de la collecte de vos donn\u00e9es personnelles, vous pouvez retrouver celle de nos principaux traitements ici.<br>Cependant, nous recueillons des donn\u00e9es personnelles aupr\u00e8s de vous seulement quand :<\/p>\n\n\n\n<ul class=\"wp-block-list\">\n<li>Vous nous avez donn\u00e9 votre consentement expr\u00e8s pr\u00e9alable, par exemple pour toute op\u00e9ration de prospection commerciale par courrier \u00e9lectronique, SMS, etc. Vous pouvez, dans ce cas, retirer votre consentement \u00e0 tout moment simplement soit dans les messages de prospection, soit en g\u00e9rant vos pr\u00e9f\u00e9rences de communication, soit en contactant notre d\u00e9l\u00e9gu\u00e9 \u00e0 la protection des donn\u00e9es (<a href=\"mailto:dpo@omneseducation.com\">dpo@omneseducation.com<\/a>) ;<\/li>\n\n\n\n<li>Nous avons besoin de vos donn\u00e9es personnelles pour fournir un service que vous sollicitez dans le cadre d\u2019un contrat ou d\u2019un accord conclu avec vous ou pour les mesures pr\u00e9contractuelles n\u00e9cessaires \u00e0 leur conclusion. C\u2019est par exemple le cas pour les traitements mis en \u0153uvre dans le cadre de votre scolarit\u00e9, pour la gestion de votre dossier administratif et financier, pour la gestion de votre emploi du temps, pour la communication avec votre \u00e9tablissement, etc. ;<\/li>\n\n\n\n<li>Nous traitons vos donn\u00e9es conform\u00e9ment \u00e0 nos int\u00e9r\u00eats l\u00e9gitimes, \u00e0 moins que ne pr\u00e9valent vos int\u00e9r\u00eats ou vos libert\u00e9s et droits fondamentaux. C\u2019est par exemple le cas pour l\u2019am\u00e9lioration de nos services, nos enqu\u00eates de satisfaction, l\u2019\u00e9laboration de statistiques, les op\u00e9rations n\u00e9cessaires \u00e0 la s\u00e9curit\u00e9 de nos sites web ou nos \u00e9v\u00e9nements, pour la prospection pour des produits analogues.<\/li>\n\n\n\n<li>Nous sommes dans l\u2019obligation l\u00e9gale de traiter certaines de vos donn\u00e9es pour r\u00e9pondre \u00e0 des contraintes r\u00e9glementaires.<\/li>\n\n\n\n<li>Dans certains cas extr\u00eames, nous traitons vos donn\u00e9es afin d\u2019assurer la sauvegarde de vos int\u00e9r\u00eats vitaux ou d\u2019une autre personne, par exemple dans le cas d\u2019une intervention m\u00e9dicale en urgence sur l\u2019un de nos sites.<\/li>\n<\/ul>\n\n\n\n<p>Pour toute question relative \u00e0 la base juridique sur laquelle nous nous appuyons pour collecter et utiliser vos informations personnelles, vous pouvez contacter notre d\u00e9l\u00e9gu\u00e9 \u00e0 la protection des donn\u00e9es (<a href=\"mailto:dpo@omneseducation.com\">dpo@omneseducation.com<\/a>).ter notre d\u00e9l\u00e9gu\u00e9 \u00e0 la protection des donn\u00e9es (<a href=\"mailto:dpo@omneseducation.com\">dpo@omneseducation.com<\/a>).<\/p>\n<\/div><\/div>\n<\/div>\n\n\n\n<div class=\"wp-block-blockparty-accordion-item\">\n<h3 class=\"wp-block-blockparty-accordion-summary\"><button aria-expanded=\"false\" class=\"wp-block-blockparty-accordion-trigger\"><span class=\"wp-block-blockparty-accordion-title\">IV &#8211; Destinataires des donn\u00e9es personnelles<\/span><\/button><\/h3>\n\n\n\n<div role=\"region\" class=\"wp-block-blockparty-accordion-panel\"><div class=\"wp-block-blockparty-accordion-panel__inner\">\n<p>Nous sommes susceptibles de transmettre vos donn\u00e9es personnelles aux destinataires suivants :<\/p>\n\n\n\n<p>Toute autre personne \u00e0 laquelle vous nous avez autoris\u00e9s \u00e0 divulguer vos donn\u00e9es personnelles.<\/p>\n\n\n\n<p>L\u2019ensemble des services de la soci\u00e9t\u00e9 Organisation et D\u00e9veloppement et des \u00e9coles selon leurs besoins op\u00e9rationnels pour permettre les finalit\u00e9s \u00e9voqu\u00e9es ;<\/p>\n\n\n\n<p>Les sous-traitants et prestataires d\u2019Organisation et D\u00e9veloppement et des \u00e9coles qui nous fournissent des services n\u00e9cessitant le traitement des donn\u00e9es, par exemple nos fournisseurs de logiciels, h\u00e9bergeurs de donn\u00e9es, les organisateurs d\u2019\u00e9v\u00e9nements auxquels vous vous \u00eates inscrits et charg\u00e9s de vous accueillir ou des soci\u00e9t\u00e9s de recouvrement. Le cas \u00e9ch\u00e9ant, des d\u00e9tails sur les destinataires sp\u00e9cifiques de vos donn\u00e9es peuvent vous \u00eatre communiqu\u00e9s au moment de leur collecte\u00a0;<\/p>\n\n\n\n<p>Nos prestataires financiers, en lien avec le paiement de vos frais de scolarit\u00e9\u00a0;<\/p>\n\n\n\n<p>D\u2019autres \u00e9tablissements scolaires avec lesquels le groupe OMNES Education a des partenariats, lorsque ces donn\u00e9es sont n\u00e9cessaires \u00e0 la r\u00e9alisation de ces partenariats, par exemple lorsque vous suivez des cours dans plusieurs \u00e9tablissements, ou lorsque votre cursus implique des \u00e9changes internationaux dans d\u2019autres \u00e9tablissements\u00a0;<\/p>\n\n\n\n<p>Des entreprises, soit pour favoriser votre recrutement dans le cadre de stages, de contrats d\u2019apprentissage ou de contrats de professionnalisation, soit pour assurer la gestion quotidienne de ces stages et contrats d\u2019apprentissage et de professionnalisation\u00a0;<\/p>\n\n\n\n<p>Les organismes intervenant dans la certification ou le financement des formations dispens\u00e9es par le groupe OMNES Education, par exemple\u00a0<a href=\"https:\/\/www.francecompetences.fr\/\">France comp\u00e9tences<\/a>, des\u00a0<a href=\"https:\/\/www.francecompetences.fr\/fiche\/qualite-de-la-formation-7-instances-de-labellisation-reconnues-par-france-competences\/\">instances de labellisation reconnues par France comp\u00e9tences<\/a>, des\u00a0<a href=\"https:\/\/travail-emploi.gouv.fr\/ministere\/acteurs\/partenaires\/opco\">op\u00e9rateurs de comp\u00e9tences<\/a>\u00a0en charge du financement de votre contrat d\u2019apprentissage et de professionnalisation, la Caisse des d\u00e9p\u00f4ts et consignations, les rectorats ;<\/p>\n\n\n\n<p>Tout organisme comp\u00e9tent responsable de l\u2019application de la loi, toute agence gouvernementale, r\u00e9glementaire, tout tribunal ou autres tiers auxquels il est n\u00e9cessaire de divulguer des informations personnelles (i) en vertu des lois ou des r\u00e9glementations en vigueur, (ii) pour exercer, \u00e9tablir ou d\u00e9fendre nos droits ou (iii) pour prot\u00e9ger vos int\u00e9r\u00eats ou ceux d\u2019une personne tierce ;<\/p>\n\n\n\n<p>Toute soci\u00e9t\u00e9 tierce ayant fait une proposition d\u2019achat, de fusion, de r\u00e9organisation, d\u2019acquisition, de dissolution ou de liquidation de tout ou partie du groupe OMNES Education, dans la mesure o\u00f9 nous informons le tiers int\u00e9ress\u00e9 qu\u2019il doit utiliser vos donn\u00e9es personnelles uniquement aux fins pr\u00e9vues dans la pr\u00e9sente Politique de confidentialit\u00e9.<\/p>\n<\/div><\/div>\n<\/div>\n\n\n\n<div class=\"wp-block-blockparty-accordion-item\">\n<h3 class=\"wp-block-blockparty-accordion-summary\"><button aria-expanded=\"false\" class=\"wp-block-blockparty-accordion-trigger\"><span class=\"wp-block-blockparty-accordion-title\">V &#8211; Vos droits<\/span><\/button><\/h3>\n\n\n\n<div role=\"region\" class=\"wp-block-blockparty-accordion-panel\"><div class=\"wp-block-blockparty-accordion-panel__inner\">\n<p>En application du RGPD et de la loi Informatique et Libert\u00e9s, vous avez le droit :<\/p>\n\n\n\n<ul class=\"wp-block-list\">\n<li>d\u2019acc\u00e9der \u00e0 vos donn\u00e9es personnelles et d\u2019en obtenir une copie\u00a0;<\/li>\n\n\n\n<li>de mettre \u00e0 jour ou de corriger l\u2019inexactitude de ces donn\u00e9es ;<\/li>\n\n\n\n<li>de demander la suppression de vos donn\u00e9es personnelles\u00a0;<\/li>\n\n\n\n<li>de demander la limitation du traitement que nous faisons de vos donn\u00e9es personnelles ;<\/li>\n\n\n\n<li>de vous opposer au traitement de vos donn\u00e9es personnelles sauf lorsque leur traitement est n\u00e9cessaire \u00e0 l\u2019ex\u00e9cution de votre contrat ou nous est impos\u00e9 par une contrainte r\u00e9glementaire\u00a0;<\/li>\n\n\n\n<li>de demander la portabilit\u00e9 de vos donn\u00e9es personnelles\u00a0;<\/li>\n\n\n\n<li>lorsque le traitement est fond\u00e9 sur votre consentement, de le retirer \u00e0 tout moment\u00a0;<\/li>\n\n\n\n<li>de d\u00e9finir des directives relatives au sort de vos donn\u00e9es \u00e0 caract\u00e8re personnel apr\u00e8s votre mort ;<\/li>\n\n\n\n<li>d\u2019introduire une r\u00e9clamation aupr\u00e8s de l\u2019autorit\u00e9 territorialement comp\u00e9tente \u2013 en France,\u00a0<a href=\"https:\/\/www.cnil.fr\/fr\">la CNIL<\/a>.<\/li>\n<\/ul>\n\n\n\n<p>Vous avez aussi le droit de refuser \u00e0 tout moment de recevoir les communications marketing que nous vous envoyons. Vous pouvez exercer ce droit en cliquant sur les liens de d\u00e9sabonnement dans les e-mails marketing que nous vous envoyons, en r\u00e9pondant aux SMS selon les modalit\u00e9s d\u00e9finies dans le message, en l\u2019indiquant \u00e0 l\u2019op\u00e9rateur t\u00e9l\u00e9phonique qui r\u00e9alise la prospection, ou en \u00e9crivant \u00e0 notre d\u00e9l\u00e9gu\u00e9 \u00e0 la protection des donn\u00e9es.<\/p>\n\n\n\n<p><br>Pour exercer l\u2019ensemble de vos droits, vous pouvez \u00e9crire \u00e0 notre d\u00e9l\u00e9gu\u00e9 \u00e0 la protection des donn\u00e9es au si\u00e8ge de l\u2019entreprise :<\/p>\n\n\n\n<p><br>OMNES Education \u2013 Service du DPO \u2013 Immeuble Greenelle \u2013 43 quai de Grenelle \u2013 75015 PARIS<br>ou par mail\u00a0:\u00a0<a href=\"mailto:dpo@omneseducation.com\">dpo@omneseducation.com<\/a>.<\/p>\n\n\n\n<p>Lorsque nous avons des doutes raisonnables quant \u00e0 votre identit\u00e9, et afin de prot\u00e9ger votre vie priv\u00e9e et d\u2019assurer la s\u00e9curit\u00e9 de vos donn\u00e9es, nous sommes susceptibles de la v\u00e9rifier.<\/p>\n<\/div><\/div>\n<\/div>\n\n\n\n<div class=\"wp-block-blockparty-accordion-item\">\n<h3 class=\"wp-block-blockparty-accordion-summary\"><button aria-expanded=\"false\" class=\"wp-block-blockparty-accordion-trigger\"><span class=\"wp-block-blockparty-accordion-title\">VI &#8211; S\u00e9curit\u00e9 des donn\u00e9es personnelles<\/span><\/button><\/h3>\n\n\n\n<div role=\"region\" class=\"wp-block-blockparty-accordion-panel\"><div class=\"wp-block-blockparty-accordion-panel__inner\">\n<p>Nous attachons une grande importance \u00e0 la protection de vos donn\u00e9es personnelles et de votre vie priv\u00e9e. C\u2019est pourquoi nous avons mis en place les mesures techniques et organisationnelles n\u00e9cessaires (s\u00e9curit\u00e9 physique, logique et humaine, audits et revues r\u00e9guliers) en vue de prot\u00e9ger vos donn\u00e9es personnelles contre la destruction, la perte, l\u2019alt\u00e9ration, l\u2019acc\u00e8s, la divulgation et l\u2019utilisation accidentels, ill\u00e9gaux ou non autoris\u00e9s.<\/p>\n<\/div><\/div>\n<\/div>\n\n\n\n<div class=\"wp-block-blockparty-accordion-item\">\n<h3 class=\"wp-block-blockparty-accordion-summary\"><button aria-expanded=\"false\" class=\"wp-block-blockparty-accordion-trigger\"><span class=\"wp-block-blockparty-accordion-title\">VII &#8211; Conservation des donn\u00e9es personnelles<\/span><\/button><\/h3>\n\n\n\n<div role=\"region\" class=\"wp-block-blockparty-accordion-panel\"><div class=\"wp-block-blockparty-accordion-panel__inner\">\n<p>Nous conservons vos donn\u00e9es personnelles lorsque nous en avons un besoin l\u00e9gitime et constant, par exemple pour vous fournir un service que vous avez demand\u00e9 ou auquel vous avez consenti. Lorsque nous n\u2019avons aucun besoin commercial l\u00e9gitime de traiter vos donn\u00e9es personnelles, nous les supprimons ou nous les anonymisons.<br><br>Les donn\u00e9es utilis\u00e9es pour vous fournir des informations et de la communication sans prospection commerciale, comme celles utilis\u00e9es pour des op\u00e9rations de prospection commerciale, sont conserv\u00e9es pendant toute la dur\u00e9e de votre scolarit\u00e9, puis 3 ans \u00e0 partir de la fin du contrat ou du dernier contact \u00e0 votre initiative.<\/p>\n\n\n\n<p>La dur\u00e9e de conservation des donn\u00e9es relatives \u00e0 la gestion de votre vie \u00e9tudiante et de votre scolarit\u00e9 varie en fonction du type de donn\u00e9es. Nous conservons l\u2019ensemble de vos donn\u00e9es pendant 5 ans, dur\u00e9e de droit commun de la prescription, en cas de contentieux. Nous conservons la majorit\u00e9 des donn\u00e9es li\u00e9es \u00e0 votre inscription et votre scolarit\u00e9 pendant 1 an suppl\u00e9mentaire (donc pour une dur\u00e9e totale de 6 ans apr\u00e8s votre diplomation), comme l\u2019exigent les op\u00e9rateurs de comp\u00e9tences dans le cadre de leurs contr\u00f4les (article L6316-3 du Code du travail). Ces donn\u00e9es sont ensuite archiv\u00e9es et conserv\u00e9es conform\u00e9ment \u00e0\u00a0<a href=\"https:\/\/www.education.gouv.fr\/bo\/BoAnnexes\/2005\/24\/tableaux_encart24.pdf\">l\u2019instruction minist\u00e9rielle 2005-003 du 22 f\u00e9vrier 2005<\/a>.<br><br>Les fichiers de logs et autres journaux informatiques sont conserv\u00e9s 6 mois.<br><br>Les donn\u00e9es relatives aux contrats et garanties conclu avec un \u00e9tudiant ou un apprenant sont conserv\u00e9es 2 ans, conform\u00e9ment \u00e0 l\u2019article L. 218-2 du Code de la consommation.<\/p>\n\n\n\n<p>Les donn\u00e9es relatives aux op\u00e9rations de recouvrement sont conserv\u00e9es pendant 5 ans apr\u00e8s la derni\u00e8re tentative de recouvrement des sommes.<br><br>Les donn\u00e9es relatives \u00e0 un contrat conclu par voie \u00e9lectronique avec un consommateur (pour une somme sup\u00e9rieure ou \u00e9gale \u00e0 120 \u20ac) sont conserv\u00e9es 10 ans, conform\u00e9ment aux article L.\u00a0213-1, D.\u00a0213-1 et D.\u00a0213-2 du Code de la consommation.<\/p>\n\n\n\n<p>Les documents relatifs aux droits informatique et libert\u00e9s des personnes concern\u00e9es sont conserv\u00e9s 1 an s\u2019agissant des droits d\u2019acc\u00e8s et de rectification, 6 ans s\u2019agissant du droit d\u2019opposition. Les pi\u00e8ces d\u2019identit\u00e9 demand\u00e9es lorsque nous avons un doute raisonnable ne sont pas conserv\u00e9es au-del\u00e0 de la dur\u00e9e n\u00e9cessaire \u00e0 la v\u00e9rification.<\/p>\n<\/div><\/div>\n<\/div>\n\n\n\n<div class=\"wp-block-blockparty-accordion-item\">\n<h3 class=\"wp-block-blockparty-accordion-summary\"><button aria-expanded=\"false\" class=\"wp-block-blockparty-accordion-trigger\"><span class=\"wp-block-blockparty-accordion-title\">VIII &#8211; Transferts internationaux de donn\u00e9es personnelles<\/span><\/button><\/h3>\n\n\n\n<div role=\"region\" class=\"wp-block-blockparty-accordion-panel\"><div class=\"wp-block-blockparty-accordion-panel__inner\">\n<p>Nous h\u00e9bergeons vos donn\u00e9es sur le territoire de l\u2019Union europ\u00e9enne. Lorsque nous confions l\u2019h\u00e9bergement de vos donn\u00e9es \u00e0 des prestataires, notamment lorsqu\u2019elles sont sauvegard\u00e9es dans le cloud ou lorsque nous faisons appel \u00e0 des applications SaaS, nous nous assurons que vos donn\u00e9es sont h\u00e9berg\u00e9es sur le territoire de l\u2019Union europ\u00e9enne et qu\u2019elles ne peuvent \u00eatre transf\u00e9r\u00e9es hors de l\u2019Union europ\u00e9enne sans notre accord pr\u00e9alable.<\/p>\n\n\n\n<p>Vos donn\u00e9es personnelles peuvent n\u00e9anmoins \u00eatre transf\u00e9r\u00e9es et trait\u00e9es dans des pays autres que le pays de votre \u00c9cole, en particulier lorsque vous effectuez une partie de votre scolarit\u00e9 \u00e0 l\u2019\u00e9tranger, dans un \u00e9tablissement partenaire du groupe OMNES Education. Ces pays peuvent avoir des lois sur la protection des donn\u00e9es diff\u00e9rentes des lois du pays de votre \u00e9tablissement d\u2019origine et qui, dans certains cas, peuvent ne pas \u00eatre aussi protectrices.<\/p>\n\n\n\n<p>Nous prenons les meilleures pr\u00e9cautions pour garantir que vos donn\u00e9es personnelles restent prot\u00e9g\u00e9es conform\u00e9ment \u00e0 la pr\u00e9sente Politique de confidentialit\u00e9.<\/p>\n\n\n\n<p>Il se peut que l\u2019\u00c9tat o\u00f9 est install\u00e9 l\u2019\u00e9tablissement d\u2019accueil soit situ\u00e9 dans un pays assurant un niveau de protection des donn\u00e9es suffisant et appropri\u00e9 reconnu par une d\u00e9cision d\u2019ad\u00e9quation de la Commission europ\u00e9enne, qui reconnait que certains pays hors EEE ont des lois nationales prot\u00e9geant les donn\u00e9es personnelles selon des normes substantiellement similaires aux normes exig\u00e9es par le droit de l\u2019Union europ\u00e9enne.<\/p>\n\n\n\n<p>Lorsque l\u2019\u00e9tablissement n\u2019est pas situ\u00e9 dans un \u00c9tat assurant un niveau de protection \u00e9quivalant, nous nous assurons que l\u2019\u00e9tablissement d\u2019accueil a sign\u00e9 les clauses contractuelles type (CCT) de la Commission europ\u00e9enne qui exigent que les destinataires hors EEE des donn\u00e9es personnelles continuent de prot\u00e9ger les donn\u00e9es personnelles qu\u2019ils re\u00e7oivent selon les normes exig\u00e9es par le droit de l\u2019Union europ\u00e9enne.<\/p>\n\n\n\n<p>Lorsque l\u2019\u00e9tablissement d\u2019accueil a refus\u00e9 de signer les clauses contractuelles type, nous vous en alertons et sollicitons votre consentement au transfert des donn\u00e9es vous concernant.<\/p>\n\n\n\n<p>Vous pouvez obtenir davantage de d\u00e9tails en formulant votre demande aupr\u00e8s de :<\/p>\n\n\n\n<p>OMNES Education \u2013 Service du DPO \u2013 Immeuble Greenelle \u2013 43 quai de Grenelle \u2013 75015 PARIS<br><a href=\"mailto:dpo@omneseducation.com\">dpo@omneseducation.com<\/a>.<\/p>\n<\/div><\/div>\n<\/div>\n<\/div>\n\n\n\n<p><\/p>\n<\/div>\n\n\n\n<div class=\"wp-block-group has-global-padding is-layout-constrained wp-block-group-is-layout-constrained has-block-anchor\" style=\"margin-top:var(--wp--preset--spacing--4-xl);margin-bottom:var(--wp--preset--spacing--4-xl)\">\n<hr class=\"wp-block-separator has-alpha-channel-opacity\"\/>\n\n\n\n<div class=\"wp-block-group is-vertical is-layout-flex wp-container-core-group-is-layout-30a70405 wp-block-group-is-layout-flex has-block-anchor\">\n<p class=\"is-style-heading-default-eyebrow has-on-surface-color has-text-color has-link-color wp-elements-3f5ba7a368e260626e38f0461db35314\"><\/p>\n\n\n\n<h2 class=\"wp-block-heading\" id=\"vous-etes-alumni\"><strong>Vous \u00eates alumni<\/strong><\/h2>\n<\/div>\n\n\n\n<div class=\"wp-block-blockparty-accordion\">\n<div class=\"wp-block-blockparty-accordion-item\">\n<h3 class=\"wp-block-blockparty-accordion-summary\"><button aria-expanded=\"false\" class=\"wp-block-blockparty-accordion-trigger\"><span class=\"wp-block-blockparty-accordion-title\">I &#8211; Origine des donn\u00e9es et type de donn\u00e9es trait\u00e9es<\/span><\/button><\/h3>\n\n\n\n<div role=\"region\" class=\"wp-block-blockparty-accordion-panel\"><div class=\"wp-block-blockparty-accordion-panel__inner\">\n<p>Dans le cadre de nos \u00e9changes, nous traitons des donn\u00e9es personnelles vous concernant\u00a0: soit parce que vous nous les avez communiqu\u00e9es directement, soit parce que nous les avons collect\u00e9es automatiquement, soit parce que nous les avons collect\u00e9es indirectement aupr\u00e8s de tiers. Nous sommes attentifs, \u00e0 chaque \u00e9tape des traitements, \u00e0 limiter les donn\u00e9es collect\u00e9es \u00e0 ce qui est ad\u00e9quat, pertinent et n\u00e9cessaire aux finalit\u00e9s poursuivies.<\/p>\n\n\n\n<p>La premi\u00e8re source des donn\u00e9es vous concernant provient de votre profil \u00e9tudiant et des donn\u00e9es que vous nous avez communiqu\u00e9es ou que nous avons collect\u00e9es lors de votre scolarit\u00e9. Nous pouvons compl\u00e9ter ces donn\u00e9es \u00e0 l\u2019issue de votre scolarit\u00e9 de la mani\u00e8re suivante.<br><br><strong>1) Donn\u00e9es personnelles communiqu\u00e9es par vous-m\u00eame<\/strong><\/p>\n\n\n\n<p>Les donn\u00e9es personnelles que nous recueillons sont celles que vous nous fournissez spontan\u00e9ment (par exemple lors de l\u2019utilisation de robots conversationnels ou dans les zones de commentaires libres de nos formulaires) et celles que nous vous demandons quand vous :<\/p>\n\n\n\n<ul class=\"wp-block-list\">\n<li>Nous contactez par e-mail, t\u00e9l\u00e9phone, messagerie, voie postale ou de toute autre mani\u00e8re ;<\/li>\n\n\n\n<li>Vous inscrivez \u00e0 une formation, ou souscrivez \u00e0 un service ;<\/li>\n\n\n\n<li>Cr\u00e9ez ou g\u00e9rez un compte alumni ;<\/li>\n\n\n\n<li>Vous enregistrez pour des \u00e9v\u00e9nements, des webinaires ou des services ;<\/li>\n\n\n\n<li>Vous abonnez \u00e0 des newsletters, des alertes relatives \u00e0 des \u00e9v\u00e9nements ou \u00e0 des informations\u00a0;<\/li>\n\n\n\n<li>Participez \u00e0 des sondages, des concours ou \u00e0 d\u2019autres activit\u00e9s promotionnelles.<\/li>\n<\/ul>\n\n\n\n<p>Le type de donn\u00e9es personnelles que nous sommes susceptibles de vous demander peut comprendre de mani\u00e8re non exhaustive :<\/p>\n\n\n\n<ul class=\"wp-block-list\">\n<li>Votre identit\u00e9 ;<\/li>\n\n\n\n<li>Vos coordonn\u00e9es (votre adresse physique ou \u00e9lectronique, votre num\u00e9ro de t\u00e9l\u00e9phone\u2026) ;<\/li>\n\n\n\n<li>Vos \u00e9ventuelles donn\u00e9es professionnelles (par exemple, le titre de votre fonction, votre formation ant\u00e9rieure, vos souhaits de formation) ;<\/li>\n\n\n\n<li>Vos informations d\u2019identification (par exemple, votre nom d\u2019utilisateur) ;<\/li>\n\n\n\n<li>Vos donn\u00e9es financi\u00e8res (par exemple, votre num\u00e9ro de carte de cr\u00e9dit ou de paiement, votre num\u00e9ro de compte bancaire, votre adresse de facturation en vue du paiement de vos cotisation alumni) ;<\/li>\n\n\n\n<li>Des informations sur votre vie personnelle, si vous nous les avez communiqu\u00e9es\u00a0;<\/li>\n\n\n\n<li>Des informations sur vos proches, pour des contacts d\u2019urgence par exemple\u00a0;<\/li>\n\n\n\n<li>Les avis que vous avez exprim\u00e9s sur nos services et produits.<\/li>\n<\/ul>\n\n\n\n<p>Nous sommes susceptibles de vous demander la communication de donn\u00e9es personnelles suppl\u00e9mentaires par exemple dans le cas de nos sondages en ligne pour comprendre vos besoins.<\/p>\n\n\n\n<p>Lorsque vous \u00e9changez avec un robot conversationnel, nous traitons par nature toute information que vous indiquerez au robot de votre propre initiative. Nous attirons votre attention sur l\u2019importance de ne pas partager de donn\u00e9es sensibles (portant sur votre origine raciale ou ethnique, vos opinions politiques, vos convictions religieuses ou philosophiques ou votre appartenance syndicale, votre sant\u00e9, votre vie sexuelle ou votre orientation sexuelle), \u00e0 moins qu\u2019elles ne vous semblent absolument indispensables. Certains robots conversationnels sont susceptibles d\u2019enrichir votre \u00e9change \u00e0 l\u2019aide de syst\u00e8mes d\u2019intelligence artificielle, auquel cas vous en serez inform\u00e9s.<br><br><strong>2) Donn\u00e9es personnelles recueillies automatiquement<\/strong><br><br>Nos sites web, ou des services tiers d\u2019analyse web auxquels nous avons recours, collectent automatiquement certaines donn\u00e9es comme votre adresse IP, le type d\u2019appareil que vous utilisez, l\u2019ID de votre appareil et d\u2019autres informations techniques par le biais des cookies et d\u2019autres technologies de suivi similaires.<\/p>\n\n\n\n<p>Collecter des donn\u00e9es personnelles nous permet de mieux conna\u00eetre le type de visiteurs qui se rendent sur nos sites, d\u2019o\u00f9 ils viennent et quel est le contenu qui les int\u00e9resse sur nos sites. Nous utilisons ces informations \u00e0 des fins d\u2019analyse interne et pour am\u00e9liorer la qualit\u00e9 et la pertinence de nos sites pour les visiteurs. Certaines de ces informations peuvent \u00eatre recueillies en utilisant les cookies et des technologies de suivi similaires lorsque vous y consentez. Pour plus d\u2019informations, veuillez consulter notre Politique relative aux cookies disponible sur les sites internet en question.<\/p>\n\n\n\n<p><strong>3) Donn\u00e9es personnelles recueillies aupr\u00e8s des tiers<\/strong><\/p>\n\n\n\n<p>Ponctuellement, nous pouvons recevoir des donn\u00e9es personnelles vous concernant de la part de sources tierces, mais seulement lorsque ces tiers sont autoris\u00e9s \u00e0 ou tenus de nous divulguer vos informations personnelles. Les informations que nous pouvons recueillir aupr\u00e8s de tiers comprennent vos coordonn\u00e9es, d\u2019\u00e9ventuelles donn\u00e9es professionnelles, des donn\u00e9es relatives \u00e0 votre parcours scolaire etc.<br>Nous pouvons \u00e9galement recueillir des informations vous concernant si vous les avez rendues librement accessibles, par exemple sur des r\u00e9seaux sociaux professionnels, pour r\u00e9pondre aux enqu\u00eates publiques portant sur l\u2019insertion de nos alumni ou \u00e0 des fins statistiques. Vous pouvez vous opposer \u00e0 cette collecte sur simple demande aupr\u00e8s de notre d\u00e9l\u00e9gu\u00e9 \u00e0 la protection des donn\u00e9es :\u00a0<a href=\"mailto:dpo@omneseducation.com\">dpo@omneseducation.com<\/a>.<\/p>\n<\/div><\/div>\n<\/div>\n\n\n\n<div class=\"wp-block-blockparty-accordion-item\">\n<h3 class=\"wp-block-blockparty-accordion-summary\"><button aria-expanded=\"false\" class=\"wp-block-blockparty-accordion-trigger\"><span class=\"wp-block-blockparty-accordion-title\">II &#8211; Finalit\u00e9s des traitements<\/span><\/button><\/h3>\n\n\n\n<div role=\"region\" class=\"wp-block-blockparty-accordion-panel\"><div class=\"wp-block-blockparty-accordion-panel__inner\">\n<p>Nous utilisons les informations personnelles que nous collectons aupr\u00e8s de vous aux fins d\u00e9crites dans la pr\u00e9sente Politique de confidentialit\u00e9, et celles que nous vous avons expos\u00e9es au moment de leur collecte ou pour des finalit\u00e9s compatibles.<br>En particulier, nous utilisons vos informations pour :<\/p>\n\n\n\n<ul class=\"wp-block-list\">\n<li>En premier lieu, g\u00e9rer votre candidature ou votre contrat de travail\u00a0;<\/li>\n\n\n\n<li>Assurer le paiement de votre r\u00e9mun\u00e9ration\u00a0;<\/li>\n\n\n\n<li>Mettre \u00e0 votre disposition des outils professionnels, notamment du mat\u00e9riel informatique\u00a0;<\/li>\n\n\n\n<li>Organiser votre travail\u00a0;<\/li>\n\n\n\n<li>Suivre votre carri\u00e8re et votre mobilit\u00e9, et assurer un suivi des comp\u00e9tences sur la base de vos \u00e9valuations\u00a0;<\/li>\n\n\n\n<li>Vous offrir des formations\u00a0;<\/li>\n\n\n\n<li>Tenir les registres obligatoires, notamment en lien avec les instances repr\u00e9sentatives du personnel\u00a0;<\/li>\n\n\n\n<li>Assurer notre communication interne\u00a0;<\/li>\n\n\n\n<li>G\u00e9rer le contentieux RH\u00a0;<\/li>\n\n\n\n<li>Vous permettre d\u2019\u00eatre suivi par les services de m\u00e9decine du travail\u00a0;<\/li>\n\n\n\n<li>Assurer le suivi de votre compte personnel de formation\u00a0;<\/li>\n\n\n\n<li>Mettre \u00e0 votre disposition une cellule d\u2019\u00e9coute psychologique\u00a0;<\/li>\n\n\n\n<li>Fournir les informations et les services que vous demandez\u00a0;<\/li>\n\n\n\n<li>Envoyer des notifications importantes au sujet de nos modalit\u00e9s, conditions d\u2019inscription, politiques de confidentialit\u00e9 ou autres documents l\u00e9gaux ;<\/li>\n\n\n\n<li>R\u00e9pondre aux exigences que nous imposent les contr\u00f4les et audits administratifs et financiers\u00a0;<\/li>\n\n\n\n<li>Exercer des fonctions de comptabilit\u00e9, d\u2019audit, de rapprochement et collecte de factures ainsi que d\u2019autres fonctions commerciales internes ;<\/li>\n\n\n\n<li>Vous et nous prot\u00e9ger contre la fraude et les autres activit\u00e9s ill\u00e9gales ou contre les accusations infond\u00e9es ; \u00e9tablir, exercer et d\u00e9fendre vos droits et nos droits et respecter nos obligations juridiques et r\u00e9glementaires en vigueur ;<\/li>\n\n\n\n<li>Maintenir la s\u00e9curit\u00e9 physique de nos locaux (par exemple, les registres de visiteurs) et la s\u00e9curit\u00e9 informatique ou \u00e9lectronique.<\/li>\n<\/ul>\n\n\n\n<p>Nous pouvons \u00e9galement utiliser vos donn\u00e9es personnelles sous une forme agr\u00e9g\u00e9e qui ne permet pas l\u2019identification des personnes afin d\u2019\u00e9valuer et d\u2019am\u00e9liorer nos offres de formation et de services.<\/p>\n<\/div><\/div>\n<\/div>\n\n\n\n<div class=\"wp-block-blockparty-accordion-item\">\n<h3 class=\"wp-block-blockparty-accordion-summary\"><button aria-expanded=\"false\" class=\"wp-block-blockparty-accordion-trigger\"><span class=\"wp-block-blockparty-accordion-title\">III &#8211; Base l\u00e9gale du traitement des donn\u00e9es personnelles<\/span><\/button><\/h3>\n\n\n\n<div role=\"region\" class=\"wp-block-blockparty-accordion-panel\"><div class=\"wp-block-blockparty-accordion-panel__inner\">\n<p>Pour l\u2019Espace \u00e9conomique europ\u00e9en, la base l\u00e9gale des traitements des donn\u00e9es personnelles d\u00e9crits ci-dessus d\u00e9pendra des informations personnelles concern\u00e9es et des objectifs sp\u00e9cifiques pour lesquelles nous les traitons. La base juridique concern\u00e9e par le traitement vous est le plus souvent indiqu\u00e9e dans les informations qui vous sont transmises lors de la collecte de vos donn\u00e9es personnelles, vous pouvez retrouver celle de nos principaux traitements ici.<br>Cependant, nous recueillons des donn\u00e9es personnelles aupr\u00e8s de vous seulement quand :<\/p>\n\n\n\n<ul class=\"wp-block-list\">\n<li>Dans la plupart des cas, nous avons besoin de vos donn\u00e9es personnelles dans le cadre de votre contrat de travail ou d\u2019un accord conclu avec vous ou pour les mesures pr\u00e9contractuelles n\u00e9cessaires \u00e0 leur conclusion. C\u2019est par exemple le cas pour les traitements mis en \u0153uvre pour la gestion de votre dossier professionnel, pour g\u00e9rer votre paie, g\u00e9rer votre mobilit\u00e9 ou vos demandes de formation ;<\/li>\n\n\n\n<li>Nous traitons vos donn\u00e9es conform\u00e9ment \u00e0 nos int\u00e9r\u00eats l\u00e9gitimes, \u00e0 moins que ne pr\u00e9valent vos int\u00e9r\u00eats ou vos libert\u00e9s et droits fondamentaux. C\u2019est par exemple le cas pour vous pr\u00e9senter un annuaire interne, g\u00e9rer et maintenir le mat\u00e9riel informatique qui vous est fourni, g\u00e9rer votre messagerie \u00e9lectronique et vous permettre de vous connecter au VPN du groupe, mettre en place une proc\u00e9dure d\u2019\u00e9valuation et de gestion des comp\u00e9tences, organiser les formations dont vous b\u00e9n\u00e9ficiez\u00a0;<\/li>\n\n\n\n<li>Nous sommes dans l\u2019obligation l\u00e9gale de traiter certaines de vos donn\u00e9es pour r\u00e9pondre \u00e0 des contraintes r\u00e9glementaires. Nous sommes par exemple contraints de traiter ou de transmettre certaines de vos donn\u00e9es dans le cadre des \u00e9lections professionnelles, pour organiser les r\u00e9unions des instances repr\u00e9sentatives du personnel ou pour remplir votre d\u00e9claration sociale nominative (DSN).<\/li>\n\n\n\n<li>Dans certains cas extr\u00eames, nous traitons vos donn\u00e9es afin d\u2019assurer la sauvegarde de vos int\u00e9r\u00eats vitaux ou d\u2019une autre personne, par exemple dans le cas d\u2019une intervention m\u00e9dicale en urgence sur l\u2019un de nos sites.<\/li>\n<\/ul>\n\n\n\n<p>Pour toute question relative \u00e0 la base juridique sur laquelle nous nous appuyons pour collecter et utiliser vos informations personnelles, vous pouvez contacter notre d\u00e9l\u00e9gu\u00e9 \u00e0 la protection des donn\u00e9es (<a href=\"mailto:dpo@omneseducation.com\">dpo@omneseducation.com<\/a>).<\/p>\n<\/div><\/div>\n<\/div>\n\n\n\n<div class=\"wp-block-blockparty-accordion-item\">\n<h3 class=\"wp-block-blockparty-accordion-summary\"><button aria-expanded=\"false\" class=\"wp-block-blockparty-accordion-trigger\"><span class=\"wp-block-blockparty-accordion-title\">IV &#8211; Destinataires des donn\u00e9es personnelles<\/span><\/button><\/h3>\n\n\n\n<div role=\"region\" class=\"wp-block-blockparty-accordion-panel\"><div class=\"wp-block-blockparty-accordion-panel__inner\">\n<p>Nous sommes susceptibles de transmettre vos donn\u00e9es personnelles aux destinataires suivants :<\/p>\n\n\n\n<p>Toute autre personne \u00e0 laquelle vous nous avez autoris\u00e9s \u00e0 divulguer vos donn\u00e9es personnelles.<\/p>\n\n\n\n<p>L\u2019ensemble des services de la soci\u00e9t\u00e9 Organisation et D\u00e9veloppement et des \u00e9coles selon leurs besoins op\u00e9rationnels pour permettre les finalit\u00e9s \u00e9voqu\u00e9es ;<\/p>\n\n\n\n<p>Les sous-traitants et prestataires d\u2019Organisation et D\u00e9veloppement et des \u00e9coles qui nous fournissent des services n\u00e9cessitant le traitement des donn\u00e9es, par exemple nos fournisseurs de logiciels, h\u00e9bergeurs de donn\u00e9es, ou les organisateurs d\u2019\u00e9v\u00e9nements auxquels vous vous \u00eates inscrits et charg\u00e9s de vous accueillir. Le cas \u00e9ch\u00e9ant, des d\u00e9tails sur les destinataires sp\u00e9cifiques de vos donn\u00e9es peuvent vous \u00eatre communiqu\u00e9s au moment de leur collecte\u00a0;<\/p>\n\n\n\n<p>Des entreprises, pour favoriser votre recrutement\u00a0;<\/p>\n\n\n\n<p>Les organismes en charge de la certification des formations dispens\u00e9es par le groupe OMNES Education, par exemple\u00a0<a href=\"https:\/\/www.francecompetences.fr\/\">France comp\u00e9tences<\/a>\u00a0ou des\u00a0<a href=\"https:\/\/www.francecompetences.fr\/fiche\/qualite-de-la-formation-7-instances-de-labellisation-reconnues-par-france-competences\/\">instances de labellisation reconnues par France comp\u00e9tences<\/a>, ou les soci\u00e9t\u00e9s et organismes intervenant dans ce processus de certification, comme nos prestataires de service ou la Caisse des d\u00e9p\u00f4ts et consignations\u00a0;<\/p>\n\n\n\n<p>Tout organisme comp\u00e9tent responsable de l\u2019application de la loi, toute agence gouvernementale, r\u00e9glementaire, tout tribunal ou autres tiers auxquels il est n\u00e9cessaire de divulguer des informations personnelles (i) en vertu des lois ou des r\u00e9glementations en vigueur, (ii) pour exercer, \u00e9tablir ou d\u00e9fendre nos droits ou (iii) pour prot\u00e9ger vos int\u00e9r\u00eats ou ceux d\u2019une personne tierce ;<\/p>\n\n\n\n<p>Toute soci\u00e9t\u00e9 tierce ayant fait une proposition d\u2019achat, de fusion, de r\u00e9organisation, d\u2019acquisition, de dissolution ou de liquidation de tout ou partie du groupe OMNES Education, dans la mesure o\u00f9 nous informons le tiers int\u00e9ress\u00e9 qu\u2019il doit utiliser vos donn\u00e9es personnelles uniquement aux fins pr\u00e9vues dans la pr\u00e9sente Politique de confidentialit\u00e9 ;<\/p>\n<\/div><\/div>\n<\/div>\n\n\n\n<div class=\"wp-block-blockparty-accordion-item\">\n<h3 class=\"wp-block-blockparty-accordion-summary\"><button aria-expanded=\"false\" class=\"wp-block-blockparty-accordion-trigger\"><span class=\"wp-block-blockparty-accordion-title\">V &#8211; Vos droits<\/span><\/button><\/h3>\n\n\n\n<div role=\"region\" class=\"wp-block-blockparty-accordion-panel\"><div class=\"wp-block-blockparty-accordion-panel__inner\">\n<p>En application du RGPD et de la loi Informatique et Libert\u00e9s, vous avez le droit :<\/p>\n\n\n\n<ul class=\"wp-block-list\">\n<li>d\u2019acc\u00e9der \u00e0 vos donn\u00e9es personnelles et d\u2019en obtenir une copie\u00a0;<\/li>\n\n\n\n<li>de mettre \u00e0 jour ou de corriger l\u2019inexactitude de ces donn\u00e9es ;<\/li>\n\n\n\n<li>de demander la suppression de vos donn\u00e9es personnelles\u00a0;<\/li>\n\n\n\n<li>de demander la limitation du traitement que nous faisons de vos donn\u00e9es personnelles ;<\/li>\n\n\n\n<li>de vous opposer au traitement de vos donn\u00e9es personnelles sauf lorsque leur traitement est n\u00e9cessaire \u00e0 l\u2019ex\u00e9cution de votre contrat ou nous est impos\u00e9 par une contrainte r\u00e9glementaire\u00a0;<\/li>\n\n\n\n<li>de demander la portabilit\u00e9 de vos donn\u00e9es personnelles\u00a0;<\/li>\n\n\n\n<li>lorsque le traitement est fond\u00e9 sur votre consentement, de le retirer \u00e0 tout moment\u00a0;<\/li>\n\n\n\n<li>de d\u00e9finir des directives relatives au sort de vos donn\u00e9es \u00e0 caract\u00e8re personnel apr\u00e8s votre mort ;<\/li>\n\n\n\n<li>d\u2019introduire une r\u00e9clamation aupr\u00e8s de l\u2019autorit\u00e9 territorialement comp\u00e9tente \u2013 en France,\u00a0<a href=\"https:\/\/www.cnil.fr\/fr\">la CNIL<\/a>.<\/li>\n<\/ul>\n\n\n\n<p>Vous avez aussi le droit de refuser \u00e0 tout moment de recevoir les communications marketing que nous vous envoyons. Vous pouvez exercer ce droit en cliquant sur les liens de d\u00e9sabonnement dans les e-mails marketing que nous vous envoyons, en r\u00e9pondant aux SMS selon les modalit\u00e9s d\u00e9finies dans le message, en l\u2019indiquant \u00e0 l\u2019op\u00e9rateur t\u00e9l\u00e9phonique qui r\u00e9alise la prospection, ou en \u00e9crivant \u00e0 notre d\u00e9l\u00e9gu\u00e9 \u00e0 la protection des donn\u00e9es.<br><br>Pour exercer l\u2019ensemble de vos droits, vous pouvez \u00e9crire \u00e0 notre d\u00e9l\u00e9gu\u00e9 \u00e0 la protection des donn\u00e9es au si\u00e8ge de l\u2019entreprise :<br><br>OMNES Education \u2013 Service du DPO \u2013 Immeuble Greenelle \u2013 43 quai de Grenelle \u2013 75015 PARIS<br>ou par mail\u00a0:\u00a0<a href=\"mailto:dpo@omneseducation.com\">dpo@omneseducation.com<\/a>.<\/p>\n<\/div><\/div>\n<\/div>\n\n\n\n<div class=\"wp-block-blockparty-accordion-item\">\n<h3 class=\"wp-block-blockparty-accordion-summary\"><button aria-expanded=\"false\" class=\"wp-block-blockparty-accordion-trigger\"><span class=\"wp-block-blockparty-accordion-title\">VI &#8211; S\u00e9curit\u00e9 des donn\u00e9es personnelles<\/span><\/button><\/h3>\n\n\n\n<div role=\"region\" class=\"wp-block-blockparty-accordion-panel\"><div class=\"wp-block-blockparty-accordion-panel__inner\">\n<p>Nous attachons une grande importance \u00e0 la protection de vos donn\u00e9es personnelles et de votre vie priv\u00e9e. C\u2019est pourquoi nous avons mis en place les mesures techniques et organisationnelles n\u00e9cessaires (s\u00e9curit\u00e9 physique, logique et humaine, audits et revues r\u00e9guliers) en vue de prot\u00e9ger vos donn\u00e9es personnelles contre la destruction, la perte, l\u2019alt\u00e9ration, l\u2019acc\u00e8s, la divulgation et l\u2019utilisation accidentels, ill\u00e9gaux ou non autoris\u00e9s.<\/p>\n<\/div><\/div>\n<\/div>\n\n\n\n<div class=\"wp-block-blockparty-accordion-item\">\n<h3 class=\"wp-block-blockparty-accordion-summary\"><button aria-expanded=\"false\" class=\"wp-block-blockparty-accordion-trigger\"><span class=\"wp-block-blockparty-accordion-title\">VII &#8211; Conservation des donn\u00e9es personnelles<\/span><\/button><\/h3>\n\n\n\n<div role=\"region\" class=\"wp-block-blockparty-accordion-panel\"><div class=\"wp-block-blockparty-accordion-panel__inner\">\n<p>Nous conservons vos donn\u00e9es personnelles lorsque nous en avons un besoin l\u00e9gitime et constant, par exemple pour vous fournir un service que vous avez demand\u00e9 ou auquel vous avez consenti.<br><br>Lorsque nous n\u2019avons aucun besoin commercial l\u00e9gitime de traiter vos donn\u00e9es personnelles, nous les supprimons ou nous les anonymisons ou, si cela n\u2019est pas possible, notamment parce que vos donn\u00e9es personnelles sont stock\u00e9es dans des archives de sauvegarde, nous stockons vos donn\u00e9es personnelles de mani\u00e8re s\u00e9curis\u00e9e.<\/p>\n\n\n\n<p>Les donn\u00e9es li\u00e9es \u00e0 votre scolarit\u00e9 ont \u00e9t\u00e9 conserv\u00e9es pendant cette dur\u00e9e, puis archiv\u00e9es pendant 6 ans (comme l\u2019exigent les op\u00e9rateurs de comp\u00e9tences dans le cadre de leurs contr\u00f4les \u2013 article L6316\u20113 du Code du travail) pour nous permettre de justifier de l\u2019ad\u00e9quation de nos formations avec les r\u00e9f\u00e9rentiels publics.<br><br>Les donn\u00e9es relatives \u00e0 la gestion de votre compte alumni sont conserv\u00e9es tant que vous continuez \u00e0 utiliser votre compte et pendant 3 ans \u00e0 compter de votre derni\u00e8re connexion. Avant de supprimer vos donn\u00e9es, nous somme susceptibles de vous contacter pour vous informer de l\u2019imminence de cette suppression et vous proposer de vous reconnecter \u00e0 votre espace pour renouveler cette dur\u00e9e de conservation. Faute de reconnexion avant l\u2019expiration du d\u00e9lai, vos donn\u00e9es seront supprim\u00e9es, \u00e0 l\u2019exception de celles n\u00e9cessaires pour justifier de votre diplomation (identit\u00e9 compl\u00e8te et d\u00e9tail des formations suivis et dipl\u00f4mes obtenus) qui sont conserv\u00e9es pendant 50 ans apr\u00e8s votre scolarit\u00e9.<\/p>\n\n\n\n<p>Les donn\u00e9es utilis\u00e9es pour vous fournir des informations et de la communication sans prospection commerciale, comme celles utilis\u00e9es pour des op\u00e9rations de prospection commerciale, sont conserv\u00e9es pendant toute la dur\u00e9e de votre scolarit\u00e9, puis 3 ans \u00e0 partir de la fin du contrat ou du dernier contact \u00e0 votre initiative.<br><br>Les fichiers de logs et autres journaux informatiques sont conserv\u00e9s 6 mois.<\/p>\n\n\n\n<p>Les documents relatifs aux droits informatique et libert\u00e9s des personnes concern\u00e9es sont conserv\u00e9s 1 an s\u2019agissant des droits d\u2019acc\u00e8s et de rectification, 6 ans s\u2019agissant du droit d\u2019opposition. Les pi\u00e8ces d\u2019identit\u00e9 demand\u00e9es lorsque nous avons un doute raisonnable ne sont pas conserv\u00e9es au-del\u00e0 de la dur\u00e9e n\u00e9cessaire \u00e0 la v\u00e9rification.<\/p>\n<\/div><\/div>\n<\/div>\n\n\n\n<div class=\"wp-block-blockparty-accordion-item\">\n<h3 class=\"wp-block-blockparty-accordion-summary\"><button aria-expanded=\"false\" class=\"wp-block-blockparty-accordion-trigger\"><span class=\"wp-block-blockparty-accordion-title\">VIII &#8211; Transferts internationaux de donn\u00e9es personnelles<\/span><\/button><\/h3>\n\n\n\n<div role=\"region\" class=\"wp-block-blockparty-accordion-panel\"><div class=\"wp-block-blockparty-accordion-panel__inner\">\n<p>Nous h\u00e9bergeons vos donn\u00e9es sur le territoire de l\u2019Union europ\u00e9enne. Lorsque nous confions l\u2019h\u00e9bergement de vos donn\u00e9es \u00e0 des prestataires, notamment lorsqu\u2019elles sont sauvegard\u00e9es dans le cloud ou lorsque nous faisons appel \u00e0 des applications SaaS, nous nous assurons que vos donn\u00e9es sont h\u00e9berg\u00e9es sur le territoire de l\u2019Union europ\u00e9enne et qu\u2019elles ne peuvent \u00eatre transf\u00e9r\u00e9es hors de l\u2019Union europ\u00e9enne sans notre accord pr\u00e9alable.<br>Si nous sommes contraints de transf\u00e9rer vos donn\u00e9es personnelles vers des pays tiers, nous encadrons et s\u00e9curisons les transferts avec\u00a0:<\/p>\n\n\n\n<ul class=\"wp-block-list\">\n<li>les d\u00e9cisions d\u2019ad\u00e9quation de la Commission europ\u00e9enne, qui reconnaissent que certains pays hors EEE ont des lois nationales prot\u00e9geant les donn\u00e9es personnelles selon des normes substantiellement similaires aux normes exig\u00e9es par le droit de l\u2019Union europ\u00e9enne ;<\/li>\n\n\n\n<li>les clauses contractuelles type (CCT) de la Commission europ\u00e9enne qui exigent que les destinataires hors EEE des donn\u00e9es personnelles continuent de prot\u00e9ger les donn\u00e9es personnelles qu\u2019ils re\u00e7oivent selon les normes exig\u00e9es par le droit de l\u2019Union europ\u00e9enne ;<\/li>\n\n\n\n<li>d\u2019autres m\u00e9canismes l\u00e9gaux de transfert des donn\u00e9es ou d\u00e9rogations l\u00e9gales aux restrictions relatives au transfert des donn\u00e9es, comme les BCR.<\/li>\n<\/ul>\n\n\n\n<p>Vous pouvez obtenir davantage de d\u00e9tails en formulant votre demande aupr\u00e8s de :<br><br>OMNES Education \u2013 Service du DPO \u2013 Immeuble Greenelle \u2013 43 quai de Grenelle \u2013 75015 PARIS<br><a href=\"mailto:dpo@omneseducation.com\">dpo@omneseducation.com<\/a>.<\/p>\n<\/div><\/div>\n<\/div>\n<\/div>\n<\/div>\n\n\n\n<div class=\"wp-block-group has-global-padding is-layout-constrained wp-block-group-is-layout-constrained has-block-anchor\" style=\"margin-top:var(--wp--preset--spacing--4-xl);margin-bottom:var(--wp--preset--spacing--4-xl)\">\n<hr class=\"wp-block-separator has-alpha-channel-opacity\"\/>\n\n\n\n<div class=\"wp-block-group is-vertical is-layout-flex wp-container-core-group-is-layout-30a70405 wp-block-group-is-layout-flex has-block-anchor\">\n<p class=\"is-style-heading-default-eyebrow has-on-surface-color has-text-color has-link-color wp-elements-3f5ba7a368e260626e38f0461db35314\"><\/p>\n\n\n\n<h2 class=\"wp-block-heading\" id=\"vous-avez-candidate-a-un-poste-etes-salarie-du-groupe-omnes-education-ou-intervenez-dans-une-ecole\"><strong>Vous avez candidat\u00e9 \u00e0 un poste, \u00eates salari\u00e9 du groupe Omnes Education ou intervenez dans une \u00e9cole<\/strong><\/h2>\n<\/div>\n\n\n\n<div class=\"wp-block-blockparty-accordion\">\n<div class=\"wp-block-blockparty-accordion-item\">\n<h3 class=\"wp-block-blockparty-accordion-summary\"><button aria-expanded=\"false\" class=\"wp-block-blockparty-accordion-trigger\"><span class=\"wp-block-blockparty-accordion-title\">I &#8211; Origine des donn\u00e9es et type de donn\u00e9es trait\u00e9es<\/span><\/button><\/h3>\n\n\n\n<div role=\"region\" class=\"wp-block-blockparty-accordion-panel\"><div class=\"wp-block-blockparty-accordion-panel__inner\">\n<p>Dans le cadre de nos \u00e9changes, nous traitons des donn\u00e9es personnelles vous concernant : soit parce que vous nous les avez communiqu\u00e9es directement, soit parce que nous les avons collect\u00e9es automatiquement, soit parce que nous les avons collect\u00e9es indirectement aupr\u00e8s de tiers. Nous sommes attentifs, \u00e0 chaque \u00e9tape des traitements, \u00e0 limiter les donn\u00e9es collect\u00e9es \u00e0 ce qui est ad\u00e9quat, pertinent et n\u00e9cessaire aux finalit\u00e9s poursuivies.<br><br><strong>1) Donn\u00e9es personnelles communiqu\u00e9es par vous-m\u00eame<\/strong><\/p>\n\n\n\n<p>Les donn\u00e9es personnelles que nous recueillons sont celles que vous nous fournissez spontan\u00e9ment et celles que nous vous demandons quand vous :<\/p>\n\n\n\n<ul class=\"wp-block-list\">\n<li>Candidatez \u00e0 une offre d\u2019emploi publi\u00e9e par le groupe\u00a0;<\/li>\n\n\n\n<li>Cr\u00e9ez et compl\u00e9tez votre compte RH \u00e0 la suite d\u2019une candidature accept\u00e9e\u00a0;<\/li>\n\n\n\n<li>Contactez le service en charge des ressources humaines par e-mail, t\u00e9l\u00e9phone, messagerie, voie postale ou de toute autre mani\u00e8re ;<\/li>\n\n\n\n<li>Vous inscrivez \u00e0 une formation ;<\/li>\n\n\n\n<li>Enregistrez ou activez un appareil (PC, t\u00e9l\u00e9phone portable ou smartphone) ;<\/li>\n\n\n\n<li>Vous enregistrez pour des \u00e9v\u00e9nements, des webinaires ou des services ;<\/li>\n\n\n\n<li>Vous abonnez \u00e0 des newsletters, des alertes relatives \u00e0 des \u00e9v\u00e9nements ou \u00e0 des informations\u00a0;<\/li>\n\n\n\n<li>Participez \u00e0 des sondages, des concours ou \u00e0 d\u2019autres activit\u00e9s promotionnelles.<\/li>\n<\/ul>\n\n\n\n<p>Le type de donn\u00e9es personnelles que nous sommes susceptibles de vous demander peut comprendre de mani\u00e8re non exhaustive :<\/p>\n\n\n\n<ul class=\"wp-block-list\">\n<li>Votre identit\u00e9 ;<\/li>\n\n\n\n<li>Vos coordonn\u00e9es (votre adresse physique et \u00e9lectronique, votre num\u00e9ro de t\u00e9l\u00e9phone\u2026) ;<\/li>\n\n\n\n<li>Vos \u00e9ventuelles donn\u00e9es professionnelles (par exemple, votre parcours ant\u00e9rieur, vos souhaits de formation) ;<\/li>\n\n\n\n<li>Vos informations d\u2019identification (par exemple, votre nom d\u2019utilisateur) ;<\/li>\n\n\n\n<li>Vos donn\u00e9es financi\u00e8res (par exemple, votre num\u00e9ro de compte bancaire) ;<\/li>\n\n\n\n<li>Des donn\u00e9es relatives \u00e0 votre \u00e9tat de sant\u00e9, si votre situation le justifie\u00a0;<\/li>\n\n\n\n<li>Des informations sur votre vie personnelle, si vous nous les avez communiqu\u00e9es\u00a0;<\/li>\n\n\n\n<li>Des informations sur vos proches, pour des contacts d\u2019urgence par exemple, si vous nous les avez communiqu\u00e9es\u00a0;<\/li>\n\n\n\n<li>Les avis que vous avez exprim\u00e9s dans le cadre d\u2019enqu\u00eates.<\/li>\n<\/ul>\n\n\n\n<p>Nous sommes susceptibles de vous demander la communication de donn\u00e9es personnelles suppl\u00e9mentaires par exemple dans le cas de nos sondages en ligne pour comprendre vos besoins.<br><br><strong>2) Donn\u00e9es personnelles recueillies automatiquement<\/strong><br><br>Nos sites web (et notamment l\u2019intranet), les outils informatiques du groupe, ou des services tiers d\u2019analyse web auxquels nous avons recours, collectent automatiquement certaines donn\u00e9es comme votre adresse IP, le type d\u2019appareil que vous utilisez, l\u2019ID de votre appareil et d\u2019autres informations techniques par le biais des cookies et d\u2019autres technologies de suivi similaires.<\/p>\n\n\n\n<p><strong>3) Donn\u00e9es personnelles recueillies aupr\u00e8s des tiers<\/strong><\/p>\n\n\n\n<p>Ponctuellement, nous pouvons recevoir des donn\u00e9es personnelles vous concernant de la part de sources tierces, mais seulement lorsque ces tiers sont autoris\u00e9s \u00e0 ou tenus de nous divulguer vos informations personnelles. Les informations que nous pouvons recueillir aupr\u00e8s de tiers comprennent vos coordonn\u00e9es, d\u2019\u00e9ventuelles donn\u00e9es professionnelles, des donn\u00e9es relatives \u00e0 votre parcours professionnel, etc.<\/p>\n<\/div><\/div>\n<\/div>\n\n\n\n<div class=\"wp-block-blockparty-accordion-item\">\n<h3 class=\"wp-block-blockparty-accordion-summary\"><button aria-expanded=\"false\" class=\"wp-block-blockparty-accordion-trigger\"><span class=\"wp-block-blockparty-accordion-title\">II &#8211; Finalit\u00e9s des traitements<\/span><\/button><\/h3>\n\n\n\n<div role=\"region\" class=\"wp-block-blockparty-accordion-panel\"><div class=\"wp-block-blockparty-accordion-panel__inner\">\n<p>Nous utilisons les informations personnelles que nous collectons aupr\u00e8s de vous aux fins d\u00e9crites dans la pr\u00e9sente Politique de confidentialit\u00e9, et celles que nous vous avons expos\u00e9es au moment de leur collecte ou pour des finalit\u00e9s compatibles.<br>En particulier, nous utilisons vos informations pour :<\/p>\n\n\n\n<ul class=\"wp-block-list\">\n<li>En premier lieu, pour vous permettre de rejoindre le r\u00e9seau d\u2019alumni du groupe OMNES Education, en particulier vous mettre en contact avec l\u2019ensemble des anciens \u00e9tudiants du groupe et vous permettre de d\u00e9velopper votre r\u00e9seau professionnel\u00a0;<\/li>\n\n\n\n<li>Fournir les informations et les services que vous demandez\u00a0;<\/li>\n\n\n\n<li>Suivre votre parcours professionnel apr\u00e8s l\u2019obtention de votre dipl\u00f4me, conform\u00e9ment aux exigences r\u00e8glementaires\u00a0;<\/li>\n\n\n\n<li>Pr\u00e9senter votre profil \u00e0 des entreprises afin de favoriser votre insertion professionnelle ou le recrutement pour votre premier emploi\u00a0;<\/li>\n\n\n\n<li>Vous pr\u00e9senter le profil de nos dipl\u00f4m\u00e9s et vous permettre de recruter de nouveaux collaborateurs\u00a0;<\/li>\n\n\n\n<li>Si vous y avez consenti, vous informer des prochains \u00e9v\u00e9nements, des mises \u00e0 jour, des nouvelles formations\/services et des derniers services ainsi que d\u2019autres offres conform\u00e9ment \u00e0 vos pr\u00e9f\u00e9rences de communication et selon les moyens de contact que vous nous avez indiqu\u00e9s\u00a0: courrier postal ou \u00e9lectronique, appel t\u00e9l\u00e9phonique, SMS, messagerie instantan\u00e9e, r\u00e9seaux sociaux ;<\/li>\n\n\n\n<li>Toujours avec votre consentement, vous proposer de participer \u00e0 la vie de votre ancien \u00e9tablissement, \u00e0 travers des journ\u00e9es portes ouvertes, interventions aupr\u00e8s d\u2019\u00e9tudiants, participation \u00e0 des jury\u00a0;<\/li>\n\n\n\n<li>Envoyer des notifications importantes au sujet de nos modalit\u00e9s, conditions d\u2019inscription, politiques de confidentialit\u00e9 ou autres documents l\u00e9gaux ;<\/li>\n\n\n\n<li>Exercer nos activit\u00e9s, \u00e9valuer et am\u00e9liorer les \u00e9coles (notamment d\u00e9velopper de nouvelles formations, optimiser et am\u00e9liorer nos services, analyser nos formations\/services) ;<\/li>\n\n\n\n<li>R\u00e9pondre aux exigences que nous imposent les contr\u00f4les et audits administratifs et financiers\u00a0;<\/li>\n\n\n\n<li>Exercer des fonctions de comptabilit\u00e9, d\u2019audit, de rapprochement et collecte de factures ainsi que d\u2019autres fonctions commerciales internes ;<\/li>\n\n\n\n<li>Effectuer des analyses (y compris des \u00e9tudes de march\u00e9 et de consommation, des \u00e9tudes relatives \u00e0 votre satisfaction, des analyses des tendances, des analyses financi\u00e8res) ;<\/li>\n\n\n\n<li>Vous prot\u00e9ger et prot\u00e9ger notre personnel contre la fraude et les autres activit\u00e9s ill\u00e9gales ou contre les accusations infond\u00e9es ; \u00e9tablir, exercer et d\u00e9fendre vos droits ainsi que ceux de notre personnel et respecter nos obligations juridiques et r\u00e9glementaires en vigueur ;<\/li>\n\n\n\n<li>Maintenir la s\u00e9curit\u00e9 physique de nos locaux (par exemple, les registres de visiteurs) et la s\u00e9curit\u00e9 informatique ou \u00e9lectronique ;<\/li>\n\n\n\n<li>Exploiter et g\u00e9rer nos sites web.<\/li>\n<\/ul>\n\n\n\n<p>Nous pouvons \u00e9galement utiliser vos donn\u00e9es personnelles sous une forme agr\u00e9g\u00e9e qui ne permet pas l\u2019identification des personnes afin d\u2019\u00e9valuer et d\u2019am\u00e9liorer nos offres de formation et de services.<\/p>\n<\/div><\/div>\n<\/div>\n\n\n\n<div class=\"wp-block-blockparty-accordion-item\">\n<h3 class=\"wp-block-blockparty-accordion-summary\"><button aria-expanded=\"false\" class=\"wp-block-blockparty-accordion-trigger\"><span class=\"wp-block-blockparty-accordion-title\">III &#8211; Base l\u00e9gale du traitement des donn\u00e9es personnelles<\/span><\/button><\/h3>\n\n\n\n<div role=\"region\" class=\"wp-block-blockparty-accordion-panel\"><div class=\"wp-block-blockparty-accordion-panel__inner\">\n<p>Pour l\u2019Espace \u00e9conomique europ\u00e9en, la base l\u00e9gale des traitements des donn\u00e9es personnelles d\u00e9crits ci-dessus d\u00e9pendra des informations personnelles concern\u00e9es et des objectifs sp\u00e9cifiques pour lesquelles nous les traitons. La base juridique concern\u00e9e par le traitement vous est le plus souvent indiqu\u00e9e dans les informations qui vous sont transmises lors de la collecte de vos donn\u00e9es personnelles, vous pouvez retrouver celle de nos principaux traitements ici.<br>Cependant, nous recueillons des donn\u00e9es personnelles aupr\u00e8s de vous principalement quand :<\/p>\n\n\n\n<ul class=\"wp-block-list\">\n<li>Vous nous avez donn\u00e9 votre consentement expr\u00e8s pr\u00e9alable, par exemple pour toute op\u00e9ration de prospection commerciale par courrier \u00e9lectronique, SMS, etc. Vous pouvez, dans ce cas, retirer votre consentement \u00e0 tout moment simplement soit dans les messages de prospection, soit en g\u00e9rant vos pr\u00e9f\u00e9rences de communication, soit en contactant notre d\u00e9l\u00e9gu\u00e9 \u00e0 la protection des donn\u00e9es (<a href=\"mailto:dpo@omneseducation.com\">dpo@omneseducation.com<\/a>) ;<\/li>\n\n\n\n<li>Nous avons besoin de vos donn\u00e9es personnelles pour fournir un service que vous sollicitez dans le cadre d\u2019un contrat ou d\u2019un accord conclu avec vous ou pour les mesures pr\u00e9contractuelles n\u00e9cessaires \u00e0 leur conclusion. C\u2019est par exemple le cas pour les traitements mis en \u0153uvre dans le cadre de la cr\u00e9ation et l\u2019utilisation d\u2019un compte alumni sur notre plateforme d\u00e9di\u00e9e ;<\/li>\n\n\n\n<li>Nous traitons vos donn\u00e9es conform\u00e9ment \u00e0 nos int\u00e9r\u00eats l\u00e9gitimes, \u00e0 moins que ne pr\u00e9valent vos int\u00e9r\u00eats ou vos libert\u00e9s et droits fondamentaux. C\u2019est par exemple le cas pour nos enqu\u00eates d\u2019insertion, la tenue des annuaires, l\u2019\u00e9laboration de statistiques, les op\u00e9rations n\u00e9cessaires \u00e0 la s\u00e9curit\u00e9 de nos sites web ou nos \u00e9v\u00e9nements, pour la prospection pour des produits analogues.<\/li>\n\n\n\n<li>Nous sommes dans l\u2019obligation l\u00e9gale de traiter certaines de vos donn\u00e9es pour r\u00e9pondre \u00e0 des contraintes r\u00e9glementaires.<\/li>\n<\/ul>\n\n\n\n<p>Pour toute question relative \u00e0 la base juridique sur laquelle nous nous appuyons pour collecter et utiliser vos informations personnelles, vous pouvez contacter notre d\u00e9l\u00e9gu\u00e9 \u00e0 la protection des donn\u00e9es (<a href=\"mailto:dpo@omneseducation.com\">dpo@omneseducation.com<\/a>).<a href=\"mailto:dpo@omneseducation.com\">ucation.com<\/a>).ter notre d\u00e9l\u00e9gu\u00e9 \u00e0 la protection des donn\u00e9es (<a href=\"mailto:dpo@omneseducation.com\">dpo@omneseducation.com<\/a>).<\/p>\n<\/div><\/div>\n<\/div>\n\n\n\n<div class=\"wp-block-blockparty-accordion-item\">\n<h3 class=\"wp-block-blockparty-accordion-summary\"><button aria-expanded=\"false\" class=\"wp-block-blockparty-accordion-trigger\"><span class=\"wp-block-blockparty-accordion-title\">IV &#8211; Destinataires des donn\u00e9es personnelles<\/span><\/button><\/h3>\n\n\n\n<div role=\"region\" class=\"wp-block-blockparty-accordion-panel\"><div class=\"wp-block-blockparty-accordion-panel__inner\">\n<p>Nous sommes susceptibles de transmettre vos donn\u00e9es personnelles aux destinataires suivants :<\/p>\n\n\n\n<ul class=\"wp-block-list\">\n<li>L\u2019ensemble des services de la soci\u00e9t\u00e9 Organisation et D\u00e9veloppement et des \u00e9coles selon leurs besoins op\u00e9rationnels pour permettre les finalit\u00e9s \u00e9voqu\u00e9es ;<\/li>\n\n\n\n<li>Les sous-traitants et prestataires d\u2019Organisation et D\u00e9veloppement et des \u00e9coles qui nous fournissent des services n\u00e9cessitant le traitement des donn\u00e9es, par exemple nos fournisseurs de logiciels, h\u00e9bergeurs de donn\u00e9es, comme le prestataire fournissant la solution de coffre-fort num\u00e9rique vous permettant de conserver vos bulletins de salaire. Le cas \u00e9ch\u00e9ant, des d\u00e9tails sur les destinataires sp\u00e9cifiques de vos donn\u00e9es peuvent vous \u00eatre communiqu\u00e9es au moment de leur collecte\u00a0;<\/li>\n\n\n\n<li>Les organismes publics et priv\u00e9s intervenant dans votre r\u00e9mun\u00e9ration, vos cotisations sociales, votre r\u00e9gime de retraite, votre compl\u00e9mentaire sant\u00e9 et pr\u00e9voyance\u00a0;<\/li>\n\n\n\n<li>Tout organisme comp\u00e9tent responsable de l\u2019application de la loi, toute agence gouvernementale, r\u00e9glementaire, tout tribunal ou autres tiers auxquels il est n\u00e9cessaire de divulguer des informations personnelles (i) en vertu des lois ou des r\u00e9glementations en vigueur, (ii) pour exercer, \u00e9tablir ou d\u00e9fendre nos droits ou (iii) pour prot\u00e9ger vos int\u00e9r\u00eats ou ceux d\u2019une personne tierce ;<\/li>\n\n\n\n<li>Toute soci\u00e9t\u00e9 tierce ayant fait une proposition d\u2019achat, de fusion, de r\u00e9organisation, d\u2019acquisition, de dissolution ou de liquidation de tout ou partie du groupe OMNES Education, dans la mesure o\u00f9 nous informons le tiers int\u00e9ress\u00e9 qu\u2019il doit utiliser vos donn\u00e9es personnelles uniquement aux fins pr\u00e9vues dans la pr\u00e9sente Politique de confidentialit\u00e9 ;<\/li>\n\n\n\n<li>Toute autre personne \u00e0 laquelle vous nous avez autoris\u00e9s \u00e0 divulguer vos donn\u00e9es personnelles.<\/li>\n<\/ul>\n<\/div><\/div>\n<\/div>\n\n\n\n<div class=\"wp-block-blockparty-accordion-item\">\n<h3 class=\"wp-block-blockparty-accordion-summary\"><button aria-expanded=\"false\" class=\"wp-block-blockparty-accordion-trigger\"><span class=\"wp-block-blockparty-accordion-title\">V &#8211; Vos droits<\/span><\/button><\/h3>\n\n\n\n<div role=\"region\" class=\"wp-block-blockparty-accordion-panel\"><div class=\"wp-block-blockparty-accordion-panel__inner\">\n<p>En application du RGPD et de la loi Informatique et Libert\u00e9s, vous avez le droit :<\/p>\n\n\n\n<ul class=\"wp-block-list\">\n<li>d\u2019acc\u00e9der \u00e0 vos donn\u00e9es personnelles et d\u2019en obtenir une copie\u00a0;<\/li>\n\n\n\n<li>de mettre \u00e0 jour ou de corriger l\u2019inexactitude de ces donn\u00e9es ;<\/li>\n\n\n\n<li>de demander la suppression de vos donn\u00e9es personnelles\u00a0;<\/li>\n\n\n\n<li>de demander la limitation du traitement que nous faisons de vos donn\u00e9es personnelles ;<\/li>\n\n\n\n<li>de vous opposer au traitement de vos donn\u00e9es personnelles, sauf lorsque leur traitement est n\u00e9cessaire \u00e0 l\u2019ex\u00e9cution de votre contrat ou nous est impos\u00e9 par une contrainte r\u00e9glementaire\u00a0;<\/li>\n\n\n\n<li>de demander la portabilit\u00e9 de vos donn\u00e9es personnelles\u00a0;<\/li>\n\n\n\n<li>lorsque le traitement est fond\u00e9 sur votre consentement, de le retirer \u00e0 tout moment\u00a0;<\/li>\n\n\n\n<li>de d\u00e9finir des directives relatives au sort de vos donn\u00e9es \u00e0 caract\u00e8re personnel apr\u00e8s votre mort ;<\/li>\n\n\n\n<li>d\u2019introduire une r\u00e9clamation aupr\u00e8s de l\u2019autorit\u00e9 territorialement comp\u00e9tente \u2013 en France,\u00a0<a href=\"https:\/\/www.cnil.fr\/fr\">la CNIL<\/a>.<\/li>\n<\/ul>\n\n\n\n<p>Pour exercer l\u2019ensemble de vos droits, vous pouvez \u00e9crire \u00e0 notre d\u00e9l\u00e9gu\u00e9 \u00e0 la protection des donn\u00e9es au si\u00e8ge de l\u2019entreprise :<br><br>OMNES Education \u2013 Service du DPO \u2013 Immeuble Greenelle \u2013 43 quai de Grenelle \u2013 75015 PARIS<br>ou par mail\u00a0:\u00a0<a href=\"mailto:dpo@omneseducation.com\">dpo@omneseducation.com<\/a>.<\/p>\n\n\n\n<p>Lorsque nous avons des doutes raisonnables quant \u00e0 votre identit\u00e9, et afin de prot\u00e9ger votre vie priv\u00e9e et d\u2019assurer la s\u00e9curit\u00e9 de vos donn\u00e9es, nous sommes susceptibles de la v\u00e9rifier.<\/p>\n<\/div><\/div>\n<\/div>\n\n\n\n<div class=\"wp-block-blockparty-accordion-item\">\n<h3 class=\"wp-block-blockparty-accordion-summary\"><button aria-expanded=\"false\" class=\"wp-block-blockparty-accordion-trigger\"><span class=\"wp-block-blockparty-accordion-title\">VI &#8211; S\u00e9curit\u00e9 des donn\u00e9es personnelles<\/span><\/button><\/h3>\n\n\n\n<div role=\"region\" class=\"wp-block-blockparty-accordion-panel\"><div class=\"wp-block-blockparty-accordion-panel__inner\">\n<p><br>Nous attachons une grande importance \u00e0 la protection de vos donn\u00e9es personnelles et de votre vie priv\u00e9e. C\u2019est pourquoi nous avons mis en place les mesures techniques et organisationnelles n\u00e9cessaires (s\u00e9curit\u00e9 physique, logique et humaine, audits et revues r\u00e9guliers) en vue de prot\u00e9ger vos donn\u00e9es personnelles contre la destruction, la perte, l\u2019alt\u00e9ration, l\u2019acc\u00e8s, la divulgation et l\u2019utilisation accidentels, ill\u00e9gaux ou non autoris\u00e9s.<\/p>\n<\/div><\/div>\n<\/div>\n\n\n\n<div class=\"wp-block-blockparty-accordion-item\">\n<h3 class=\"wp-block-blockparty-accordion-summary\"><button aria-expanded=\"false\" class=\"wp-block-blockparty-accordion-trigger\"><span class=\"wp-block-blockparty-accordion-title\">VII &#8211; Conservation des donn\u00e9es personnelles<\/span><\/button><\/h3>\n\n\n\n<div role=\"region\" class=\"wp-block-blockparty-accordion-panel\"><div class=\"wp-block-blockparty-accordion-panel__inner\">\n<p><br>Nous conservons vos donn\u00e9es personnelles lorsque nous en avons un besoin l\u00e9gitime et constant, et conform\u00e9ment aux r\u00e9f\u00e9rentiels de la CNIL relatifs\u00a0<a href=\"https:\/\/www.cnil.fr\/sites\/cnil\/files\/atoms\/files\/guide_referentiel_-_recrutement.pdf\">au recrutement<\/a>\u00a0et\u00a0<a href=\"https:\/\/www.cnil.fr\/sites\/cnil\/files\/2023-09\/referentiel_gestion_des_ressources_humaines.pdf\">\u00e0 la gestion du personnel<\/a>.<\/p>\n\n\n\n<p>La dur\u00e9e de conservation des donn\u00e9es varie fortement en fonction du type de donn\u00e9es et des obligations l\u00e9gales de conservation pesant sur l\u2019employeur, notamment au regard du Code du travail et du Code de la s\u00e9curit\u00e9 sociale.<\/p>\n\n\n\n<p>De nombreuses donn\u00e9es doivent \u00eatre conserv\u00e9es au moins pendant toute la dur\u00e9e de votre pr\u00e9sence dans le groupe puis plusieurs ann\u00e9es apr\u00e8s votre d\u00e9part (par exemple 5 ans pour les donn\u00e9es n\u00e9cessaires \u00e0 la tenue du registre du personnel, 6 ans pour celles n\u00e9cessaires \u00e0 votre DSN, voire 10 ans pour les ordres de virement et jusqu\u2019\u00e0 50 ans pour la version d\u00e9mat\u00e9rialis\u00e9e de vos bulletins de salaire dans votre coffre-fort num\u00e9rique). Lorsque nous conservons ces donn\u00e9es apr\u00e8s votre d\u00e9part, nous mettons en place des mesures de s\u00e9curit\u00e9 renforc\u00e9es pour en limiter l\u2019acc\u00e8s.<\/p>\n\n\n\n<p>En cas de r\u00e9ponse d\u00e9favorable apport\u00e9e \u00e0 votre candidature, et si vous y avez consenti, votre CV sera conserv\u00e9 pendant 1 an pour enrichir notre CVth\u00e8que et nous permettre de vous recontacter en cas de nouvelle offre correspondant \u00e0 votre profil.<\/p>\n\n\n\n<p>Les fichiers de logs et autres journaux informatiques sont conserv\u00e9s 6 mois.<\/p>\n\n\n\n<p>Les documents relatifs aux droits informatique et libert\u00e9s des personnes concern\u00e9es sont conserv\u00e9s 1 an s\u2019agissant des droits d\u2019acc\u00e8s et de rectification, 6 ans s\u2019agissant du droit d\u2019opposition. Les pi\u00e8ces d\u2019identit\u00e9 demand\u00e9es lorsque nous avons un doute raisonnable ne sont pas conserv\u00e9es au-del\u00e0 de la dur\u00e9e n\u00e9cessaire \u00e0 la v\u00e9rification.<\/p>\n<\/div><\/div>\n<\/div>\n\n\n\n<div class=\"wp-block-blockparty-accordion-item\">\n<h3 class=\"wp-block-blockparty-accordion-summary\"><button aria-expanded=\"false\" class=\"wp-block-blockparty-accordion-trigger\"><span class=\"wp-block-blockparty-accordion-title\">VIII &#8211; Transferts internationaux de donn\u00e9es personnelles<\/span><\/button><\/h3>\n\n\n\n<div role=\"region\" class=\"wp-block-blockparty-accordion-panel\"><div class=\"wp-block-blockparty-accordion-panel__inner\">\n<p>Nous h\u00e9bergeons vos donn\u00e9es sur le territoire de l\u2019Union europ\u00e9enne. Lorsque nous confions l\u2019h\u00e9bergement de vos donn\u00e9es \u00e0 des prestataires, notamment lorsqu\u2019elles sont sauvegard\u00e9es dans le cloud ou lorsque nous faisons appel \u00e0 des applications SaaS, nous nous assurons que vos donn\u00e9es sont h\u00e9berg\u00e9es sur le territoire de l\u2019Union europ\u00e9enne et qu\u2019elles ne peuvent \u00eatre transf\u00e9r\u00e9es hors de l\u2019Union europ\u00e9enne sans notre accord pr\u00e9alable.<br>Si nous sommes contraints de transf\u00e9rer vos donn\u00e9es personnelles vers des pays tiers, nous encadrons et s\u00e9curisons les transferts avec\u00a0:<\/p>\n\n\n\n<ul class=\"wp-block-list\">\n<li>les d\u00e9cisions d\u2019ad\u00e9quation de la Commission europ\u00e9enne, qui reconnaissent que certains pays hors EEE ont des lois nationales prot\u00e9geant les donn\u00e9es personnelles selon des normes substantiellement similaires aux normes exig\u00e9es par le droit de l\u2019Union europ\u00e9enne ;<\/li>\n\n\n\n<li>les clauses contractuelles type (CCT) de la Commission europ\u00e9enne qui exigent que les destinataires hors EEE des donn\u00e9es personnelles continuent de prot\u00e9ger les donn\u00e9es personnelles qu\u2019ils re\u00e7oivent selon les normes exig\u00e9es par le droit de l\u2019Union europ\u00e9enne ;<\/li>\n\n\n\n<li>d\u2019autres m\u00e9canismes l\u00e9gaux de transfert des donn\u00e9es ou d\u00e9rogations l\u00e9gales aux restrictions relatives au transfert des donn\u00e9es.<\/li>\n<\/ul>\n\n\n\n<p>Vous pouvez obtenir davantage de d\u00e9tails en formulant votre demande aupr\u00e8s de :<\/p>\n\n\n\n<p>OMNES Education \u2013 Service du DPO \u2013 Immeuble Greenelle \u2013 43 quai de Grenelle \u2013 75015 PARIS<br><a href=\"mailto:dpo@omneseducation.com\">dpo@omneseducation.com<\/a>.<\/p>\n<\/div><\/div>\n<\/div>\n<\/div>\n<\/div>\n\n\n\n<div class=\"wp-block-group has-global-padding is-layout-constrained wp-block-group-is-layout-constrained has-block-anchor\" style=\"margin-top:var(--wp--preset--spacing--4-xl);margin-bottom:var(--wp--preset--spacing--4-xl)\">\n<hr class=\"wp-block-separator has-alpha-channel-opacity\"\/>\n\n\n\n<div class=\"wp-block-group is-vertical is-layout-flex wp-container-core-group-is-layout-30a70405 wp-block-group-is-layout-flex has-block-anchor\">\n<p class=\"is-style-heading-default-eyebrow has-on-surface-color has-text-color has-link-color wp-elements-3f5ba7a368e260626e38f0461db35314\"><\/p>\n\n\n\n<h2 class=\"wp-block-heading\" id=\"vous-etes-un-partenaire-professionnel\"><strong>Vous \u00eates un partenaire professionnel<\/strong><\/h2>\n<\/div>\n\n\n\n<div class=\"wp-block-blockparty-accordion\">\n<div class=\"wp-block-blockparty-accordion-item\">\n<h3 class=\"wp-block-blockparty-accordion-summary\"><button aria-expanded=\"false\" class=\"wp-block-blockparty-accordion-trigger\"><span class=\"wp-block-blockparty-accordion-title\">I &#8211; Origine des donn\u00e9es et type de donn\u00e9es trait\u00e9es<\/span><\/button><\/h3>\n\n\n\n<div role=\"region\" class=\"wp-block-blockparty-accordion-panel\"><div class=\"wp-block-blockparty-accordion-panel__inner\">\n<p>Dans le cadre de nos \u00e9changes, nous traitons des donn\u00e9es personnelles vous concernant : soit parce que vous nous les avez communiqu\u00e9es directement, soit parce que nous les avons collect\u00e9es automatiquement, soit parce que nous les avons collect\u00e9es indirectement aupr\u00e8s de tiers. Nous sommes attentifs, \u00e0 chaque \u00e9tape des traitements, \u00e0 limiter les donn\u00e9es collect\u00e9es \u00e0 ce qui est ad\u00e9quat, pertinent et n\u00e9cessaire aux finalit\u00e9s poursuivies.<br><br><strong>1) Donn\u00e9es personnelles communiqu\u00e9es par vous-m\u00eame<\/strong><\/p>\n\n\n\n<p>Les donn\u00e9es personnelles que nous recueillons sont celles que vous nous fournissez spontan\u00e9ment (par exemple lors de l\u2019utilisation de robots conversationnels ou dans les zones de commentaires libres de nos formulaires) et celles que nous vous demandons quand vous :<\/p>\n\n\n\n<ul class=\"wp-block-list\">\n<li>Signez un contrat avec nous ;<\/li>\n\n\n\n<li>Accueillez ou encadrez un de nos \u00e9tudiants \u00e0 l\u2019occasion d\u2019un contrat d\u2019alternance ou d\u2019une convention de stage\u00a0;<\/li>\n\n\n\n<li>Vous enregistrez pour assister ou participer \u00e0 des \u00e9v\u00e9nements, des webinaires ou des services\u00a0;<\/li>\n\n\n\n<li>Vous abonnez \u00e0 des newsletters, des alertes relatives \u00e0 des \u00e9v\u00e9nements ou \u00e0 des informations\u00a0;<\/li>\n\n\n\n<li>Participez \u00e0 des sondages, des concours ou \u00e0 d\u2019autres activit\u00e9s promotionnelles.<\/li>\n<\/ul>\n\n\n\n<p>Le type de donn\u00e9es personnelles que nous sommes susceptibles de vous demander peut comprendre de mani\u00e8re non exhaustive :<\/p>\n\n\n\n<ul class=\"wp-block-list\">\n<li>Votre identit\u00e9 ;<\/li>\n\n\n\n<li>Vos coordonn\u00e9es professionnelles (votre adresse physique ou \u00e9lectronique, votre num\u00e9ro de t\u00e9l\u00e9phone\u2026) ;<\/li>\n\n\n\n<li>Des d\u00e9tails sur votre vie professionnelle (par exemple, le titre de votre fonction, votre formation ant\u00e9rieure, vos souhaits de formation) ;<\/li>\n\n\n\n<li>Vos informations d\u2019identification (par exemple, votre nom d\u2019utilisateur) ;<\/li>\n\n\n\n<li>Vos donn\u00e9es financi\u00e8res (par exemple, votre num\u00e9ro de carte de cr\u00e9dit ou de paiement, votre num\u00e9ro de compte bancaire, votre adresse de facturation) ;<\/li>\n\n\n\n<li>Les avis que vous avez exprim\u00e9s sur nos services et produits.<\/li>\n<\/ul>\n\n\n\n<p>Nous sommes susceptibles de vous demander la communication de donn\u00e9es personnelles suppl\u00e9mentaires par exemple dans le cas de nos sondages en ligne pour comprendre vos besoins.<br><br><strong>2) Donn\u00e9es personnelles recueillies automatiquement<\/strong><br><br>Nos sites web, ou des services tiers d\u2019analyse web auxquels nous avons recours, collectent automatiquement certaines donn\u00e9es comme votre adresse IP, le type d\u2019appareil que vous utilisez, l\u2019ID de votre appareil et d\u2019autres informations techniques par le biais des cookies et d\u2019autres technologies de suivi similaires.<\/p>\n\n\n\n<p><br>Collecter des donn\u00e9es personnelles nous permet de mieux conna\u00eetre le type de visiteurs qui se rendent sur nos sites, d\u2019o\u00f9 ils viennent et quel est le contenu qui les int\u00e9resse sur nos sites. Nous utilisons ces informations \u00e0 des fins d\u2019analyse interne et pour am\u00e9liorer la qualit\u00e9 et la pertinence de nos sites pour les visiteurs. Certaines de ces informations peuvent \u00eatre recueillies en utilisant les cookies et des technologies de suivi similaires lorsque vous y consentez. Pour plus d\u2019informations, veuillez consulter notre Politique relative aux cookies disponible sur les sites internet en question.<\/p>\n\n\n\n<p><strong>3) Donn\u00e9es personnelles recueillies aupr\u00e8s des tiers<\/strong><\/p>\n\n\n\n<p>Nous pouvons recevoir des donn\u00e9es personnelles vous concernant de la part de sources tierces, mais seulement lorsque ces tiers sont autoris\u00e9s \u00e0 ou tenus de nous divulguer vos informations personnelles. Les informations que nous pouvons recueillir aupr\u00e8s de tiers comprennent vos coordonn\u00e9es, d\u2019\u00e9ventuelles donn\u00e9es professionnelles, des donn\u00e9es relatives \u00e0 votre parcours professionnel etc.<br>Nous pouvons \u00e9galement recueillir des informations vous concernant si vous les avez rendues librement accessibles, par exemple sur des r\u00e9seaux sociaux professionnels.<\/p>\n<\/div><\/div>\n<\/div>\n\n\n\n<div class=\"wp-block-blockparty-accordion-item\">\n<h3 class=\"wp-block-blockparty-accordion-summary\"><button aria-expanded=\"false\" class=\"wp-block-blockparty-accordion-trigger\"><span class=\"wp-block-blockparty-accordion-title\">II &#8211; Finalit\u00e9s des traitements<\/span><\/button><\/h3>\n\n\n\n<div role=\"region\" class=\"wp-block-blockparty-accordion-panel\"><div class=\"wp-block-blockparty-accordion-panel__inner\">\n<p>Nous utilisons les informations personnelles que nous collectons aupr\u00e8s de vous aux fins d\u00e9crites dans la pr\u00e9sente Politique de confidentialit\u00e9, et celles que nous vous avons expos\u00e9es au moment de leur collecte ou pour des finalit\u00e9s compatibles.<br>En particulier, nous utilisons vos informations pour :<\/p>\n\n\n\n<ul class=\"wp-block-list\">\n<li>Les n\u00e9cessit\u00e9s de notre relation pr\u00e9contractuelle (notamment r\u00e9aliser les v\u00e9rifications pr\u00e9contractuelles impos\u00e9es par les lois fran\u00e7aises et europ\u00e9ennes), contractuelle et de ses suites (notamment des finalit\u00e9s de recouvrement ou contentieuses)\u00a0;<\/li>\n\n\n\n<li>Pr\u00e9senter votre entreprise et les offres d\u2019emploi qu\u2019elle publie \u00e0 nos \u00e9tudiants et les mettre en relation avec vous\u00a0;<\/li>\n\n\n\n<li>Si vous ne vous y \u00eates pas oppos\u00e9s, vous informer des prochains \u00e9v\u00e9nements, des mises \u00e0 jour, des nouvelles formations\/services et des derniers services ainsi que d\u2019autres offres, notamment en lien avec la scolarit\u00e9 de nos \u00e9tudiants, conform\u00e9ment \u00e0 vos pr\u00e9f\u00e9rences de communication et selon les moyens de contact que vous nous avez fournis : courrier postal ou \u00e9lectronique, appel t\u00e9l\u00e9phonique, SMS, messagerie instantan\u00e9e, r\u00e9seaux sociaux ;<\/li>\n\n\n\n<li>Fournir les informations et les services que vous demandez\u00a0;<\/li>\n\n\n\n<li>Envoyer des notifications importantes au sujet de nos modalit\u00e9s, conditions d\u2019inscription, politiques de confidentialit\u00e9 ou autres documents l\u00e9gaux ;<\/li>\n\n\n\n<li>R\u00e9pondre aux exigences que nous imposent les contr\u00f4les et audits administratifs et financiers\u00a0;<\/li>\n\n\n\n<li>Exercer des fonctions de comptabilit\u00e9, d\u2019audit, de rapprochement et collecte de factures ainsi que d\u2019autres fonctions commerciales internes ;<\/li>\n\n\n\n<li>Effectuer des analyses (y compris des \u00e9tudes de march\u00e9 et de consommation, des \u00e9tudes relatives \u00e0 votre satisfaction, des analyses des tendances, des analyses financi\u00e8res) ;<\/li>\n\n\n\n<li>Vous prot\u00e9ger et prot\u00e9ger notre personnel contre la fraude et les autres activit\u00e9s ill\u00e9gales ou contre les accusations infond\u00e9es ; \u00e9tablir, exercer et d\u00e9fendre vos droits ainsi que ceux de notre personnel et respecter nos obligations juridiques et r\u00e9glementaires en vigueur ;<\/li>\n\n\n\n<li>Maintenir la s\u00e9curit\u00e9 physique de nos locaux (par exemple, les registres de visiteurs) et la s\u00e9curit\u00e9 informatique ou \u00e9lectronique ;<\/li>\n\n\n\n<li>Exploiter et g\u00e9rer nos sites web.<\/li>\n<\/ul>\n\n\n\n<p>Nous pouvons \u00e9galement utiliser vos donn\u00e9es personnelles sous une forme agr\u00e9g\u00e9e qui ne permet pas l\u2019identification des personnes afin d\u2019\u00e9valuer et d\u2019am\u00e9liorer nos offres de formation et de services.<\/p>\n<\/div><\/div>\n<\/div>\n\n\n\n<div class=\"wp-block-blockparty-accordion-item\">\n<h3 class=\"wp-block-blockparty-accordion-summary\"><button aria-expanded=\"false\" class=\"wp-block-blockparty-accordion-trigger\"><span class=\"wp-block-blockparty-accordion-title\">III &#8211; Base l\u00e9gale du traitement des donn\u00e9es personnelles<\/span><\/button><\/h3>\n\n\n\n<div role=\"region\" class=\"wp-block-blockparty-accordion-panel\"><div class=\"wp-block-blockparty-accordion-panel__inner\">\n<p>Pour l\u2019Espace \u00e9conomique europ\u00e9en, la base l\u00e9gale des traitements des donn\u00e9es personnelles d\u00e9crits ci-dessus d\u00e9pendra des informations personnelles concern\u00e9es et des objectifs sp\u00e9cifiques pour lesquelles nous les traitons. La base juridique concern\u00e9e par le traitement vous est le plus souvent indiqu\u00e9e dans les informations qui vous sont transmises lors de la collecte de vos donn\u00e9es personnelles, vous pouvez retrouver celle de nos principaux traitements ici.<br>Cependant, nous recueillons des donn\u00e9es personnelles aupr\u00e8s de vous seulement quand :<\/p>\n\n\n\n<ul class=\"wp-block-list\">\n<li>Nous avons besoin de vos donn\u00e9es personnelles dans le cadre d\u2019un contrat ou d\u2019un accord conclu avec vous ou pour les mesures pr\u00e9contractuelles n\u00e9cessaires \u00e0 leur conclusion\u00a0;<\/li>\n\n\n\n<li>Nous traitons vos donn\u00e9es conform\u00e9ment \u00e0 nos int\u00e9r\u00eats l\u00e9gitimes, \u00e0 moins que ne pr\u00e9valent vos int\u00e9r\u00eats ou vos libert\u00e9s et droits fondamentaux. C\u2019est par exemple le cas pour la mise en relation avec nos \u00e9tudiants, nos enqu\u00eates de satisfaction, l\u2019\u00e9laboration de statistiques, les op\u00e9rations n\u00e9cessaires \u00e0 la s\u00e9curit\u00e9 de nos sites web ou nos \u00e9v\u00e9nements, pour la prospection, sauf opposition que vous pouvez exprimer \u00e0 tout moment\u00a0;<\/li>\n\n\n\n<li>Nous sommes dans l\u2019obligation l\u00e9gale de traiter certaines de vos donn\u00e9es pour r\u00e9pondre \u00e0 des contraintes r\u00e9glementaires. Nous sommes par exemple contraints de traiter ou de transmettre certaines de vos donn\u00e9es pour justifier, aupr\u00e8s d\u2019organismes \u00e9tatiques, de la qualit\u00e9 de nos formations.<\/li>\n<\/ul>\n\n\n\n<p>Pour toute question relative \u00e0 la base juridique sur laquelle nous nous appuyons pour collecter et utiliser vos informations personnelles, vous pouvez contacter notre d\u00e9l\u00e9gu\u00e9 \u00e0 la protection des donn\u00e9es (<a href=\"mailto:dpo@omneseducation.com\">dpo@omneseducation.com<\/a>).<\/p>\n<\/div><\/div>\n<\/div>\n\n\n\n<div class=\"wp-block-blockparty-accordion-item\">\n<h3 class=\"wp-block-blockparty-accordion-summary\"><button aria-expanded=\"false\" class=\"wp-block-blockparty-accordion-trigger\"><span class=\"wp-block-blockparty-accordion-title\">IV &#8211; Destinataires des donn\u00e9es personnelles<\/span><\/button><\/h3>\n\n\n\n<div role=\"region\" class=\"wp-block-blockparty-accordion-panel\"><div class=\"wp-block-blockparty-accordion-panel__inner\">\n<p>Nous sommes susceptibles de transmettre vos donn\u00e9es personnelles aux destinataires suivants :<\/p>\n\n\n\n<ul class=\"wp-block-list\">\n<li>L\u2019ensemble des services de la soci\u00e9t\u00e9 Organisation et D\u00e9veloppement et des \u00e9coles selon leurs besoins op\u00e9rationnels pour permettre les finalit\u00e9s \u00e9voqu\u00e9es ;<\/li>\n\n\n\n<li>Les sous-traitants et prestataires d\u2019Organisation et D\u00e9veloppement et des \u00e9coles qui nous fournissent des services n\u00e9cessitant le traitement des donn\u00e9es, par exemple nos fournisseurs de logiciels, h\u00e9bergeurs de donn\u00e9es, les organisateurs d\u2019\u00e9v\u00e9nements auxquels vous vous \u00eates inscrits et charg\u00e9s de vous accueillir ou des soci\u00e9t\u00e9s de recouvrement. Le cas \u00e9ch\u00e9ant, des d\u00e9tails sur les destinataires sp\u00e9cifiques de vos donn\u00e9es peuvent vous \u00eatre communiqu\u00e9es au moment de leur collecte\u00a0;<\/li>\n\n\n\n<li>Nos prestataires financiers, en lien avec le paiement de nos ou vos factures\u00a0;<\/li>\n\n\n\n<li>Nos \u00e9tudiants et alumni, pour leur proposer les offres d\u2019emploi que vous nous communiquez ou les inviter \u00e0 vous contacter dans le cadre de leur recherche de stage ou de contrat d\u2019alternance\u00a0;<\/li>\n\n\n\n<li>Les organismes en charge de la certification des formations dispens\u00e9es par le groupe OMNES Education, par exemple\u00a0<a href=\"https:\/\/www.francecompetences.fr\/\">France comp\u00e9tences<\/a>\u00a0ou des\u00a0<a href=\"https:\/\/www.francecompetences.fr\/fiche\/qualite-de-la-formation-7-instances-de-labellisation-reconnues-par-france-competences\/\">instances de labellisation reconnues par France comp\u00e9tences<\/a>\u00a0ou des op\u00e9rateurs de comp\u00e9tences en charge du financement des contrats d\u2019apprentissage et de professionnalisation\u00a0;<\/li>\n\n\n\n<li>Tout organisme comp\u00e9tent responsable de l\u2019application de la loi, toute agence gouvernementale, r\u00e9glementaire, tout tribunal ou autres tiers auxquels il est n\u00e9cessaire de divulguer des informations personnelles (i) en vertu des lois ou des r\u00e9glementations en vigueur, (ii) pour exercer, \u00e9tablir ou d\u00e9fendre nos droits ou (iii) pour prot\u00e9ger vos int\u00e9r\u00eats ou ceux d\u2019une personne tierce ;<\/li>\n\n\n\n<li>Toute soci\u00e9t\u00e9 tierce ayant fait une proposition d\u2019achat, de fusion, de r\u00e9organisation, d\u2019acquisition, de dissolution ou de liquidation de tout ou partie du groupe OMNES Education, dans la mesure o\u00f9 nous informons le tiers int\u00e9ress\u00e9 qu\u2019il doit utiliser vos donn\u00e9es personnelles uniquement aux fins pr\u00e9vues dans la pr\u00e9sente Politique de confidentialit\u00e9 ;<\/li>\n\n\n\n<li>Toute autre personne \u00e0 laquelle vous nous avez autoris\u00e9s \u00e0 divulguer vos donn\u00e9es personnelles.<\/li>\n<\/ul>\n<\/div><\/div>\n<\/div>\n\n\n\n<div class=\"wp-block-blockparty-accordion-item\">\n<h3 class=\"wp-block-blockparty-accordion-summary\"><button aria-expanded=\"false\" class=\"wp-block-blockparty-accordion-trigger\"><span class=\"wp-block-blockparty-accordion-title\">V &#8211; Vos droits<\/span><\/button><\/h3>\n\n\n\n<div role=\"region\" class=\"wp-block-blockparty-accordion-panel\"><div class=\"wp-block-blockparty-accordion-panel__inner\">\n<p><br>En application du RGPD et de la loi Informatique et Libert\u00e9s, vous avez le droit :<\/p>\n\n\n\n<ul class=\"wp-block-list\">\n<li>d\u2019acc\u00e9der \u00e0 vos donn\u00e9es personnelles et d\u2019en obtenir une copie\u00a0;<\/li>\n\n\n\n<li>de mettre \u00e0 jour ou de corriger l\u2019inexactitude de ces donn\u00e9es ;<\/li>\n\n\n\n<li>de demander la suppression de vos donn\u00e9es personnelles\u00a0;<\/li>\n\n\n\n<li>de demander la limitation du traitement que nous faisons de vos donn\u00e9es personnelles ;<\/li>\n\n\n\n<li>de vous opposer au traitement de vos donn\u00e9es personnelles sauf lorsque leur traitement est n\u00e9cessaire \u00e0 l\u2019ex\u00e9cution de votre contrat ou nous est impos\u00e9 par une contrainte r\u00e9glementaire\u00a0;<\/li>\n\n\n\n<li>de demander la portabilit\u00e9 de vos donn\u00e9es personnelles\u00a0;<\/li>\n\n\n\n<li>lorsque le traitement est fond\u00e9 sur votre consentement, de le retirer \u00e0 tout moment\u00a0;<\/li>\n\n\n\n<li>de d\u00e9finir des directives relatives au sort de vos donn\u00e9es \u00e0 caract\u00e8re personnel apr\u00e8s votre mort ;<\/li>\n\n\n\n<li>d\u2019introduire une r\u00e9clamation aupr\u00e8s de l\u2019autorit\u00e9 territorialement comp\u00e9tente \u2013 en France,\u00a0<a href=\"https:\/\/www.cnil.fr\/fr\">la CNIL<\/a>.<\/li>\n<\/ul>\n\n\n\n<p>Vous avez aussi le droit de vous opposer \u00e0 tout moment de recevoir les communications marketing que nous vous envoyons. Vous pouvez exercer ce droit en cliquant sur les liens de d\u00e9sabonnement dans les e-mails marketing que nous vous envoyons, en r\u00e9pondant aux SMS selon les modalit\u00e9s d\u00e9finies dans le message, en l\u2019indiquant \u00e0 l\u2019op\u00e9rateur t\u00e9l\u00e9phonique qui r\u00e9alise la prospection, ou en \u00e9crivant \u00e0 notre d\u00e9l\u00e9gu\u00e9 \u00e0 la protection des donn\u00e9es.<\/p>\n\n\n\n<p>Pour exercer l\u2019ensemble de vos droits, vous pouvez \u00e9crire \u00e0 notre d\u00e9l\u00e9gu\u00e9 \u00e0 la protection des donn\u00e9es au si\u00e8ge de l\u2019entreprise :<\/p>\n\n\n\n<p><br>OMNES Education \u2013 Service du DPO \u2013 Immeuble Greenelle \u2013 43 quai de Grenelle \u2013 75015 PARIS<br>ou par mail\u00a0:\u00a0<a href=\"mailto:dpo@omneseducation.com\">dpo@omneseducation.com<\/a>.<br>Lorsque nous avons des doutes raisonnables quant \u00e0 votre identit\u00e9, et afin de prot\u00e9ger votre vie priv\u00e9e et d\u2019assurer la s\u00e9curit\u00e9 de vos donn\u00e9es, nous sommes susceptibles de la v\u00e9rifier.<\/p>\n<\/div><\/div>\n<\/div>\n\n\n\n<div class=\"wp-block-blockparty-accordion-item\">\n<h3 class=\"wp-block-blockparty-accordion-summary\"><button aria-expanded=\"false\" class=\"wp-block-blockparty-accordion-trigger\"><span class=\"wp-block-blockparty-accordion-title\">VI &#8211; S\u00e9curit\u00e9 des donn\u00e9es personnelles<\/span><\/button><\/h3>\n\n\n\n<div role=\"region\" class=\"wp-block-blockparty-accordion-panel\"><div class=\"wp-block-blockparty-accordion-panel__inner\">\n<p>Nous attachons une grande importance \u00e0 la protection de vos donn\u00e9es personnelles et de votre vie priv\u00e9e. C\u2019est pourquoi nous avons mis en place les mesures techniques et organisationnelles n\u00e9cessaires (s\u00e9curit\u00e9 physique, logique et humaine, audits et revues r\u00e9guliers) en vue de prot\u00e9ger vos donn\u00e9es personnelles contre la destruction, la perte, l\u2019alt\u00e9ration, l\u2019acc\u00e8s, la divulgation et l\u2019utilisation accidentels, ill\u00e9gaux ou non autoris\u00e9s.<\/p>\n<\/div><\/div>\n<\/div>\n\n\n\n<div class=\"wp-block-blockparty-accordion-item\">\n<h3 class=\"wp-block-blockparty-accordion-summary\"><button aria-expanded=\"false\" class=\"wp-block-blockparty-accordion-trigger\"><span class=\"wp-block-blockparty-accordion-title\">VII &#8211; Conservation des donn\u00e9es personnelles<\/span><\/button><\/h3>\n\n\n\n<div role=\"region\" class=\"wp-block-blockparty-accordion-panel\"><div class=\"wp-block-blockparty-accordion-panel__inner\">\n<p>Nous conservons vos donn\u00e9es personnelles lorsque nous en avons un besoin l\u00e9gitime et constant, par exemple pour vous fournir un service que vous avez demand\u00e9 ou auquel vous avez consenti.<br><br>Lorsque nous n\u2019avons aucun besoin commercial l\u00e9gitime de traiter vos donn\u00e9es personnelles, nous les supprimons ou nous les anonymisons ou, si cela n\u2019est pas possible, notamment parce que vos donn\u00e9es personnelles sont stock\u00e9es dans des archives de sauvegarde, nous stockons vos donn\u00e9es personnelles de mani\u00e8re s\u00e9curis\u00e9e.<\/p>\n\n\n\n<p>Les donn\u00e9es collect\u00e9es \u00e0 des fins de prospection commerciale sont conserv\u00e9es pendant 3 ans \u00e0 partir de la fin de la relation ou du dernier contact \u00e0 votre initiative.<br><br>Les donn\u00e9es recueillies lors de l\u2019accueil des \u00e9tudiants dans le cadre de contrats d\u2019apprentissage, de professionnalisation ou de stage sont conserv\u00e9es 3 ans \u00e0 compter de la fin de notre relation contractuelle pour vous proposer d\u2019accueillir d\u2019autres \u00e9tudiants au profil similaire.<br><br>Les donn\u00e9es relatives aux factures sont conserv\u00e9es 10 ans \u00e0 compter de la cl\u00f4ture de l\u2019exercice comptable, conform\u00e9ment \u00e0 l\u2019article L. 123-22 du Code de commerce.<\/p>\n\n\n\n<p>Les documents relatifs aux droits informatique et libert\u00e9s des personnes concern\u00e9es sont conserv\u00e9s 1 an s\u2019agissant des droits d\u2019acc\u00e8s et de rectification, 6 ans s\u2019agissant du droit d\u2019opposition. Les pi\u00e8ces d\u2019identit\u00e9 demand\u00e9es lorsque nous avons un doute raisonnable ne sont pas conserv\u00e9es au-del\u00e0 de la dur\u00e9e n\u00e9cessaire \u00e0 la v\u00e9rification.<\/p>\n<\/div><\/div>\n<\/div>\n\n\n\n<div class=\"wp-block-blockparty-accordion-item\">\n<h3 class=\"wp-block-blockparty-accordion-summary\"><button aria-expanded=\"false\" class=\"wp-block-blockparty-accordion-trigger\"><span class=\"wp-block-blockparty-accordion-title\">VIII &#8211; Transferts internationaux de donn\u00e9es personnelles<\/span><\/button><\/h3>\n\n\n\n<div role=\"region\" class=\"wp-block-blockparty-accordion-panel\"><div class=\"wp-block-blockparty-accordion-panel__inner\">\n<p>Nous h\u00e9bergeons vos donn\u00e9es sur le territoire de l\u2019Union europ\u00e9enne. Lorsque nous confions l\u2019h\u00e9bergement de vos donn\u00e9es \u00e0 des prestataires, notamment lorsqu\u2019elles sont sauvegard\u00e9es dans le cloud ou lorsque nous faisons appel \u00e0 des applications SaaS, nous nous assurons que vos donn\u00e9es sont h\u00e9berg\u00e9es sur le territoire de l\u2019Union europ\u00e9enne et qu\u2019elles ne peuvent \u00eatre transf\u00e9r\u00e9es hors de l\u2019Union europ\u00e9enne sans notre accord pr\u00e9alable.<br>Si nous sommes contraints de transf\u00e9rer vos donn\u00e9es personnelles vers des pays tiers, nous encadrons et s\u00e9curisons les transferts avec\u00a0:<\/p>\n\n\n\n<ul class=\"wp-block-list\">\n<li>les d\u00e9cisions d\u2019ad\u00e9quation de la Commission europ\u00e9enne, qui reconnaissent que certains pays hors EEE ont des lois nationales prot\u00e9geant les donn\u00e9es personnelles selon des normes substantiellement similaires aux normes exig\u00e9es par le droit de l\u2019Union europ\u00e9enne ;<\/li>\n\n\n\n<li>les clauses contractuelles type (CCT) de la Commission europ\u00e9enne qui exigent que les destinataires hors EEE des donn\u00e9es personnelles continuent de prot\u00e9ger les donn\u00e9es personnelles qu\u2019ils re\u00e7oivent selon les normes exig\u00e9es par le droit de l\u2019Union europ\u00e9enne ;<\/li>\n\n\n\n<li>d\u2019autres m\u00e9canismes l\u00e9gaux de transfert des donn\u00e9es ou d\u00e9rogations l\u00e9gales aux restrictions relatives au transfert des donn\u00e9es.<\/li>\n<\/ul>\n\n\n\n<p>Vous pouvez obtenir davantage de d\u00e9tails en formulant votre demande aupr\u00e8s de :<br><br>OMNES Education \u2013 Service du DPO \u2013 Immeuble Greenelle \u2013 43 quai de Grenelle \u2013 75015 PARIS<br><a href=\"mailto:dpo@omneseducation.com\">dpo@omneseducation.com<\/a>.<\/p>\n<\/div><\/div>\n<\/div>\n<\/div>\n<\/div>\n\n\n\n<div class=\"wp-block-group has-global-padding is-layout-constrained wp-block-group-is-layout-constrained has-block-anchor\" style=\"margin-top:var(--wp--preset--spacing--4-xl);margin-bottom:var(--wp--preset--spacing--4-xl)\">\n<hr class=\"wp-block-separator has-alpha-channel-opacity\"\/>\n\n\n\n<div class=\"wp-block-group is-vertical is-layout-flex wp-container-core-group-is-layout-30a70405 wp-block-group-is-layout-flex has-block-anchor\">\n<p class=\"is-style-heading-default-eyebrow has-on-surface-color has-text-color has-link-color wp-elements-3f5ba7a368e260626e38f0461db35314\"><\/p>\n\n\n\n<h2 class=\"wp-block-heading\" id=\"videosurveillance-et-videoprotection\"><strong>Vid\u00e9osurveillance et vid\u00e9oprotection<\/strong><\/h2>\n<\/div>\n\n\n\n<div class=\"wp-block-blockparty-accordion\">\n<div class=\"wp-block-blockparty-accordion-item\">\n<h3 class=\"wp-block-blockparty-accordion-summary\"><button aria-expanded=\"false\" class=\"wp-block-blockparty-accordion-trigger\"><span class=\"wp-block-blockparty-accordion-title\">I &#8211; Origine des donn\u00e9es et type de donn\u00e9es trait\u00e9es<\/span><\/button><\/h3>\n\n\n\n<div role=\"region\" class=\"wp-block-blockparty-accordion-panel\"><div class=\"wp-block-blockparty-accordion-panel__inner\">\n<p>Certains de nos sites sont prot\u00e9g\u00e9s par des syst\u00e8mes de vid\u00e9osurveillance et de vid\u00e9oprotection. Vous \u00eates inform\u00e9s de leur pr\u00e9sence par un affichage sp\u00e9cifique \u00e0 l\u2019entr\u00e9e des sites. Lorsque vous p\u00e9n\u00e9trez dans ces sites, nous collectons automatiquement votre image et traitons des donn\u00e9es \u00e0 caract\u00e8re personnel vous concernant.<\/p>\n<\/div><\/div>\n<\/div>\n\n\n\n<div class=\"wp-block-blockparty-accordion-item\">\n<h3 class=\"wp-block-blockparty-accordion-summary\"><button aria-expanded=\"false\" class=\"wp-block-blockparty-accordion-trigger\"><span class=\"wp-block-blockparty-accordion-title\">II &#8211; Finalit\u00e9s des traitements<\/span><\/button><\/h3>\n\n\n\n<div role=\"region\" class=\"wp-block-blockparty-accordion-panel\"><div class=\"wp-block-blockparty-accordion-panel__inner\">\n<p>Nos syst\u00e8mes de vid\u00e9osurveillance et de vid\u00e9osurveillance peuvent avoir \u00e9t\u00e9 mis en place\u00a0pour\u00a0:<\/p>\n\n\n\n<ul class=\"wp-block-list\">\n<li>Assurer la s\u00e9curit\u00e9 des biens et des personnes\u00a0;<\/li>\n\n\n\n<li>Aider au secours aux personnes et \u00e0 la d\u00e9fense contre l\u2019incendie ;<\/li>\n\n\n\n<li>Assurer la s\u00e9curit\u00e9 des b\u00e2timents ;<\/li>\n\n\n\n<li>Exercer et d\u00e9fendre nos droits, notamment en justice, \u00e0 travers toute action contentieuse ou pr\u00e9contentieuse.<\/li>\n<\/ul>\n<\/div><\/div>\n<\/div>\n\n\n\n<div class=\"wp-block-blockparty-accordion-item\">\n<h3 class=\"wp-block-blockparty-accordion-summary\"><button aria-expanded=\"false\" class=\"wp-block-blockparty-accordion-trigger\"><span class=\"wp-block-blockparty-accordion-title\">III &#8211; Base l\u00e9gale du traitement des donn\u00e9es personnelles<\/span><\/button><\/h3>\n\n\n\n<div role=\"region\" class=\"wp-block-blockparty-accordion-panel\"><div class=\"wp-block-blockparty-accordion-panel__inner\">\n<p>Les traitements li\u00e9s \u00e0 la vid\u00e9osurveillance et \u00e0 la vid\u00e9oprotection sont mis en place conform\u00e9ment \u00e0 notre int\u00e9r\u00eat l\u00e9gitime.<\/p>\n\n\n\n<p>Pour toute question relative \u00e0 la base juridique sur laquelle nous nous appuyons pour collecter et utiliser vos informations personnelles, vous pouvez contacter notre d\u00e9l\u00e9gu\u00e9 \u00e0 la protection des donn\u00e9es (<a href=\"mailto:dpo@omneseducation.com\">dpo@omneseducation.com<\/a>).<\/p>\n<\/div><\/div>\n<\/div>\n\n\n\n<div class=\"wp-block-blockparty-accordion-item\">\n<h3 class=\"wp-block-blockparty-accordion-summary\"><button aria-expanded=\"false\" class=\"wp-block-blockparty-accordion-trigger\"><span class=\"wp-block-blockparty-accordion-title\">IV &#8211; Destinataires des donn\u00e9es personnelles<\/span><\/button><\/h3>\n\n\n\n<div role=\"region\" class=\"wp-block-blockparty-accordion-panel\"><div class=\"wp-block-blockparty-accordion-panel__inner\">\n<p>Nous sommes susceptibles de transmettre vos donn\u00e9es personnelles aux destinataires suivants :<\/p>\n\n\n\n<ul class=\"wp-block-list\">\n<li>La direction d\u2019Organisation et D\u00e9veloppement et de l\u2019\u00e9cole concern\u00e9e, ainsi que le service en charge des moyens g\u00e9n\u00e9raux du site o\u00f9 est d\u00e9ploy\u00e9 le syst\u00e8me de vid\u00e9osurveillance ou de vid\u00e9oprotection\u00a0;<\/li>\n\n\n\n<li>Les sous-traitants et prestataires d\u2019Organisation et D\u00e9veloppement et des \u00e9coles qui nous fournissent des services n\u00e9cessitant le traitement des donn\u00e9es, par exemple ceux h\u00e9bergeant les images issues des dispositifs, assurant une mission de gardiennage ou de s\u00e9curit\u00e9 ou en charge de la maintenance de nos logiciels ou de nos serveurs\u00a0;<\/li>\n\n\n\n<li>Tout organisme comp\u00e9tent responsable de l\u2019application de la loi, toute agence gouvernementale, r\u00e9glementaire, tout tribunal ou autres tiers auxquels il est n\u00e9cessaire de divulguer des informations personnelles (i) en vertu des lois ou des r\u00e9glementations en vigueur, (ii) pour exercer, \u00e9tablir ou d\u00e9fendre nos droits ou (iii) pour prot\u00e9ger vos int\u00e9r\u00eats ou ceux d\u2019une personne tierce ;<\/li>\n\n\n\n<li>Toute autre personne \u00e0 laquelle vous nous avez autoris\u00e9s \u00e0 divulguer vos donn\u00e9es personnelles.<\/li>\n<\/ul>\n<\/div><\/div>\n<\/div>\n\n\n\n<div class=\"wp-block-blockparty-accordion-item\">\n<h3 class=\"wp-block-blockparty-accordion-summary\"><button aria-expanded=\"false\" class=\"wp-block-blockparty-accordion-trigger\"><span class=\"wp-block-blockparty-accordion-title\">V &#8211; Vos droits<\/span><\/button><\/h3>\n\n\n\n<div role=\"region\" class=\"wp-block-blockparty-accordion-panel\"><div class=\"wp-block-blockparty-accordion-panel__inner\">\n<p>En application du RGPD et de la loi Informatique et Libert\u00e9s, vous avez le droit :<\/p>\n\n\n\n<ul class=\"wp-block-list\">\n<li>d\u2019acc\u00e9der \u00e0 vos donn\u00e9es personnelles et d\u2019en obtenir une copie\u00a0;<\/li>\n\n\n\n<li>de demander la limitation du traitement que nous faisons de vos donn\u00e9es personnelles ;<\/li>\n\n\n\n<li>d\u2019introduire une r\u00e9clamation aupr\u00e8s de l\u2019autorit\u00e9 territorialement comp\u00e9tente \u2013 en France,\u00a0<a href=\"https:\/\/www.cnil.fr\/fr\">la CNIL<\/a>.<\/li>\n<\/ul>\n\n\n\n<p>Pour exercer l\u2019ensemble de vos droits, vous pouvez \u00e9crire \u00e0 notre d\u00e9l\u00e9gu\u00e9 \u00e0 la protection des donn\u00e9es au si\u00e8ge de l\u2019entreprise :<\/p>\n\n\n\n<p>OMNES Education \u2013 Service du DPO \u2013 Immeuble Greenelle \u2013 43 quai de Grenelle \u2013 75015 PARIS<br>ou par mail\u00a0:\u00a0<a href=\"mailto:dpo@omneseducation.com\">dpo@omneseducation.com<\/a>.<\/p>\n\n\n\n<p>Lorsque nous avons des doutes raisonnables quant \u00e0 votre identit\u00e9, et afin de prot\u00e9ger votre vie priv\u00e9e et d\u2019assurer la s\u00e9curit\u00e9 de vos donn\u00e9es, nous sommes susceptibles de la v\u00e9rifier.<\/p>\n<\/div><\/div>\n<\/div>\n\n\n\n<div class=\"wp-block-blockparty-accordion-item\">\n<h3 class=\"wp-block-blockparty-accordion-summary\"><button aria-expanded=\"false\" class=\"wp-block-blockparty-accordion-trigger\"><span class=\"wp-block-blockparty-accordion-title\">VI &#8211; S\u00e9curit\u00e9 des donn\u00e9es personnelles<\/span><\/button><\/h3>\n\n\n\n<div role=\"region\" class=\"wp-block-blockparty-accordion-panel\"><div class=\"wp-block-blockparty-accordion-panel__inner\">\n<p>Nous attachons une grande importance \u00e0 la protection de vos donn\u00e9es personnelles et de votre vie priv\u00e9e. C\u2019est pourquoi nous avons mis en place les mesures techniques et organisationnelles n\u00e9cessaires (s\u00e9curit\u00e9 physique, logique et humaine, audits et revues r\u00e9guliers) en vue de prot\u00e9ger vos donn\u00e9es personnelles contre la destruction, la perte, l\u2019alt\u00e9ration, l\u2019acc\u00e8s, la divulgation et l\u2019utilisation accidentels, ill\u00e9gaux ou non autoris\u00e9s.<\/p>\n<\/div><\/div>\n<\/div>\n\n\n\n<div class=\"wp-block-blockparty-accordion-item\">\n<h3 class=\"wp-block-blockparty-accordion-summary\"><button aria-expanded=\"false\" class=\"wp-block-blockparty-accordion-trigger\"><span class=\"wp-block-blockparty-accordion-title\">VII &#8211; Conservation des donn\u00e9es personnelles<\/span><\/button><\/h3>\n\n\n\n<div role=\"region\" class=\"wp-block-blockparty-accordion-panel\"><div class=\"wp-block-blockparty-accordion-panel__inner\">\n<p>Les donn\u00e9es issues des syst\u00e8mes de vid\u00e9osurveillance et de vid\u00e9oprotection sont conserv\u00e9es pendant 30 jours puis sont supprim\u00e9es.<\/p>\n<\/div><\/div>\n<\/div>\n\n\n\n<div class=\"wp-block-blockparty-accordion-item\">\n<h3 class=\"wp-block-blockparty-accordion-summary\"><button aria-expanded=\"false\" class=\"wp-block-blockparty-accordion-trigger\"><span class=\"wp-block-blockparty-accordion-title\">VIII &#8211; Transferts internationaux de donn\u00e9es personnelles<\/span><\/button><\/h3>\n\n\n\n<div role=\"region\" class=\"wp-block-blockparty-accordion-panel\"><div class=\"wp-block-blockparty-accordion-panel__inner\">\n<p>Nous h\u00e9bergeons les donn\u00e9es sur le territoire de l\u2019Union europ\u00e9enne.<\/p>\n<\/div><\/div>\n<\/div>\n<\/div>\n<\/div>\n\n\n\n<div class=\"wp-block-group has-global-padding is-layout-constrained wp-block-group-is-layout-constrained has-block-anchor\" style=\"margin-top:var(--wp--preset--spacing--4-xl);margin-bottom:var(--wp--preset--spacing--4-xl)\">\n<hr class=\"wp-block-separator has-alpha-channel-opacity\"\/>\n\n\n\n<div class=\"wp-block-group is-vertical is-layout-flex wp-container-core-group-is-layout-30a70405 wp-block-group-is-layout-flex has-block-anchor\">\n<p><\/p>\n\n\n\n<h2 class=\"wp-block-heading\" id=\"contact\"><strong>Contact<\/strong><\/h2>\n<\/div>\n\n\n\n<p>Il est possible que nous mettions \u00e0 jour la pr\u00e9sente Politique de confidentialit\u00e9 pour nous conformer \u00e0 des \u00e9volutions l\u00e9gislatives, r\u00e9glementaires, techniques ou commerciales. Lorsque nous mettrons \u00e0 jour notre Politique de confidentialit\u00e9, nous prendrons les mesures appropri\u00e9es pour vous en informer, en fonction de l\u2019importance des changements que nous effectuons. Nous vous informerons avant tout changement significatif de la Politique de confidentialit\u00e9 si et quand cela est exig\u00e9 par les textes l\u00e9gislatifs et r\u00e9glementaires en vigueur.<\/p>\n\n\n\n<p>Vous pouvez voir la date \u00e0 laquelle la pr\u00e9sente Politique de confidentialit\u00e9 a \u00e9t\u00e9 pour la derni\u00e8re fois mise \u00e0 jour en v\u00e9rifiant la date indiqu\u00e9e en haut de la pr\u00e9sente Politique de confidentialit\u00e9.<\/p>\n\n\n\n<p>Pour toute question concernant la Politique de confidentialit\u00e9, vous pouvez nous contacter \u00e0 l\u2019adresse suivante :<br><br>OMNES Education \u2013 Service du DPO \u2013 Immeuble Greenelle \u2013 43 quai de Grenelle \u2013 75015 PARIS<br><a href=\"mailto:dpo@omneseducation.com\">dpo@omneseducation.com<\/a><\/p>\n<\/div>\n","protected":false},"excerpt":{"rendered":"<p>Politique de Confidentialit\u00e9 Identification du responsable de traitement Dans le cadre de nos \u00e9changes, de votre scolarit\u00e9, de notre relation contractuelle, ou parce que vous vous rendez sur l\u2019un de nos sites web ou de nos campus, nous serons amen\u00e9s \u00e0 traiter vos donn\u00e9es personnelles. Vos donn\u00e9es peuvent \u00eatre trait\u00e9es : Hors de l\u2019Union europ\u00e9enne, [&hellip;]<\/p>\n","protected":false},"author":66,"featured_media":0,"parent":0,"menu_order":0,"comment_status":"closed","ping_status":"closed","template":"","meta":{"_acf_changed":false,"footnotes":""},"page_type":[],"school":[],"specialisation":[],"analytics_tag":[],"class_list":["post-82361","page","type-page","status-publish","hentry"],"acf":[],"yoast_head":"<title>Politique de Confidentialit\u00e9 - INSEEC<\/title>\n<meta name=\"robots\" content=\"index, follow, max-snippet:-1, max-image-preview:large, max-video-preview:-1\" \/>\n<link rel=\"canonical\" href=\"https:\/\/www.inseec.com\/politique-de-confidentialite\/\" \/>\n<meta property=\"og:locale\" content=\"fr_FR\" \/>\n<meta property=\"og:type\" content=\"article\" \/>\n<meta property=\"og:title\" content=\"Politique de Confidentialit\u00e9 - INSEEC\" \/>\n<meta property=\"og:description\" content=\"Politique de Confidentialit\u00e9 Identification du responsable de traitement Dans le cadre de nos \u00e9changes, de votre scolarit\u00e9, de notre relation contractuelle, ou parce que vous vous rendez sur l\u2019un de nos sites web ou de nos campus, nous serons amen\u00e9s \u00e0 traiter vos donn\u00e9es personnelles. Vos donn\u00e9es peuvent \u00eatre trait\u00e9es : Hors de l\u2019Union europ\u00e9enne, [&hellip;]\" \/>\n<meta property=\"og:url\" content=\"https:\/\/www.inseec.com\/politique-de-confidentialite\/\" \/>\n<meta property=\"og:site_name\" content=\"INSEEC\" \/>\n<meta property=\"article:modified_time\" content=\"2025-12-04T09:36:20+00:00\" \/>\n<meta name=\"twitter:card\" content=\"summary_large_image\" \/>\n<meta name=\"twitter:label1\" content=\"Est. reading time\" \/>\n\t<meta name=\"twitter:data1\" content=\"67 minutes\" \/>\n<script type=\"application\/ld+json\" class=\"yoast-schema-graph\">{\"@context\":\"https:\/\/schema.org\",\"@graph\":[{\"@type\":\"WebPage\",\"@id\":\"https:\/\/www.inseec.com\/politique-de-confidentialite\/\",\"url\":\"https:\/\/www.inseec.com\/politique-de-confidentialite\/\",\"name\":\"Politique de Confidentialit\u00e9 - INSEEC\",\"isPartOf\":{\"@id\":\"https:\/\/www.inseec.com\/#website\"},\"datePublished\":\"2025-12-04T09:36:17+00:00\",\"dateModified\":\"2025-12-04T09:36:20+00:00\",\"breadcrumb\":{\"@id\":\"https:\/\/www.inseec.com\/politique-de-confidentialite\/#breadcrumb\"},\"inLanguage\":\"fr-FR\",\"potentialAction\":[{\"@type\":\"ReadAction\",\"target\":[\"https:\/\/www.inseec.com\/politique-de-confidentialite\/\"]}]},{\"@type\":\"BreadcrumbList\",\"@id\":\"https:\/\/www.inseec.com\/politique-de-confidentialite\/#breadcrumb\",\"itemListElement\":[{\"@type\":\"ListItem\",\"position\":1,\"name\":\"Home\",\"item\":\"https:\/\/www.inseec.com\/\"},{\"@type\":\"ListItem\",\"position\":2,\"name\":\"Politique de Confidentialit\u00e9\"}]},{\"@type\":\"WebSite\",\"@id\":\"https:\/\/www.inseec.com\/#website\",\"url\":\"https:\/\/www.inseec.com\/\",\"name\":\"INSEEC\",\"description\":\"\",\"publisher\":{\"@id\":\"https:\/\/www.inseec.com\/#organization\"},\"potentialAction\":[{\"@type\":\"SearchAction\",\"target\":{\"@type\":\"EntryPoint\",\"urlTemplate\":\"https:\/\/www.inseec.com\/?s={search_term_string}\"},\"query-input\":{\"@type\":\"PropertyValueSpecification\",\"valueRequired\":true,\"valueName\":\"search_term_string\"}}],\"inLanguage\":\"fr-FR\"},{\"@type\":\"Organization\",\"@id\":\"https:\/\/www.inseec.com\/#organization\",\"name\":\"INSEEC\",\"url\":\"https:\/\/www.inseec.com\/\",\"logo\":{\"@type\":\"ImageObject\",\"inLanguage\":\"fr-FR\",\"@id\":\"https:\/\/www.inseec.com\/#\/schema\/logo\/image\/\",\"url\":\"https:\/\/www.inseec.com\/wp-content\/uploads\/sites\/32\/2025\/11\/logo.svg\",\"contentUrl\":\"https:\/\/www.inseec.com\/wp-content\/uploads\/sites\/32\/2025\/11\/logo.svg\",\"width\":173,\"height\":36,\"caption\":\"INSEEC\"},\"image\":{\"@id\":\"https:\/\/www.inseec.com\/#\/schema\/logo\/image\/\"}},{\"@context\":\"https:\/\/schema.org\",\"@type\":\"EducationalOrganization\",\"@id\":\"https:\/\/www.inseec.com\/#organization\",\"name\":\"INSEEC\",\"description\":\"\",\"url\":\"https:\/\/www.inseec.com\/\",\"logo\":\"https:\/\/www.inseec.com\/wp-content\/uploads\/sites\/32\/2025\/11\/logo.svg\",\"image\":[\"https:\/\/www.inseec.com\/wp-content\/uploads\/sites\/32\/2025\/11\/campus-hero-barcelone-inseec.jpg\",\"https:\/\/www.inseec.com\/wp-content\/uploads\/sites\/32\/2025\/11\/campus-barcelone-inseec-ville-basilique-notre-dame-de-fourviere.jpg\",\"https:\/\/www.inseec.com\/wp-content\/uploads\/sites\/32\/2025\/11\/campus-barcelone-inseec-photo-portrait.jpg\",\"https:\/\/www.inseec.com\/wp-content\/uploads\/sites\/32\/2025\/11\/campus-slider-vr-campus-barcelone-inseec-etudiants-cours-petite-salle.jpg\",\"https:\/\/www.inseec.com\/wp-content\/uploads\/sites\/32\/2025\/11\/campus-hero-munich-inseec.jpg\",\"https:\/\/www.inseec.com\/wp-content\/uploads\/sites\/32\/2025\/11\/campus-munich-inseec-ville-basilique-notre-dame-de-fourviere.jpg\",\"https:\/\/www.inseec.com\/wp-content\/uploads\/sites\/32\/2025\/11\/campus-hero-munich-inseec.jpg\",\"https:\/\/www.inseec.com\/wp-content\/uploads\/sites\/32\/2025\/11\/campus-slider-vr-campus-munich-inseec-etudiants-theatre-les-celestins.jpg\",\"https:\/\/www.inseec.com\/wp-content\/uploads\/sites\/32\/2025\/11\/campus-hero-londres-inseec.jpg\",\"https:\/\/www.inseec.com\/wp-content\/uploads\/sites\/32\/2025\/11\/campus-londres-inseec-ville-basilique-notre-dame-de-fourviere.jpg\",\"https:\/\/www.inseec.com\/wp-content\/uploads\/sites\/32\/2025\/11\/campus-hero-londres-inseec.jpg\",\"https:\/\/www.inseec.com\/wp-content\/uploads\/sites\/32\/2025\/12\/campus-slider-vr-campus-londres-inseec-bibliotheque.jpg\",\"https:\/\/www.inseec.com\/wp-content\/uploads\/sites\/32\/2025\/11\/campus-hero-chambery-inseec-resize.jpg\",\"https:\/\/www.inseec.com\/wp-content\/uploads\/sites\/32\/2025\/11\/campus-chambery-inseec-ville-horloge.jpg\",\"https:\/\/www.inseec.com\/wp-content\/uploads\/sites\/32\/2025\/11\/campus-slider-vr-campus-chambery-inseec-exterieur.jpg\",\"https:\/\/www.inseec.com\/wp-content\/uploads\/sites\/32\/2025\/11\/campus-slider-vr-campus-chambery-inseec-salle-detente.jpg\",\"https:\/\/www.inseec.com\/wp-content\/uploads\/sites\/32\/2025\/11\/campus-hero-toulouse-inseec.jpg\",\"https:\/\/www.inseec.com\/wp-content\/uploads\/sites\/32\/2025\/11\/campus-toulouse-inseec-photo-portrait.jpg\",\"https:\/\/www.inseec.com\/wp-content\/uploads\/sites\/32\/2025\/11\/campus-slider-vr-campus-toulouse-inseec-projet-de-groupe.jpg\",\"https:\/\/www.inseec.com\/wp-content\/uploads\/sites\/32\/2025\/11\/campus-slider-vr-campus-toulouse-inseec-etudiants-amphitheatre.jpg\",\"https:\/\/www.inseec.com\/wp-content\/uploads\/sites\/32\/2025\/11\/campus-hero-monaco-inseec.jpg\",\"https:\/\/www.inseec.com\/wp-content\/uploads\/sites\/32\/2025\/12\/INSEEC-Monaco-campus.webp\",\"https:\/\/www.inseec.com\/wp-content\/uploads\/sites\/32\/2025\/11\/campus-hero-monaco-inseec.jpg\",\"https:\/\/www.inseec.com\/wp-content\/uploads\/sites\/32\/2025\/11\/campus-monaco-inseec-mosaic-amis.jpg\",\"https:\/\/www.inseec.com\/wp-content\/uploads\/sites\/32\/2025\/11\/campus-hero-online-inseec.jpg\",\"https:\/\/www.inseec.com\/wp-content\/uploads\/sites\/32\/2025\/11\/guide-metier-inseec-photo-illustration-chef-de-publicite_d1bf22.jpg\",\"https:\/\/www.inseec.com\/wp-content\/uploads\/sites\/32\/2025\/11\/guide-metier-inseec-hero-chef-de-projet-evenementiel.jpg\",\"https:\/\/www.inseec.com\/wp-content\/uploads\/sites\/32\/2025\/11\/guide-metier-inseec-hero-chef-de-produit-sportif.jpg\",\"https:\/\/www.inseec.com\/wp-content\/uploads\/sites\/32\/2025\/11\/campus-hero-beaune-inseec.jpg\",\"https:\/\/www.inseec.com\/wp-content\/uploads\/sites\/32\/2025\/11\/campus-beaune-inseec-ville-cave-a-vin.jpg\",\"https:\/\/www.inseec.com\/wp-content\/uploads\/sites\/32\/2025\/11\/campus-slider-vr-campus-beaune-inseec-groupe-etudiants.jpg\",\"https:\/\/www.inseec.com\/wp-content\/uploads\/sites\/32\/2025\/11\/campus-slider-vr-campus-beaune-inseec-etudiants-1.jpg\",\"https:\/\/www.inseec.com\/wp-content\/uploads\/sites\/32\/2025\/11\/campus-hero-marseille-inseec.jpg\",\"https:\/\/www.inseec.com\/wp-content\/uploads\/sites\/32\/2023\/07\/campus2025-marseille.png\",\"https:\/\/www.inseec.com\/wp-content\/uploads\/sites\/32\/2025\/11\/campus-slider-vr-campus-marseille-inseec-canapes-detente.jpg\",\"https:\/\/www.inseec.com\/wp-content\/uploads\/sites\/32\/2025\/11\/campus-slider-vr-campus-marseille-inseec-salle-commune.jpg\",\"https:\/\/www.inseec.com\/wp-content\/uploads\/sites\/32\/2025\/11\/campus-hero-rennes-inseec.jpg\",\"https:\/\/www.inseec.com\/wp-content\/uploads\/sites\/32\/2025\/11\/campus-rennes-inseec-photo-portrait.jpg\",\"https:\/\/www.inseec.com\/wp-content\/uploads\/sites\/32\/2025\/11\/campus-rennes-inseec-mosaic-alcove-repos.jpg\",\"https:\/\/www.inseec.com\/wp-content\/uploads\/sites\/32\/2025\/11\/campus-rennes-inseec-amphitheatre-etudiantes.jpg\",\"https:\/\/www.inseec.com\/wp-content\/uploads\/sites\/32\/2025\/11\/campus-hero-lyon-inseec.webp\",\"https:\/\/www.inseec.com\/wp-content\/uploads\/sites\/32\/2025\/11\/campus-lyon-inseec-photo-portrait.jpg\",\"https:\/\/www.inseec.com\/wp-content\/uploads\/sites\/32\/2025\/11\/campus-slider-vr-campus-lyon-inseec-dalle-detente.jpg\",\"https:\/\/www.inseec.com\/wp-content\/uploads\/sites\/32\/2025\/11\/campus-slider-vr-campus-lyon-inseec-lion-rouge-hall.jpg\",\"https:\/\/www.inseec.com\/wp-content\/uploads\/sites\/32\/2025\/11\/campus-hero-bordeaux-inseec.jpg\",\"https:\/\/www.inseec.com\/wp-content\/uploads\/sites\/32\/2024\/03\/Campus-Bordeaux-Photo-1.jpg\",\"https:\/\/www.inseec.com\/wp-content\/uploads\/sites\/32\/2025\/11\/campus-bordeaux-inseec-cafeteria.jpg\",\"https:\/\/www.inseec.com\/wp-content\/uploads\/sites\/32\/2025\/11\/campus-bordeaux-inseec-terrasse-bord-garonne.jpg\",\"https:\/\/www.inseec.com\/wp-content\/uploads\/sites\/32\/2025\/11\/campus-paris.jpg\",\"https:\/\/www.inseec.com\/wp-content\/uploads\/sites\/32\/2025\/11\/campus-paris-eiffel-inseec-portrait.jpg\",\"https:\/\/www.inseec.com\/wp-content\/uploads\/sites\/32\/2025\/11\/campus-paris-vellefaux-inseec-cafeteria.jpg\",\"https:\/\/www.inseec.com\/wp-content\/uploads\/sites\/32\/2025\/11\/campus-slider-vr-campus-paris-la-defense-inseec-salle-detente.jpg\",\"https:\/\/www.inseec.com\/wp-content\/uploads\/sites\/32\/2025\/11\/campus-hero-londres-inseec.jpg\",\"https:\/\/www.inseec.com\/wp-content\/uploads\/sites\/32\/2025\/11\/campus-londres-inseec-ville-basilique-notre-dame-de-fourviere.jpg\",\"https:\/\/www.inseec.com\/wp-content\/uploads\/sites\/32\/2025\/11\/campus-hero-londres-inseec.jpg\",\"https:\/\/www.inseec.com\/wp-content\/uploads\/sites\/32\/2025\/12\/campus-slider-vr-campus-londres-inseec-bibliotheque.jpg\",\"https:\/\/www.inseec.com\/wp-content\/uploads\/sites\/32\/2025\/11\/campus-hero-monaco-inseec.jpg\",\"https:\/\/www.inseec.com\/wp-content\/uploads\/sites\/32\/2025\/12\/INSEEC-Monaco-campus.webp\",\"https:\/\/www.inseec.com\/wp-content\/uploads\/sites\/32\/2025\/11\/campus-hero-monaco-inseec.jpg\",\"https:\/\/www.inseec.com\/wp-content\/uploads\/sites\/32\/2025\/11\/campus-monaco-inseec-mosaic-amis.jpg\",\"https:\/\/www.inseec.com\/wp-content\/uploads\/sites\/32\/2025\/11\/campus-hero-munich-inseec.jpg\",\"https:\/\/www.inseec.com\/wp-content\/uploads\/sites\/32\/2025\/11\/campus-munich-inseec-ville-basilique-notre-dame-de-fourviere.jpg\",\"https:\/\/www.inseec.com\/wp-content\/uploads\/sites\/32\/2025\/11\/campus-hero-munich-inseec.jpg\",\"https:\/\/www.inseec.com\/wp-content\/uploads\/sites\/32\/2025\/11\/campus-slider-vr-campus-munich-inseec-etudiants-theatre-les-celestins.jpg\",\"https:\/\/www.inseec.com\/wp-content\/uploads\/sites\/32\/2025\/11\/campus-hero-barcelone-inseec.jpg\",\"https:\/\/www.inseec.com\/wp-content\/uploads\/sites\/32\/2025\/11\/campus-barcelone-inseec-ville-basilique-notre-dame-de-fourviere.jpg\",\"https:\/\/www.inseec.com\/wp-content\/uploads\/sites\/32\/2025\/11\/campus-barcelone-inseec-photo-portrait.jpg\",\"https:\/\/www.inseec.com\/wp-content\/uploads\/sites\/32\/2025\/11\/campus-slider-vr-campus-barcelone-inseec-etudiants-cours-petite-salle.jpg\",\"https:\/\/www.inseec.com\/wp-content\/uploads\/sites\/32\/2025\/11\/campus-hero-online-inseec.jpg\",\"https:\/\/www.inseec.com\/wp-content\/uploads\/sites\/32\/2025\/11\/guide-metier-inseec-photo-illustration-chef-de-publicite_d1bf22.jpg\",\"https:\/\/www.inseec.com\/wp-content\/uploads\/sites\/32\/2025\/11\/guide-metier-inseec-hero-chef-de-projet-evenementiel.jpg\",\"https:\/\/www.inseec.com\/wp-content\/uploads\/sites\/32\/2025\/11\/guide-metier-inseec-hero-chef-de-produit-sportif.jpg\",\"https:\/\/www.inseec.com\/wp-content\/uploads\/sites\/32\/2025\/11\/campus-hero-toulouse-inseec.jpg\",\"https:\/\/www.inseec.com\/wp-content\/uploads\/sites\/32\/2025\/11\/campus-toulouse-inseec-photo-portrait.jpg\",\"https:\/\/www.inseec.com\/wp-content\/uploads\/sites\/32\/2025\/11\/campus-slider-vr-campus-toulouse-inseec-projet-de-groupe.jpg\",\"https:\/\/www.inseec.com\/wp-content\/uploads\/sites\/32\/2025\/11\/campus-slider-vr-campus-toulouse-inseec-etudiants-amphitheatre.jpg\",\"https:\/\/www.inseec.com\/wp-content\/uploads\/sites\/32\/2025\/11\/campus-hero-marseille-inseec.jpg\",\"https:\/\/www.inseec.com\/wp-content\/uploads\/sites\/32\/2025\/11\/campus-marseille-inseec-photo-portrait.jpg\",\"https:\/\/www.inseec.com\/wp-content\/uploads\/sites\/32\/2025\/11\/campus-slider-vr-campus-marseille-inseec-canapes-detente.jpg\",\"https:\/\/www.inseec.com\/wp-content\/uploads\/sites\/32\/2025\/11\/campus-slider-vr-campus-marseille-inseec-salle-commune.jpg\",\"https:\/\/www.inseec.com\/wp-content\/uploads\/sites\/32\/2025\/11\/campus-hero-rennes-inseec.jpg\",\"https:\/\/www.inseec.com\/wp-content\/uploads\/sites\/32\/2025\/11\/campus-rennes-inseec-photo-portrait.jpg\",\"https:\/\/www.inseec.com\/wp-content\/uploads\/sites\/32\/2025\/11\/campus-rennes-inseec-mosaic-alcove-repos.jpg\",\"https:\/\/www.inseec.com\/wp-content\/uploads\/sites\/32\/2025\/11\/campus-rennes-inseec-amphitheatre-etudiantes.jpg\",\"https:\/\/www.inseec.com\/wp-content\/uploads\/sites\/32\/2025\/11\/campus-hero-chambery-inseec-resize.jpg\",\"https:\/\/www.inseec.com\/wp-content\/uploads\/sites\/32\/2025\/11\/campus-chambery-inseec-ville-horloge.jpg\",\"https:\/\/www.inseec.com\/wp-content\/uploads\/sites\/32\/2025\/11\/campus-slider-vr-campus-chambery-inseec-exterieur.jpg\",\"https:\/\/www.inseec.com\/wp-content\/uploads\/sites\/32\/2025\/11\/campus-slider-vr-campus-chambery-inseec-salle-detente.jpg\",\"https:\/\/www.inseec.com\/wp-content\/uploads\/sites\/32\/2025\/11\/campus-hero-beaune-inseec.jpg\",\"https:\/\/www.inseec.com\/wp-content\/uploads\/sites\/32\/2025\/11\/campus-beaune-inseec-ville-cave-a-vin.jpg\",\"https:\/\/www.inseec.com\/wp-content\/uploads\/sites\/32\/2025\/11\/campus-slider-vr-campus-beaune-inseec-groupe-etudiants.jpg\",\"https:\/\/www.inseec.com\/wp-content\/uploads\/sites\/32\/2025\/11\/campus-slider-vr-campus-beaune-inseec-etudiants-1.jpg\",\"https:\/\/www.inseec.com\/wp-content\/uploads\/sites\/32\/2025\/11\/campus-hero-bordeaux-inseec.jpg\",\"https:\/\/www.inseec.com\/wp-content\/uploads\/sites\/32\/2025\/11\/campus-bordeaux-inseec-facade.jpg\",\"https:\/\/www.inseec.com\/wp-content\/uploads\/sites\/32\/2025\/11\/campus-bordeaux-inseec-cafeteria.jpg\",\"https:\/\/www.inseec.com\/wp-content\/uploads\/sites\/32\/2025\/11\/campus-bordeaux-inseec-terrasse-bord-garonne.jpg\",\"https:\/\/www.inseec.com\/wp-content\/uploads\/sites\/32\/2025\/11\/campus-hero-lyon-inseec.webp\",\"https:\/\/www.inseec.com\/wp-content\/uploads\/sites\/32\/2025\/11\/campus-lyon-inseec-photo-portrait.jpg\",\"https:\/\/www.inseec.com\/wp-content\/uploads\/sites\/32\/2025\/11\/campus-slider-vr-campus-lyon-inseec-dalle-detente.jpg\",\"https:\/\/www.inseec.com\/wp-content\/uploads\/sites\/32\/2025\/11\/campus-slider-vr-campus-lyon-inseec-lion-rouge-hall.jpg\",\"https:\/\/www.inseec.com\/wp-content\/uploads\/sites\/32\/2025\/11\/campus-paris.jpg\",\"https:\/\/www.inseec.com\/wp-content\/uploads\/sites\/32\/2025\/11\/campus-paris-eiffel-inseec-portrait.jpg\",\"https:\/\/www.inseec.com\/wp-content\/uploads\/sites\/32\/2025\/11\/campus-paris-vellefaux-inseec-cafeteria.jpg\",\"https:\/\/www.inseec.com\/wp-content\/uploads\/sites\/32\/2025\/11\/campus-slider-vr-campus-paris-la-defense-inseec-salle-detente.jpg\"],\"foundingDate\":\"\",\"memberOf\":\"OMNES Education\",\"alumni\":[{\"@type\":\"Person\",\"name\":\"Lasmak Said\",\"description\":\"CEO & Cofounder\"},{\"@type\":\"Person\",\"name\":\"Dauchy Xavier\",\"description\":\"Chief Financial Officer\"},{\"@type\":\"Person\",\"name\":\"Bordeaux Thomas\",\"description\":\"Regional Manager Grand Lyon\"},{\"@type\":\"Person\",\"name\":\"Quillot Romain\",\"description\":\"Co-founder\"},{\"@type\":\"Person\",\"name\":\"Rakotomalala Rindra\",\"description\":\"Head of International Relations\"},{\"@type\":\"Person\",\"name\":\"Lacroix Oscar\",\"description\":\"Partner\"},{\"@type\":\"Person\",\"name\":\"Moderan Olivia\",\"description\":\"Manager for the Paris-South area\"},{\"@type\":\"Person\",\"name\":\"Abdelhalim Nabil\",\"description\":\"Industry Manager\"},{\"@type\":\"Person\",\"name\":\"Duhalde M\u00e9lissa\",\"description\":\"Operational Marketing Product Manager \"},{\"@type\":\"Person\",\"name\":\"M. Matthieu\",\"description\":\"Commercial real estate consultant\"},{\"@type\":\"Person\",\"name\":\"Lusset Marie-Amandine\",\"description\":\"Communications consultant\"},{\"@type\":\"Person\",\"name\":\"R. Lo\u00efc\",\"description\":\"Entrepreneur\"},{\"@type\":\"Person\",\"name\":\"Soskin Lise\",\"description\":\"RevOps\"},{\"@type\":\"Person\",\"name\":\"Estrade Guillaume\",\"description\":\"Regional Manager Grand Lyon\"},{\"@type\":\"Person\",\"name\":\"P. Clara\",\"description\":\"Head of Digital Communications EMEA\"},{\"@type\":\"Person\",\"name\":\"Serryus C\u00e9sar\",\"description\":\"Founder\"},{\"@type\":\"Person\",\"name\":\"Onimus Aur\u00e9lien\",\"description\":\"CEO\"},{\"@type\":\"Person\",\"name\":\"B. Anne-Caroline B.\",\"description\":\"Marketing & Communications Project Manager\"},{\"@type\":\"Person\",\"name\":\"Azim Ana\u00efs\",\"description\":\"Business Controller - Industry Unit\"},{\"@type\":\"Person\",\"name\":\"Viallet Nouhant Alexandre\",\"description\":\"Chief Executive Officer\"},{\"@type\":\"Person\",\"name\":\"Ikouirene Adam\",\"description\":\"Student commercial placement\"}],\"department\":[\"Bachelor\",\"Bachelor\",\"BBA\",\"BBA\",\"BTS\",\"BTS\",\"Grande \u00c9cole\",\"Grande \u00c9cole\",\"International\",\"International\",\"MSc\",\"MSc\"],\"hasCredential\":[\"Bachelor\",\"Bachelor\",\"BBA\",\"BBA\",\"BTS\",\"BTS\",\"Grande \u00c9cole\",\"Grande \u00c9cole\",\"International\",\"International\",\"MSc\",\"MSc\"]}]}<\/script>","yoast_head_json":{"title":"Politique de Confidentialit\u00e9 - INSEEC","robots":{"index":"index","follow":"follow","max-snippet":"max-snippet:-1","max-image-preview":"max-image-preview:large","max-video-preview":"max-video-preview:-1"},"canonical":"https:\/\/www.inseec.com\/politique-de-confidentialite\/","og_locale":"fr_FR","og_type":"article","og_title":"Politique de Confidentialit\u00e9 - INSEEC","og_description":"Politique de Confidentialit\u00e9 Identification du responsable de traitement Dans le cadre de nos \u00e9changes, de votre scolarit\u00e9, de notre relation contractuelle, ou parce que vous vous rendez sur l\u2019un de nos sites web ou de nos campus, nous serons amen\u00e9s \u00e0 traiter vos donn\u00e9es personnelles. Vos donn\u00e9es peuvent \u00eatre trait\u00e9es : Hors de l\u2019Union europ\u00e9enne, [&hellip;]","og_url":"https:\/\/www.inseec.com\/politique-de-confidentialite\/","og_site_name":"INSEEC","article_modified_time":"2025-12-04T09:36:20+00:00","twitter_card":"summary_large_image","twitter_misc":{"Est. reading time":"67 minutes"},"schema":{"@context":"https:\/\/schema.org","@graph":[{"@type":"WebPage","@id":"https:\/\/www.inseec.com\/politique-de-confidentialite\/","url":"https:\/\/www.inseec.com\/politique-de-confidentialite\/","name":"Politique de Confidentialit\u00e9 - INSEEC","isPartOf":{"@id":"https:\/\/www.inseec.com\/#website"},"datePublished":"2025-12-04T09:36:17+00:00","dateModified":"2025-12-04T09:36:20+00:00","breadcrumb":{"@id":"https:\/\/www.inseec.com\/politique-de-confidentialite\/#breadcrumb"},"inLanguage":"fr-FR","potentialAction":[{"@type":"ReadAction","target":["https:\/\/www.inseec.com\/politique-de-confidentialite\/"]}]},{"@type":"BreadcrumbList","@id":"https:\/\/www.inseec.com\/politique-de-confidentialite\/#breadcrumb","itemListElement":[{"@type":"ListItem","position":1,"name":"Home","item":"https:\/\/www.inseec.com\/"},{"@type":"ListItem","position":2,"name":"Politique de Confidentialit\u00e9"}]},{"@type":"WebSite","@id":"https:\/\/www.inseec.com\/#website","url":"https:\/\/www.inseec.com\/","name":"INSEEC","description":"","publisher":{"@id":"https:\/\/www.inseec.com\/#organization"},"potentialAction":[{"@type":"SearchAction","target":{"@type":"EntryPoint","urlTemplate":"https:\/\/www.inseec.com\/?s={search_term_string}"},"query-input":{"@type":"PropertyValueSpecification","valueRequired":true,"valueName":"search_term_string"}}],"inLanguage":"fr-FR"},{"@type":"Organization","@id":"https:\/\/www.inseec.com\/#organization","name":"INSEEC","url":"https:\/\/www.inseec.com\/","logo":{"@type":"ImageObject","inLanguage":"fr-FR","@id":"https:\/\/www.inseec.com\/#\/schema\/logo\/image\/","url":"https:\/\/www.inseec.com\/wp-content\/uploads\/sites\/32\/2025\/11\/logo.svg","contentUrl":"https:\/\/www.inseec.com\/wp-content\/uploads\/sites\/32\/2025\/11\/logo.svg","width":173,"height":36,"caption":"INSEEC"},"image":{"@id":"https:\/\/www.inseec.com\/#\/schema\/logo\/image\/"}},{"@context":"https:\/\/schema.org","@type":"EducationalOrganization","@id":"https:\/\/www.inseec.com\/#organization","name":"INSEEC","description":"","url":"https:\/\/www.inseec.com\/","logo":"https:\/\/www.inseec.com\/wp-content\/uploads\/sites\/32\/2025\/11\/logo.svg","image":["https:\/\/www.inseec.com\/wp-content\/uploads\/sites\/32\/2025\/11\/campus-hero-barcelone-inseec.jpg","https:\/\/www.inseec.com\/wp-content\/uploads\/sites\/32\/2025\/11\/campus-barcelone-inseec-ville-basilique-notre-dame-de-fourviere.jpg","https:\/\/www.inseec.com\/wp-content\/uploads\/sites\/32\/2025\/11\/campus-barcelone-inseec-photo-portrait.jpg","https:\/\/www.inseec.com\/wp-content\/uploads\/sites\/32\/2025\/11\/campus-slider-vr-campus-barcelone-inseec-etudiants-cours-petite-salle.jpg","https:\/\/www.inseec.com\/wp-content\/uploads\/sites\/32\/2025\/11\/campus-hero-munich-inseec.jpg","https:\/\/www.inseec.com\/wp-content\/uploads\/sites\/32\/2025\/11\/campus-munich-inseec-ville-basilique-notre-dame-de-fourviere.jpg","https:\/\/www.inseec.com\/wp-content\/uploads\/sites\/32\/2025\/11\/campus-hero-munich-inseec.jpg","https:\/\/www.inseec.com\/wp-content\/uploads\/sites\/32\/2025\/11\/campus-slider-vr-campus-munich-inseec-etudiants-theatre-les-celestins.jpg","https:\/\/www.inseec.com\/wp-content\/uploads\/sites\/32\/2025\/11\/campus-hero-londres-inseec.jpg","https:\/\/www.inseec.com\/wp-content\/uploads\/sites\/32\/2025\/11\/campus-londres-inseec-ville-basilique-notre-dame-de-fourviere.jpg","https:\/\/www.inseec.com\/wp-content\/uploads\/sites\/32\/2025\/11\/campus-hero-londres-inseec.jpg","https:\/\/www.inseec.com\/wp-content\/uploads\/sites\/32\/2025\/12\/campus-slider-vr-campus-londres-inseec-bibliotheque.jpg","https:\/\/www.inseec.com\/wp-content\/uploads\/sites\/32\/2025\/11\/campus-hero-chambery-inseec-resize.jpg","https:\/\/www.inseec.com\/wp-content\/uploads\/sites\/32\/2025\/11\/campus-chambery-inseec-ville-horloge.jpg","https:\/\/www.inseec.com\/wp-content\/uploads\/sites\/32\/2025\/11\/campus-slider-vr-campus-chambery-inseec-exterieur.jpg","https:\/\/www.inseec.com\/wp-content\/uploads\/sites\/32\/2025\/11\/campus-slider-vr-campus-chambery-inseec-salle-detente.jpg","https:\/\/www.inseec.com\/wp-content\/uploads\/sites\/32\/2025\/11\/campus-hero-toulouse-inseec.jpg","https:\/\/www.inseec.com\/wp-content\/uploads\/sites\/32\/2025\/11\/campus-toulouse-inseec-photo-portrait.jpg","https:\/\/www.inseec.com\/wp-content\/uploads\/sites\/32\/2025\/11\/campus-slider-vr-campus-toulouse-inseec-projet-de-groupe.jpg","https:\/\/www.inseec.com\/wp-content\/uploads\/sites\/32\/2025\/11\/campus-slider-vr-campus-toulouse-inseec-etudiants-amphitheatre.jpg","https:\/\/www.inseec.com\/wp-content\/uploads\/sites\/32\/2025\/11\/campus-hero-monaco-inseec.jpg","https:\/\/www.inseec.com\/wp-content\/uploads\/sites\/32\/2025\/12\/INSEEC-Monaco-campus.webp","https:\/\/www.inseec.com\/wp-content\/uploads\/sites\/32\/2025\/11\/campus-hero-monaco-inseec.jpg","https:\/\/www.inseec.com\/wp-content\/uploads\/sites\/32\/2025\/11\/campus-monaco-inseec-mosaic-amis.jpg","https:\/\/www.inseec.com\/wp-content\/uploads\/sites\/32\/2025\/11\/campus-hero-online-inseec.jpg","https:\/\/www.inseec.com\/wp-content\/uploads\/sites\/32\/2025\/11\/guide-metier-inseec-photo-illustration-chef-de-publicite_d1bf22.jpg","https:\/\/www.inseec.com\/wp-content\/uploads\/sites\/32\/2025\/11\/guide-metier-inseec-hero-chef-de-projet-evenementiel.jpg","https:\/\/www.inseec.com\/wp-content\/uploads\/sites\/32\/2025\/11\/guide-metier-inseec-hero-chef-de-produit-sportif.jpg","https:\/\/www.inseec.com\/wp-content\/uploads\/sites\/32\/2025\/11\/campus-hero-beaune-inseec.jpg","https:\/\/www.inseec.com\/wp-content\/uploads\/sites\/32\/2025\/11\/campus-beaune-inseec-ville-cave-a-vin.jpg","https:\/\/www.inseec.com\/wp-content\/uploads\/sites\/32\/2025\/11\/campus-slider-vr-campus-beaune-inseec-groupe-etudiants.jpg","https:\/\/www.inseec.com\/wp-content\/uploads\/sites\/32\/2025\/11\/campus-slider-vr-campus-beaune-inseec-etudiants-1.jpg","https:\/\/www.inseec.com\/wp-content\/uploads\/sites\/32\/2025\/11\/campus-hero-marseille-inseec.jpg","https:\/\/www.inseec.com\/wp-content\/uploads\/sites\/32\/2023\/07\/campus2025-marseille.png","https:\/\/www.inseec.com\/wp-content\/uploads\/sites\/32\/2025\/11\/campus-slider-vr-campus-marseille-inseec-canapes-detente.jpg","https:\/\/www.inseec.com\/wp-content\/uploads\/sites\/32\/2025\/11\/campus-slider-vr-campus-marseille-inseec-salle-commune.jpg","https:\/\/www.inseec.com\/wp-content\/uploads\/sites\/32\/2025\/11\/campus-hero-rennes-inseec.jpg","https:\/\/www.inseec.com\/wp-content\/uploads\/sites\/32\/2025\/11\/campus-rennes-inseec-photo-portrait.jpg","https:\/\/www.inseec.com\/wp-content\/uploads\/sites\/32\/2025\/11\/campus-rennes-inseec-mosaic-alcove-repos.jpg","https:\/\/www.inseec.com\/wp-content\/uploads\/sites\/32\/2025\/11\/campus-rennes-inseec-amphitheatre-etudiantes.jpg","https:\/\/www.inseec.com\/wp-content\/uploads\/sites\/32\/2025\/11\/campus-hero-lyon-inseec.webp","https:\/\/www.inseec.com\/wp-content\/uploads\/sites\/32\/2025\/11\/campus-lyon-inseec-photo-portrait.jpg","https:\/\/www.inseec.com\/wp-content\/uploads\/sites\/32\/2025\/11\/campus-slider-vr-campus-lyon-inseec-dalle-detente.jpg","https:\/\/www.inseec.com\/wp-content\/uploads\/sites\/32\/2025\/11\/campus-slider-vr-campus-lyon-inseec-lion-rouge-hall.jpg","https:\/\/www.inseec.com\/wp-content\/uploads\/sites\/32\/2025\/11\/campus-hero-bordeaux-inseec.jpg","https:\/\/www.inseec.com\/wp-content\/uploads\/sites\/32\/2024\/03\/Campus-Bordeaux-Photo-1.jpg","https:\/\/www.inseec.com\/wp-content\/uploads\/sites\/32\/2025\/11\/campus-bordeaux-inseec-cafeteria.jpg","https:\/\/www.inseec.com\/wp-content\/uploads\/sites\/32\/2025\/11\/campus-bordeaux-inseec-terrasse-bord-garonne.jpg","https:\/\/www.inseec.com\/wp-content\/uploads\/sites\/32\/2025\/11\/campus-paris.jpg","https:\/\/www.inseec.com\/wp-content\/uploads\/sites\/32\/2025\/11\/campus-paris-eiffel-inseec-portrait.jpg","https:\/\/www.inseec.com\/wp-content\/uploads\/sites\/32\/2025\/11\/campus-paris-vellefaux-inseec-cafeteria.jpg","https:\/\/www.inseec.com\/wp-content\/uploads\/sites\/32\/2025\/11\/campus-slider-vr-campus-paris-la-defense-inseec-salle-detente.jpg","https:\/\/www.inseec.com\/wp-content\/uploads\/sites\/32\/2025\/11\/campus-hero-londres-inseec.jpg","https:\/\/www.inseec.com\/wp-content\/uploads\/sites\/32\/2025\/11\/campus-londres-inseec-ville-basilique-notre-dame-de-fourviere.jpg","https:\/\/www.inseec.com\/wp-content\/uploads\/sites\/32\/2025\/11\/campus-hero-londres-inseec.jpg","https:\/\/www.inseec.com\/wp-content\/uploads\/sites\/32\/2025\/12\/campus-slider-vr-campus-londres-inseec-bibliotheque.jpg","https:\/\/www.inseec.com\/wp-content\/uploads\/sites\/32\/2025\/11\/campus-hero-monaco-inseec.jpg","https:\/\/www.inseec.com\/wp-content\/uploads\/sites\/32\/2025\/12\/INSEEC-Monaco-campus.webp","https:\/\/www.inseec.com\/wp-content\/uploads\/sites\/32\/2025\/11\/campus-hero-monaco-inseec.jpg","https:\/\/www.inseec.com\/wp-content\/uploads\/sites\/32\/2025\/11\/campus-monaco-inseec-mosaic-amis.jpg","https:\/\/www.inseec.com\/wp-content\/uploads\/sites\/32\/2025\/11\/campus-hero-munich-inseec.jpg","https:\/\/www.inseec.com\/wp-content\/uploads\/sites\/32\/2025\/11\/campus-munich-inseec-ville-basilique-notre-dame-de-fourviere.jpg","https:\/\/www.inseec.com\/wp-content\/uploads\/sites\/32\/2025\/11\/campus-hero-munich-inseec.jpg","https:\/\/www.inseec.com\/wp-content\/uploads\/sites\/32\/2025\/11\/campus-slider-vr-campus-munich-inseec-etudiants-theatre-les-celestins.jpg","https:\/\/www.inseec.com\/wp-content\/uploads\/sites\/32\/2025\/11\/campus-hero-barcelone-inseec.jpg","https:\/\/www.inseec.com\/wp-content\/uploads\/sites\/32\/2025\/11\/campus-barcelone-inseec-ville-basilique-notre-dame-de-fourviere.jpg","https:\/\/www.inseec.com\/wp-content\/uploads\/sites\/32\/2025\/11\/campus-barcelone-inseec-photo-portrait.jpg","https:\/\/www.inseec.com\/wp-content\/uploads\/sites\/32\/2025\/11\/campus-slider-vr-campus-barcelone-inseec-etudiants-cours-petite-salle.jpg","https:\/\/www.inseec.com\/wp-content\/uploads\/sites\/32\/2025\/11\/campus-hero-online-inseec.jpg","https:\/\/www.inseec.com\/wp-content\/uploads\/sites\/32\/2025\/11\/guide-metier-inseec-photo-illustration-chef-de-publicite_d1bf22.jpg","https:\/\/www.inseec.com\/wp-content\/uploads\/sites\/32\/2025\/11\/guide-metier-inseec-hero-chef-de-projet-evenementiel.jpg","https:\/\/www.inseec.com\/wp-content\/uploads\/sites\/32\/2025\/11\/guide-metier-inseec-hero-chef-de-produit-sportif.jpg","https:\/\/www.inseec.com\/wp-content\/uploads\/sites\/32\/2025\/11\/campus-hero-toulouse-inseec.jpg","https:\/\/www.inseec.com\/wp-content\/uploads\/sites\/32\/2025\/11\/campus-toulouse-inseec-photo-portrait.jpg","https:\/\/www.inseec.com\/wp-content\/uploads\/sites\/32\/2025\/11\/campus-slider-vr-campus-toulouse-inseec-projet-de-groupe.jpg","https:\/\/www.inseec.com\/wp-content\/uploads\/sites\/32\/2025\/11\/campus-slider-vr-campus-toulouse-inseec-etudiants-amphitheatre.jpg","https:\/\/www.inseec.com\/wp-content\/uploads\/sites\/32\/2025\/11\/campus-hero-marseille-inseec.jpg","https:\/\/www.inseec.com\/wp-content\/uploads\/sites\/32\/2025\/11\/campus-marseille-inseec-photo-portrait.jpg","https:\/\/www.inseec.com\/wp-content\/uploads\/sites\/32\/2025\/11\/campus-slider-vr-campus-marseille-inseec-canapes-detente.jpg","https:\/\/www.inseec.com\/wp-content\/uploads\/sites\/32\/2025\/11\/campus-slider-vr-campus-marseille-inseec-salle-commune.jpg","https:\/\/www.inseec.com\/wp-content\/uploads\/sites\/32\/2025\/11\/campus-hero-rennes-inseec.jpg","https:\/\/www.inseec.com\/wp-content\/uploads\/sites\/32\/2025\/11\/campus-rennes-inseec-photo-portrait.jpg","https:\/\/www.inseec.com\/wp-content\/uploads\/sites\/32\/2025\/11\/campus-rennes-inseec-mosaic-alcove-repos.jpg","https:\/\/www.inseec.com\/wp-content\/uploads\/sites\/32\/2025\/11\/campus-rennes-inseec-amphitheatre-etudiantes.jpg","https:\/\/www.inseec.com\/wp-content\/uploads\/sites\/32\/2025\/11\/campus-hero-chambery-inseec-resize.jpg","https:\/\/www.inseec.com\/wp-content\/uploads\/sites\/32\/2025\/11\/campus-chambery-inseec-ville-horloge.jpg","https:\/\/www.inseec.com\/wp-content\/uploads\/sites\/32\/2025\/11\/campus-slider-vr-campus-chambery-inseec-exterieur.jpg","https:\/\/www.inseec.com\/wp-content\/uploads\/sites\/32\/2025\/11\/campus-slider-vr-campus-chambery-inseec-salle-detente.jpg","https:\/\/www.inseec.com\/wp-content\/uploads\/sites\/32\/2025\/11\/campus-hero-beaune-inseec.jpg","https:\/\/www.inseec.com\/wp-content\/uploads\/sites\/32\/2025\/11\/campus-beaune-inseec-ville-cave-a-vin.jpg","https:\/\/www.inseec.com\/wp-content\/uploads\/sites\/32\/2025\/11\/campus-slider-vr-campus-beaune-inseec-groupe-etudiants.jpg","https:\/\/www.inseec.com\/wp-content\/uploads\/sites\/32\/2025\/11\/campus-slider-vr-campus-beaune-inseec-etudiants-1.jpg","https:\/\/www.inseec.com\/wp-content\/uploads\/sites\/32\/2025\/11\/campus-hero-bordeaux-inseec.jpg","https:\/\/www.inseec.com\/wp-content\/uploads\/sites\/32\/2025\/11\/campus-bordeaux-inseec-facade.jpg","https:\/\/www.inseec.com\/wp-content\/uploads\/sites\/32\/2025\/11\/campus-bordeaux-inseec-cafeteria.jpg","https:\/\/www.inseec.com\/wp-content\/uploads\/sites\/32\/2025\/11\/campus-bordeaux-inseec-terrasse-bord-garonne.jpg","https:\/\/www.inseec.com\/wp-content\/uploads\/sites\/32\/2025\/11\/campus-hero-lyon-inseec.webp","https:\/\/www.inseec.com\/wp-content\/uploads\/sites\/32\/2025\/11\/campus-lyon-inseec-photo-portrait.jpg","https:\/\/www.inseec.com\/wp-content\/uploads\/sites\/32\/2025\/11\/campus-slider-vr-campus-lyon-inseec-dalle-detente.jpg","https:\/\/www.inseec.com\/wp-content\/uploads\/sites\/32\/2025\/11\/campus-slider-vr-campus-lyon-inseec-lion-rouge-hall.jpg","https:\/\/www.inseec.com\/wp-content\/uploads\/sites\/32\/2025\/11\/campus-paris.jpg","https:\/\/www.inseec.com\/wp-content\/uploads\/sites\/32\/2025\/11\/campus-paris-eiffel-inseec-portrait.jpg","https:\/\/www.inseec.com\/wp-content\/uploads\/sites\/32\/2025\/11\/campus-paris-vellefaux-inseec-cafeteria.jpg","https:\/\/www.inseec.com\/wp-content\/uploads\/sites\/32\/2025\/11\/campus-slider-vr-campus-paris-la-defense-inseec-salle-detente.jpg"],"foundingDate":"","memberOf":"OMNES Education","alumni":[{"@type":"Person","name":"Lasmak Said","description":"CEO & Cofounder"},{"@type":"Person","name":"Dauchy Xavier","description":"Chief Financial Officer"},{"@type":"Person","name":"Bordeaux Thomas","description":"Regional Manager Grand Lyon"},{"@type":"Person","name":"Quillot Romain","description":"Co-founder"},{"@type":"Person","name":"Rakotomalala Rindra","description":"Head of International Relations"},{"@type":"Person","name":"Lacroix Oscar","description":"Partner"},{"@type":"Person","name":"Moderan Olivia","description":"Manager for the Paris-South area"},{"@type":"Person","name":"Abdelhalim Nabil","description":"Industry Manager"},{"@type":"Person","name":"Duhalde M\u00e9lissa","description":"Operational Marketing Product Manager "},{"@type":"Person","name":"M. Matthieu","description":"Commercial real estate consultant"},{"@type":"Person","name":"Lusset Marie-Amandine","description":"Communications consultant"},{"@type":"Person","name":"R. Lo\u00efc","description":"Entrepreneur"},{"@type":"Person","name":"Soskin Lise","description":"RevOps"},{"@type":"Person","name":"Estrade Guillaume","description":"Regional Manager Grand Lyon"},{"@type":"Person","name":"P. Clara","description":"Head of Digital Communications EMEA"},{"@type":"Person","name":"Serryus C\u00e9sar","description":"Founder"},{"@type":"Person","name":"Onimus Aur\u00e9lien","description":"CEO"},{"@type":"Person","name":"B. Anne-Caroline B.","description":"Marketing & Communications Project Manager"},{"@type":"Person","name":"Azim Ana\u00efs","description":"Business Controller - Industry Unit"},{"@type":"Person","name":"Viallet Nouhant Alexandre","description":"Chief Executive Officer"},{"@type":"Person","name":"Ikouirene Adam","description":"Student commercial placement"}],"department":["Bachelor","Bachelor","BBA","BBA","BTS","BTS","Grande \u00c9cole","Grande \u00c9cole","International","International","MSc","MSc"],"hasCredential":["Bachelor","Bachelor","BBA","BBA","BTS","BTS","Grande \u00c9cole","Grande \u00c9cole","International","International","MSc","MSc"]}]}},"lang":"fr","translations":{"fr":82361,"en":88139},"jetpack_sharing_enabled":true,"pll_sync_post":[],"_links":{"self":[{"href":"https:\/\/www.inseec.com\/wp-json\/wp\/v2\/pages\/82361","targetHints":{"allow":["GET"]}}],"collection":[{"href":"https:\/\/www.inseec.com\/wp-json\/wp\/v2\/pages"}],"about":[{"href":"https:\/\/www.inseec.com\/wp-json\/wp\/v2\/types\/page"}],"author":[{"embeddable":true,"href":"https:\/\/www.inseec.com\/wp-json\/wp\/v2\/users\/66"}],"replies":[{"embeddable":true,"href":"https:\/\/www.inseec.com\/wp-json\/wp\/v2\/comments?post=82361"}],"version-history":[{"count":3,"href":"https:\/\/www.inseec.com\/wp-json\/wp\/v2\/pages\/82361\/revisions"}],"predecessor-version":[{"id":82822,"href":"https:\/\/www.inseec.com\/wp-json\/wp\/v2\/pages\/82361\/revisions\/82822"}],"wp:attachment":[{"href":"https:\/\/www.inseec.com\/wp-json\/wp\/v2\/media?parent=82361"}],"wp:term":[{"taxonomy":"page_type","embeddable":true,"href":"https:\/\/www.inseec.com\/wp-json\/wp\/v2\/page_type?post=82361"},{"taxonomy":"school","embeddable":true,"href":"https:\/\/www.inseec.com\/wp-json\/wp\/v2\/school?post=82361"},{"taxonomy":"specialisation","embeddable":true,"href":"https:\/\/www.inseec.com\/wp-json\/wp\/v2\/specialisation?post=82361"},{"taxonomy":"analytics_tag","embeddable":true,"href":"https:\/\/www.inseec.com\/wp-json\/wp\/v2\/analytics_tag?post=82361"}],"curies":[{"name":"wp","href":"https:\/\/api.w.org\/{rel}","templated":true}]}}